{"id":139,"date":"2026-02-11T16:09:21","date_gmt":"2026-02-11T14:09:21","guid":{"rendered":"https:\/\/izglitiba.valmierasnovads.lv\/abelite\/?page_id=139"},"modified":"2026-02-11T21:22:04","modified_gmt":"2026-02-11T19:22:04","slug":"macibu-programmas","status":"publish","type":"page","link":"https:\/\/izglitiba.valmierasnovads.lv\/abelite\/macibu-programmas\/","title":{"rendered":"M\u0101c\u012bbu programmas"},"content":{"rendered":"\n<h2 class=\"wp-block-heading\">Iest\u0101de \u012bsteno:<\/h2>\n\n\n\n<p>Iest\u0101de \u012bsteno Pirmsskolas izgl\u012bt\u012bbas programmu, kods 01011111, un Speci\u0101l\u0101s pirmsskolas izgl\u012bt\u012bbas programmu izgl\u012btojamajiem ar valodas trauc\u0113jumiem, kods 01015111, nodro\u0161inot:<\/p>\n\n\n\n<ul class=\"wp-block-list\">\n<li>pirmsskolas izgl\u012bt\u012bbas programmas apguvi b\u0113rniem no 1,5 gadu vecuma;<\/li>\n\n\n\n<li>br\u012bvdabas pedago\u0123ijas pieeju programmas apguv\u0113;<\/li>\n\n\n\n<li>logop\u0113da nodarb\u012bbas b\u0113rniem no 3 gadu vecuma 1 reizi ned\u0113\u013c\u0101 (b\u0113rniem ar valodas att\u012bst\u012bbas trauc\u0113jumiem, bez Pedago\u0123iski medic\u012bnisk\u0101s komisijas atzinuma);<\/li>\n\n\n\n<li>nodarb\u012bbas pie logop\u0113da 2 reizes ned\u0113\u013c\u0101, k\u0101 ar\u012b iesp\u0113ja pieteikties nodarb\u012bbai Valodas centr\u0101 Valmieras PII \u201cSpr\u012bd\u012btis\u201d telp\u0101s (b\u0113rniem ar Pedago\u0123iski medic\u012bnisk\u0101s komisijas atzinumu);<\/li>\n\n\n\n<li>12 peld\u0113\u0161anas nodarb\u012bbas 6 gadus veciem b\u0113rniem Valmieras Olimpiskaj\u0101 centr\u0101;<\/li>\n\n\n\n<li>nodarb\u012bbas pie speci\u0101l\u0101 pedagoga (b\u0113rniem ar m\u0101c\u012b\u0161an\u0101s gr\u016bt\u012bb\u0101m);<\/li>\n\n\n\n<li>nodarb\u012bbas pie soci\u0101l\u0101 pedagoga b\u0113rniem ar uzved\u012bbas probl\u0113m\u0101m;<\/li>\n\n\n\n<li>iesp\u0113ja vec\u0101kiem sa\u0146emt konsult\u0101ciju iest\u0101d\u0113 pie atbalsta speci\u0101listiem;<\/li>\n\n\n\n<li>intere\u0161u izgl\u012bt\u012bbas pulci\u0146us (no 3 gadu vecuma).<\/li>\n<\/ul>\n\n\n\n<h2 class=\"wp-block-heading has-text-align-right\"><br><strong>D\u017eimbas dro\u0161\u012bbas so\u013cu pr<\/strong>ogramma<\/h2>\n\n\n\n<p><\/p>\n\n\n\n<div class=\"wp-block-media-text is-stacked-on-mobile\"><figure class=\"wp-block-media-text__media\"><img loading=\"lazy\" decoding=\"async\" width=\"530\" height=\"630\" src=\"https:\/\/izglitiba.valmierasnovads.lv\/abelite\/wp-content\/uploads\/sites\/12\/2026\/02\/d21ed07d8d2d7444e8e5e1d049ab107a.jpg\" alt=\"\" class=\"wp-image-218 size-full\" srcset=\"https:\/\/izglitiba.valmierasnovads.lv\/abelite\/wp-content\/uploads\/sites\/12\/2026\/02\/d21ed07d8d2d7444e8e5e1d049ab107a.jpg 530w, https:\/\/izglitiba.valmierasnovads.lv\/abelite\/wp-content\/uploads\/sites\/12\/2026\/02\/d21ed07d8d2d7444e8e5e1d049ab107a-252x300.jpg 252w\" sizes=\"auto, (max-width: 530px) 100vw, 530px\" \/><\/figure><div class=\"wp-block-media-text__content\">\n<p>Vec\u0101ko grupu b\u0113rniem(5-6gadi) tiek organiz\u0113tas nodarb\u012bbas &#8211;<\/p>\n\n\n\n<p>D\u017eimbas 11 so\u013cu dro\u0161\u012bbas programma.<\/p>\n\n\n\n<p>D\u017eimbas nodarb\u012bb\u0101s b\u0113rni uzzin\u0101s:<\/p>\n\n\n\n<ul class=\"wp-block-list\">\n<li>par personisko dro\u0161\u012bbu saskarsm\u0113 ar citiem cilv\u0113kiem,<\/li>\n\n\n\n<li>iem\u0101c\u012bsies at\u0161\u0137irt, kas ir labs, kas slikts,<\/li>\n\n\n\n<li>m\u0101c\u012bsies at\u0161\u0137irt labos nosl\u0113pumus no sliktajiem,<\/li>\n\n\n\n<li>m\u0101c\u012bsies cien\u012bt citus un pras\u012bt cie\u0146u pret sevi.<\/li>\n<\/ul>\n\n\n\n<p>D\u017eimbas programma tiek \u012bstenota rota\u013cnodarb\u012bbu veid\u0101, izmantojot b\u0113rniem saprotamu, draudz\u012bgu un dz\u012bves situ\u0101cij\u0101s balst\u012btu pieeju. Programmas galvenais varonis ir roku lelle, v\u0101rd\u0101 D\u017eimba, kas pal\u012bdz b\u0113rniem sare\u017e\u0123\u012btas lietas saprast vienk\u0101r\u0161\u0101 valod\u0101, veidojot uztic\u0113\u0161anos un dro\u0161\u012bbas saj\u016btu. B\u0113rni tiek iesaist\u012bti sarun\u0101s, lomu sp\u0113l\u0113s, z\u012bm\u0113\u0161an\u0101 un situ\u0101ciju anal\u012bz\u0113, \u013caujot zin\u0101\u0161anas ne tikai dzird\u0113t, bet ar\u012b praktiski pielietot. Programmas ietvaros sare\u017e\u0123\u012btas t\u0113mas b\u0113rniem tiek pasniegtas saprotam\u0101 un aizraujo\u0161\u0101 veid\u0101 &#8211; ar m\u016bzikas, rota\u013cu, filmi\u0146u un lomu sp\u0113\u013cu pal\u012bdz\u012bbu.<\/p>\n\n\n\n<p>M\u016bsu iest\u0101d\u0113 programmu \u012bsteno sertific\u0113ts D\u017eimbas a\u0123ents \u2013 grupas pirmsskolas skolot\u0101ja<\/p>\n<\/div><\/div>\n","protected":false},"excerpt":{"rendered":"<p>Iest\u0101de \u012bsteno: Iest\u0101de \u012bsteno Pirmsskolas izgl\u012bt\u012bbas programmu, kods 01011111, un Speci\u0101l\u0101s pirmsskolas izgl\u012bt\u012bbas programmu izgl\u012btojamajiem ar valodas trauc\u0113jumiem, kods 01015111, [&hellip;]<\/p>\n","protected":false},"author":71,"featured_media":0,"parent":0,"menu_order":0,"comment_status":"closed","ping_status":"closed","template":"","meta":{"_acf_changed":false,"site-sidebar-layout":"default","site-content-layout":"","ast-site-content-layout":"default","site-content-style":"default","site-sidebar-style":"default","ast-global-header-display":"","ast-banner-title-visibility":"","ast-main-header-display":"","ast-hfb-above-header-display":"","ast-hfb-below-header-display":"","ast-hfb-mobile-header-display":"","site-post-title":"","ast-breadcrumbs-content":"","ast-featured-img":"","footer-sml-layout":"","ast-disable-related-posts":"","theme-transparent-header-meta":"","adv-header-id-meta":"","stick-header-meta":"","header-above-stick-meta":"","header-main-stick-meta":"","header-below-stick-meta":"","astra-migrate-meta-layouts":"default","ast-page-background-enabled":"default","ast-page-background-meta":{"desktop":{"background-color":"var(--ast-global-color-5)","background-image":"","background-repeat":"repeat","background-position":"center center","background-size":"auto","background-attachment":"scroll","background-type":"","background-media":"","overlay-type":"","overlay-color":"","overlay-opacity":"","overlay-gradient":""},"tablet":{"background-color":"","background-image":"","background-repeat":"repeat","background-position":"center center","background-size":"auto","background-attachment":"scroll","background-type":"","background-media":"","overlay-type":"","overlay-color":"","overlay-opacity":"","overlay-gradient":""},"mobile":{"background-color":"","background-image":"","background-repeat":"repeat","background-position":"center center","background-size":"auto","background-attachment":"scroll","background-type":"","background-media":"","overlay-type":"","overlay-color":"","overlay-opacity":"","overlay-gradient":""}},"ast-content-background-meta":{"desktop":{"background-color":"var(--ast-global-color-4)","background-image":"","background-repeat":"repeat","background-position":"center center","background-size":"auto","background-attachment":"scroll","background-type":"","background-media":"","overlay-type":"","overlay-color":"","overlay-opacity":"","overlay-gradient":""},"tablet":{"background-color":"var(--ast-global-color-4)","background-image":"","background-repeat":"repeat","background-position":"center center","background-size":"auto","background-attachment":"scroll","background-type":"","background-media":"","overlay-type":"","overlay-color":"","overlay-opacity":"","overlay-gradient":""},"mobile":{"background-color":"var(--ast-global-color-4)","background-image":"","background-repeat":"repeat","background-position":"center center","background-size":"auto","background-attachment":"scroll","background-type":"","background-media":"","overlay-type":"","overlay-color":"","overlay-opacity":"","overlay-gradient":""}},"footnotes":""},"class_list":["post-139","page","type-page","status-publish","hentry"],"acf":[],"yoast_head":"<!-- This site is optimized with the Yoast SEO plugin v27.0 - https:\/\/yoast.com\/product\/yoast-seo-wordpress\/ -->\n<title>M\u0101c\u012bbu programmas - Valmieras pirmsskolas izgl\u012bt\u012bbas iest\u0101de &quot;\u0100bel\u012bte&quot;<\/title>\n<meta name=\"robots\" content=\"index, follow, max-snippet:-1, max-image-preview:large, max-video-preview:-1\" \/>\n<link rel=\"canonical\" href=\"https:\/\/izglitiba.valmierasnovads.lv\/abelite\/macibu-programmas\/\" \/>\n<meta property=\"og:locale\" content=\"lv_LV\" \/>\n<meta property=\"og:type\" content=\"article\" \/>\n<meta property=\"og:title\" content=\"M\u0101c\u012bbu programmas - Valmieras pirmsskolas izgl\u012bt\u012bbas iest\u0101de &quot;\u0100bel\u012bte&quot;\" \/>\n<meta property=\"og:description\" content=\"Iest\u0101de \u012bsteno: Iest\u0101de \u012bsteno Pirmsskolas izgl\u012bt\u012bbas programmu, kods 01011111, un Speci\u0101l\u0101s pirmsskolas izgl\u012bt\u012bbas programmu izgl\u012btojamajiem ar valodas trauc\u0113jumiem, kods 01015111, [&hellip;]\" \/>\n<meta property=\"og:url\" content=\"https:\/\/izglitiba.valmierasnovads.lv\/abelite\/macibu-programmas\/\" \/>\n<meta property=\"og:site_name\" content=\"Valmieras pirmsskolas izgl\u012bt\u012bbas iest\u0101de &quot;\u0100bel\u012bte&quot;\" \/>\n<meta property=\"article:modified_time\" content=\"2026-02-11T19:22:04+00:00\" \/>\n<meta property=\"og:image\" content=\"https:\/\/izglitiba.valmierasnovads.lv\/abelite\/wp-content\/uploads\/sites\/12\/2026\/02\/d21ed07d8d2d7444e8e5e1d049ab107a.jpg\" \/>\n\t<meta property=\"og:image:width\" content=\"530\" \/>\n\t<meta property=\"og:image:height\" content=\"630\" \/>\n\t<meta property=\"og:image:type\" content=\"image\/jpeg\" \/>\n<meta name=\"twitter:card\" content=\"summary_large_image\" \/>\n<meta name=\"twitter:label1\" content=\"Est. reading time\" \/>\n\t<meta name=\"twitter:data1\" content=\"2 min\u016btes\" \/>\n<script type=\"application\/ld+json\" class=\"yoast-schema-graph\">{\"@context\":\"https:\/\/schema.org\",\"@graph\":[{\"@type\":\"WebPage\",\"@id\":\"https:\/\/izglitiba.valmierasnovads.lv\/abelite\/macibu-programmas\/\",\"url\":\"https:\/\/izglitiba.valmierasnovads.lv\/abelite\/macibu-programmas\/\",\"name\":\"M\u0101c\u012bbu programmas - Valmieras pirmsskolas izgl\u012bt\u012bbas iest\u0101de &quot;\u0100bel\u012bte&quot;\",\"isPartOf\":{\"@id\":\"https:\/\/izglitiba.valmierasnovads.lv\/abelite\/#website\"},\"primaryImageOfPage\":{\"@id\":\"https:\/\/izglitiba.valmierasnovads.lv\/abelite\/macibu-programmas\/#primaryimage\"},\"image\":{\"@id\":\"https:\/\/izglitiba.valmierasnovads.lv\/abelite\/macibu-programmas\/#primaryimage\"},\"thumbnailUrl\":\"https:\/\/izglitiba.valmierasnovads.lv\/abelite\/wp-content\/uploads\/sites\/12\/2026\/02\/d21ed07d8d2d7444e8e5e1d049ab107a.jpg\",\"datePublished\":\"2026-02-11T14:09:21+00:00\",\"dateModified\":\"2026-02-11T19:22:04+00:00\",\"breadcrumb\":{\"@id\":\"https:\/\/izglitiba.valmierasnovads.lv\/abelite\/macibu-programmas\/#breadcrumb\"},\"inLanguage\":\"lv-LV\",\"potentialAction\":[{\"@type\":\"ReadAction\",\"target\":[\"https:\/\/izglitiba.valmierasnovads.lv\/abelite\/macibu-programmas\/\"]}]},{\"@type\":\"ImageObject\",\"inLanguage\":\"lv-LV\",\"@id\":\"https:\/\/izglitiba.valmierasnovads.lv\/abelite\/macibu-programmas\/#primaryimage\",\"url\":\"https:\/\/izglitiba.valmierasnovads.lv\/abelite\/wp-content\/uploads\/sites\/12\/2026\/02\/d21ed07d8d2d7444e8e5e1d049ab107a.jpg\",\"contentUrl\":\"https:\/\/izglitiba.valmierasnovads.lv\/abelite\/wp-content\/uploads\/sites\/12\/2026\/02\/d21ed07d8d2d7444e8e5e1d049ab107a.jpg\",\"width\":530,\"height\":630},{\"@type\":\"BreadcrumbList\",\"@id\":\"https:\/\/izglitiba.valmierasnovads.lv\/abelite\/macibu-programmas\/#breadcrumb\",\"itemListElement\":[{\"@type\":\"ListItem\",\"position\":1,\"name\":\"Home\",\"item\":\"https:\/\/izglitiba.valmierasnovads.lv\/abelite\/\"},{\"@type\":\"ListItem\",\"position\":2,\"name\":\"M\u0101c\u012bbu programmas\"}]},{\"@type\":\"WebSite\",\"@id\":\"https:\/\/izglitiba.valmierasnovads.lv\/abelite\/#website\",\"url\":\"https:\/\/izglitiba.valmierasnovads.lv\/abelite\/\",\"name\":\"Valmieras pirmsskolas izgl\u012bt\u012bbas iest\u0101de &quot;\u0100bel\u012bte&quot;\",\"description\":\"\",\"publisher\":{\"@id\":\"https:\/\/izglitiba.valmierasnovads.lv\/abelite\/#organization\"},\"potentialAction\":[{\"@type\":\"SearchAction\",\"target\":{\"@type\":\"EntryPoint\",\"urlTemplate\":\"https:\/\/izglitiba.valmierasnovads.lv\/abelite\/?s={search_term_string}\"},\"query-input\":{\"@type\":\"PropertyValueSpecification\",\"valueRequired\":true,\"valueName\":\"search_term_string\"}}],\"inLanguage\":\"lv-LV\"},{\"@type\":\"Organization\",\"@id\":\"https:\/\/izglitiba.valmierasnovads.lv\/abelite\/#organization\",\"name\":\"Valmieras pirmsskolas izgl\u012bt\u012bbas iest\u0101de &quot;\u0100bel\u012bte&quot;\",\"url\":\"https:\/\/izglitiba.valmierasnovads.lv\/abelite\/\",\"logo\":{\"@type\":\"ImageObject\",\"inLanguage\":\"lv-LV\",\"@id\":\"https:\/\/izglitiba.valmierasnovads.lv\/abelite\/#\/schema\/logo\/image\/\",\"url\":\"https:\/\/izglitiba.valmierasnovads.lv\/abelite\/wp-content\/uploads\/sites\/12\/2026\/03\/cropped-Pirmsskolas-izglitibas-iestades-ar-pasu-logo-2-scaled-1.png\",\"contentUrl\":\"https:\/\/izglitiba.valmierasnovads.lv\/abelite\/wp-content\/uploads\/sites\/12\/2026\/03\/cropped-Pirmsskolas-izglitibas-iestades-ar-pasu-logo-2-scaled-1.png\",\"width\":1332,\"height\":405,\"caption\":\"Valmieras pirmsskolas izgl\u012bt\u012bbas iest\u0101de &quot;\u0100bel\u012bte&quot;\"},\"image\":{\"@id\":\"https:\/\/izglitiba.valmierasnovads.lv\/abelite\/#\/schema\/logo\/image\/\"}}]}<\/script>\n<!-- \/ Yoast SEO plugin. -->","yoast_head_json":{"title":"M\u0101c\u012bbu programmas - Valmieras pirmsskolas izgl\u012bt\u012bbas iest\u0101de &quot;\u0100bel\u012bte&quot;","robots":{"index":"index","follow":"follow","max-snippet":"max-snippet:-1","max-image-preview":"max-image-preview:large","max-video-preview":"max-video-preview:-1"},"canonical":"https:\/\/izglitiba.valmierasnovads.lv\/abelite\/macibu-programmas\/","og_locale":"lv_LV","og_type":"article","og_title":"M\u0101c\u012bbu programmas - Valmieras pirmsskolas izgl\u012bt\u012bbas iest\u0101de &quot;\u0100bel\u012bte&quot;","og_description":"Iest\u0101de \u012bsteno: Iest\u0101de \u012bsteno Pirmsskolas izgl\u012bt\u012bbas programmu, kods 01011111, un Speci\u0101l\u0101s pirmsskolas izgl\u012bt\u012bbas programmu izgl\u012btojamajiem ar valodas trauc\u0113jumiem, kods 01015111, [&hellip;]","og_url":"https:\/\/izglitiba.valmierasnovads.lv\/abelite\/macibu-programmas\/","og_site_name":"Valmieras pirmsskolas izgl\u012bt\u012bbas iest\u0101de &quot;\u0100bel\u012bte&quot;","article_modified_time":"2026-02-11T19:22:04+00:00","og_image":[{"width":530,"height":630,"url":"https:\/\/izglitiba.valmierasnovads.lv\/abelite\/wp-content\/uploads\/sites\/12\/2026\/02\/d21ed07d8d2d7444e8e5e1d049ab107a.jpg","type":"image\/jpeg"}],"twitter_card":"summary_large_image","twitter_misc":{"Est. reading time":"2 min\u016btes"},"schema":{"@context":"https:\/\/schema.org","@graph":[{"@type":"WebPage","@id":"https:\/\/izglitiba.valmierasnovads.lv\/abelite\/macibu-programmas\/","url":"https:\/\/izglitiba.valmierasnovads.lv\/abelite\/macibu-programmas\/","name":"M\u0101c\u012bbu programmas - Valmieras pirmsskolas izgl\u012bt\u012bbas iest\u0101de &quot;\u0100bel\u012bte&quot;","isPartOf":{"@id":"https:\/\/izglitiba.valmierasnovads.lv\/abelite\/#website"},"primaryImageOfPage":{"@id":"https:\/\/izglitiba.valmierasnovads.lv\/abelite\/macibu-programmas\/#primaryimage"},"image":{"@id":"https:\/\/izglitiba.valmierasnovads.lv\/abelite\/macibu-programmas\/#primaryimage"},"thumbnailUrl":"https:\/\/izglitiba.valmierasnovads.lv\/abelite\/wp-content\/uploads\/sites\/12\/2026\/02\/d21ed07d8d2d7444e8e5e1d049ab107a.jpg","datePublished":"2026-02-11T14:09:21+00:00","dateModified":"2026-02-11T19:22:04+00:00","breadcrumb":{"@id":"https:\/\/izglitiba.valmierasnovads.lv\/abelite\/macibu-programmas\/#breadcrumb"},"inLanguage":"lv-LV","potentialAction":[{"@type":"ReadAction","target":["https:\/\/izglitiba.valmierasnovads.lv\/abelite\/macibu-programmas\/"]}]},{"@type":"ImageObject","inLanguage":"lv-LV","@id":"https:\/\/izglitiba.valmierasnovads.lv\/abelite\/macibu-programmas\/#primaryimage","url":"https:\/\/izglitiba.valmierasnovads.lv\/abelite\/wp-content\/uploads\/sites\/12\/2026\/02\/d21ed07d8d2d7444e8e5e1d049ab107a.jpg","contentUrl":"https:\/\/izglitiba.valmierasnovads.lv\/abelite\/wp-content\/uploads\/sites\/12\/2026\/02\/d21ed07d8d2d7444e8e5e1d049ab107a.jpg","width":530,"height":630},{"@type":"BreadcrumbList","@id":"https:\/\/izglitiba.valmierasnovads.lv\/abelite\/macibu-programmas\/#breadcrumb","itemListElement":[{"@type":"ListItem","position":1,"name":"Home","item":"https:\/\/izglitiba.valmierasnovads.lv\/abelite\/"},{"@type":"ListItem","position":2,"name":"M\u0101c\u012bbu programmas"}]},{"@type":"WebSite","@id":"https:\/\/izglitiba.valmierasnovads.lv\/abelite\/#website","url":"https:\/\/izglitiba.valmierasnovads.lv\/abelite\/","name":"Valmieras pirmsskolas izgl\u012bt\u012bbas iest\u0101de &quot;\u0100bel\u012bte&quot;","description":"","publisher":{"@id":"https:\/\/izglitiba.valmierasnovads.lv\/abelite\/#organization"},"potentialAction":[{"@type":"SearchAction","target":{"@type":"EntryPoint","urlTemplate":"https:\/\/izglitiba.valmierasnovads.lv\/abelite\/?s={search_term_string}"},"query-input":{"@type":"PropertyValueSpecification","valueRequired":true,"valueName":"search_term_string"}}],"inLanguage":"lv-LV"},{"@type":"Organization","@id":"https:\/\/izglitiba.valmierasnovads.lv\/abelite\/#organization","name":"Valmieras pirmsskolas izgl\u012bt\u012bbas iest\u0101de &quot;\u0100bel\u012bte&quot;","url":"https:\/\/izglitiba.valmierasnovads.lv\/abelite\/","logo":{"@type":"ImageObject","inLanguage":"lv-LV","@id":"https:\/\/izglitiba.valmierasnovads.lv\/abelite\/#\/schema\/logo\/image\/","url":"https:\/\/izglitiba.valmierasnovads.lv\/abelite\/wp-content\/uploads\/sites\/12\/2026\/03\/cropped-Pirmsskolas-izglitibas-iestades-ar-pasu-logo-2-scaled-1.png","contentUrl":"https:\/\/izglitiba.valmierasnovads.lv\/abelite\/wp-content\/uploads\/sites\/12\/2026\/03\/cropped-Pirmsskolas-izglitibas-iestades-ar-pasu-logo-2-scaled-1.png","width":1332,"height":405,"caption":"Valmieras pirmsskolas izgl\u012bt\u012bbas iest\u0101de &quot;\u0100bel\u012bte&quot;"},"image":{"@id":"https:\/\/izglitiba.valmierasnovads.lv\/abelite\/#\/schema\/logo\/image\/"}}]}},"_links":{"self":[{"href":"https:\/\/izglitiba.valmierasnovads.lv\/abelite\/wp-json\/wp\/v2\/pages\/139","targetHints":{"allow":["GET"]}}],"collection":[{"href":"https:\/\/izglitiba.valmierasnovads.lv\/abelite\/wp-json\/wp\/v2\/pages"}],"about":[{"href":"https:\/\/izglitiba.valmierasnovads.lv\/abelite\/wp-json\/wp\/v2\/types\/page"}],"author":[{"embeddable":true,"href":"https:\/\/izglitiba.valmierasnovads.lv\/abelite\/wp-json\/wp\/v2\/users\/71"}],"replies":[{"embeddable":true,"href":"https:\/\/izglitiba.valmierasnovads.lv\/abelite\/wp-json\/wp\/v2\/comments?post=139"}],"version-history":[{"count":5,"href":"https:\/\/izglitiba.valmierasnovads.lv\/abelite\/wp-json\/wp\/v2\/pages\/139\/revisions"}],"predecessor-version":[{"id":222,"href":"https:\/\/izglitiba.valmierasnovads.lv\/abelite\/wp-json\/wp\/v2\/pages\/139\/revisions\/222"}],"wp:attachment":[{"href":"https:\/\/izglitiba.valmierasnovads.lv\/abelite\/wp-json\/wp\/v2\/media?parent=139"}],"curies":[{"name":"wp","href":"https:\/\/api.w.org\/{rel}","templated":true}]}}