{"id":143,"date":"2026-02-11T16:10:02","date_gmt":"2026-02-11T14:10:02","guid":{"rendered":"https:\/\/izglitiba.valmierasnovads.lv\/abelite\/?page_id=143"},"modified":"2026-02-11T19:43:19","modified_gmt":"2026-02-11T17:43:19","slug":"projekti","status":"publish","type":"page","link":"https:\/\/izglitiba.valmierasnovads.lv\/abelite\/projekti\/","title":{"rendered":"Projekti"},"content":{"rendered":"\n<p><strong>ESF + projekts&nbsp;\u201cSTEM un pilsonisk\u0101s l\u012bdzdal\u012bbas norises pla\u0161\u0101kai izgl\u012bt\u012bbas pieredzei un karjeras izv\u0113lei\u201d<\/strong><\/p>\n\n\n\n<figure class=\"wp-block-table\"><table class=\"has-fixed-layout\"><tbody><tr><td>Projekta darb\u012bbu \u012bsteno\u0161anas&nbsp;laiks<\/td><td>2025. gada&nbsp;1.&nbsp;apr\u012blis \u2013&nbsp; 2028.&nbsp;gada 31.&nbsp;augusts<\/td><\/tr><tr><td>Projekta specifiskais atbalsta m\u0113r\u0137is&nbsp;<\/td><td>Nodro\u0161in\u0101t b\u0113rniem un jaunie\u0161iem iesp\u0113ju apmekl\u0113t norises STEM(zin\u0101tne, tehnolo\u0123ijas, in\u017eenierzin\u0101tnes un matem\u0101tika) jom\u0101 un pilsonisk\u0101s l\u012bdzdal\u012bbas jom\u0101, kas sekm\u0113 m\u0101c\u012bbu satura sasniedzamo rezult\u0101tu un m\u0113r\u0137u sasnieg\u0161anu, lai m\u0101c\u012bbu proces\u0101 da\u017e\u0101dotu m\u0101c\u012b\u0161an\u0101s pieredzi, efekt\u012bv\u0101k sasaist\u012btu m\u0101c\u012bbu teoriju ar praksi, veicin\u0101tu izpratni par min\u0113to jomu darba tirgus pras\u012bb\u0101m, rad\u012btu interesi par \u0161o jomu apg\u016b\u0161anu un sekm\u0113tu turpm\u0101ku m\u0101c\u012b\u0161an\u0101s izv\u0113li min\u0113taj\u0101s jom\u0101s.<\/td><\/tr><tr><td>Projekta specifisk\u0101 atbalsta m\u0113r\u0137a grupa&nbsp;<\/td><td>izgl\u012btojamie oblig\u0101taj\u0101 pirmsskolas vecum\u0101 izgl\u012bt\u012bbas iest\u0101d\u0113s, kas \u012bsteno pirmsskolas izgl\u012bt\u012bbas programmas;&nbsp;&nbsp; izgl\u012btojamie visp\u0101r\u0113j\u0101s izgl\u012bt\u012bbas iest\u0101d\u0113s, kas \u012bsteno kl\u0101tienes pamatizgl\u012bt\u012bbas un vid\u0113j\u0101s izgl\u012bt\u012bbas programmas;&nbsp; izgl\u012btojamie profesion\u0101l\u0101s izgl\u012bt\u012bbas iest\u0101d\u0113s, kas \u012bsteno kl\u0101tienes vid\u0113j\u0101s izgl\u012bt\u012bbas programmas.&nbsp;<\/td><\/tr><\/tbody><\/table><\/figure>\n","protected":false},"excerpt":{"rendered":"<p>ESF + projekts&nbsp;\u201cSTEM un pilsonisk\u0101s l\u012bdzdal\u012bbas norises pla\u0161\u0101kai izgl\u012bt\u012bbas pieredzei un karjeras izv\u0113lei\u201d Projekta darb\u012bbu \u012bsteno\u0161anas&nbsp;laiks 2025. gada&nbsp;1.&nbsp;apr\u012blis \u2013&nbsp; 2028.&nbsp;gada [&hellip;]<\/p>\n","protected":false},"author":71,"featured_media":0,"parent":0,"menu_order":0,"comment_status":"closed","ping_status":"closed","template":"","meta":{"_acf_changed":false,"site-sidebar-layout":"default","site-content-layout":"","ast-site-content-layout":"default","site-content-style":"default","site-sidebar-style":"default","ast-global-header-display":"","ast-banner-title-visibility":"","ast-main-header-display":"","ast-hfb-above-header-display":"","ast-hfb-below-header-display":"","ast-hfb-mobile-header-display":"","site-post-title":"","ast-breadcrumbs-content":"","ast-featured-img":"","footer-sml-layout":"","ast-disable-related-posts":"","theme-transparent-header-meta":"","adv-header-id-meta":"","stick-header-meta":"","header-above-stick-meta":"","header-main-stick-meta":"","header-below-stick-meta":"","astra-migrate-meta-layouts":"default","ast-page-background-enabled":"default","ast-page-background-meta":{"desktop":{"background-color":"var(--ast-global-color-5)","background-image":"","background-repeat":"repeat","background-position":"center center","background-size":"auto","background-attachment":"scroll","background-type":"","background-media":"","overlay-type":"","overlay-color":"","overlay-opacity":"","overlay-gradient":""},"tablet":{"background-color":"","background-image":"","background-repeat":"repeat","background-position":"center center","background-size":"auto","background-attachment":"scroll","background-type":"","background-media":"","overlay-type":"","overlay-color":"","overlay-opacity":"","overlay-gradient":""},"mobile":{"background-color":"","background-image":"","background-repeat":"repeat","background-position":"center center","background-size":"auto","background-attachment":"scroll","background-type":"","background-media":"","overlay-type":"","overlay-color":"","overlay-opacity":"","overlay-gradient":""}},"ast-content-background-meta":{"desktop":{"background-color":"var(--ast-global-color-4)","background-image":"","background-repeat":"repeat","background-position":"center center","background-size":"auto","background-attachment":"scroll","background-type":"","background-media":"","overlay-type":"","overlay-color":"","overlay-opacity":"","overlay-gradient":""},"tablet":{"background-color":"var(--ast-global-color-4)","background-image":"","background-repeat":"repeat","background-position":"center center","background-size":"auto","background-attachment":"scroll","background-type":"","background-media":"","overlay-type":"","overlay-color":"","overlay-opacity":"","overlay-gradient":""},"mobile":{"background-color":"var(--ast-global-color-4)","background-image":"","background-repeat":"repeat","background-position":"center center","background-size":"auto","background-attachment":"scroll","background-type":"","background-media":"","overlay-type":"","overlay-color":"","overlay-opacity":"","overlay-gradient":""}},"footnotes":""},"class_list":["post-143","page","type-page","status-publish","hentry"],"acf":[],"yoast_head":"<!-- This site is optimized with the Yoast SEO plugin v27.0 - https:\/\/yoast.com\/product\/yoast-seo-wordpress\/ -->\n<title>Projekti - Valmieras pirmsskolas izgl\u012bt\u012bbas iest\u0101de &quot;\u0100bel\u012bte&quot;<\/title>\n<meta name=\"robots\" content=\"index, follow, max-snippet:-1, max-image-preview:large, max-video-preview:-1\" \/>\n<link rel=\"canonical\" href=\"https:\/\/izglitiba.valmierasnovads.lv\/abelite\/projekti\/\" \/>\n<meta property=\"og:locale\" content=\"lv_LV\" \/>\n<meta property=\"og:type\" content=\"article\" \/>\n<meta property=\"og:title\" content=\"Projekti - Valmieras pirmsskolas izgl\u012bt\u012bbas iest\u0101de &quot;\u0100bel\u012bte&quot;\" \/>\n<meta property=\"og:description\" content=\"ESF + projekts&nbsp;\u201cSTEM un pilsonisk\u0101s l\u012bdzdal\u012bbas norises pla\u0161\u0101kai izgl\u012bt\u012bbas pieredzei un karjeras izv\u0113lei\u201d Projekta darb\u012bbu \u012bsteno\u0161anas&nbsp;laiks 2025. gada&nbsp;1.&nbsp;apr\u012blis \u2013&nbsp; 2028.&nbsp;gada [&hellip;]\" \/>\n<meta property=\"og:url\" content=\"https:\/\/izglitiba.valmierasnovads.lv\/abelite\/projekti\/\" \/>\n<meta property=\"og:site_name\" content=\"Valmieras pirmsskolas izgl\u012bt\u012bbas iest\u0101de &quot;\u0100bel\u012bte&quot;\" \/>\n<meta property=\"article:modified_time\" content=\"2026-02-11T17:43:19+00:00\" \/>\n<meta name=\"twitter:card\" content=\"summary_large_image\" \/>\n<meta name=\"twitter:label1\" content=\"Est. reading time\" \/>\n\t<meta name=\"twitter:data1\" content=\"1 min\u016bte\" \/>\n<script type=\"application\/ld+json\" class=\"yoast-schema-graph\">{\"@context\":\"https:\/\/schema.org\",\"@graph\":[{\"@type\":\"WebPage\",\"@id\":\"https:\/\/izglitiba.valmierasnovads.lv\/abelite\/projekti\/\",\"url\":\"https:\/\/izglitiba.valmierasnovads.lv\/abelite\/projekti\/\",\"name\":\"Projekti - Valmieras pirmsskolas izgl\u012bt\u012bbas iest\u0101de &quot;\u0100bel\u012bte&quot;\",\"isPartOf\":{\"@id\":\"https:\/\/izglitiba.valmierasnovads.lv\/abelite\/#website\"},\"datePublished\":\"2026-02-11T14:10:02+00:00\",\"dateModified\":\"2026-02-11T17:43:19+00:00\",\"breadcrumb\":{\"@id\":\"https:\/\/izglitiba.valmierasnovads.lv\/abelite\/projekti\/#breadcrumb\"},\"inLanguage\":\"lv-LV\",\"potentialAction\":[{\"@type\":\"ReadAction\",\"target\":[\"https:\/\/izglitiba.valmierasnovads.lv\/abelite\/projekti\/\"]}]},{\"@type\":\"BreadcrumbList\",\"@id\":\"https:\/\/izglitiba.valmierasnovads.lv\/abelite\/projekti\/#breadcrumb\",\"itemListElement\":[{\"@type\":\"ListItem\",\"position\":1,\"name\":\"Home\",\"item\":\"https:\/\/izglitiba.valmierasnovads.lv\/abelite\/\"},{\"@type\":\"ListItem\",\"position\":2,\"name\":\"Projekti\"}]},{\"@type\":\"WebSite\",\"@id\":\"https:\/\/izglitiba.valmierasnovads.lv\/abelite\/#website\",\"url\":\"https:\/\/izglitiba.valmierasnovads.lv\/abelite\/\",\"name\":\"Valmieras pirmsskolas izgl\u012bt\u012bbas iest\u0101de &quot;\u0100bel\u012bte&quot;\",\"description\":\"\",\"publisher\":{\"@id\":\"https:\/\/izglitiba.valmierasnovads.lv\/abelite\/#organization\"},\"potentialAction\":[{\"@type\":\"SearchAction\",\"target\":{\"@type\":\"EntryPoint\",\"urlTemplate\":\"https:\/\/izglitiba.valmierasnovads.lv\/abelite\/?s={search_term_string}\"},\"query-input\":{\"@type\":\"PropertyValueSpecification\",\"valueRequired\":true,\"valueName\":\"search_term_string\"}}],\"inLanguage\":\"lv-LV\"},{\"@type\":\"Organization\",\"@id\":\"https:\/\/izglitiba.valmierasnovads.lv\/abelite\/#organization\",\"name\":\"Valmieras pirmsskolas izgl\u012bt\u012bbas iest\u0101de &quot;\u0100bel\u012bte&quot;\",\"url\":\"https:\/\/izglitiba.valmierasnovads.lv\/abelite\/\",\"logo\":{\"@type\":\"ImageObject\",\"inLanguage\":\"lv-LV\",\"@id\":\"https:\/\/izglitiba.valmierasnovads.lv\/abelite\/#\/schema\/logo\/image\/\",\"url\":\"https:\/\/izglitiba.valmierasnovads.lv\/abelite\/wp-content\/uploads\/sites\/12\/2026\/03\/cropped-Pirmsskolas-izglitibas-iestades-ar-pasu-logo-2-scaled-1.png\",\"contentUrl\":\"https:\/\/izglitiba.valmierasnovads.lv\/abelite\/wp-content\/uploads\/sites\/12\/2026\/03\/cropped-Pirmsskolas-izglitibas-iestades-ar-pasu-logo-2-scaled-1.png\",\"width\":1332,\"height\":405,\"caption\":\"Valmieras pirmsskolas izgl\u012bt\u012bbas iest\u0101de &quot;\u0100bel\u012bte&quot;\"},\"image\":{\"@id\":\"https:\/\/izglitiba.valmierasnovads.lv\/abelite\/#\/schema\/logo\/image\/\"}}]}<\/script>\n<!-- \/ Yoast SEO plugin. -->","yoast_head_json":{"title":"Projekti - Valmieras pirmsskolas izgl\u012bt\u012bbas iest\u0101de &quot;\u0100bel\u012bte&quot;","robots":{"index":"index","follow":"follow","max-snippet":"max-snippet:-1","max-image-preview":"max-image-preview:large","max-video-preview":"max-video-preview:-1"},"canonical":"https:\/\/izglitiba.valmierasnovads.lv\/abelite\/projekti\/","og_locale":"lv_LV","og_type":"article","og_title":"Projekti - Valmieras pirmsskolas izgl\u012bt\u012bbas iest\u0101de &quot;\u0100bel\u012bte&quot;","og_description":"ESF + projekts&nbsp;\u201cSTEM un pilsonisk\u0101s l\u012bdzdal\u012bbas norises pla\u0161\u0101kai izgl\u012bt\u012bbas pieredzei un karjeras izv\u0113lei\u201d Projekta darb\u012bbu \u012bsteno\u0161anas&nbsp;laiks 2025. gada&nbsp;1.&nbsp;apr\u012blis \u2013&nbsp; 2028.&nbsp;gada [&hellip;]","og_url":"https:\/\/izglitiba.valmierasnovads.lv\/abelite\/projekti\/","og_site_name":"Valmieras pirmsskolas izgl\u012bt\u012bbas iest\u0101de &quot;\u0100bel\u012bte&quot;","article_modified_time":"2026-02-11T17:43:19+00:00","twitter_card":"summary_large_image","twitter_misc":{"Est. reading time":"1 min\u016bte"},"schema":{"@context":"https:\/\/schema.org","@graph":[{"@type":"WebPage","@id":"https:\/\/izglitiba.valmierasnovads.lv\/abelite\/projekti\/","url":"https:\/\/izglitiba.valmierasnovads.lv\/abelite\/projekti\/","name":"Projekti - Valmieras pirmsskolas izgl\u012bt\u012bbas iest\u0101de &quot;\u0100bel\u012bte&quot;","isPartOf":{"@id":"https:\/\/izglitiba.valmierasnovads.lv\/abelite\/#website"},"datePublished":"2026-02-11T14:10:02+00:00","dateModified":"2026-02-11T17:43:19+00:00","breadcrumb":{"@id":"https:\/\/izglitiba.valmierasnovads.lv\/abelite\/projekti\/#breadcrumb"},"inLanguage":"lv-LV","potentialAction":[{"@type":"ReadAction","target":["https:\/\/izglitiba.valmierasnovads.lv\/abelite\/projekti\/"]}]},{"@type":"BreadcrumbList","@id":"https:\/\/izglitiba.valmierasnovads.lv\/abelite\/projekti\/#breadcrumb","itemListElement":[{"@type":"ListItem","position":1,"name":"Home","item":"https:\/\/izglitiba.valmierasnovads.lv\/abelite\/"},{"@type":"ListItem","position":2,"name":"Projekti"}]},{"@type":"WebSite","@id":"https:\/\/izglitiba.valmierasnovads.lv\/abelite\/#website","url":"https:\/\/izglitiba.valmierasnovads.lv\/abelite\/","name":"Valmieras pirmsskolas izgl\u012bt\u012bbas iest\u0101de &quot;\u0100bel\u012bte&quot;","description":"","publisher":{"@id":"https:\/\/izglitiba.valmierasnovads.lv\/abelite\/#organization"},"potentialAction":[{"@type":"SearchAction","target":{"@type":"EntryPoint","urlTemplate":"https:\/\/izglitiba.valmierasnovads.lv\/abelite\/?s={search_term_string}"},"query-input":{"@type":"PropertyValueSpecification","valueRequired":true,"valueName":"search_term_string"}}],"inLanguage":"lv-LV"},{"@type":"Organization","@id":"https:\/\/izglitiba.valmierasnovads.lv\/abelite\/#organization","name":"Valmieras pirmsskolas izgl\u012bt\u012bbas iest\u0101de &quot;\u0100bel\u012bte&quot;","url":"https:\/\/izglitiba.valmierasnovads.lv\/abelite\/","logo":{"@type":"ImageObject","inLanguage":"lv-LV","@id":"https:\/\/izglitiba.valmierasnovads.lv\/abelite\/#\/schema\/logo\/image\/","url":"https:\/\/izglitiba.valmierasnovads.lv\/abelite\/wp-content\/uploads\/sites\/12\/2026\/03\/cropped-Pirmsskolas-izglitibas-iestades-ar-pasu-logo-2-scaled-1.png","contentUrl":"https:\/\/izglitiba.valmierasnovads.lv\/abelite\/wp-content\/uploads\/sites\/12\/2026\/03\/cropped-Pirmsskolas-izglitibas-iestades-ar-pasu-logo-2-scaled-1.png","width":1332,"height":405,"caption":"Valmieras pirmsskolas izgl\u012bt\u012bbas iest\u0101de &quot;\u0100bel\u012bte&quot;"},"image":{"@id":"https:\/\/izglitiba.valmierasnovads.lv\/abelite\/#\/schema\/logo\/image\/"}}]}},"_links":{"self":[{"href":"https:\/\/izglitiba.valmierasnovads.lv\/abelite\/wp-json\/wp\/v2\/pages\/143","targetHints":{"allow":["GET"]}}],"collection":[{"href":"https:\/\/izglitiba.valmierasnovads.lv\/abelite\/wp-json\/wp\/v2\/pages"}],"about":[{"href":"https:\/\/izglitiba.valmierasnovads.lv\/abelite\/wp-json\/wp\/v2\/types\/page"}],"author":[{"embeddable":true,"href":"https:\/\/izglitiba.valmierasnovads.lv\/abelite\/wp-json\/wp\/v2\/users\/71"}],"replies":[{"embeddable":true,"href":"https:\/\/izglitiba.valmierasnovads.lv\/abelite\/wp-json\/wp\/v2\/comments?post=143"}],"version-history":[{"count":2,"href":"https:\/\/izglitiba.valmierasnovads.lv\/abelite\/wp-json\/wp\/v2\/pages\/143\/revisions"}],"predecessor-version":[{"id":190,"href":"https:\/\/izglitiba.valmierasnovads.lv\/abelite\/wp-json\/wp\/v2\/pages\/143\/revisions\/190"}],"wp:attachment":[{"href":"https:\/\/izglitiba.valmierasnovads.lv\/abelite\/wp-json\/wp\/v2\/media?parent=143"}],"curies":[{"name":"wp","href":"https:\/\/api.w.org\/{rel}","templated":true}]}}