{"id":64,"date":"2026-01-27T10:45:36","date_gmt":"2026-01-27T08:45:36","guid":{"rendered":"https:\/\/izglitiba.valmierasnovads.lv\/abelite\/?page_id=64"},"modified":"2026-02-18T18:29:47","modified_gmt":"2026-02-18T16:29:47","slug":"vesture","status":"publish","type":"page","link":"https:\/\/izglitiba.valmierasnovads.lv\/abelite\/vesture\/","title":{"rendered":"V\u0113sture"},"content":{"rendered":"\n<figure class=\"wp-block-gallery has-nested-images columns-default is-cropped wp-block-gallery-1 is-layout-flex wp-block-gallery-is-layout-flex\">\n<figure class=\"wp-block-image size-large\"><img loading=\"lazy\" decoding=\"async\" width=\"1024\" height=\"681\" data-id=\"340\" src=\"https:\/\/izglitiba.valmierasnovads.lv\/abelite\/wp-content\/uploads\/sites\/12\/2026\/02\/1bd_muzeja_1975-2-1024x681.jpg\" alt=\"\" class=\"wp-image-340\" srcset=\"https:\/\/izglitiba.valmierasnovads.lv\/abelite\/wp-content\/uploads\/sites\/12\/2026\/02\/1bd_muzeja_1975-2-1024x681.jpg 1024w, https:\/\/izglitiba.valmierasnovads.lv\/abelite\/wp-content\/uploads\/sites\/12\/2026\/02\/1bd_muzeja_1975-2-300x200.jpg 300w, https:\/\/izglitiba.valmierasnovads.lv\/abelite\/wp-content\/uploads\/sites\/12\/2026\/02\/1bd_muzeja_1975-2-768x511.jpg 768w, https:\/\/izglitiba.valmierasnovads.lv\/abelite\/wp-content\/uploads\/sites\/12\/2026\/02\/1bd_muzeja_1975-2-1536x1022.jpg 1536w, https:\/\/izglitiba.valmierasnovads.lv\/abelite\/wp-content\/uploads\/sites\/12\/2026\/02\/1bd_muzeja_1975-2.jpg 1954w\" sizes=\"auto, (max-width: 1024px) 100vw, 1024px\" \/><\/figure>\n\n\n\n<figure class=\"wp-block-image size-large\"><img loading=\"lazy\" decoding=\"async\" width=\"1024\" height=\"757\" data-id=\"342\" src=\"https:\/\/izglitiba.valmierasnovads.lv\/abelite\/wp-content\/uploads\/sites\/12\/2026\/02\/1bd_1960-2-1024x757.jpg\" alt=\"\" class=\"wp-image-342\" srcset=\"https:\/\/izglitiba.valmierasnovads.lv\/abelite\/wp-content\/uploads\/sites\/12\/2026\/02\/1bd_1960-2-1024x757.jpg 1024w, https:\/\/izglitiba.valmierasnovads.lv\/abelite\/wp-content\/uploads\/sites\/12\/2026\/02\/1bd_1960-2-300x222.jpg 300w, https:\/\/izglitiba.valmierasnovads.lv\/abelite\/wp-content\/uploads\/sites\/12\/2026\/02\/1bd_1960-2-768x568.jpg 768w, https:\/\/izglitiba.valmierasnovads.lv\/abelite\/wp-content\/uploads\/sites\/12\/2026\/02\/1bd_1960-2.jpg 1296w\" sizes=\"auto, (max-width: 1024px) 100vw, 1024px\" \/><\/figure>\n\n\n\n<figure class=\"wp-block-image size-large\"><img loading=\"lazy\" decoding=\"async\" width=\"1024\" height=\"623\" data-id=\"337\" src=\"https:\/\/izglitiba.valmierasnovads.lv\/abelite\/wp-content\/uploads\/sites\/12\/2026\/02\/1.BD_1968-2-1024x623.jpg\" alt=\"\" class=\"wp-image-337\" srcset=\"https:\/\/izglitiba.valmierasnovads.lv\/abelite\/wp-content\/uploads\/sites\/12\/2026\/02\/1.BD_1968-2-1024x623.jpg 1024w, https:\/\/izglitiba.valmierasnovads.lv\/abelite\/wp-content\/uploads\/sites\/12\/2026\/02\/1.BD_1968-2-300x183.jpg 300w, https:\/\/izglitiba.valmierasnovads.lv\/abelite\/wp-content\/uploads\/sites\/12\/2026\/02\/1.BD_1968-2-768x467.jpg 768w, https:\/\/izglitiba.valmierasnovads.lv\/abelite\/wp-content\/uploads\/sites\/12\/2026\/02\/1.BD_1968-2.jpg 1032w\" sizes=\"auto, (max-width: 1024px) 100vw, 1024px\" \/><\/figure>\n\n\n\n<figure class=\"wp-block-image size-large\"><img loading=\"lazy\" decoding=\"async\" width=\"640\" height=\"417\" data-id=\"341\" src=\"https:\/\/izglitiba.valmierasnovads.lv\/abelite\/wp-content\/uploads\/sites\/12\/2026\/02\/Abelite_2016-2.jpg\" alt=\"\" class=\"wp-image-341\" srcset=\"https:\/\/izglitiba.valmierasnovads.lv\/abelite\/wp-content\/uploads\/sites\/12\/2026\/02\/Abelite_2016-2.jpg 640w, https:\/\/izglitiba.valmierasnovads.lv\/abelite\/wp-content\/uploads\/sites\/12\/2026\/02\/Abelite_2016-2-300x195.jpg 300w\" sizes=\"auto, (max-width: 640px) 100vw, 640px\" \/><\/figure>\n\n\n\n<figure class=\"wp-block-image size-large\"><img loading=\"lazy\" decoding=\"async\" width=\"1024\" height=\"768\" data-id=\"339\" src=\"https:\/\/izglitiba.valmierasnovads.lv\/abelite\/wp-content\/uploads\/sites\/12\/2026\/02\/01.09.2021-2-1024x768.jpg\" alt=\"\" class=\"wp-image-339\" srcset=\"https:\/\/izglitiba.valmierasnovads.lv\/abelite\/wp-content\/uploads\/sites\/12\/2026\/02\/01.09.2021-2-1024x768.jpg 1024w, https:\/\/izglitiba.valmierasnovads.lv\/abelite\/wp-content\/uploads\/sites\/12\/2026\/02\/01.09.2021-2-300x225.jpg 300w, https:\/\/izglitiba.valmierasnovads.lv\/abelite\/wp-content\/uploads\/sites\/12\/2026\/02\/01.09.2021-2-768x576.jpg 768w, https:\/\/izglitiba.valmierasnovads.lv\/abelite\/wp-content\/uploads\/sites\/12\/2026\/02\/01.09.2021-2-1536x1152.jpg 1536w, https:\/\/izglitiba.valmierasnovads.lv\/abelite\/wp-content\/uploads\/sites\/12\/2026\/02\/01.09.2021-2.jpg 2048w\" sizes=\"auto, (max-width: 1024px) 100vw, 1024px\" \/><\/figure>\n\n\n\n<figure class=\"wp-block-image size-large\"><img loading=\"lazy\" decoding=\"async\" width=\"1024\" height=\"768\" data-id=\"338\" src=\"https:\/\/izglitiba.valmierasnovads.lv\/abelite\/wp-content\/uploads\/sites\/12\/2026\/02\/WhatsApp-Image-2025-09-01-at-12.22.07-1-1024x768.jpeg\" alt=\"\" class=\"wp-image-338\" srcset=\"https:\/\/izglitiba.valmierasnovads.lv\/abelite\/wp-content\/uploads\/sites\/12\/2026\/02\/WhatsApp-Image-2025-09-01-at-12.22.07-1-1024x768.jpeg 1024w, https:\/\/izglitiba.valmierasnovads.lv\/abelite\/wp-content\/uploads\/sites\/12\/2026\/02\/WhatsApp-Image-2025-09-01-at-12.22.07-1-300x225.jpeg 300w, https:\/\/izglitiba.valmierasnovads.lv\/abelite\/wp-content\/uploads\/sites\/12\/2026\/02\/WhatsApp-Image-2025-09-01-at-12.22.07-1-768x576.jpeg 768w, https:\/\/izglitiba.valmierasnovads.lv\/abelite\/wp-content\/uploads\/sites\/12\/2026\/02\/WhatsApp-Image-2025-09-01-at-12.22.07-1-1536x1152.jpeg 1536w, https:\/\/izglitiba.valmierasnovads.lv\/abelite\/wp-content\/uploads\/sites\/12\/2026\/02\/WhatsApp-Image-2025-09-01-at-12.22.07-1.jpeg 1600w\" sizes=\"auto, (max-width: 1024px) 100vw, 1024px\" \/><\/figure>\n<\/figure>\n\n\n\n<p>Izgl\u012bt\u012bbas iest\u0101des pirms\u0101kumi<strong>&#8211;<\/strong> 1935.gada 3.janv\u0101r\u012b nodibina Valmieras 1.b\u0113rnud\u0101rzu Bru\u0146inieku iel\u0101 3, Vec\u0101s aptiekas m\u0101j\u0101. P\u0113c kara b\u0113rnud\u0101rzs darbu atjauno 1946.gada febru\u0101r\u012b, k\u0101 ar\u012b, b\u0113rnu skaitam pieaugot, pie\u0161\u0137ir papildus telpas blakus m\u0101j\u0101 \u2013 Bru\u0146inieku iel\u0101 5. Vienlaikus pils\u0113tas Izpildu komitejai steidz\u012bgi n\u0101c\u0101s risin\u0101t ar\u012b jaut\u0101jumu par b\u0113rnu sil\u012bti. Ar nosaukumu \u2013 Valmieras pils\u0113tas Mazb\u0113rnu novietne \u2013 to atv\u0113ra 1946. gad\u0101 neliel\u0101 \u0113k\u0101, R\u012bgas iel\u0101. 1948.gada oktobr\u012b Izgl\u012bt\u012bbas ministrija konstat\u0113, ka ar\u012b \u0161\u012bs telpas k\u013cuvu\u0161as nepiem\u0113rotas, un 1949.\/1950.gad\u0101 pils\u0113tas izpildu komiteja \u0161im nol\u016bkam pie\u0161\u0137ir \u0113kas ar pla\u0161u d\u0101rzu Palejas iel\u0101 5, kur \u0161obr\u012bd atrodas b\u0113rnud\u0101rzs \u201c\u0100bel\u012bte\u201d. Nosaukumu \u201c\u0100bel\u012bte\u201d b\u0113rnud\u0101rzs ieg\u016bst 2013.gad\u0101, kas simboliz\u0113 izaugsmi un \u0123imeniskumu. 2023. gada 2.janv\u0101r\u012b notiek b\u0113rnud\u0101rza renov\u0101cijas atkl\u0101\u0161anas sv\u0113tki. P\u0113d\u0113jos gados b\u016btisks pav\u0113rsiens noticis ar br\u012bvdabas pedago\u0123ijas pieejas ievie\u0161anu programmas apguvei, k\u0101 ar\u012b ar m\u0101c\u012bbu vides moderniz\u0101ciju, izveidojot \u0101ra klases un izp\u0113tes laukumus. \u0160odien \u201c\u0100bel\u012bte\u201d ir rado\u0161a un uz b\u0113rna att\u012bst\u012bbu v\u0113rsta izgl\u012bt\u012bbas iest\u0101de, kas sadarbojas ar vec\u0101kiem un viet\u0113jo kopienu, saglab\u0101jot trad\u012bcijas un atv\u0113rtu skatu uz n\u0101kotni.<\/p>\n\n\n<style>.kb-posts-id-64_32c560-9e .kb-post-list-item{display:grid;}<\/style><p>No posts<\/p>","protected":false},"excerpt":{"rendered":"<p>Izgl\u012bt\u012bbas iest\u0101des pirms\u0101kumi&#8211; 1935.gada 3.janv\u0101r\u012b nodibina Valmieras 1.b\u0113rnud\u0101rzu Bru\u0146inieku iel\u0101 3, Vec\u0101s aptiekas m\u0101j\u0101. P\u0113c kara b\u0113rnud\u0101rzs darbu atjauno 1946.gada [&hellip;]<\/p>\n","protected":false},"author":60,"featured_media":0,"parent":0,"menu_order":0,"comment_status":"closed","ping_status":"closed","template":"","meta":{"_acf_changed":false,"site-sidebar-layout":"default","site-content-layout":"","ast-site-content-layout":"default","site-content-style":"default","site-sidebar-style":"default","ast-global-header-display":"","ast-banner-title-visibility":"","ast-main-header-display":"","ast-hfb-above-header-display":"","ast-hfb-below-header-display":"","ast-hfb-mobile-header-display":"","site-post-title":"","ast-breadcrumbs-content":"","ast-featured-img":"","footer-sml-layout":"","ast-disable-related-posts":"","theme-transparent-header-meta":"","adv-header-id-meta":"","stick-header-meta":"","header-above-stick-meta":"","header-main-stick-meta":"","header-below-stick-meta":"","astra-migrate-meta-layouts":"default","ast-page-background-enabled":"default","ast-page-background-meta":{"desktop":{"background-color":"var(--ast-global-color-5)","background-image":"","background-repeat":"repeat","background-position":"center center","background-size":"auto","background-attachment":"scroll","background-type":"","background-media":"","overlay-type":"","overlay-color":"","overlay-opacity":"","overlay-gradient":""},"tablet":{"background-color":"","background-image":"","background-repeat":"repeat","background-position":"center center","background-size":"auto","background-attachment":"scroll","background-type":"","background-media":"","overlay-type":"","overlay-color":"","overlay-opacity":"","overlay-gradient":""},"mobile":{"background-color":"","background-image":"","background-repeat":"repeat","background-position":"center center","background-size":"auto","background-attachment":"scroll","background-type":"","background-media":"","overlay-type":"","overlay-color":"","overlay-opacity":"","overlay-gradient":""}},"ast-content-background-meta":{"desktop":{"background-color":"var(--ast-global-color-4)","background-image":"","background-repeat":"repeat","background-position":"center center","background-size":"auto","background-attachment":"scroll","background-type":"","background-media":"","overlay-type":"","overlay-color":"","overlay-opacity":"","overlay-gradient":""},"tablet":{"background-color":"var(--ast-global-color-4)","background-image":"","background-repeat":"repeat","background-position":"center center","background-size":"auto","background-attachment":"scroll","background-type":"","background-media":"","overlay-type":"","overlay-color":"","overlay-opacity":"","overlay-gradient":""},"mobile":{"background-color":"var(--ast-global-color-4)","background-image":"","background-repeat":"repeat","background-position":"center center","background-size":"auto","background-attachment":"scroll","background-type":"","background-media":"","overlay-type":"","overlay-color":"","overlay-opacity":"","overlay-gradient":""}},"footnotes":""},"class_list":["post-64","page","type-page","status-publish","hentry"],"acf":[],"yoast_head":"<!-- This site is optimized with the Yoast SEO plugin v27.0 - https:\/\/yoast.com\/product\/yoast-seo-wordpress\/ -->\n<title>V\u0113sture - Valmieras pirmsskolas izgl\u012bt\u012bbas iest\u0101de &quot;\u0100bel\u012bte&quot;<\/title>\n<meta name=\"robots\" content=\"index, follow, max-snippet:-1, max-image-preview:large, max-video-preview:-1\" \/>\n<link rel=\"canonical\" href=\"https:\/\/izglitiba.valmierasnovads.lv\/abelite\/vesture\/\" \/>\n<meta property=\"og:locale\" content=\"lv_LV\" \/>\n<meta property=\"og:type\" content=\"article\" \/>\n<meta property=\"og:title\" content=\"V\u0113sture - Valmieras pirmsskolas izgl\u012bt\u012bbas iest\u0101de &quot;\u0100bel\u012bte&quot;\" \/>\n<meta property=\"og:description\" content=\"Izgl\u012bt\u012bbas iest\u0101des pirms\u0101kumi&#8211; 1935.gada 3.janv\u0101r\u012b nodibina Valmieras 1.b\u0113rnud\u0101rzu Bru\u0146inieku iel\u0101 3, Vec\u0101s aptiekas m\u0101j\u0101. P\u0113c kara b\u0113rnud\u0101rzs darbu atjauno 1946.gada [&hellip;]\" \/>\n<meta property=\"og:url\" content=\"https:\/\/izglitiba.valmierasnovads.lv\/abelite\/vesture\/\" \/>\n<meta property=\"og:site_name\" content=\"Valmieras pirmsskolas izgl\u012bt\u012bbas iest\u0101de &quot;\u0100bel\u012bte&quot;\" \/>\n<meta property=\"article:modified_time\" content=\"2026-02-18T16:29:47+00:00\" \/>\n<meta property=\"og:image\" content=\"https:\/\/izglitiba.valmierasnovads.lv\/abelite\/wp-content\/uploads\/sites\/12\/2026\/02\/1bd_muzeja_1975-2.jpg\" \/>\n\t<meta property=\"og:image:width\" content=\"1954\" \/>\n\t<meta property=\"og:image:height\" content=\"1300\" \/>\n\t<meta property=\"og:image:type\" content=\"image\/jpeg\" \/>\n<meta name=\"twitter:card\" content=\"summary_large_image\" \/>\n<meta name=\"twitter:label1\" content=\"Est. reading time\" \/>\n\t<meta name=\"twitter:data1\" content=\"3 min\u016btes\" \/>\n<script type=\"application\/ld+json\" class=\"yoast-schema-graph\">{\"@context\":\"https:\/\/schema.org\",\"@graph\":[{\"@type\":\"WebPage\",\"@id\":\"https:\/\/izglitiba.valmierasnovads.lv\/abelite\/vesture\/\",\"url\":\"https:\/\/izglitiba.valmierasnovads.lv\/abelite\/vesture\/\",\"name\":\"V\u0113sture - Valmieras pirmsskolas izgl\u012bt\u012bbas iest\u0101de &quot;\u0100bel\u012bte&quot;\",\"isPartOf\":{\"@id\":\"https:\/\/izglitiba.valmierasnovads.lv\/abelite\/#website\"},\"primaryImageOfPage\":{\"@id\":\"https:\/\/izglitiba.valmierasnovads.lv\/abelite\/vesture\/#primaryimage\"},\"image\":{\"@id\":\"https:\/\/izglitiba.valmierasnovads.lv\/abelite\/vesture\/#primaryimage\"},\"thumbnailUrl\":\"https:\/\/izglitiba.valmierasnovads.lv\/abelite\/wp-content\/uploads\/sites\/12\/2026\/02\/1bd_muzeja_1975-2-1024x681.jpg\",\"datePublished\":\"2026-01-27T08:45:36+00:00\",\"dateModified\":\"2026-02-18T16:29:47+00:00\",\"breadcrumb\":{\"@id\":\"https:\/\/izglitiba.valmierasnovads.lv\/abelite\/vesture\/#breadcrumb\"},\"inLanguage\":\"lv-LV\",\"potentialAction\":[{\"@type\":\"ReadAction\",\"target\":[\"https:\/\/izglitiba.valmierasnovads.lv\/abelite\/vesture\/\"]}]},{\"@type\":\"ImageObject\",\"inLanguage\":\"lv-LV\",\"@id\":\"https:\/\/izglitiba.valmierasnovads.lv\/abelite\/vesture\/#primaryimage\",\"url\":\"https:\/\/izglitiba.valmierasnovads.lv\/abelite\/wp-content\/uploads\/sites\/12\/2026\/02\/1bd_muzeja_1975-2.jpg\",\"contentUrl\":\"https:\/\/izglitiba.valmierasnovads.lv\/abelite\/wp-content\/uploads\/sites\/12\/2026\/02\/1bd_muzeja_1975-2.jpg\",\"width\":1954,\"height\":1300},{\"@type\":\"BreadcrumbList\",\"@id\":\"https:\/\/izglitiba.valmierasnovads.lv\/abelite\/vesture\/#breadcrumb\",\"itemListElement\":[{\"@type\":\"ListItem\",\"position\":1,\"name\":\"Home\",\"item\":\"https:\/\/izglitiba.valmierasnovads.lv\/abelite\/\"},{\"@type\":\"ListItem\",\"position\":2,\"name\":\"V\u0113sture\"}]},{\"@type\":\"WebSite\",\"@id\":\"https:\/\/izglitiba.valmierasnovads.lv\/abelite\/#website\",\"url\":\"https:\/\/izglitiba.valmierasnovads.lv\/abelite\/\",\"name\":\"Valmieras pirmsskolas izgl\u012bt\u012bbas iest\u0101de &quot;\u0100bel\u012bte&quot;\",\"description\":\"\",\"publisher\":{\"@id\":\"https:\/\/izglitiba.valmierasnovads.lv\/abelite\/#organization\"},\"potentialAction\":[{\"@type\":\"SearchAction\",\"target\":{\"@type\":\"EntryPoint\",\"urlTemplate\":\"https:\/\/izglitiba.valmierasnovads.lv\/abelite\/?s={search_term_string}\"},\"query-input\":{\"@type\":\"PropertyValueSpecification\",\"valueRequired\":true,\"valueName\":\"search_term_string\"}}],\"inLanguage\":\"lv-LV\"},{\"@type\":\"Organization\",\"@id\":\"https:\/\/izglitiba.valmierasnovads.lv\/abelite\/#organization\",\"name\":\"Valmieras pirmsskolas izgl\u012bt\u012bbas iest\u0101de &quot;\u0100bel\u012bte&quot;\",\"url\":\"https:\/\/izglitiba.valmierasnovads.lv\/abelite\/\",\"logo\":{\"@type\":\"ImageObject\",\"inLanguage\":\"lv-LV\",\"@id\":\"https:\/\/izglitiba.valmierasnovads.lv\/abelite\/#\/schema\/logo\/image\/\",\"url\":\"https:\/\/izglitiba.valmierasnovads.lv\/abelite\/wp-content\/uploads\/sites\/12\/2026\/03\/cropped-Pirmsskolas-izglitibas-iestades-ar-pasu-logo-2-scaled-1.png\",\"contentUrl\":\"https:\/\/izglitiba.valmierasnovads.lv\/abelite\/wp-content\/uploads\/sites\/12\/2026\/03\/cropped-Pirmsskolas-izglitibas-iestades-ar-pasu-logo-2-scaled-1.png\",\"width\":1332,\"height\":405,\"caption\":\"Valmieras pirmsskolas izgl\u012bt\u012bbas iest\u0101de &quot;\u0100bel\u012bte&quot;\"},\"image\":{\"@id\":\"https:\/\/izglitiba.valmierasnovads.lv\/abelite\/#\/schema\/logo\/image\/\"}}]}<\/script>\n<!-- \/ Yoast SEO plugin. -->","yoast_head_json":{"title":"V\u0113sture - Valmieras pirmsskolas izgl\u012bt\u012bbas iest\u0101de &quot;\u0100bel\u012bte&quot;","robots":{"index":"index","follow":"follow","max-snippet":"max-snippet:-1","max-image-preview":"max-image-preview:large","max-video-preview":"max-video-preview:-1"},"canonical":"https:\/\/izglitiba.valmierasnovads.lv\/abelite\/vesture\/","og_locale":"lv_LV","og_type":"article","og_title":"V\u0113sture - Valmieras pirmsskolas izgl\u012bt\u012bbas iest\u0101de &quot;\u0100bel\u012bte&quot;","og_description":"Izgl\u012bt\u012bbas iest\u0101des pirms\u0101kumi&#8211; 1935.gada 3.janv\u0101r\u012b nodibina Valmieras 1.b\u0113rnud\u0101rzu Bru\u0146inieku iel\u0101 3, Vec\u0101s aptiekas m\u0101j\u0101. P\u0113c kara b\u0113rnud\u0101rzs darbu atjauno 1946.gada [&hellip;]","og_url":"https:\/\/izglitiba.valmierasnovads.lv\/abelite\/vesture\/","og_site_name":"Valmieras pirmsskolas izgl\u012bt\u012bbas iest\u0101de &quot;\u0100bel\u012bte&quot;","article_modified_time":"2026-02-18T16:29:47+00:00","og_image":[{"width":1954,"height":1300,"url":"https:\/\/izglitiba.valmierasnovads.lv\/abelite\/wp-content\/uploads\/sites\/12\/2026\/02\/1bd_muzeja_1975-2.jpg","type":"image\/jpeg"}],"twitter_card":"summary_large_image","twitter_misc":{"Est. reading time":"3 min\u016btes"},"schema":{"@context":"https:\/\/schema.org","@graph":[{"@type":"WebPage","@id":"https:\/\/izglitiba.valmierasnovads.lv\/abelite\/vesture\/","url":"https:\/\/izglitiba.valmierasnovads.lv\/abelite\/vesture\/","name":"V\u0113sture - Valmieras pirmsskolas izgl\u012bt\u012bbas iest\u0101de &quot;\u0100bel\u012bte&quot;","isPartOf":{"@id":"https:\/\/izglitiba.valmierasnovads.lv\/abelite\/#website"},"primaryImageOfPage":{"@id":"https:\/\/izglitiba.valmierasnovads.lv\/abelite\/vesture\/#primaryimage"},"image":{"@id":"https:\/\/izglitiba.valmierasnovads.lv\/abelite\/vesture\/#primaryimage"},"thumbnailUrl":"https:\/\/izglitiba.valmierasnovads.lv\/abelite\/wp-content\/uploads\/sites\/12\/2026\/02\/1bd_muzeja_1975-2-1024x681.jpg","datePublished":"2026-01-27T08:45:36+00:00","dateModified":"2026-02-18T16:29:47+00:00","breadcrumb":{"@id":"https:\/\/izglitiba.valmierasnovads.lv\/abelite\/vesture\/#breadcrumb"},"inLanguage":"lv-LV","potentialAction":[{"@type":"ReadAction","target":["https:\/\/izglitiba.valmierasnovads.lv\/abelite\/vesture\/"]}]},{"@type":"ImageObject","inLanguage":"lv-LV","@id":"https:\/\/izglitiba.valmierasnovads.lv\/abelite\/vesture\/#primaryimage","url":"https:\/\/izglitiba.valmierasnovads.lv\/abelite\/wp-content\/uploads\/sites\/12\/2026\/02\/1bd_muzeja_1975-2.jpg","contentUrl":"https:\/\/izglitiba.valmierasnovads.lv\/abelite\/wp-content\/uploads\/sites\/12\/2026\/02\/1bd_muzeja_1975-2.jpg","width":1954,"height":1300},{"@type":"BreadcrumbList","@id":"https:\/\/izglitiba.valmierasnovads.lv\/abelite\/vesture\/#breadcrumb","itemListElement":[{"@type":"ListItem","position":1,"name":"Home","item":"https:\/\/izglitiba.valmierasnovads.lv\/abelite\/"},{"@type":"ListItem","position":2,"name":"V\u0113sture"}]},{"@type":"WebSite","@id":"https:\/\/izglitiba.valmierasnovads.lv\/abelite\/#website","url":"https:\/\/izglitiba.valmierasnovads.lv\/abelite\/","name":"Valmieras pirmsskolas izgl\u012bt\u012bbas iest\u0101de &quot;\u0100bel\u012bte&quot;","description":"","publisher":{"@id":"https:\/\/izglitiba.valmierasnovads.lv\/abelite\/#organization"},"potentialAction":[{"@type":"SearchAction","target":{"@type":"EntryPoint","urlTemplate":"https:\/\/izglitiba.valmierasnovads.lv\/abelite\/?s={search_term_string}"},"query-input":{"@type":"PropertyValueSpecification","valueRequired":true,"valueName":"search_term_string"}}],"inLanguage":"lv-LV"},{"@type":"Organization","@id":"https:\/\/izglitiba.valmierasnovads.lv\/abelite\/#organization","name":"Valmieras pirmsskolas izgl\u012bt\u012bbas iest\u0101de &quot;\u0100bel\u012bte&quot;","url":"https:\/\/izglitiba.valmierasnovads.lv\/abelite\/","logo":{"@type":"ImageObject","inLanguage":"lv-LV","@id":"https:\/\/izglitiba.valmierasnovads.lv\/abelite\/#\/schema\/logo\/image\/","url":"https:\/\/izglitiba.valmierasnovads.lv\/abelite\/wp-content\/uploads\/sites\/12\/2026\/03\/cropped-Pirmsskolas-izglitibas-iestades-ar-pasu-logo-2-scaled-1.png","contentUrl":"https:\/\/izglitiba.valmierasnovads.lv\/abelite\/wp-content\/uploads\/sites\/12\/2026\/03\/cropped-Pirmsskolas-izglitibas-iestades-ar-pasu-logo-2-scaled-1.png","width":1332,"height":405,"caption":"Valmieras pirmsskolas izgl\u012bt\u012bbas iest\u0101de &quot;\u0100bel\u012bte&quot;"},"image":{"@id":"https:\/\/izglitiba.valmierasnovads.lv\/abelite\/#\/schema\/logo\/image\/"}}]}},"_links":{"self":[{"href":"https:\/\/izglitiba.valmierasnovads.lv\/abelite\/wp-json\/wp\/v2\/pages\/64","targetHints":{"allow":["GET"]}}],"collection":[{"href":"https:\/\/izglitiba.valmierasnovads.lv\/abelite\/wp-json\/wp\/v2\/pages"}],"about":[{"href":"https:\/\/izglitiba.valmierasnovads.lv\/abelite\/wp-json\/wp\/v2\/types\/page"}],"author":[{"embeddable":true,"href":"https:\/\/izglitiba.valmierasnovads.lv\/abelite\/wp-json\/wp\/v2\/users\/60"}],"replies":[{"embeddable":true,"href":"https:\/\/izglitiba.valmierasnovads.lv\/abelite\/wp-json\/wp\/v2\/comments?post=64"}],"version-history":[{"count":17,"href":"https:\/\/izglitiba.valmierasnovads.lv\/abelite\/wp-json\/wp\/v2\/pages\/64\/revisions"}],"predecessor-version":[{"id":343,"href":"https:\/\/izglitiba.valmierasnovads.lv\/abelite\/wp-json\/wp\/v2\/pages\/64\/revisions\/343"}],"wp:attachment":[{"href":"https:\/\/izglitiba.valmierasnovads.lv\/abelite\/wp-json\/wp\/v2\/media?parent=64"}],"curies":[{"name":"wp","href":"https:\/\/api.w.org\/{rel}","templated":true}]}}