{"id":528,"date":"2025-08-26T20:25:15","date_gmt":"2025-08-26T17:25:15","guid":{"rendered":"https:\/\/izglitiba.valmierasnovads.lv\/buratino\/?post_type=events&#038;p=528"},"modified":"2025-08-26T20:27:03","modified_gmt":"2025-08-26T17:27:03","slug":"1-septembris","status":"publish","type":"events","link":"https:\/\/izglitiba.valmierasnovads.lv\/buratino\/events\/1-septembris\/","title":{"rendered":"1. septembris"},"content":{"rendered":"\n<p>Zin\u012bbu dien\u0101 gaid\u012bsim b\u0113rnus svin\u012bg\u0101 noska\u0146\u0101! Iest\u0101de str\u0101d\u0101s ierastaj\u0101 ikdienas re\u017e\u012bm\u0101. Vec\u0101ki atved b\u0113rnus un dodas sav\u0101s gait\u0101s. Sv\u0113tku pas\u0101kums audz\u0113k\u0146iem notiks iest\u0101des pagalm\u0101 plkst. 10.00 (lietus gad\u012bjum\u0101 pas\u0101kums notiks z\u0101l\u0113).<\/p>\n","protected":false},"featured_media":530,"template":"","meta":{"_acf_changed":false,"site-sidebar-layout":"default","site-content-layout":"","ast-site-content-layout":"default","site-content-style":"default","site-sidebar-style":"default","ast-global-header-display":"","ast-banner-title-visibility":"","ast-main-header-display":"","ast-hfb-above-header-display":"","ast-hfb-below-header-display":"","ast-hfb-mobile-header-display":"","site-post-title":"","ast-breadcrumbs-content":"","ast-featured-img":"","footer-sml-layout":"","ast-disable-related-posts":"","theme-transparent-header-meta":"","adv-header-id-meta":"","stick-header-meta":"","header-above-stick-meta":"","header-main-stick-meta":"","header-below-stick-meta":"","astra-migrate-meta-layouts":"default","ast-page-background-enabled":"default","ast-page-background-meta":{"desktop":{"background-color":"var(--ast-global-color-5)","background-image":"","background-repeat":"repeat","background-position":"center center","background-size":"auto","background-attachment":"scroll","background-type":"","background-media":"","overlay-type":"","overlay-color":"","overlay-opacity":"","overlay-gradient":""},"tablet":{"background-color":"","background-image":"","background-repeat":"repeat","background-position":"center center","background-size":"auto","background-attachment":"scroll","background-type":"","background-media":"","overlay-type":"","overlay-color":"","overlay-opacity":"","overlay-gradient":""},"mobile":{"background-color":"","background-image":"","background-repeat":"repeat","background-position":"center center","background-size":"auto","background-attachment":"scroll","background-type":"","background-media":"","overlay-type":"","overlay-color":"","overlay-opacity":"","overlay-gradient":""}},"ast-content-background-meta":{"desktop":{"background-color":"var(--ast-global-color-4)","background-image":"","background-repeat":"repeat","background-position":"center center","background-size":"auto","background-attachment":"scroll","background-type":"","background-media":"","overlay-type":"","overlay-color":"","overlay-opacity":"","overlay-gradient":""},"tablet":{"background-color":"var(--ast-global-color-4)","background-image":"","background-repeat":"repeat","background-position":"center center","background-size":"auto","background-attachment":"scroll","background-type":"","background-media":"","overlay-type":"","overlay-color":"","overlay-opacity":"","overlay-gradient":""},"mobile":{"background-color":"var(--ast-global-color-4)","background-image":"","background-repeat":"repeat","background-position":"center center","background-size":"auto","background-attachment":"scroll","background-type":"","background-media":"","overlay-type":"","overlay-color":"","overlay-opacity":"","overlay-gradient":""}}},"events_type":[],"class_list":["post-528","events","type-events","status-publish","has-post-thumbnail","hentry"],"acf":[],"yoast_head":"<!-- This site is optimized with the Yoast SEO plugin v27.0 - https:\/\/yoast.com\/product\/yoast-seo-wordpress\/ -->\n<title>1. septembris - Valmieras pirmsskolas izgl\u012bt\u012bbas iest\u0101de \u201cBuratino\u201d<\/title>\n<meta name=\"robots\" content=\"index, follow, max-snippet:-1, max-image-preview:large, max-video-preview:-1\" \/>\n<link rel=\"canonical\" href=\"https:\/\/izglitiba.valmierasnovads.lv\/buratino\/events\/1-septembris\/\" \/>\n<meta property=\"og:locale\" content=\"lv_LV\" \/>\n<meta property=\"og:type\" content=\"article\" \/>\n<meta property=\"og:title\" content=\"1. septembris - Valmieras pirmsskolas izgl\u012bt\u012bbas iest\u0101de \u201cBuratino\u201d\" \/>\n<meta property=\"og:description\" content=\"Zin\u012bbu dien\u0101 gaid\u012bsim b\u0113rnus svin\u012bg\u0101 noska\u0146\u0101! Iest\u0101de str\u0101d\u0101s ierastaj\u0101 ikdienas re\u017e\u012bm\u0101. Vec\u0101ki atved b\u0113rnus un dodas sav\u0101s gait\u0101s. Sv\u0113tku pas\u0101kums [&hellip;]\" \/>\n<meta property=\"og:url\" content=\"https:\/\/izglitiba.valmierasnovads.lv\/buratino\/events\/1-septembris\/\" \/>\n<meta property=\"og:site_name\" content=\"Valmieras pirmsskolas izgl\u012bt\u012bbas iest\u0101de \u201cBuratino\u201d\" \/>\n<meta property=\"article:modified_time\" content=\"2025-08-26T17:27:03+00:00\" \/>\n<meta property=\"og:image\" content=\"https:\/\/izglitiba.valmierasnovads.lv\/buratino\/wp-content\/uploads\/sites\/20\/2025\/08\/IMG-20250826-WA0007.jpg\" \/>\n\t<meta property=\"og:image:width\" content=\"1024\" \/>\n\t<meta property=\"og:image:height\" content=\"1536\" \/>\n\t<meta property=\"og:image:type\" content=\"image\/jpeg\" \/>\n<meta name=\"twitter:card\" content=\"summary_large_image\" \/>\n<meta name=\"twitter:label1\" content=\"Est. reading time\" \/>\n\t<meta name=\"twitter:data1\" content=\"1 min\u016bte\" \/>\n<script type=\"application\/ld+json\" class=\"yoast-schema-graph\">{\"@context\":\"https:\/\/schema.org\",\"@graph\":[{\"@type\":\"WebPage\",\"@id\":\"https:\/\/izglitiba.valmierasnovads.lv\/buratino\/events\/1-septembris\/\",\"url\":\"https:\/\/izglitiba.valmierasnovads.lv\/buratino\/events\/1-septembris\/\",\"name\":\"1. septembris - Valmieras pirmsskolas izgl\u012bt\u012bbas iest\u0101de \u201cBuratino\u201d\",\"isPartOf\":{\"@id\":\"https:\/\/izglitiba.valmierasnovads.lv\/buratino\/#website\"},\"primaryImageOfPage\":{\"@id\":\"https:\/\/izglitiba.valmierasnovads.lv\/buratino\/events\/1-septembris\/#primaryimage\"},\"image\":{\"@id\":\"https:\/\/izglitiba.valmierasnovads.lv\/buratino\/events\/1-septembris\/#primaryimage\"},\"thumbnailUrl\":\"https:\/\/izglitiba.valmierasnovads.lv\/buratino\/wp-content\/uploads\/sites\/20\/2025\/08\/IMG-20250826-WA0007.jpg\",\"datePublished\":\"2025-08-26T17:25:15+00:00\",\"dateModified\":\"2025-08-26T17:27:03+00:00\",\"breadcrumb\":{\"@id\":\"https:\/\/izglitiba.valmierasnovads.lv\/buratino\/events\/1-septembris\/#breadcrumb\"},\"inLanguage\":\"lv-LV\",\"potentialAction\":[{\"@type\":\"ReadAction\",\"target\":[\"https:\/\/izglitiba.valmierasnovads.lv\/buratino\/events\/1-septembris\/\"]}]},{\"@type\":\"ImageObject\",\"inLanguage\":\"lv-LV\",\"@id\":\"https:\/\/izglitiba.valmierasnovads.lv\/buratino\/events\/1-septembris\/#primaryimage\",\"url\":\"https:\/\/izglitiba.valmierasnovads.lv\/buratino\/wp-content\/uploads\/sites\/20\/2025\/08\/IMG-20250826-WA0007.jpg\",\"contentUrl\":\"https:\/\/izglitiba.valmierasnovads.lv\/buratino\/wp-content\/uploads\/sites\/20\/2025\/08\/IMG-20250826-WA0007.jpg\",\"width\":1024,\"height\":1536},{\"@type\":\"BreadcrumbList\",\"@id\":\"https:\/\/izglitiba.valmierasnovads.lv\/buratino\/events\/1-septembris\/#breadcrumb\",\"itemListElement\":[{\"@type\":\"ListItem\",\"position\":1,\"name\":\"Home\",\"item\":\"https:\/\/izglitiba.valmierasnovads.lv\/buratino\/\"},{\"@type\":\"ListItem\",\"position\":2,\"name\":\"1. septembris\"}]},{\"@type\":\"WebSite\",\"@id\":\"https:\/\/izglitiba.valmierasnovads.lv\/buratino\/#website\",\"url\":\"https:\/\/izglitiba.valmierasnovads.lv\/buratino\/\",\"name\":\"Valmieras pirmsskolas izgl\u012bt\u012bbas iest\u0101de \u201cBuratino\u201d\",\"description\":\"Buratino Valmiera\",\"publisher\":{\"@id\":\"https:\/\/izglitiba.valmierasnovads.lv\/buratino\/#organization\"},\"potentialAction\":[{\"@type\":\"SearchAction\",\"target\":{\"@type\":\"EntryPoint\",\"urlTemplate\":\"https:\/\/izglitiba.valmierasnovads.lv\/buratino\/?s={search_term_string}\"},\"query-input\":{\"@type\":\"PropertyValueSpecification\",\"valueRequired\":true,\"valueName\":\"search_term_string\"}}],\"inLanguage\":\"lv-LV\"},{\"@type\":\"Organization\",\"@id\":\"https:\/\/izglitiba.valmierasnovads.lv\/buratino\/#organization\",\"name\":\"Valmieras pirmsskolas izgl\u012bt\u012bbas iest\u0101de \u201cBuratino\u201d\",\"url\":\"https:\/\/izglitiba.valmierasnovads.lv\/buratino\/\",\"logo\":{\"@type\":\"ImageObject\",\"inLanguage\":\"lv-LV\",\"@id\":\"https:\/\/izglitiba.valmierasnovads.lv\/buratino\/#\/schema\/logo\/image\/\",\"url\":\"https:\/\/izglitiba.valmierasnovads.lv\/buratino\/wp-content\/uploads\/sites\/20\/2026\/02\/cropped-Buratino-nosaukums-web-scaled-1.png\",\"contentUrl\":\"https:\/\/izglitiba.valmierasnovads.lv\/buratino\/wp-content\/uploads\/sites\/20\/2026\/02\/cropped-Buratino-nosaukums-web-scaled-1.png\",\"width\":2268,\"height\":715,\"caption\":\"Valmieras pirmsskolas izgl\u012bt\u012bbas iest\u0101de \u201cBuratino\u201d\"},\"image\":{\"@id\":\"https:\/\/izglitiba.valmierasnovads.lv\/buratino\/#\/schema\/logo\/image\/\"}}]}<\/script>\n<!-- \/ Yoast SEO plugin. -->","yoast_head_json":{"title":"1. septembris - Valmieras pirmsskolas izgl\u012bt\u012bbas iest\u0101de \u201cBuratino\u201d","robots":{"index":"index","follow":"follow","max-snippet":"max-snippet:-1","max-image-preview":"max-image-preview:large","max-video-preview":"max-video-preview:-1"},"canonical":"https:\/\/izglitiba.valmierasnovads.lv\/buratino\/events\/1-septembris\/","og_locale":"lv_LV","og_type":"article","og_title":"1. septembris - Valmieras pirmsskolas izgl\u012bt\u012bbas iest\u0101de \u201cBuratino\u201d","og_description":"Zin\u012bbu dien\u0101 gaid\u012bsim b\u0113rnus svin\u012bg\u0101 noska\u0146\u0101! Iest\u0101de str\u0101d\u0101s ierastaj\u0101 ikdienas re\u017e\u012bm\u0101. Vec\u0101ki atved b\u0113rnus un dodas sav\u0101s gait\u0101s. Sv\u0113tku pas\u0101kums [&hellip;]","og_url":"https:\/\/izglitiba.valmierasnovads.lv\/buratino\/events\/1-septembris\/","og_site_name":"Valmieras pirmsskolas izgl\u012bt\u012bbas iest\u0101de \u201cBuratino\u201d","article_modified_time":"2025-08-26T17:27:03+00:00","og_image":[{"width":1024,"height":1536,"url":"https:\/\/izglitiba.valmierasnovads.lv\/buratino\/wp-content\/uploads\/sites\/20\/2025\/08\/IMG-20250826-WA0007.jpg","type":"image\/jpeg"}],"twitter_card":"summary_large_image","twitter_misc":{"Est. reading time":"1 min\u016bte"},"schema":{"@context":"https:\/\/schema.org","@graph":[{"@type":"WebPage","@id":"https:\/\/izglitiba.valmierasnovads.lv\/buratino\/events\/1-septembris\/","url":"https:\/\/izglitiba.valmierasnovads.lv\/buratino\/events\/1-septembris\/","name":"1. septembris - Valmieras pirmsskolas izgl\u012bt\u012bbas iest\u0101de \u201cBuratino\u201d","isPartOf":{"@id":"https:\/\/izglitiba.valmierasnovads.lv\/buratino\/#website"},"primaryImageOfPage":{"@id":"https:\/\/izglitiba.valmierasnovads.lv\/buratino\/events\/1-septembris\/#primaryimage"},"image":{"@id":"https:\/\/izglitiba.valmierasnovads.lv\/buratino\/events\/1-septembris\/#primaryimage"},"thumbnailUrl":"https:\/\/izglitiba.valmierasnovads.lv\/buratino\/wp-content\/uploads\/sites\/20\/2025\/08\/IMG-20250826-WA0007.jpg","datePublished":"2025-08-26T17:25:15+00:00","dateModified":"2025-08-26T17:27:03+00:00","breadcrumb":{"@id":"https:\/\/izglitiba.valmierasnovads.lv\/buratino\/events\/1-septembris\/#breadcrumb"},"inLanguage":"lv-LV","potentialAction":[{"@type":"ReadAction","target":["https:\/\/izglitiba.valmierasnovads.lv\/buratino\/events\/1-septembris\/"]}]},{"@type":"ImageObject","inLanguage":"lv-LV","@id":"https:\/\/izglitiba.valmierasnovads.lv\/buratino\/events\/1-septembris\/#primaryimage","url":"https:\/\/izglitiba.valmierasnovads.lv\/buratino\/wp-content\/uploads\/sites\/20\/2025\/08\/IMG-20250826-WA0007.jpg","contentUrl":"https:\/\/izglitiba.valmierasnovads.lv\/buratino\/wp-content\/uploads\/sites\/20\/2025\/08\/IMG-20250826-WA0007.jpg","width":1024,"height":1536},{"@type":"BreadcrumbList","@id":"https:\/\/izglitiba.valmierasnovads.lv\/buratino\/events\/1-septembris\/#breadcrumb","itemListElement":[{"@type":"ListItem","position":1,"name":"Home","item":"https:\/\/izglitiba.valmierasnovads.lv\/buratino\/"},{"@type":"ListItem","position":2,"name":"1. septembris"}]},{"@type":"WebSite","@id":"https:\/\/izglitiba.valmierasnovads.lv\/buratino\/#website","url":"https:\/\/izglitiba.valmierasnovads.lv\/buratino\/","name":"Valmieras pirmsskolas izgl\u012bt\u012bbas iest\u0101de \u201cBuratino\u201d","description":"Buratino Valmiera","publisher":{"@id":"https:\/\/izglitiba.valmierasnovads.lv\/buratino\/#organization"},"potentialAction":[{"@type":"SearchAction","target":{"@type":"EntryPoint","urlTemplate":"https:\/\/izglitiba.valmierasnovads.lv\/buratino\/?s={search_term_string}"},"query-input":{"@type":"PropertyValueSpecification","valueRequired":true,"valueName":"search_term_string"}}],"inLanguage":"lv-LV"},{"@type":"Organization","@id":"https:\/\/izglitiba.valmierasnovads.lv\/buratino\/#organization","name":"Valmieras pirmsskolas izgl\u012bt\u012bbas iest\u0101de \u201cBuratino\u201d","url":"https:\/\/izglitiba.valmierasnovads.lv\/buratino\/","logo":{"@type":"ImageObject","inLanguage":"lv-LV","@id":"https:\/\/izglitiba.valmierasnovads.lv\/buratino\/#\/schema\/logo\/image\/","url":"https:\/\/izglitiba.valmierasnovads.lv\/buratino\/wp-content\/uploads\/sites\/20\/2026\/02\/cropped-Buratino-nosaukums-web-scaled-1.png","contentUrl":"https:\/\/izglitiba.valmierasnovads.lv\/buratino\/wp-content\/uploads\/sites\/20\/2026\/02\/cropped-Buratino-nosaukums-web-scaled-1.png","width":2268,"height":715,"caption":"Valmieras pirmsskolas izgl\u012bt\u012bbas iest\u0101de \u201cBuratino\u201d"},"image":{"@id":"https:\/\/izglitiba.valmierasnovads.lv\/buratino\/#\/schema\/logo\/image\/"}}]}},"_links":{"self":[{"href":"https:\/\/izglitiba.valmierasnovads.lv\/buratino\/wp-json\/wp\/v2\/events\/528","targetHints":{"allow":["GET"]}}],"collection":[{"href":"https:\/\/izglitiba.valmierasnovads.lv\/buratino\/wp-json\/wp\/v2\/events"}],"about":[{"href":"https:\/\/izglitiba.valmierasnovads.lv\/buratino\/wp-json\/wp\/v2\/types\/events"}],"wp:featuredmedia":[{"embeddable":true,"href":"https:\/\/izglitiba.valmierasnovads.lv\/buratino\/wp-json\/wp\/v2\/media\/530"}],"wp:attachment":[{"href":"https:\/\/izglitiba.valmierasnovads.lv\/buratino\/wp-json\/wp\/v2\/media?parent=528"}],"wp:term":[{"taxonomy":"events_type","embeddable":true,"href":"https:\/\/izglitiba.valmierasnovads.lv\/buratino\/wp-json\/wp\/v2\/events_type?post=528"}],"curies":[{"name":"wp","href":"https:\/\/api.w.org\/{rel}","templated":true}]}}