{"id":484,"date":"2025-08-20T15:00:12","date_gmt":"2025-08-20T12:00:12","guid":{"rendered":"https:\/\/izglitiba.valmierasnovads.lv\/buratino\/?page_id=484"},"modified":"2026-01-23T14:45:37","modified_gmt":"2026-01-23T12:45:37","slug":"atbalsta-personala-darba-laiki","status":"publish","type":"page","link":"https:\/\/izglitiba.valmierasnovads.lv\/buratino\/atbalsta-personala-darba-laiki\/","title":{"rendered":"Atbalsta komandas speci\u0101listu darba laiki"},"content":{"rendered":"\n<p><\/p>\n\n\n\n<figure class=\"wp-block-table aligncenter has-small-font-size\"><table class=\"has-ast-global-color-5-background-color has-background has-fixed-layout\"><tbody><tr><td><strong>Amats<\/strong><\/td><td><strong>V\u0101rds, uzv\u0101rds<\/strong><\/td><td><strong>Darba laiks<\/strong> (kontaktstundas, dokument\u0101cija, gatavo\u0161an\u0101s nodarb\u012bb\u0101m utml.)<\/td><td><strong>Piez\u012bmes<\/strong><\/td><\/tr><tr><td>Soci\u0101lais pedagogs<\/td><td>Sandra Egl\u012bte<\/td><td>Pirmdiena, otrdiena 8.00 &#8211; 16.00<\/td><td>Darba laiki var main\u012bties sakar\u0101 ar darba specifiku.<br><strong> *<em>Lai vienotos par tik\u0161an\u0101s laiku, l\u016bgums iepriek\u0161 sazin\u0101ties pa <\/em><\/strong><em><strong>e-pastu<\/strong><\/em>: <em><strong>sandra.eglite@valmiera.edu.lv<\/strong><\/em><\/td><\/tr><tr><td>Speci\u0101lais pedagogs<\/td><td>Sintija Irkle<\/td><td>Pirmdiena, otrdiena, tre\u0161diena 8.00 &#8211; 16.00<\/td><td>Darba laiki var main\u012bties sakar\u0101 ar darba specifiku.<br><strong> *<em>Lai vienotos par tik\u0161an\u0101s laiku, l\u016bgums iepriek\u0161 sazin\u0101ties pa <\/em><\/strong><em><strong>e-pastu<\/strong><\/em>: <em><strong>sintija.irkle@valmiera.edu.lv<\/strong><\/em><\/td><\/tr><tr><td>Psihologs<\/td><td>L\u012bga Blu\u0137e<\/td><td>Ceturtdiena, piektdiena<\/td><td>Darba laiki var main\u012bties sakar\u0101 ar darba specifiku.<br><strong>*<em>Lai vienotos par tik\u0161an\u0101s laiku, l\u016bgums iepriek\u0161 sazin\u0101ties pa <\/em><\/strong><em><strong>tel. 29470422<\/strong><\/em><\/td><\/tr><tr><td>Logop\u0113de<\/td><td>Inita Z\u012ble<\/td><td>Pirmdiena 7.30 &#8211; 18.20, otrdiena 7.30 &#8211; 18.00, ceturtdiena 7.30 &#8211; 17.10<\/td><td>Darba laiki var main\u012bties sakar\u0101 ar darba specifiku.<br><strong>*<em>Lai vienotos par tik\u0161an\u0101s laiku, l\u016bgums iepriek\u0161 sazin\u0101ties pa <\/em><\/strong><em><strong>tel. 26478009<\/strong><\/em><\/td><\/tr><tr><td>Logop\u0113de <\/td><td>Sanita Pu\u0137\u012bte &#8211; Kr\u016bmi\u0146a<\/td><td>Pirmdiena 7.30 &#8211; 14.30, otrdiena 14.30 &#8211; 17.30, tre\u0161diena 7.30 &#8211; 15.00, ceturtdiena 7.30 &#8211; 18.00, piektdiena 14.30 &#8211; 17.30<\/td><td>Darba laiki var main\u012bties sakar\u0101 ar darba specifiku.<br><em><strong>*Lai vienotos par tik\u0161an\u0101s laiku, l\u016bgums iepriek\u0161 sazin\u0101ties pa tel. 26593506<\/strong><\/em><\/td><\/tr><tr><td>Sporta skolot\u0101ja<\/td><td>Sarm\u012bte Ulanovska<\/td><td>Pirmdiena &#8211; piektdiena        7.30 &#8211; 12.30<\/td><td>Darba laiki var main\u012bties sakar\u0101 ar darba specifiku.<br><strong> *<em>Lai vienotos par tik\u0161an\u0101s laiku, l\u016bgums iepriek\u0161 sazin\u0101ties pa <\/em><\/strong><em><strong>e-pastu<\/strong><\/em>: <em><strong>sarmite.ulanovska@valmiera.edu.lv<\/strong><\/em><\/td><\/tr><tr><td>Sporta skolot\u0101ja<\/td><td>Sandra Vilne<\/td><td>Pirmdiena &#8211; piektdiena 8.00 &#8211; 13.00<\/td><td>Darba laiki var main\u012bties sakar\u0101 ar darba specifiku.<br><strong> *<em>Lai vienotos par tik\u0161an\u0101s laiku, l\u016bgums iepriek\u0161 sazin\u0101ties pa <\/em><\/strong><em><strong>e-pastu<\/strong><\/em>: <em><strong>sandra.vilne@valmiera.edu.lv<\/strong><\/em><\/td><\/tr><\/tbody><\/table><\/figure>\n\n\n\n<p><\/p>\n","protected":false},"excerpt":{"rendered":"<p>Amats V\u0101rds, uzv\u0101rds Darba laiks (kontaktstundas, dokument\u0101cija, gatavo\u0161an\u0101s nodarb\u012bb\u0101m utml.) Piez\u012bmes Soci\u0101lais pedagogs Sandra Egl\u012bte Pirmdiena, otrdiena 8.00 &#8211; 16.00 [&hellip;]<\/p>\n","protected":false},"author":24,"featured_media":0,"parent":0,"menu_order":0,"comment_status":"closed","ping_status":"closed","template":"","meta":{"_acf_changed":false,"site-sidebar-layout":"default","site-content-layout":"","ast-site-content-layout":"default","site-content-style":"default","site-sidebar-style":"default","ast-global-header-display":"","ast-banner-title-visibility":"","ast-main-header-display":"","ast-hfb-above-header-display":"","ast-hfb-below-header-display":"","ast-hfb-mobile-header-display":"","site-post-title":"","ast-breadcrumbs-content":"","ast-featured-img":"","footer-sml-layout":"","ast-disable-related-posts":"","theme-transparent-header-meta":"","adv-header-id-meta":"","stick-header-meta":"","header-above-stick-meta":"","header-main-stick-meta":"","header-below-stick-meta":"","astra-migrate-meta-layouts":"default","ast-page-background-enabled":"default","ast-page-background-meta":{"desktop":{"background-color":"var(--ast-global-color-5)","background-image":"","background-repeat":"repeat","background-position":"center center","background-size":"auto","background-attachment":"scroll","background-type":"","background-media":"","overlay-type":"","overlay-color":"","overlay-opacity":"","overlay-gradient":""},"tablet":{"background-color":"","background-image":"","background-repeat":"repeat","background-position":"center center","background-size":"auto","background-attachment":"scroll","background-type":"","background-media":"","overlay-type":"","overlay-color":"","overlay-opacity":"","overlay-gradient":""},"mobile":{"background-color":"","background-image":"","background-repeat":"repeat","background-position":"center center","background-size":"auto","background-attachment":"scroll","background-type":"","background-media":"","overlay-type":"","overlay-color":"","overlay-opacity":"","overlay-gradient":""}},"ast-content-background-meta":{"desktop":{"background-color":"var(--ast-global-color-4)","background-image":"","background-repeat":"repeat","background-position":"center center","background-size":"auto","background-attachment":"scroll","background-type":"","background-media":"","overlay-type":"","overlay-color":"","overlay-opacity":"","overlay-gradient":""},"tablet":{"background-color":"var(--ast-global-color-4)","background-image":"","background-repeat":"repeat","background-position":"center center","background-size":"auto","background-attachment":"scroll","background-type":"","background-media":"","overlay-type":"","overlay-color":"","overlay-opacity":"","overlay-gradient":""},"mobile":{"background-color":"var(--ast-global-color-4)","background-image":"","background-repeat":"repeat","background-position":"center center","background-size":"auto","background-attachment":"scroll","background-type":"","background-media":"","overlay-type":"","overlay-color":"","overlay-opacity":"","overlay-gradient":""}},"footnotes":""},"class_list":["post-484","page","type-page","status-publish","hentry"],"acf":[],"yoast_head":"<!-- This site is optimized with the Yoast SEO plugin v27.0 - https:\/\/yoast.com\/product\/yoast-seo-wordpress\/ -->\n<title>Atbalsta komandas speci\u0101listu darba laiki - Valmieras pirmsskolas izgl\u012bt\u012bbas iest\u0101de \u201cBuratino\u201d<\/title>\n<meta name=\"robots\" content=\"index, follow, max-snippet:-1, max-image-preview:large, max-video-preview:-1\" \/>\n<link rel=\"canonical\" href=\"https:\/\/izglitiba.valmierasnovads.lv\/buratino\/atbalsta-personala-darba-laiki\/\" \/>\n<meta property=\"og:locale\" content=\"lv_LV\" \/>\n<meta property=\"og:type\" content=\"article\" \/>\n<meta property=\"og:title\" content=\"Atbalsta komandas speci\u0101listu darba laiki - Valmieras pirmsskolas izgl\u012bt\u012bbas iest\u0101de \u201cBuratino\u201d\" \/>\n<meta property=\"og:description\" content=\"Amats V\u0101rds, uzv\u0101rds Darba laiks (kontaktstundas, dokument\u0101cija, gatavo\u0161an\u0101s nodarb\u012bb\u0101m utml.) Piez\u012bmes Soci\u0101lais pedagogs Sandra Egl\u012bte Pirmdiena, otrdiena 8.00 &#8211; 16.00 [&hellip;]\" \/>\n<meta property=\"og:url\" content=\"https:\/\/izglitiba.valmierasnovads.lv\/buratino\/atbalsta-personala-darba-laiki\/\" \/>\n<meta property=\"og:site_name\" content=\"Valmieras pirmsskolas izgl\u012bt\u012bbas iest\u0101de \u201cBuratino\u201d\" \/>\n<meta property=\"article:modified_time\" content=\"2026-01-23T12:45:37+00:00\" \/>\n<meta name=\"twitter:card\" content=\"summary_large_image\" \/>\n<meta name=\"twitter:label1\" content=\"Est. reading time\" \/>\n\t<meta name=\"twitter:data1\" content=\"2 min\u016btes\" \/>\n<script type=\"application\/ld+json\" class=\"yoast-schema-graph\">{\"@context\":\"https:\/\/schema.org\",\"@graph\":[{\"@type\":\"WebPage\",\"@id\":\"https:\/\/izglitiba.valmierasnovads.lv\/buratino\/atbalsta-personala-darba-laiki\/\",\"url\":\"https:\/\/izglitiba.valmierasnovads.lv\/buratino\/atbalsta-personala-darba-laiki\/\",\"name\":\"Atbalsta komandas speci\u0101listu darba laiki - Valmieras pirmsskolas izgl\u012bt\u012bbas iest\u0101de \u201cBuratino\u201d\",\"isPartOf\":{\"@id\":\"https:\/\/izglitiba.valmierasnovads.lv\/buratino\/#website\"},\"datePublished\":\"2025-08-20T12:00:12+00:00\",\"dateModified\":\"2026-01-23T12:45:37+00:00\",\"breadcrumb\":{\"@id\":\"https:\/\/izglitiba.valmierasnovads.lv\/buratino\/atbalsta-personala-darba-laiki\/#breadcrumb\"},\"inLanguage\":\"lv-LV\",\"potentialAction\":[{\"@type\":\"ReadAction\",\"target\":[\"https:\/\/izglitiba.valmierasnovads.lv\/buratino\/atbalsta-personala-darba-laiki\/\"]}]},{\"@type\":\"BreadcrumbList\",\"@id\":\"https:\/\/izglitiba.valmierasnovads.lv\/buratino\/atbalsta-personala-darba-laiki\/#breadcrumb\",\"itemListElement\":[{\"@type\":\"ListItem\",\"position\":1,\"name\":\"Home\",\"item\":\"https:\/\/izglitiba.valmierasnovads.lv\/buratino\/\"},{\"@type\":\"ListItem\",\"position\":2,\"name\":\"Atbalsta komandas speci\u0101listu darba laiki\"}]},{\"@type\":\"WebSite\",\"@id\":\"https:\/\/izglitiba.valmierasnovads.lv\/buratino\/#website\",\"url\":\"https:\/\/izglitiba.valmierasnovads.lv\/buratino\/\",\"name\":\"Valmieras pirmsskolas izgl\u012bt\u012bbas iest\u0101de \u201cBuratino\u201d\",\"description\":\"Buratino Valmiera\",\"publisher\":{\"@id\":\"https:\/\/izglitiba.valmierasnovads.lv\/buratino\/#organization\"},\"potentialAction\":[{\"@type\":\"SearchAction\",\"target\":{\"@type\":\"EntryPoint\",\"urlTemplate\":\"https:\/\/izglitiba.valmierasnovads.lv\/buratino\/?s={search_term_string}\"},\"query-input\":{\"@type\":\"PropertyValueSpecification\",\"valueRequired\":true,\"valueName\":\"search_term_string\"}}],\"inLanguage\":\"lv-LV\"},{\"@type\":\"Organization\",\"@id\":\"https:\/\/izglitiba.valmierasnovads.lv\/buratino\/#organization\",\"name\":\"Valmieras pirmsskolas izgl\u012bt\u012bbas iest\u0101de \u201cBuratino\u201d\",\"url\":\"https:\/\/izglitiba.valmierasnovads.lv\/buratino\/\",\"logo\":{\"@type\":\"ImageObject\",\"inLanguage\":\"lv-LV\",\"@id\":\"https:\/\/izglitiba.valmierasnovads.lv\/buratino\/#\/schema\/logo\/image\/\",\"url\":\"https:\/\/izglitiba.valmierasnovads.lv\/buratino\/wp-content\/uploads\/sites\/20\/2026\/02\/cropped-Buratino-nosaukums-web-scaled-1.png\",\"contentUrl\":\"https:\/\/izglitiba.valmierasnovads.lv\/buratino\/wp-content\/uploads\/sites\/20\/2026\/02\/cropped-Buratino-nosaukums-web-scaled-1.png\",\"width\":2268,\"height\":715,\"caption\":\"Valmieras pirmsskolas izgl\u012bt\u012bbas iest\u0101de \u201cBuratino\u201d\"},\"image\":{\"@id\":\"https:\/\/izglitiba.valmierasnovads.lv\/buratino\/#\/schema\/logo\/image\/\"}}]}<\/script>\n<!-- \/ Yoast SEO plugin. -->","yoast_head_json":{"title":"Atbalsta komandas speci\u0101listu darba laiki - Valmieras pirmsskolas izgl\u012bt\u012bbas iest\u0101de \u201cBuratino\u201d","robots":{"index":"index","follow":"follow","max-snippet":"max-snippet:-1","max-image-preview":"max-image-preview:large","max-video-preview":"max-video-preview:-1"},"canonical":"https:\/\/izglitiba.valmierasnovads.lv\/buratino\/atbalsta-personala-darba-laiki\/","og_locale":"lv_LV","og_type":"article","og_title":"Atbalsta komandas speci\u0101listu darba laiki - Valmieras pirmsskolas izgl\u012bt\u012bbas iest\u0101de \u201cBuratino\u201d","og_description":"Amats V\u0101rds, uzv\u0101rds Darba laiks (kontaktstundas, dokument\u0101cija, gatavo\u0161an\u0101s nodarb\u012bb\u0101m utml.) Piez\u012bmes Soci\u0101lais pedagogs Sandra Egl\u012bte Pirmdiena, otrdiena 8.00 &#8211; 16.00 [&hellip;]","og_url":"https:\/\/izglitiba.valmierasnovads.lv\/buratino\/atbalsta-personala-darba-laiki\/","og_site_name":"Valmieras pirmsskolas izgl\u012bt\u012bbas iest\u0101de \u201cBuratino\u201d","article_modified_time":"2026-01-23T12:45:37+00:00","twitter_card":"summary_large_image","twitter_misc":{"Est. reading time":"2 min\u016btes"},"schema":{"@context":"https:\/\/schema.org","@graph":[{"@type":"WebPage","@id":"https:\/\/izglitiba.valmierasnovads.lv\/buratino\/atbalsta-personala-darba-laiki\/","url":"https:\/\/izglitiba.valmierasnovads.lv\/buratino\/atbalsta-personala-darba-laiki\/","name":"Atbalsta komandas speci\u0101listu darba laiki - Valmieras pirmsskolas izgl\u012bt\u012bbas iest\u0101de \u201cBuratino\u201d","isPartOf":{"@id":"https:\/\/izglitiba.valmierasnovads.lv\/buratino\/#website"},"datePublished":"2025-08-20T12:00:12+00:00","dateModified":"2026-01-23T12:45:37+00:00","breadcrumb":{"@id":"https:\/\/izglitiba.valmierasnovads.lv\/buratino\/atbalsta-personala-darba-laiki\/#breadcrumb"},"inLanguage":"lv-LV","potentialAction":[{"@type":"ReadAction","target":["https:\/\/izglitiba.valmierasnovads.lv\/buratino\/atbalsta-personala-darba-laiki\/"]}]},{"@type":"BreadcrumbList","@id":"https:\/\/izglitiba.valmierasnovads.lv\/buratino\/atbalsta-personala-darba-laiki\/#breadcrumb","itemListElement":[{"@type":"ListItem","position":1,"name":"Home","item":"https:\/\/izglitiba.valmierasnovads.lv\/buratino\/"},{"@type":"ListItem","position":2,"name":"Atbalsta komandas speci\u0101listu darba laiki"}]},{"@type":"WebSite","@id":"https:\/\/izglitiba.valmierasnovads.lv\/buratino\/#website","url":"https:\/\/izglitiba.valmierasnovads.lv\/buratino\/","name":"Valmieras pirmsskolas izgl\u012bt\u012bbas iest\u0101de \u201cBuratino\u201d","description":"Buratino Valmiera","publisher":{"@id":"https:\/\/izglitiba.valmierasnovads.lv\/buratino\/#organization"},"potentialAction":[{"@type":"SearchAction","target":{"@type":"EntryPoint","urlTemplate":"https:\/\/izglitiba.valmierasnovads.lv\/buratino\/?s={search_term_string}"},"query-input":{"@type":"PropertyValueSpecification","valueRequired":true,"valueName":"search_term_string"}}],"inLanguage":"lv-LV"},{"@type":"Organization","@id":"https:\/\/izglitiba.valmierasnovads.lv\/buratino\/#organization","name":"Valmieras pirmsskolas izgl\u012bt\u012bbas iest\u0101de \u201cBuratino\u201d","url":"https:\/\/izglitiba.valmierasnovads.lv\/buratino\/","logo":{"@type":"ImageObject","inLanguage":"lv-LV","@id":"https:\/\/izglitiba.valmierasnovads.lv\/buratino\/#\/schema\/logo\/image\/","url":"https:\/\/izglitiba.valmierasnovads.lv\/buratino\/wp-content\/uploads\/sites\/20\/2026\/02\/cropped-Buratino-nosaukums-web-scaled-1.png","contentUrl":"https:\/\/izglitiba.valmierasnovads.lv\/buratino\/wp-content\/uploads\/sites\/20\/2026\/02\/cropped-Buratino-nosaukums-web-scaled-1.png","width":2268,"height":715,"caption":"Valmieras pirmsskolas izgl\u012bt\u012bbas iest\u0101de \u201cBuratino\u201d"},"image":{"@id":"https:\/\/izglitiba.valmierasnovads.lv\/buratino\/#\/schema\/logo\/image\/"}}]}},"_links":{"self":[{"href":"https:\/\/izglitiba.valmierasnovads.lv\/buratino\/wp-json\/wp\/v2\/pages\/484","targetHints":{"allow":["GET"]}}],"collection":[{"href":"https:\/\/izglitiba.valmierasnovads.lv\/buratino\/wp-json\/wp\/v2\/pages"}],"about":[{"href":"https:\/\/izglitiba.valmierasnovads.lv\/buratino\/wp-json\/wp\/v2\/types\/page"}],"author":[{"embeddable":true,"href":"https:\/\/izglitiba.valmierasnovads.lv\/buratino\/wp-json\/wp\/v2\/users\/24"}],"replies":[{"embeddable":true,"href":"https:\/\/izglitiba.valmierasnovads.lv\/buratino\/wp-json\/wp\/v2\/comments?post=484"}],"version-history":[{"count":22,"href":"https:\/\/izglitiba.valmierasnovads.lv\/buratino\/wp-json\/wp\/v2\/pages\/484\/revisions"}],"predecessor-version":[{"id":1071,"href":"https:\/\/izglitiba.valmierasnovads.lv\/buratino\/wp-json\/wp\/v2\/pages\/484\/revisions\/1071"}],"wp:attachment":[{"href":"https:\/\/izglitiba.valmierasnovads.lv\/buratino\/wp-json\/wp\/v2\/media?parent=484"}],"curies":[{"name":"wp","href":"https:\/\/api.w.org\/{rel}","templated":true}]}}