{"id":7,"date":"2025-04-23T16:20:16","date_gmt":"2025-04-23T13:20:16","guid":{"rendered":"https:\/\/izglitiba.valmierasnovads.lv\/buratino\/sakumlapa\/"},"modified":"2026-04-27T13:49:40","modified_gmt":"2026-04-27T10:49:40","slug":"sakumlapa","status":"publish","type":"page","link":"https:\/\/izglitiba.valmierasnovads.lv\/buratino\/","title":{"rendered":"S\u0101kumlapa"},"content":{"rendered":"\n<div class=\"main-slider\">\n    <div><img decoding=\"async\" src=\"https:\/\/izglitiba.valmierasnovads.lv\/buratino\/wp-content\/uploads\/sites\/20\/2026\/04\/Noformejums-bez-nosaukuma-7.png\" alt=\"\"><\/div><div><img decoding=\"async\" src=\"https:\/\/izglitiba.valmierasnovads.lv\/buratino\/wp-content\/uploads\/sites\/20\/2026\/04\/SkolaAttels1.png\" alt=\"\"><\/div><\/div>\n\n\n<div id=\"quick_sites\">\n    <div class=\"quick_link_title\">\u0100tr\u0101s saites<\/div><div class=\"links-container\"><div class=\"quick_site_link\"><a href=\"https:\/\/services3.arcgis.com\/UorD5Aq73toK04Vs\/arcgis\/rest\/services\/Pieturas_ar_sarakstiem_skats\/FeatureServer\/0\/27\/attachments\/529\">Pils\u0113tas autobusu saraksts uz Purva ielu<\/a><\/div><div class=\"quick_site_link\"><a href=\"https:\/\/services3.arcgis.com\/UorD5Aq73toK04Vs\/arcgis\/rest\/services\/Pieturas_ar_sarakstiem_skats\/FeatureServer\/0\/28\/attachments\/530\">Pils\u0113tas autobusu saraksts uz centru<\/a><\/div><div class=\"quick_site_link\"><a href=\"https:\/\/www.e-klase.lv\/\">E-klase<\/a><\/div><\/div><\/div>\n<div id=\"quick_sites_line\"><\/div>\n\n\n<div class=\"news-slider-wrapper\">\n    <h2>Jaunumi<\/h2>\n    <p class=\"link\"><a href=\"https:\/\/izglitiba.valmierasnovads.lv\/buratino\/jaunumi\" title=\"Las\u012bt visus jaunumus\">Las\u012bt visus<\/a><\/p>\n    <div class=\"news-slider\">\n        <div class=\"item\"><a href=\"https:\/\/izglitiba.valmierasnovads.lv\/buratino\/2026\/04\/27\/lepojamies-ar-voldemaru\/\">\n                        <div class=\"item-image\"><img decoding=\"async\" src=\" https:\/\/izglitiba.valmierasnovads.lv\/buratino\/wp-content\/uploads\/sites\/20\/2026\/04\/Voldemars-1.jpeg \" \/><\/div><div class=\"item-title\">Lepojamies ar Voldemaru!<\/div><div class=\"item-date\">27.04.2026<\/div><div class=\"item-description\">2026. gada 26. apr\u012bl\u012b Saulkrastos notika ikgad\u0113jais Vidzemes Karate kluba turn\u012brs, kur\u0101 sportis&#8230;<\/div>\n                        <\/a><div class=\"item-link\"><a href=\"https:\/\/izglitiba.valmierasnovads.lv\/buratino\/2026\/04\/27\/lepojamies-ar-voldemaru\/\">Las\u012bt vair\u0101k<\/a><\/div><\/div><div class=\"item\"><a href=\"https:\/\/izglitiba.valmierasnovads.lv\/buratino\/2026\/04\/27\/lepojamies-ar-albertu\/\">\n                        <div class=\"item-image\"><img decoding=\"async\" src=\" https:\/\/izglitiba.valmierasnovads.lv\/buratino\/wp-content\/uploads\/sites\/20\/2026\/04\/Alberts.jpeg \" \/><\/div><div class=\"item-title\">Lepojamies ar Albertu!<\/div><div class=\"item-date\">27.04.2026<\/div><div class=\"item-description\">2026.gada 26. apr\u012bl\u012b Alberts Pais no grupas &#8220;P\u016bc\u012btes&#8221; piedal\u012bj\u0101s Vidzemes Karate K&#8230;<\/div>\n                        <\/a><div class=\"item-link\"><a href=\"https:\/\/izglitiba.valmierasnovads.lv\/buratino\/2026\/04\/27\/lepojamies-ar-albertu\/\">Las\u012bt vair\u0101k<\/a><\/div><\/div><div class=\"item\"><a href=\"https:\/\/izglitiba.valmierasnovads.lv\/buratino\/2026\/04\/25\/pii-buratino-komanda-gust-uzvaru-nominacija-par-noformejumu-valmieras-novada-pedagogu-saieta\/\">\n                        <div class=\"item-image\"><img decoding=\"async\" src=\" https:\/\/izglitiba.valmierasnovads.lv\/buratino\/wp-content\/uploads\/sites\/20\/2026\/04\/IMG_20260425_140403.jpg \" \/><\/div><div class=\"item-title\">PII &#8220;Buratino&#8221; komanda g\u016bst uzvaru nomin\u0101cij\u0101 &#8220;Par noform\u0113jumu&#8221; Valmieras novada pedagogu saiet\u0101!<\/div><div class=\"item-date\">25.04.2026<\/div><div class=\"item-description\">Esam gandar\u012bti par m\u016bsu iest\u0101des pan\u0101kumiem \u2013 2026. gada 24. apr\u012bl\u012b PII &#8220;Buratino&amp;#822&#8230;<\/div>\n                        <\/a><div class=\"item-link\"><a href=\"https:\/\/izglitiba.valmierasnovads.lv\/buratino\/2026\/04\/25\/pii-buratino-komanda-gust-uzvaru-nominacija-par-noformejumu-valmieras-novada-pedagogu-saieta\/\">Las\u012bt vair\u0101k<\/a><\/div><\/div><div class=\"item\"><a href=\"https:\/\/izglitiba.valmierasnovads.lv\/buratino\/2026\/04\/23\/kad-melodija-satiekas-ar-soli-zem-zilam-debesim-aicinam-uz-sadziedasanos-dziesma-deja-ierakstita\/\">\n                        <div class=\"item-image\"><img decoding=\"async\" src=\" https:\/\/izglitiba.valmierasnovads.lv\/buratino\/wp-content\/uploads\/sites\/20\/2026\/04\/Gemini_Generated_Image_3w0l0f3w0l0f3w0l.png \" \/><\/div><div class=\"item-title\">Aicin\u0101m uz sadzied\u0101\u0161anos &#8220;Dziesma dej\u0101 ierakst\u012bta&#8221;!<\/div><div class=\"item-date\">23.04.2026<\/div><div class=\"item-description\">M\u012b\u013cie vec\u0101ki, vecvec\u0101ki, draugi un atbalst\u012bt\u0101ji! Kad melodija satiekas ar soli zem zil\u0101m debe&#8230;<\/div>\n                        <\/a><div class=\"item-link\"><a href=\"https:\/\/izglitiba.valmierasnovads.lv\/buratino\/2026\/04\/23\/kad-melodija-satiekas-ar-soli-zem-zilam-debesim-aicinam-uz-sadziedasanos-dziesma-deja-ierakstita\/\">Las\u012bt vair\u0101k<\/a><\/div><\/div><div class=\"item\"><a href=\"https:\/\/izglitiba.valmierasnovads.lv\/buratino\/2026\/04\/22\/lepojamies-ar-ralfu\/\">\n                        <div class=\"item-image\"><img decoding=\"async\" src=\" https:\/\/izglitiba.valmierasnovads.lv\/buratino\/wp-content\/uploads\/sites\/20\/2026\/04\/Pink-Purple-Mosaic-Geometric-Shapes-Poster-3.png \" \/><\/div><div class=\"item-title\">Lepojamies ar Valtu!<\/div><div class=\"item-date\">22.04.2026<\/div><div class=\"item-description\">Valts P\u0113tersons no grupas &#8220;St\u0101r\u0137\u0113ni&#8221; piedal\u012bj\u0101s U7 hokeja turn\u012br\u0101 \u201cGr\u012bdas sti&#8230;<\/div>\n                        <\/a><div class=\"item-link\"><a href=\"https:\/\/izglitiba.valmierasnovads.lv\/buratino\/2026\/04\/22\/lepojamies-ar-ralfu\/\">Las\u012bt vair\u0101k<\/a><\/div><\/div><div class=\"item\"><a href=\"https:\/\/izglitiba.valmierasnovads.lv\/buratino\/2026\/03\/08\/lepojamies\/\">\n                        <div class=\"item-image\"><img decoding=\"async\" src=\" https:\/\/izglitiba.valmierasnovads.lv\/buratino\/wp-content\/uploads\/sites\/20\/2026\/03\/Noformejums-bez-nosaukuma-3.png \" \/><\/div><div class=\"item-title\">Lepojamies ar Odriju!<\/div><div class=\"item-date\">08.03.2026<\/div><div class=\"item-description\">Odrija P\u0113rle Pole no \u201cSt\u0101r\u0137\u0113nu\u201d grupas aizvad\u012bja pirm\u0101s sacens\u012bbas sporta dej\u0101s, ieg\u016bst&#8230;<\/div>\n                        <\/a><div class=\"item-link\"><a href=\"https:\/\/izglitiba.valmierasnovads.lv\/buratino\/2026\/03\/08\/lepojamies\/\">Las\u012bt vair\u0101k<\/a><\/div><\/div><div class=\"item\"><a href=\"https:\/\/izglitiba.valmierasnovads.lv\/buratino\/2026\/03\/02\/lego-space-race\/\">\n                        <div class=\"item-image\"><img decoding=\"async\" src=\" https:\/\/izglitiba.valmierasnovads.lv\/buratino\/wp-content\/uploads\/sites\/20\/2026\/03\/Noformejums-bez-nosaukuma-7.png \" \/><\/div><div class=\"item-title\">Lepojamies ar M\u0101ru!<\/div><div class=\"item-date\">02.03.2026<\/div><div class=\"item-description\">Sestdien, 28. febru\u0101r\u012b M\u0101lpil\u012b notika Siguldas robotu kauss, kur\u0101 b\u0113rnu centrs &#8220;K\u0101 m\u0101j&#8230;<\/div>\n                        <\/a><div class=\"item-link\"><a href=\"https:\/\/izglitiba.valmierasnovads.lv\/buratino\/2026\/03\/02\/lego-space-race\/\">Las\u012bt vair\u0101k<\/a><\/div><\/div><div class=\"item\"><a href=\"https:\/\/izglitiba.valmierasnovads.lv\/buratino\/2026\/02\/26\/sensora-spele\/\">\n                        <div class=\"item-image\"><img decoding=\"async\" src=\" https:\/\/izglitiba.valmierasnovads.lv\/buratino\/wp-content\/uploads\/sites\/20\/2026\/02\/1000000069-scaled.jpg \" \/><\/div><div class=\"item-title\">Sensor\u0101 sp\u0113le<\/div><div class=\"item-date\">26.02.2026<\/div><div class=\"item-description\">Sensor\u0101 r\u012bsu kaste ir \u013coti v\u0113rt\u012bgs un daudzpus\u012bgs att\u012bsto\u0161s materi\u0101ls jaun\u0101k\u0101 vecuma b\u0113r&#8230;<\/div>\n                        <\/a><div class=\"item-link\"><a href=\"https:\/\/izglitiba.valmierasnovads.lv\/buratino\/2026\/02\/26\/sensora-spele\/\">Las\u012bt vair\u0101k<\/a><\/div><\/div><div class=\"item\"><a href=\"https:\/\/izglitiba.valmierasnovads.lv\/buratino\/2026\/02\/16\/laipni-ludzam-uz-atverto-durvju-dienu\/\">\n                        <div class=\"item-image\"><img decoding=\"async\" src=\" https:\/\/izglitiba.valmierasnovads.lv\/buratino\/wp-content\/uploads\/sites\/20\/2026\/02\/20251127_093211-1-scaled.jpg \" \/><\/div><div class=\"item-title\">Laipni l\u016bdzam uz Atv\u0113rto durvju dienu!<\/div><div class=\"item-date\">16.02.2026<\/div><div class=\"item-description\"><\/div>\n                        <\/a><div class=\"item-link\"><a href=\"https:\/\/izglitiba.valmierasnovads.lv\/buratino\/2026\/02\/16\/laipni-ludzam-uz-atverto-durvju-dienu\/\">Las\u012bt vair\u0101k<\/a><\/div><\/div><div class=\"item\"><a href=\"https:\/\/izglitiba.valmierasnovads.lv\/buratino\/2026\/02\/16\/brinumainie-baloni-pii-buratino-skolotaja-ilona-berga\/\">\n                        <div class=\"item-image\"><img decoding=\"async\" src=\" https:\/\/izglitiba.valmierasnovads.lv\/buratino\/wp-content\/uploads\/sites\/20\/2026\/02\/Dziesma-berniem-Brinumainie-baloni-PII-Buratino-skolotaja-Iloa-Berga.png \" \/><\/div><div class=\"item-title\">&#8220;Br\u012bnumainie baloni&#8221; PII &#8220;Buratino&#8221; skolot\u0101ja Ilona Berga<\/div><div class=\"item-date\">16.02.2026<\/div><div class=\"item-description\"><\/div>\n                        <\/a><div class=\"item-link\"><a href=\"https:\/\/izglitiba.valmierasnovads.lv\/buratino\/2026\/02\/16\/brinumainie-baloni-pii-buratino-skolotaja-ilona-berga\/\">Las\u012bt vair\u0101k<\/a><\/div><\/div>    <\/div>\n<\/div>   \n\n\n\n\n\n<div class='line-wrapper'>\n<\/div>\n<div class=\"events-slider-wrapper\">\n    <h2>Notikumi<\/h2>\n    <p class=\"link\"><a href=\"https:\/\/izglitiba.valmierasnovads.lv\/buratino\/notikumi\" title=\"Skat\u012bt visus notikumus\">Skat\u012bt visus<\/a><\/p>\n    <div class=\"event-slider\">\n        <div class=\"item\"><a href=\"https:\/\/izglitiba.valmierasnovads.lv\/buratino\/events\/balta-galdauta-svetki\/\">\n                        <div class=\"item-title\">Balt\u0101 galdauta sv\u0113tki<\/div><div class=\"item-category\"><span class=\"title\">Pas\u0101kumi<\/span><\/div><div class=\"item-location\"><span class=\"title\">Pagalm\u0101<\/span><\/div><div class=\"item-month\">05.maijs<\/div><div class=\"item-time\"> &#8211; <\/div>\n                        <\/a><div class=\"item-link\"><a href=\"https:\/\/izglitiba.valmierasnovads.lv\/buratino\/events\/balta-galdauta-svetki\/\">Las\u012bt vair\u0101k<\/a><\/div><\/div><div class=\"item\"><a href=\"https:\/\/izglitiba.valmierasnovads.lv\/buratino\/events\/izlaidums-grupai-starkeni\/\">\n                        <div class=\"item-title\">Izlaidums grupai &#8220;St\u0101r\u0137\u0113ni&#8221;<\/div><div class=\"item-location\"><span class=\"title\"><\/span><\/div><div class=\"item-month\">27.maijs<\/div><div class=\"item-time\">11.00 &#8211; 12.30<\/div>\n                        <\/a><div class=\"item-link\"><a href=\"https:\/\/izglitiba.valmierasnovads.lv\/buratino\/events\/izlaidums-grupai-starkeni\/\">Las\u012bt vair\u0101k<\/a><\/div><\/div><div class=\"item\"><a href=\"https:\/\/izglitiba.valmierasnovads.lv\/buratino\/events\/izlaidums-grupai-vavereni\/\">\n                        <div class=\"item-title\">Izlaidums grupai &#8220;V\u0101ver\u0113ni&#8221;<\/div><div class=\"item-location\"><span class=\"title\"><\/span><\/div><div class=\"item-month\">27.maijs<\/div><div class=\"item-time\">16.00 &#8211; 17.30<\/div>\n                        <\/a><div class=\"item-link\"><a href=\"https:\/\/izglitiba.valmierasnovads.lv\/buratino\/events\/izlaidums-grupai-vavereni\/\">Las\u012bt vair\u0101k<\/a><\/div><\/div><div class=\"item\"><a href=\"https:\/\/izglitiba.valmierasnovads.lv\/buratino\/events\/izlaidums-grupai-pucites\/\">\n                        <div class=\"item-title\">Izlaidums grupai &#8220;P\u016bc\u012btes&#8221;<\/div><div class=\"item-location\"><span class=\"title\"><\/span><\/div><div class=\"item-month\">28.maijs<\/div><div class=\"item-time\">11.00 &#8211; 12.30<\/div>\n                        <\/a><div class=\"item-link\"><a href=\"https:\/\/izglitiba.valmierasnovads.lv\/buratino\/events\/izlaidums-grupai-pucites\/\">Las\u012bt vair\u0101k<\/a><\/div><\/div><div class=\"item\"><a href=\"https:\/\/izglitiba.valmierasnovads.lv\/buratino\/events\/ligo-dienas-pasakums-par-gadskartu-janits-naca\/\">\n                        <div class=\"item-title\">L\u012bgo dienas pas\u0101kums &#8220;P\u0101r gadsk\u0101rtu J\u0101n\u012bts n\u0101ca&#8221;<\/div><div class=\"item-location\"><span class=\"title\"><\/span><\/div><div class=\"item-month\">19.j\u016bnijs<\/div><div class=\"item-time\"> &#8211; <\/div>\n                        <\/a><div class=\"item-link\"><a href=\"https:\/\/izglitiba.valmierasnovads.lv\/buratino\/events\/ligo-dienas-pasakums-par-gadskartu-janits-naca\/\">Las\u012bt vair\u0101k<\/a><\/div><\/div>    <\/div>\n<\/div>   \n\n\n<div class='line-wrapper'>\n<\/div>\n<div class=\"poster-slider-wrapper\">\n    <h2>Afi\u0161a<\/h2>\n    <p class=\"link\"><a href=\"https:\/\/izglitiba.valmierasnovads.lv\/buratino\/afisas\" title=\"Skat\u012bt visas galerijas\">Skat\u012bt visas<\/a><\/p>\n    <div class=\"poster-slider\">\n        <div class=\"item\"><div class=\"item-image\"><a id=\"call_gallery\" class=\"cboxElement\" data-fancybox-trigger=\"gallery\" data-fancybox-index=\"0\"><img decoding=\"async\" src=\" https:\/\/izglitiba.valmierasnovads.lv\/buratino\/wp-content\/uploads\/sites\/20\/2026\/04\/Gemini_Generated_Image_3w0l0f3w0l0f3w0l.png \" \/><\/a><\/div><\/div><div class=\"item\"><div class=\"item-image\"><a id=\"call_gallery\" class=\"cboxElement\" data-fancybox-trigger=\"gallery\" data-fancybox-index=\"1\"><img decoding=\"async\" src=\" https:\/\/izglitiba.valmierasnovads.lv\/buratino\/wp-content\/uploads\/sites\/20\/2026\/04\/Noformejums-bez-nosaukuma-4.png \" \/><\/a><\/div><\/div><div class=\"item\"><div class=\"item-image\"><a id=\"call_gallery\" class=\"cboxElement\" data-fancybox-trigger=\"gallery\" data-fancybox-index=\"2\"><img decoding=\"async\" src=\" https:\/\/izglitiba.valmierasnovads.lv\/buratino\/wp-content\/uploads\/sites\/20\/2026\/04\/Noformejums-bez-nosaukuma-3.png \" \/><\/a><\/div><\/div><div class=\"item\"><div class=\"item-image\"><a id=\"call_gallery\" class=\"cboxElement\" data-fancybox-trigger=\"gallery\" data-fancybox-index=\"3\"><img decoding=\"async\" src=\" https:\/\/izglitiba.valmierasnovads.lv\/buratino\/wp-content\/uploads\/sites\/20\/2026\/03\/13.marta_.-plkst.-930-PII-Buratino-aktu-zale-uz-Pucisu-grupas-teatra-ziradi-2.png \" \/><\/a><\/div><\/div><div class=\"item\"><div class=\"item-image\"><a id=\"call_gallery\" class=\"cboxElement\" data-fancybox-trigger=\"gallery\" data-fancybox-index=\"4\"><img decoding=\"async\" src=\" https:\/\/izglitiba.valmierasnovads.lv\/buratino\/wp-content\/uploads\/sites\/20\/2026\/03\/Teatra-dienu-afisa_page-0001.jpg \" \/><\/a><\/div><\/div><div class=\"item\"><div class=\"item-image\"><a id=\"call_gallery\" class=\"cboxElement\" data-fancybox-trigger=\"gallery\" data-fancybox-index=\"5\"><img decoding=\"async\" src=\" https:\/\/izglitiba.valmierasnovads.lv\/buratino\/wp-content\/uploads\/sites\/20\/2026\/02\/Stirnenu-izrades-afisa_page-0001.jpg \" \/><\/a><\/div><\/div><div class=\"item\"><div class=\"item-image\"><a id=\"call_gallery\" class=\"cboxElement\" data-fancybox-trigger=\"gallery\" data-fancybox-index=\"6\"><img decoding=\"async\" src=\" https:\/\/izglitiba.valmierasnovads.lv\/buratino\/wp-content\/uploads\/sites\/20\/2026\/02\/Noformejums-bez-nosaukuma-3.png \" \/><\/a><\/div><\/div><div class=\"item\"><div class=\"item-image\"><a id=\"call_gallery\" class=\"cboxElement\" data-fancybox-trigger=\"gallery\" data-fancybox-index=\"7\"><img decoding=\"async\" src=\" https:\/\/izglitiba.valmierasnovads.lv\/buratino\/wp-content\/uploads\/sites\/20\/2026\/02\/Noformejums-bez-nosaukuma-5.png \" \/><\/a><\/div><\/div><div class=\"item\"><div class=\"item-image\"><a id=\"call_gallery\" class=\"cboxElement\" data-fancybox-trigger=\"gallery\" data-fancybox-index=\"8\"><img decoding=\"async\" src=\" https:\/\/izglitiba.valmierasnovads.lv\/buratino\/wp-content\/uploads\/sites\/20\/2026\/02\/Teatra-afisa_page-0001.jpg \" \/><\/a><\/div><\/div><div class=\"item\"><div class=\"item-image\"><a id=\"call_gallery\" class=\"cboxElement\" data-fancybox-trigger=\"gallery\" data-fancybox-index=\"9\"><img decoding=\"async\" src=\" https:\/\/izglitiba.valmierasnovads.lv\/buratino\/wp-content\/uploads\/sites\/20\/2026\/02\/Ieeja-Viena-konfekte-1.png \" \/><\/a><\/div><\/div>    <\/div>\n    <div style=\"display: hidden;\">\n        <a href=\"https:\/\/izglitiba.valmierasnovads.lv\/buratino\/wp-content\/uploads\/sites\/20\/2026\/04\/Gemini_Generated_Image_3w0l0f3w0l0f3w0l.png\" data-fancybox=\"gallery\"><\/a><a href=\"https:\/\/izglitiba.valmierasnovads.lv\/buratino\/wp-content\/uploads\/sites\/20\/2026\/04\/Noformejums-bez-nosaukuma-4.png\" data-fancybox=\"gallery\"><\/a><a href=\"https:\/\/izglitiba.valmierasnovads.lv\/buratino\/wp-content\/uploads\/sites\/20\/2026\/04\/Noformejums-bez-nosaukuma-3.png\" data-fancybox=\"gallery\"><\/a><a href=\"https:\/\/izglitiba.valmierasnovads.lv\/buratino\/wp-content\/uploads\/sites\/20\/2026\/03\/13.marta_.-plkst.-930-PII-Buratino-aktu-zale-uz-Pucisu-grupas-teatra-ziradi-2.png\" data-fancybox=\"gallery\"><\/a><a href=\"https:\/\/izglitiba.valmierasnovads.lv\/buratino\/wp-content\/uploads\/sites\/20\/2026\/03\/Teatra-dienu-afisa_page-0001.jpg\" data-fancybox=\"gallery\"><\/a><a href=\"https:\/\/izglitiba.valmierasnovads.lv\/buratino\/wp-content\/uploads\/sites\/20\/2026\/02\/Stirnenu-izrades-afisa_page-0001.jpg\" data-fancybox=\"gallery\"><\/a><a href=\"https:\/\/izglitiba.valmierasnovads.lv\/buratino\/wp-content\/uploads\/sites\/20\/2026\/02\/Noformejums-bez-nosaukuma-3.png\" data-fancybox=\"gallery\"><\/a><a href=\"https:\/\/izglitiba.valmierasnovads.lv\/buratino\/wp-content\/uploads\/sites\/20\/2026\/02\/Noformejums-bez-nosaukuma-5.png\" data-fancybox=\"gallery\"><\/a><a href=\"https:\/\/izglitiba.valmierasnovads.lv\/buratino\/wp-content\/uploads\/sites\/20\/2026\/02\/Teatra-afisa_page-0001.jpg\" data-fancybox=\"gallery\"><\/a><a href=\"https:\/\/izglitiba.valmierasnovads.lv\/buratino\/wp-content\/uploads\/sites\/20\/2026\/02\/Ieeja-Viena-konfekte-1.png\" data-fancybox=\"gallery\"><\/a>    <\/div>\n<\/div>\n\n\n\n<div class='line-wrapper'>\n<\/div>\n<div class=\"gallery-slider-wrapper\">\n<h2>Galerija<\/h2>\n<p class=\"link\"><a href=\"https:\/\/izglitiba.valmierasnovads.lv\/buratino\/galerijas\" title=\"Skat\u012bt visas galerijas\">Skat\u012bt visas<\/a><\/p>\n<div class=\"gallery-slider\">\n    <div class=\"item\"><div class=\"item-image\"><a href=\"https:\/\/izglitiba.valmierasnovads.lv\/buratino\/galery\/pilites-pii-buratino-skolotaja-liga-ozola\/\"><img decoding=\"async\" src=\" https:\/\/izglitiba.valmierasnovads.lv\/buratino\/wp-content\/uploads\/sites\/20\/2026\/04\/Colorful-Socks-Collection-Photo-Collage.png \" \/><div class=\"item-description\"><div class=\"item-title\">&#8220;Pil\u012btes&#8221; PII &#8220;Buratino&#8221; skolot\u0101ja L\u012bga Ozola<\/div><div class=\"item-count\">0 att\u0113li<\/div><\/div><\/a><\/div><div class=\"item-bottom\"><\/div><\/div><div class=\"item\"><div class=\"item-image\"><a href=\"https:\/\/izglitiba.valmierasnovads.lv\/buratino\/galery\/ziemas-prieki-pii-buratino-skolotaja-sigita-arste\/\"><img decoding=\"async\" src=\" https:\/\/izglitiba.valmierasnovads.lv\/buratino\/wp-content\/uploads\/sites\/20\/2026\/02\/Ziemas-prieki-PII-Buratino-skolotaja-SigitaArste.png \" \/><div class=\"item-description\"><div class=\"item-title\">&#8220;Ziemas prieki&#8221; PII &#8220;Buratino&#8221; skolot\u0101ja Sigita Arste<\/div><div class=\"item-count\">1 att\u0113ls<\/div><\/div><\/a><\/div><div class=\"item-bottom\"><\/div><\/div><div class=\"item\"><div class=\"item-image\"><a href=\"https:\/\/izglitiba.valmierasnovads.lv\/buratino\/galery\/laima-varta-pii-buratino-skolotaja\/\"><img decoding=\"async\" src=\" https:\/\/izglitiba.valmierasnovads.lv\/buratino\/wp-content\/uploads\/sites\/20\/2026\/02\/Mazie-darznieki-PII-Buratino-skolotaja-Laima-Varta.png \" \/><div class=\"item-description\"><div class=\"item-title\">&#8220;Mazie d\u0101rznieki&#8221; PII &#8220;Buratino&#8221; skolot\u0101ja Laima Varta<\/div><div class=\"item-count\">1 att\u0113ls<\/div><\/div><\/a><\/div><div class=\"item-bottom\"><\/div><\/div><div class=\"item\"><div class=\"item-image\"><a href=\"https:\/\/izglitiba.valmierasnovads.lv\/buratino\/galery\/princesu-un-princu-balle\/\"><img decoding=\"async\" src=\" https:\/\/izglitiba.valmierasnovads.lv\/buratino\/wp-content\/uploads\/sites\/20\/2026\/01\/Princu-un-princesu-balle-12.02.2026.-A4-1_page-0001.jpg \" \/><div class=\"item-description\"><div class=\"item-title\">Prince\u0161u un prin\u010du balle<\/div><div class=\"item-count\">4 att\u0113li<\/div><\/div><\/a><\/div><div class=\"item-bottom\"><\/div><\/div><div class=\"item\"><div class=\"item-image\"><a href=\"https:\/\/izglitiba.valmierasnovads.lv\/buratino\/galery\/gaismina-kas-sasilda-pii-buratino-skolotaja-baiba-rode\/\"><img decoding=\"async\" src=\" https:\/\/izglitiba.valmierasnovads.lv\/buratino\/wp-content\/uploads\/sites\/20\/2026\/02\/Gaismina-kas-sasilda-PII-Buratino-skolotaja-BaibaRode.png \" \/><div class=\"item-description\"><div class=\"item-title\">&#8220;Gaismi\u0146a, kas sasilda&#8221; PII &#8220;Buratino&#8221; skolot\u0101ja Baiba Rode<\/div><div class=\"item-count\">4 att\u0113li<\/div><\/div><\/a><\/div><div class=\"item-bottom\"><\/div><\/div><div class=\"item\"><div class=\"item-image\"><a href=\"https:\/\/izglitiba.valmierasnovads.lv\/buratino\/galery\/kulinarijas-diena-pii-buratino-skolotaja-ilze-ozolina-2\/\"><img decoding=\"async\" src=\" https:\/\/izglitiba.valmierasnovads.lv\/buratino\/wp-content\/uploads\/sites\/20\/2026\/02\/Kulinarijas-diena-PII-Buratino-skolotaja-Ilze-Ozolina-3.png \" \/><div class=\"item-description\"><div class=\"item-title\">&#8220;Kulin\u0101rijas diena&#8221; PII &#8220;Buratino&#8221; skolot\u0101ja Ilze Ozoli\u0146a<\/div><div class=\"item-count\">5 att\u0113li<\/div><\/div><\/a><\/div><div class=\"item-bottom\"><\/div><\/div><div class=\"item\"><div class=\"item-image\"><a href=\"https:\/\/izglitiba.valmierasnovads.lv\/buratino\/galery\/krasas-sniega-pii-buratino-skolotaja-viktorija-kocane\/\"><img decoding=\"async\" src=\" https:\/\/izglitiba.valmierasnovads.lv\/buratino\/wp-content\/uploads\/sites\/20\/2026\/02\/Krasas-sniega-PII-Buratino-skolotaja-Viktorija-Kocane-1.png \" \/><div class=\"item-description\"><div class=\"item-title\">&#8220;Kr\u0101sas snieg\u0101&#8221; PII &#8220;Buratino&#8221; skolot\u0101ja Viktorija Ko\u010dane<\/div><div class=\"item-count\">21 att\u0113ls<\/div><\/div><\/a><\/div><div class=\"item-bottom\"><\/div><\/div><div class=\"item\"><div class=\"item-image\"><a href=\"https:\/\/izglitiba.valmierasnovads.lv\/buratino\/galery\/pasaka-zakisa-un-lapsas-majina-pii-buraino-skolotaja-vita-bukaldere\/\"><img decoding=\"async\" src=\" https:\/\/izglitiba.valmierasnovads.lv\/buratino\/wp-content\/uploads\/sites\/20\/2026\/02\/Zakisa-un-lapsas-majina-PII-Buratino-skolotaja-Vita-Bikaldere-1.png \" \/><div class=\"item-description\"><div class=\"item-title\">Pasaka &#8220;Za\u0137\u012b\u0161a un lapsas m\u0101ji\u0146a&#8221; PII &#8220;Buratino&#8221; skolot\u0101ja Vita Bukaldere<\/div><div class=\"item-count\">13 att\u0113li<\/div><\/div><\/a><\/div><div class=\"item-bottom\"><\/div><\/div><div class=\"item\"><div class=\"item-image\"><a href=\"https:\/\/izglitiba.valmierasnovads.lv\/buratino\/galery\/krasainas-rocinas\/\"><img decoding=\"async\" src=\" https:\/\/izglitiba.valmierasnovads.lv\/buratino\/wp-content\/uploads\/sites\/20\/2026\/02\/PII-\u2018Buratino-skolotaja-Sintija-Freimane.png \" \/><div class=\"item-description\"><div class=\"item-title\">&#8220;Kr\u0101sain\u0101s roci\u0146as&#8221; PII &#8220;Buratino&#8221; skolot\u0101ja Sintija Freimane<\/div><div class=\"item-count\">3 att\u0113li<\/div><\/div><\/a><\/div><div class=\"item-bottom\"><\/div><\/div><div class=\"item\"><div class=\"item-image\"><a href=\"https:\/\/izglitiba.valmierasnovads.lv\/buratino\/galery\/latvijas-veselibas-sporta-nedela\/\"><img decoding=\"async\" src=\" https:\/\/izglitiba.valmierasnovads.lv\/buratino\/wp-content\/uploads\/sites\/20\/2025\/10\/1-scaled.jpg \" \/><div class=\"item-description\"><div class=\"item-title\">Latvijas vesel\u012bbas sporta ned\u0113\u013ca<\/div><div class=\"item-count\">27 att\u0113li<\/div><\/div><\/a><\/div><div class=\"item-bottom\"><\/div><\/div><\/div>\n<\/div>\n\n<div class=\"mobile-proud-wrapper\">\n    <div class=\"mobile-proud-title\">\n        Balva izgl\u012bt\u012bb\u0101 2025    <\/div>\n<\/div>\n<div class=\"proud-wrapper\">\n    <div class=\"item-image\">\n        <img decoding=\"async\" src=\"https:\/\/izglitiba.valmierasnovads.lv\/buratino\/wp-content\/uploads\/sites\/20\/2025\/10\/IMG-20251004-WA0039.jpg\" alt=\"Bilde\" \/>\n    <\/div>\n    <div class=\"item-description\">\n        <div class=\"item-title\">\n            Balva izgl\u012bt\u012bb\u0101 2025        <\/div>\n        <div class=\"item-text\">\n            \u0160ogad m\u016bsu iest\u0101des pedagogi izvirz\u012bja Balvai izgl\u012bt\u012bb\u0101 skolot\u0101ju Egitu Bu\u0161u, ko vi\u0146a sa\u0146\u0113ma par noz\u012bm\u012bgu personisko ieguld\u012bjumu pedago\u0123iskaj\u0101 darb\u012bb\u0101 un [&hellip;]        <\/div>\n                    <div class=\"item-url\">\n                <a href=\"https:\/\/www.valmierasnovads.lv\/valmieras-novada-pasvaldiba-sveic-balva-izglitiba-2025-laureatus\/\">Skat\u012bt vair\u0101k<\/a>\n            <\/div>\n            <\/div>\n<\/div>\n\n\n<div class=\"quote-slider-wrapper\">\n    <div class=\"quote-slider\">\n        <div class=\"item\"><div class=\"item-quote\"><!-- wp:paragraph {\"fontSize\":\"large\"} -->\n<p class=\"has-large-font-size\">Katra m\u012b\u013ca b\u0113rna sirsni\u0146a ir k\u0101 maza zvaigzn\u012bte, kas sp\u0113j sp\u012bd\u0113t spo\u017ei!<\/p>\n<!-- \/wp:paragraph --><\/div><div class=\"item-description\"><div class=\"item-img\"><img decoding=\"async\" src=\" https:\/\/izglitiba.valmierasnovads.lv\/buratino\/wp-content\/uploads\/sites\/20\/2026\/02\/474208865_18359925100123003_1058038933830554659_n.jpg \" \/><\/div><div class=\"item-author\"><div class=\"item-name\">Ilze Ozoli\u0146a<\/div><div class=\"item-position\">PII &#8220;Buratino&#8221; skolot\u0101ja<\/div><\/div><\/div><\/div><div class=\"item\"><div class=\"item-quote\"><!-- wp:paragraph {\"fontSize\":\"large\"} -->\n<p class=\"has-large-font-size\"><strong>Ja gribi satikt laimi, mekl\u0113 to pie b\u0113rniem, jo laime m\u012bt tur, kur ir laim\u012bgi b\u0113rni!<\/strong><\/p>\n<!-- \/wp:paragraph --><\/div><div class=\"item-description\"><div class=\"item-img\"><img decoding=\"async\" src=\" https:\/\/izglitiba.valmierasnovads.lv\/buratino\/wp-content\/uploads\/sites\/20\/2026\/01\/FB_IMG_1771353398550.jpg \" \/><\/div><div class=\"item-author\"><div class=\"item-name\">Ilona Berga<\/div><div class=\"item-position\">PII &#8220;Buratino&#8221; skolot\u0101ja<\/div><\/div><\/div><\/div><div class=\"item\"><div class=\"item-quote\"><!-- wp:heading {\"level\":1,\"fontSize\":\"large\"} -->\n<h1 class=\"wp-block-heading has-large-font-size\">Katrs b\u0113rns ir at\u0161\u0137ir\u012bgs! Vi\u0146i ir rad\u012bti b\u016bt at\u0161\u0137ir\u012bgi, dar\u012bt at\u0161\u0137ir\u012bgas lietas! Ir daudz veidu, k\u0101 b\u016bt gudriem!<\/h1>\n<!-- \/wp:heading -->\n\n<!-- wp:paragraph -->\n<p><\/p>\n<!-- \/wp:paragraph --><\/div><div class=\"item-description\"><div class=\"item-img\"><img decoding=\"async\" src=\" https:\/\/izglitiba.valmierasnovads.lv\/buratino\/wp-content\/uploads\/sites\/20\/2026\/02\/Howard_Gardner_2013_cropped.png \" \/><\/div><div class=\"item-author\"><div class=\"item-name\">Dr. Howard Gardner<\/div><div class=\"item-position\">Amerik\u0101\u0146u att\u012bst\u012bbas psihologs<\/div><\/div><\/div><\/div><div class=\"item\"><div class=\"item-quote\"><!-- wp:heading {\"level\":1,\"fontSize\":\"large\"} -->\n<h1 class=\"wp-block-heading has-large-font-size\">M\u0113s nevaram main\u012bt v\u0113ja virzienu, bet varam piel\u0101got buras!<\/h1>\n<!-- \/wp:heading -->\n\n<!-- wp:paragraph {\"fontSize\":\"medium\"} -->\n<p class=\"has-medium-font-size\"><\/p>\n<!-- \/wp:paragraph -->\n\n<!-- wp:paragraph -->\n<p><\/p>\n<!-- \/wp:paragraph --><\/div><div class=\"item-description\"><div class=\"item-img\"><img decoding=\"async\" src=\" https:\/\/izglitiba.valmierasnovads.lv\/buratino\/wp-content\/uploads\/sites\/20\/2026\/02\/Aristoteles_Louvre.jpg.webp \" \/><\/div><div class=\"item-author\"><div class=\"item-name\">Aristotelis<\/div><div class=\"item-position\">Sengrie\u0137u zin\u0101tnieks un filozofs<\/div><\/div><\/div><\/div><div class=\"item\"><div class=\"item-quote\"><!-- wp:paragraph {\"fontSize\":\"large\"} -->\n<p class=\"has-large-font-size\"><strong>Tava neatlaid\u012bba ir stipr\u0101ka par jebkuru \u0161aubu &#8211; turpini, pat ja \u0161odien \u0161\u0137iet gr\u016bti!<\/strong><\/p>\n<!-- \/wp:paragraph -->\n\n<!-- wp:paragraph {\"fontSize\":\"medium\"} -->\n<p class=\"has-medium-font-size\"><\/p>\n<!-- \/wp:paragraph -->\n\n<!-- wp:paragraph -->\n<p><\/p>\n<!-- \/wp:paragraph --><\/div><div class=\"item-description\"><div class=\"item-img\"><img decoding=\"async\" src=\" https:\/\/izglitiba.valmierasnovads.lv\/buratino\/wp-content\/uploads\/sites\/20\/2026\/01\/IMG-20260217-WA0016.jpg \" \/><\/div><div class=\"item-author\"><div class=\"item-name\">Viktorija Ko\u010dane<\/div><div class=\"item-position\">PII &#8220;Buratino&#8221; skolot\u0101ja<\/div><\/div><\/div><\/div>    <\/div>\n<\/div>\n\n\n<div class='line-wrapper'>\n<\/div>\n<div class=\"partner-slider-wrapper\">\n    <div class=\"partner-slider\">\n        <div class=\"item\"><div class=\"item-logo\"><a href=\"https:\/\/registri.visc.gov.lv\/\"><img decoding=\"async\" src=\"https:\/\/izglitiba.valmierasnovads.lv\/buratino\/wp-content\/uploads\/sites\/20\/2026\/02\/visc-1.jpg\" alt=\"VISC\" \/><\/a><\/div><\/div><div class=\"item\"><div class=\"item-logo\"><a href=\"https:\/\/www.valmierasnovads.lv\/\"><img decoding=\"async\" src=\"https:\/\/izglitiba.valmierasnovads.lv\/buratino\/wp-content\/uploads\/sites\/20\/2026\/02\/valmieras_novads-1.jpg\" alt=\"Valmieras novads\" \/><\/a><\/div><\/div><div class=\"item\"><div class=\"item-logo\"><a href=\"https:\/\/soma.lv\/v2\/\"><img decoding=\"async\" src=\"https:\/\/izglitiba.valmierasnovads.lv\/buratino\/wp-content\/uploads\/sites\/20\/2026\/02\/Soma-1.jpg\" alt=\"Soma\" \/><\/a><\/div><\/div><div class=\"item\"><div class=\"item-logo\"><a href=\"https:\/\/www.skola2030.lv\/lv\"><img decoding=\"async\" src=\"https:\/\/izglitiba.valmierasnovads.lv\/buratino\/wp-content\/uploads\/sites\/20\/2026\/02\/skolo-1.jpg\" alt=\"Skolo\" \/><\/a><\/div><\/div><div class=\"item\"><div class=\"item-logo\"><a href=\"https:\/\/www.lizda.lv\/\"><img decoding=\"async\" src=\"https:\/\/izglitiba.valmierasnovads.lv\/buratino\/wp-content\/uploads\/sites\/20\/2026\/02\/lizda-1.jpg\" alt=\"Lizda\" \/><\/a><\/div><\/div><div class=\"item\"><div class=\"item-logo\"><a href=\"\"><img decoding=\"async\" src=\"https:\/\/izglitiba.valmierasnovads.lv\/buratino\/wp-content\/uploads\/sites\/20\/2026\/02\/E-klase-1.jpg\" alt=\"https:\/\/www.e-klase.lv\/\" \/><\/a><\/div><\/div><div class=\"item\"><div class=\"item-logo\"><a href=\"https:\/\/www.izm.gov.lv\/lv\"><img decoding=\"async\" src=\"https:\/\/izglitiba.valmierasnovads.lv\/buratino\/wp-content\/uploads\/sites\/20\/2026\/02\/izm-1.jpg\" alt=\"IZM\" \/><\/a><\/div><\/div>    <\/div>\n<\/div>","protected":false},"excerpt":{"rendered":"","protected":false},"author":1,"featured_media":0,"parent":0,"menu_order":0,"comment_status":"closed","ping_status":"closed","template":"","meta":{"_acf_changed":false,"site-sidebar-layout":"default","site-content-layout":"","ast-site-content-layout":"default","site-content-style":"default","site-sidebar-style":"default","ast-global-header-display":"","ast-banner-title-visibility":"","ast-main-header-display":"","ast-hfb-above-header-display":"","ast-hfb-below-header-display":"","ast-hfb-mobile-header-display":"","site-post-title":"","ast-breadcrumbs-content":"","ast-featured-img":"","footer-sml-layout":"","ast-disable-related-posts":"","theme-transparent-header-meta":"","adv-header-id-meta":"","stick-header-meta":"","header-above-stick-meta":"","header-main-stick-meta":"","header-below-stick-meta":"","astra-migrate-meta-layouts":"default","ast-page-background-enabled":"default","ast-page-background-meta":{"desktop":{"background-color":"var(--ast-global-color-5)","background-image":"","background-repeat":"repeat","background-position":"center center","background-size":"auto","background-attachment":"scroll","background-type":"","background-media":"","overlay-type":"","overlay-color":"","overlay-opacity":"","overlay-gradient":""},"tablet":{"background-color":"","background-image":"","background-repeat":"repeat","background-position":"center center","background-size":"auto","background-attachment":"scroll","background-type":"","background-media":"","overlay-type":"","overlay-color":"","overlay-opacity":"","overlay-gradient":""},"mobile":{"background-color":"","background-image":"","background-repeat":"repeat","background-position":"center center","background-size":"auto","background-attachment":"scroll","background-type":"","background-media":"","overlay-type":"","overlay-color":"","overlay-opacity":"","overlay-gradient":""}},"ast-content-background-meta":{"desktop":{"background-color":"var(--ast-global-color-4)","background-image":"","background-repeat":"repeat","background-position":"center center","background-size":"auto","background-attachment":"scroll","background-type":"","background-media":"","overlay-type":"","overlay-color":"","overlay-opacity":"","overlay-gradient":""},"tablet":{"background-color":"var(--ast-global-color-4)","background-image":"","background-repeat":"repeat","background-position":"center center","background-size":"auto","background-attachment":"scroll","background-type":"","background-media":"","overlay-type":"","overlay-color":"","overlay-opacity":"","overlay-gradient":""},"mobile":{"background-color":"var(--ast-global-color-4)","background-image":"","background-repeat":"repeat","background-position":"center center","background-size":"auto","background-attachment":"scroll","background-type":"","background-media":"","overlay-type":"","overlay-color":"","overlay-opacity":"","overlay-gradient":""}},"footnotes":""},"class_list":["post-7","page","type-page","status-publish","hentry"],"acf":[],"yoast_head":"<!-- This site is optimized with the Yoast SEO plugin v27.0 - https:\/\/yoast.com\/product\/yoast-seo-wordpress\/ -->\n<title>S\u0101kumlapa - Valmieras pirmsskolas izgl\u012bt\u012bbas iest\u0101de \u201cBuratino\u201d<\/title>\n<meta name=\"robots\" content=\"index, follow, max-snippet:-1, max-image-preview:large, max-video-preview:-1\" \/>\n<link rel=\"canonical\" href=\"https:\/\/izglitiba.valmierasnovads.lv\/buratino\/\" \/>\n<meta property=\"og:locale\" content=\"lv_LV\" \/>\n<meta property=\"og:type\" content=\"article\" \/>\n<meta property=\"og:title\" content=\"S\u0101kumlapa - Valmieras pirmsskolas izgl\u012bt\u012bbas iest\u0101de \u201cBuratino\u201d\" \/>\n<meta property=\"og:url\" content=\"https:\/\/izglitiba.valmierasnovads.lv\/buratino\/\" \/>\n<meta property=\"og:site_name\" content=\"Valmieras pirmsskolas izgl\u012bt\u012bbas iest\u0101de \u201cBuratino\u201d\" \/>\n<meta property=\"article:modified_time\" content=\"2026-04-27T10:49:40+00:00\" \/>\n<meta name=\"twitter:card\" content=\"summary_large_image\" \/>\n<meta name=\"twitter:label1\" content=\"Est. reading time\" \/>\n\t<meta name=\"twitter:data1\" content=\"1 min\u016bte\" \/>\n<script type=\"application\/ld+json\" class=\"yoast-schema-graph\">{\"@context\":\"https:\/\/schema.org\",\"@graph\":[{\"@type\":\"WebPage\",\"@id\":\"https:\/\/izglitiba.valmierasnovads.lv\/buratino\/\",\"url\":\"https:\/\/izglitiba.valmierasnovads.lv\/buratino\/\",\"name\":\"S\u0101kumlapa - Valmieras pirmsskolas izgl\u012bt\u012bbas iest\u0101de \u201cBuratino\u201d\",\"isPartOf\":{\"@id\":\"https:\/\/izglitiba.valmierasnovads.lv\/buratino\/#website\"},\"datePublished\":\"2025-04-23T13:20:16+00:00\",\"dateModified\":\"2026-04-27T10:49:40+00:00\",\"breadcrumb\":{\"@id\":\"https:\/\/izglitiba.valmierasnovads.lv\/buratino\/#breadcrumb\"},\"inLanguage\":\"lv-LV\",\"potentialAction\":[{\"@type\":\"ReadAction\",\"target\":[\"https:\/\/izglitiba.valmierasnovads.lv\/buratino\/\"]}]},{\"@type\":\"BreadcrumbList\",\"@id\":\"https:\/\/izglitiba.valmierasnovads.lv\/buratino\/#breadcrumb\",\"itemListElement\":[{\"@type\":\"ListItem\",\"position\":1,\"name\":\"Home\",\"item\":\"https:\/\/izglitiba.valmierasnovads.lv\/buratino\/\"},{\"@type\":\"ListItem\",\"position\":2,\"name\":\"S\u0101kumlapa\"}]},{\"@type\":\"WebSite\",\"@id\":\"https:\/\/izglitiba.valmierasnovads.lv\/buratino\/#website\",\"url\":\"https:\/\/izglitiba.valmierasnovads.lv\/buratino\/\",\"name\":\"Valmieras pirmsskolas izgl\u012bt\u012bbas iest\u0101de \u201cBuratino\u201d\",\"description\":\"Buratino Valmiera\",\"publisher\":{\"@id\":\"https:\/\/izglitiba.valmierasnovads.lv\/buratino\/#organization\"},\"potentialAction\":[{\"@type\":\"SearchAction\",\"target\":{\"@type\":\"EntryPoint\",\"urlTemplate\":\"https:\/\/izglitiba.valmierasnovads.lv\/buratino\/?s={search_term_string}\"},\"query-input\":{\"@type\":\"PropertyValueSpecification\",\"valueRequired\":true,\"valueName\":\"search_term_string\"}}],\"inLanguage\":\"lv-LV\"},{\"@type\":\"Organization\",\"@id\":\"https:\/\/izglitiba.valmierasnovads.lv\/buratino\/#organization\",\"name\":\"Valmieras pirmsskolas izgl\u012bt\u012bbas iest\u0101de \u201cBuratino\u201d\",\"url\":\"https:\/\/izglitiba.valmierasnovads.lv\/buratino\/\",\"logo\":{\"@type\":\"ImageObject\",\"inLanguage\":\"lv-LV\",\"@id\":\"https:\/\/izglitiba.valmierasnovads.lv\/buratino\/#\/schema\/logo\/image\/\",\"url\":\"https:\/\/izglitiba.valmierasnovads.lv\/buratino\/wp-content\/uploads\/sites\/20\/2026\/02\/cropped-Buratino-nosaukums-web-scaled-1.png\",\"contentUrl\":\"https:\/\/izglitiba.valmierasnovads.lv\/buratino\/wp-content\/uploads\/sites\/20\/2026\/02\/cropped-Buratino-nosaukums-web-scaled-1.png\",\"width\":2268,\"height\":715,\"caption\":\"Valmieras pirmsskolas izgl\u012bt\u012bbas iest\u0101de \u201cBuratino\u201d\"},\"image\":{\"@id\":\"https:\/\/izglitiba.valmierasnovads.lv\/buratino\/#\/schema\/logo\/image\/\"}}]}<\/script>\n<!-- \/ Yoast SEO plugin. -->","yoast_head_json":{"title":"S\u0101kumlapa - Valmieras pirmsskolas izgl\u012bt\u012bbas iest\u0101de \u201cBuratino\u201d","robots":{"index":"index","follow":"follow","max-snippet":"max-snippet:-1","max-image-preview":"max-image-preview:large","max-video-preview":"max-video-preview:-1"},"canonical":"https:\/\/izglitiba.valmierasnovads.lv\/buratino\/","og_locale":"lv_LV","og_type":"article","og_title":"S\u0101kumlapa - Valmieras pirmsskolas izgl\u012bt\u012bbas iest\u0101de \u201cBuratino\u201d","og_url":"https:\/\/izglitiba.valmierasnovads.lv\/buratino\/","og_site_name":"Valmieras pirmsskolas izgl\u012bt\u012bbas iest\u0101de \u201cBuratino\u201d","article_modified_time":"2026-04-27T10:49:40+00:00","twitter_card":"summary_large_image","twitter_misc":{"Est. reading time":"1 min\u016bte"},"schema":{"@context":"https:\/\/schema.org","@graph":[{"@type":"WebPage","@id":"https:\/\/izglitiba.valmierasnovads.lv\/buratino\/","url":"https:\/\/izglitiba.valmierasnovads.lv\/buratino\/","name":"S\u0101kumlapa - Valmieras pirmsskolas izgl\u012bt\u012bbas iest\u0101de \u201cBuratino\u201d","isPartOf":{"@id":"https:\/\/izglitiba.valmierasnovads.lv\/buratino\/#website"},"datePublished":"2025-04-23T13:20:16+00:00","dateModified":"2026-04-27T10:49:40+00:00","breadcrumb":{"@id":"https:\/\/izglitiba.valmierasnovads.lv\/buratino\/#breadcrumb"},"inLanguage":"lv-LV","potentialAction":[{"@type":"ReadAction","target":["https:\/\/izglitiba.valmierasnovads.lv\/buratino\/"]}]},{"@type":"BreadcrumbList","@id":"https:\/\/izglitiba.valmierasnovads.lv\/buratino\/#breadcrumb","itemListElement":[{"@type":"ListItem","position":1,"name":"Home","item":"https:\/\/izglitiba.valmierasnovads.lv\/buratino\/"},{"@type":"ListItem","position":2,"name":"S\u0101kumlapa"}]},{"@type":"WebSite","@id":"https:\/\/izglitiba.valmierasnovads.lv\/buratino\/#website","url":"https:\/\/izglitiba.valmierasnovads.lv\/buratino\/","name":"Valmieras pirmsskolas izgl\u012bt\u012bbas iest\u0101de \u201cBuratino\u201d","description":"Buratino Valmiera","publisher":{"@id":"https:\/\/izglitiba.valmierasnovads.lv\/buratino\/#organization"},"potentialAction":[{"@type":"SearchAction","target":{"@type":"EntryPoint","urlTemplate":"https:\/\/izglitiba.valmierasnovads.lv\/buratino\/?s={search_term_string}"},"query-input":{"@type":"PropertyValueSpecification","valueRequired":true,"valueName":"search_term_string"}}],"inLanguage":"lv-LV"},{"@type":"Organization","@id":"https:\/\/izglitiba.valmierasnovads.lv\/buratino\/#organization","name":"Valmieras pirmsskolas izgl\u012bt\u012bbas iest\u0101de \u201cBuratino\u201d","url":"https:\/\/izglitiba.valmierasnovads.lv\/buratino\/","logo":{"@type":"ImageObject","inLanguage":"lv-LV","@id":"https:\/\/izglitiba.valmierasnovads.lv\/buratino\/#\/schema\/logo\/image\/","url":"https:\/\/izglitiba.valmierasnovads.lv\/buratino\/wp-content\/uploads\/sites\/20\/2026\/02\/cropped-Buratino-nosaukums-web-scaled-1.png","contentUrl":"https:\/\/izglitiba.valmierasnovads.lv\/buratino\/wp-content\/uploads\/sites\/20\/2026\/02\/cropped-Buratino-nosaukums-web-scaled-1.png","width":2268,"height":715,"caption":"Valmieras pirmsskolas izgl\u012bt\u012bbas iest\u0101de \u201cBuratino\u201d"},"image":{"@id":"https:\/\/izglitiba.valmierasnovads.lv\/buratino\/#\/schema\/logo\/image\/"}}]}},"_links":{"self":[{"href":"https:\/\/izglitiba.valmierasnovads.lv\/buratino\/wp-json\/wp\/v2\/pages\/7","targetHints":{"allow":["GET"]}}],"collection":[{"href":"https:\/\/izglitiba.valmierasnovads.lv\/buratino\/wp-json\/wp\/v2\/pages"}],"about":[{"href":"https:\/\/izglitiba.valmierasnovads.lv\/buratino\/wp-json\/wp\/v2\/types\/page"}],"author":[{"embeddable":true,"href":"https:\/\/izglitiba.valmierasnovads.lv\/buratino\/wp-json\/wp\/v2\/users\/1"}],"replies":[{"embeddable":true,"href":"https:\/\/izglitiba.valmierasnovads.lv\/buratino\/wp-json\/wp\/v2\/comments?post=7"}],"version-history":[{"count":19,"href":"https:\/\/izglitiba.valmierasnovads.lv\/buratino\/wp-json\/wp\/v2\/pages\/7\/revisions"}],"predecessor-version":[{"id":1055,"href":"https:\/\/izglitiba.valmierasnovads.lv\/buratino\/wp-json\/wp\/v2\/pages\/7\/revisions\/1055"}],"wp:attachment":[{"href":"https:\/\/izglitiba.valmierasnovads.lv\/buratino\/wp-json\/wp\/v2\/media?parent=7"}],"curies":[{"name":"wp","href":"https:\/\/api.w.org\/{rel}","templated":true}]}}