{"id":464,"date":"2026-03-26T12:27:03","date_gmt":"2026-03-26T10:27:03","guid":{"rendered":"https:\/\/izglitiba.valmierasnovads.lv\/burtins\/?post_type=galery&#038;p=464"},"modified":"2026-03-26T12:27:04","modified_gmt":"2026-03-26T10:27:04","slug":"nodarbibas-valmieras-bibliotekas-bernu-apkalposanas-nodala-jutu-un-sajutu-koferitis","status":"publish","type":"galery","link":"https:\/\/izglitiba.valmierasnovads.lv\/burtins\/galery\/nodarbibas-valmieras-bibliotekas-bernu-apkalposanas-nodala-jutu-un-sajutu-koferitis\/","title":{"rendered":"Nodarb\u012bbas Valmieras bibliot\u0113kas B\u0113rnu apkalpo\u0161anas noda\u013c\u0101 &#8220;J\u016btu un saj\u016btu kofer\u012btis&#8221;"},"content":{"rendered":"","protected":false},"featured_media":465,"template":"","meta":{"_acf_changed":false,"site-sidebar-layout":"default","site-content-layout":"","ast-site-content-layout":"default","site-content-style":"default","site-sidebar-style":"default","ast-global-header-display":"","ast-banner-title-visibility":"","ast-main-header-display":"","ast-hfb-above-header-display":"","ast-hfb-below-header-display":"","ast-hfb-mobile-header-display":"","site-post-title":"","ast-breadcrumbs-content":"","ast-featured-img":"","footer-sml-layout":"","ast-disable-related-posts":"","theme-transparent-header-meta":"","adv-header-id-meta":"","stick-header-meta":"","header-above-stick-meta":"","header-main-stick-meta":"","header-below-stick-meta":"","astra-migrate-meta-layouts":"default","ast-page-background-enabled":"default","ast-page-background-meta":{"desktop":{"background-color":"var(--ast-global-color-5)","background-image":"","background-repeat":"repeat","background-position":"center center","background-size":"auto","background-attachment":"scroll","background-type":"","background-media":"","overlay-type":"","overlay-color":"","overlay-opacity":"","overlay-gradient":""},"tablet":{"background-color":"","background-image":"","background-repeat":"repeat","background-position":"center center","background-size":"auto","background-attachment":"scroll","background-type":"","background-media":"","overlay-type":"","overlay-color":"","overlay-opacity":"","overlay-gradient":""},"mobile":{"background-color":"","background-image":"","background-repeat":"repeat","background-position":"center center","background-size":"auto","background-attachment":"scroll","background-type":"","background-media":"","overlay-type":"","overlay-color":"","overlay-opacity":"","overlay-gradient":""}},"ast-content-background-meta":{"desktop":{"background-color":"var(--ast-global-color-4)","background-image":"","background-repeat":"repeat","background-position":"center center","background-size":"auto","background-attachment":"scroll","background-type":"","background-media":"","overlay-type":"","overlay-color":"","overlay-opacity":"","overlay-gradient":""},"tablet":{"background-color":"var(--ast-global-color-4)","background-image":"","background-repeat":"repeat","background-position":"center center","background-size":"auto","background-attachment":"scroll","background-type":"","background-media":"","overlay-type":"","overlay-color":"","overlay-opacity":"","overlay-gradient":""},"mobile":{"background-color":"var(--ast-global-color-4)","background-image":"","background-repeat":"repeat","background-position":"center center","background-size":"auto","background-attachment":"scroll","background-type":"","background-media":"","overlay-type":"","overlay-color":"","overlay-opacity":"","overlay-gradient":""}}},"galery_type":[],"class_list":["post-464","galery","type-galery","status-publish","has-post-thumbnail","hentry"],"acf":[],"yoast_head":"<!-- This site is optimized with the Yoast SEO plugin v27.0 - https:\/\/yoast.com\/product\/yoast-seo-wordpress\/ -->\n<title>Nodarb\u012bbas Valmieras bibliot\u0113kas B\u0113rnu apkalpo\u0161anas noda\u013c\u0101 &quot;J\u016btu un saj\u016btu kofer\u012btis&quot; - Valmiermui\u017eas pirmsskolas izgl\u012bt\u012bbas iest\u0101de \u201cBurti\u0146\u0161\u201d<\/title>\n<meta name=\"robots\" content=\"index, follow, max-snippet:-1, max-image-preview:large, max-video-preview:-1\" \/>\n<link rel=\"canonical\" href=\"https:\/\/izglitiba.valmierasnovads.lv\/burtins\/galery\/nodarbibas-valmieras-bibliotekas-bernu-apkalposanas-nodala-jutu-un-sajutu-koferitis\/\" \/>\n<meta property=\"og:locale\" content=\"lv_LV\" \/>\n<meta property=\"og:type\" content=\"article\" \/>\n<meta property=\"og:title\" content=\"Nodarb\u012bbas Valmieras bibliot\u0113kas B\u0113rnu apkalpo\u0161anas noda\u013c\u0101 &quot;J\u016btu un saj\u016btu kofer\u012btis&quot; - Valmiermui\u017eas pirmsskolas izgl\u012bt\u012bbas iest\u0101de \u201cBurti\u0146\u0161\u201d\" \/>\n<meta property=\"og:url\" content=\"https:\/\/izglitiba.valmierasnovads.lv\/burtins\/galery\/nodarbibas-valmieras-bibliotekas-bernu-apkalposanas-nodala-jutu-un-sajutu-koferitis\/\" \/>\n<meta property=\"og:site_name\" content=\"Valmiermui\u017eas pirmsskolas izgl\u012bt\u012bbas iest\u0101de \u201cBurti\u0146\u0161\u201d\" \/>\n<meta property=\"article:modified_time\" content=\"2026-03-26T10:27:04+00:00\" \/>\n<meta property=\"og:image\" content=\"https:\/\/izglitiba.valmierasnovads.lv\/burtins\/wp-content\/uploads\/sites\/17\/2026\/03\/WhatsApp-Image-2026-03-23-at-13.59.46.jpeg\" \/>\n\t<meta property=\"og:image:width\" content=\"2000\" \/>\n\t<meta property=\"og:image:height\" content=\"1125\" \/>\n\t<meta property=\"og:image:type\" content=\"image\/jpeg\" \/>\n<meta name=\"twitter:card\" content=\"summary_large_image\" \/>\n<meta name=\"twitter:label1\" content=\"Est. reading time\" \/>\n\t<meta name=\"twitter:data1\" content=\"1 min\u016bte\" \/>\n<script type=\"application\/ld+json\" class=\"yoast-schema-graph\">{\"@context\":\"https:\/\/schema.org\",\"@graph\":[{\"@type\":\"WebPage\",\"@id\":\"https:\/\/izglitiba.valmierasnovads.lv\/burtins\/galery\/nodarbibas-valmieras-bibliotekas-bernu-apkalposanas-nodala-jutu-un-sajutu-koferitis\/\",\"url\":\"https:\/\/izglitiba.valmierasnovads.lv\/burtins\/galery\/nodarbibas-valmieras-bibliotekas-bernu-apkalposanas-nodala-jutu-un-sajutu-koferitis\/\",\"name\":\"Nodarb\u012bbas Valmieras bibliot\u0113kas B\u0113rnu apkalpo\u0161anas noda\u013c\u0101 \\\"J\u016btu un saj\u016btu kofer\u012btis\\\" - Valmiermui\u017eas pirmsskolas izgl\u012bt\u012bbas iest\u0101de \u201cBurti\u0146\u0161\u201d\",\"isPartOf\":{\"@id\":\"https:\/\/izglitiba.valmierasnovads.lv\/burtins\/#website\"},\"primaryImageOfPage\":{\"@id\":\"https:\/\/izglitiba.valmierasnovads.lv\/burtins\/galery\/nodarbibas-valmieras-bibliotekas-bernu-apkalposanas-nodala-jutu-un-sajutu-koferitis\/#primaryimage\"},\"image\":{\"@id\":\"https:\/\/izglitiba.valmierasnovads.lv\/burtins\/galery\/nodarbibas-valmieras-bibliotekas-bernu-apkalposanas-nodala-jutu-un-sajutu-koferitis\/#primaryimage\"},\"thumbnailUrl\":\"https:\/\/izglitiba.valmierasnovads.lv\/burtins\/wp-content\/uploads\/sites\/17\/2026\/03\/WhatsApp-Image-2026-03-23-at-13.59.46-e1774526840631.jpeg\",\"datePublished\":\"2026-03-26T10:27:03+00:00\",\"dateModified\":\"2026-03-26T10:27:04+00:00\",\"breadcrumb\":{\"@id\":\"https:\/\/izglitiba.valmierasnovads.lv\/burtins\/galery\/nodarbibas-valmieras-bibliotekas-bernu-apkalposanas-nodala-jutu-un-sajutu-koferitis\/#breadcrumb\"},\"inLanguage\":\"lv-LV\",\"potentialAction\":[{\"@type\":\"ReadAction\",\"target\":[\"https:\/\/izglitiba.valmierasnovads.lv\/burtins\/galery\/nodarbibas-valmieras-bibliotekas-bernu-apkalposanas-nodala-jutu-un-sajutu-koferitis\/\"]}]},{\"@type\":\"ImageObject\",\"inLanguage\":\"lv-LV\",\"@id\":\"https:\/\/izglitiba.valmierasnovads.lv\/burtins\/galery\/nodarbibas-valmieras-bibliotekas-bernu-apkalposanas-nodala-jutu-un-sajutu-koferitis\/#primaryimage\",\"url\":\"https:\/\/izglitiba.valmierasnovads.lv\/burtins\/wp-content\/uploads\/sites\/17\/2026\/03\/WhatsApp-Image-2026-03-23-at-13.59.46-e1774526840631.jpeg\",\"contentUrl\":\"https:\/\/izglitiba.valmierasnovads.lv\/burtins\/wp-content\/uploads\/sites\/17\/2026\/03\/WhatsApp-Image-2026-03-23-at-13.59.46-e1774526840631.jpeg\",\"width\":2000,\"height\":1125},{\"@type\":\"BreadcrumbList\",\"@id\":\"https:\/\/izglitiba.valmierasnovads.lv\/burtins\/galery\/nodarbibas-valmieras-bibliotekas-bernu-apkalposanas-nodala-jutu-un-sajutu-koferitis\/#breadcrumb\",\"itemListElement\":[{\"@type\":\"ListItem\",\"position\":1,\"name\":\"Home\",\"item\":\"https:\/\/izglitiba.valmierasnovads.lv\/burtins\/\"},{\"@type\":\"ListItem\",\"position\":2,\"name\":\"Nodarb\u012bbas Valmieras bibliot\u0113kas B\u0113rnu apkalpo\u0161anas noda\u013c\u0101 &#8220;J\u016btu un saj\u016btu kofer\u012btis&#8221;\"}]},{\"@type\":\"WebSite\",\"@id\":\"https:\/\/izglitiba.valmierasnovads.lv\/burtins\/#website\",\"url\":\"https:\/\/izglitiba.valmierasnovads.lv\/burtins\/\",\"name\":\"Valmiermui\u017eas pirmsskolas izgl\u012bt\u012bbas iest\u0101de \u201cBurti\u0146\u0161\u201d\",\"description\":\"\",\"publisher\":{\"@id\":\"https:\/\/izglitiba.valmierasnovads.lv\/burtins\/#organization\"},\"potentialAction\":[{\"@type\":\"SearchAction\",\"target\":{\"@type\":\"EntryPoint\",\"urlTemplate\":\"https:\/\/izglitiba.valmierasnovads.lv\/burtins\/?s={search_term_string}\"},\"query-input\":{\"@type\":\"PropertyValueSpecification\",\"valueRequired\":true,\"valueName\":\"search_term_string\"}}],\"inLanguage\":\"lv-LV\"},{\"@type\":\"Organization\",\"@id\":\"https:\/\/izglitiba.valmierasnovads.lv\/burtins\/#organization\",\"name\":\"Valmiermui\u017eas pirmsskolas izgl\u012bt\u012bbas iest\u0101de \u201cBurti\u0146\u0161\u201d\",\"url\":\"https:\/\/izglitiba.valmierasnovads.lv\/burtins\/\",\"logo\":{\"@type\":\"ImageObject\",\"inLanguage\":\"lv-LV\",\"@id\":\"https:\/\/izglitiba.valmierasnovads.lv\/burtins\/#\/schema\/logo\/image\/\",\"url\":\"https:\/\/izglitiba.valmierasnovads.lv\/burtins\/wp-content\/uploads\/sites\/17\/2026\/03\/cropped-Pirmsskolas-izglitibas-iestades-ar-pasu-logo-1-scaled-1.png\",\"contentUrl\":\"https:\/\/izglitiba.valmierasnovads.lv\/burtins\/wp-content\/uploads\/sites\/17\/2026\/03\/cropped-Pirmsskolas-izglitibas-iestades-ar-pasu-logo-1-scaled-1.png\",\"width\":1542,\"height\":404,\"caption\":\"Valmiermui\u017eas pirmsskolas izgl\u012bt\u012bbas iest\u0101de \u201cBurti\u0146\u0161\u201d\"},\"image\":{\"@id\":\"https:\/\/izglitiba.valmierasnovads.lv\/burtins\/#\/schema\/logo\/image\/\"}}]}<\/script>\n<!-- \/ Yoast SEO plugin. -->","yoast_head_json":{"title":"Nodarb\u012bbas Valmieras bibliot\u0113kas B\u0113rnu apkalpo\u0161anas noda\u013c\u0101 \"J\u016btu un saj\u016btu kofer\u012btis\" - Valmiermui\u017eas pirmsskolas izgl\u012bt\u012bbas iest\u0101de \u201cBurti\u0146\u0161\u201d","robots":{"index":"index","follow":"follow","max-snippet":"max-snippet:-1","max-image-preview":"max-image-preview:large","max-video-preview":"max-video-preview:-1"},"canonical":"https:\/\/izglitiba.valmierasnovads.lv\/burtins\/galery\/nodarbibas-valmieras-bibliotekas-bernu-apkalposanas-nodala-jutu-un-sajutu-koferitis\/","og_locale":"lv_LV","og_type":"article","og_title":"Nodarb\u012bbas Valmieras bibliot\u0113kas B\u0113rnu apkalpo\u0161anas noda\u013c\u0101 \"J\u016btu un saj\u016btu kofer\u012btis\" - Valmiermui\u017eas pirmsskolas izgl\u012bt\u012bbas iest\u0101de \u201cBurti\u0146\u0161\u201d","og_url":"https:\/\/izglitiba.valmierasnovads.lv\/burtins\/galery\/nodarbibas-valmieras-bibliotekas-bernu-apkalposanas-nodala-jutu-un-sajutu-koferitis\/","og_site_name":"Valmiermui\u017eas pirmsskolas izgl\u012bt\u012bbas iest\u0101de \u201cBurti\u0146\u0161\u201d","article_modified_time":"2026-03-26T10:27:04+00:00","og_image":[{"width":2000,"height":1125,"url":"https:\/\/izglitiba.valmierasnovads.lv\/burtins\/wp-content\/uploads\/sites\/17\/2026\/03\/WhatsApp-Image-2026-03-23-at-13.59.46.jpeg","type":"image\/jpeg"}],"twitter_card":"summary_large_image","twitter_misc":{"Est. reading time":"1 min\u016bte"},"schema":{"@context":"https:\/\/schema.org","@graph":[{"@type":"WebPage","@id":"https:\/\/izglitiba.valmierasnovads.lv\/burtins\/galery\/nodarbibas-valmieras-bibliotekas-bernu-apkalposanas-nodala-jutu-un-sajutu-koferitis\/","url":"https:\/\/izglitiba.valmierasnovads.lv\/burtins\/galery\/nodarbibas-valmieras-bibliotekas-bernu-apkalposanas-nodala-jutu-un-sajutu-koferitis\/","name":"Nodarb\u012bbas Valmieras bibliot\u0113kas B\u0113rnu apkalpo\u0161anas noda\u013c\u0101 \"J\u016btu un saj\u016btu kofer\u012btis\" - Valmiermui\u017eas pirmsskolas izgl\u012bt\u012bbas iest\u0101de \u201cBurti\u0146\u0161\u201d","isPartOf":{"@id":"https:\/\/izglitiba.valmierasnovads.lv\/burtins\/#website"},"primaryImageOfPage":{"@id":"https:\/\/izglitiba.valmierasnovads.lv\/burtins\/galery\/nodarbibas-valmieras-bibliotekas-bernu-apkalposanas-nodala-jutu-un-sajutu-koferitis\/#primaryimage"},"image":{"@id":"https:\/\/izglitiba.valmierasnovads.lv\/burtins\/galery\/nodarbibas-valmieras-bibliotekas-bernu-apkalposanas-nodala-jutu-un-sajutu-koferitis\/#primaryimage"},"thumbnailUrl":"https:\/\/izglitiba.valmierasnovads.lv\/burtins\/wp-content\/uploads\/sites\/17\/2026\/03\/WhatsApp-Image-2026-03-23-at-13.59.46-e1774526840631.jpeg","datePublished":"2026-03-26T10:27:03+00:00","dateModified":"2026-03-26T10:27:04+00:00","breadcrumb":{"@id":"https:\/\/izglitiba.valmierasnovads.lv\/burtins\/galery\/nodarbibas-valmieras-bibliotekas-bernu-apkalposanas-nodala-jutu-un-sajutu-koferitis\/#breadcrumb"},"inLanguage":"lv-LV","potentialAction":[{"@type":"ReadAction","target":["https:\/\/izglitiba.valmierasnovads.lv\/burtins\/galery\/nodarbibas-valmieras-bibliotekas-bernu-apkalposanas-nodala-jutu-un-sajutu-koferitis\/"]}]},{"@type":"ImageObject","inLanguage":"lv-LV","@id":"https:\/\/izglitiba.valmierasnovads.lv\/burtins\/galery\/nodarbibas-valmieras-bibliotekas-bernu-apkalposanas-nodala-jutu-un-sajutu-koferitis\/#primaryimage","url":"https:\/\/izglitiba.valmierasnovads.lv\/burtins\/wp-content\/uploads\/sites\/17\/2026\/03\/WhatsApp-Image-2026-03-23-at-13.59.46-e1774526840631.jpeg","contentUrl":"https:\/\/izglitiba.valmierasnovads.lv\/burtins\/wp-content\/uploads\/sites\/17\/2026\/03\/WhatsApp-Image-2026-03-23-at-13.59.46-e1774526840631.jpeg","width":2000,"height":1125},{"@type":"BreadcrumbList","@id":"https:\/\/izglitiba.valmierasnovads.lv\/burtins\/galery\/nodarbibas-valmieras-bibliotekas-bernu-apkalposanas-nodala-jutu-un-sajutu-koferitis\/#breadcrumb","itemListElement":[{"@type":"ListItem","position":1,"name":"Home","item":"https:\/\/izglitiba.valmierasnovads.lv\/burtins\/"},{"@type":"ListItem","position":2,"name":"Nodarb\u012bbas Valmieras bibliot\u0113kas B\u0113rnu apkalpo\u0161anas noda\u013c\u0101 &#8220;J\u016btu un saj\u016btu kofer\u012btis&#8221;"}]},{"@type":"WebSite","@id":"https:\/\/izglitiba.valmierasnovads.lv\/burtins\/#website","url":"https:\/\/izglitiba.valmierasnovads.lv\/burtins\/","name":"Valmiermui\u017eas pirmsskolas izgl\u012bt\u012bbas iest\u0101de \u201cBurti\u0146\u0161\u201d","description":"","publisher":{"@id":"https:\/\/izglitiba.valmierasnovads.lv\/burtins\/#organization"},"potentialAction":[{"@type":"SearchAction","target":{"@type":"EntryPoint","urlTemplate":"https:\/\/izglitiba.valmierasnovads.lv\/burtins\/?s={search_term_string}"},"query-input":{"@type":"PropertyValueSpecification","valueRequired":true,"valueName":"search_term_string"}}],"inLanguage":"lv-LV"},{"@type":"Organization","@id":"https:\/\/izglitiba.valmierasnovads.lv\/burtins\/#organization","name":"Valmiermui\u017eas pirmsskolas izgl\u012bt\u012bbas iest\u0101de \u201cBurti\u0146\u0161\u201d","url":"https:\/\/izglitiba.valmierasnovads.lv\/burtins\/","logo":{"@type":"ImageObject","inLanguage":"lv-LV","@id":"https:\/\/izglitiba.valmierasnovads.lv\/burtins\/#\/schema\/logo\/image\/","url":"https:\/\/izglitiba.valmierasnovads.lv\/burtins\/wp-content\/uploads\/sites\/17\/2026\/03\/cropped-Pirmsskolas-izglitibas-iestades-ar-pasu-logo-1-scaled-1.png","contentUrl":"https:\/\/izglitiba.valmierasnovads.lv\/burtins\/wp-content\/uploads\/sites\/17\/2026\/03\/cropped-Pirmsskolas-izglitibas-iestades-ar-pasu-logo-1-scaled-1.png","width":1542,"height":404,"caption":"Valmiermui\u017eas pirmsskolas izgl\u012bt\u012bbas iest\u0101de \u201cBurti\u0146\u0161\u201d"},"image":{"@id":"https:\/\/izglitiba.valmierasnovads.lv\/burtins\/#\/schema\/logo\/image\/"}}]}},"_links":{"self":[{"href":"https:\/\/izglitiba.valmierasnovads.lv\/burtins\/wp-json\/wp\/v2\/galery\/464","targetHints":{"allow":["GET"]}}],"collection":[{"href":"https:\/\/izglitiba.valmierasnovads.lv\/burtins\/wp-json\/wp\/v2\/galery"}],"about":[{"href":"https:\/\/izglitiba.valmierasnovads.lv\/burtins\/wp-json\/wp\/v2\/types\/galery"}],"wp:featuredmedia":[{"embeddable":true,"href":"https:\/\/izglitiba.valmierasnovads.lv\/burtins\/wp-json\/wp\/v2\/media\/465"}],"wp:attachment":[{"href":"https:\/\/izglitiba.valmierasnovads.lv\/burtins\/wp-json\/wp\/v2\/media?parent=464"}],"wp:term":[{"taxonomy":"galery_type","embeddable":true,"href":"https:\/\/izglitiba.valmierasnovads.lv\/burtins\/wp-json\/wp\/v2\/galery_type?post=464"}],"curies":[{"name":"wp","href":"https:\/\/api.w.org\/{rel}","templated":true}]}}