{"id":124,"date":"2026-02-16T14:47:00","date_gmt":"2026-02-16T12:47:00","guid":{"rendered":"https:\/\/izglitiba.valmierasnovads.lv\/dikluskola\/?page_id=124"},"modified":"2026-08-18T15:19:43","modified_gmt":"2026-08-18T12:19:43","slug":"projekti","status":"publish","type":"page","link":"https:\/\/izglitiba.valmierasnovads.lv\/dikluskola\/projekti\/","title":{"rendered":"Projekti"},"content":{"rendered":"\n<h2 class=\"wp-block-heading\">&#8220;<em>Dik\u013cu pop-up b\u0113rnu jaunie\u0161u centrs&#8221;<\/em><\/h2>\n\n\n\n<p class=\"wp-block-paragraph\"><strong>Dik\u013cos s\u0101kas se\u0161u m\u0113ne\u0161u pilotprojekts b\u0113rnu un jaunie\u0161u centra izveidei<\/strong><\/p>\n\n\n\n<p class=\"wp-block-paragraph\">Dik\u013cu pagast\u0101 izveidots centrs, kur\u0101 b\u0113rni un jaunie\u0161i var\u0113s satikties, piedal\u012bties neform\u0101l\u0101s izgl\u012bt\u012bbas aktivit\u0101t\u0113s, att\u012bst\u012bt soci\u0101l\u0101s, komunik\u0101cijas un l\u012bdzdal\u012bbas prasmes un stiprin\u0101t pieder\u012bbas saj\u016btu viet\u0113jai kopienai. Centra izveide notiek pilotprojekta \u201cDik\u013cu pop-up b\u0113rnu jaunie\u0161u centrs\u201d izstr\u0101des laik\u0101, un n\u0101kamo se\u0161u m\u0113ne\u0161u laik\u0101 tiks p\u0101rbaud\u012bts un izzin\u0101ts, vai b\u0113rnu un jaunie\u0161u centrs viet\u0113jai kopienai ir nepiecie\u0161ams un k\u0101dam b\u016btu j\u0101b\u016bt t\u0101 darb\u012bbas modelim.<\/p>\n\n\n\n<p class=\"wp-block-paragraph\">Se\u0161u m\u0113ne\u0161u laik\u0101 centrs darbosies regul\u0101ri, vismaz tr\u012bs reizes ned\u0113\u013c\u0101. Tiks \u012bstenotas da\u017e\u0101das neform\u0101l\u0101s izgl\u012bt\u012bbas un kopienas aktivit\u0101tes \u2013 ikm\u0113ne\u0161a kopienas pas\u0101kumi, Vilka\u010du vakari, raidierakstu studijas nodarb\u012bbas, rado\u0161\u0101s un sadarb\u012bbas aktivit\u0101tes, k\u0101 ar\u012b citas iesp\u0113jas, kas tiks veidotas kop\u0101 ar jaunie\u0161iem.<\/p>\n\n\n\n<p class=\"wp-block-paragraph\">Ar\u012b kopienas pas\u0101kumu programma b\u016bs daudzveid\u012bga \u2013 paredz\u0113ta kop\u012bga telpu labiek\u0101rto\u0161ana un rado\u0161a darbo\u0161an\u0101s, p\u0101rg\u0101jiens ar orient\u0113\u0161an\u0101s un izlau\u0161an\u0101s sp\u0113\u013cu elementiem, <em>Silent Disco<\/em> vakars, viesm\u012bl\u012bbas meistarklase, Ziemassv\u0113tku kopienas vakars un projekta nosl\u0113guma pas\u0101kums.<\/p>\n\n\n\n<p class=\"wp-block-paragraph\">\u201cM\u0113s gribam ne tikai izveidot vietu, kur b\u0113rni un jaunie\u0161i var n\u0101kt, bet ar\u012b saprast, kas vi\u0146iem patie\u0161\u0101m ir vajadz\u012bgs. T\u0101p\u0113c \u0161ie se\u0161i m\u0113ne\u0161i b\u016bs iesp\u0113ja kop\u0101 izm\u0113\u0123in\u0101t, rad\u012bt, m\u0101c\u012bties un vienlaikus saprast, vai Dik\u013ciem \u0161\u0101ds centrs ir vajadz\u012bgs ar\u012b ilgtermi\u0146\u0101,\u201d nor\u0101da projekta koordinatore El\u012bna Sokolova-Luca.<\/p>\n\n\n\n<p class=\"wp-block-paragraph\">Projektu \u012bsteno Valmieras novada pa\u0161vald\u012bba, Jura Neikena Dik\u013cu pamatskola un biedr\u012bba \u201c\u0122ime\u0146u apm\u0101c\u012bbas un kult\u016bras centrs\u201d. Projekta m\u0113r\u0137a grupa ir Dik\u013cu pagasta un apk\u0101rtnes b\u0113rni un jaunie\u0161i vecum\u0101 no 10 l\u012bdz 16 gadiem. Pl\u0101nots iesaist\u012bt vismaz 45 unik\u0101lus dal\u012bbniekus. Projekta aktivit\u0101tes b\u016bs pieejamas ar\u012b Zil\u0101kalna un Ozolmui\u017eas ciemu b\u0113rniem un jaunie\u0161iem.<\/p>\n\n\n\n<p class=\"wp-block-paragraph\">B\u016btiska projekta da\u013ca b\u016bs t\u0101 izv\u0113rt\u0113\u0161ana. Projekta laik\u0101 tiks apkopoti apmekl\u0113juma un iesaistes dati, k\u0101 ar\u012b ieg\u016bts jaunie\u0161u, vec\u0101ku un kopienas viedoklis, izmantojot aptaujas un fokusgrupas. Projekta nosl\u0113gum\u0101 ieg\u016btie dati tiks apkopoti izv\u0113rt\u0113juma zi\u0146ojum\u0101 un izmantoti rekomend\u0101ciju izstr\u0101dei pa\u0161vald\u012bbai par b\u0113rnu un jaunie\u0161u centra turpm\u0101ko att\u012bst\u012bbu.<\/p>\n\n\n\n<p class=\"wp-block-paragraph\"><strong>Par projektu:<\/strong><\/p>\n\n\n\n<p class=\"wp-block-paragraph\"><strong>Projekta nosaukums: <\/strong>\u201cDik\u013cu pop-up b\u0113rnu jaunie\u0161u centrs\u201d<\/p>\n\n\n\n<p class=\"wp-block-paragraph\"><strong>Projekta m\u0113r\u0137is:<\/strong> Izveidot un test\u0113t Dik\u013cu pagast\u0101 pieejamu, regul\u0101ri funkcion\u0113jo\u0161u b\u0113rnu un jaunie\u0161u centru, kas, izmantojot struktur\u0113tas neform\u0101l\u0101s izgl\u012bt\u012bbas aktivit\u0101tes (vismaz 3 reizes ned\u0113\u013c\u0101) un starppaaud\u017eu sadarb\u012bbu, 6 m\u0113ne\u0161u period\u0101 nodro\u0161ina vismaz 45 b\u0113rnu un jaunie\u0161u (<a href=\"http:\/\/t.sk\/\" target=\"_blank\" rel=\"noreferrer noopener\">t.sk<\/a>.\u00a0vismaz 20% soci\u0101l\u0101s atstumt\u012bbas un PMP riska grup\u0101) akt\u012bvu iesaisti, att\u012bstot vi\u0146u soci\u0101l\u0101s, komunik\u0101cijas un l\u012bdzdal\u012bbas prasmes un stiprinot pieder\u012bbas saj\u016btu viet\u0113jai kopienai, vienlaikus struktur\u0113ti v\u0101cot un analiz\u0113jot kvantitat\u012bvos un kvalitat\u012bvos datus par centra darb\u012bbu, lai izv\u0113rt\u0113tu t\u0101 nepiecie\u0161am\u012bbu un ilgtsp\u0113ju un nodro\u0161in\u0101tu pamatu datos balst\u012bta l\u0113muma pie\u0146em\u0161anai par past\u0101v\u012bga b\u0113rnu un jaunie\u0161u centra izveidi Dik\u013cu pagast\u0101.<\/p>\n\n\n\n<p class=\"wp-block-paragraph\"><strong>\u012asteno\u0161anas periods: <\/strong>14.08.2026.\u201315.02.2027.<\/p>\n\n\n\n<p class=\"wp-block-paragraph\"><strong>\u012asteno\u0161anas vieta: <\/strong>Valmieras novads, Dik\u013cu pagasts<\/p>\n\n\n\n<p class=\"wp-block-paragraph\"><strong>Pl\u0101notais dal\u012bbnieku skaits: <\/strong>vismaz 45 b\u0113rni un jaunie\u0161i<\/p>\n\n\n\n<p class=\"wp-block-paragraph\"><strong>\u012astenot\u0101ji: <\/strong>Valmieras novada pa\u0161vald\u012bba, Jura Neikena Dik\u013cu pamatskola un biedr\u012bba \u201c\u0122ime\u0146u apm\u0101c\u012bbas un kult\u016bras centrs\u201d <em>Iniciat\u012bvu projektu finans\u0113 projekts \u201cSkola \u2013 kopien\u0101\u201d, kas tiek \u012bstenots Eiropas Soci\u0101l\u0101 fonda Plus projekta Nr. 4.2.3.1\/1\/24\/I\/001 ietvaros.<\/em><\/p>\n\n\n\n<figure class=\"wp-block-image size-full\"><img loading=\"lazy\" decoding=\"async\" width=\"671\" height=\"537\" src=\"https:\/\/izglitiba.valmierasnovads.lv\/dikluskola\/wp-content\/uploads\/sites\/30\/2026\/08\/talka.png\" alt=\"\" class=\"wp-image-297\" srcset=\"https:\/\/izglitiba.valmierasnovads.lv\/dikluskola\/wp-content\/uploads\/sites\/30\/2026\/08\/talka.png 671w, https:\/\/izglitiba.valmierasnovads.lv\/dikluskola\/wp-content\/uploads\/sites\/30\/2026\/08\/talka-300x240.png 300w\" sizes=\"auto, (max-width: 671px) 100vw, 671px\" \/><\/figure>\n\n\n\n<figure class=\"wp-block-image size-full\"><img loading=\"lazy\" decoding=\"async\" width=\"329\" height=\"471\" src=\"https:\/\/izglitiba.valmierasnovads.lv\/dikluskola\/wp-content\/uploads\/sites\/30\/2026\/08\/projekts.png\" alt=\"\" class=\"wp-image-299\" srcset=\"https:\/\/izglitiba.valmierasnovads.lv\/dikluskola\/wp-content\/uploads\/sites\/30\/2026\/08\/projekts.png 329w, https:\/\/izglitiba.valmierasnovads.lv\/dikluskola\/wp-content\/uploads\/sites\/30\/2026\/08\/projekts-210x300.png 210w\" sizes=\"auto, (max-width: 329px) 100vw, 329px\" \/><\/figure>\n","protected":false},"excerpt":{"rendered":"<p>&#8220;Dik\u013cu pop-up b\u0113rnu jaunie\u0161u centrs&#8221; Dik\u013cos s\u0101kas se\u0161u m\u0113ne\u0161u pilotprojekts b\u0113rnu un jaunie\u0161u centra izveidei Dik\u013cu pagast\u0101 izveidots centrs, kur\u0101 [&hellip;]<\/p>\n","protected":false},"author":71,"featured_media":0,"parent":0,"menu_order":0,"comment_status":"closed","ping_status":"closed","template":"","meta":{"_acf_changed":false,"site-sidebar-layout":"default","site-content-layout":"","ast-site-content-layout":"default","site-content-style":"default","site-sidebar-style":"default","ast-global-header-display":"","ast-banner-title-visibility":"","ast-main-header-display":"","ast-hfb-above-header-display":"","ast-hfb-below-header-display":"","ast-hfb-mobile-header-display":"","site-post-title":"","ast-breadcrumbs-content":"","ast-featured-img":"","footer-sml-layout":"","ast-disable-related-posts":"","theme-transparent-header-meta":"","adv-header-id-meta":"","stick-header-meta":"","header-above-stick-meta":"","header-main-stick-meta":"","header-below-stick-meta":"","astra-migrate-meta-layouts":"default","ast-page-background-enabled":"default","ast-page-background-meta":{"desktop":{"background-color":"var(--ast-global-color-5)","background-image":"","background-repeat":"repeat","background-position":"center center","background-size":"auto","background-attachment":"scroll","background-type":"","background-media":"","overlay-type":"","overlay-color":"","overlay-opacity":"","overlay-gradient":""},"tablet":{"background-color":"","background-image":"","background-repeat":"repeat","background-position":"center center","background-size":"auto","background-attachment":"scroll","background-type":"","background-media":"","overlay-type":"","overlay-color":"","overlay-opacity":"","overlay-gradient":""},"mobile":{"background-color":"","background-image":"","background-repeat":"repeat","background-position":"center center","background-size":"auto","background-attachment":"scroll","background-type":"","background-media":"","overlay-type":"","overlay-color":"","overlay-opacity":"","overlay-gradient":""}},"ast-content-background-meta":{"desktop":{"background-color":"var(--ast-global-color-4)","background-image":"","background-repeat":"repeat","background-position":"center center","background-size":"auto","background-attachment":"scroll","background-type":"","background-media":"","overlay-type":"","overlay-color":"","overlay-opacity":"","overlay-gradient":""},"tablet":{"background-color":"var(--ast-global-color-4)","background-image":"","background-repeat":"repeat","background-position":"center center","background-size":"auto","background-attachment":"scroll","background-type":"","background-media":"","overlay-type":"","overlay-color":"","overlay-opacity":"","overlay-gradient":""},"mobile":{"background-color":"var(--ast-global-color-4)","background-image":"","background-repeat":"repeat","background-position":"center center","background-size":"auto","background-attachment":"scroll","background-type":"","background-media":"","overlay-type":"","overlay-color":"","overlay-opacity":"","overlay-gradient":""}},"footnotes":""},"class_list":["post-124","page","type-page","status-publish","hentry"],"acf":[],"yoast_head":"<!-- This site is optimized with the Yoast SEO plugin v28.4 - https:\/\/yoast.com\/product\/yoast-seo-wordpress\/ -->\n<title>Projekti - Jura Neikena Dik\u013cu pamatskola<\/title>\n<meta name=\"robots\" content=\"index, follow, max-snippet:-1, max-image-preview:large, max-video-preview:-1\" \/>\n<link rel=\"canonical\" href=\"https:\/\/izglitiba.valmierasnovads.lv\/dikluskola\/projekti\/\" \/>\n<meta property=\"og:locale\" content=\"lv_LV\" \/>\n<meta property=\"og:type\" content=\"article\" \/>\n<meta property=\"og:title\" content=\"Projekti - Jura Neikena Dik\u013cu pamatskola\" \/>\n<meta property=\"og:description\" content=\"&#8220;Dik\u013cu pop-up b\u0113rnu jaunie\u0161u centrs&#8221; Dik\u013cos s\u0101kas se\u0161u m\u0113ne\u0161u pilotprojekts b\u0113rnu un jaunie\u0161u centra izveidei Dik\u013cu pagast\u0101 izveidots centrs, kur\u0101 [&hellip;]\" \/>\n<meta property=\"og:url\" content=\"https:\/\/izglitiba.valmierasnovads.lv\/dikluskola\/projekti\/\" \/>\n<meta property=\"og:site_name\" content=\"Jura Neikena Dik\u013cu pamatskola\" \/>\n<meta property=\"article:modified_time\" content=\"2026-08-18T12:19:43+00:00\" \/>\n<meta property=\"og:image\" content=\"https:\/\/izglitiba.valmierasnovads.lv\/dikluskola\/wp-content\/uploads\/sites\/30\/2026\/08\/talka.png\" \/>\n\t<meta property=\"og:image:width\" content=\"671\" \/>\n\t<meta property=\"og:image:height\" content=\"537\" \/>\n\t<meta property=\"og:image:type\" content=\"image\/png\" \/>\n<meta name=\"twitter:card\" content=\"summary_large_image\" \/>\n<meta name=\"twitter:label1\" content=\"Est. reading time\" \/>\n\t<meta name=\"twitter:data1\" content=\"3 min\u016btes\" \/>\n<script type=\"application\/ld+json\" class=\"yoast-schema-graph\">{\"@context\":\"https:\\\/\\\/schema.org\",\"@graph\":[{\"@type\":\"WebPage\",\"@id\":\"https:\\\/\\\/izglitiba.valmierasnovads.lv\\\/dikluskola\\\/projekti\\\/\",\"url\":\"https:\\\/\\\/izglitiba.valmierasnovads.lv\\\/dikluskola\\\/projekti\\\/\",\"name\":\"Projekti - Jura Neikena Dik\u013cu pamatskola\",\"isPartOf\":{\"@id\":\"https:\\\/\\\/izglitiba.valmierasnovads.lv\\\/dikluskola\\\/#website\"},\"primaryImageOfPage\":{\"@id\":\"https:\\\/\\\/izglitiba.valmierasnovads.lv\\\/dikluskola\\\/projekti\\\/#primaryimage\"},\"image\":{\"@id\":\"https:\\\/\\\/izglitiba.valmierasnovads.lv\\\/dikluskola\\\/projekti\\\/#primaryimage\"},\"thumbnailUrl\":\"https:\\\/\\\/izglitiba.valmierasnovads.lv\\\/dikluskola\\\/wp-content\\\/uploads\\\/sites\\\/30\\\/2026\\\/08\\\/talka.png\",\"datePublished\":\"2026-02-16T12:47:00+00:00\",\"dateModified\":\"2026-08-18T12:19:43+00:00\",\"breadcrumb\":{\"@id\":\"https:\\\/\\\/izglitiba.valmierasnovads.lv\\\/dikluskola\\\/projekti\\\/#breadcrumb\"},\"inLanguage\":\"lv-LV\",\"potentialAction\":[{\"@type\":\"ReadAction\",\"target\":[\"https:\\\/\\\/izglitiba.valmierasnovads.lv\\\/dikluskola\\\/projekti\\\/\"]}]},{\"@type\":\"ImageObject\",\"inLanguage\":\"lv-LV\",\"@id\":\"https:\\\/\\\/izglitiba.valmierasnovads.lv\\\/dikluskola\\\/projekti\\\/#primaryimage\",\"url\":\"https:\\\/\\\/izglitiba.valmierasnovads.lv\\\/dikluskola\\\/wp-content\\\/uploads\\\/sites\\\/30\\\/2026\\\/08\\\/talka.png\",\"contentUrl\":\"https:\\\/\\\/izglitiba.valmierasnovads.lv\\\/dikluskola\\\/wp-content\\\/uploads\\\/sites\\\/30\\\/2026\\\/08\\\/talka.png\",\"width\":671,\"height\":537},{\"@type\":\"BreadcrumbList\",\"@id\":\"https:\\\/\\\/izglitiba.valmierasnovads.lv\\\/dikluskola\\\/projekti\\\/#breadcrumb\",\"itemListElement\":[{\"@type\":\"ListItem\",\"position\":1,\"name\":\"Home\",\"item\":\"https:\\\/\\\/izglitiba.valmierasnovads.lv\\\/dikluskola\\\/\"},{\"@type\":\"ListItem\",\"position\":2,\"name\":\"Projekti\"}]},{\"@type\":\"WebSite\",\"@id\":\"https:\\\/\\\/izglitiba.valmierasnovads.lv\\\/dikluskola\\\/#website\",\"url\":\"https:\\\/\\\/izglitiba.valmierasnovads.lv\\\/dikluskola\\\/\",\"name\":\"Jura Neikena Dik\u013cu pamatskola\",\"description\":\"\",\"publisher\":{\"@id\":\"https:\\\/\\\/izglitiba.valmierasnovads.lv\\\/dikluskola\\\/#organization\"},\"potentialAction\":[{\"@type\":\"SearchAction\",\"target\":{\"@type\":\"EntryPoint\",\"urlTemplate\":\"https:\\\/\\\/izglitiba.valmierasnovads.lv\\\/dikluskola\\\/?s={search_term_string}\"},\"query-input\":{\"@type\":\"PropertyValueSpecification\",\"valueRequired\":true,\"valueName\":\"search_term_string\"}}],\"inLanguage\":\"lv-LV\"},{\"@type\":\"Organization\",\"@id\":\"https:\\\/\\\/izglitiba.valmierasnovads.lv\\\/dikluskola\\\/#organization\",\"name\":\"Jura Neikena Dik\u013cu pamatskola\",\"url\":\"https:\\\/\\\/izglitiba.valmierasnovads.lv\\\/dikluskola\\\/\",\"logo\":{\"@type\":\"ImageObject\",\"inLanguage\":\"lv-LV\",\"@id\":\"https:\\\/\\\/izglitiba.valmierasnovads.lv\\\/dikluskola\\\/#\\\/schema\\\/logo\\\/image\\\/\",\"url\":\"https:\\\/\\\/izglitiba.valmierasnovads.lv\\\/dikluskola\\\/wp-content\\\/uploads\\\/sites\\\/30\\\/2026\\\/05\\\/cropped-Skolas-logo-melns.png\",\"contentUrl\":\"https:\\\/\\\/izglitiba.valmierasnovads.lv\\\/dikluskola\\\/wp-content\\\/uploads\\\/sites\\\/30\\\/2026\\\/05\\\/cropped-Skolas-logo-melns.png\",\"width\":1296,\"height\":1403,\"caption\":\"Jura Neikena Dik\u013cu pamatskola\"},\"image\":{\"@id\":\"https:\\\/\\\/izglitiba.valmierasnovads.lv\\\/dikluskola\\\/#\\\/schema\\\/logo\\\/image\\\/\"}}]}<\/script>\n<!-- \/ Yoast SEO plugin. -->","yoast_head_json":{"title":"Projekti - Jura Neikena Dik\u013cu pamatskola","robots":{"index":"index","follow":"follow","max-snippet":"max-snippet:-1","max-image-preview":"max-image-preview:large","max-video-preview":"max-video-preview:-1"},"canonical":"https:\/\/izglitiba.valmierasnovads.lv\/dikluskola\/projekti\/","og_locale":"lv_LV","og_type":"article","og_title":"Projekti - Jura Neikena Dik\u013cu pamatskola","og_description":"&#8220;Dik\u013cu pop-up b\u0113rnu jaunie\u0161u centrs&#8221; Dik\u013cos s\u0101kas se\u0161u m\u0113ne\u0161u pilotprojekts b\u0113rnu un jaunie\u0161u centra izveidei Dik\u013cu pagast\u0101 izveidots centrs, kur\u0101 [&hellip;]","og_url":"https:\/\/izglitiba.valmierasnovads.lv\/dikluskola\/projekti\/","og_site_name":"Jura Neikena Dik\u013cu pamatskola","article_modified_time":"2026-08-18T12:19:43+00:00","og_image":[{"width":671,"height":537,"url":"https:\/\/izglitiba.valmierasnovads.lv\/dikluskola\/wp-content\/uploads\/sites\/30\/2026\/08\/talka.png","type":"image\/png"}],"twitter_card":"summary_large_image","twitter_misc":{"Est. reading time":"3 min\u016btes"},"schema":{"@context":"https:\/\/schema.org","@graph":[{"@type":"WebPage","@id":"https:\/\/izglitiba.valmierasnovads.lv\/dikluskola\/projekti\/","url":"https:\/\/izglitiba.valmierasnovads.lv\/dikluskola\/projekti\/","name":"Projekti - Jura Neikena Dik\u013cu pamatskola","isPartOf":{"@id":"https:\/\/izglitiba.valmierasnovads.lv\/dikluskola\/#website"},"primaryImageOfPage":{"@id":"https:\/\/izglitiba.valmierasnovads.lv\/dikluskola\/projekti\/#primaryimage"},"image":{"@id":"https:\/\/izglitiba.valmierasnovads.lv\/dikluskola\/projekti\/#primaryimage"},"thumbnailUrl":"https:\/\/izglitiba.valmierasnovads.lv\/dikluskola\/wp-content\/uploads\/sites\/30\/2026\/08\/talka.png","datePublished":"2026-02-16T12:47:00+00:00","dateModified":"2026-08-18T12:19:43+00:00","breadcrumb":{"@id":"https:\/\/izglitiba.valmierasnovads.lv\/dikluskola\/projekti\/#breadcrumb"},"inLanguage":"lv-LV","potentialAction":[{"@type":"ReadAction","target":["https:\/\/izglitiba.valmierasnovads.lv\/dikluskola\/projekti\/"]}]},{"@type":"ImageObject","inLanguage":"lv-LV","@id":"https:\/\/izglitiba.valmierasnovads.lv\/dikluskola\/projekti\/#primaryimage","url":"https:\/\/izglitiba.valmierasnovads.lv\/dikluskola\/wp-content\/uploads\/sites\/30\/2026\/08\/talka.png","contentUrl":"https:\/\/izglitiba.valmierasnovads.lv\/dikluskola\/wp-content\/uploads\/sites\/30\/2026\/08\/talka.png","width":671,"height":537},{"@type":"BreadcrumbList","@id":"https:\/\/izglitiba.valmierasnovads.lv\/dikluskola\/projekti\/#breadcrumb","itemListElement":[{"@type":"ListItem","position":1,"name":"Home","item":"https:\/\/izglitiba.valmierasnovads.lv\/dikluskola\/"},{"@type":"ListItem","position":2,"name":"Projekti"}]},{"@type":"WebSite","@id":"https:\/\/izglitiba.valmierasnovads.lv\/dikluskola\/#website","url":"https:\/\/izglitiba.valmierasnovads.lv\/dikluskola\/","name":"Jura Neikena Dik\u013cu pamatskola","description":"","publisher":{"@id":"https:\/\/izglitiba.valmierasnovads.lv\/dikluskola\/#organization"},"potentialAction":[{"@type":"SearchAction","target":{"@type":"EntryPoint","urlTemplate":"https:\/\/izglitiba.valmierasnovads.lv\/dikluskola\/?s={search_term_string}"},"query-input":{"@type":"PropertyValueSpecification","valueRequired":true,"valueName":"search_term_string"}}],"inLanguage":"lv-LV"},{"@type":"Organization","@id":"https:\/\/izglitiba.valmierasnovads.lv\/dikluskola\/#organization","name":"Jura Neikena Dik\u013cu pamatskola","url":"https:\/\/izglitiba.valmierasnovads.lv\/dikluskola\/","logo":{"@type":"ImageObject","inLanguage":"lv-LV","@id":"https:\/\/izglitiba.valmierasnovads.lv\/dikluskola\/#\/schema\/logo\/image\/","url":"https:\/\/izglitiba.valmierasnovads.lv\/dikluskola\/wp-content\/uploads\/sites\/30\/2026\/05\/cropped-Skolas-logo-melns.png","contentUrl":"https:\/\/izglitiba.valmierasnovads.lv\/dikluskola\/wp-content\/uploads\/sites\/30\/2026\/05\/cropped-Skolas-logo-melns.png","width":1296,"height":1403,"caption":"Jura Neikena Dik\u013cu pamatskola"},"image":{"@id":"https:\/\/izglitiba.valmierasnovads.lv\/dikluskola\/#\/schema\/logo\/image\/"}}]}},"_links":{"self":[{"href":"https:\/\/izglitiba.valmierasnovads.lv\/dikluskola\/wp-json\/wp\/v2\/pages\/124","targetHints":{"allow":["GET"]}}],"collection":[{"href":"https:\/\/izglitiba.valmierasnovads.lv\/dikluskola\/wp-json\/wp\/v2\/pages"}],"about":[{"href":"https:\/\/izglitiba.valmierasnovads.lv\/dikluskola\/wp-json\/wp\/v2\/types\/page"}],"author":[{"embeddable":true,"href":"https:\/\/izglitiba.valmierasnovads.lv\/dikluskola\/wp-json\/wp\/v2\/users\/71"}],"replies":[{"embeddable":true,"href":"https:\/\/izglitiba.valmierasnovads.lv\/dikluskola\/wp-json\/wp\/v2\/comments?post=124"}],"version-history":[{"count":6,"href":"https:\/\/izglitiba.valmierasnovads.lv\/dikluskola\/wp-json\/wp\/v2\/pages\/124\/revisions"}],"predecessor-version":[{"id":307,"href":"https:\/\/izglitiba.valmierasnovads.lv\/dikluskola\/wp-json\/wp\/v2\/pages\/124\/revisions\/307"}],"wp:attachment":[{"href":"https:\/\/izglitiba.valmierasnovads.lv\/dikluskola\/wp-json\/wp\/v2\/media?parent=124"}],"curies":[{"name":"wp","href":"https:\/\/api.w.org\/{rel}","templated":true}]}}