{"id":7,"date":"2025-04-08T09:48:36","date_gmt":"2025-04-08T06:48:36","guid":{"rendered":"https:\/\/izglitiba.valmierasnovads.lv\/karliena\/sakumlapa\/"},"modified":"2026-01-17T07:39:32","modified_gmt":"2026-01-17T05:39:32","slug":"sakumlapa","status":"publish","type":"page","link":"https:\/\/izglitiba.valmierasnovads.lv\/karliena\/","title":{"rendered":"S\u0101kumlapa"},"content":{"rendered":"\n<div class=\"main-slider\">\n    <div><img decoding=\"async\" src=\"https:\/\/izglitiba.valmierasnovads.lv\/karliena\/wp-content\/uploads\/sites\/8\/2025\/07\/Karliena.jpg\" alt=\"\"><\/div><\/div>\n\n\n<div class=\"news-slider-wrapper\">\n    <h2>Jaunumi<\/h2>\n    <p class=\"link\"><a href=\"https:\/\/izglitiba.valmierasnovads.lv\/karliena\/jaunumi\" title=\"Las\u012bt visus jaunumus\">Las\u012bt visus<\/a><\/p>\n    <div class=\"news-slider\">\n        <div class=\"item\"><a href=\"https:\/\/izglitiba.valmierasnovads.lv\/karliena\/2026\/04\/26\/olimpiska-diena-karliena\/\">\n                        <div class=\"item-image\"><img decoding=\"async\" src=\" https:\/\/izglitiba.valmierasnovads.lv\/karliena\/wp-content\/uploads\/sites\/8\/2026\/04\/Olimpiska-diena-Karliena-JAUNUMI.jpg \" \/><\/div><div class=\"item-title\">&#8221;Olimpisk\u0101 diena 2026&#8221;<\/div><div class=\"item-date\">26.04.2026<\/div><div class=\"item-description\">2026. gada 24. apr\u012bl\u012b m\u016bsu iest\u0101d\u0113 tika atz\u012bm\u0113ta Olimpisk\u0101 diena &#8211; akt\u012bva, iedvesmojo&#8230;<\/div>\n                        <\/a><div class=\"item-link\"><a href=\"https:\/\/izglitiba.valmierasnovads.lv\/karliena\/2026\/04\/26\/olimpiska-diena-karliena\/\">Las\u012bt vair\u0101k<\/a><\/div><\/div><div class=\"item\"><a href=\"https:\/\/izglitiba.valmierasnovads.lv\/karliena\/2026\/04\/17\/marites-grupa-ciemojas-valmieras-biblioteka-un-iepazist-emociju-pasauli\/\">\n                        <div class=\"item-image\"><img decoding=\"async\" src=\" https:\/\/izglitiba.valmierasnovads.lv\/karliena\/wp-content\/uploads\/sites\/8\/2026\/04\/Marites-grupas-ciemosanas-Valmieras-biblioteka-JAUNUMI.jpg \" \/><\/div><div class=\"item-title\">\u201cM\u0101r\u012btes\u201d grupa ciemoj\u0101s Valmieras bibliot\u0113k\u0101 un iepazina emociju pasauli<\/div><div class=\"item-date\">17.04.2026<\/div><div class=\"item-description\">2026. gada 16. apr\u012bl\u012b grupa \u201cM\u0101r\u012btes\u201d piedal\u012bj\u0101s tematiskaj\u0101 r\u012bt\u0101 \u201cJ\u016btu un saj\u016btu k&#8230;<\/div>\n                        <\/a><div class=\"item-link\"><a href=\"https:\/\/izglitiba.valmierasnovads.lv\/karliena\/2026\/04\/17\/marites-grupa-ciemojas-valmieras-biblioteka-un-iepazist-emociju-pasauli\/\">Las\u012bt vair\u0101k<\/a><\/div><\/div><div class=\"item\"><a href=\"https:\/\/izglitiba.valmierasnovads.lv\/karliena\/2026\/04\/12\/taurinu-grupas-muzeja-apmeklejums\/\">\n                        <div class=\"item-image\"><img decoding=\"async\" src=\" https:\/\/izglitiba.valmierasnovads.lv\/karliena\/wp-content\/uploads\/sites\/8\/2026\/04\/Taurinu-grupas-muzeja-apmeklejums.jpg \" \/><\/div><div class=\"item-title\">&#8221;Tauri\u0146u&#8221; grupas muzeja apmekl\u0113jums<\/div><div class=\"item-date\">12.04.2026<\/div><div class=\"item-description\">2026. gada 10. apr\u012bl\u012b \u201cTauri\u0146u\u201d grupas b\u0113rni, kuri jau pavisam dr\u012bz uzs\u0101ks skolas gaitas, &#8230;<\/div>\n                        <\/a><div class=\"item-link\"><a href=\"https:\/\/izglitiba.valmierasnovads.lv\/karliena\/2026\/04\/12\/taurinu-grupas-muzeja-apmeklejums\/\">Las\u012bt vair\u0101k<\/a><\/div><\/div><div class=\"item\"><a href=\"https:\/\/izglitiba.valmierasnovads.lv\/karliena\/2026\/04\/02\/lieldienu-iesuposana-karliena\/\">\n                        <div class=\"item-image\"><img decoding=\"async\" src=\" https:\/\/izglitiba.valmierasnovads.lv\/karliena\/wp-content\/uploads\/sites\/8\/2026\/04\/Lieldienu-iesuposana-Karliena.jpg \" \/><\/div><div class=\"item-title\">Lieldienu ie\u0161\u016bpo\u0161ana<\/div><div class=\"item-date\">02.04.2026<\/div><div class=\"item-description\">2026. gada 2. apr\u012bl\u012b pavasar\u012bgais Lieldienu r\u012bts s\u0101k\u0101s ar saules staru, kas sol\u012bja siltumu, p&#8230;<\/div>\n                        <\/a><div class=\"item-link\"><a href=\"https:\/\/izglitiba.valmierasnovads.lv\/karliena\/2026\/04\/02\/lieldienu-iesuposana-karliena\/\">Las\u012bt vair\u0101k<\/a><\/div><\/div><div class=\"item\"><a href=\"https:\/\/izglitiba.valmierasnovads.lv\/karliena\/2026\/03\/26\/teatra-dienas-musu-iestade-par-godu-vinnijam-pukam\/\">\n                        <div class=\"item-image\"><img decoding=\"async\" src=\" https:\/\/izglitiba.valmierasnovads.lv\/karliena\/wp-content\/uploads\/sites\/8\/2026\/03\/Teatra-dienas-Karliena-JAUNUMI.jpg \" \/><\/div><div class=\"item-title\">Te\u0101tra dienas m\u016bsu iest\u0101d\u0113 par godu Vinnijam P\u016bkam<\/div><div class=\"item-date\">26.03.2026<\/div><div class=\"item-description\">2026. gada 26. un 27. mart\u0101 m\u016bsu b\u0113rnud\u0101rz\u0101 norisin\u0101j\u0101s Te\u0101tra dienas, kas \u0161oreiz tika velt&#8230;<\/div>\n                        <\/a><div class=\"item-link\"><a href=\"https:\/\/izglitiba.valmierasnovads.lv\/karliena\/2026\/03\/26\/teatra-dienas-musu-iestade-par-godu-vinnijam-pukam\/\">Las\u012bt vair\u0101k<\/a><\/div><\/div><div class=\"item\"><a href=\"https:\/\/izglitiba.valmierasnovads.lv\/karliena\/2026\/03\/26\/vecvecaku-pecpusdienas-musu-iestade-2026\/\">\n                        <div class=\"item-image\"><img decoding=\"async\" src=\" https:\/\/izglitiba.valmierasnovads.lv\/karliena\/wp-content\/uploads\/sites\/8\/2026\/03\/Vecvecaku-pecpusdiena.jpg \" \/><\/div><div class=\"item-title\">Kop\u0101 b\u016b\u0161anas prieks ar vecvec\u0101kiem<\/div><div class=\"item-date\">26.03.2026<\/div><div class=\"item-description\">2026. gada 26. mart\u0101 m\u016bsu iest\u0101d\u0113 norisin\u0101j\u0101s pirmais \u0161\u012b gada vecvec\u0101ku p\u0113cpusdienas pas\u0101&#8230;<\/div>\n                        <\/a><div class=\"item-link\"><a href=\"https:\/\/izglitiba.valmierasnovads.lv\/karliena\/2026\/03\/26\/vecvecaku-pecpusdienas-musu-iestade-2026\/\">Las\u012bt vair\u0101k<\/a><\/div><\/div><div class=\"item\"><a href=\"https:\/\/izglitiba.valmierasnovads.lv\/karliena\/2026\/03\/04\/sniega-diena-karliena-jautri-nosledzam-ziemu\/\">\n                        <div class=\"item-image\"><img decoding=\"async\" src=\" https:\/\/izglitiba.valmierasnovads.lv\/karliena\/wp-content\/uploads\/sites\/8\/2026\/03\/Sniega-diena-1.jpg \" \/><\/div><div class=\"item-title\">Sniega diena K\u0101rlien\u0101 &#8211; jautri nosl\u0113dzam ziemu!<\/div><div class=\"item-date\">04.03.2026<\/div><div class=\"item-description\">2026. gada 28.febru\u0101r\u012b m\u016bsu b\u0113rnud\u0101rz\u0101 vald\u012bja \u012bsta ziemas jautr\u012bba &#8211; balts sniegs,sm&#8230;<\/div>\n                        <\/a><div class=\"item-link\"><a href=\"https:\/\/izglitiba.valmierasnovads.lv\/karliena\/2026\/03\/04\/sniega-diena-karliena-jautri-nosledzam-ziemu\/\">Las\u012bt vair\u0101k<\/a><\/div><\/div><div class=\"item\"><a href=\"https:\/\/izglitiba.valmierasnovads.lv\/karliena\/2026\/03\/04\/marites-un-taurinu-grupa-uzsak-peldetapmacibu\/\">\n                        <div class=\"item-image\"><img decoding=\"async\" src=\" https:\/\/izglitiba.valmierasnovads.lv\/karliena\/wp-content\/uploads\/sites\/8\/2026\/03\/Peldetapmaciba.jpg \" \/><\/div><div class=\"item-title\">\u201cM\u0101r\u012btes\u201d un \u201cTauri\u0146u\u201d grupa uzs\u0101k peld\u0113tapm\u0101c\u012bbu<\/div><div class=\"item-date\">04.03.2026<\/div><div class=\"item-description\"><\/div>\n                        <\/a><div class=\"item-link\"><a href=\"https:\/\/izglitiba.valmierasnovads.lv\/karliena\/2026\/03\/04\/marites-un-taurinu-grupa-uzsak-peldetapmacibu\/\">Las\u012bt vair\u0101k<\/a><\/div><\/div><div class=\"item\"><a href=\"https:\/\/izglitiba.valmierasnovads.lv\/karliena\/2026\/02\/12\/metendienas-rosiba-musu-pagalma\/\">\n                        <div class=\"item-image\"><img decoding=\"async\" src=\" https:\/\/izglitiba.valmierasnovads.lv\/karliena\/wp-content\/uploads\/sites\/8\/2026\/02\/Metendiena.jpg \" \/><\/div><div class=\"item-title\">Mete\u0146diena<\/div><div class=\"item-date\">12.02.2026<\/div><div class=\"item-description\">2026. gada 12. febru\u0101r\u012b m\u016bsu b\u0113rnud\u0101rza pagalm\u0101 vald\u012bja \u012bsta ros\u012bba &#8211; tika svin\u0113ta M&#8230;<\/div>\n                        <\/a><div class=\"item-link\"><a href=\"https:\/\/izglitiba.valmierasnovads.lv\/karliena\/2026\/02\/12\/metendienas-rosiba-musu-pagalma\/\">Las\u012bt vair\u0101k<\/a><\/div><\/div><div class=\"item\"><a href=\"https:\/\/izglitiba.valmierasnovads.lv\/karliena\/2026\/02\/10\/valmieras-pargaujas-sakumskolas-apmeklejums\/\">\n                        <div class=\"item-image\"><img decoding=\"async\" src=\" https:\/\/izglitiba.valmierasnovads.lv\/karliena\/wp-content\/uploads\/sites\/8\/2026\/02\/18.jpg \" \/><\/div><div class=\"item-title\">Valmieras P\u0101rgaujas s\u0101kumskolas apmekl\u0113jums<\/div><div class=\"item-date\">10.02.2026<\/div><div class=\"item-description\">2026. gada 9.febru\u0101r\u012b &#8221;M\u0101r\u012btes&#8221; un &#8221;Tauri\u0146u&#8221; grupas b\u0113rni dev\u0101s iepaz&#8230;<\/div>\n                        <\/a><div class=\"item-link\"><a href=\"https:\/\/izglitiba.valmierasnovads.lv\/karliena\/2026\/02\/10\/valmieras-pargaujas-sakumskolas-apmeklejums\/\">Las\u012bt vair\u0101k<\/a><\/div><\/div>    <\/div>\n<\/div>   \n\n\n\n\n\n<div class='line-wrapper'>\n<\/div>\n<div class=\"poster-slider-wrapper\">\n    <h2>Afi\u0161a<\/h2>\n    <p class=\"link\"><a href=\"https:\/\/izglitiba.valmierasnovads.lv\/karliena\/afisas\" title=\"Skat\u012bt visas galerijas\">Skat\u012bt visas<\/a><\/p>\n    <div class=\"poster-slider\">\n        <div class=\"item\"><div class=\"item-image\"><a id=\"call_gallery\" class=\"cboxElement\" data-fancybox-trigger=\"gallery\" data-fancybox-index=\"0\"><img decoding=\"async\" src=\" https:\/\/izglitiba.valmierasnovads.lv\/karliena\/wp-content\/uploads\/sites\/8\/2026\/04\/Olimpiska-diena-Karliena.jpg \" \/><\/a><\/div><\/div><div class=\"item\"><div class=\"item-image\"><a id=\"call_gallery\" class=\"cboxElement\" data-fancybox-trigger=\"gallery\" data-fancybox-index=\"1\"><img decoding=\"async\" src=\" https:\/\/izglitiba.valmierasnovads.lv\/karliena\/wp-content\/uploads\/sites\/8\/2026\/04\/Muzikala-izrade-berniem-4-skaisti-gadalaiki.jpg \" \/><\/a><\/div><\/div><div class=\"item\"><div class=\"item-image\"><a id=\"call_gallery\" class=\"cboxElement\" data-fancybox-trigger=\"gallery\" data-fancybox-index=\"2\"><img decoding=\"async\" src=\" https:\/\/izglitiba.valmierasnovads.lv\/karliena\/wp-content\/uploads\/sites\/8\/2026\/03\/Lieldienu-iesuposana-Karliena-AFISA.jpg \" \/><\/a><\/div><\/div><div class=\"item\"><div class=\"item-image\"><a id=\"call_gallery\" class=\"cboxElement\" data-fancybox-trigger=\"gallery\" data-fancybox-index=\"3\"><img decoding=\"async\" src=\" https:\/\/izglitiba.valmierasnovads.lv\/karliena\/wp-content\/uploads\/sites\/8\/2026\/03\/I.Lipskas-koncerts-Vitaminu-ballite.jpg \" \/><\/a><\/div><\/div><div class=\"item\"><div class=\"item-image\"><a id=\"call_gallery\" class=\"cboxElement\" data-fancybox-trigger=\"gallery\" data-fancybox-index=\"4\"><img decoding=\"async\" src=\" https:\/\/izglitiba.valmierasnovads.lv\/karliena\/wp-content\/uploads\/sites\/8\/2026\/03\/Teatra-dienas-Karliena-AFISA.png \" \/><\/a><\/div><\/div><div class=\"item\"><div class=\"item-image\"><a id=\"call_gallery\" class=\"cboxElement\" data-fancybox-trigger=\"gallery\" data-fancybox-index=\"5\"><img decoding=\"async\" src=\" https:\/\/izglitiba.valmierasnovads.lv\/karliena\/wp-content\/uploads\/sites\/8\/2026\/02\/Sniega-diena-Karliena-2026.jpg \" \/><\/a><\/div><\/div><div class=\"item\"><div class=\"item-image\"><a id=\"call_gallery\" class=\"cboxElement\" data-fancybox-trigger=\"gallery\" data-fancybox-index=\"6\"><img decoding=\"async\" src=\" https:\/\/izglitiba.valmierasnovads.lv\/karliena\/wp-content\/uploads\/sites\/8\/2026\/02\/Metendiena-AFISA.jpg \" \/><\/a><\/div><\/div><div class=\"item\"><div class=\"item-image\"><a id=\"call_gallery\" class=\"cboxElement\" data-fancybox-trigger=\"gallery\" data-fancybox-index=\"7\"><img decoding=\"async\" src=\" https:\/\/izglitiba.valmierasnovads.lv\/karliena\/wp-content\/uploads\/sites\/8\/2026\/02\/Rigas-lellu-teatra-izrade-Sapnu-kugis.jpg \" \/><\/a><\/div><\/div><div class=\"item\"><div class=\"item-image\"><a id=\"call_gallery\" class=\"cboxElement\" data-fancybox-trigger=\"gallery\" data-fancybox-index=\"8\"><img decoding=\"async\" src=\" https:\/\/izglitiba.valmierasnovads.lv\/karliena\/wp-content\/uploads\/sites\/8\/2026\/01\/D.Rijnieka-koncerts-Dosimies-darza.jpg \" \/><\/a><\/div><\/div><div class=\"item\"><div class=\"item-image\"><a id=\"call_gallery\" class=\"cboxElement\" data-fancybox-trigger=\"gallery\" data-fancybox-index=\"9\"><img decoding=\"async\" src=\" https:\/\/izglitiba.valmierasnovads.lv\/karliena\/wp-content\/uploads\/sites\/8\/2025\/12\/Afisa-RUKU-CELS-UZ-SVETKIEM_page-0001.jpg \" \/><\/a><\/div><\/div>    <\/div>\n    <div style=\"display: hidden;\">\n        <a href=\"https:\/\/izglitiba.valmierasnovads.lv\/karliena\/wp-content\/uploads\/sites\/8\/2026\/04\/Olimpiska-diena-Karliena.jpg\" data-fancybox=\"gallery\"><\/a><a href=\"https:\/\/izglitiba.valmierasnovads.lv\/karliena\/wp-content\/uploads\/sites\/8\/2026\/04\/Muzikala-izrade-berniem-4-skaisti-gadalaiki.jpg\" data-fancybox=\"gallery\"><\/a><a href=\"https:\/\/izglitiba.valmierasnovads.lv\/karliena\/wp-content\/uploads\/sites\/8\/2026\/03\/Lieldienu-iesuposana-Karliena-AFISA.jpg\" data-fancybox=\"gallery\"><\/a><a href=\"https:\/\/izglitiba.valmierasnovads.lv\/karliena\/wp-content\/uploads\/sites\/8\/2026\/03\/I.Lipskas-koncerts-Vitaminu-ballite.jpg\" data-fancybox=\"gallery\"><\/a><a href=\"https:\/\/izglitiba.valmierasnovads.lv\/karliena\/wp-content\/uploads\/sites\/8\/2026\/03\/Teatra-dienas-Karliena-AFISA.png\" data-fancybox=\"gallery\"><\/a><a href=\"https:\/\/izglitiba.valmierasnovads.lv\/karliena\/wp-content\/uploads\/sites\/8\/2026\/02\/Sniega-diena-Karliena-2026.jpg\" data-fancybox=\"gallery\"><\/a><a href=\"https:\/\/izglitiba.valmierasnovads.lv\/karliena\/wp-content\/uploads\/sites\/8\/2026\/02\/Metendiena-AFISA.jpg\" data-fancybox=\"gallery\"><\/a><a href=\"https:\/\/izglitiba.valmierasnovads.lv\/karliena\/wp-content\/uploads\/sites\/8\/2026\/02\/Rigas-lellu-teatra-izrade-Sapnu-kugis.jpg\" data-fancybox=\"gallery\"><\/a><a href=\"https:\/\/izglitiba.valmierasnovads.lv\/karliena\/wp-content\/uploads\/sites\/8\/2026\/01\/D.Rijnieka-koncerts-Dosimies-darza.jpg\" data-fancybox=\"gallery\"><\/a><a href=\"https:\/\/izglitiba.valmierasnovads.lv\/karliena\/wp-content\/uploads\/sites\/8\/2025\/12\/Afisa-RUKU-CELS-UZ-SVETKIEM_page-0001.jpg\" data-fancybox=\"gallery\"><\/a>    <\/div>\n<\/div>\n\n\n\n<div class='line-wrapper'>\n<\/div>\n<div class=\"gallery-slider-wrapper\">\n<h2>Galerija<\/h2>\n<p class=\"link\"><a href=\"https:\/\/izglitiba.valmierasnovads.lv\/karliena\/galerijas\" title=\"Skat\u012bt visas galerijas\">Skat\u012bt visas<\/a><\/p>\n<div class=\"gallery-slider\">\n    <div class=\"item\"><div class=\"item-image\"><a href=\"https:\/\/izglitiba.valmierasnovads.lv\/karliena\/galery\/olimpiska-diena-karliena\/\"><img decoding=\"async\" src=\" https:\/\/izglitiba.valmierasnovads.lv\/karliena\/wp-content\/uploads\/sites\/8\/2026\/04\/Olimpiska-diena-Karliena-GALERIJA.jpg \" \/><div class=\"item-description\"><div class=\"item-title\">&#8221;Olimpisk\u0101 diena 2026&#8221;<\/div><div class=\"item-count\">20 att\u0113li<\/div><\/div><\/a><\/div><div class=\"item-bottom\"><\/div><\/div><div class=\"item\"><div class=\"item-image\"><a href=\"https:\/\/izglitiba.valmierasnovads.lv\/karliena\/galery\/kopa-busanas-prieks-ar-vecvecakiem\/\"><img decoding=\"async\" src=\" https:\/\/izglitiba.valmierasnovads.lv\/karliena\/wp-content\/uploads\/sites\/8\/2026\/04\/Vecvecaku-pecpusdiena.jpg \" \/><div class=\"item-description\"><div class=\"item-title\">Kop\u0101 b\u016b\u0161anas prieks ar vecvec\u0101kiem<\/div><div class=\"item-count\">12 att\u0113li<\/div><\/div><\/a><\/div><div class=\"item-bottom\"><\/div><\/div><div class=\"item\"><div class=\"item-image\"><a href=\"https:\/\/izglitiba.valmierasnovads.lv\/karliena\/galery\/lieldienu-iesuposana-karliena\/\"><img decoding=\"async\" src=\" https:\/\/izglitiba.valmierasnovads.lv\/karliena\/wp-content\/uploads\/sites\/8\/2026\/04\/Lieldienu-iesuposana-Karliena-1.jpg \" \/><div class=\"item-description\"><div class=\"item-title\">Lieldienu ie\u0161\u016bpo\u0161ana<\/div><div class=\"item-count\">24 att\u0113li<\/div><\/div><\/a><\/div><div class=\"item-bottom\"><\/div><\/div><div class=\"item\"><div class=\"item-image\"><a href=\"https:\/\/izglitiba.valmierasnovads.lv\/karliena\/galery\/sniega-diena-karliena\/\"><img decoding=\"async\" src=\" https:\/\/izglitiba.valmierasnovads.lv\/karliena\/wp-content\/uploads\/sites\/8\/2026\/03\/Sniega-diena.jpg \" \/><div class=\"item-description\"><div class=\"item-title\">Sniega diena &#8221;K\u0101rlien\u0101&#8221;<\/div><div class=\"item-count\">7 att\u0113li<\/div><\/div><\/a><\/div><div class=\"item-bottom\"><\/div><\/div><div class=\"item\"><div class=\"item-image\"><a href=\"https:\/\/izglitiba.valmierasnovads.lv\/karliena\/galery\/metendiena\/\"><img decoding=\"async\" src=\" https:\/\/izglitiba.valmierasnovads.lv\/karliena\/wp-content\/uploads\/sites\/8\/2026\/02\/Metendiena-2.jpg \" \/><div class=\"item-description\"><div class=\"item-title\">Mete\u0146diena<\/div><div class=\"item-count\">5 att\u0113li<\/div><\/div><\/a><\/div><div class=\"item-bottom\"><\/div><\/div><div class=\"item\"><div class=\"item-image\"><a href=\"https:\/\/izglitiba.valmierasnovads.lv\/karliena\/galery\/valmieras-pargaujas-sakumskolas-apmeklejums\/\"><img decoding=\"async\" src=\" https:\/\/izglitiba.valmierasnovads.lv\/karliena\/wp-content\/uploads\/sites\/8\/2026\/02\/10.jpg \" \/><div class=\"item-description\"><div class=\"item-title\">Valmieras P\u0101rgaujas s\u0101kumskolas apmekl\u0113jums<\/div><div class=\"item-count\">8 att\u0113li<\/div><\/div><\/a><\/div><div class=\"item-bottom\"><\/div><\/div><div class=\"item\"><div class=\"item-image\"><a href=\"https:\/\/izglitiba.valmierasnovads.lv\/karliena\/galery\/kan\/\"><img decoding=\"async\" src=\" https:\/\/izglitiba.valmierasnovads.lv\/karliena\/wp-content\/uploads\/sites\/8\/2026\/01\/9.jpg \" \/><div class=\"item-description\"><div class=\"item-title\">Izgl\u012btojo\u0161a kanisterapijas nodarb\u012bba \u201dZa\u0137\u0113nu\u201d grupas b\u0113rniem<\/div><div class=\"item-count\">5 att\u0113li<\/div><\/div><\/a><\/div><div class=\"item-bottom\"><\/div><\/div><div class=\"item\"><div class=\"item-image\"><a href=\"https:\/\/izglitiba.valmierasnovads.lv\/karliena\/galery\/cela-uz-ziemassvetkiem-kopa-ar-salaveciti\/\"><img decoding=\"async\" src=\" https:\/\/izglitiba.valmierasnovads.lv\/karliena\/wp-content\/uploads\/sites\/8\/2025\/12\/Bildes-Karlienas-majaslapai-sadala-GALERIJAS.jpg \" \/><div class=\"item-description\"><div class=\"item-title\">Ce\u013c\u0101 uz Ziemassv\u0113tkiem kop\u0101 ar Salavec\u012bti<\/div><div class=\"item-count\">5 att\u0113li<\/div><\/div><\/a><\/div><div class=\"item-bottom\"><\/div><\/div><div class=\"item\"><div class=\"item-image\"><a href=\"https:\/\/izglitiba.valmierasnovads.lv\/karliena\/galery\/skrejiens-mazais-latvijas-patriots\/\"><img decoding=\"async\" src=\" https:\/\/izglitiba.valmierasnovads.lv\/karliena\/wp-content\/uploads\/sites\/8\/2025\/11\/6.jpg \" \/><div class=\"item-description\"><div class=\"item-title\">Skr\u0113jiens &#8221;Mazais Latvijas patriots&#8221;<\/div><div class=\"item-count\">5 att\u0113li<\/div><\/div><\/a><\/div><div class=\"item-bottom\"><\/div><\/div><div class=\"item\"><div class=\"item-image\"><a href=\"https:\/\/izglitiba.valmierasnovads.lv\/karliena\/galery\/martindiena\/\"><img decoding=\"async\" src=\" https:\/\/izglitiba.valmierasnovads.lv\/karliena\/wp-content\/uploads\/sites\/8\/2025\/11\/Bildes-Karlienas-majaslapai-sadala-GALERIJAS.jpg \" \/><div class=\"item-description\"><div class=\"item-title\">M\u0101rti\u0146diena<\/div><div class=\"item-count\">5 att\u0113li<\/div><\/div><\/a><\/div><div class=\"item-bottom\"><\/div><\/div><\/div>\n<\/div>\n\n\n<div class='line-wrapper'>\n<\/div>\n<div class=\"partner-slider-wrapper\">\n    <div class=\"partner-slider\">\n        <div class=\"item\"><div class=\"item-logo\"><a href=\"https:\/\/www.e-klase.lv\/\"><img decoding=\"async\" src=\"https:\/\/izglitiba.valmierasnovads.lv\/karliena\/wp-content\/uploads\/sites\/8\/2025\/07\/E-klase.jpg\" alt=\"Eklase\" \/><\/a><\/div><\/div><div class=\"item\"><div class=\"item-logo\"><a href=\"https:\/\/skolo.lv\/\"><img decoding=\"async\" src=\"https:\/\/izglitiba.valmierasnovads.lv\/karliena\/wp-content\/uploads\/sites\/8\/2025\/07\/skolo.jpg\" alt=\"Skolo.lv\" \/><\/a><\/div><\/div><div class=\"item\"><div class=\"item-logo\"><a href=\"https:\/\/www.skolasvards.lv\/\"><img decoding=\"async\" src=\"https:\/\/izglitiba.valmierasnovads.lv\/karliena\/wp-content\/uploads\/sites\/8\/2025\/07\/skolas_vards.jpg\" alt=\"Skolas v\u0101rds\" \/><\/a><\/div><\/div><div class=\"item\"><div class=\"item-logo\"><a href=\"https:\/\/www.valmierasnovads.lv\/\"><img decoding=\"async\" src=\"https:\/\/izglitiba.valmierasnovads.lv\/karliena\/wp-content\/uploads\/sites\/8\/2025\/07\/valmieras_novads.jpg\" alt=\"Valmieras novads\" \/><\/a><\/div><\/div><div class=\"item\"><div class=\"item-logo\"><a href=\"https:\/\/www.lizda.lv\/\"><img decoding=\"async\" src=\"https:\/\/izglitiba.valmierasnovads.lv\/karliena\/wp-content\/uploads\/sites\/8\/2025\/07\/lizda.jpg\" alt=\"LIZDA\" \/><\/a><\/div><\/div><div class=\"item\"><div class=\"item-logo\"><a href=\"https:\/\/www.izm.gov.lv\/lv\"><img decoding=\"async\" src=\"https:\/\/izglitiba.valmierasnovads.lv\/karliena\/wp-content\/uploads\/sites\/8\/2025\/07\/izm.jpg\" alt=\"IZM\" \/><\/a><\/div><\/div><div class=\"item\"><div class=\"item-logo\"><a href=\"https:\/\/www.visc.gov.lv\/lv\"><img decoding=\"async\" src=\"https:\/\/izglitiba.valmierasnovads.lv\/karliena\/wp-content\/uploads\/sites\/8\/2025\/07\/visc.jpg\" alt=\"VISC\" \/><\/a><\/div><\/div>    <\/div>\n<\/div>","protected":false},"excerpt":{"rendered":"","protected":false},"author":1,"featured_media":82,"parent":0,"menu_order":0,"comment_status":"closed","ping_status":"closed","template":"","meta":{"_acf_changed":false,"site-sidebar-layout":"default","site-content-layout":"","ast-site-content-layout":"default","site-content-style":"default","site-sidebar-style":"default","ast-global-header-display":"","ast-banner-title-visibility":"","ast-main-header-display":"","ast-hfb-above-header-display":"","ast-hfb-below-header-display":"","ast-hfb-mobile-header-display":"","site-post-title":"","ast-breadcrumbs-content":"","ast-featured-img":"disabled","footer-sml-layout":"","ast-disable-related-posts":"","theme-transparent-header-meta":"","adv-header-id-meta":"","stick-header-meta":"","header-above-stick-meta":"","header-main-stick-meta":"","header-below-stick-meta":"","astra-migrate-meta-layouts":"default","ast-page-background-enabled":"default","ast-page-background-meta":{"desktop":{"background-color":"var(--ast-global-color-5)","background-image":"","background-repeat":"repeat","background-position":"center center","background-size":"auto","background-attachment":"scroll","background-type":"","background-media":"","overlay-type":"","overlay-color":"","overlay-opacity":"","overlay-gradient":""},"tablet":{"background-color":"","background-image":"","background-repeat":"repeat","background-position":"center center","background-size":"auto","background-attachment":"scroll","background-type":"","background-media":"","overlay-type":"","overlay-color":"","overlay-opacity":"","overlay-gradient":""},"mobile":{"background-color":"","background-image":"","background-repeat":"repeat","background-position":"center center","background-size":"auto","background-attachment":"scroll","background-type":"","background-media":"","overlay-type":"","overlay-color":"","overlay-opacity":"","overlay-gradient":""}},"ast-content-background-meta":{"desktop":{"background-color":"var(--ast-global-color-4)","background-image":"","background-repeat":"repeat","background-position":"center center","background-size":"auto","background-attachment":"scroll","background-type":"","background-media":"","overlay-type":"","overlay-color":"","overlay-opacity":"","overlay-gradient":""},"tablet":{"background-color":"var(--ast-global-color-4)","background-image":"","background-repeat":"repeat","background-position":"center center","background-size":"auto","background-attachment":"scroll","background-type":"","background-media":"","overlay-type":"","overlay-color":"","overlay-opacity":"","overlay-gradient":""},"mobile":{"background-color":"var(--ast-global-color-4)","background-image":"","background-repeat":"repeat","background-position":"center center","background-size":"auto","background-attachment":"scroll","background-type":"","background-media":"","overlay-type":"","overlay-color":"","overlay-opacity":"","overlay-gradient":""}},"footnotes":""},"class_list":["post-7","page","type-page","status-publish","has-post-thumbnail","hentry"],"acf":[],"yoast_head":"<!-- This site is optimized with the Yoast SEO plugin v27.0 - https:\/\/yoast.com\/product\/yoast-seo-wordpress\/ -->\n<title>S\u0101kumlapa - Valmieras pirmsskolas izgl\u012bt\u012bbas iest\u0101de \u201cK\u0101rliena\u201d<\/title>\n<meta name=\"robots\" content=\"index, follow, max-snippet:-1, max-image-preview:large, max-video-preview:-1\" \/>\n<link rel=\"canonical\" href=\"https:\/\/izglitiba.valmierasnovads.lv\/karliena\/\" \/>\n<meta property=\"og:locale\" content=\"lv_LV\" \/>\n<meta property=\"og:type\" content=\"article\" \/>\n<meta property=\"og:title\" content=\"S\u0101kumlapa - Valmieras pirmsskolas izgl\u012bt\u012bbas iest\u0101de \u201cK\u0101rliena\u201d\" \/>\n<meta property=\"og:url\" content=\"https:\/\/izglitiba.valmierasnovads.lv\/karliena\/\" \/>\n<meta property=\"og:site_name\" content=\"Valmieras pirmsskolas izgl\u012bt\u012bbas iest\u0101de \u201cK\u0101rliena\u201d\" \/>\n<meta property=\"article:modified_time\" content=\"2026-01-17T05:39:32+00:00\" \/>\n<meta property=\"og:image\" content=\"https:\/\/izglitiba.valmierasnovads.lv\/karliena\/wp-content\/uploads\/sites\/8\/2025\/07\/Karliena.jpg\" \/>\n\t<meta property=\"og:image:width\" content=\"1968\" \/>\n\t<meta property=\"og:image:height\" content=\"749\" \/>\n\t<meta property=\"og:image:type\" content=\"image\/jpeg\" \/>\n<meta name=\"twitter:card\" content=\"summary_large_image\" \/>\n<meta name=\"twitter:label1\" content=\"Est. reading time\" \/>\n\t<meta name=\"twitter:data1\" content=\"1 min\u016bte\" \/>\n<script type=\"application\/ld+json\" class=\"yoast-schema-graph\">{\"@context\":\"https:\/\/schema.org\",\"@graph\":[{\"@type\":\"WebPage\",\"@id\":\"https:\/\/izglitiba.valmierasnovads.lv\/karliena\/\",\"url\":\"https:\/\/izglitiba.valmierasnovads.lv\/karliena\/\",\"name\":\"S\u0101kumlapa - Valmieras pirmsskolas izgl\u012bt\u012bbas iest\u0101de \u201cK\u0101rliena\u201d\",\"isPartOf\":{\"@id\":\"https:\/\/izglitiba.valmierasnovads.lv\/karliena\/#website\"},\"primaryImageOfPage\":{\"@id\":\"https:\/\/izglitiba.valmierasnovads.lv\/karliena\/#primaryimage\"},\"image\":{\"@id\":\"https:\/\/izglitiba.valmierasnovads.lv\/karliena\/#primaryimage\"},\"thumbnailUrl\":\"https:\/\/izglitiba.valmierasnovads.lv\/karliena\/wp-content\/uploads\/sites\/8\/2025\/07\/Karliena.jpg\",\"datePublished\":\"2025-04-08T06:48:36+00:00\",\"dateModified\":\"2026-01-17T05:39:32+00:00\",\"breadcrumb\":{\"@id\":\"https:\/\/izglitiba.valmierasnovads.lv\/karliena\/#breadcrumb\"},\"inLanguage\":\"lv-LV\",\"potentialAction\":[{\"@type\":\"ReadAction\",\"target\":[\"https:\/\/izglitiba.valmierasnovads.lv\/karliena\/\"]}]},{\"@type\":\"ImageObject\",\"inLanguage\":\"lv-LV\",\"@id\":\"https:\/\/izglitiba.valmierasnovads.lv\/karliena\/#primaryimage\",\"url\":\"https:\/\/izglitiba.valmierasnovads.lv\/karliena\/wp-content\/uploads\/sites\/8\/2025\/07\/Karliena.jpg\",\"contentUrl\":\"https:\/\/izglitiba.valmierasnovads.lv\/karliena\/wp-content\/uploads\/sites\/8\/2025\/07\/Karliena.jpg\",\"width\":1968,\"height\":749},{\"@type\":\"BreadcrumbList\",\"@id\":\"https:\/\/izglitiba.valmierasnovads.lv\/karliena\/#breadcrumb\",\"itemListElement\":[{\"@type\":\"ListItem\",\"position\":1,\"name\":\"Home\",\"item\":\"https:\/\/izglitiba.valmierasnovads.lv\/karliena\/\"},{\"@type\":\"ListItem\",\"position\":2,\"name\":\"S\u0101kumlapa\"}]},{\"@type\":\"WebSite\",\"@id\":\"https:\/\/izglitiba.valmierasnovads.lv\/karliena\/#website\",\"url\":\"https:\/\/izglitiba.valmierasnovads.lv\/karliena\/\",\"name\":\"Valmieras pirmsskolas izgl\u012bt\u012bbas iest\u0101de \u201cK\u0101rliena\u201d\",\"description\":\"\",\"publisher\":{\"@id\":\"https:\/\/izglitiba.valmierasnovads.lv\/karliena\/#organization\"},\"potentialAction\":[{\"@type\":\"SearchAction\",\"target\":{\"@type\":\"EntryPoint\",\"urlTemplate\":\"https:\/\/izglitiba.valmierasnovads.lv\/karliena\/?s={search_term_string}\"},\"query-input\":{\"@type\":\"PropertyValueSpecification\",\"valueRequired\":true,\"valueName\":\"search_term_string\"}}],\"inLanguage\":\"lv-LV\"},{\"@type\":\"Organization\",\"@id\":\"https:\/\/izglitiba.valmierasnovads.lv\/karliena\/#organization\",\"name\":\"Valmieras pirmsskolas izgl\u012bt\u012bbas iest\u0101de \u201cK\u0101rliena\u201d\",\"url\":\"https:\/\/izglitiba.valmierasnovads.lv\/karliena\/\",\"logo\":{\"@type\":\"ImageObject\",\"inLanguage\":\"lv-LV\",\"@id\":\"https:\/\/izglitiba.valmierasnovads.lv\/karliena\/#\/schema\/logo\/image\/\",\"url\":\"https:\/\/izglitiba.valmierasnovads.lv\/karliena\/wp-content\/uploads\/sites\/8\/2025\/04\/cropped-karliena_logo-removebg-preview-1.png\",\"contentUrl\":\"https:\/\/izglitiba.valmierasnovads.lv\/karliena\/wp-content\/uploads\/sites\/8\/2025\/04\/cropped-karliena_logo-removebg-preview-1.png\",\"width\":680,\"height\":339,\"caption\":\"Valmieras pirmsskolas izgl\u012bt\u012bbas iest\u0101de \u201cK\u0101rliena\u201d\"},\"image\":{\"@id\":\"https:\/\/izglitiba.valmierasnovads.lv\/karliena\/#\/schema\/logo\/image\/\"}}]}<\/script>\n<!-- \/ Yoast SEO plugin. -->","yoast_head_json":{"title":"S\u0101kumlapa - Valmieras pirmsskolas izgl\u012bt\u012bbas iest\u0101de \u201cK\u0101rliena\u201d","robots":{"index":"index","follow":"follow","max-snippet":"max-snippet:-1","max-image-preview":"max-image-preview:large","max-video-preview":"max-video-preview:-1"},"canonical":"https:\/\/izglitiba.valmierasnovads.lv\/karliena\/","og_locale":"lv_LV","og_type":"article","og_title":"S\u0101kumlapa - Valmieras pirmsskolas izgl\u012bt\u012bbas iest\u0101de \u201cK\u0101rliena\u201d","og_url":"https:\/\/izglitiba.valmierasnovads.lv\/karliena\/","og_site_name":"Valmieras pirmsskolas izgl\u012bt\u012bbas iest\u0101de \u201cK\u0101rliena\u201d","article_modified_time":"2026-01-17T05:39:32+00:00","og_image":[{"width":1968,"height":749,"url":"https:\/\/izglitiba.valmierasnovads.lv\/karliena\/wp-content\/uploads\/sites\/8\/2025\/07\/Karliena.jpg","type":"image\/jpeg"}],"twitter_card":"summary_large_image","twitter_misc":{"Est. reading time":"1 min\u016bte"},"schema":{"@context":"https:\/\/schema.org","@graph":[{"@type":"WebPage","@id":"https:\/\/izglitiba.valmierasnovads.lv\/karliena\/","url":"https:\/\/izglitiba.valmierasnovads.lv\/karliena\/","name":"S\u0101kumlapa - Valmieras pirmsskolas izgl\u012bt\u012bbas iest\u0101de \u201cK\u0101rliena\u201d","isPartOf":{"@id":"https:\/\/izglitiba.valmierasnovads.lv\/karliena\/#website"},"primaryImageOfPage":{"@id":"https:\/\/izglitiba.valmierasnovads.lv\/karliena\/#primaryimage"},"image":{"@id":"https:\/\/izglitiba.valmierasnovads.lv\/karliena\/#primaryimage"},"thumbnailUrl":"https:\/\/izglitiba.valmierasnovads.lv\/karliena\/wp-content\/uploads\/sites\/8\/2025\/07\/Karliena.jpg","datePublished":"2025-04-08T06:48:36+00:00","dateModified":"2026-01-17T05:39:32+00:00","breadcrumb":{"@id":"https:\/\/izglitiba.valmierasnovads.lv\/karliena\/#breadcrumb"},"inLanguage":"lv-LV","potentialAction":[{"@type":"ReadAction","target":["https:\/\/izglitiba.valmierasnovads.lv\/karliena\/"]}]},{"@type":"ImageObject","inLanguage":"lv-LV","@id":"https:\/\/izglitiba.valmierasnovads.lv\/karliena\/#primaryimage","url":"https:\/\/izglitiba.valmierasnovads.lv\/karliena\/wp-content\/uploads\/sites\/8\/2025\/07\/Karliena.jpg","contentUrl":"https:\/\/izglitiba.valmierasnovads.lv\/karliena\/wp-content\/uploads\/sites\/8\/2025\/07\/Karliena.jpg","width":1968,"height":749},{"@type":"BreadcrumbList","@id":"https:\/\/izglitiba.valmierasnovads.lv\/karliena\/#breadcrumb","itemListElement":[{"@type":"ListItem","position":1,"name":"Home","item":"https:\/\/izglitiba.valmierasnovads.lv\/karliena\/"},{"@type":"ListItem","position":2,"name":"S\u0101kumlapa"}]},{"@type":"WebSite","@id":"https:\/\/izglitiba.valmierasnovads.lv\/karliena\/#website","url":"https:\/\/izglitiba.valmierasnovads.lv\/karliena\/","name":"Valmieras pirmsskolas izgl\u012bt\u012bbas iest\u0101de \u201cK\u0101rliena\u201d","description":"","publisher":{"@id":"https:\/\/izglitiba.valmierasnovads.lv\/karliena\/#organization"},"potentialAction":[{"@type":"SearchAction","target":{"@type":"EntryPoint","urlTemplate":"https:\/\/izglitiba.valmierasnovads.lv\/karliena\/?s={search_term_string}"},"query-input":{"@type":"PropertyValueSpecification","valueRequired":true,"valueName":"search_term_string"}}],"inLanguage":"lv-LV"},{"@type":"Organization","@id":"https:\/\/izglitiba.valmierasnovads.lv\/karliena\/#organization","name":"Valmieras pirmsskolas izgl\u012bt\u012bbas iest\u0101de \u201cK\u0101rliena\u201d","url":"https:\/\/izglitiba.valmierasnovads.lv\/karliena\/","logo":{"@type":"ImageObject","inLanguage":"lv-LV","@id":"https:\/\/izglitiba.valmierasnovads.lv\/karliena\/#\/schema\/logo\/image\/","url":"https:\/\/izglitiba.valmierasnovads.lv\/karliena\/wp-content\/uploads\/sites\/8\/2025\/04\/cropped-karliena_logo-removebg-preview-1.png","contentUrl":"https:\/\/izglitiba.valmierasnovads.lv\/karliena\/wp-content\/uploads\/sites\/8\/2025\/04\/cropped-karliena_logo-removebg-preview-1.png","width":680,"height":339,"caption":"Valmieras pirmsskolas izgl\u012bt\u012bbas iest\u0101de \u201cK\u0101rliena\u201d"},"image":{"@id":"https:\/\/izglitiba.valmierasnovads.lv\/karliena\/#\/schema\/logo\/image\/"}}]}},"_links":{"self":[{"href":"https:\/\/izglitiba.valmierasnovads.lv\/karliena\/wp-json\/wp\/v2\/pages\/7","targetHints":{"allow":["GET"]}}],"collection":[{"href":"https:\/\/izglitiba.valmierasnovads.lv\/karliena\/wp-json\/wp\/v2\/pages"}],"about":[{"href":"https:\/\/izglitiba.valmierasnovads.lv\/karliena\/wp-json\/wp\/v2\/types\/page"}],"author":[{"embeddable":true,"href":"https:\/\/izglitiba.valmierasnovads.lv\/karliena\/wp-json\/wp\/v2\/users\/1"}],"replies":[{"embeddable":true,"href":"https:\/\/izglitiba.valmierasnovads.lv\/karliena\/wp-json\/wp\/v2\/comments?post=7"}],"version-history":[{"count":28,"href":"https:\/\/izglitiba.valmierasnovads.lv\/karliena\/wp-json\/wp\/v2\/pages\/7\/revisions"}],"predecessor-version":[{"id":1477,"href":"https:\/\/izglitiba.valmierasnovads.lv\/karliena\/wp-json\/wp\/v2\/pages\/7\/revisions\/1477"}],"wp:featuredmedia":[{"embeddable":true,"href":"https:\/\/izglitiba.valmierasnovads.lv\/karliena\/wp-json\/wp\/v2\/media\/82"}],"wp:attachment":[{"href":"https:\/\/izglitiba.valmierasnovads.lv\/karliena\/wp-json\/wp\/v2\/media?parent=7"}],"curies":[{"name":"wp","href":"https:\/\/api.w.org\/{rel}","templated":true}]}}