{"id":879,"date":"2025-11-26T19:53:44","date_gmt":"2025-11-26T17:53:44","guid":{"rendered":"https:\/\/izglitiba.valmierasnovads.lv\/karliena\/?page_id=879"},"modified":"2026-01-25T21:51:08","modified_gmt":"2026-01-25T19:51:08","slug":"esf-projekts-stem-un-pilsoniskas-lidzdalibas-norises-plasakai-izglitibas-pieredzei-un-karjeras-izvelei","status":"publish","type":"page","link":"https:\/\/izglitiba.valmierasnovads.lv\/karliena\/esf-projekts-stem-un-pilsoniskas-lidzdalibas-norises-plasakai-izglitibas-pieredzei-un-karjeras-izvelei\/","title":{"rendered":"ESF + projekts\u00a0\u201cSTEM un pilsonisk\u0101s l\u012bdzdal\u012bbas norises pla\u0161\u0101kai izgl\u012bt\u012bbas pieredzei un karjeras izv\u0113lei\u201d"},"content":{"rendered":"\n<p class=\"has-text-align-center has-medium-font-size\"><strong>Projekta darb\u012bbu \u012bsteno\u0161anas&nbsp;laiks 2025. gada&nbsp;1.&nbsp;apr\u012blis &#8211;&nbsp; 2028.&nbsp;gada 31.&nbsp;augusts<\/strong><\/p>\n\n\n\n<p class=\"has-text-align-center has-medium-font-size\"><strong>No 2025. gada 1. septembra b\u0113rniem un jaunie\u0161iem vis\u0101 Latvij\u0101 ir pieejamas jaunas iesp\u0113jas iepaz\u012bt dabaszin\u0101tni, tehnolo\u0123ijas, matem\u0101tiku (STEM) un pilsonisko l\u012bdzdal\u012bbu praktisk\u0101s aktivit\u0101t\u0113s, kas cie\u0161i saist\u012btas ar m\u0101c\u012bbu saturu.<\/strong><\/p>\n\n\n\n<figure class=\"wp-block-image size-full is-resized\"><img loading=\"lazy\" decoding=\"async\" width=\"406\" height=\"165\" src=\"https:\/\/izglitiba.valmierasnovads.lv\/karliena\/wp-content\/uploads\/sites\/8\/2025\/10\/Picture1.jpg\" alt=\"\" class=\"wp-image-799\" style=\"width:224px;height:auto\" srcset=\"https:\/\/izglitiba.valmierasnovads.lv\/karliena\/wp-content\/uploads\/sites\/8\/2025\/10\/Picture1.jpg 406w, https:\/\/izglitiba.valmierasnovads.lv\/karliena\/wp-content\/uploads\/sites\/8\/2025\/10\/Picture1-300x122.jpg 300w\" sizes=\"auto, (max-width: 406px) 100vw, 406px\" \/><\/figure>\n\n\n\n<figure class=\"wp-block-image size-large is-resized\"><img loading=\"lazy\" decoding=\"async\" width=\"727\" height=\"1024\" src=\"https:\/\/izglitiba.valmierasnovads.lv\/karliena\/wp-content\/uploads\/sites\/8\/2025\/12\/20251017_131138-1-1454x2048-2-727x1024.jpg\" alt=\"\" class=\"wp-image-975\" style=\"width:402px;height:auto\" \/><\/figure>\n\n\n\n<p class=\"has-large-font-size\"><strong>2025.\/2026. M\u0100C\u012aBU GADS<\/strong><\/p>\n\n\n\n<p class=\"has-medium-font-size\"><strong>1. \u201cVannas istabas briesmon\u012b\u0161i. Skudras Urdas gudr\u0101 m\u0101ja\u201d<\/strong><\/p>\n\n\n\n<p class=\"has-medium-font-size\"><strong>NORISES DATUMS<\/strong>: 2025. gada 22. oktobris<br><strong>NORISES \u012aSTENOT\u0100JS: <\/strong>SIA \u201cZAAO\u201d<br><strong>M\u0100C\u012aBU JOMA:<\/strong> dabaszin\u0101t\u0146u m\u0101c\u012bbu joma<br><strong>M\u0112R\u0136GRUPA:<\/strong> PII \u201cK\u0101rliena\u201d, 5 un 6 gadus veci b\u0113rni <em>(\u201cM\u0101r\u012btes\u201d un \u201cZa\u0137\u0113nu\u201d grupa)<\/em><br><strong>SASNIEDZAMAIS REZULT\u0100TS: <\/strong>b\u0113rni saprot, ka daba un t\u0101s resursi ir j\u0101sarg\u0101<br><strong>NORISES APRAKSTS:<\/strong> <strong>1. <\/strong>Lai sekm\u0113tu pirmsskolas b\u0113rnu zin\u0101\u0161anas, prasmes un iesaisti, aktualiz\u0113jot vides t\u0113mas atkritumu apsaimnieko\u0161anas nozar\u0113, nodarb\u012bbas laik\u0101 notiek izp\u0113tes brauciens pa poligonu \u2013 aprites ekonomikas centru \u201cDaibe\u201d.<strong> 2.<\/strong> Laboratorij\u0101 notiek grupu darbs \u2013 \u0137\u012bmisko dro\u0161\u012bbas apz\u012bm\u0113jumu atpaz\u012b\u0161ana uz iepakojuma. <strong>3.<\/strong> Praktiskais darbs \u2013 vannas bumbu un iepakojuma gatavo\u0161ana no dabai draudz\u012bga materi\u0101la. <strong>4. <\/strong>M\u0101c\u012bbu klas\u0113 \u2013 darbo\u0161an\u0101s ar robotbit\u0113m, iej\u016btoties ZAAO \u0161ofera profesij\u0101. <strong>5. <\/strong>Atgriezenisk\u0101 saite: sp\u0113le \u201cPaties\u012bba vai meli\u201d.<\/p>\n\n\n\n<h3 class=\"wp-block-heading has-medium-font-size\">2.&#8221;Digit\u0101lais ce\u013cojums par Saules sist\u0113mu&#8221;<\/h3>\n\n\n\n<p class=\"has-medium-font-size\"><strong>NORISES DATUMS: <\/strong>2026. gada 16. janv\u0101ris<br><strong>NORISES \u012aSTENOT\u0100JS<\/strong>: SIA P.N.R.<br><strong>M\u0100C\u012aBU JOMA:<\/strong> dabaszin\u0101t\u0146u m\u0101c\u012bbu joma<br><strong>M\u0112R\u0136GRUPA: <\/strong>PII \u201cK\u0101rliena\u201d, 5 un 6 gadus veci b\u0113rni <em>(\u201cM\u0101r\u012btes\u201d, \u201cZa\u0137\u0113nu\u201d un \u201cTauri\u0146u\u201d grupa)<\/em><br><strong>SASNIEDZAMAIS REZULT\u0100TS: <\/strong>nov\u0113ro debess \u0137erme\u0146us, st\u0101sta par nov\u0113roto<br><strong>NORISES APRAKSTS (T\u0112MA \u201cVISUMS\u201d):<\/strong> <strong>1.<\/strong> Nodarb\u012bba norisin\u0101s telp\u0101, kur\u0101 uzst\u0101d\u012bts piep\u016b\u0161amais digit\u0101lais kupols, radot b\u0113rniem aizraujo\u0161u un vizu\u0101li bag\u0101tu m\u0101c\u012bbu vidi. <strong>2.<\/strong> Nodarb\u012bbas laik\u0101 b\u0113rni g\u016bst priek\u0161statu par Visumu un debess \u0137erme\u0146iem, v\u0113rojot plan\u0113tas, Sauli un citus kosmosa objektus.<\/p>\n","protected":false},"excerpt":{"rendered":"<p>Projekta darb\u012bbu \u012bsteno\u0161anas&nbsp;laiks 2025. gada&nbsp;1.&nbsp;apr\u012blis &#8211;&nbsp; 2028.&nbsp;gada 31.&nbsp;augusts No 2025. gada 1. septembra b\u0113rniem un jaunie\u0161iem vis\u0101 Latvij\u0101 ir pieejamas [&hellip;]<\/p>\n","protected":false},"author":13,"featured_media":0,"parent":0,"menu_order":0,"comment_status":"closed","ping_status":"closed","template":"","meta":{"_acf_changed":false,"site-sidebar-layout":"default","site-content-layout":"","ast-site-content-layout":"default","site-content-style":"default","site-sidebar-style":"default","ast-global-header-display":"","ast-banner-title-visibility":"","ast-main-header-display":"","ast-hfb-above-header-display":"","ast-hfb-below-header-display":"","ast-hfb-mobile-header-display":"","site-post-title":"","ast-breadcrumbs-content":"","ast-featured-img":"","footer-sml-layout":"","ast-disable-related-posts":"","theme-transparent-header-meta":"","adv-header-id-meta":"","stick-header-meta":"","header-above-stick-meta":"","header-main-stick-meta":"","header-below-stick-meta":"","astra-migrate-meta-layouts":"default","ast-page-background-enabled":"default","ast-page-background-meta":{"desktop":{"background-color":"var(--ast-global-color-5)","background-image":"","background-repeat":"repeat","background-position":"center center","background-size":"auto","background-attachment":"scroll","background-type":"","background-media":"","overlay-type":"","overlay-color":"","overlay-opacity":"","overlay-gradient":""},"tablet":{"background-color":"","background-image":"","background-repeat":"repeat","background-position":"center center","background-size":"auto","background-attachment":"scroll","background-type":"","background-media":"","overlay-type":"","overlay-color":"","overlay-opacity":"","overlay-gradient":""},"mobile":{"background-color":"","background-image":"","background-repeat":"repeat","background-position":"center center","background-size":"auto","background-attachment":"scroll","background-type":"","background-media":"","overlay-type":"","overlay-color":"","overlay-opacity":"","overlay-gradient":""}},"ast-content-background-meta":{"desktop":{"background-color":"var(--ast-global-color-4)","background-image":"","background-repeat":"repeat","background-position":"center center","background-size":"auto","background-attachment":"scroll","background-type":"","background-media":"","overlay-type":"","overlay-color":"","overlay-opacity":"","overlay-gradient":""},"tablet":{"background-color":"var(--ast-global-color-4)","background-image":"","background-repeat":"repeat","background-position":"center center","background-size":"auto","background-attachment":"scroll","background-type":"","background-media":"","overlay-type":"","overlay-color":"","overlay-opacity":"","overlay-gradient":""},"mobile":{"background-color":"var(--ast-global-color-4)","background-image":"","background-repeat":"repeat","background-position":"center center","background-size":"auto","background-attachment":"scroll","background-type":"","background-media":"","overlay-type":"","overlay-color":"","overlay-opacity":"","overlay-gradient":""}},"footnotes":""},"class_list":["post-879","page","type-page","status-publish","hentry"],"acf":[],"yoast_head":"<!-- This site is optimized with the Yoast SEO plugin v27.0 - https:\/\/yoast.com\/product\/yoast-seo-wordpress\/ -->\n<title>ESF + projekts\u00a0\u201cSTEM un pilsonisk\u0101s l\u012bdzdal\u012bbas norises pla\u0161\u0101kai izgl\u012bt\u012bbas pieredzei un karjeras izv\u0113lei\u201d - Valmieras pirmsskolas izgl\u012bt\u012bbas iest\u0101de \u201cK\u0101rliena\u201d<\/title>\n<meta name=\"robots\" content=\"index, follow, max-snippet:-1, max-image-preview:large, max-video-preview:-1\" \/>\n<link rel=\"canonical\" href=\"https:\/\/izglitiba.valmierasnovads.lv\/karliena\/esf-projekts-stem-un-pilsoniskas-lidzdalibas-norises-plasakai-izglitibas-pieredzei-un-karjeras-izvelei\/\" \/>\n<meta property=\"og:locale\" content=\"lv_LV\" \/>\n<meta property=\"og:type\" content=\"article\" \/>\n<meta property=\"og:title\" content=\"ESF + projekts\u00a0\u201cSTEM un pilsonisk\u0101s l\u012bdzdal\u012bbas norises pla\u0161\u0101kai izgl\u012bt\u012bbas pieredzei un karjeras izv\u0113lei\u201d - Valmieras pirmsskolas izgl\u012bt\u012bbas iest\u0101de \u201cK\u0101rliena\u201d\" \/>\n<meta property=\"og:description\" content=\"Projekta darb\u012bbu \u012bsteno\u0161anas&nbsp;laiks 2025. gada&nbsp;1.&nbsp;apr\u012blis &#8211;&nbsp; 2028.&nbsp;gada 31.&nbsp;augusts No 2025. gada 1. septembra b\u0113rniem un jaunie\u0161iem vis\u0101 Latvij\u0101 ir pieejamas [&hellip;]\" \/>\n<meta property=\"og:url\" content=\"https:\/\/izglitiba.valmierasnovads.lv\/karliena\/esf-projekts-stem-un-pilsoniskas-lidzdalibas-norises-plasakai-izglitibas-pieredzei-un-karjeras-izvelei\/\" \/>\n<meta property=\"og:site_name\" content=\"Valmieras pirmsskolas izgl\u012bt\u012bbas iest\u0101de \u201cK\u0101rliena\u201d\" \/>\n<meta property=\"article:modified_time\" content=\"2026-01-25T19:51:08+00:00\" \/>\n<meta property=\"og:image\" content=\"https:\/\/izglitiba.valmierasnovads.lv\/karliena\/wp-content\/uploads\/sites\/8\/2025\/10\/Picture1.jpg\" \/>\n\t<meta property=\"og:image:width\" content=\"406\" \/>\n\t<meta property=\"og:image:height\" content=\"165\" \/>\n\t<meta property=\"og:image:type\" content=\"image\/jpeg\" \/>\n<meta name=\"twitter:card\" content=\"summary_large_image\" \/>\n<meta name=\"twitter:label1\" content=\"Est. reading time\" \/>\n\t<meta name=\"twitter:data1\" content=\"2 min\u016btes\" \/>\n<script type=\"application\/ld+json\" class=\"yoast-schema-graph\">{\"@context\":\"https:\/\/schema.org\",\"@graph\":[{\"@type\":\"WebPage\",\"@id\":\"https:\/\/izglitiba.valmierasnovads.lv\/karliena\/esf-projekts-stem-un-pilsoniskas-lidzdalibas-norises-plasakai-izglitibas-pieredzei-un-karjeras-izvelei\/\",\"url\":\"https:\/\/izglitiba.valmierasnovads.lv\/karliena\/esf-projekts-stem-un-pilsoniskas-lidzdalibas-norises-plasakai-izglitibas-pieredzei-un-karjeras-izvelei\/\",\"name\":\"ESF + projekts\u00a0\u201cSTEM un pilsonisk\u0101s l\u012bdzdal\u012bbas norises pla\u0161\u0101kai izgl\u012bt\u012bbas pieredzei un karjeras izv\u0113lei\u201d - Valmieras pirmsskolas izgl\u012bt\u012bbas iest\u0101de \u201cK\u0101rliena\u201d\",\"isPartOf\":{\"@id\":\"https:\/\/izglitiba.valmierasnovads.lv\/karliena\/#website\"},\"primaryImageOfPage\":{\"@id\":\"https:\/\/izglitiba.valmierasnovads.lv\/karliena\/esf-projekts-stem-un-pilsoniskas-lidzdalibas-norises-plasakai-izglitibas-pieredzei-un-karjeras-izvelei\/#primaryimage\"},\"image\":{\"@id\":\"https:\/\/izglitiba.valmierasnovads.lv\/karliena\/esf-projekts-stem-un-pilsoniskas-lidzdalibas-norises-plasakai-izglitibas-pieredzei-un-karjeras-izvelei\/#primaryimage\"},\"thumbnailUrl\":\"https:\/\/izglitiba.valmierasnovads.lv\/karliena\/wp-content\/uploads\/sites\/8\/2025\/10\/Picture1.jpg\",\"datePublished\":\"2025-11-26T17:53:44+00:00\",\"dateModified\":\"2026-01-25T19:51:08+00:00\",\"breadcrumb\":{\"@id\":\"https:\/\/izglitiba.valmierasnovads.lv\/karliena\/esf-projekts-stem-un-pilsoniskas-lidzdalibas-norises-plasakai-izglitibas-pieredzei-un-karjeras-izvelei\/#breadcrumb\"},\"inLanguage\":\"lv-LV\",\"potentialAction\":[{\"@type\":\"ReadAction\",\"target\":[\"https:\/\/izglitiba.valmierasnovads.lv\/karliena\/esf-projekts-stem-un-pilsoniskas-lidzdalibas-norises-plasakai-izglitibas-pieredzei-un-karjeras-izvelei\/\"]}]},{\"@type\":\"ImageObject\",\"inLanguage\":\"lv-LV\",\"@id\":\"https:\/\/izglitiba.valmierasnovads.lv\/karliena\/esf-projekts-stem-un-pilsoniskas-lidzdalibas-norises-plasakai-izglitibas-pieredzei-un-karjeras-izvelei\/#primaryimage\",\"url\":\"https:\/\/izglitiba.valmierasnovads.lv\/karliena\/wp-content\/uploads\/sites\/8\/2025\/10\/Picture1.jpg\",\"contentUrl\":\"https:\/\/izglitiba.valmierasnovads.lv\/karliena\/wp-content\/uploads\/sites\/8\/2025\/10\/Picture1.jpg\",\"width\":406,\"height\":165},{\"@type\":\"BreadcrumbList\",\"@id\":\"https:\/\/izglitiba.valmierasnovads.lv\/karliena\/esf-projekts-stem-un-pilsoniskas-lidzdalibas-norises-plasakai-izglitibas-pieredzei-un-karjeras-izvelei\/#breadcrumb\",\"itemListElement\":[{\"@type\":\"ListItem\",\"position\":1,\"name\":\"Home\",\"item\":\"https:\/\/izglitiba.valmierasnovads.lv\/karliena\/\"},{\"@type\":\"ListItem\",\"position\":2,\"name\":\"ESF + projekts\u00a0\u201cSTEM un pilsonisk\u0101s l\u012bdzdal\u012bbas norises pla\u0161\u0101kai izgl\u012bt\u012bbas pieredzei un karjeras izv\u0113lei\u201d\"}]},{\"@type\":\"WebSite\",\"@id\":\"https:\/\/izglitiba.valmierasnovads.lv\/karliena\/#website\",\"url\":\"https:\/\/izglitiba.valmierasnovads.lv\/karliena\/\",\"name\":\"Valmieras pirmsskolas izgl\u012bt\u012bbas iest\u0101de \u201cK\u0101rliena\u201d\",\"description\":\"\",\"publisher\":{\"@id\":\"https:\/\/izglitiba.valmierasnovads.lv\/karliena\/#organization\"},\"potentialAction\":[{\"@type\":\"SearchAction\",\"target\":{\"@type\":\"EntryPoint\",\"urlTemplate\":\"https:\/\/izglitiba.valmierasnovads.lv\/karliena\/?s={search_term_string}\"},\"query-input\":{\"@type\":\"PropertyValueSpecification\",\"valueRequired\":true,\"valueName\":\"search_term_string\"}}],\"inLanguage\":\"lv-LV\"},{\"@type\":\"Organization\",\"@id\":\"https:\/\/izglitiba.valmierasnovads.lv\/karliena\/#organization\",\"name\":\"Valmieras pirmsskolas izgl\u012bt\u012bbas iest\u0101de \u201cK\u0101rliena\u201d\",\"url\":\"https:\/\/izglitiba.valmierasnovads.lv\/karliena\/\",\"logo\":{\"@type\":\"ImageObject\",\"inLanguage\":\"lv-LV\",\"@id\":\"https:\/\/izglitiba.valmierasnovads.lv\/karliena\/#\/schema\/logo\/image\/\",\"url\":\"https:\/\/izglitiba.valmierasnovads.lv\/karliena\/wp-content\/uploads\/sites\/8\/2025\/04\/cropped-karliena_logo-removebg-preview-1.png\",\"contentUrl\":\"https:\/\/izglitiba.valmierasnovads.lv\/karliena\/wp-content\/uploads\/sites\/8\/2025\/04\/cropped-karliena_logo-removebg-preview-1.png\",\"width\":680,\"height\":339,\"caption\":\"Valmieras pirmsskolas izgl\u012bt\u012bbas iest\u0101de \u201cK\u0101rliena\u201d\"},\"image\":{\"@id\":\"https:\/\/izglitiba.valmierasnovads.lv\/karliena\/#\/schema\/logo\/image\/\"}}]}<\/script>\n<!-- \/ Yoast SEO plugin. -->","yoast_head_json":{"title":"ESF + projekts\u00a0\u201cSTEM un pilsonisk\u0101s l\u012bdzdal\u012bbas norises pla\u0161\u0101kai izgl\u012bt\u012bbas pieredzei un karjeras izv\u0113lei\u201d - Valmieras pirmsskolas izgl\u012bt\u012bbas iest\u0101de \u201cK\u0101rliena\u201d","robots":{"index":"index","follow":"follow","max-snippet":"max-snippet:-1","max-image-preview":"max-image-preview:large","max-video-preview":"max-video-preview:-1"},"canonical":"https:\/\/izglitiba.valmierasnovads.lv\/karliena\/esf-projekts-stem-un-pilsoniskas-lidzdalibas-norises-plasakai-izglitibas-pieredzei-un-karjeras-izvelei\/","og_locale":"lv_LV","og_type":"article","og_title":"ESF + projekts\u00a0\u201cSTEM un pilsonisk\u0101s l\u012bdzdal\u012bbas norises pla\u0161\u0101kai izgl\u012bt\u012bbas pieredzei un karjeras izv\u0113lei\u201d - Valmieras pirmsskolas izgl\u012bt\u012bbas iest\u0101de \u201cK\u0101rliena\u201d","og_description":"Projekta darb\u012bbu \u012bsteno\u0161anas&nbsp;laiks 2025. gada&nbsp;1.&nbsp;apr\u012blis &#8211;&nbsp; 2028.&nbsp;gada 31.&nbsp;augusts No 2025. gada 1. septembra b\u0113rniem un jaunie\u0161iem vis\u0101 Latvij\u0101 ir pieejamas [&hellip;]","og_url":"https:\/\/izglitiba.valmierasnovads.lv\/karliena\/esf-projekts-stem-un-pilsoniskas-lidzdalibas-norises-plasakai-izglitibas-pieredzei-un-karjeras-izvelei\/","og_site_name":"Valmieras pirmsskolas izgl\u012bt\u012bbas iest\u0101de \u201cK\u0101rliena\u201d","article_modified_time":"2026-01-25T19:51:08+00:00","og_image":[{"width":406,"height":165,"url":"https:\/\/izglitiba.valmierasnovads.lv\/karliena\/wp-content\/uploads\/sites\/8\/2025\/10\/Picture1.jpg","type":"image\/jpeg"}],"twitter_card":"summary_large_image","twitter_misc":{"Est. reading time":"2 min\u016btes"},"schema":{"@context":"https:\/\/schema.org","@graph":[{"@type":"WebPage","@id":"https:\/\/izglitiba.valmierasnovads.lv\/karliena\/esf-projekts-stem-un-pilsoniskas-lidzdalibas-norises-plasakai-izglitibas-pieredzei-un-karjeras-izvelei\/","url":"https:\/\/izglitiba.valmierasnovads.lv\/karliena\/esf-projekts-stem-un-pilsoniskas-lidzdalibas-norises-plasakai-izglitibas-pieredzei-un-karjeras-izvelei\/","name":"ESF + projekts\u00a0\u201cSTEM un pilsonisk\u0101s l\u012bdzdal\u012bbas norises pla\u0161\u0101kai izgl\u012bt\u012bbas pieredzei un karjeras izv\u0113lei\u201d - Valmieras pirmsskolas izgl\u012bt\u012bbas iest\u0101de \u201cK\u0101rliena\u201d","isPartOf":{"@id":"https:\/\/izglitiba.valmierasnovads.lv\/karliena\/#website"},"primaryImageOfPage":{"@id":"https:\/\/izglitiba.valmierasnovads.lv\/karliena\/esf-projekts-stem-un-pilsoniskas-lidzdalibas-norises-plasakai-izglitibas-pieredzei-un-karjeras-izvelei\/#primaryimage"},"image":{"@id":"https:\/\/izglitiba.valmierasnovads.lv\/karliena\/esf-projekts-stem-un-pilsoniskas-lidzdalibas-norises-plasakai-izglitibas-pieredzei-un-karjeras-izvelei\/#primaryimage"},"thumbnailUrl":"https:\/\/izglitiba.valmierasnovads.lv\/karliena\/wp-content\/uploads\/sites\/8\/2025\/10\/Picture1.jpg","datePublished":"2025-11-26T17:53:44+00:00","dateModified":"2026-01-25T19:51:08+00:00","breadcrumb":{"@id":"https:\/\/izglitiba.valmierasnovads.lv\/karliena\/esf-projekts-stem-un-pilsoniskas-lidzdalibas-norises-plasakai-izglitibas-pieredzei-un-karjeras-izvelei\/#breadcrumb"},"inLanguage":"lv-LV","potentialAction":[{"@type":"ReadAction","target":["https:\/\/izglitiba.valmierasnovads.lv\/karliena\/esf-projekts-stem-un-pilsoniskas-lidzdalibas-norises-plasakai-izglitibas-pieredzei-un-karjeras-izvelei\/"]}]},{"@type":"ImageObject","inLanguage":"lv-LV","@id":"https:\/\/izglitiba.valmierasnovads.lv\/karliena\/esf-projekts-stem-un-pilsoniskas-lidzdalibas-norises-plasakai-izglitibas-pieredzei-un-karjeras-izvelei\/#primaryimage","url":"https:\/\/izglitiba.valmierasnovads.lv\/karliena\/wp-content\/uploads\/sites\/8\/2025\/10\/Picture1.jpg","contentUrl":"https:\/\/izglitiba.valmierasnovads.lv\/karliena\/wp-content\/uploads\/sites\/8\/2025\/10\/Picture1.jpg","width":406,"height":165},{"@type":"BreadcrumbList","@id":"https:\/\/izglitiba.valmierasnovads.lv\/karliena\/esf-projekts-stem-un-pilsoniskas-lidzdalibas-norises-plasakai-izglitibas-pieredzei-un-karjeras-izvelei\/#breadcrumb","itemListElement":[{"@type":"ListItem","position":1,"name":"Home","item":"https:\/\/izglitiba.valmierasnovads.lv\/karliena\/"},{"@type":"ListItem","position":2,"name":"ESF + projekts\u00a0\u201cSTEM un pilsonisk\u0101s l\u012bdzdal\u012bbas norises pla\u0161\u0101kai izgl\u012bt\u012bbas pieredzei un karjeras izv\u0113lei\u201d"}]},{"@type":"WebSite","@id":"https:\/\/izglitiba.valmierasnovads.lv\/karliena\/#website","url":"https:\/\/izglitiba.valmierasnovads.lv\/karliena\/","name":"Valmieras pirmsskolas izgl\u012bt\u012bbas iest\u0101de \u201cK\u0101rliena\u201d","description":"","publisher":{"@id":"https:\/\/izglitiba.valmierasnovads.lv\/karliena\/#organization"},"potentialAction":[{"@type":"SearchAction","target":{"@type":"EntryPoint","urlTemplate":"https:\/\/izglitiba.valmierasnovads.lv\/karliena\/?s={search_term_string}"},"query-input":{"@type":"PropertyValueSpecification","valueRequired":true,"valueName":"search_term_string"}}],"inLanguage":"lv-LV"},{"@type":"Organization","@id":"https:\/\/izglitiba.valmierasnovads.lv\/karliena\/#organization","name":"Valmieras pirmsskolas izgl\u012bt\u012bbas iest\u0101de \u201cK\u0101rliena\u201d","url":"https:\/\/izglitiba.valmierasnovads.lv\/karliena\/","logo":{"@type":"ImageObject","inLanguage":"lv-LV","@id":"https:\/\/izglitiba.valmierasnovads.lv\/karliena\/#\/schema\/logo\/image\/","url":"https:\/\/izglitiba.valmierasnovads.lv\/karliena\/wp-content\/uploads\/sites\/8\/2025\/04\/cropped-karliena_logo-removebg-preview-1.png","contentUrl":"https:\/\/izglitiba.valmierasnovads.lv\/karliena\/wp-content\/uploads\/sites\/8\/2025\/04\/cropped-karliena_logo-removebg-preview-1.png","width":680,"height":339,"caption":"Valmieras pirmsskolas izgl\u012bt\u012bbas iest\u0101de \u201cK\u0101rliena\u201d"},"image":{"@id":"https:\/\/izglitiba.valmierasnovads.lv\/karliena\/#\/schema\/logo\/image\/"}}]}},"_links":{"self":[{"href":"https:\/\/izglitiba.valmierasnovads.lv\/karliena\/wp-json\/wp\/v2\/pages\/879","targetHints":{"allow":["GET"]}}],"collection":[{"href":"https:\/\/izglitiba.valmierasnovads.lv\/karliena\/wp-json\/wp\/v2\/pages"}],"about":[{"href":"https:\/\/izglitiba.valmierasnovads.lv\/karliena\/wp-json\/wp\/v2\/types\/page"}],"author":[{"embeddable":true,"href":"https:\/\/izglitiba.valmierasnovads.lv\/karliena\/wp-json\/wp\/v2\/users\/13"}],"replies":[{"embeddable":true,"href":"https:\/\/izglitiba.valmierasnovads.lv\/karliena\/wp-json\/wp\/v2\/comments?post=879"}],"version-history":[{"count":29,"href":"https:\/\/izglitiba.valmierasnovads.lv\/karliena\/wp-json\/wp\/v2\/pages\/879\/revisions"}],"predecessor-version":[{"id":1213,"href":"https:\/\/izglitiba.valmierasnovads.lv\/karliena\/wp-json\/wp\/v2\/pages\/879\/revisions\/1213"}],"wp:attachment":[{"href":"https:\/\/izglitiba.valmierasnovads.lv\/karliena\/wp-json\/wp\/v2\/media?parent=879"}],"curies":[{"name":"wp","href":"https:\/\/api.w.org\/{rel}","templated":true}]}}