{"id":869,"date":"2025-06-03T12:23:31","date_gmt":"2025-06-03T09:23:31","guid":{"rendered":"https:\/\/izglitiba.valmierasnovads.lv\/kocenuskola\/?page_id=869"},"modified":"2025-06-04T11:27:58","modified_gmt":"2025-06-04T08:27:58","slug":"sasniegumi-3","status":"publish","type":"page","link":"https:\/\/izglitiba.valmierasnovads.lv\/kocenuskola\/sasniegumi-3\/","title":{"rendered":"Sasniegumi"},"content":{"rendered":"\n<div class=\"wp-block-cover alignfull\"><span aria-hidden=\"true\" class=\"wp-block-cover__background has-background-dim\"><\/span><img loading=\"lazy\" decoding=\"async\" width=\"1024\" height=\"320\" class=\"wp-block-cover__image-background wp-image-89\" alt=\"\" src=\"https:\/\/izglitiba.valmierasnovads.lv\/kocenuskola\/wp-content\/uploads\/sites\/16\/2025\/05\/Image-5-1024x320.jpeg\" data-object-fit=\"cover\" srcset=\"https:\/\/izglitiba.valmierasnovads.lv\/kocenuskola\/wp-content\/uploads\/sites\/16\/2025\/05\/Image-5-1024x320.jpeg 1024w, https:\/\/izglitiba.valmierasnovads.lv\/kocenuskola\/wp-content\/uploads\/sites\/16\/2025\/05\/Image-5-300x94.jpeg 300w, https:\/\/izglitiba.valmierasnovads.lv\/kocenuskola\/wp-content\/uploads\/sites\/16\/2025\/05\/Image-5-768x240.jpeg 768w, https:\/\/izglitiba.valmierasnovads.lv\/kocenuskola\/wp-content\/uploads\/sites\/16\/2025\/05\/Image-5-1536x480.jpeg 1536w, https:\/\/izglitiba.valmierasnovads.lv\/kocenuskola\/wp-content\/uploads\/sites\/16\/2025\/05\/Image-5.jpeg 1600w\" sizes=\"auto, (max-width: 1024px) 100vw, 1024px\" \/><div class=\"wp-block-cover__inner-container is-layout-flow wp-block-cover-is-layout-flow\">\n<p class=\"has-text-align-center has-large-font-size\"><strong><mark class=\"has-inline-color has-ast-global-color-4-color\">Skol\u0113nu sasniegumi m\u0101c\u012bbu priek\u0161metu olimpi\u0101d\u0113s un konkursos<\/mark><\/strong><\/p>\n<\/div><\/div>\n\n\n\n<hr class=\"wp-block-separator has-alpha-channel-opacity is-style-wide\" \/>\n\n\n<style>.wp-block-kadence-advancedheading.kt-adv-heading869_d1f2da-c8, .wp-block-kadence-advancedheading.kt-adv-heading869_d1f2da-c8[data-kb-block=\"kb-adv-heading869_d1f2da-c8\"]{font-style:normal;}.wp-block-kadence-advancedheading.kt-adv-heading869_d1f2da-c8 mark.kt-highlight, .wp-block-kadence-advancedheading.kt-adv-heading869_d1f2da-c8[data-kb-block=\"kb-adv-heading869_d1f2da-c8\"] mark.kt-highlight{font-style:normal;color:#f76a0c;-webkit-box-decoration-break:clone;box-decoration-break:clone;padding-top:0px;padding-right:0px;padding-bottom:0px;padding-left:0px;}.wp-block-kadence-advancedheading.kt-adv-heading869_d1f2da-c8 img.kb-inline-image, .wp-block-kadence-advancedheading.kt-adv-heading869_d1f2da-c8[data-kb-block=\"kb-adv-heading869_d1f2da-c8\"] img.kb-inline-image{width:150px;vertical-align:baseline;}<\/style>\n<h2 class=\"kt-adv-heading869_d1f2da-c8 wp-block-kadence-advancedheading\" data-kb-block=\"kb-adv-heading869_d1f2da-c8\"><strong>Lepojamies!&nbsp;<\/strong><\/h2>\n\n\n\n<div class=\"wp-block-media-text is-stacked-on-mobile\"><figure class=\"wp-block-media-text__media\"><img loading=\"lazy\" decoding=\"async\" width=\"720\" height=\"540\" src=\"https:\/\/izglitiba.valmierasnovads.lv\/kocenuskola\/wp-content\/uploads\/sites\/16\/2025\/05\/487559674_1292214888978580_1234978746242241875_n.jpg\" alt=\"\" class=\"wp-image-596 size-full\" srcset=\"https:\/\/izglitiba.valmierasnovads.lv\/kocenuskola\/wp-content\/uploads\/sites\/16\/2025\/05\/487559674_1292214888978580_1234978746242241875_n.jpg 720w, https:\/\/izglitiba.valmierasnovads.lv\/kocenuskola\/wp-content\/uploads\/sites\/16\/2025\/05\/487559674_1292214888978580_1234978746242241875_n-300x225.jpg 300w\" sizes=\"auto, (max-width: 720px) 100vw, 720px\" \/><\/figure><div class=\"wp-block-media-text__content\">\n<p>Valsts olimpi\u0101d\u0113 matem\u0101tik\u0101 Eduards Griezi\u0146\u0161 p\u0101rst\u0101v\u0113ja Valmieras novadu un ieguva godpilno 3. vietu.<br>Paldies Eduardam, vi\u0146a \u0123imenei un vi\u0146a matem\u0101tikas skolot\u0101jai Krist\u012bnei \u010caunei!<br><strong>Teksts: L\u0101sma Saln\u0101ja<br>Foto: L\u0101sma Saln\u0101ja<\/strong><\/p>\n<\/div><\/div>\n\n\n\n<hr class=\"wp-block-separator has-alpha-channel-opacity is-style-wide\" \/>\n\n\n\n<h2 class=\"wp-block-heading\"><strong>Lepojamies!&nbsp;<\/strong><\/h2>\n\n\n\n<p>4.kla\u0161u dabaszin\u012bbu olimpi\u0101d\u0113 3.vieta Edvardam \u0160ustam. Atzin\u012bbas Enijai P\u0113tersonei un Hannai Karliv\u0101nei!&nbsp;<br>Paldies&nbsp; skolot\u0101j\u0101m L\u0101smai Saln\u0101jai un Marinai Melkurtei par ieguld\u012bto darbu!<br><strong>Teksts: Gita Daubare<\/strong><\/p>\n\n\n\n<hr class=\"wp-block-separator has-alpha-channel-opacity is-style-wide\" \/>\n\n\n\n<h2 class=\"wp-block-heading\"><strong>Lepojamies!&nbsp;<\/strong><\/h2>\n\n\n\n<div class=\"wp-block-media-text is-stacked-on-mobile\"><figure class=\"wp-block-media-text__media\"><img loading=\"lazy\" decoding=\"async\" width=\"552\" height=\"521\" src=\"https:\/\/izglitiba.valmierasnovads.lv\/kocenuskola\/wp-content\/uploads\/sites\/16\/2025\/05\/486567190_1287039469496122_1162874078987831420_n.jpg\" alt=\"\" class=\"wp-image-600 size-full\" srcset=\"https:\/\/izglitiba.valmierasnovads.lv\/kocenuskola\/wp-content\/uploads\/sites\/16\/2025\/05\/486567190_1287039469496122_1162874078987831420_n.jpg 552w, https:\/\/izglitiba.valmierasnovads.lv\/kocenuskola\/wp-content\/uploads\/sites\/16\/2025\/05\/486567190_1287039469496122_1162874078987831420_n-300x283.jpg 300w\" sizes=\"auto, (max-width: 552px) 100vw, 552px\" \/><\/figure><div class=\"wp-block-media-text__content\">\n<p>Valmieras novada ang\u013cu valodas olimpi\u0101d\u0113 Edvardam \u0112rglim 1.vieta, Eduardam Griezi\u0146am 2.vieta, un Mairim \u0160akunam 3.vieta.&nbsp;<br>Paldies skolot\u0101jai Santai Plintei!&nbsp;<br><strong>Teksts: L\u0101sma Saln\u0101ja<br>Foto: L\u0101sma Saln\u0101ja<\/strong><\/p>\n<\/div><\/div>\n\n\n\n<hr class=\"wp-block-separator has-alpha-channel-opacity is-style-wide\" \/>\n\n\n\n<h2 class=\"wp-block-heading\"><strong>Lepojamies!&nbsp;<\/strong><\/h2>\n\n\n\n<div class=\"wp-block-media-text is-stacked-on-mobile\"><figure class=\"wp-block-media-text__media\"><img loading=\"lazy\" decoding=\"async\" width=\"953\" height=\"1024\" src=\"https:\/\/izglitiba.valmierasnovads.lv\/kocenuskola\/wp-content\/uploads\/sites\/16\/2025\/05\/WhatsApp-Image-2025-01-15-at-15.35.37-953x1024.jpeg\" alt=\"\" class=\"wp-image-601 size-full\" srcset=\"https:\/\/izglitiba.valmierasnovads.lv\/kocenuskola\/wp-content\/uploads\/sites\/16\/2025\/05\/WhatsApp-Image-2025-01-15-at-15.35.37-953x1024.jpeg 953w, https:\/\/izglitiba.valmierasnovads.lv\/kocenuskola\/wp-content\/uploads\/sites\/16\/2025\/05\/WhatsApp-Image-2025-01-15-at-15.35.37-279x300.jpeg 279w, https:\/\/izglitiba.valmierasnovads.lv\/kocenuskola\/wp-content\/uploads\/sites\/16\/2025\/05\/WhatsApp-Image-2025-01-15-at-15.35.37-768x826.jpeg 768w, https:\/\/izglitiba.valmierasnovads.lv\/kocenuskola\/wp-content\/uploads\/sites\/16\/2025\/05\/WhatsApp-Image-2025-01-15-at-15.35.37.jpeg 1280w\" sizes=\"auto, (max-width: 953px) 100vw, 953px\" \/><\/figure><div class=\"wp-block-media-text__content\">\n<p>Prieks par Martas T\u012bmanes sniegumu valsts ang\u013cu valodas olimpi\u0101d\u0113, k\u013c\u016bstot par vienu no valsts olimpi\u0101des laure\u0101tiem!<br>Paldies par sagatavo\u0161anu skolot\u0101jai Gunitai \u0160mitei un atbalstu Martas \u0123imenei!<br><strong>Teksts: M\u0101ris Bu\u0161manis<br>Foto: M\u0101ris Bu\u0161manis<\/strong><\/p>\n<\/div><\/div>\n\n\n\n<hr class=\"wp-block-separator has-alpha-channel-opacity is-style-wide\" \/>\n\n\n\n<h2 class=\"wp-block-heading\"><strong>Priec\u0101jamies!&nbsp;<\/strong><\/h2>\n\n\n\n<div class=\"wp-block-media-text is-stacked-on-mobile\"><figure class=\"wp-block-media-text__media\"><img loading=\"lazy\" decoding=\"async\" width=\"1024\" height=\"768\" src=\"https:\/\/izglitiba.valmierasnovads.lv\/kocenuskola\/wp-content\/uploads\/sites\/16\/2025\/05\/IMG_8024-1024x768.jpg\" alt=\"\" class=\"wp-image-602 size-full\" srcset=\"https:\/\/izglitiba.valmierasnovads.lv\/kocenuskola\/wp-content\/uploads\/sites\/16\/2025\/05\/IMG_8024-1024x768.jpg 1024w, https:\/\/izglitiba.valmierasnovads.lv\/kocenuskola\/wp-content\/uploads\/sites\/16\/2025\/05\/IMG_8024-300x225.jpg 300w, https:\/\/izglitiba.valmierasnovads.lv\/kocenuskola\/wp-content\/uploads\/sites\/16\/2025\/05\/IMG_8024-768x576.jpg 768w, https:\/\/izglitiba.valmierasnovads.lv\/kocenuskola\/wp-content\/uploads\/sites\/16\/2025\/05\/IMG_8024.jpg 1280w\" sizes=\"auto, (max-width: 1024px) 100vw, 1024px\" \/><\/figure><div class=\"wp-block-media-text__content\">\n<p>Prieks par iek\u013c\u016b\u0161anu olimpiskaj\u0101 trijniek\u0101 &#8211; Valmieras novada 9.kla\u0161u skol\u0113nu olimpi\u0101d\u0113 matem\u0101tik\u0101 3.vieta 34 dal\u012bbnieku vid\u016b 9.b klases skolniecei Elizabetai Laursonei!&nbsp;<br>Paldies skolot\u0101jai Ilzei Zari\u0146ai un Elizabetas \u0123imenei par sadarb\u012bbu un atbalstu!&nbsp;<br><strong>Foto: M\u0101ris Bu\u0161manis<\/strong><\/p>\n<\/div><\/div>\n\n\n\n<hr class=\"wp-block-separator has-alpha-channel-opacity is-style-wide\" \/>\n\n\n\n<h2 class=\"wp-block-heading\"><strong>Priec\u0101jamies!&nbsp;<\/strong><\/h2>\n\n\n\n<div class=\"wp-block-media-text is-stacked-on-mobile\"><figure class=\"wp-block-media-text__media\"><img loading=\"lazy\" decoding=\"async\" width=\"953\" height=\"1024\" src=\"https:\/\/izglitiba.valmierasnovads.lv\/kocenuskola\/wp-content\/uploads\/sites\/16\/2025\/05\/WhatsApp-Image-2025-01-15-at-15.35.37-953x1024.jpeg\" alt=\"\" class=\"wp-image-601 size-full\" srcset=\"https:\/\/izglitiba.valmierasnovads.lv\/kocenuskola\/wp-content\/uploads\/sites\/16\/2025\/05\/WhatsApp-Image-2025-01-15-at-15.35.37-953x1024.jpeg 953w, https:\/\/izglitiba.valmierasnovads.lv\/kocenuskola\/wp-content\/uploads\/sites\/16\/2025\/05\/WhatsApp-Image-2025-01-15-at-15.35.37-279x300.jpeg 279w, https:\/\/izglitiba.valmierasnovads.lv\/kocenuskola\/wp-content\/uploads\/sites\/16\/2025\/05\/WhatsApp-Image-2025-01-15-at-15.35.37-768x826.jpeg 768w, https:\/\/izglitiba.valmierasnovads.lv\/kocenuskola\/wp-content\/uploads\/sites\/16\/2025\/05\/WhatsApp-Image-2025-01-15-at-15.35.37.jpeg 1280w\" sizes=\"auto, (max-width: 953px) 100vw, 953px\" \/><\/figure><div class=\"wp-block-media-text__content\">\n<p>Prieks par Martas T\u012bmanes sniegumu valsts ang\u013cu valodas olimpi\u0101d\u0113, iek\u013c\u016bstot 17 izcil\u0101ko valsts skol\u0113nu vid\u016b, kas p\u0101rst\u0101v\u0113s savu novadu valsts olimpi\u0101des II k\u0101rt\u0101. Lai izdodas!&nbsp;<br>Paldies ar\u012b par atbalstu skolot\u0101jai Gunitai \u0160mitei un Martas \u0123imenei!<br><strong>Teksts: M\u0101ris Bu\u0161manis<br>Foto: M\u0101ris Bu\u0161manis<\/strong><\/p>\n<\/div><\/div>\n\n\n\n<hr class=\"wp-block-separator has-alpha-channel-opacity is-style-wide\" \/>\n\n\n\n<h2 class=\"wp-block-heading\"><strong>Lepojamies!<\/strong><\/h2>\n\n\n\n<div class=\"wp-block-media-text is-stacked-on-mobile\"><figure class=\"wp-block-media-text__media\"><img loading=\"lazy\" decoding=\"async\" width=\"768\" height=\"1024\" src=\"https:\/\/izglitiba.valmierasnovads.lv\/kocenuskola\/wp-content\/uploads\/sites\/16\/2025\/05\/WhatsApp-Image-2024-04-25-at-16.07.17-768x1024.jpeg\" alt=\"\" class=\"wp-image-603 size-full\" \/><\/figure><div class=\"wp-block-media-text__content\">\n<p>3.kla\u0161u latvie\u0161u valodas olimpi\u0101d\u0113 Hannai Karliv\u0101nei 2.vieta, Enijai P\u0113tersonei atzin\u012bba!&nbsp;<br>Paldies skolot\u0101j\u0101m Egitai L\u012bcei un L\u0101smai Saln\u0101jai par ieguld\u012bto darbu!<\/p>\n<\/div><\/div>\n\n\n\n<hr class=\"wp-block-separator has-alpha-channel-opacity is-style-wide\" \/>\n\n\n\n<h2 class=\"wp-block-heading\"><strong>Sveicam un lepojamies!<\/strong><\/h2>\n\n\n\n<div class=\"wp-block-media-text is-stacked-on-mobile\"><figure class=\"wp-block-media-text__media\"><img loading=\"lazy\" decoding=\"async\" width=\"500\" height=\"450\" src=\"https:\/\/izglitiba.valmierasnovads.lv\/kocenuskola\/wp-content\/uploads\/sites\/16\/2025\/05\/WhatsApp-Image-2024-04-12-at-12.40.08-e1748250996516.jpeg\" alt=\"\" class=\"wp-image-604 size-full\" \/><\/figure><div class=\"wp-block-media-text__content\">\n<p>3.kla\u0161u matem\u0101tikas olimpi\u0101d\u0113 gan Robertam Hlizovam, gan Edgaram Rudz\u012btim atzin\u012bbas!<br>Paldies skolot\u0101j\u0101m Marinai Melkurtei un L\u0101smai Saln\u0101jai par ieguld\u012bto darbu!<\/p>\n<\/div><\/div>\n\n\n\n<hr class=\"wp-block-separator has-alpha-channel-opacity is-style-wide\" \/>\n\n\n\n<h2 class=\"wp-block-heading\"><strong>Lepojamies!&nbsp;<\/strong><\/h2>\n\n\n\n<div class=\"wp-block-media-text is-stacked-on-mobile\"><figure class=\"wp-block-media-text__media\"><img loading=\"lazy\" decoding=\"async\" width=\"1024\" height=\"768\" src=\"https:\/\/izglitiba.valmierasnovads.lv\/kocenuskola\/wp-content\/uploads\/sites\/16\/2025\/05\/WhatsApp-Image-2024-03-21-at-11.36.28-1024x768.jpeg\" alt=\"\" class=\"wp-image-605 size-full\" srcset=\"https:\/\/izglitiba.valmierasnovads.lv\/kocenuskola\/wp-content\/uploads\/sites\/16\/2025\/05\/WhatsApp-Image-2024-03-21-at-11.36.28-1024x768.jpeg 1024w, https:\/\/izglitiba.valmierasnovads.lv\/kocenuskola\/wp-content\/uploads\/sites\/16\/2025\/05\/WhatsApp-Image-2024-03-21-at-11.36.28-300x225.jpeg 300w, https:\/\/izglitiba.valmierasnovads.lv\/kocenuskola\/wp-content\/uploads\/sites\/16\/2025\/05\/WhatsApp-Image-2024-03-21-at-11.36.28-768x576.jpeg 768w, https:\/\/izglitiba.valmierasnovads.lv\/kocenuskola\/wp-content\/uploads\/sites\/16\/2025\/05\/WhatsApp-Image-2024-03-21-at-11.36.28.jpeg 1280w\" sizes=\"auto, (max-width: 1024px) 100vw, 1024px\" \/><\/figure><div class=\"wp-block-media-text__content\">\n<p>Valmieras novada matem\u0101tikas olimpi\u0101d\u0113 2.vieta Elizabetai Laursonei (8.b), 3.vieta R\u016bdim Vanteram (8.b) un Adrianam Pojarkovam (6.b), atzin\u012bba Kristeram Jermac\u0101nam (7.a).&nbsp;<br>Ar\u012b p\u0101r\u0113jiem dal\u012bbniekiem labi rezult\u0101ti.&nbsp;<br>Paldies skolot\u0101j\u0101m &#8211; Ilzei, Krist\u012bnei un Inai Smirnovai &#8211; par ieguld\u012bto darbu!&nbsp;<br>2024.03.12.<\/p>\n<\/div><\/div>\n\n\n\n<hr class=\"wp-block-separator has-alpha-channel-opacity is-style-wide\" \/>\n\n\n\n<h2 class=\"wp-block-heading\"><strong>Sveicam!<\/strong><\/h2>\n\n\n<style>.wp-block-kadence-advancedheading.kt-adv-heading869_88a1cb-d6, .wp-block-kadence-advancedheading.kt-adv-heading869_88a1cb-d6[data-kb-block=\"kb-adv-heading869_88a1cb-d6\"]{font-style:normal;}.wp-block-kadence-advancedheading.kt-adv-heading869_88a1cb-d6 mark.kt-highlight, .wp-block-kadence-advancedheading.kt-adv-heading869_88a1cb-d6[data-kb-block=\"kb-adv-heading869_88a1cb-d6\"] mark.kt-highlight{font-style:normal;color:#f76a0c;-webkit-box-decoration-break:clone;box-decoration-break:clone;padding-top:0px;padding-right:0px;padding-bottom:0px;padding-left:0px;}.wp-block-kadence-advancedheading.kt-adv-heading869_88a1cb-d6 img.kb-inline-image, .wp-block-kadence-advancedheading.kt-adv-heading869_88a1cb-d6[data-kb-block=\"kb-adv-heading869_88a1cb-d6\"] img.kb-inline-image{width:150px;vertical-align:baseline;}<\/style>\n<p class=\"kt-adv-heading869_88a1cb-d6 wp-block-kadence-advancedheading\" data-kb-block=\"kb-adv-heading869_88a1cb-d6\">Sveicam Valmieras novada&nbsp;3.kla\u0161u skol\u0113nu olimpi\u0101des latvie\u0161u valod\u0101 laure\u0101ti&nbsp;Odriju Buili&nbsp;(3.a&nbsp;kl.) ar ieg\u016bto&nbsp;atzin\u012bbu!&nbsp;Paldies skolot\u0101jai&nbsp;Marinai Melkurtei! 2023.04.27<\/p>\n\n\n\n<hr class=\"wp-block-separator has-alpha-channel-opacity is-style-wide\" \/>\n\n\n\n<h2 class=\"wp-block-heading\">Lepojamies!<\/h2>\n\n\n<style>.wp-block-kadence-advancedheading.kt-adv-heading869_228169-12, .wp-block-kadence-advancedheading.kt-adv-heading869_228169-12[data-kb-block=\"kb-adv-heading869_228169-12\"]{font-style:normal;}.wp-block-kadence-advancedheading.kt-adv-heading869_228169-12 mark.kt-highlight, .wp-block-kadence-advancedheading.kt-adv-heading869_228169-12[data-kb-block=\"kb-adv-heading869_228169-12\"] mark.kt-highlight{font-style:normal;color:#f76a0c;-webkit-box-decoration-break:clone;box-decoration-break:clone;padding-top:0px;padding-right:0px;padding-bottom:0px;padding-left:0px;}.wp-block-kadence-advancedheading.kt-adv-heading869_228169-12 img.kb-inline-image, .wp-block-kadence-advancedheading.kt-adv-heading869_228169-12[data-kb-block=\"kb-adv-heading869_228169-12\"] img.kb-inline-image{width:150px;vertical-align:baseline;}<\/style>\n<p class=\"kt-adv-heading869_228169-12 wp-block-kadence-advancedheading\" data-kb-block=\"kb-adv-heading869_228169-12\">Pateicoties Valmieras s\u0101kumskolas vizu\u0101l\u0101s m\u0101kslas skolot\u0101jai Silvai Buli\u0146ai, 5.apr\u012bl\u012b m\u016bsu skol\u0113ni piedal\u012bj\u0101s vizu\u0101l\u0101s m\u0101kslas olimpi\u0101d\u0113 kop\u0101 ar Valmieras s\u0101kumskolas un Valmieras P\u0101rgaujas s\u0101kumskolas skol\u0113niem. No m\u016bsu skolas vecuma grup\u0101 no 1. l\u012bdz 6.klasei pavisam piedalij\u0101s 20 skol\u0113ni. 3.vietu ieguva And\u017eel\u012bna Laursone 5.b klase, 1.vietu &#8211; Em\u012blija Trauberga 4.a klase.&nbsp;Visi laim\u012bgi un gandar\u012bti. Paldies skolot\u0101jai Indrai Fr\u012bdenfeldei un visiem \u010daklajiem dal\u012bbniekiem!&nbsp;2023.04.06<\/p>\n\n\n\n<hr class=\"wp-block-separator has-alpha-channel-opacity is-style-wide\" \/>\n\n\n\n<h2 class=\"wp-block-heading\"><strong>Priec\u0101jamies!<\/strong><\/h2>\n\n\n<style>.wp-block-kadence-advancedheading.kt-adv-heading869_71c5a3-81, .wp-block-kadence-advancedheading.kt-adv-heading869_71c5a3-81[data-kb-block=\"kb-adv-heading869_71c5a3-81\"]{font-style:normal;}.wp-block-kadence-advancedheading.kt-adv-heading869_71c5a3-81 mark.kt-highlight, .wp-block-kadence-advancedheading.kt-adv-heading869_71c5a3-81[data-kb-block=\"kb-adv-heading869_71c5a3-81\"] mark.kt-highlight{font-style:normal;color:#f76a0c;-webkit-box-decoration-break:clone;box-decoration-break:clone;padding-top:0px;padding-right:0px;padding-bottom:0px;padding-left:0px;}.wp-block-kadence-advancedheading.kt-adv-heading869_71c5a3-81 img.kb-inline-image, .wp-block-kadence-advancedheading.kt-adv-heading869_71c5a3-81[data-kb-block=\"kb-adv-heading869_71c5a3-81\"] img.kb-inline-image{width:150px;vertical-align:baseline;}<\/style>\n<p class=\"kt-adv-heading869_71c5a3-81 wp-block-kadence-advancedheading\" data-kb-block=\"kb-adv-heading869_71c5a3-81\">Prieks par&nbsp;Valmieras novada 7. un 8. kla\u0161u izgl\u012btojamo In\u017eenierzin\u012bbu komandu&nbsp;olimpi\u0101des&nbsp;dal\u012bbniekiem, kas ieguvu\u0161i atzin\u012bbu,&nbsp;&#8211;&nbsp;7.b&nbsp;klases skol\u0113niem&nbsp;Elizabetu Laursoni, Ri\u010dardu Braunu un R\u016bdi Vanteru! Paldies skolot\u0101jam Viesturam Laim\u012btem!<br>2023.03.30<\/p>\n\n\n\n<hr class=\"wp-block-separator has-alpha-channel-opacity is-style-wide\" \/>\n\n\n\n<h2 class=\"wp-block-heading\"><strong>Sveicam!<\/strong><\/h2>\n\n\n<style>.wp-block-kadence-advancedheading.kt-adv-heading869_195121-f1, .wp-block-kadence-advancedheading.kt-adv-heading869_195121-f1[data-kb-block=\"kb-adv-heading869_195121-f1\"]{font-style:normal;}.wp-block-kadence-advancedheading.kt-adv-heading869_195121-f1 mark.kt-highlight, .wp-block-kadence-advancedheading.kt-adv-heading869_195121-f1[data-kb-block=\"kb-adv-heading869_195121-f1\"] mark.kt-highlight{font-style:normal;color:#f76a0c;-webkit-box-decoration-break:clone;box-decoration-break:clone;padding-top:0px;padding-right:0px;padding-bottom:0px;padding-left:0px;}.wp-block-kadence-advancedheading.kt-adv-heading869_195121-f1 img.kb-inline-image, .wp-block-kadence-advancedheading.kt-adv-heading869_195121-f1[data-kb-block=\"kb-adv-heading869_195121-f1\"] img.kb-inline-image{width:150px;vertical-align:baseline;}<\/style>\n<p class=\"kt-adv-heading869_195121-f1 wp-block-kadence-advancedheading\" data-kb-block=\"kb-adv-heading869_195121-f1\">Sveicam Valmieras novada&nbsp;8.-9.kla\u0161u skol\u0113nu olimpi\u0101des&nbsp;latvie\u0161u valod\u0101 un literat\u016br\u0101&nbsp;laure\u0101ti T\u012bnu Skrasti\u0146u&nbsp;(9.b kl.) ar ieg\u016bto 3.vietu!&nbsp;Paldies skolot\u0101jai Elitai Ozolai!2023.03.28<br><br>Sveicam Valmieras novada 5.-8.kla\u0161u skol\u0113nu olimpi\u0101des matem\u0101tik\u0101 laure\u0101tes: Montu Leiti (5.a kl.) un Elizabetu Laursoni (7.b kl.)! Paldies skolot\u0101j\u0101m Inai Smirnovai un Ilzei Zari\u0146ai!&nbsp;2023.03.22<\/p>\n\n\n\n<hr class=\"wp-block-separator has-alpha-channel-opacity is-style-wide\" \/>\n\n\n\n<h2 class=\"wp-block-heading\"><strong>Lepojamies!<\/strong><\/h2>\n\n\n\n<div class=\"wp-block-media-text is-stacked-on-mobile\"><figure class=\"wp-block-media-text__media\"><img loading=\"lazy\" decoding=\"async\" width=\"1024\" height=\"563\" src=\"https:\/\/izglitiba.valmierasnovads.lv\/kocenuskola\/wp-content\/uploads\/sites\/16\/2025\/06\/3eefec14-3e96-4741-a371-99767ff80908-1024x563.jpg\" alt=\"\" class=\"wp-image-873 size-full\" srcset=\"https:\/\/izglitiba.valmierasnovads.lv\/kocenuskola\/wp-content\/uploads\/sites\/16\/2025\/06\/3eefec14-3e96-4741-a371-99767ff80908-1024x563.jpg 1024w, https:\/\/izglitiba.valmierasnovads.lv\/kocenuskola\/wp-content\/uploads\/sites\/16\/2025\/06\/3eefec14-3e96-4741-a371-99767ff80908-300x165.jpg 300w, https:\/\/izglitiba.valmierasnovads.lv\/kocenuskola\/wp-content\/uploads\/sites\/16\/2025\/06\/3eefec14-3e96-4741-a371-99767ff80908-768x422.jpg 768w, https:\/\/izglitiba.valmierasnovads.lv\/kocenuskola\/wp-content\/uploads\/sites\/16\/2025\/06\/3eefec14-3e96-4741-a371-99767ff80908.jpg 1280w\" sizes=\"auto, (max-width: 1024px) 100vw, 1024px\" \/><\/figure><div class=\"wp-block-media-text__content\">\n<p>Prieks par Valmieras novada skol\u0113nu olimpi\u0101des in\u017eenierzin\u0101tn\u0113s laure\u0101tiem &#8211; 2.vietas ieguv\u0113jiem 8.a klases skol\u0113niem Gabrielu Gukengeimeru, Kristi\u0101nu \u010cer\u0146evski un Rod\u017eeru Krastu! Paldies skolot\u0101jam Viesturam Laim\u012btem!<br>2022.05.10.<\/p>\n<\/div><\/div>\n\n\n\n<hr class=\"wp-block-separator has-alpha-channel-opacity is-style-wide\" \/>\n\n\n\n<h2 class=\"wp-block-heading\"><strong>Lepojamies!<\/strong><\/h2>\n\n\n\n<div class=\"wp-block-media-text is-stacked-on-mobile\"><figure class=\"wp-block-media-text__media\"><img loading=\"lazy\" decoding=\"async\" width=\"1024\" height=\"768\" src=\"https:\/\/izglitiba.valmierasnovads.lv\/kocenuskola\/wp-content\/uploads\/sites\/16\/2025\/06\/lepojamies-1024x768.jpg\" alt=\"\" class=\"wp-image-874 size-full\" srcset=\"https:\/\/izglitiba.valmierasnovads.lv\/kocenuskola\/wp-content\/uploads\/sites\/16\/2025\/06\/lepojamies-1024x768.jpg 1024w, https:\/\/izglitiba.valmierasnovads.lv\/kocenuskola\/wp-content\/uploads\/sites\/16\/2025\/06\/lepojamies-300x225.jpg 300w, https:\/\/izglitiba.valmierasnovads.lv\/kocenuskola\/wp-content\/uploads\/sites\/16\/2025\/06\/lepojamies-768x576.jpg 768w, https:\/\/izglitiba.valmierasnovads.lv\/kocenuskola\/wp-content\/uploads\/sites\/16\/2025\/06\/lepojamies.jpg 1280w\" sizes=\"auto, (max-width: 1024px) 100vw, 1024px\" \/><\/figure><div class=\"wp-block-media-text__content\">\n<p>Sveicam un priec\u0101jamies par 6.b klases skolnieces Elizabetas Laursones pan\u0101kumu &#8211; ieg\u016bto 3.vietu Valmieras novada 6.kla\u0161u skol\u0113nu olimpi\u0101d\u0113 dabaszin\u012bb\u0101s! Paldies vec\u0101kiem un skolot\u0101jai Inai M\u012blenbergai par atbalstu!<br>2022.04.17<\/p>\n<\/div><\/div>\n\n\n\n<hr class=\"wp-block-separator has-alpha-channel-opacity is-style-wide\" \/>\n\n\n\n<h2 class=\"wp-block-heading\"><strong>Lepojamies!<\/strong><\/h2>\n\n\n\n<div class=\"wp-block-media-text is-stacked-on-mobile\"><figure class=\"wp-block-media-text__media\"><img loading=\"lazy\" decoding=\"async\" width=\"1024\" height=\"768\" src=\"https:\/\/izglitiba.valmierasnovads.lv\/kocenuskola\/wp-content\/uploads\/sites\/16\/2025\/06\/Matematiki-1024x768.jpg\" alt=\"\" class=\"wp-image-875 size-full\" srcset=\"https:\/\/izglitiba.valmierasnovads.lv\/kocenuskola\/wp-content\/uploads\/sites\/16\/2025\/06\/Matematiki-1024x768.jpg 1024w, https:\/\/izglitiba.valmierasnovads.lv\/kocenuskola\/wp-content\/uploads\/sites\/16\/2025\/06\/Matematiki-300x225.jpg 300w, https:\/\/izglitiba.valmierasnovads.lv\/kocenuskola\/wp-content\/uploads\/sites\/16\/2025\/06\/Matematiki-768x576.jpg 768w, https:\/\/izglitiba.valmierasnovads.lv\/kocenuskola\/wp-content\/uploads\/sites\/16\/2025\/06\/Matematiki.jpg 1231w\" sizes=\"auto, (max-width: 1024px) 100vw, 1024px\" \/><\/figure><div class=\"wp-block-media-text__content\">\n<p>Priec\u0101jamies un sak\u0101m paldies Valmieras novada skolu 5.-8.kla\u0161u skol\u0113nu matem\u0101tikas olimpi\u0101des laure\u0101tiem, par atbalstu vi\u0146u vec\u0101kiem un vi\u0146u skolot\u0101j\u0101m: 1.vietas ieguv\u0113jai&nbsp;<strong>Sandijai Rumbai<\/strong>&nbsp;(8.a kl., sk. Krist\u012bne \u010caune), 2.vietas ieguv\u0113jam&nbsp;<strong>Kristeram Jermac\u0101nam<\/strong>&nbsp;(5.a kl., sk. K.\u010caune), Atzin\u012bbas ieguv\u0113j\u0101m&nbsp;<strong>Elizabetai Laursonei<\/strong>&nbsp;(6.b kl., sk. Ilze Zari\u0146a) un&nbsp;<strong>T\u012bnai Skrasti\u0146ai<\/strong>&nbsp;(8.b kl., sk. K.\u010caune)!<br>2022.03.30<\/p>\n<\/div><\/div>\n\n\n\n<hr class=\"wp-block-separator has-alpha-channel-opacity is-style-wide\" \/>\n\n\n\n<h2 class=\"wp-block-heading\">Lepojamies! 2021.\/2022.<\/h2>\n\n\n\n<div class=\"wp-block-media-text is-stacked-on-mobile\"><figure class=\"wp-block-media-text__media\"><img loading=\"lazy\" decoding=\"async\" width=\"376\" height=\"350\" src=\"https:\/\/izglitiba.valmierasnovads.lv\/kocenuskola\/wp-content\/uploads\/sites\/16\/2025\/06\/image-6.png\" alt=\"\" class=\"wp-image-876 size-full\" srcset=\"https:\/\/izglitiba.valmierasnovads.lv\/kocenuskola\/wp-content\/uploads\/sites\/16\/2025\/06\/image-6.png 376w, https:\/\/izglitiba.valmierasnovads.lv\/kocenuskola\/wp-content\/uploads\/sites\/16\/2025\/06\/image-6-300x279.png 300w\" sizes=\"auto, (max-width: 376px) 100vw, 376px\" \/><\/figure><div class=\"wp-block-media-text__content\">\n<p>Lepojamies ar Valmieras novada 8., 9. kla\u0161u olimpi\u0101des krievu valod\u0101 laure\u0101ti 8.b klases izgl\u012btojamo&nbsp;<strong>Alisi Sofiju Aumeisteri<\/strong>! Paldies skolot\u0101jai Tatjanai Alenai!<br>K\u0101 raksta Alise, \u201ckad gatavoj\u0101mies olimpi\u0101dei, viss lik\u0101s tik gr\u016bts, es uztraucos\u2026 un t\u0101p\u0113c darbu izpild\u012bju \u013coti \u0101tri. Un rezult\u0101t\u0101 negaidot ieguvu 3. vietu! Paldies manai krievu valodas skolot\u0101jai par pal\u012bdz\u012bbu!\u201d.<\/p>\n<\/div><\/div>\n\n\n\n<hr class=\"wp-block-separator has-alpha-channel-opacity is-style-wide\" \/>\n\n\n\n<h2 class=\"wp-block-heading\">Lepojamies! 2020.\/2021.<\/h2>\n\n\n\n<div class=\"wp-block-media-text is-stacked-on-mobile\"><figure class=\"wp-block-media-text__media\"><img loading=\"lazy\" decoding=\"async\" width=\"890\" height=\"1024\" src=\"https:\/\/izglitiba.valmierasnovads.lv\/kocenuskola\/wp-content\/uploads\/sites\/16\/2025\/06\/Logo_2-890x1024.png\" alt=\"\" class=\"wp-image-878 size-full\" srcset=\"https:\/\/izglitiba.valmierasnovads.lv\/kocenuskola\/wp-content\/uploads\/sites\/16\/2025\/06\/Logo_2-890x1024.png 890w, https:\/\/izglitiba.valmierasnovads.lv\/kocenuskola\/wp-content\/uploads\/sites\/16\/2025\/06\/Logo_2-261x300.png 261w, https:\/\/izglitiba.valmierasnovads.lv\/kocenuskola\/wp-content\/uploads\/sites\/16\/2025\/06\/Logo_2-768x884.png 768w, https:\/\/izglitiba.valmierasnovads.lv\/kocenuskola\/wp-content\/uploads\/sites\/16\/2025\/06\/Logo_2.png 916w\" sizes=\"auto, (max-width: 890px) 100vw, 890px\" \/><\/figure><div class=\"wp-block-media-text__content\">\n<details class=\"wp-block-details is-layout-flow wp-block-details-is-layout-flow\"><summary>2020.\/2021.m\u0101c\u012bbu gad\u0101 Koc\u0113nu pamatskolas skol\u0113ni guvu\u0161i augstus sasniegumus Valmieras pils\u0113tas un novadu skolu m\u0101c\u012bbu priek\u0161metu olimpi\u0101d\u0113s.<\/summary>\n<p>1.vieta<br>V\u0113stures olimpi\u0101de 9.klasei. Izgl\u012btojam\u0101 Paula Ramane. Skolot\u0101ja Elga Olmane.<br>Matem\u0101tika 5.klasei. Izgl\u012btojamais R\u016bdis Vanters. Skolot\u0101ja Ilze Zari\u0146a.<br>2.vieta<br>Latvie\u0161u valoda un literat\u016bra 9.klasei. Izgl\u012btojam\u0101 Paula Ramane.Skolot\u0101ja Elita Ozola.<br>Matem\u0101tika 5.klasei.Izgl\u012btojam\u0101s Annija T\u012bna Sildare un Elizabeta Laursone. Skolot\u0101ja Ilze Zari\u0146a.<br>3.vieta<br>V\u0113stures olimpi\u0101de 9.klasei. Izgl\u012btojam\u0101 Kar\u012bna Graudi\u0146a. Skolot\u0101ja Elga Olmane.<br>Latvie\u0161u valoda un literat\u016bra 8.klasei.Izgl\u012btojam\u0101 Madara Ilze Greb\u016bna. Skolot\u0101ja Gita Daubare.<br>Matem\u0101tika 6.klasei.Krist\u012bne Augule. Skolot\u0101ja Ina Smirnova.<br>Dabaszin\u012bbas 6.klasei. Izgl\u012btojamais M\u0101rcis \u0160mits. Skolot\u0101ja Ina M\u012blenberga.<br>Matem\u0101tika 8.klasei.Izgl\u012btojam\u0101 Madara Ilze Greb\u016bna. Skolot\u0101ja Ilze Zari\u0146a<br>Atzin\u012bba<br>Biolo\u0123ijas olimpi\u0101de 9.klasei. Izgl\u012btojam\u0101 Samanta Jurk\u0101ne. Skolot\u0101ja Inguna Ulase.<br>Matem\u0101tika 7.klasei. Izgl\u012btojam\u0101 Sandija Rumba. Skolot\u0101ja Krist\u012bne \u010caune.<br>Matem\u0101tika 6.klasei.Lelde Luste. Skolot\u0101ja Ina Smirnova.<br>Matem\u0101tika 5.klasei. Izgl\u012btojamie Linda Amanda Hohlova un M\u0101rcis Seipul\u0101ns. Skolot\u0101ja Ilze Zari\u0146a.<br>Dal\u012bba valsts olimpi\u0101d\u0113<br>Latvie\u0161u valoda un literat\u016bra 9.klasei. Izgl\u012btojam\u0101 Paula Ramane. Skolot\u0101ja Elita Ozola.<\/p>\n<\/details>\n<\/div><\/div>\n\n\n\n<hr class=\"wp-block-separator has-alpha-channel-opacity is-style-wide\" \/>\n\n\n<style>.wp-block-kadence-advancedheading.kt-adv-heading869_0f57d3-05, .wp-block-kadence-advancedheading.kt-adv-heading869_0f57d3-05[data-kb-block=\"kb-adv-heading869_0f57d3-05\"]{font-style:normal;}.wp-block-kadence-advancedheading.kt-adv-heading869_0f57d3-05 mark.kt-highlight, .wp-block-kadence-advancedheading.kt-adv-heading869_0f57d3-05[data-kb-block=\"kb-adv-heading869_0f57d3-05\"] mark.kt-highlight{font-style:normal;color:#f76a0c;-webkit-box-decoration-break:clone;box-decoration-break:clone;padding-top:0px;padding-right:0px;padding-bottom:0px;padding-left:0px;}.wp-block-kadence-advancedheading.kt-adv-heading869_0f57d3-05 img.kb-inline-image, .wp-block-kadence-advancedheading.kt-adv-heading869_0f57d3-05[data-kb-block=\"kb-adv-heading869_0f57d3-05\"] img.kb-inline-image{width:150px;vertical-align:baseline;}<\/style>\n<p class=\"kt-adv-heading869_0f57d3-05 wp-block-kadence-advancedheading\" data-kb-block=\"kb-adv-heading869_0f57d3-05\"><\/p>\n","protected":false},"excerpt":{"rendered":"<p>Lepojamies!&nbsp; Valsts olimpi\u0101d\u0113 matem\u0101tik\u0101 Eduards Griezi\u0146\u0161 p\u0101rst\u0101v\u0113ja Valmieras novadu un ieguva godpilno 3. vietu.Paldies Eduardam, vi\u0146a \u0123imenei un vi\u0146a matem\u0101tikas [&hellip;]<\/p>\n","protected":false},"author":33,"featured_media":0,"parent":0,"menu_order":0,"comment_status":"closed","ping_status":"closed","template":"","meta":{"_acf_changed":false,"site-sidebar-layout":"default","site-content-layout":"","ast-site-content-layout":"","site-content-style":"default","site-sidebar-style":"default","ast-global-header-display":"","ast-banner-title-visibility":"","ast-main-header-display":"","ast-hfb-above-header-display":"","ast-hfb-below-header-display":"","ast-hfb-mobile-header-display":"","site-post-title":"disabled","ast-breadcrumbs-content":"","ast-featured-img":"","footer-sml-layout":"","ast-disable-related-posts":"","theme-transparent-header-meta":"","adv-header-id-meta":"","stick-header-meta":"","header-above-stick-meta":"","header-main-stick-meta":"","header-below-stick-meta":"","astra-migrate-meta-layouts":"default","ast-page-background-enabled":"default","ast-page-background-meta":{"desktop":{"background-color":"var(--ast-global-color-5)","background-image":"","background-repeat":"repeat","background-position":"center center","background-size":"auto","background-attachment":"scroll","background-type":"","background-media":"","overlay-type":"","overlay-color":"","overlay-opacity":"","overlay-gradient":""},"tablet":{"background-color":"","background-image":"","background-repeat":"repeat","background-position":"center center","background-size":"auto","background-attachment":"scroll","background-type":"","background-media":"","overlay-type":"","overlay-color":"","overlay-opacity":"","overlay-gradient":""},"mobile":{"background-color":"","background-image":"","background-repeat":"repeat","background-position":"center center","background-size":"auto","background-attachment":"scroll","background-type":"","background-media":"","overlay-type":"","overlay-color":"","overlay-opacity":"","overlay-gradient":""}},"ast-content-background-meta":{"desktop":{"background-color":"var(--ast-global-color-4)","background-image":"","background-repeat":"repeat","background-position":"center center","background-size":"auto","background-attachment":"scroll","background-type":"","background-media":"","overlay-type":"","overlay-color":"","overlay-opacity":"","overlay-gradient":""},"tablet":{"background-color":"var(--ast-global-color-4)","background-image":"","background-repeat":"repeat","background-position":"center center","background-size":"auto","background-attachment":"scroll","background-type":"","background-media":"","overlay-type":"","overlay-color":"","overlay-opacity":"","overlay-gradient":""},"mobile":{"background-color":"var(--ast-global-color-4)","background-image":"","background-repeat":"repeat","background-position":"center center","background-size":"auto","background-attachment":"scroll","background-type":"","background-media":"","overlay-type":"","overlay-color":"","overlay-opacity":"","overlay-gradient":""}},"footnotes":""},"class_list":["post-869","page","type-page","status-publish","hentry"],"acf":[],"yoast_head":"<!-- This site is optimized with the Yoast SEO plugin v27.0 - https:\/\/yoast.com\/product\/yoast-seo-wordpress\/ -->\n<title>Sasniegumi - Koc\u0113nu pamatskola<\/title>\n<meta name=\"robots\" content=\"index, follow, max-snippet:-1, max-image-preview:large, max-video-preview:-1\" \/>\n<link rel=\"canonical\" href=\"https:\/\/izglitiba.valmierasnovads.lv\/kocenuskola\/sasniegumi-3\/\" \/>\n<meta property=\"og:locale\" content=\"lv_LV\" \/>\n<meta property=\"og:type\" content=\"article\" \/>\n<meta property=\"og:title\" content=\"Sasniegumi - Koc\u0113nu pamatskola\" \/>\n<meta property=\"og:description\" content=\"Lepojamies!&nbsp; Valsts olimpi\u0101d\u0113 matem\u0101tik\u0101 Eduards Griezi\u0146\u0161 p\u0101rst\u0101v\u0113ja Valmieras novadu un ieguva godpilno 3. vietu.Paldies Eduardam, vi\u0146a \u0123imenei un vi\u0146a matem\u0101tikas [&hellip;]\" \/>\n<meta property=\"og:url\" content=\"https:\/\/izglitiba.valmierasnovads.lv\/kocenuskola\/sasniegumi-3\/\" \/>\n<meta property=\"og:site_name\" content=\"Koc\u0113nu pamatskola\" \/>\n<meta property=\"article:modified_time\" content=\"2025-06-04T08:27:58+00:00\" \/>\n<meta property=\"og:image\" content=\"https:\/\/izglitiba.valmierasnovads.lv\/kocenuskola\/wp-content\/uploads\/sites\/16\/2025\/05\/Image-5.jpeg\" \/>\n\t<meta property=\"og:image:width\" content=\"1600\" \/>\n\t<meta property=\"og:image:height\" content=\"500\" \/>\n\t<meta property=\"og:image:type\" content=\"image\/jpeg\" \/>\n<meta name=\"twitter:card\" content=\"summary_large_image\" \/>\n<meta name=\"twitter:label1\" content=\"Est. reading time\" \/>\n\t<meta name=\"twitter:data1\" content=\"7 min\u016btes\" \/>\n<script type=\"application\/ld+json\" class=\"yoast-schema-graph\">{\"@context\":\"https:\/\/schema.org\",\"@graph\":[{\"@type\":\"WebPage\",\"@id\":\"https:\/\/izglitiba.valmierasnovads.lv\/kocenuskola\/sasniegumi-3\/\",\"url\":\"https:\/\/izglitiba.valmierasnovads.lv\/kocenuskola\/sasniegumi-3\/\",\"name\":\"Sasniegumi - Koc\u0113nu pamatskola\",\"isPartOf\":{\"@id\":\"https:\/\/izglitiba.valmierasnovads.lv\/kocenuskola\/#website\"},\"primaryImageOfPage\":{\"@id\":\"https:\/\/izglitiba.valmierasnovads.lv\/kocenuskola\/sasniegumi-3\/#primaryimage\"},\"image\":{\"@id\":\"https:\/\/izglitiba.valmierasnovads.lv\/kocenuskola\/sasniegumi-3\/#primaryimage\"},\"thumbnailUrl\":\"https:\/\/izglitiba.valmierasnovads.lv\/kocenuskola\/wp-content\/uploads\/sites\/16\/2025\/05\/Image-5-1024x320.jpeg\",\"datePublished\":\"2025-06-03T09:23:31+00:00\",\"dateModified\":\"2025-06-04T08:27:58+00:00\",\"breadcrumb\":{\"@id\":\"https:\/\/izglitiba.valmierasnovads.lv\/kocenuskola\/sasniegumi-3\/#breadcrumb\"},\"inLanguage\":\"lv-LV\",\"potentialAction\":[{\"@type\":\"ReadAction\",\"target\":[\"https:\/\/izglitiba.valmierasnovads.lv\/kocenuskola\/sasniegumi-3\/\"]}]},{\"@type\":\"ImageObject\",\"inLanguage\":\"lv-LV\",\"@id\":\"https:\/\/izglitiba.valmierasnovads.lv\/kocenuskola\/sasniegumi-3\/#primaryimage\",\"url\":\"https:\/\/izglitiba.valmierasnovads.lv\/kocenuskola\/wp-content\/uploads\/sites\/16\/2025\/05\/Image-5.jpeg\",\"contentUrl\":\"https:\/\/izglitiba.valmierasnovads.lv\/kocenuskola\/wp-content\/uploads\/sites\/16\/2025\/05\/Image-5.jpeg\",\"width\":1600,\"height\":500},{\"@type\":\"BreadcrumbList\",\"@id\":\"https:\/\/izglitiba.valmierasnovads.lv\/kocenuskola\/sasniegumi-3\/#breadcrumb\",\"itemListElement\":[{\"@type\":\"ListItem\",\"position\":1,\"name\":\"Home\",\"item\":\"https:\/\/izglitiba.valmierasnovads.lv\/kocenuskola\/\"},{\"@type\":\"ListItem\",\"position\":2,\"name\":\"Sasniegumi\"}]},{\"@type\":\"WebSite\",\"@id\":\"https:\/\/izglitiba.valmierasnovads.lv\/kocenuskola\/#website\",\"url\":\"https:\/\/izglitiba.valmierasnovads.lv\/kocenuskola\/\",\"name\":\"Koc\u0113nu pamatskola\",\"description\":\"\",\"publisher\":{\"@id\":\"https:\/\/izglitiba.valmierasnovads.lv\/kocenuskola\/#organization\"},\"potentialAction\":[{\"@type\":\"SearchAction\",\"target\":{\"@type\":\"EntryPoint\",\"urlTemplate\":\"https:\/\/izglitiba.valmierasnovads.lv\/kocenuskola\/?s={search_term_string}\"},\"query-input\":{\"@type\":\"PropertyValueSpecification\",\"valueRequired\":true,\"valueName\":\"search_term_string\"}}],\"inLanguage\":\"lv-LV\"},{\"@type\":\"Organization\",\"@id\":\"https:\/\/izglitiba.valmierasnovads.lv\/kocenuskola\/#organization\",\"name\":\"Koc\u0113nu pamatskola\",\"url\":\"https:\/\/izglitiba.valmierasnovads.lv\/kocenuskola\/\",\"logo\":{\"@type\":\"ImageObject\",\"inLanguage\":\"lv-LV\",\"@id\":\"https:\/\/izglitiba.valmierasnovads.lv\/kocenuskola\/#\/schema\/logo\/image\/\",\"url\":\"https:\/\/izglitiba.valmierasnovads.lv\/kocenuskola\/wp-content\/uploads\/sites\/16\/2026\/03\/cropped-Komplekta-ar-pasu-logo-12-scaled-1.png\",\"contentUrl\":\"https:\/\/izglitiba.valmierasnovads.lv\/kocenuskola\/wp-content\/uploads\/sites\/16\/2026\/03\/cropped-Komplekta-ar-pasu-logo-12-scaled-1.png\",\"width\":2135,\"height\":372,\"caption\":\"Koc\u0113nu pamatskola\"},\"image\":{\"@id\":\"https:\/\/izglitiba.valmierasnovads.lv\/kocenuskola\/#\/schema\/logo\/image\/\"}}]}<\/script>\n<!-- \/ Yoast SEO plugin. -->","yoast_head_json":{"title":"Sasniegumi - Koc\u0113nu pamatskola","robots":{"index":"index","follow":"follow","max-snippet":"max-snippet:-1","max-image-preview":"max-image-preview:large","max-video-preview":"max-video-preview:-1"},"canonical":"https:\/\/izglitiba.valmierasnovads.lv\/kocenuskola\/sasniegumi-3\/","og_locale":"lv_LV","og_type":"article","og_title":"Sasniegumi - Koc\u0113nu pamatskola","og_description":"Lepojamies!&nbsp; Valsts olimpi\u0101d\u0113 matem\u0101tik\u0101 Eduards Griezi\u0146\u0161 p\u0101rst\u0101v\u0113ja Valmieras novadu un ieguva godpilno 3. vietu.Paldies Eduardam, vi\u0146a \u0123imenei un vi\u0146a matem\u0101tikas [&hellip;]","og_url":"https:\/\/izglitiba.valmierasnovads.lv\/kocenuskola\/sasniegumi-3\/","og_site_name":"Koc\u0113nu pamatskola","article_modified_time":"2025-06-04T08:27:58+00:00","og_image":[{"width":1600,"height":500,"url":"https:\/\/izglitiba.valmierasnovads.lv\/kocenuskola\/wp-content\/uploads\/sites\/16\/2025\/05\/Image-5.jpeg","type":"image\/jpeg"}],"twitter_card":"summary_large_image","twitter_misc":{"Est. reading time":"7 min\u016btes"},"schema":{"@context":"https:\/\/schema.org","@graph":[{"@type":"WebPage","@id":"https:\/\/izglitiba.valmierasnovads.lv\/kocenuskola\/sasniegumi-3\/","url":"https:\/\/izglitiba.valmierasnovads.lv\/kocenuskola\/sasniegumi-3\/","name":"Sasniegumi - Koc\u0113nu pamatskola","isPartOf":{"@id":"https:\/\/izglitiba.valmierasnovads.lv\/kocenuskola\/#website"},"primaryImageOfPage":{"@id":"https:\/\/izglitiba.valmierasnovads.lv\/kocenuskola\/sasniegumi-3\/#primaryimage"},"image":{"@id":"https:\/\/izglitiba.valmierasnovads.lv\/kocenuskola\/sasniegumi-3\/#primaryimage"},"thumbnailUrl":"https:\/\/izglitiba.valmierasnovads.lv\/kocenuskola\/wp-content\/uploads\/sites\/16\/2025\/05\/Image-5-1024x320.jpeg","datePublished":"2025-06-03T09:23:31+00:00","dateModified":"2025-06-04T08:27:58+00:00","breadcrumb":{"@id":"https:\/\/izglitiba.valmierasnovads.lv\/kocenuskola\/sasniegumi-3\/#breadcrumb"},"inLanguage":"lv-LV","potentialAction":[{"@type":"ReadAction","target":["https:\/\/izglitiba.valmierasnovads.lv\/kocenuskola\/sasniegumi-3\/"]}]},{"@type":"ImageObject","inLanguage":"lv-LV","@id":"https:\/\/izglitiba.valmierasnovads.lv\/kocenuskola\/sasniegumi-3\/#primaryimage","url":"https:\/\/izglitiba.valmierasnovads.lv\/kocenuskola\/wp-content\/uploads\/sites\/16\/2025\/05\/Image-5.jpeg","contentUrl":"https:\/\/izglitiba.valmierasnovads.lv\/kocenuskola\/wp-content\/uploads\/sites\/16\/2025\/05\/Image-5.jpeg","width":1600,"height":500},{"@type":"BreadcrumbList","@id":"https:\/\/izglitiba.valmierasnovads.lv\/kocenuskola\/sasniegumi-3\/#breadcrumb","itemListElement":[{"@type":"ListItem","position":1,"name":"Home","item":"https:\/\/izglitiba.valmierasnovads.lv\/kocenuskola\/"},{"@type":"ListItem","position":2,"name":"Sasniegumi"}]},{"@type":"WebSite","@id":"https:\/\/izglitiba.valmierasnovads.lv\/kocenuskola\/#website","url":"https:\/\/izglitiba.valmierasnovads.lv\/kocenuskola\/","name":"Koc\u0113nu pamatskola","description":"","publisher":{"@id":"https:\/\/izglitiba.valmierasnovads.lv\/kocenuskola\/#organization"},"potentialAction":[{"@type":"SearchAction","target":{"@type":"EntryPoint","urlTemplate":"https:\/\/izglitiba.valmierasnovads.lv\/kocenuskola\/?s={search_term_string}"},"query-input":{"@type":"PropertyValueSpecification","valueRequired":true,"valueName":"search_term_string"}}],"inLanguage":"lv-LV"},{"@type":"Organization","@id":"https:\/\/izglitiba.valmierasnovads.lv\/kocenuskola\/#organization","name":"Koc\u0113nu pamatskola","url":"https:\/\/izglitiba.valmierasnovads.lv\/kocenuskola\/","logo":{"@type":"ImageObject","inLanguage":"lv-LV","@id":"https:\/\/izglitiba.valmierasnovads.lv\/kocenuskola\/#\/schema\/logo\/image\/","url":"https:\/\/izglitiba.valmierasnovads.lv\/kocenuskola\/wp-content\/uploads\/sites\/16\/2026\/03\/cropped-Komplekta-ar-pasu-logo-12-scaled-1.png","contentUrl":"https:\/\/izglitiba.valmierasnovads.lv\/kocenuskola\/wp-content\/uploads\/sites\/16\/2026\/03\/cropped-Komplekta-ar-pasu-logo-12-scaled-1.png","width":2135,"height":372,"caption":"Koc\u0113nu pamatskola"},"image":{"@id":"https:\/\/izglitiba.valmierasnovads.lv\/kocenuskola\/#\/schema\/logo\/image\/"}}]}},"_links":{"self":[{"href":"https:\/\/izglitiba.valmierasnovads.lv\/kocenuskola\/wp-json\/wp\/v2\/pages\/869","targetHints":{"allow":["GET"]}}],"collection":[{"href":"https:\/\/izglitiba.valmierasnovads.lv\/kocenuskola\/wp-json\/wp\/v2\/pages"}],"about":[{"href":"https:\/\/izglitiba.valmierasnovads.lv\/kocenuskola\/wp-json\/wp\/v2\/types\/page"}],"author":[{"embeddable":true,"href":"https:\/\/izglitiba.valmierasnovads.lv\/kocenuskola\/wp-json\/wp\/v2\/users\/33"}],"replies":[{"embeddable":true,"href":"https:\/\/izglitiba.valmierasnovads.lv\/kocenuskola\/wp-json\/wp\/v2\/comments?post=869"}],"version-history":[{"count":5,"href":"https:\/\/izglitiba.valmierasnovads.lv\/kocenuskola\/wp-json\/wp\/v2\/pages\/869\/revisions"}],"predecessor-version":[{"id":960,"href":"https:\/\/izglitiba.valmierasnovads.lv\/kocenuskola\/wp-json\/wp\/v2\/pages\/869\/revisions\/960"}],"wp:attachment":[{"href":"https:\/\/izglitiba.valmierasnovads.lv\/kocenuskola\/wp-json\/wp\/v2\/media?parent=869"}],"curies":[{"name":"wp","href":"https:\/\/api.w.org\/{rel}","templated":true}]}}