{"id":890,"date":"2025-06-04T09:11:02","date_gmt":"2025-06-04T06:11:02","guid":{"rendered":"https:\/\/izglitiba.valmierasnovads.lv\/kocenuskola\/?page_id=890"},"modified":"2025-06-04T11:07:50","modified_gmt":"2025-06-04T08:07:50","slug":"aktualitates-2023-2024","status":"publish","type":"page","link":"https:\/\/izglitiba.valmierasnovads.lv\/kocenuskola\/aktualitates-2023-2024\/","title":{"rendered":"Aktualit\u0101tes 2023-2024"},"content":{"rendered":"<style>.wp-block-kadence-advancedheading.kt-adv-heading890_40f120-d4, .wp-block-kadence-advancedheading.kt-adv-heading890_40f120-d4[data-kb-block=\"kb-adv-heading890_40f120-d4\"]{font-style:normal;}.wp-block-kadence-advancedheading.kt-adv-heading890_40f120-d4 mark.kt-highlight, .wp-block-kadence-advancedheading.kt-adv-heading890_40f120-d4[data-kb-block=\"kb-adv-heading890_40f120-d4\"] mark.kt-highlight{font-style:normal;color:#f76a0c;-webkit-box-decoration-break:clone;box-decoration-break:clone;padding-top:0px;padding-right:0px;padding-bottom:0px;padding-left:0px;}.wp-block-kadence-advancedheading.kt-adv-heading890_40f120-d4 img.kb-inline-image, .wp-block-kadence-advancedheading.kt-adv-heading890_40f120-d4[data-kb-block=\"kb-adv-heading890_40f120-d4\"] img.kb-inline-image{width:150px;vertical-align:baseline;}<\/style>\n<p class=\"kt-adv-heading890_40f120-d4 wp-block-kadence-advancedheading\" data-kb-block=\"kb-adv-heading890_40f120-d4\"><\/p>\n\n\n\n<hr class=\"wp-block-separator has-alpha-channel-opacity is-style-wide\" \/>\n\n\n\n<div class=\"wp-block-media-text is-stacked-on-mobile\"><figure class=\"wp-block-media-text__media\"><img loading=\"lazy\" decoding=\"async\" width=\"1024\" height=\"922\" src=\"https:\/\/izglitiba.valmierasnovads.lv\/kocenuskola\/wp-content\/uploads\/sites\/16\/2025\/06\/Untitled-1-1-1024x922.jpg\" alt=\"\" class=\"wp-image-891 size-full\" srcset=\"https:\/\/izglitiba.valmierasnovads.lv\/kocenuskola\/wp-content\/uploads\/sites\/16\/2025\/06\/Untitled-1-1-1024x922.jpg 1024w, https:\/\/izglitiba.valmierasnovads.lv\/kocenuskola\/wp-content\/uploads\/sites\/16\/2025\/06\/Untitled-1-1-300x270.jpg 300w, https:\/\/izglitiba.valmierasnovads.lv\/kocenuskola\/wp-content\/uploads\/sites\/16\/2025\/06\/Untitled-1-1-768x691.jpg 768w, https:\/\/izglitiba.valmierasnovads.lv\/kocenuskola\/wp-content\/uploads\/sites\/16\/2025\/06\/Untitled-1-1.jpg 1280w\" sizes=\"auto, (max-width: 1024px) 100vw, 1024px\" \/><\/figure><div class=\"wp-block-media-text__content\">\n<p>Aicin\u0101m Tevi pievienoties&nbsp;<strong>salidojum\u0101 14.09.2024.<\/strong>, kad atcer\u0113simies kop\u0101 pavad\u012btos br\u012b\u017eus un dal\u012bsimies jaun\u0101kajos sasniegumos.&nbsp;<br><strong>Absolventu elektronisk\u0101 re\u0123istr\u0101cija<\/strong>&nbsp;pas\u0101kumam &#8211;&nbsp;<a href=\"https:\/\/docs.google.com\/forms\/d\/e\/1FAIpQLSc-p-5wnJbc7pJ0zreP8aH0RV6RUhVJ4wvaDmcJ8kvw_DFGmw\/viewform?usp=sf_link\" target=\"_blank\" rel=\"noreferrer noopener\">\u0161eit<\/a><br><strong>Darbinieku<\/strong>&nbsp;elektronisk\u0101 re\u0123istr\u0101cija pas\u0101kumam &#8211;&nbsp;<a href=\"https:\/\/docs.google.com\/forms\/d\/e\/1FAIpQLSfPmuQH3HJBb6-bkW_TPABSYlefQU9YHHuMFNMnvwQxlzqr7g\/viewform?usp=sf_link\" target=\"_blank\" rel=\"noreferrer noopener\">\u0161eit<\/a><br><br>No plkst. 16.00 gan skol\u0101, gan kult\u016bras nam\u0101 &#8211; dal\u012bbnieku re\u0123istr\u0101cija (ja neb\u016bsi salidojumam re\u0123istr\u0113jies elektroniski).<br><br><strong>Plkst. 16.30<\/strong>&nbsp;uz skolas k\u0101pn\u0113m &#8211; biju\u0161o un eso\u0161o&nbsp;<strong>skolot\u0101ju, darbinieku fotograf\u0113\u0161an\u0101s<\/strong>.<br><br>Plkst. 17.00 sv\u0113tku pas\u0101kums ar absolventu dal\u012bbu gan priek\u0161nesumos, gan skat\u012bt\u0101jos un l\u012bdzi dzied\u0101t\u0101jos Koc\u0113nu kult\u016bras nam\u0101. P\u0113c pas\u0101kuma (p\u0113c plkst. 18.30) &#8211;&nbsp;<strong>salidojuma dal\u012bbnieku kop\u012bgs foto<\/strong>&nbsp;skolas priek\u0161\u0101 &#8211; mui\u017eas parter\u0101.<br><br>No plkst. 19.00 &#8211; absolventu tik\u0161an\u0101s skolas telp\u0101s, klas\u0113s, l\u012bdzi \u0146emot &#8220;grozi\u0146us&#8221;. Atv\u0113rta b\u016bs ar\u012b kafejn\u012bca &#8211; promen\u0101des terase; biju\u0161ajiem un eso\u0161ajiem darbiniekiem tik\u0161an\u0101s v\u0113stures kabinet\u0101; &#8220;fotost\u016br\u012btis&#8221; skolas jaunaj\u0101 \u0113k\u0101 ar iesp\u0113ju ieg\u016bt fotogr\u0101fijas jau salidojuma vakar\u0101. Sevi &#8220;v\u0113stures lappus\u0113s&#8221; var\u0113sit samekl\u0113t skolas muzej\u0101.<br><br>No plkst. 20.00 d\u012bd\u017eeja vad\u012btas dejas skolas z\u0101l\u0113, no plkst. 21.00 &#8211; &#8220;Ball\u012b\u0161u or\u0137estris&#8221;.<br><br>Plkst. 23.00 sv\u0113tku p\u0101rsteigums un torte mui\u017eas parter\u0101.&nbsp;<br><br>Atn\u0101c, atkalsatik\u0161an\u0101s priek\u0101 satiec&nbsp;<em>sav\u0113jos<\/em>!<\/p>\n<\/div><\/div>\n\n\n\n<hr class=\"wp-block-separator has-alpha-channel-opacity is-style-wide\" \/>\n\n\n\n<h2 class=\"wp-block-heading\"><strong>Sveicam!<\/strong><\/h2>\n\n\n<style>.wp-block-kadence-advancedheading.kt-adv-heading890_a9bbd0-a2, .wp-block-kadence-advancedheading.kt-adv-heading890_a9bbd0-a2[data-kb-block=\"kb-adv-heading890_a9bbd0-a2\"]{font-style:normal;}.wp-block-kadence-advancedheading.kt-adv-heading890_a9bbd0-a2 mark.kt-highlight, .wp-block-kadence-advancedheading.kt-adv-heading890_a9bbd0-a2[data-kb-block=\"kb-adv-heading890_a9bbd0-a2\"] mark.kt-highlight{font-style:normal;color:#f76a0c;-webkit-box-decoration-break:clone;box-decoration-break:clone;padding-top:0px;padding-right:0px;padding-bottom:0px;padding-left:0px;}.wp-block-kadence-advancedheading.kt-adv-heading890_a9bbd0-a2 img.kb-inline-image, .wp-block-kadence-advancedheading.kt-adv-heading890_a9bbd0-a2[data-kb-block=\"kb-adv-heading890_a9bbd0-a2\"] img.kb-inline-image{width:150px;vertical-align:baseline;}<\/style>\n<p class=\"kt-adv-heading890_a9bbd0-a2 wp-block-kadence-advancedheading\" data-kb-block=\"kb-adv-heading890_a9bbd0-a2\">Sveicam 24.august\u0101 L\u012bvos notiku\u0161o Latvijas smagatl\u0113tikas sacens\u012bbu uzvar\u0113t\u0101jus:                                                                                                                                                                  1.vietas ieguv\u0113ju svara bumbu cel\u0161an\u0101 Eduardu Gertneru (9.a klase) un 2.vietas ieguv\u0113ju svara stie\u0146a spie\u0161an\u0101 gu\u013cus Sebastianu Nilli (9.b klase)!&nbsp;<br>Paldies Koc\u0113nu pamatskolas smagatl\u0113tikas nodarb\u012bbu trenerim Haraldam Bru\u0146iniekam!<\/p>\n\n\n\n<hr class=\"wp-block-separator has-alpha-channel-opacity is-style-wide\" \/>\n\n\n\n<h2 class=\"wp-block-heading\"><strong>Dod m\u0101jas putniem<\/strong><\/h2>\n\n\n<style>.wp-block-kadence-advancedheading.kt-adv-heading890_71d297-d2, .wp-block-kadence-advancedheading.kt-adv-heading890_71d297-d2[data-kb-block=\"kb-adv-heading890_71d297-d2\"]{font-style:normal;}.wp-block-kadence-advancedheading.kt-adv-heading890_71d297-d2 mark.kt-highlight, .wp-block-kadence-advancedheading.kt-adv-heading890_71d297-d2[data-kb-block=\"kb-adv-heading890_71d297-d2\"] mark.kt-highlight{font-style:normal;color:#f76a0c;-webkit-box-decoration-break:clone;box-decoration-break:clone;padding-top:0px;padding-right:0px;padding-bottom:0px;padding-left:0px;}.wp-block-kadence-advancedheading.kt-adv-heading890_71d297-d2 img.kb-inline-image, .wp-block-kadence-advancedheading.kt-adv-heading890_71d297-d2[data-kb-block=\"kb-adv-heading890_71d297-d2\"] img.kb-inline-image{width:150px;vertical-align:baseline;}<\/style>\n<p class=\"kt-adv-heading890_71d297-d2 wp-block-kadence-advancedheading\" data-kb-block=\"kb-adv-heading890_71d297-d2\"><a href=\"https:\/\/www.google.com\/url?q=https%3A%2F%2Ffb.watch%2FtkvXX8bkbc%2F&amp;sa=D&amp;sntz=1&amp;usg=AOvVaw2Cbh41IUnwGZwUf3j7JFpW\" target=\"_blank\" rel=\"noreferrer noopener\"><\/a><a href=\"https:\/\/www.google.com\/url?q=https%3A%2F%2Ffb.watch%2FtkvXX8bkbc%2F&amp;sa=D&amp;sntz=1&amp;usg=AOvVaw2Cbh41IUnwGZwUf3j7JFpW\" target=\"_blank\" rel=\"noreferrer noopener\">fb.watch\/tkvXX8bkbc\/<\/a><br>Vai augst\u0101k neko neredzat?<a href=\"https:\/\/fb.watch\/tkvXX8bkbc\/\" target=\"_blank\" rel=\"noreferrer noopener\">&nbsp;Atk\u0101rtoti autentific\u0113t<\/a><br>Valmieras novada jaunie\u0161u iniciat\u012bvu projektu konkurs\u0101 &#8221; \u012asteno savu ideju! &#8221; savu pieteikumu ar nosaukumu &#8220;Dod m\u0101jas putniem&#8221; iesniedza m\u016bsu skolas skol\u0113ns Valters Zari\u0146\u0161, kura aicin\u0101jums bija kop\u012bgi izgatavot putnu b\u016br\u012b\u0161us.<br>Paldies Valteram, skolot\u0101jam Viesturam, kur\u0161 dal\u012bj\u0101s ar praktiskajiem padomiem, un ikvienam, kur\u0161 piedal\u012bj\u0101s akcij\u0101!&nbsp;<br>Paldies Valmieras novadam par iesp\u0113ju un atbalstu jaunie\u0161iem realiz\u0113t savas idejas!<br><br>26.06.2024<br><br>Video: L\u0101sma Saln\u0101ja<br>Teksts: L\u0101sma Saln\u0101ja<\/p>\n\n\n\n<hr class=\"wp-block-separator has-alpha-channel-opacity is-style-wide\" \/>\n\n\n\n<h2 class=\"wp-block-heading\"><strong>Apliec\u012bbu izsnieg\u0161ana par pamatizgl\u012bt\u012bbas ieguvi<\/strong><\/h2>\n\n\n\n<div class=\"wp-block-media-text is-stacked-on-mobile\"><figure class=\"wp-block-media-text__media\"><img loading=\"lazy\" decoding=\"async\" width=\"1024\" height=\"865\" src=\"https:\/\/izglitiba.valmierasnovads.lv\/kocenuskola\/wp-content\/uploads\/sites\/16\/2025\/06\/IMG_2027-1024x865.jpg\" alt=\"\" class=\"wp-image-892 size-full\" srcset=\"https:\/\/izglitiba.valmierasnovads.lv\/kocenuskola\/wp-content\/uploads\/sites\/16\/2025\/06\/IMG_2027-1024x865.jpg 1024w, https:\/\/izglitiba.valmierasnovads.lv\/kocenuskola\/wp-content\/uploads\/sites\/16\/2025\/06\/IMG_2027-300x253.jpg 300w, https:\/\/izglitiba.valmierasnovads.lv\/kocenuskola\/wp-content\/uploads\/sites\/16\/2025\/06\/IMG_2027-768x649.jpg 768w, https:\/\/izglitiba.valmierasnovads.lv\/kocenuskola\/wp-content\/uploads\/sites\/16\/2025\/06\/IMG_2027.jpg 1280w\" sizes=\"auto, (max-width: 1024px) 100vw, 1024px\" \/><\/figure><div class=\"wp-block-media-text__content\">\n<p>notiks&nbsp;<strong>otrdien, 2.j\u016blij\u0101,<\/strong>&nbsp;skol\u0101, v\u0113stures kabinet\u0101&nbsp;<br>plkst. 9.00 9.a klases skol\u0113niem,&nbsp;<br>plkst. 10.00 9.b klases skol\u0113niem.<br><br>Inform\u0101cija par to, kur iesp\u0113jams redz\u0113t un ieg\u016bt centraliz\u0113to eks\u0101menu sertifik\u0101tus, te &#8211;&nbsp;<a href=\"https:\/\/www.visc.gov.lv\/lv\/jaunums\/tiessaistes-saruna-ka-iegut-centralizeto-eksamenu-sertifikatus\" target=\"_blank\" rel=\"noreferrer noopener\">https:\/\/www.visc.gov.lv\/lv\/jaunums\/tiessaistes-saruna-ka-iegut-centralizeto-eksamenu-sertifikatus<\/a>&nbsp;<br>L\u016bgums&nbsp;<strong>pa\u0146emt l\u012bdzi<\/strong>&nbsp;ar\u012b&nbsp;<strong>skol\u0113na apliec\u012bbu<\/strong>. T\u0101 b\u016bs j\u0101atst\u0101j iesnieg\u0161anai pa\u0161vald\u012bb\u0101.<br>Teksts un foto: M\u0101ris Bu\u0161manis<\/p>\n<\/div><\/div>\n\n\n\n<hr class=\"wp-block-separator has-alpha-channel-opacity is-style-wide\" \/>\n\n\n\n<h2 class=\"wp-block-heading\"><strong>Ang\u013cu valodas skolot\u0101ja no Sp\u0101nijas viz\u012bte Koc\u0113nu pamatskol\u0101<\/strong><\/h2>\n\n\n\n<p>Paldies Leldei Gravai un &#8220;Valodu mape&#8221; par iesp\u0113ju 8.kla\u0161u skol\u0113niem divas dienas tikties ar ang\u013cu valodas skolot\u0101ju Hos\u0113 Antonio no Sp\u0101nijas, no Kan\u0101riju sal\u0101m! Sarunas \u0161oreiz v\u0113l ang\u013cu valod\u0101, kuru astotajiem m\u0101ca jaun\u0101 skolot\u0101ja Santa Plinte.&nbsp;<br>Teksts: M\u0101ris Bu\u0161manis<br>Foto: M\u0101ris Bu\u0161manis<\/p>\n\n\n\n<hr class=\"wp-block-separator has-alpha-channel-opacity is-style-wide\" \/>\n\n\n\n<h2 class=\"wp-block-heading\"><strong>Atl\u0113tisk\u0101s vingro\u0161anas sacens\u012bbas<\/strong><\/h2>\n\n\n\n<p>\u0160\u012b gada 9.maij\u0101 Valmieras novada Koc\u0113nu sporta nam\u0101 3 stundu garum\u0101 risin\u0101j\u0101s spraiga c\u012b\u0146a<br>atl\u0113tisk\u0101s vingro\u0161anas sacens\u012bb\u0101s jaunie\u0161iem. Jaunie\u0161i demonstr\u0113ja savas apg\u016bt\u0101s prasmes svara<br>stie\u0146a spie\u0161an\u0101 gu\u013cus, pietupienos ar svara stieni plecos un svaru bumbu cel\u0161an\u0101. Vingrin\u0101jumi<br>tika izpild\u012bti uz atk\u0101rtojumu skaitu. Uzvar\u0113t\u0101ji un dal\u012bbnieku rezult\u0101ti atainoti protokol\u0101. Paldies<br>par atbalstu Koc\u0113nu pamatskolai un sacens\u012bbu sponsoram MAGNESIUM DIASPORAL.<br>Teksts: Haralds Bru\u0146inieks<br>Foto: Krist\u012bne \u010caune<\/p>\n\n\n\n<hr class=\"wp-block-separator has-alpha-channel-opacity is-style-wide\" \/>\n\n\n\n<h2 class=\"wp-block-heading\"><strong>Aicin\u0101m apmekl\u0113t un iepaz\u012bt intere\u0161u izgl\u012bt\u012bbas nodarb\u012bbas<\/strong><\/h2>\n\n\n\n<figure class=\"wp-block-image size-large is-resized\"><img loading=\"lazy\" decoding=\"async\" width=\"1024\" height=\"599\" src=\"https:\/\/izglitiba.valmierasnovads.lv\/kocenuskola\/wp-content\/uploads\/sites\/16\/2025\/06\/WhatsApp-Image-2024-05-07-at-20.42.23-1024x599.jpeg\" alt=\"\" class=\"wp-image-894\" style=\"width:643px;height:auto\" srcset=\"https:\/\/izglitiba.valmierasnovads.lv\/kocenuskola\/wp-content\/uploads\/sites\/16\/2025\/06\/WhatsApp-Image-2024-05-07-at-20.42.23-1024x599.jpeg 1024w, https:\/\/izglitiba.valmierasnovads.lv\/kocenuskola\/wp-content\/uploads\/sites\/16\/2025\/06\/WhatsApp-Image-2024-05-07-at-20.42.23-300x175.jpeg 300w, https:\/\/izglitiba.valmierasnovads.lv\/kocenuskola\/wp-content\/uploads\/sites\/16\/2025\/06\/WhatsApp-Image-2024-05-07-at-20.42.23-768x449.jpeg 768w, https:\/\/izglitiba.valmierasnovads.lv\/kocenuskola\/wp-content\/uploads\/sites\/16\/2025\/06\/WhatsApp-Image-2024-05-07-at-20.42.23.jpeg 1038w\" sizes=\"auto, (max-width: 1024px) 100vw, 1024px\" \/><\/figure>\n\n\n\n<figure class=\"wp-block-image size-large\"><img loading=\"lazy\" decoding=\"async\" width=\"644\" height=\"1024\" src=\"https:\/\/izglitiba.valmierasnovads.lv\/kocenuskola\/wp-content\/uploads\/sites\/16\/2025\/06\/438161564_7705452346179829_6040966180152016650_n-644x1024.jpg\" alt=\"\" class=\"wp-image-893\" srcset=\"https:\/\/izglitiba.valmierasnovads.lv\/kocenuskola\/wp-content\/uploads\/sites\/16\/2025\/06\/438161564_7705452346179829_6040966180152016650_n-644x1024.jpg 644w, https:\/\/izglitiba.valmierasnovads.lv\/kocenuskola\/wp-content\/uploads\/sites\/16\/2025\/06\/438161564_7705452346179829_6040966180152016650_n-189x300.jpg 189w, https:\/\/izglitiba.valmierasnovads.lv\/kocenuskola\/wp-content\/uploads\/sites\/16\/2025\/06\/438161564_7705452346179829_6040966180152016650_n.jpg 712w\" sizes=\"auto, (max-width: 644px) 100vw, 644px\" \/><\/figure>\n\n\n\n<hr class=\"wp-block-separator has-alpha-channel-opacity is-style-wide\" \/>\n\n\n\n<h2 class=\"wp-block-heading\"><strong>Sacens\u012bbas kros\u0101<\/strong><\/h2>\n\n\n\n<p>8.maij\u0101 m\u016bsu sportisti c\u012bn\u012bj\u0101s kros\u0101 pa me\u017eu! Visi bija varon\u012bgi un iztur\u0113ja par sp\u012bti \u013coti lialajai konkurencei.<br>Vislab\u0101k veic\u0101s Rebekai Ozolai (2.vieta) un Robertam Grabim (3.vieta).<br>Daudzi no sportistiem bija pirmaj\u0101 desmitniek\u0101. Kopv\u0113rt\u0113jums starp skol\u0101m v\u0113l nav, bet esam sportiska skola!<br>Teksts: Paula Riba<br>Foto: Inga Dzene<\/p>\n\n\n\n<hr class=\"wp-block-separator has-alpha-channel-opacity is-style-wide\" \/>\n\n\n\n<h2 class=\"wp-block-heading\"><strong>Balt\u0101 galdauta sv\u0113tki<\/strong><\/h2>\n\n\n\n<pre class=\"wp-block-verse\">KUR?<br><br>Kur koki aug visstalt\u0101kie?<br><br>Kur m\u0101ko\u0146i visbalt\u0101kie?<br><br>Kur putni dzied visska\u013c\u0101k?<br><br>Kur z\u0101le ze\u013c visza\u013c\u0101k?<br><br>Dzimten\u0113.<br><br>Kur avoti visdzidr\u0101kie?<br><br>Kur kov\u0101r\u0146i visgudr\u0101kie?<br><br>Kur ka\u0137i \u0146aud vism\u012b\u013c\u0101k?<br><br>Kur zivis peld visdzi\u013c\u0101k?<br><br>Dzimten\u0113.<br><br>Kur velli lec visell\u012bg\u0101k?<br><br>Kur mellenes vismell\u012bg\u0101k?<br><br>Kur p\u013cavas zied visko\u0161\u0101k?<br><br>Kur pasaul\u0113 vis dro\u0161\u0101k?<br><br>Dzimten\u0113.<br><br>Sav\u0101 taut\u0101.<br><br>\/P\u0113teris Br\u016bvers\/<\/pre>\n\n\n\n<hr class=\"wp-block-separator has-alpha-channel-opacity is-style-wide\" \/>\n\n\n\n<h2 class=\"wp-block-heading\"><strong>3&#215;3 florbola turn\u012brs Mat\u012b\u0161os<\/strong><\/h2>\n\n\n<style>.wp-block-kadence-advancedheading.kt-adv-heading890_cab687-87, .wp-block-kadence-advancedheading.kt-adv-heading890_cab687-87[data-kb-block=\"kb-adv-heading890_cab687-87\"]{font-style:normal;}.wp-block-kadence-advancedheading.kt-adv-heading890_cab687-87 mark.kt-highlight, .wp-block-kadence-advancedheading.kt-adv-heading890_cab687-87[data-kb-block=\"kb-adv-heading890_cab687-87\"] mark.kt-highlight{font-style:normal;color:#f76a0c;-webkit-box-decoration-break:clone;box-decoration-break:clone;padding-top:0px;padding-right:0px;padding-bottom:0px;padding-left:0px;}.wp-block-kadence-advancedheading.kt-adv-heading890_cab687-87 img.kb-inline-image, .wp-block-kadence-advancedheading.kt-adv-heading890_cab687-87[data-kb-block=\"kb-adv-heading890_cab687-87\"] img.kb-inline-image{width:150px;vertical-align:baseline;}<\/style>\n<p class=\"kt-adv-heading890_cab687-87 wp-block-kadence-advancedheading\" data-kb-block=\"kb-adv-heading890_cab687-87\">30.apr\u012bl\u012b skolas florbola liel\u0101kie entuziasti dev\u0101s uz 3&#215;3 florbola turn\u012bru Mat\u012b\u0161os, kur\u0101 guva pan\u0101kumus.<br>Foto: Indra Fr\u012bdenfelde<\/p>\n\n\n\n<hr class=\"wp-block-separator has-alpha-channel-opacity is-style-wide\" \/>\n\n\n\n<h2 class=\"wp-block-heading\"><strong>Olimpisk\u0101 diena<\/strong><\/h2>\n\n\n<style>.wp-block-kadence-advancedheading.kt-adv-heading890_42b713-7b, .wp-block-kadence-advancedheading.kt-adv-heading890_42b713-7b[data-kb-block=\"kb-adv-heading890_42b713-7b\"]{font-style:normal;}.wp-block-kadence-advancedheading.kt-adv-heading890_42b713-7b mark.kt-highlight, .wp-block-kadence-advancedheading.kt-adv-heading890_42b713-7b[data-kb-block=\"kb-adv-heading890_42b713-7b\"] mark.kt-highlight{font-style:normal;color:#f76a0c;-webkit-box-decoration-break:clone;box-decoration-break:clone;padding-top:0px;padding-right:0px;padding-bottom:0px;padding-left:0px;}.wp-block-kadence-advancedheading.kt-adv-heading890_42b713-7b img.kb-inline-image, .wp-block-kadence-advancedheading.kt-adv-heading890_42b713-7b[data-kb-block=\"kb-adv-heading890_42b713-7b\"] img.kb-inline-image{width:150px;vertical-align:baseline;}<\/style>\n<p class=\"kt-adv-heading890_42b713-7b wp-block-kadence-advancedheading\" data-kb-block=\"kb-adv-heading890_42b713-7b\">\u0160odien skol\u0101 sportisk\u0101s aktivit\u0101tes piln\u0101 spar\u0101.<\/p>\n\n\n\n<hr class=\"wp-block-separator has-alpha-channel-opacity is-style-wide\" \/>\n\n\n\n<h2 class=\"wp-block-heading\"><strong>Priec\u0101jamies!<\/strong><\/h2>\n\n\n\n<div class=\"wp-block-media-text is-stacked-on-mobile\"><figure class=\"wp-block-media-text__media\"><img loading=\"lazy\" decoding=\"async\" width=\"1024\" height=\"922\" src=\"https:\/\/izglitiba.valmierasnovads.lv\/kocenuskola\/wp-content\/uploads\/sites\/16\/2025\/06\/WhatsApp-Image-2024-04-24-at-13.48.44-1024x922.jpeg\" alt=\"\" class=\"wp-image-899 size-full\" srcset=\"https:\/\/izglitiba.valmierasnovads.lv\/kocenuskola\/wp-content\/uploads\/sites\/16\/2025\/06\/WhatsApp-Image-2024-04-24-at-13.48.44-1024x922.jpeg 1024w, https:\/\/izglitiba.valmierasnovads.lv\/kocenuskola\/wp-content\/uploads\/sites\/16\/2025\/06\/WhatsApp-Image-2024-04-24-at-13.48.44-300x270.jpeg 300w, https:\/\/izglitiba.valmierasnovads.lv\/kocenuskola\/wp-content\/uploads\/sites\/16\/2025\/06\/WhatsApp-Image-2024-04-24-at-13.48.44-768x691.jpeg 768w, https:\/\/izglitiba.valmierasnovads.lv\/kocenuskola\/wp-content\/uploads\/sites\/16\/2025\/06\/WhatsApp-Image-2024-04-24-at-13.48.44.jpeg 1280w\" sizes=\"auto, (max-width: 1024px) 100vw, 1024px\" \/><\/figure><div class=\"wp-block-media-text__content\">\n<p>Sacens\u012bb\u0101s vieglatl\u0113tik\u0101 Koc\u0113nu pamatskolas meiten\u0113m 2.vieta, z\u0113niem &#8211; 3.vieta.<br><strong>Foto: Iveta Grunte-Dinsberga<\/strong><\/p>\n<\/div><\/div>\n\n\n\n<hr class=\"wp-block-separator has-alpha-channel-opacity is-style-wide\" \/>\n\n\n\n<h2 class=\"wp-block-heading\"><strong>Rado\u0161o darbu konkurss &#8220;Mana vesel\u012bg\u0101 \u0113dienkarte&#8221;<\/strong><\/h2>\n\n\n\n<div class=\"wp-block-columns is-layout-flex wp-container-core-columns-is-layout-28f84493 wp-block-columns-is-layout-flex\">\n<div class=\"wp-block-column is-layout-flow wp-block-column-is-layout-flow\">\n<div data-wp-interactive=\"core\/file\" class=\"wp-block-file\"><object data-wp-bind--hidden=\"!state.hasPdfPreview\" hidden class=\"wp-block-file__embed\" data=\"https:\/\/izglitiba.valmierasnovads.lv\/kocenuskola\/wp-content\/uploads\/sites\/16\/2025\/06\/Drukas-plakats-1-2.pdf\" type=\"application\/pdf\" style=\"width:100%;height:600px\" aria-label=\"Iegult Drukas plak\u0101ts (1).\"><\/object><a id=\"wp-block-file--media-64156907-c1ee-431d-9fee-5aef24413d76\" href=\"https:\/\/izglitiba.valmierasnovads.lv\/kocenuskola\/wp-content\/uploads\/sites\/16\/2025\/06\/Drukas-plakats-1-2.pdf\">Drukas plak\u0101ts (1)<\/a><a href=\"https:\/\/izglitiba.valmierasnovads.lv\/kocenuskola\/wp-content\/uploads\/sites\/16\/2025\/06\/Drukas-plakats-1-2.pdf\" class=\"wp-block-file__button wp-element-button\" download aria-describedby=\"wp-block-file--media-64156907-c1ee-431d-9fee-5aef24413d76\">Lejupiel\u0101d\u0113t<\/a><\/div>\n<\/div>\n\n\n\n<div class=\"wp-block-column is-layout-flow wp-block-column-is-layout-flow\">\n<p><strong>Vair\u0101k inform\u0101cijas&nbsp;<a href=\"https:\/\/docs.google.com\/document\/d\/1QxPD6dDMU3oZ1f3c95Qc59lCkQBupq6TmwQJmS0F7ts\/edit?usp=sharing\" target=\"_blank\" rel=\"noreferrer noopener\">\u0161eit<\/a><\/strong><\/p>\n<\/div>\n<\/div>\n\n\n\n<hr class=\"wp-block-separator has-alpha-channel-opacity is-style-wide\" \/>\n\n\n\n<h2 class=\"wp-block-heading\"><strong>Lepojamies!<\/strong><\/h2>\n\n\n\n<div class=\"wp-block-media-text is-stacked-on-mobile\"><figure class=\"wp-block-media-text__media\"><img loading=\"lazy\" decoding=\"async\" width=\"768\" height=\"1024\" src=\"https:\/\/izglitiba.valmierasnovads.lv\/kocenuskola\/wp-content\/uploads\/sites\/16\/2025\/05\/WhatsApp-Image-2024-04-25-at-16.07.17-768x1024.jpeg\" alt=\"\" class=\"wp-image-603 size-full\" \/><\/figure><div class=\"wp-block-media-text__content\">\n<p>3.kla\u0161u latvie\u0161u valodas olimpi\u0101d\u0113 Hannai Karliv\u0101nei 2.vieta, Enijai P\u0113tersonei atzin\u012bba!&nbsp;<br>Paldies skolot\u0101j\u0101m Egitai L\u012bcei un L\u0101smai Saln\u0101jai par ieguld\u012bto darbu!<\/p>\n<\/div><\/div>\n\n\n\n<hr class=\"wp-block-separator has-alpha-channel-opacity is-style-wide\" \/>\n\n\n\n<h2 class=\"wp-block-heading\"><strong>Sveicam un lepojamies!<\/strong><\/h2>\n\n\n\n<div class=\"wp-block-media-text is-stacked-on-mobile\"><figure class=\"wp-block-media-text__media\"><img loading=\"lazy\" decoding=\"async\" width=\"500\" height=\"450\" src=\"https:\/\/izglitiba.valmierasnovads.lv\/kocenuskola\/wp-content\/uploads\/sites\/16\/2025\/05\/WhatsApp-Image-2024-04-12-at-12.40.08-e1748250996516.jpeg\" alt=\"\" class=\"wp-image-604 size-full\" \/><\/figure><div class=\"wp-block-media-text__content\">\n<p>3.kla\u0161u matem\u0101tikas olimpi\u0101d\u0113 gan Robertam Hlizovam, gan Edgaram Rudz\u012btim atzin\u012bbas!&nbsp;<br>Paldies skolot\u0101j\u0101m Marinai Melkurtei un L\u0101smai Saln\u0101jai par ieguld\u012bto darbu!<\/p>\n<\/div><\/div>\n\n\n\n<hr class=\"wp-block-separator has-alpha-channel-opacity is-style-wide\" \/>\n\n\n\n<h2 class=\"wp-block-heading\"><strong>Vidzemes skatuves runas konkurss<\/strong><\/h2>\n\n\n\n<div class=\"wp-block-media-text is-stacked-on-mobile\"><figure class=\"wp-block-media-text__media\"><img loading=\"lazy\" decoding=\"async\" width=\"1024\" height=\"768\" src=\"https:\/\/izglitiba.valmierasnovads.lv\/kocenuskola\/wp-content\/uploads\/sites\/16\/2025\/06\/WhatsApp-Image-2024-04-09-at-18.04.36-1024x768.jpeg\" alt=\"\" class=\"wp-image-912 size-full\" srcset=\"https:\/\/izglitiba.valmierasnovads.lv\/kocenuskola\/wp-content\/uploads\/sites\/16\/2025\/06\/WhatsApp-Image-2024-04-09-at-18.04.36-1024x768.jpeg 1024w, https:\/\/izglitiba.valmierasnovads.lv\/kocenuskola\/wp-content\/uploads\/sites\/16\/2025\/06\/WhatsApp-Image-2024-04-09-at-18.04.36-300x225.jpeg 300w, https:\/\/izglitiba.valmierasnovads.lv\/kocenuskola\/wp-content\/uploads\/sites\/16\/2025\/06\/WhatsApp-Image-2024-04-09-at-18.04.36-768x576.jpeg 768w, https:\/\/izglitiba.valmierasnovads.lv\/kocenuskola\/wp-content\/uploads\/sites\/16\/2025\/06\/WhatsApp-Image-2024-04-09-at-18.04.36.jpeg 1280w\" sizes=\"auto, (max-width: 1024px) 100vw, 1024px\" \/><\/figure><div class=\"wp-block-media-text__content\">\n<p>9.04.2024. Limba\u017eos notika Vidzemes skatuves runas konkurss, kur\u0101 m\u016bsu skolu p\u0101rst\u0101v\u0113ja 1.klases skolniece Laura \u0160\u0137estere- Stabulniece un 8.klases skolnieks R\u016bdis Vanters, abi b\u0113rni ieguva 1.pak\u0101pes. Liels prieks par abiem skol\u0113niem!<br><strong>Foto: Marina Melkurte<br>Teksts: Marina Melkurte<\/strong><\/p>\n<\/div><\/div>\n\n\n\n<hr class=\"wp-block-separator has-alpha-channel-opacity is-style-wide\" \/>\n\n\n\n<h2 class=\"wp-block-heading\"><strong>Erud\u012bcijas diena Valmier\u0101<\/strong><\/h2>\n\n\n<style>.wp-block-kadence-advancedheading.kt-adv-heading890_725ef8-65, .wp-block-kadence-advancedheading.kt-adv-heading890_725ef8-65[data-kb-block=\"kb-adv-heading890_725ef8-65\"]{font-style:normal;}.wp-block-kadence-advancedheading.kt-adv-heading890_725ef8-65 mark.kt-highlight, .wp-block-kadence-advancedheading.kt-adv-heading890_725ef8-65[data-kb-block=\"kb-adv-heading890_725ef8-65\"] mark.kt-highlight{font-style:normal;color:#f76a0c;-webkit-box-decoration-break:clone;box-decoration-break:clone;padding-top:0px;padding-right:0px;padding-bottom:0px;padding-left:0px;}.wp-block-kadence-advancedheading.kt-adv-heading890_725ef8-65 img.kb-inline-image, .wp-block-kadence-advancedheading.kt-adv-heading890_725ef8-65[data-kb-block=\"kb-adv-heading890_725ef8-65\"] img.kb-inline-image{width:150px;vertical-align:baseline;}<\/style>\n<p class=\"kt-adv-heading890_725ef8-65 wp-block-kadence-advancedheading\" data-kb-block=\"kb-adv-heading890_725ef8-65\">5.apr\u012bl\u012b, visas dienas garum\u0101 Valmieras Kult\u016bras centr\u0101 tik\u0101s Valmieras novada skolu 1. &#8211; 12. kla\u0161u skol\u0113nu, k\u0101 ar\u012b pedagogu komandas, lai p\u0101rbaud\u012btu savas zin\u0101\u0161anas erud\u012bcijas sp\u0113l\u0113 \u201cZini! Mini! Uzzini!\u201d.<\/p>\n\n\n\n<hr class=\"wp-block-separator has-alpha-channel-opacity is-style-wide\" \/>\n\n\n\n<h2 class=\"wp-block-heading\"><strong>Lieldienas Koc\u0113nu pamatskol\u0101<\/strong><\/h2>\n\n\n\n<div class=\"wp-block-columns is-layout-flex wp-container-core-columns-is-layout-28f84493 wp-block-columns-is-layout-flex\">\n<div class=\"wp-block-column is-layout-flow wp-block-column-is-layout-flow\">\n<figure class=\"wp-block-image size-large\"><img loading=\"lazy\" decoding=\"async\" width=\"1024\" height=\"768\" src=\"https:\/\/izglitiba.valmierasnovads.lv\/kocenuskola\/wp-content\/uploads\/sites\/16\/2025\/06\/WhatsApp-Image-2024-03-28-at-14.59.10-1024x768.jpeg\" alt=\"\" class=\"wp-image-913\" srcset=\"https:\/\/izglitiba.valmierasnovads.lv\/kocenuskola\/wp-content\/uploads\/sites\/16\/2025\/06\/WhatsApp-Image-2024-03-28-at-14.59.10-1024x768.jpeg 1024w, https:\/\/izglitiba.valmierasnovads.lv\/kocenuskola\/wp-content\/uploads\/sites\/16\/2025\/06\/WhatsApp-Image-2024-03-28-at-14.59.10-300x225.jpeg 300w, https:\/\/izglitiba.valmierasnovads.lv\/kocenuskola\/wp-content\/uploads\/sites\/16\/2025\/06\/WhatsApp-Image-2024-03-28-at-14.59.10-768x576.jpeg 768w, https:\/\/izglitiba.valmierasnovads.lv\/kocenuskola\/wp-content\/uploads\/sites\/16\/2025\/06\/WhatsApp-Image-2024-03-28-at-14.59.10.jpeg 1280w\" sizes=\"auto, (max-width: 1024px) 100vw, 1024px\" \/><\/figure>\n<\/div>\n\n\n\n<div class=\"wp-block-column is-layout-flow wp-block-column-is-layout-flow\">\n<figure class=\"wp-block-video\"><video height=\"480\" style=\"aspect-ratio: 848 \/ 480;\" width=\"848\" controls src=\"https:\/\/izglitiba.valmierasnovads.lv\/kocenuskola\/wp-content\/uploads\/sites\/16\/2025\/06\/WhatsApp-Video-2024-03-28-at-14.58.53.mp4\"><\/video><\/figure>\n\n\n\n<p>Vec\u0101ko kla\u0161u skol\u0113ni ceturtdien, 28.03.2024., jaun\u0101ko kla\u0161u skol\u0113niem vad\u012bja da\u017e\u0101das Lieldienu aktivit\u0101tes. Lepojamies ar m\u016bsu skol\u0113niem, kas gan vad\u012bja aktivit\u0101tes, gan ar tiem, kas taj\u0101s \u010dakli piedal\u012bj\u0101s!<br><strong>Foto un video: L\u0101sma Saln\u0101ja<br>Teksts: Inta Grabe<\/strong><\/p>\n<\/div>\n<\/div>\n\n\n\n<hr class=\"wp-block-separator has-alpha-channel-opacity is-style-wide\" \/>\n\n\n\n<h2 class=\"wp-block-heading\"><strong>Priec\u0101jamies par m\u016bsu akt\u012bvajiem dejot\u0101jiem<\/strong><\/h2>\n\n\n<style>.wp-block-kadence-advancedheading.kt-adv-heading890_2b0151-58, .wp-block-kadence-advancedheading.kt-adv-heading890_2b0151-58[data-kb-block=\"kb-adv-heading890_2b0151-58\"]{font-style:normal;}.wp-block-kadence-advancedheading.kt-adv-heading890_2b0151-58 mark.kt-highlight, .wp-block-kadence-advancedheading.kt-adv-heading890_2b0151-58[data-kb-block=\"kb-adv-heading890_2b0151-58\"] mark.kt-highlight{font-style:normal;color:#f76a0c;-webkit-box-decoration-break:clone;box-decoration-break:clone;padding-top:0px;padding-right:0px;padding-bottom:0px;padding-left:0px;}.wp-block-kadence-advancedheading.kt-adv-heading890_2b0151-58 img.kb-inline-image, .wp-block-kadence-advancedheading.kt-adv-heading890_2b0151-58[data-kb-block=\"kb-adv-heading890_2b0151-58\"] img.kb-inline-image{width:150px;vertical-align:baseline;}<\/style>\n<p class=\"kt-adv-heading890_2b0151-58 wp-block-kadence-advancedheading\" data-kb-block=\"kb-adv-heading890_2b0151-58\">Priec\u0101jamies un lepojamies ar skolas deju kolekt\u012bva &#8220;Saul\u012bte&#8221; dal\u012bbniekiem, kuri 27.mart\u0101 piedal\u012bj\u0101s Valmieras novada skolu jaunatnes tautas deju kolekt\u012bvu koprepertu\u0101ra&nbsp; p\u0101rbaud\u0113 &#8211; skat\u0113. Jaun\u0101ko kla\u0161u dejot\u0101ji ieguva 1.pak\u0101pi, 5.-9.kla\u0161u dejot\u0101ji &#8211; 2.pak\u0101pi.<br>Liels paldies dejot\u0101jiem, vec\u0101kiem un skolot\u0101j\u0101m Sanitai B\u0113rzi\u0146ai un Birutai Zviedr\u0101nei!<br><br><strong>Foto: Ginta Dekmeijere, Sanita B\u0113rzi\u0146a<\/strong><\/p>\n\n\n\n<hr class=\"wp-block-separator has-alpha-channel-opacity is-style-wide\" \/>\n\n\n\n<h2 class=\"wp-block-heading\"><strong>Skatuves runas konkurss<\/strong><\/h2>\n\n\n<style>.wp-block-kadence-advancedheading.kt-adv-heading890_0b9a62-0d, .wp-block-kadence-advancedheading.kt-adv-heading890_0b9a62-0d[data-kb-block=\"kb-adv-heading890_0b9a62-0d\"]{font-style:normal;}.wp-block-kadence-advancedheading.kt-adv-heading890_0b9a62-0d mark.kt-highlight, .wp-block-kadence-advancedheading.kt-adv-heading890_0b9a62-0d[data-kb-block=\"kb-adv-heading890_0b9a62-0d\"] mark.kt-highlight{font-style:normal;color:#f76a0c;-webkit-box-decoration-break:clone;box-decoration-break:clone;padding-top:0px;padding-right:0px;padding-bottom:0px;padding-left:0px;}.wp-block-kadence-advancedheading.kt-adv-heading890_0b9a62-0d img.kb-inline-image, .wp-block-kadence-advancedheading.kt-adv-heading890_0b9a62-0d[data-kb-block=\"kb-adv-heading890_0b9a62-0d\"] img.kb-inline-image{width:150px;vertical-align:baseline;}<\/style>\n<p class=\"kt-adv-heading890_0b9a62-0d wp-block-kadence-advancedheading\" data-kb-block=\"kb-adv-heading890_0b9a62-0d\">Priec\u0101jamies un lepojamies par Valmieras novada skatuves runas konkursa dal\u012bbniekiem!<br>Paldies par lielisko sniegumu:<br>Oliveram \u0160ustam (1.b klase, skolot\u0101ja Eva Gr\u0101vele) 1.pak\u0101pe;<br>Ancei Karliv\u0101nei (1.a klase, skolot\u0101ja Lilita Laivi\u0146a) 2.pak\u0101pe;<br>Martai M\u0101li\u0146ai (2.a klase, skolot\u0101ja Ina Smirnova) 1.pak\u0101pe;<br>Kri\u0161j\u0101nim Gravam (2.b klase, skolot\u0101ja Dana Jaunskunga) 1.pak\u0101pe;<br>Robertam Grabim (3.a klase, skolot\u0101ja L\u0101sma Saln\u0101ja) 2.pak\u0101pe;<br>Evertam Gravam (5.a klase, skolot\u0101ja Dace Treimane) 3.pak\u0101pe;<br>Ralfam Purmalim (8.a klase, skolot\u0101ji Marina Melkurte un M\u0101ris Bu\u0161manis) 2.pak\u0101pe;<br>Ri\u010dardam Braunam (8.b klase, skolot\u0101ja Marina Melkurte un M\u0101ris Bu\u0161manis)!<br>\u012apa\u0161s prieks par Lauru \u0160\u0137esteri-Stabulnieci (1.a klase, skolot\u0101ja Lilita Laivi\u0146a) un R\u016bdi Vanteru (8.b klase, skolot\u0101ja Marina Melkurte), kuri ieguva augst\u0101k\u0101s pak\u0101pes diplomu un p\u0101rst\u0101v\u0113s Valmieras novada skol\u0113nus re\u0123ion\u0101laj\u0101 konkurs\u0101. Paldies abiem skol\u0113niem, tur\u0113sim \u012bk\u0161\u0137us 9.apr\u012bl\u012b!<br>Paldies skol\u0113nu \u0123imen\u0113m un skolot\u0101jiem!<br>2024.03.20.<br><strong>Foto: L\u0101sma Saln\u0101ja<br>Teksts: L\u0101sma Saln\u0101ja<\/strong><\/p>\n\n\n\n<hr class=\"wp-block-separator has-alpha-channel-opacity is-style-wide\" \/>\n\n\n\n<h2 class=\"wp-block-heading\"><strong>Sporto visa klase<\/strong><\/h2>\n\n\n\n<p>Limba\u017eos &#8220;Sporto visa klase&#8221; pas\u0101kum\u0101 ieg\u016bta 2.vieta.<br><strong>Foto: Biruta Zviedr\u0101ne<\/strong><\/p>\n\n\n\n<hr class=\"wp-block-separator has-alpha-channel-opacity is-style-wide\" \/>\n\n\n\n<h2 class=\"wp-block-heading\"><strong>Veikl\u012bbas stafetes<\/strong><\/h2>\n\n\n\n<div class=\"wp-block-media-text is-stacked-on-mobile\"><figure class=\"wp-block-media-text__media\"><img loading=\"lazy\" decoding=\"async\" width=\"1024\" height=\"768\" src=\"https:\/\/izglitiba.valmierasnovads.lv\/kocenuskola\/wp-content\/uploads\/sites\/16\/2025\/06\/WhatsApp-Image-2024-03-18-at-20.01.32-1024x768.jpeg\" alt=\"\" class=\"wp-image-916 size-full\" srcset=\"https:\/\/izglitiba.valmierasnovads.lv\/kocenuskola\/wp-content\/uploads\/sites\/16\/2025\/06\/WhatsApp-Image-2024-03-18-at-20.01.32-1024x768.jpeg 1024w, https:\/\/izglitiba.valmierasnovads.lv\/kocenuskola\/wp-content\/uploads\/sites\/16\/2025\/06\/WhatsApp-Image-2024-03-18-at-20.01.32-300x225.jpeg 300w, https:\/\/izglitiba.valmierasnovads.lv\/kocenuskola\/wp-content\/uploads\/sites\/16\/2025\/06\/WhatsApp-Image-2024-03-18-at-20.01.32-768x576.jpeg 768w, https:\/\/izglitiba.valmierasnovads.lv\/kocenuskola\/wp-content\/uploads\/sites\/16\/2025\/06\/WhatsApp-Image-2024-03-18-at-20.01.32.jpeg 1280w\" sizes=\"auto, (max-width: 1024px) 100vw, 1024px\" \/><\/figure><div class=\"wp-block-media-text__content\">\n<p>Koc\u0113nu pamatskolas 3.klases un 2.klases b\u0113rni 24.mart\u0101 Viesturu vidusskol\u0101 c\u012bn\u012bj\u0101s veikl\u012bbas stafet\u0113s, par\u0101d\u012bju\u0161i savu \u0101trumu un veikl\u012bbu, ieguva 1.vietu starp novada skol\u0101m. Pils\u0113tas skolas c\u012bn\u012bj\u0101s atsevi\u0161\u0137\u0101 konkurenc\u0113.<br><strong>Foto: Zelt\u012bte Larinova<br>Teksts: Paula Riba<\/strong><\/p>\n<\/div><\/div>\n\n\n\n<hr class=\"wp-block-separator has-alpha-channel-opacity is-style-wide\" \/>\n\n\n\n<h2 class=\"wp-block-heading\"><strong>Lepojamies!&nbsp;<\/strong><\/h2>\n\n\n\n<div class=\"wp-block-media-text is-stacked-on-mobile\"><figure class=\"wp-block-media-text__media\"><img loading=\"lazy\" decoding=\"async\" width=\"1024\" height=\"768\" src=\"https:\/\/izglitiba.valmierasnovads.lv\/kocenuskola\/wp-content\/uploads\/sites\/16\/2025\/05\/WhatsApp-Image-2024-03-21-at-11.36.28-1024x768.jpeg\" alt=\"\" class=\"wp-image-605 size-full\" srcset=\"https:\/\/izglitiba.valmierasnovads.lv\/kocenuskola\/wp-content\/uploads\/sites\/16\/2025\/05\/WhatsApp-Image-2024-03-21-at-11.36.28-1024x768.jpeg 1024w, https:\/\/izglitiba.valmierasnovads.lv\/kocenuskola\/wp-content\/uploads\/sites\/16\/2025\/05\/WhatsApp-Image-2024-03-21-at-11.36.28-300x225.jpeg 300w, https:\/\/izglitiba.valmierasnovads.lv\/kocenuskola\/wp-content\/uploads\/sites\/16\/2025\/05\/WhatsApp-Image-2024-03-21-at-11.36.28-768x576.jpeg 768w, https:\/\/izglitiba.valmierasnovads.lv\/kocenuskola\/wp-content\/uploads\/sites\/16\/2025\/05\/WhatsApp-Image-2024-03-21-at-11.36.28.jpeg 1280w\" sizes=\"auto, (max-width: 1024px) 100vw, 1024px\" \/><\/figure><div class=\"wp-block-media-text__content\">\n<p>Valmieras novada matem\u0101tikas olimpi\u0101d\u0113 2.vieta Elizabetai Laursonei (8.b), 3.vieta R\u016bdim Vanteram (8.b) un Adrianam Pojarkovam (6.b), atzin\u012bba Kristeram Jermac\u0101nam (7.a).&nbsp;<br>Ar\u012b p\u0101r\u0113jiem dal\u012bbniekiem labi rezult\u0101ti.&nbsp;<br>Paldies skolot\u0101j\u0101m &#8211; Ilzei, Krist\u012bnei un Inai Smirnovai &#8211; par ieguld\u012bto darbu!&nbsp;<br>2024.03.12.<\/p>\n<\/div><\/div>\n\n\n\n<hr class=\"wp-block-separator has-alpha-channel-opacity is-style-wide\" \/>\n\n\n\n<h2 class=\"wp-block-heading\"><strong>Turpin\u0101s dal\u012bba projekt\u0101 &#8220;Kontakts&#8221;<\/strong><\/h2>\n\n\n\n<p>8.mart\u0101 s\u0101k\u0101s projekta &#8220;Kontakts&#8221; k\u0101rt\u0113j\u0101 kl\u0101tienes tik\u0161an\u0101s viesn\u012bc\u0101 &#8220;Wolmar&#8221;, kur\u0101 piedal\u0101s 3 m\u016bsus skolas skol\u0113ni (Valters Zari\u0146\u0161, Nora Dembovska un Ralfs Purmalis), k\u0101 ar\u012b skolot\u0101ja L\u0101sma Saln\u0101ja.&nbsp;<br><br>Skol\u0113niem \u0161\u012b ned\u0113\u013cas nogale ir aizraujo\u0161a &#8211;&nbsp; daudz jaunas zin\u0101\u0161anas un pieredzes, jaunu draugu, sp\u0113\u013cu u.c.&nbsp;<br>Lai izdodas veiksm\u012bgs projekta turpin\u0101jums!<br><strong>Foto: L\u0101sma Saln\u0101ja<br>Teksts: Inta Grabe<\/strong><\/p>\n\n\n\n<hr class=\"wp-block-separator has-alpha-channel-opacity is-style-wide\" \/>\n\n\n\n<h2 class=\"wp-block-heading\"><strong>\u0112valda Sili\u0146a dziesmas R\u016bjien\u0101 &#8211; 2024<\/strong><\/h2>\n\n\n\n<p>Koc\u0113nu pamatskolas 1-3.kla\u0161u skol\u0113ni &#8211; lab\u0101kie dzied\u0101t\u0101ji, kurus sagatavoja m\u016bzikas skolot\u0101ja Ina Plauka -, piektdien, 8.mart\u0101, piedal\u012bj\u0101s festiv\u0101l\u0101\/ koncert\u0101 ,,\u0112valda Sili\u0146a dziesmas R\u016bjien\u0101 &#8211; 2024. 3.b klases skolnieces Hanna Karliv\u0101ne un El\u012bza Jansone ieguva \u012bpa\u0161as balvas &#8211; noti\u0146as par skan\u012bg\u0101ko priek\u0161nesumu sav\u0101&nbsp;vecuma&nbsp;grup\u0101.<br><strong>Foto: Ginta Dekmeijere<br>Teksts: Ginta Dekmeijere<\/strong><\/p>\n\n\n\n<hr class=\"wp-block-separator has-alpha-channel-opacity is-style-wide\" \/>\n\n\n\n<h2 class=\"wp-block-heading\"><strong>Lepojamies!<\/strong><\/h2>\n\n\n\n<div class=\"wp-block-media-text is-stacked-on-mobile\"><figure class=\"wp-block-media-text__media\"><img loading=\"lazy\" decoding=\"async\" width=\"771\" height=\"1024\" src=\"https:\/\/izglitiba.valmierasnovads.lv\/kocenuskola\/wp-content\/uploads\/sites\/16\/2025\/06\/WhatsApp-Image-2024-03-06-at-12.07.32-771x1024.jpeg\" alt=\"\" class=\"wp-image-917 size-full\" srcset=\"https:\/\/izglitiba.valmierasnovads.lv\/kocenuskola\/wp-content\/uploads\/sites\/16\/2025\/06\/WhatsApp-Image-2024-03-06-at-12.07.32-771x1024.jpeg 771w, https:\/\/izglitiba.valmierasnovads.lv\/kocenuskola\/wp-content\/uploads\/sites\/16\/2025\/06\/WhatsApp-Image-2024-03-06-at-12.07.32-226x300.jpeg 226w, https:\/\/izglitiba.valmierasnovads.lv\/kocenuskola\/wp-content\/uploads\/sites\/16\/2025\/06\/WhatsApp-Image-2024-03-06-at-12.07.32-768x1020.jpeg 768w, https:\/\/izglitiba.valmierasnovads.lv\/kocenuskola\/wp-content\/uploads\/sites\/16\/2025\/06\/WhatsApp-Image-2024-03-06-at-12.07.32-1157x1536.jpeg 1157w, https:\/\/izglitiba.valmierasnovads.lv\/kocenuskola\/wp-content\/uploads\/sites\/16\/2025\/06\/WhatsApp-Image-2024-03-06-at-12.07.32.jpeg 1280w\" sizes=\"auto, (max-width: 771px) 100vw, 771px\" \/><\/figure><div class=\"wp-block-media-text__content\">\n<p>6.mart\u0101 notika Tehnisk\u0101s jaunrades konkurss 4. kla\u0161u skol\u0113niem &#8220;Superzi\u0137eris 2024&#8221;. Visi skolas dal\u012bbnieki izvirz\u012bti uz 2.k\u0101rtu!<br>Foto: Ginta Dekmeijere<br>Teksts: Ginta Dekmeijere<\/p>\n<\/div><\/div>\n\n\n\n<hr class=\"wp-block-separator has-alpha-channel-opacity is-style-wide\" \/>\n\n\n\n<h2 class=\"wp-block-heading\"><strong>Las\u012btprieks&nbsp;<\/strong><\/h2>\n\n\n\n<p>Starp Koc\u0113nu pamatskolas ceturtaj\u0101m klas\u0113m un Koc\u0113nu bibliot\u0113ku izveidojusies laba sadarb\u012bba. Skol\u0113ni apmekl\u0113 bibliot\u0113kas nodarb\u012bbas, k\u0101 ar\u012b pirms pavasara br\u012bvlaika pie\u0146\u0113ma izaicin\u0101jumu izlas\u012bt gr\u0101matu, kuru skol\u0113ns izloz\u0113ja nejau\u0161i.<br><strong>Foto: Egita L\u012bce<\/strong><\/p>\n\n\n\n<hr class=\"wp-block-separator has-alpha-channel-opacity is-style-wide\" \/>\n\n\n\n<h2 class=\"wp-block-heading\"><strong>Skatuves runas konkurss<\/strong><\/h2>\n\n\n\n<p>\u0160odien notika Skatuves runas konkurss. Priec\u0101jamies un lepojamies par jaunajiem talantiem!&nbsp;Paldies skolot\u0101j\u0101m, \u017e\u016brijai &#8211; Elitai Ozolai, Meldrai Amoli\u0146ai, Gitai Daubarei, R\u016bdim Vanteram un direktoram, pas\u0101kuma vad\u012bt\u0101jam Ri\u010dardam Braunam un \u012bpa\u0161s paldies Gintai Dekmeijeirei! Par n\u0101kamaj\u0101 k\u0101rt\u0101 iek\u013cuvu\u0161ajiem run\u0101t\u0101jiem tur\u0113sim \u012bk\u0161\u0137us 20.mart\u0101.1.kla\u0161u grup\u0101:1.vieta &#8211; Laura \u0160\u0137estere-Stabulmiece \/1.a\/<br>2.vieta &#8211; Ance Karliv\u0101ne \/1.a\/<br>3.vieta &#8211; Olivers \u0160usts \/1.b\/<br>2-3.kla\u0161u grup\u0101:&nbsp;1.vieta &#8211; Kri\u0161j\u0101nis Grava \/2.b\/<br>2.vieta -Marta M\u0101li\u0146a \/2.a\/<br>3.vieta &#8211; Roberts Grabis \/3.a\/<br>4-6.kla\u0161u grup\u0101:1.vieta &#8211; Everts&nbsp;Grava&nbsp;\/5.a\/<br><strong>Foto: L\u0101sma Saln\u0101ja Teksts: L\u0101sma Saln\u0101ja<\/strong><\/p>\n\n\n\n<hr class=\"wp-block-separator has-alpha-channel-opacity is-style-wide\" \/>\n\n\n\n<h2 class=\"wp-block-heading\"><strong>Matem\u0101tikas p\u0113cpusdiena<\/strong><\/h2>\n\n\n\n<p>Karjeras nodarb\u012bbu ietvaros divas p\u0113cpusdienas 4.-9.kla\u0161u skol\u0113ni Koc\u0113nu pamatskol\u0101 apguva matem\u0101tikas prasmes ikdienas situ\u0101cij\u0101s. Skol\u0113ni, darbojoties komand\u0101s, apguva sadarb\u012bbas un l\u0113mumu pie\u0146em\u0161anas prasmes, k\u0101 ar\u012b saredz\u0113ja matem\u0101tikas pielietojumu nestandarta situ\u0101cij\u0101s.<br>Paldies karjeras pedago\u0123ei Sanitai Laivi\u0146ai par aizraujo\u0161aj\u0101m nodarb\u012bb\u0101m!<br><strong>Foto: Sanita Laivi\u0146a<br>Teksts: Inta Grabe<\/strong><\/p>\n\n\n\n<hr class=\"wp-block-separator has-alpha-channel-opacity is-style-wide\" \/>\n\n\n\n<div class=\"wp-block-media-text is-stacked-on-mobile\"><figure class=\"wp-block-media-text__media\"><img loading=\"lazy\" decoding=\"async\" width=\"768\" height=\"1024\" src=\"https:\/\/izglitiba.valmierasnovads.lv\/kocenuskola\/wp-content\/uploads\/sites\/16\/2025\/06\/IMG_4472-1-768x1024.jpg\" alt=\"\" class=\"wp-image-919 size-full\" srcset=\"https:\/\/izglitiba.valmierasnovads.lv\/kocenuskola\/wp-content\/uploads\/sites\/16\/2025\/06\/IMG_4472-1-768x1024.jpg 768w, https:\/\/izglitiba.valmierasnovads.lv\/kocenuskola\/wp-content\/uploads\/sites\/16\/2025\/06\/IMG_4472-1-225x300.jpg 225w, https:\/\/izglitiba.valmierasnovads.lv\/kocenuskola\/wp-content\/uploads\/sites\/16\/2025\/06\/IMG_4472-1-1152x1536.jpg 1152w, https:\/\/izglitiba.valmierasnovads.lv\/kocenuskola\/wp-content\/uploads\/sites\/16\/2025\/06\/IMG_4472-1.jpg 1200w\" sizes=\"auto, (max-width: 768px) 100vw, 768px\" \/><\/figure><div class=\"wp-block-media-text__content\">\n<p><a href=\"https:\/\/drive.google.com\/file\/d\/1_u1GYNVWJ-2oiTsE6vRzF64eyAoLOc6s\/view?usp=sharing\" target=\"_blank\" rel=\"noreferrer noopener\">K\u0101rt\u012bba b\u0113rnu re\u0123istr\u0101cijai un uz\u0146em\u0161anai 1.klas\u0113 Valmieras novada pa\u0161vald\u012bbas dibin\u0101taj\u0101s visp\u0101r\u0113j\u0101s izgl\u012bt\u012bbas iest\u0101d\u0113s&nbsp;<\/a><br><a href=\"https:\/\/www.kocenuskola.lv\/par-skolu\/aktualit%C4%81tes-2023-2024-augusts#h.hbbc6tul36uo\"><br><br><\/a><br><a href=\"https:\/\/docs.google.com\/document\/d\/17Fc7_LOCLm6ZfM_SaHRAqhmd-ZtCdKio\/edit?usp=sharing&amp;ouid=108663616754210497419&amp;rtpof=true&amp;sd=true\" target=\"_blank\" rel=\"noreferrer noopener\">Pieteikums b\u0113rna re\u0123istr\u0101cijai pamatizgl\u012bt\u012bbas programmas apguves uzs\u0101k\u0161anai 1.klas\u0113<\/a><br><br><a href=\"https:\/\/www.kocenuskola.lv\/par-skolu\/aktualit%C4%81tes-2023-2024-augusts#h.jemk6ky85wtj\"><br><br><\/a><br><a href=\"https:\/\/www.valmierasnovads.lv\/atverto-durvju-dienas-toposajiem-pirmklasniekiem-un-vinu-vecakiem\/\" target=\"_blank\" rel=\"noreferrer noopener\">Atv\u0113rto durvju dienas topo\u0161ajiem pirmklasniekiem un vi\u0146u vec\u0101kiem Valmieras novada pa\u0161vald\u012bbas izgl\u012bt\u012bbas iest\u0101d\u0113s<\/a><\/p>\n<\/div><\/div>\n\n\n<style>.wp-block-kadence-advancedheading.kt-adv-heading890_07b3b1-88, .wp-block-kadence-advancedheading.kt-adv-heading890_07b3b1-88[data-kb-block=\"kb-adv-heading890_07b3b1-88\"]{font-style:normal;}.wp-block-kadence-advancedheading.kt-adv-heading890_07b3b1-88 mark.kt-highlight, .wp-block-kadence-advancedheading.kt-adv-heading890_07b3b1-88[data-kb-block=\"kb-adv-heading890_07b3b1-88\"] mark.kt-highlight{font-style:normal;color:#f76a0c;-webkit-box-decoration-break:clone;box-decoration-break:clone;padding-top:0px;padding-right:0px;padding-bottom:0px;padding-left:0px;}.wp-block-kadence-advancedheading.kt-adv-heading890_07b3b1-88 img.kb-inline-image, .wp-block-kadence-advancedheading.kt-adv-heading890_07b3b1-88[data-kb-block=\"kb-adv-heading890_07b3b1-88\"] img.kb-inline-image{width:150px;vertical-align:baseline;}<\/style>\n<p class=\"kt-adv-heading890_07b3b1-88 wp-block-kadence-advancedheading\" data-kb-block=\"kb-adv-heading890_07b3b1-88\"><strong>Pieteikumu<\/strong>&nbsp;uz\u0146em\u0161anai var\u0113s iesniegt skol\u0101 Koc\u0113nos, Alejas iel\u0101 2,&nbsp;<strong>no 1.III plkst. 8.00<\/strong>&nbsp;(no \u0161\u012b br\u012b\u017ea, ne \u0101tr\u0101k, tiks pie\u0146emti ar\u012b elektroniski parakst\u012btie pieteikumi). Iesniedzot person\u012bgi, j\u0101uzr\u0101da personu apliecino\u0161s dokuments.<\/p>\n\n\n\n<hr class=\"wp-block-separator has-alpha-channel-opacity is-style-wide\" \/>\n\n\n\n<h2 class=\"wp-block-heading\"><strong>Dejot\u0101ju &#8220;br\u012bvdienas&#8221;<\/strong><\/h2>\n\n\n\n<p>T\u0101 top lielie sv\u0113tki. Br\u012bvdienu nometne Valmieras s\u0101kumskol\u0101 kop\u0101 ar m\u0101jiniekiem un Valmieras 5.vidusskolas mazajiem dejot\u0101jiem. Paldies deju skolot\u0101jai Sanitai B\u0113rzi\u0146ai, koncertmeistarei Birutai Zviedr\u0101nei, paldies par vakara \u201cpasaci\u0146u\u201d skolot\u0101jai L\u0101smai Saln\u0101jai un \u0146ipro dejot\u0101ju vec\u0101kiem par uztic\u0113\u0161anos un atbalstu, paldies Valmieras s\u0101kumskolai par uz\u0146em\u0161anu!&nbsp;      <strong>Foto: L\u0101sma Saln\u0101ja<br>Teksts: L\u0101sma Saln\u0101ja<\/strong><\/p>\n\n\n\n<hr class=\"wp-block-separator has-alpha-channel-opacity is-style-wide\" \/>\n\n\n\n<h2 class=\"wp-block-heading\"><strong>&#8220;Drosmes kaste&#8221;&nbsp;<\/strong><\/h2>\n\n\n\n<div class=\"wp-block-media-text is-stacked-on-mobile\"><figure class=\"wp-block-media-text__media\"><img loading=\"lazy\" decoding=\"async\" width=\"1024\" height=\"576\" src=\"https:\/\/izglitiba.valmierasnovads.lv\/kocenuskola\/wp-content\/uploads\/sites\/16\/2025\/06\/WhatsApp-Image-2024-01-24-at-17.18.32-1024x576.jpeg\" alt=\"\" class=\"wp-image-920 size-full\" srcset=\"https:\/\/izglitiba.valmierasnovads.lv\/kocenuskola\/wp-content\/uploads\/sites\/16\/2025\/06\/WhatsApp-Image-2024-01-24-at-17.18.32-1024x576.jpeg 1024w, https:\/\/izglitiba.valmierasnovads.lv\/kocenuskola\/wp-content\/uploads\/sites\/16\/2025\/06\/WhatsApp-Image-2024-01-24-at-17.18.32-300x169.jpeg 300w, https:\/\/izglitiba.valmierasnovads.lv\/kocenuskola\/wp-content\/uploads\/sites\/16\/2025\/06\/WhatsApp-Image-2024-01-24-at-17.18.32-768x432.jpeg 768w, https:\/\/izglitiba.valmierasnovads.lv\/kocenuskola\/wp-content\/uploads\/sites\/16\/2025\/06\/WhatsApp-Image-2024-01-24-at-17.18.32.jpeg 1280w\" sizes=\"auto, (max-width: 1024px) 100vw, 1024px\" \/><\/figure><div class=\"wp-block-media-text__content\">\n<p>Koc\u0113nu pamatskolas skol\u0113ni un skolot\u0101ji decembr\u012b un janv\u0101r\u012b dom\u0101ja, k\u0101 iepriecin\u0101t maz\u0101s sirsni\u0146as Vidzemes slimn\u012bc\u0101, v\u0101cot da\u017e\u0101das sp\u0113\u013cu manti\u0146as, gr\u0101matas, z\u012bm\u0113\u0161anas piederumus u.c..<br>Saziedot\u0101s lietas nog\u0101d\u0101tas Vidzemes slimn\u012bcas b\u0113rnu noda\u013c\u0101.<br><strong>Teksts: Sanita Laivi\u0146a<br>Foto: L\u0101sma Saln\u0101ja<\/strong><\/p>\n<\/div><\/div>\n\n\n\n<hr class=\"wp-block-separator has-alpha-channel-opacity is-style-wide\" \/>\n\n\n\n<h2 class=\"wp-block-heading\"><strong>Priec\u0101jamies!&nbsp;<\/strong><\/h2>\n\n\n\n<p>Lepojamies ar m\u016bsu skolas dal\u012bbniekiem (\u201cD\u201d grupa z\u0113niem un meiten\u0113m 2012. \u2013 2013. g.dz.)&nbsp;tautas bumbas sacens\u012bb\u0101s Valmieras Viestura vidusskol\u0101. Meite\u0146u komanda ieguvusi 2.vietu, bet z\u0113nu komanda &#8211; 3.vietu.&nbsp;Sveicam ar\u012b vi\u0146u sporta skolot\u0101jus!Foto: L\u0101sma Saln\u0101ja<\/p>\n\n\n\n<hr class=\"wp-block-separator has-alpha-channel-opacity is-style-wide\" \/>\n\n\n\n<h2 class=\"wp-block-heading\"><strong>Priec\u0101jamies!&nbsp;<\/strong><\/h2>\n\n\n\n<p>Priec\u0101jamies par m\u016bsu skolas talant\u012bgajiem un rado\u0161ajiem jaunie\u0161iem! Skol\u0113ni savus talantus spilgti demonstr\u0113ja 17.janv\u0101r\u012b, piedaloties Valmieras Jaunatnes centra &#8220;Vinda&#8221; ziemas koncert\u0101 &#8220;Tu to vari&#8221;.<\/p>\n\n\n\n<hr class=\"wp-block-separator has-alpha-channel-opacity is-style-wide\" \/>\n\n\n\n<hr class=\"wp-block-separator has-alpha-channel-opacity is-style-dots\" \/>\n\n\n\n<h2 class=\"wp-block-heading\"><strong>Lepojamies!&nbsp;<\/strong><\/h2>\n\n\n\n<p>Sveicam Valmieras novada skolu 2.kla\u0161u olimpi\u0101des vizu\u0101laj\u0101 m\u0101ksl\u0101 laure\u0101ti Adriju Kazaku un vi\u0146as skolot\u0101ju Indru Fr\u012bdenfeldi!&nbsp;<\/p>\n\n\n\n<hr class=\"wp-block-separator has-alpha-channel-opacity is-style-wide\" \/>\n\n\n\n<h2 class=\"wp-block-heading\"><strong>Barik\u0101\u017eu atceres piemi\u0146as diena<\/strong><\/h2>\n\n\n\n<figure class=\"wp-block-image size-large is-resized\"><img loading=\"lazy\" decoding=\"async\" width=\"1024\" height=\"682\" src=\"https:\/\/izglitiba.valmierasnovads.lv\/kocenuskola\/wp-content\/uploads\/sites\/16\/2025\/06\/417427201_960655565467849_2086577906715197599_n-1024x682.jpg\" alt=\"\" class=\"wp-image-922\" style=\"width:624px;height:auto\" srcset=\"https:\/\/izglitiba.valmierasnovads.lv\/kocenuskola\/wp-content\/uploads\/sites\/16\/2025\/06\/417427201_960655565467849_2086577906715197599_n-1024x682.jpg 1024w, https:\/\/izglitiba.valmierasnovads.lv\/kocenuskola\/wp-content\/uploads\/sites\/16\/2025\/06\/417427201_960655565467849_2086577906715197599_n-300x200.jpg 300w, https:\/\/izglitiba.valmierasnovads.lv\/kocenuskola\/wp-content\/uploads\/sites\/16\/2025\/06\/417427201_960655565467849_2086577906715197599_n-768x512.jpg 768w, https:\/\/izglitiba.valmierasnovads.lv\/kocenuskola\/wp-content\/uploads\/sites\/16\/2025\/06\/417427201_960655565467849_2086577906715197599_n.jpg 1280w\" sizes=\"auto, (max-width: 1024px) 100vw, 1024px\" \/><\/figure>\n\n\n\n<hr class=\"wp-block-separator has-alpha-channel-opacity is-style-wide\" \/>\n\n\n\n<h2 class=\"wp-block-heading\"><strong>Kad laika apst\u0101k\u013cu d\u0113\u013c dr\u012bkst neapmekl\u0113t skolu?&nbsp;<\/strong><\/h2>\n\n\n\n<p>Saska\u0146\u0101 ar Ministru kabineta noteikumos &#8220;Higi\u0113nas pras\u012bbas izgl\u012bt\u012bbas iest\u0101d\u0113m, kas \u012bsteno visp\u0101r\u0113j\u0101s pamatizgl\u012bt\u012bbas, visp\u0101r\u0113j\u0101s vid\u0113j\u0101s izgl\u012bt\u012bbas, profesion\u0101l\u0101s pamatizgl\u012bt\u012bbas, arodizgl\u012bt\u012bbas vai profesion\u0101l\u0101s vid\u0113j\u0101s izgl\u012bt\u012bbas programmas&#8221; noteikto:<br>skolu neapmekl\u0113 skol\u0113ni:<br>vecum\u0101 l\u012bdz 12 gadiem, ja gaisa temperat\u016bra ir zem\u0101ka par m\u012bnus 20 \u00b0C;<br>vecum\u0101 no 13 gadiem, ja gaisa temperat\u016bra ir zem\u0101ka par m\u012bnus 25 \u00b0C.<br><br>Skol\u0113na vec\u0101ki lemj par skolas neapmekl\u0113\u0161anu un piesaka kav\u0113jumu E-klas\u0113.&nbsp;<br>Skola b\u016bs atv\u0113rta, un skolot\u0101ji str\u0101d\u0101s ar tiem skol\u0113niem, kuri b\u016bs ieradu\u0161ies skol\u0101.<\/p>\n\n\n\n<hr class=\"wp-block-separator has-alpha-channel-opacity is-style-wide\" \/>\n\n\n\n<h2 class=\"wp-block-heading\"><strong>Priec\u012bgus sv\u0113tkus!<\/strong><\/h2>\n\n\n\n<figure class=\"wp-block-image size-large is-resized\"><img loading=\"lazy\" decoding=\"async\" width=\"768\" height=\"1024\" src=\"https:\/\/izglitiba.valmierasnovads.lv\/kocenuskola\/wp-content\/uploads\/sites\/16\/2025\/06\/WhatsApp-attels-2023-12-24-plkst.-13.12.26_4b252d27-768x1024.jpg\" alt=\"\" class=\"wp-image-923\" style=\"width:388px;height:auto\" srcset=\"https:\/\/izglitiba.valmierasnovads.lv\/kocenuskola\/wp-content\/uploads\/sites\/16\/2025\/06\/WhatsApp-attels-2023-12-24-plkst.-13.12.26_4b252d27-768x1024.jpg 768w, https:\/\/izglitiba.valmierasnovads.lv\/kocenuskola\/wp-content\/uploads\/sites\/16\/2025\/06\/WhatsApp-attels-2023-12-24-plkst.-13.12.26_4b252d27-225x300.jpg 225w, https:\/\/izglitiba.valmierasnovads.lv\/kocenuskola\/wp-content\/uploads\/sites\/16\/2025\/06\/WhatsApp-attels-2023-12-24-plkst.-13.12.26_4b252d27.jpg 1135w\" sizes=\"auto, (max-width: 768px) 100vw, 768px\" \/><\/figure>\n\n\n\n<hr class=\"wp-block-separator has-alpha-channel-opacity is-style-wide\" \/>\n\n\n\n<h2 class=\"wp-block-heading\"><strong>Ziemassv\u0113tkus gaidot<\/strong><\/h2>\n\n\n\n<figure class=\"wp-block-image size-large is-resized\"><img loading=\"lazy\" decoding=\"async\" width=\"769\" height=\"1024\" src=\"https:\/\/izglitiba.valmierasnovads.lv\/kocenuskola\/wp-content\/uploads\/sites\/16\/2025\/06\/WhatsApp-Image-2023-12-14-at-06.54.33-769x1024.jpeg\" alt=\"\" class=\"wp-image-924\" style=\"width:393px;height:auto\" srcset=\"https:\/\/izglitiba.valmierasnovads.lv\/kocenuskola\/wp-content\/uploads\/sites\/16\/2025\/06\/WhatsApp-Image-2023-12-14-at-06.54.33-769x1024.jpeg 769w, https:\/\/izglitiba.valmierasnovads.lv\/kocenuskola\/wp-content\/uploads\/sites\/16\/2025\/06\/WhatsApp-Image-2023-12-14-at-06.54.33-225x300.jpeg 225w, https:\/\/izglitiba.valmierasnovads.lv\/kocenuskola\/wp-content\/uploads\/sites\/16\/2025\/06\/WhatsApp-Image-2023-12-14-at-06.54.33-768x1023.jpeg 768w, https:\/\/izglitiba.valmierasnovads.lv\/kocenuskola\/wp-content\/uploads\/sites\/16\/2025\/06\/WhatsApp-Image-2023-12-14-at-06.54.33.jpeg 1131w\" sizes=\"auto, (max-width: 769px) 100vw, 769px\" \/><\/figure>\n\n\n\n<figure class=\"wp-block-image size-full\"><a href=\"https:\/\/view.genially.com\/6397de352618db0019afcd0c\/presentation-decembris-kocenu-pamatskola\"><img loading=\"lazy\" decoding=\"async\" width=\"512\" height=\"288\" src=\"https:\/\/izglitiba.valmierasnovads.lv\/kocenuskola\/wp-content\/uploads\/sites\/16\/2025\/06\/unnamed.jpg\" alt=\"\" class=\"wp-image-925\" srcset=\"https:\/\/izglitiba.valmierasnovads.lv\/kocenuskola\/wp-content\/uploads\/sites\/16\/2025\/06\/unnamed.jpg 512w, https:\/\/izglitiba.valmierasnovads.lv\/kocenuskola\/wp-content\/uploads\/sites\/16\/2025\/06\/unnamed-300x169.jpg 300w\" sizes=\"auto, (max-width: 512px) 100vw, 512px\" \/><\/a><\/figure>\n\n\n\n<hr class=\"wp-block-separator has-alpha-channel-opacity is-style-wide\" \/>\n\n\n\n<h2 class=\"wp-block-heading\"><strong>Labais vairo labo<\/strong><\/h2>\n\n\n\n<figure class=\"wp-block-image size-large is-resized\"><img loading=\"lazy\" decoding=\"async\" width=\"769\" height=\"1024\" src=\"https:\/\/izglitiba.valmierasnovads.lv\/kocenuskola\/wp-content\/uploads\/sites\/16\/2025\/06\/WhatsApp-Image-2023-12-11-at-12.06.30-769x1024.jpeg\" alt=\"\" class=\"wp-image-928\" style=\"width:413px;height:auto\" srcset=\"https:\/\/izglitiba.valmierasnovads.lv\/kocenuskola\/wp-content\/uploads\/sites\/16\/2025\/06\/WhatsApp-Image-2023-12-11-at-12.06.30-769x1024.jpeg 769w, https:\/\/izglitiba.valmierasnovads.lv\/kocenuskola\/wp-content\/uploads\/sites\/16\/2025\/06\/WhatsApp-Image-2023-12-11-at-12.06.30-225x300.jpeg 225w, https:\/\/izglitiba.valmierasnovads.lv\/kocenuskola\/wp-content\/uploads\/sites\/16\/2025\/06\/WhatsApp-Image-2023-12-11-at-12.06.30-768x1023.jpeg 768w, https:\/\/izglitiba.valmierasnovads.lv\/kocenuskola\/wp-content\/uploads\/sites\/16\/2025\/06\/WhatsApp-Image-2023-12-11-at-12.06.30.jpeg 1131w\" sizes=\"auto, (max-width: 769px) 100vw, 769px\" \/><\/figure>\n\n\n\n<hr class=\"wp-block-separator has-alpha-channel-opacity is-style-wide\" \/>\n\n\n\n<h2 class=\"wp-block-heading\"><strong>Ziemassv\u0113tku tirdzi\u0146\u0161<\/strong><\/h2>\n\n\n\n<figure class=\"wp-block-image size-large is-resized\"><img loading=\"lazy\" decoding=\"async\" width=\"769\" height=\"1024\" src=\"https:\/\/izglitiba.valmierasnovads.lv\/kocenuskola\/wp-content\/uploads\/sites\/16\/2025\/06\/WhatsApp-Image-2023-12-01-at-07.26.00-769x1024.jpeg\" alt=\"\" class=\"wp-image-929\" style=\"width:414px;height:auto\" srcset=\"https:\/\/izglitiba.valmierasnovads.lv\/kocenuskola\/wp-content\/uploads\/sites\/16\/2025\/06\/WhatsApp-Image-2023-12-01-at-07.26.00-769x1024.jpeg 769w, https:\/\/izglitiba.valmierasnovads.lv\/kocenuskola\/wp-content\/uploads\/sites\/16\/2025\/06\/WhatsApp-Image-2023-12-01-at-07.26.00-225x300.jpeg 225w, https:\/\/izglitiba.valmierasnovads.lv\/kocenuskola\/wp-content\/uploads\/sites\/16\/2025\/06\/WhatsApp-Image-2023-12-01-at-07.26.00-768x1023.jpeg 768w, https:\/\/izglitiba.valmierasnovads.lv\/kocenuskola\/wp-content\/uploads\/sites\/16\/2025\/06\/WhatsApp-Image-2023-12-01-at-07.26.00.jpeg 1131w\" sizes=\"auto, (max-width: 769px) 100vw, 769px\" \/><\/figure>\n\n\n\n<hr class=\"wp-block-separator has-alpha-channel-opacity is-style-wide\" \/>\n\n\n\n<h2 class=\"wp-block-heading\"><strong>Skolas dekor\u0113\u0161ana<\/strong><\/h2>\n\n\n\n<div class=\"wp-block-columns is-layout-flex wp-container-core-columns-is-layout-28f84493 wp-block-columns-is-layout-flex\">\n<div class=\"wp-block-column is-layout-flow wp-block-column-is-layout-flow\">\n<figure class=\"wp-block-video\"><video height=\"1920\" style=\"aspect-ratio: 1080 \/ 1920;\" width=\"1080\" controls src=\"https:\/\/izglitiba.valmierasnovads.lv\/kocenuskola\/wp-content\/uploads\/sites\/16\/2025\/06\/WhatsApp-Video-2023-11-30-at-15.43.39.mp4\"><\/video><\/figure>\n<\/div>\n\n\n\n<div class=\"wp-block-column is-layout-flow wp-block-column-is-layout-flow\">\n<p>8.decembr\u012b no plkst. 16.00 aicin\u0101m uz skolas dekor\u0113\u0161anu.<br>P\u0101rskat\u0101m m\u0101j\u0101s eso\u0161os kr\u0101jumus, jo b\u016bs nepiecie\u0161ams:<br>Balts, pel\u0113ks, sudraba kr\u0101sas ietinamais pap\u012brs, tapetes,&nbsp; d\u0101vanu lentas;<br>Da\u017e\u0101da izm\u0113ra kastes.<br><br>Kop\u012bgi dekor\u0113sim m\u016bsu m\u012b\u013co skolu Ziemassv\u0113tkiem, uzbursim visskaist\u0101ko d\u0101vanu sev un citiem.<br>S\u012bk\u0101ka inform\u0101cija par to, kur katra klase dekor\u0113s, sekos&#8230;<\/p>\n<\/div>\n<\/div>\n\n\n\n<hr class=\"wp-block-separator has-alpha-channel-opacity is-style-wide\" \/>\n\n\n\n<h2 class=\"wp-block-heading\"><strong>Individu\u0101l\u0101s p\u0101rrunas ar skolot\u0101jiem un &#8220;Papardes zieds&#8221; saruna ar vec\u0101kiem<\/strong><\/h2>\n\n\n\n<figure class=\"wp-block-image size-full is-resized\"><a href=\"https:\/\/view.genially.com\/655440ea84e20000112c49e2\/interactive-image-papardes-zieds\"><img loading=\"lazy\" decoding=\"async\" width=\"512\" height=\"269\" src=\"https:\/\/izglitiba.valmierasnovads.lv\/kocenuskola\/wp-content\/uploads\/sites\/16\/2025\/06\/unnamed-1.jpg\" alt=\"\" class=\"wp-image-931\" style=\"width:492px;height:auto\" srcset=\"https:\/\/izglitiba.valmierasnovads.lv\/kocenuskola\/wp-content\/uploads\/sites\/16\/2025\/06\/unnamed-1.jpg 512w, https:\/\/izglitiba.valmierasnovads.lv\/kocenuskola\/wp-content\/uploads\/sites\/16\/2025\/06\/unnamed-1-300x158.jpg 300w\" sizes=\"auto, (max-width: 512px) 100vw, 512px\" \/><\/a><\/figure>\n\n\n\n<hr class=\"wp-block-separator has-alpha-channel-opacity is-style-wide\" \/>\n\n\n\n<h2 class=\"wp-block-heading\"><strong>Karjeras ned\u0113\u013cas aktualit\u0101tes<\/strong><\/h2>\n\n\n\n<div class=\"wp-block-media-text is-stacked-on-mobile\"><figure class=\"wp-block-media-text__media\"><img loading=\"lazy\" decoding=\"async\" width=\"1024\" height=\"1024\" src=\"https:\/\/izglitiba.valmierasnovads.lv\/kocenuskola\/wp-content\/uploads\/sites\/16\/2025\/06\/WhatsApp-Image-2023-11-12-at-10.12.53-1024x1024.jpeg\" alt=\"\" class=\"wp-image-932 size-full\" srcset=\"https:\/\/izglitiba.valmierasnovads.lv\/kocenuskola\/wp-content\/uploads\/sites\/16\/2025\/06\/WhatsApp-Image-2023-11-12-at-10.12.53-1024x1024.jpeg 1024w, https:\/\/izglitiba.valmierasnovads.lv\/kocenuskola\/wp-content\/uploads\/sites\/16\/2025\/06\/WhatsApp-Image-2023-11-12-at-10.12.53-300x300.jpeg 300w, https:\/\/izglitiba.valmierasnovads.lv\/kocenuskola\/wp-content\/uploads\/sites\/16\/2025\/06\/WhatsApp-Image-2023-11-12-at-10.12.53-150x150.jpeg 150w, https:\/\/izglitiba.valmierasnovads.lv\/kocenuskola\/wp-content\/uploads\/sites\/16\/2025\/06\/WhatsApp-Image-2023-11-12-at-10.12.53-768x768.jpeg 768w, https:\/\/izglitiba.valmierasnovads.lv\/kocenuskola\/wp-content\/uploads\/sites\/16\/2025\/06\/WhatsApp-Image-2023-11-12-at-10.12.53.jpeg 1280w\" sizes=\"auto, (max-width: 1024px) 100vw, 1024px\" \/><\/figure><div class=\"wp-block-media-text__content\">\n<p>Koc\u0113nu pamatskolas 3.b klas\u0113 piedal\u012bj\u0101s Valmieras att\u012bst\u012bbas a\u0123ent\u016bras organiz\u0113taj\u0101 Karjeras ned\u0113\u013cas aktivit\u0101t\u0113s. Konkurs\u0101 ,,Prasmju med\u012bbas&#8221;, piedal\u012bj\u0101s 18 novada klases. Balvas loterijas izloz\u0113 3.b klase ieguva galveno balvu &#8211; izklaides centr\u0101 ,,Br\u012bnumu me\u017es&#8221; apmekl\u0113jumu visai klasei.<br>9.novembr\u012b p\u0101rst\u0101vis no Valmieras att\u012bst\u012bbas a\u0123ent\u016bras svin\u012bgi pasniedza balvu.&nbsp;<br>Paldies par atbalstu skolas karjeras konsultantei Sanitai Laivi\u0146ai!<br>Teksts: Ginta Dekmeijere<br>Foto: Valmieras att\u012bst\u012bbas a\u0123ent\u016bra<\/p>\n<\/div><\/div>\n\n\n\n<hr class=\"wp-block-separator has-alpha-channel-opacity is-style-wide\" \/>\n\n\n\n<h2 class=\"wp-block-heading\"><strong>Lepojamies!<\/strong><\/h2>\n\n\n\n<div class=\"wp-block-media-text is-stacked-on-mobile\"><figure class=\"wp-block-media-text__media\"><img loading=\"lazy\" decoding=\"async\" width=\"526\" height=\"701\" src=\"https:\/\/izglitiba.valmierasnovads.lv\/kocenuskola\/wp-content\/uploads\/sites\/16\/2025\/06\/398427464_917670566433016_1191237330468302700_n.jpg\" alt=\"\" class=\"wp-image-933 size-full\" srcset=\"https:\/\/izglitiba.valmierasnovads.lv\/kocenuskola\/wp-content\/uploads\/sites\/16\/2025\/06\/398427464_917670566433016_1191237330468302700_n.jpg 526w, https:\/\/izglitiba.valmierasnovads.lv\/kocenuskola\/wp-content\/uploads\/sites\/16\/2025\/06\/398427464_917670566433016_1191237330468302700_n-225x300.jpg 225w\" sizes=\"auto, (max-width: 526px) 100vw, 526px\" \/><\/figure><div class=\"wp-block-media-text__content\">\n<p>Lepojamies par Ri\u010darda Brauna ieg\u016bto 1.pak\u0101pi st\u0101stnieku konkurs\u0101 &#8220;Teci, teci, valodi\u0146a&#8221; pusfin\u0101l\u0101. Paldies skolot\u0101jai Marinai Melkurtei par sagatavo\u0161anu un vec\u0101kiem par atbalstu!<br>Fin\u0101l\u0101, kur\u0161 norisin\u0101sies 2.12. R\u012bg\u0101, Ri\u010dardam pievienosies R\u016bdis Vanters, kur\u0161 jau iepriek\u0161\u0113j\u0101 gad\u0101 ieguva&nbsp; ce\u013caz\u012bmi uz \u0161\u012b gada konkursa fin\u0101lu.&nbsp;<br>Tur\u0113sim \u012bk\u0161\u0137us!<br><br><strong>Teksts: L\u0101sma Saln\u0101ja Foto: Marina Melkurte<\/strong><\/p>\n<\/div><\/div>\n\n\n\n<hr class=\"wp-block-separator has-alpha-channel-opacity is-style-wide\" \/>\n\n\n\n<h2 class=\"wp-block-heading\"><strong>Rakstnieka profesijas iepaz\u012b\u0161ana&nbsp;<\/strong><\/h2>\n\n\n<style>.wp-block-kadence-advancedheading.kt-adv-heading890_c397a6-1a, .wp-block-kadence-advancedheading.kt-adv-heading890_c397a6-1a[data-kb-block=\"kb-adv-heading890_c397a6-1a\"]{font-style:normal;}.wp-block-kadence-advancedheading.kt-adv-heading890_c397a6-1a mark.kt-highlight, .wp-block-kadence-advancedheading.kt-adv-heading890_c397a6-1a[data-kb-block=\"kb-adv-heading890_c397a6-1a\"] mark.kt-highlight{font-style:normal;color:#f76a0c;-webkit-box-decoration-break:clone;box-decoration-break:clone;padding-top:0px;padding-right:0px;padding-bottom:0px;padding-left:0px;}.wp-block-kadence-advancedheading.kt-adv-heading890_c397a6-1a img.kb-inline-image, .wp-block-kadence-advancedheading.kt-adv-heading890_c397a6-1a[data-kb-block=\"kb-adv-heading890_c397a6-1a\"] img.kb-inline-image{width:150px;vertical-align:baseline;}<\/style>\n<p class=\"kt-adv-heading890_c397a6-1a wp-block-kadence-advancedheading\" data-kb-block=\"kb-adv-heading890_c397a6-1a\">Pag\u0101ju\u0161aj\u0101 ned\u0113\u013c\u0101 skol\u0101 viesoj\u0101s rakstniece Lu\u012bze Pastore. 2.a un 2.b klases skolnieki iepazin\u0101s ar rakstnieces darbu, k\u0101 ar\u012b iejut\u0101s m\u0101kslas detekt\u012bvu lom\u0101.&nbsp;<br>Paldies, rakstniecei par izzino\u0161o nodarb\u012bbu!<br><strong>Foto: Dana Jaunskunga 2023.11.08<\/strong><\/p>\n\n\n\n<hr class=\"wp-block-separator has-alpha-channel-opacity is-style-wide\" \/>\n\n\n\n<h2 class=\"wp-block-heading\"><strong>&#8220;Mazie uz\u0146\u0113m\u0113ji&#8221; apciemo viet\u0113jos uz\u0146\u0113mumus<\/strong><\/h2>\n\n\n<style>.wp-block-kadence-advancedheading.kt-adv-heading890_5b1e2c-ce, .wp-block-kadence-advancedheading.kt-adv-heading890_5b1e2c-ce[data-kb-block=\"kb-adv-heading890_5b1e2c-ce\"]{font-style:normal;}.wp-block-kadence-advancedheading.kt-adv-heading890_5b1e2c-ce mark.kt-highlight, .wp-block-kadence-advancedheading.kt-adv-heading890_5b1e2c-ce[data-kb-block=\"kb-adv-heading890_5b1e2c-ce\"] mark.kt-highlight{font-style:normal;color:#f76a0c;-webkit-box-decoration-break:clone;box-decoration-break:clone;padding-top:0px;padding-right:0px;padding-bottom:0px;padding-left:0px;}.wp-block-kadence-advancedheading.kt-adv-heading890_5b1e2c-ce img.kb-inline-image, .wp-block-kadence-advancedheading.kt-adv-heading890_5b1e2c-ce[data-kb-block=\"kb-adv-heading890_5b1e2c-ce\"] img.kb-inline-image{width:150px;vertical-align:baseline;}<\/style>\n<p class=\"kt-adv-heading890_5b1e2c-ce wp-block-kadence-advancedheading\" data-kb-block=\"kb-adv-heading890_5b1e2c-ce\">2.11. \u201cMazie uz\u0146\u0113m\u0113ji\u201d dev\u0101s apciemot viet\u0113jo uz\u0146\u0113mumu&nbsp; \u201cKoc\u0113nu zirgaudz\u0113tavu\u201d.&nbsp;<br>Skol\u0113ni jaut\u0101ja sev interes\u0113jo\u0161os jaut\u0101jumus par zirgu ikdienu, baroja tos, k\u0101 ar\u012b bija iesp\u0113ja doties neliel\u0101 izj\u0101d\u0113.<br><strong>Foto: Egita L\u012bce 2023.11.06<\/strong><\/p>\n\n\n\n<hr class=\"wp-block-separator has-alpha-channel-opacity is-style-wide\" \/>\n\n\n\n<h2 class=\"wp-block-heading\"><strong>JAL uz\u0146\u0113m\u0113jdarb\u012bbas iedvesmas konference \u201cUzdr\u012bksties uzvar\u0113t 2023\u201d&nbsp;<\/strong><\/h2>\n\n\n\n<div class=\"wp-block-media-text is-stacked-on-mobile\"><figure class=\"wp-block-media-text__media\"><img loading=\"lazy\" decoding=\"async\" width=\"554\" height=\"415\" src=\"https:\/\/izglitiba.valmierasnovads.lv\/kocenuskola\/wp-content\/uploads\/sites\/16\/2025\/06\/Attels12.png\" alt=\"\" class=\"wp-image-934 size-full\" srcset=\"https:\/\/izglitiba.valmierasnovads.lv\/kocenuskola\/wp-content\/uploads\/sites\/16\/2025\/06\/Attels12.png 554w, https:\/\/izglitiba.valmierasnovads.lv\/kocenuskola\/wp-content\/uploads\/sites\/16\/2025\/06\/Attels12-300x225.png 300w\" sizes=\"auto, (max-width: 554px) 100vw, 554px\" \/><\/figure><div class=\"wp-block-media-text__content\">\n<p>Ar\u012b m\u016bsu skolas skol\u0113niem 19.oktobr\u012b bija lieliska iesp\u0113ja piedal\u012bties liel\u0101kaj\u0101 uz\u0146\u0113m\u0113jdarb\u012bbas konferenc\u0113 \u201cUzdr\u012bksties uzvar\u0113t\u201d, ko organiz\u0113ja JAL (Junior Achievement Latvia). \u0160aj\u0101 v\u0113rien\u012bgaj\u0101 pas\u0101kum\u0101 kop\u0101 pulc\u0113j\u0101s vair\u0101k nek\u0101 6500 ap\u0146\u0113m\u012bgu skol\u0113nu no visas Latvijas, lai iedvesmotos no sabiedr\u012bb\u0101 paz\u012bstamiem cilv\u0113kiem un pa\u0161i g\u016btu iedvesmu nebaid\u012bties un r\u012bkoties, lai sasniegtu savus sap\u0146us.<br>Skol\u0113niem bija lieliska iesp\u0113ja kl\u0101tien\u0113 satikt savus sporta elkus &#8211; basketbolistu Dairi Bert\u0101nu un vi\u0146a treneri J\u0101ni Gail\u012bti, k\u0101 ar\u012b m\u016bzi\u0137us Ozolu un DJ Foxy Mandy. Bija iesp\u0113ja dzird\u0113t da\u017e\u0101du jomu, sabiedr\u012bb\u0101 paz\u012bstamu cilv\u0113ku, speci\u0101listu pieredzes st\u0101stus par to, k\u0101 vi\u0146i non\u0101ku\u0161i l\u012bdz savai karjerai un guvu\u0161i pan\u0101kumus. Veiksm\u012bgo SMU dal\u012bbnieki dal\u012bj\u0101s ar savu pieredzi un k\u013c\u016bd\u0101m, ko pie\u013c\u0101vu\u0161i sava produkta veido\u0161an\u0101, kas \u013c\u0101vis att\u012bst\u012bties, rad\u012bt ko jaunu v\u0113l nebiju\u0161u. Jaunie\u0161iem bija iesp\u0113ja ar\u012b piedal\u012bties konkursos un laim\u0113t balvas, kur m\u016bsu jaunie\u0161i akt\u012bvi \u0146\u0113ma dal\u012bbu un ieguva iesp\u0113ju ar\u012b pab\u016bt uz liel\u0101s skatuves.<br><strong>Teksts: Sanita Laivi\u0146a Foto: pas\u0101kuma fotogr\u0101fs<\/strong><\/p>\n<\/div><\/div>\n\n\n\n<hr class=\"wp-block-separator has-alpha-channel-opacity is-style-wide\" \/>\n\n\n\n<h2 class=\"wp-block-heading\"><strong>Inform\u0101cijas tehnolo\u0123iju dro\u0161\u012bbas incidentu nov\u0113r\u0161anas instit\u016bcijas CERT inform\u0101cija par izgl\u012bt\u012bbas iest\u0101\u017eu r\u012bc\u012bbu apdraud\u0113juma gad\u012bjum\u0101&nbsp;<\/strong><\/h2>\n\n\n\n<div class=\"wp-block-file\"><a id=\"wp-block-file--media-c5dc5e40-2d82-43a7-90bc-c28c278c1824\" href=\"https:\/\/izglitiba.valmierasnovads.lv\/kocenuskola\/wp-content\/uploads\/sites\/16\/2025\/06\/Drosibai-1.pptx\"><strong><mark class=\"has-inline-color has-ast-global-color-2-color\"><h2>Dro\u0161\u012bbai<\/h2><\/mark><\/strong><\/a><a href=\"https:\/\/izglitiba.valmierasnovads.lv\/kocenuskola\/wp-content\/uploads\/sites\/16\/2025\/06\/Drosibai-1.pptx\" class=\"wp-block-file__button wp-element-button\" download aria-describedby=\"wp-block-file--media-c5dc5e40-2d82-43a7-90bc-c28c278c1824\">Lejupiel\u0101d\u0113t<\/a><\/div>\n\n\n\n<hr class=\"wp-block-separator has-alpha-channel-opacity is-style-wide\" \/>\n\n\n\n<h2 class=\"wp-block-heading\"><strong>Sveicam!<\/strong><\/h2>\n\n\n<style>.wp-block-kadence-advancedheading.kt-adv-heading890_2f28c5-a1, .wp-block-kadence-advancedheading.kt-adv-heading890_2f28c5-a1[data-kb-block=\"kb-adv-heading890_2f28c5-a1\"]{font-style:normal;}.wp-block-kadence-advancedheading.kt-adv-heading890_2f28c5-a1 mark.kt-highlight, .wp-block-kadence-advancedheading.kt-adv-heading890_2f28c5-a1[data-kb-block=\"kb-adv-heading890_2f28c5-a1\"] mark.kt-highlight{font-style:normal;color:#f76a0c;-webkit-box-decoration-break:clone;box-decoration-break:clone;padding-top:0px;padding-right:0px;padding-bottom:0px;padding-left:0px;}.wp-block-kadence-advancedheading.kt-adv-heading890_2f28c5-a1 img.kb-inline-image, .wp-block-kadence-advancedheading.kt-adv-heading890_2f28c5-a1[data-kb-block=\"kb-adv-heading890_2f28c5-a1\"] img.kb-inline-image{width:150px;vertical-align:baseline;}<\/style>\n<p class=\"kt-adv-heading890_2f28c5-a1 wp-block-kadence-advancedheading\" data-kb-block=\"kb-adv-heading890_2f28c5-a1\">Sveicam Valmieras novada pa\u0161vald\u012bbas apbalvojuma \u201cBalva izgl\u012bt\u012bb\u0101\u201d sa\u0146\u0113m\u0113jas skolot\u0101jas Elgu Olmani un Inu M\u012blenbergu (skolot\u0101ja balvu sa\u0146ems, atkal atgrie\u017eoties skol\u0101)!&nbsp;<br><strong>Par vi\u0146\u0101m \u0161\u0101di v\u0101rdi:&nbsp;<\/strong><br><strong>Elga Olmane<\/strong>. Skolot\u0101ja le\u0123enda, skol\u0113niem magn\u0113ts, kol\u0113\u0123iem \u2013 d\u012bva; ekskursantiem, kuri iepaz\u012bst Kokmui\u017eu, \u2013 harizm\u0101tiska gide. M\u016bsdien\u012bga, aizraut\u012bga, neskatoties ne uz ko. Kol\u0113\u0123i par vi\u0146u saka: pamatoti nov\u0113rt\u0113ta \u2013 sa\u0146\u0113musi Tr\u012bs zvaig\u017e\u0146u ordeni; prasm\u012bga st\u0101st\u012bt\u0101ja \u2013 vi\u0146as st\u0101st\u012bjums v\u0113stur\u0113 raisa izt\u0113li. Ja diskut\u0113, tad vienm\u0113r ir pamatojums, lieliska pas\u0101kumu r\u012bkot\u0101ja \u2013 tajos vienm\u0113r atkl\u0101jusies \u012bpa\u0161\u0101 pasaules izj\u016bta, est\u0113tisk\u0101 gaume.&nbsp;&nbsp;&nbsp;<br><strong>Ina M\u012blenberga<\/strong>. Viena no retaj\u0101m skolot\u0101j\u0101m, kura m\u0101k pateikt \u201cn\u0113\u201d; Koc\u0113nu pamatskol\u0101 aizvad\u012bts viss m\u016b\u017es, jo mamma te bijusi skolot\u0101ja, skolas direktore. Ar \u012bpa\u0161u humora izj\u016btu, kuru ne visi gan saprot. P\u0113c kol\u0113\u0123u dom\u0101m, Ina ir rado\u0161a, spridzino\u0161a, sp\u0113j aizraut. Pras\u012bga un tie\u0161a. Ar vi\u0146u var ar\u012b sarun\u0101t, ja atrod pareizo pieeju. Sportiska. Ar labu gaumes izj\u016btu \u2013 p\u0113c vi\u0146as padoma kol\u0113\u0123i jaut\u0101, iek\u0101rtojot telpu vai ekspoz\u012bciju.&nbsp;<br><strong>Foto: Agita Kl\u0113tniece un Raivo Sarelainens 2023.10.09<\/strong><\/p>\n\n\n\n<hr class=\"wp-block-separator has-alpha-channel-opacity is-style-wide\" \/>\n\n\n\n<h2 class=\"wp-block-heading\"><strong>Lepojamies!<\/strong><\/h2>\n\n\n\n<p>Sveicam Kristeru! Skat\u0101mies 10.XI LTV1 un gatavojamies fin\u0101lam! Paldies Kristeram, vi\u0146a \u0123imenei, klases audzin\u0101t\u0101jai, citiem skolot\u0101jiem un klases kol\u0113\u0123iem par atbalstu!                          <strong>Foto: In\u0101ra Leini\u0161a 2023.10.05<\/strong><\/p>\n\n\n\n<hr class=\"wp-block-separator has-alpha-channel-opacity is-style-wide\" \/>\n\n\n\n<h2 class=\"wp-block-heading\"><strong>P\u0101rg\u0101jienu diena 26.09.2023<\/strong><\/h2>\n\n\n\n<figure class=\"wp-block-embed is-type-video is-provider-youtube wp-block-embed-youtube wp-embed-aspect-4-3 wp-has-aspect-ratio\"><div class=\"wp-block-embed__wrapper\">\n<iframe loading=\"lazy\" title=\"P\u0101rg\u0101jieni\" width=\"500\" height=\"375\" src=\"https:\/\/www.youtube.com\/embed\/NQ0B2iqyed8?feature=oembed\" frameborder=\"0\" allow=\"accelerometer; autoplay; clipboard-write; encrypted-media; gyroscope; picture-in-picture; web-share\" referrerpolicy=\"strict-origin-when-cross-origin\" allowfullscreen><\/iframe>\n<\/div><\/figure>\n\n\n\n<hr class=\"wp-block-separator has-alpha-channel-opacity is-style-wide\" \/>\n\n\n\n<h2 class=\"wp-block-heading\"><strong>Galda hokeja turn\u012brs<\/strong><\/h2>\n\n\n\n<figure class=\"wp-block-image size-large is-resized\"><img loading=\"lazy\" decoding=\"async\" width=\"1024\" height=\"1024\" src=\"https:\/\/izglitiba.valmierasnovads.lv\/kocenuskola\/wp-content\/uploads\/sites\/16\/2025\/06\/WhatsApp-Image-2023-09-10-at-13.54.38-1024x1024.jpeg\" alt=\"\" class=\"wp-image-945\" style=\"width:400px;height:auto\" srcset=\"https:\/\/izglitiba.valmierasnovads.lv\/kocenuskola\/wp-content\/uploads\/sites\/16\/2025\/06\/WhatsApp-Image-2023-09-10-at-13.54.38-1024x1024.jpeg 1024w, https:\/\/izglitiba.valmierasnovads.lv\/kocenuskola\/wp-content\/uploads\/sites\/16\/2025\/06\/WhatsApp-Image-2023-09-10-at-13.54.38-300x300.jpeg 300w, https:\/\/izglitiba.valmierasnovads.lv\/kocenuskola\/wp-content\/uploads\/sites\/16\/2025\/06\/WhatsApp-Image-2023-09-10-at-13.54.38-150x150.jpeg 150w, https:\/\/izglitiba.valmierasnovads.lv\/kocenuskola\/wp-content\/uploads\/sites\/16\/2025\/06\/WhatsApp-Image-2023-09-10-at-13.54.38-768x768.jpeg 768w, https:\/\/izglitiba.valmierasnovads.lv\/kocenuskola\/wp-content\/uploads\/sites\/16\/2025\/06\/WhatsApp-Image-2023-09-10-at-13.54.38.jpeg 1080w\" sizes=\"auto, (max-width: 1024px) 100vw, 1024px\" \/><\/figure>\n\n\n\n<hr class=\"wp-block-separator has-alpha-channel-opacity is-style-wide\" \/>\n\n\n\n<h2 class=\"wp-block-heading\"><strong>Dro\u0161\u012bbas diena Koc\u0113nu pamatskol\u0101<\/strong><\/h2>\n\n\n\n<details class=\"wp-block-details is-layout-flow wp-block-details-is-layout-flow\"><summary>Vakar Koc\u0113nu pamatskol\u0101 atskan\u0113ja trauksmes sign\u0101ls &#8211; m\u0101c\u012bbu nol\u016bk\u0101. Pulc\u0113\u0161an\u0101s laukum\u0101 skolas kolekt\u012bvu &#8211; pedagogus, skol\u0113nus un tehniskos darbiniekus &#8211; sagaid\u012bja Valmieras rajona Br\u012bvpr\u0101t\u012bgo ugunsdz\u0113s\u0113ju biedr\u012bbas priek\u0161s\u0113d\u0113t\u0101js Eg\u012bls Kau\u017e\u0113ns un Valmieras Br\u012bvpr\u0101t\u012bgo ugunsdz\u0113s\u0113ju komandas priek\u0161s\u0113d\u0113t\u0101js J\u0101nis Trauli\u0146\u0161, kuri past\u0101st\u012bja par evaku\u0101cijas noteikumiem un ugunsdro\u0161\u012bbu.\u00a0<br>Skol\u0113niem bija iesp\u0113ja dz\u0113st uguns liesmu, noklaus\u012bties lekciju par ugunsdro\u0161\u012bbu un ugunsdz\u0113s\u0113ju ikdienu, savuk\u0101rt, jaun\u0101ko kla\u0161u skol\u0113ni pielaikoja ugunsdz\u0113s\u0113ju cepures, iepazin\u0101s ar ekip\u0113jumu un ar lielu interesi izk\u0101pel\u0113ja lielo sp\u0113kratu.<br>Valsts policijas Vidzemes re\u0123iona p\u0101rvaldes K\u0101rt\u012bbas policijas biroja Prevencijas grupas galven\u0101 inspektore Liene Kau\u017e\u0113na skol\u0113niem v\u0113lreiz atg\u0101din\u0101ja par visp\u0101r\u0113jo dro\u0161\u012bbu, ce\u013cu satiksmes noteikumiem, par skol\u0113nu atbild\u012bbu pret saviem pien\u0101kumiem, uztur\u0113\u0161anos sabiedriskaj\u0101s viet\u0101s, dro\u0161\u012bbu internet\u0101.<\/summary>\n<p>Neatliekam\u0101s medic\u012bnisk\u0101s pal\u012bdz\u012bbas dienesta p\u0101rst\u0101ve- feld\u0161ere Zaiga Zari\u0146a izr\u0101d\u012bja auto apr\u012bkojumu, iepaz\u012bstin\u0101ja ar &#8220;Anni\u0146u&#8221;, past\u0101st\u012bja par medi\u0137u ikdienu, par traum\u0101m un dro\u0161\u012bbu. Skol\u0113nos lielu interesi izrais\u012bja oksimetrs. Ikviens v\u0113l\u0113j\u0101s noskaidrot savu ar sk\u0101bekli saist\u012bto hemoglob\u012bna molekulu proporciju, k\u0101 skol\u0113ni teica, &#8211; sk\u0101bekli asin\u012bs. Savuk\u0101rt, \u0161ofer\u012btis Toms Kalni\u0146\u0161 at\u013c\u0101va pagroz\u012bt st\u016bri svar\u012bgajam auto, k\u0101 ar\u012b past\u0101st\u012bja par r\u0101cijas nepiecie\u0161am\u012bbu un atkl\u0101ja liel\u0101ko brauk\u0161anas \u0101trumu.<br>Paldies profesion\u0101\u013ciem par atsauc\u012bbu un sadarb\u012bbu!<br>Lai jaunais m\u0101c\u012bbu gads aizrit\u0113tu bez liek\u0101m raiz\u0113m un starpgad\u012bjumiem!<br><strong><br>Teksts un foto: skolas direktora vietniece \u0101rpusstundu darb\u0101 L\u0101sma Saln\u0101ja 2023.09.05<\/strong><\/p>\n<\/details>\n\n\n\n<hr class=\"wp-block-separator has-alpha-channel-opacity is-style-wide\" \/>\n\n\n\n<h2 class=\"wp-block-heading\"><strong>Zin\u012bbu diena Koc\u0113nu pamatskol\u0101<\/strong><\/h2>\n\n\n\n<figure class=\"wp-block-gallery has-nested-images columns-default is-cropped wp-block-gallery-1 is-layout-flex wp-block-gallery-is-layout-flex\">\n<figure class=\"wp-block-image size-large\"><img loading=\"lazy\" decoding=\"async\" width=\"791\" height=\"1024\" data-id=\"950\" src=\"https:\/\/izglitiba.valmierasnovads.lv\/kocenuskola\/wp-content\/uploads\/sites\/16\/2025\/06\/WhatsApp-attels-2023-08-25-plkst.-17.06.41-791x1024.jpg\" alt=\"\" class=\"wp-image-950\" srcset=\"https:\/\/izglitiba.valmierasnovads.lv\/kocenuskola\/wp-content\/uploads\/sites\/16\/2025\/06\/WhatsApp-attels-2023-08-25-plkst.-17.06.41-791x1024.jpg 791w, https:\/\/izglitiba.valmierasnovads.lv\/kocenuskola\/wp-content\/uploads\/sites\/16\/2025\/06\/WhatsApp-attels-2023-08-25-plkst.-17.06.41-232x300.jpg 232w, https:\/\/izglitiba.valmierasnovads.lv\/kocenuskola\/wp-content\/uploads\/sites\/16\/2025\/06\/WhatsApp-attels-2023-08-25-plkst.-17.06.41-768x995.jpg 768w, https:\/\/izglitiba.valmierasnovads.lv\/kocenuskola\/wp-content\/uploads\/sites\/16\/2025\/06\/WhatsApp-attels-2023-08-25-plkst.-17.06.41.jpg 1131w\" sizes=\"auto, (max-width: 791px) 100vw, 791px\" \/><\/figure>\n\n\n\n<figure class=\"wp-block-image size-large\"><img loading=\"lazy\" decoding=\"async\" width=\"695\" height=\"900\" data-id=\"949\" src=\"https:\/\/izglitiba.valmierasnovads.lv\/kocenuskola\/wp-content\/uploads\/sites\/16\/2025\/06\/WhatsApp-attels-2023-08-24-plkst.-15.08.16.jpg\" alt=\"\" class=\"wp-image-949\" srcset=\"https:\/\/izglitiba.valmierasnovads.lv\/kocenuskola\/wp-content\/uploads\/sites\/16\/2025\/06\/WhatsApp-attels-2023-08-24-plkst.-15.08.16.jpg 695w, https:\/\/izglitiba.valmierasnovads.lv\/kocenuskola\/wp-content\/uploads\/sites\/16\/2025\/06\/WhatsApp-attels-2023-08-24-plkst.-15.08.16-232x300.jpg 232w\" sizes=\"auto, (max-width: 695px) 100vw, 695px\" \/><\/figure>\n<\/figure>\n\n\n\n<div class=\"wp-block-media-text is-stacked-on-mobile\"><figure class=\"wp-block-media-text__media\"><img loading=\"lazy\" decoding=\"async\" width=\"554\" height=\"370\" src=\"https:\/\/izglitiba.valmierasnovads.lv\/kocenuskola\/wp-content\/uploads\/sites\/16\/2025\/06\/Attels1.png\" alt=\"\" class=\"wp-image-951 size-full\" srcset=\"https:\/\/izglitiba.valmierasnovads.lv\/kocenuskola\/wp-content\/uploads\/sites\/16\/2025\/06\/Attels1.png 554w, https:\/\/izglitiba.valmierasnovads.lv\/kocenuskola\/wp-content\/uploads\/sites\/16\/2025\/06\/Attels1-300x200.png 300w\" sizes=\"auto, (max-width: 554px) 100vw, 554px\" \/><\/figure><div class=\"wp-block-media-text__content\">\n<details class=\"wp-block-details is-layout-flow wp-block-details-is-layout-flow\"><summary>V\u0113l da\u017eas dienas, un m\u0113s satiksimies \u2013 atkal un no jauna.\u00a0311 skol\u0113ni\u00a0(prec\u012bz\u0101k \u2013 vi\u0146u vec\u0101ki) par savu izv\u0113l\u0113ju\u0161ies Koc\u0113nu pamatskolu. V\u0113l desmit jauni garderobes skap\u012b\u0161i tiks pieg\u0101d\u0101ti septembra vid\u016b, un visas sienas \u2013 ar\u012b t\u0101, kur l\u012bdz \u0161im atrad\u0101s Valsts prezidenta portrets \u2013 b\u016bs aiz\u0146emtas. Bet par portretu nevajag raiz\u0113ties \u2013 jaunajam Valsts prezidentam atrad\u012bsim gana cien\u012bgu vietu.<\/summary>\n<p>\u0160is gads tiek sagaid\u012bts lab\u0101m saj\u016bt\u0101m \u2013 var\u0113j\u0101m neklaus\u012bties vasaras diskusij\u0101s par skol\u0113niem, kuri nenok\u0101rtoja matem\u0101tikas\u00a0eks\u0101menu. Mums to izdar\u012bja visi. Un, t\u0101pat k\u0101 vain\u012bgo mekl\u0113\u0161an\u0101, t\u0101 ar\u012b \u0161aj\u0101 labaj\u0101 zi\u0146\u0101 gr\u016bti ir tie\u0161i pateikt, kam par to liel\u0101kais paldies. Izgl\u012bt\u012bb\u0101 nav recep\u0161u gr\u0101matas, ir mekl\u0113jumi, daudzas paties\u012bbas \u2013 citas ska\u013c\u0101kas, citas vienk\u0101r\u0161i balst\u012btas klus\u0101, ikdieni\u0161\u0137\u0101 pa\u0161atdev\u012bg\u0101 p\u0101rliec\u012bb\u0101 darbam, kuru gribas izdar\u012bt, cik vien labi iesp\u0113jams.<br>\u00a0Latvie\u0161iem ir daudz sak\u0101mv\u0101rdu, paties\u012bbas, kuras sevi pier\u0101d\u012bju\u0161as laiku laikos, piem., \u201cMiers baro, nemiers posta\u201d vai \u201cIzlietu \u016bdeni nesasmelsi\u201d. Tos varam attiecin\u0101t ar\u012b uz\u00a0attiec\u012bb\u0101m skol\u0101\u00a0\u2013 starp skol\u0113niem, skolot\u0101jiem un vec\u0101kiem, jebkuru no mums.\u00a0Paldies\u00a0tiem nerimsto\u0161ajiem vec\u0101kiem, kuri aizvad\u012btaj\u0101 m\u0101c\u012bbu gad\u0101 n\u0101ca, st\u0101st\u012bja, pied\u0101v\u0101ja \u2013 gan Leldei Gravai, ar kuras pal\u012bdz\u012bbu jaunie\u0161iem bija iesp\u0113ja pab\u016bt \u201cErasmus+\u201d projektos \u0101rpus Latvijas, paldies Lienei Dembovskai, kuras sp\u0113ja piesaist\u012bt skolai projektu l\u012bdzek\u013cus \u013c\u0101va pied\u0101v\u0101t daudzas \u0101rpusstundu aktivit\u0101tes, paldies Di\u0101na \u0160alg\u016bnai, kura tic atjaunotajai skolas fonda darb\u012bbai. Paldies, ka n\u0101kat, run\u0101jat, iesaist\u0101ties!\u00a0<em>WhatsApp<\/em>\u00a0lietotni atst\u0101sim tikai inform\u0101cijai!<br>Par individu\u0101lajiem m\u0101c\u012bbu l\u012bdzek\u013ciem\u00a0satraukumam nav pamata, lai gan dom\u0101ju, ka diskusijas v\u0113l b\u016bs. M\u0101jaslap\u0101 ir public\u0113ta Ties\u012bbsarga biroja izveidot\u0101 infografika, kur paldies par prec\u012bzo sarakstu, ka ir skaidr\u012bba, kas kam j\u0101p\u0113rk, bet cirku\u013cu izdal\u012b\u0161ana stundas s\u0101kum\u0101 vai gua\u0161as kr\u0101su p\u0101rbaude p\u0113c stundas gan b\u016bs skolot\u0101ja papildu pien\u0101kums un da\u017eas stundai vai starpbr\u012bdim atrautas min\u016btes.<br>Skolas \u201csagatavo\u0161ana\u201d m\u0101c\u012bbu darbam\u00a0nebeidzas 31.august\u0101. Gan t\u0101p\u0113c, ka ir birokr\u0101tiskas proced\u016bras, kuru izpildei tiek velt\u012bts daudz laika (piem\u0113ram, mui\u017eas \u0113kas 1.st\u0101va foaj\u0113 remontam pa\u0161vald\u012bba iepirkumu r\u012bkoja divreiz, jo p\u0113c pirm\u0101 iepirkuma uzvar\u0113t\u0101ji lielo darbu apjomu d\u0113\u013c atteic\u0101s no darbu izpildes), gan vienk\u0101r\u0161i skola ir process, kur\u0101 nemit\u012bgi ir kas uzlabojams.<br>Lai cik gr\u016bts gads bijis un b\u016bs elektroener\u0123ijas un siltuma izmaksu zi\u0146\u0101, pateicoties pa\u0161vald\u012bbas finans\u0113jumam, gan latvie\u0161u valodas, gan vizu\u0101l\u0101s m\u0101kslas kabinetos skol\u0113nus sagaid\u012bs jaunas, gai\u0161as m\u0113beles; dizaina un tehnolo\u0123iju nodarb\u012bb\u0101m ieg\u0101d\u0101ta sublim\u0101cijas drukas iek\u0101rta, un v\u0113l raug\u0101mies p\u0113c CNC fr\u0113zes; ar\u012b \u0161ogad gaid\u0101m interakt\u012bvo ekr\u0101nu \u2013 \u0161oreiz vien\u0101 no s\u0101kumskolas klas\u0113m; ir ier\u012bkota videonov\u0113ro\u0161anas sist\u0113ma; ieg\u0101d\u0101tas visas skolot\u0101ju pieteikt\u0101s m\u0101c\u012bbu gr\u0101matas un darba burtn\u012bcas vair\u0101k nek\u0101 10 t\u016bksto\u0161u eiro v\u0113rt\u012bb\u0101 utt. S\u012bkumi? Nedom\u0101ju. Tas, par ko es priec\u0101jos, to varb\u016bt nesaprat\u012bs vien\u012bgi skolas, kur\u0101s k\u0101 uz burvja m\u0101jienu notiku\u0161i miljonu v\u0113rtie renov\u0101cijas projekti. Kas zina\u2026 varb\u016bt reiz ar\u012b m\u016bsu skol\u0101\u2026<br>Paldies visiem skolot\u0101jiem, kuri paliku\u0161i uztic\u012bgi skolai\u00a0\u2013 direktoram par to \u0161ogad galvass\u0101pju tikpat k\u0101 nebija \u2013 ir ar\u012b M\u016bzikas akad\u0113miju absolv\u0113jusi m\u016bzikas skolot\u0101ja, kura aizvietos savu kol\u0113\u0123i. Pateic\u012bba Saeimas deput\u0101tam J\u0101nim Grasbergam par ikgad\u0113jo sadarb\u012bbu, kop\u0101 ar skolot\u0101jiem s\u0101kot jauno m\u0101c\u012bbu gadu! Atjaunota draudz\u012bba ar Paistu pamatskolu Igaunij\u0101. Brauksim pie \u201cl\u0113najiem\u201d igau\u0146iem skat\u012bties, k\u0101 vi\u0146iem daudz kas \u0101tr\u0101k san\u0101k. Bet t\u0101 jau nav, ka tikai citur ir lab\u0101k. Pag\u0101ju\u0161aj\u0101 ciemo\u0161an\u0101s reiz\u0113 Koc\u0113nos slov\u0113\u0146u skolot\u0101ji nov\u0113roju\u0161i, ka mums ir lab\u0101ka k\u0101rt\u012bba klas\u0113s, un grib\u0113ja zin\u0101t, k\u0101 to pan\u0101kam.<br>Skolot\u0101ji ir vienoju\u0161ies, ka \u0161ogad\u00a0\u012bpa\u0161u v\u0113r\u012bbu velt\u012bsim\u00a0dzi\u013c\u0101s dom\u0101\u0161anas uzdevumiem, att\u012bstot ar\u012b kritisko dom\u0101\u0161anu un las\u012btprasmi. I semestr\u012b pl\u0101notas\u00a0peld\u0113\u0161anas nodarb\u012bbas\u00a04. klas\u0113m, II semestr\u012b \u2013 3.klas\u0113m Valmieras Olimpiskaj\u0101 centr\u0101. Paldies skolot\u0101jam Aivaram M\u0101li\u0146am un Latvijas Olimpiskajai komitejai par atk\u0101rtoti laim\u0113tajiem 5000 eiro sporta invent\u0101ra ieg\u0101dei!<br>Ar \u201cLabdien!\u201d sveicienu latvie\u0161u valod\u0101 (komunik\u0101ciju ang\u013cu valod\u0101 atst\u0101sim sazi\u0146ai ar citu valstu iedz\u012bvot\u0101jiem!) un sv\u0113tku saj\u016bt\u0101m gaid\u012bsim ikvienu sav\u0113jo\u00a01.septembr\u012b plkst. 9.00\u00a0Kokmui\u017eas parter\u0101 iepretim skolai!\u00a0<br><strong>skolas direktors M\u0101ris Bu\u0161manis Foto: dienasgr\u0101matas 1.v\u0101kam Vineta M\u016bze, 4.v\u0101kam &#8211; M\u0101ris Bu\u0161manis un El\u012bna Up\u012bte\u00a02023.08.30<\/strong><\/p>\n<\/details>\n<\/div><\/div>\n\n\n\n<hr class=\"wp-block-separator has-alpha-channel-opacity is-style-wide\" \/>\n\n\n<style>.wp-block-kadence-advancedheading.kt-adv-heading890_c8c84e-50, .wp-block-kadence-advancedheading.kt-adv-heading890_c8c84e-50[data-kb-block=\"kb-adv-heading890_c8c84e-50\"]{font-style:normal;}.wp-block-kadence-advancedheading.kt-adv-heading890_c8c84e-50 mark.kt-highlight, .wp-block-kadence-advancedheading.kt-adv-heading890_c8c84e-50[data-kb-block=\"kb-adv-heading890_c8c84e-50\"] mark.kt-highlight{font-style:normal;color:#f76a0c;-webkit-box-decoration-break:clone;box-decoration-break:clone;padding-top:0px;padding-right:0px;padding-bottom:0px;padding-left:0px;}.wp-block-kadence-advancedheading.kt-adv-heading890_c8c84e-50 img.kb-inline-image, .wp-block-kadence-advancedheading.kt-adv-heading890_c8c84e-50[data-kb-block=\"kb-adv-heading890_c8c84e-50\"] img.kb-inline-image{width:150px;vertical-align:baseline;}<\/style>\n<p class=\"kt-adv-heading890_c8c84e-50 wp-block-kadence-advancedheading\" data-kb-block=\"kb-adv-heading890_c8c84e-50\"><\/p>\n\n\n<style>.wp-block-kadence-advancedheading.kt-adv-heading890_0b3fff-54, .wp-block-kadence-advancedheading.kt-adv-heading890_0b3fff-54[data-kb-block=\"kb-adv-heading890_0b3fff-54\"]{font-style:normal;}.wp-block-kadence-advancedheading.kt-adv-heading890_0b3fff-54 mark.kt-highlight, .wp-block-kadence-advancedheading.kt-adv-heading890_0b3fff-54[data-kb-block=\"kb-adv-heading890_0b3fff-54\"] mark.kt-highlight{font-style:normal;color:#f76a0c;-webkit-box-decoration-break:clone;box-decoration-break:clone;padding-top:0px;padding-right:0px;padding-bottom:0px;padding-left:0px;}.wp-block-kadence-advancedheading.kt-adv-heading890_0b3fff-54 img.kb-inline-image, .wp-block-kadence-advancedheading.kt-adv-heading890_0b3fff-54[data-kb-block=\"kb-adv-heading890_0b3fff-54\"] img.kb-inline-image{width:150px;vertical-align:baseline;}<\/style>\n<p class=\"kt-adv-heading890_0b3fff-54 wp-block-kadence-advancedheading\" data-kb-block=\"kb-adv-heading890_0b3fff-54\"><\/p>\n\n\n<style>.wp-block-kadence-advancedheading.kt-adv-heading890_d6bd90-af, .wp-block-kadence-advancedheading.kt-adv-heading890_d6bd90-af[data-kb-block=\"kb-adv-heading890_d6bd90-af\"]{font-style:normal;}.wp-block-kadence-advancedheading.kt-adv-heading890_d6bd90-af mark.kt-highlight, .wp-block-kadence-advancedheading.kt-adv-heading890_d6bd90-af[data-kb-block=\"kb-adv-heading890_d6bd90-af\"] mark.kt-highlight{font-style:normal;color:#f76a0c;-webkit-box-decoration-break:clone;box-decoration-break:clone;padding-top:0px;padding-right:0px;padding-bottom:0px;padding-left:0px;}.wp-block-kadence-advancedheading.kt-adv-heading890_d6bd90-af img.kb-inline-image, .wp-block-kadence-advancedheading.kt-adv-heading890_d6bd90-af[data-kb-block=\"kb-adv-heading890_d6bd90-af\"] img.kb-inline-image{width:150px;vertical-align:baseline;}<\/style>\n<p class=\"kt-adv-heading890_d6bd90-af wp-block-kadence-advancedheading\" data-kb-block=\"kb-adv-heading890_d6bd90-af\"><\/p>\n\n\n<style>.wp-block-kadence-advancedheading.kt-adv-heading890_8c198f-ea, .wp-block-kadence-advancedheading.kt-adv-heading890_8c198f-ea[data-kb-block=\"kb-adv-heading890_8c198f-ea\"]{font-style:normal;}.wp-block-kadence-advancedheading.kt-adv-heading890_8c198f-ea mark.kt-highlight, .wp-block-kadence-advancedheading.kt-adv-heading890_8c198f-ea[data-kb-block=\"kb-adv-heading890_8c198f-ea\"] mark.kt-highlight{font-style:normal;color:#f76a0c;-webkit-box-decoration-break:clone;box-decoration-break:clone;padding-top:0px;padding-right:0px;padding-bottom:0px;padding-left:0px;}.wp-block-kadence-advancedheading.kt-adv-heading890_8c198f-ea img.kb-inline-image, .wp-block-kadence-advancedheading.kt-adv-heading890_8c198f-ea[data-kb-block=\"kb-adv-heading890_8c198f-ea\"] img.kb-inline-image{width:150px;vertical-align:baseline;}<\/style>\n<p class=\"kt-adv-heading890_8c198f-ea wp-block-kadence-advancedheading\" data-kb-block=\"kb-adv-heading890_8c198f-ea\"><\/p>\n\n\n<style>.wp-block-kadence-advancedheading.kt-adv-heading890_b88591-57, .wp-block-kadence-advancedheading.kt-adv-heading890_b88591-57[data-kb-block=\"kb-adv-heading890_b88591-57\"]{font-style:normal;}.wp-block-kadence-advancedheading.kt-adv-heading890_b88591-57 mark.kt-highlight, .wp-block-kadence-advancedheading.kt-adv-heading890_b88591-57[data-kb-block=\"kb-adv-heading890_b88591-57\"] mark.kt-highlight{font-style:normal;color:#f76a0c;-webkit-box-decoration-break:clone;box-decoration-break:clone;padding-top:0px;padding-right:0px;padding-bottom:0px;padding-left:0px;}.wp-block-kadence-advancedheading.kt-adv-heading890_b88591-57 img.kb-inline-image, .wp-block-kadence-advancedheading.kt-adv-heading890_b88591-57[data-kb-block=\"kb-adv-heading890_b88591-57\"] img.kb-inline-image{width:150px;vertical-align:baseline;}<\/style>\n<p class=\"kt-adv-heading890_b88591-57 wp-block-kadence-advancedheading\" data-kb-block=\"kb-adv-heading890_b88591-57\"><\/p>\n\n\n<style>.wp-block-kadence-advancedheading.kt-adv-heading890_77f6c1-9f, .wp-block-kadence-advancedheading.kt-adv-heading890_77f6c1-9f[data-kb-block=\"kb-adv-heading890_77f6c1-9f\"]{font-style:normal;}.wp-block-kadence-advancedheading.kt-adv-heading890_77f6c1-9f mark.kt-highlight, .wp-block-kadence-advancedheading.kt-adv-heading890_77f6c1-9f[data-kb-block=\"kb-adv-heading890_77f6c1-9f\"] mark.kt-highlight{font-style:normal;color:#f76a0c;-webkit-box-decoration-break:clone;box-decoration-break:clone;padding-top:0px;padding-right:0px;padding-bottom:0px;padding-left:0px;}.wp-block-kadence-advancedheading.kt-adv-heading890_77f6c1-9f img.kb-inline-image, .wp-block-kadence-advancedheading.kt-adv-heading890_77f6c1-9f[data-kb-block=\"kb-adv-heading890_77f6c1-9f\"] img.kb-inline-image{width:150px;vertical-align:baseline;}<\/style>\n<p class=\"kt-adv-heading890_77f6c1-9f wp-block-kadence-advancedheading\" data-kb-block=\"kb-adv-heading890_77f6c1-9f\"><\/p>\n","protected":false},"excerpt":{"rendered":"<p>Aicin\u0101m Tevi pievienoties&nbsp;salidojum\u0101 14.09.2024., kad atcer\u0113simies kop\u0101 pavad\u012btos br\u012b\u017eus un dal\u012bsimies jaun\u0101kajos sasniegumos.&nbsp;Absolventu elektronisk\u0101 re\u0123istr\u0101cija&nbsp;pas\u0101kumam &#8211;&nbsp;\u0161eitDarbinieku&nbsp;elektronisk\u0101 re\u0123istr\u0101cija pas\u0101kumam &#8211;&nbsp;\u0161eit No [&hellip;]<\/p>\n","protected":false},"author":33,"featured_media":0,"parent":0,"menu_order":0,"comment_status":"closed","ping_status":"closed","template":"","meta":{"_acf_changed":false,"site-sidebar-layout":"default","site-content-layout":"","ast-site-content-layout":"","site-content-style":"default","site-sidebar-style":"default","ast-global-header-display":"","ast-banner-title-visibility":"","ast-main-header-display":"","ast-hfb-above-header-display":"","ast-hfb-below-header-display":"","ast-hfb-mobile-header-display":"","site-post-title":"disabled","ast-breadcrumbs-content":"","ast-featured-img":"","footer-sml-layout":"","ast-disable-related-posts":"","theme-transparent-header-meta":"","adv-header-id-meta":"","stick-header-meta":"","header-above-stick-meta":"","header-main-stick-meta":"","header-below-stick-meta":"","astra-migrate-meta-layouts":"default","ast-page-background-enabled":"default","ast-page-background-meta":{"desktop":{"background-color":"var(--ast-global-color-5)","background-image":"","background-repeat":"repeat","background-position":"center center","background-size":"auto","background-attachment":"scroll","background-type":"","background-media":"","overlay-type":"","overlay-color":"","overlay-opacity":"","overlay-gradient":""},"tablet":{"background-color":"","background-image":"","background-repeat":"repeat","background-position":"center center","background-size":"auto","background-attachment":"scroll","background-type":"","background-media":"","overlay-type":"","overlay-color":"","overlay-opacity":"","overlay-gradient":""},"mobile":{"background-color":"","background-image":"","background-repeat":"repeat","background-position":"center center","background-size":"auto","background-attachment":"scroll","background-type":"","background-media":"","overlay-type":"","overlay-color":"","overlay-opacity":"","overlay-gradient":""}},"ast-content-background-meta":{"desktop":{"background-color":"var(--ast-global-color-4)","background-image":"","background-repeat":"repeat","background-position":"center center","background-size":"auto","background-attachment":"scroll","background-type":"","background-media":"","overlay-type":"","overlay-color":"","overlay-opacity":"","overlay-gradient":""},"tablet":{"background-color":"var(--ast-global-color-4)","background-image":"","background-repeat":"repeat","background-position":"center center","background-size":"auto","background-attachment":"scroll","background-type":"","background-media":"","overlay-type":"","overlay-color":"","overlay-opacity":"","overlay-gradient":""},"mobile":{"background-color":"var(--ast-global-color-4)","background-image":"","background-repeat":"repeat","background-position":"center center","background-size":"auto","background-attachment":"scroll","background-type":"","background-media":"","overlay-type":"","overlay-color":"","overlay-opacity":"","overlay-gradient":""}},"footnotes":""},"class_list":["post-890","page","type-page","status-publish","hentry"],"acf":[],"yoast_head":"<!-- This site is optimized with the Yoast SEO plugin v27.0 - https:\/\/yoast.com\/product\/yoast-seo-wordpress\/ -->\n<title>Aktualit\u0101tes 2023-2024 - Koc\u0113nu pamatskola<\/title>\n<meta name=\"robots\" content=\"index, follow, max-snippet:-1, max-image-preview:large, max-video-preview:-1\" \/>\n<link rel=\"canonical\" href=\"https:\/\/izglitiba.valmierasnovads.lv\/kocenuskola\/aktualitates-2023-2024\/\" \/>\n<meta property=\"og:locale\" content=\"lv_LV\" \/>\n<meta property=\"og:type\" content=\"article\" \/>\n<meta property=\"og:title\" content=\"Aktualit\u0101tes 2023-2024 - Koc\u0113nu pamatskola\" \/>\n<meta property=\"og:description\" content=\"Aicin\u0101m Tevi pievienoties&nbsp;salidojum\u0101 14.09.2024., kad atcer\u0113simies kop\u0101 pavad\u012btos br\u012b\u017eus un dal\u012bsimies jaun\u0101kajos sasniegumos.&nbsp;Absolventu elektronisk\u0101 re\u0123istr\u0101cija&nbsp;pas\u0101kumam &#8211;&nbsp;\u0161eitDarbinieku&nbsp;elektronisk\u0101 re\u0123istr\u0101cija pas\u0101kumam &#8211;&nbsp;\u0161eit No [&hellip;]\" \/>\n<meta property=\"og:url\" content=\"https:\/\/izglitiba.valmierasnovads.lv\/kocenuskola\/aktualitates-2023-2024\/\" \/>\n<meta property=\"og:site_name\" content=\"Koc\u0113nu pamatskola\" \/>\n<meta property=\"article:modified_time\" content=\"2025-06-04T08:07:50+00:00\" \/>\n<meta property=\"og:image\" content=\"https:\/\/izglitiba.valmierasnovads.lv\/kocenuskola\/wp-content\/uploads\/sites\/16\/2025\/06\/Untitled-1-1.jpg\" \/>\n\t<meta property=\"og:image:width\" content=\"1280\" \/>\n\t<meta property=\"og:image:height\" content=\"1152\" \/>\n\t<meta property=\"og:image:type\" content=\"image\/jpeg\" \/>\n<meta name=\"twitter:card\" content=\"summary_large_image\" \/>\n<meta name=\"twitter:label1\" content=\"Est. reading time\" \/>\n\t<meta name=\"twitter:data1\" content=\"22 min\u016btes\" \/>\n<script type=\"application\/ld+json\" class=\"yoast-schema-graph\">{\"@context\":\"https:\/\/schema.org\",\"@graph\":[{\"@type\":\"WebPage\",\"@id\":\"https:\/\/izglitiba.valmierasnovads.lv\/kocenuskola\/aktualitates-2023-2024\/\",\"url\":\"https:\/\/izglitiba.valmierasnovads.lv\/kocenuskola\/aktualitates-2023-2024\/\",\"name\":\"Aktualit\u0101tes 2023-2024 - Koc\u0113nu pamatskola\",\"isPartOf\":{\"@id\":\"https:\/\/izglitiba.valmierasnovads.lv\/kocenuskola\/#website\"},\"primaryImageOfPage\":{\"@id\":\"https:\/\/izglitiba.valmierasnovads.lv\/kocenuskola\/aktualitates-2023-2024\/#primaryimage\"},\"image\":{\"@id\":\"https:\/\/izglitiba.valmierasnovads.lv\/kocenuskola\/aktualitates-2023-2024\/#primaryimage\"},\"thumbnailUrl\":\"https:\/\/izglitiba.valmierasnovads.lv\/kocenuskola\/wp-content\/uploads\/sites\/16\/2025\/06\/Untitled-1-1-1024x922.jpg\",\"datePublished\":\"2025-06-04T06:11:02+00:00\",\"dateModified\":\"2025-06-04T08:07:50+00:00\",\"breadcrumb\":{\"@id\":\"https:\/\/izglitiba.valmierasnovads.lv\/kocenuskola\/aktualitates-2023-2024\/#breadcrumb\"},\"inLanguage\":\"lv-LV\",\"potentialAction\":[{\"@type\":\"ReadAction\",\"target\":[\"https:\/\/izglitiba.valmierasnovads.lv\/kocenuskola\/aktualitates-2023-2024\/\"]}]},{\"@type\":\"ImageObject\",\"inLanguage\":\"lv-LV\",\"@id\":\"https:\/\/izglitiba.valmierasnovads.lv\/kocenuskola\/aktualitates-2023-2024\/#primaryimage\",\"url\":\"https:\/\/izglitiba.valmierasnovads.lv\/kocenuskola\/wp-content\/uploads\/sites\/16\/2025\/06\/Untitled-1-1.jpg\",\"contentUrl\":\"https:\/\/izglitiba.valmierasnovads.lv\/kocenuskola\/wp-content\/uploads\/sites\/16\/2025\/06\/Untitled-1-1.jpg\",\"width\":1280,\"height\":1152},{\"@type\":\"BreadcrumbList\",\"@id\":\"https:\/\/izglitiba.valmierasnovads.lv\/kocenuskola\/aktualitates-2023-2024\/#breadcrumb\",\"itemListElement\":[{\"@type\":\"ListItem\",\"position\":1,\"name\":\"Home\",\"item\":\"https:\/\/izglitiba.valmierasnovads.lv\/kocenuskola\/\"},{\"@type\":\"ListItem\",\"position\":2,\"name\":\"Aktualit\u0101tes 2023-2024\"}]},{\"@type\":\"WebSite\",\"@id\":\"https:\/\/izglitiba.valmierasnovads.lv\/kocenuskola\/#website\",\"url\":\"https:\/\/izglitiba.valmierasnovads.lv\/kocenuskola\/\",\"name\":\"Koc\u0113nu pamatskola\",\"description\":\"\",\"publisher\":{\"@id\":\"https:\/\/izglitiba.valmierasnovads.lv\/kocenuskola\/#organization\"},\"potentialAction\":[{\"@type\":\"SearchAction\",\"target\":{\"@type\":\"EntryPoint\",\"urlTemplate\":\"https:\/\/izglitiba.valmierasnovads.lv\/kocenuskola\/?s={search_term_string}\"},\"query-input\":{\"@type\":\"PropertyValueSpecification\",\"valueRequired\":true,\"valueName\":\"search_term_string\"}}],\"inLanguage\":\"lv-LV\"},{\"@type\":\"Organization\",\"@id\":\"https:\/\/izglitiba.valmierasnovads.lv\/kocenuskola\/#organization\",\"name\":\"Koc\u0113nu pamatskola\",\"url\":\"https:\/\/izglitiba.valmierasnovads.lv\/kocenuskola\/\",\"logo\":{\"@type\":\"ImageObject\",\"inLanguage\":\"lv-LV\",\"@id\":\"https:\/\/izglitiba.valmierasnovads.lv\/kocenuskola\/#\/schema\/logo\/image\/\",\"url\":\"https:\/\/izglitiba.valmierasnovads.lv\/kocenuskola\/wp-content\/uploads\/sites\/16\/2026\/03\/cropped-Komplekta-ar-pasu-logo-12-scaled-1.png\",\"contentUrl\":\"https:\/\/izglitiba.valmierasnovads.lv\/kocenuskola\/wp-content\/uploads\/sites\/16\/2026\/03\/cropped-Komplekta-ar-pasu-logo-12-scaled-1.png\",\"width\":2135,\"height\":372,\"caption\":\"Koc\u0113nu pamatskola\"},\"image\":{\"@id\":\"https:\/\/izglitiba.valmierasnovads.lv\/kocenuskola\/#\/schema\/logo\/image\/\"}}]}<\/script>\n<!-- \/ Yoast SEO plugin. -->","yoast_head_json":{"title":"Aktualit\u0101tes 2023-2024 - Koc\u0113nu pamatskola","robots":{"index":"index","follow":"follow","max-snippet":"max-snippet:-1","max-image-preview":"max-image-preview:large","max-video-preview":"max-video-preview:-1"},"canonical":"https:\/\/izglitiba.valmierasnovads.lv\/kocenuskola\/aktualitates-2023-2024\/","og_locale":"lv_LV","og_type":"article","og_title":"Aktualit\u0101tes 2023-2024 - Koc\u0113nu pamatskola","og_description":"Aicin\u0101m Tevi pievienoties&nbsp;salidojum\u0101 14.09.2024., kad atcer\u0113simies kop\u0101 pavad\u012btos br\u012b\u017eus un dal\u012bsimies jaun\u0101kajos sasniegumos.&nbsp;Absolventu elektronisk\u0101 re\u0123istr\u0101cija&nbsp;pas\u0101kumam &#8211;&nbsp;\u0161eitDarbinieku&nbsp;elektronisk\u0101 re\u0123istr\u0101cija pas\u0101kumam &#8211;&nbsp;\u0161eit No [&hellip;]","og_url":"https:\/\/izglitiba.valmierasnovads.lv\/kocenuskola\/aktualitates-2023-2024\/","og_site_name":"Koc\u0113nu pamatskola","article_modified_time":"2025-06-04T08:07:50+00:00","og_image":[{"width":1280,"height":1152,"url":"https:\/\/izglitiba.valmierasnovads.lv\/kocenuskola\/wp-content\/uploads\/sites\/16\/2025\/06\/Untitled-1-1.jpg","type":"image\/jpeg"}],"twitter_card":"summary_large_image","twitter_misc":{"Est. reading time":"22 min\u016btes"},"schema":{"@context":"https:\/\/schema.org","@graph":[{"@type":"WebPage","@id":"https:\/\/izglitiba.valmierasnovads.lv\/kocenuskola\/aktualitates-2023-2024\/","url":"https:\/\/izglitiba.valmierasnovads.lv\/kocenuskola\/aktualitates-2023-2024\/","name":"Aktualit\u0101tes 2023-2024 - Koc\u0113nu pamatskola","isPartOf":{"@id":"https:\/\/izglitiba.valmierasnovads.lv\/kocenuskola\/#website"},"primaryImageOfPage":{"@id":"https:\/\/izglitiba.valmierasnovads.lv\/kocenuskola\/aktualitates-2023-2024\/#primaryimage"},"image":{"@id":"https:\/\/izglitiba.valmierasnovads.lv\/kocenuskola\/aktualitates-2023-2024\/#primaryimage"},"thumbnailUrl":"https:\/\/izglitiba.valmierasnovads.lv\/kocenuskola\/wp-content\/uploads\/sites\/16\/2025\/06\/Untitled-1-1-1024x922.jpg","datePublished":"2025-06-04T06:11:02+00:00","dateModified":"2025-06-04T08:07:50+00:00","breadcrumb":{"@id":"https:\/\/izglitiba.valmierasnovads.lv\/kocenuskola\/aktualitates-2023-2024\/#breadcrumb"},"inLanguage":"lv-LV","potentialAction":[{"@type":"ReadAction","target":["https:\/\/izglitiba.valmierasnovads.lv\/kocenuskola\/aktualitates-2023-2024\/"]}]},{"@type":"ImageObject","inLanguage":"lv-LV","@id":"https:\/\/izglitiba.valmierasnovads.lv\/kocenuskola\/aktualitates-2023-2024\/#primaryimage","url":"https:\/\/izglitiba.valmierasnovads.lv\/kocenuskola\/wp-content\/uploads\/sites\/16\/2025\/06\/Untitled-1-1.jpg","contentUrl":"https:\/\/izglitiba.valmierasnovads.lv\/kocenuskola\/wp-content\/uploads\/sites\/16\/2025\/06\/Untitled-1-1.jpg","width":1280,"height":1152},{"@type":"BreadcrumbList","@id":"https:\/\/izglitiba.valmierasnovads.lv\/kocenuskola\/aktualitates-2023-2024\/#breadcrumb","itemListElement":[{"@type":"ListItem","position":1,"name":"Home","item":"https:\/\/izglitiba.valmierasnovads.lv\/kocenuskola\/"},{"@type":"ListItem","position":2,"name":"Aktualit\u0101tes 2023-2024"}]},{"@type":"WebSite","@id":"https:\/\/izglitiba.valmierasnovads.lv\/kocenuskola\/#website","url":"https:\/\/izglitiba.valmierasnovads.lv\/kocenuskola\/","name":"Koc\u0113nu pamatskola","description":"","publisher":{"@id":"https:\/\/izglitiba.valmierasnovads.lv\/kocenuskola\/#organization"},"potentialAction":[{"@type":"SearchAction","target":{"@type":"EntryPoint","urlTemplate":"https:\/\/izglitiba.valmierasnovads.lv\/kocenuskola\/?s={search_term_string}"},"query-input":{"@type":"PropertyValueSpecification","valueRequired":true,"valueName":"search_term_string"}}],"inLanguage":"lv-LV"},{"@type":"Organization","@id":"https:\/\/izglitiba.valmierasnovads.lv\/kocenuskola\/#organization","name":"Koc\u0113nu pamatskola","url":"https:\/\/izglitiba.valmierasnovads.lv\/kocenuskola\/","logo":{"@type":"ImageObject","inLanguage":"lv-LV","@id":"https:\/\/izglitiba.valmierasnovads.lv\/kocenuskola\/#\/schema\/logo\/image\/","url":"https:\/\/izglitiba.valmierasnovads.lv\/kocenuskola\/wp-content\/uploads\/sites\/16\/2026\/03\/cropped-Komplekta-ar-pasu-logo-12-scaled-1.png","contentUrl":"https:\/\/izglitiba.valmierasnovads.lv\/kocenuskola\/wp-content\/uploads\/sites\/16\/2026\/03\/cropped-Komplekta-ar-pasu-logo-12-scaled-1.png","width":2135,"height":372,"caption":"Koc\u0113nu pamatskola"},"image":{"@id":"https:\/\/izglitiba.valmierasnovads.lv\/kocenuskola\/#\/schema\/logo\/image\/"}}]}},"_links":{"self":[{"href":"https:\/\/izglitiba.valmierasnovads.lv\/kocenuskola\/wp-json\/wp\/v2\/pages\/890","targetHints":{"allow":["GET"]}}],"collection":[{"href":"https:\/\/izglitiba.valmierasnovads.lv\/kocenuskola\/wp-json\/wp\/v2\/pages"}],"about":[{"href":"https:\/\/izglitiba.valmierasnovads.lv\/kocenuskola\/wp-json\/wp\/v2\/types\/page"}],"author":[{"embeddable":true,"href":"https:\/\/izglitiba.valmierasnovads.lv\/kocenuskola\/wp-json\/wp\/v2\/users\/33"}],"replies":[{"embeddable":true,"href":"https:\/\/izglitiba.valmierasnovads.lv\/kocenuskola\/wp-json\/wp\/v2\/comments?post=890"}],"version-history":[{"count":5,"href":"https:\/\/izglitiba.valmierasnovads.lv\/kocenuskola\/wp-json\/wp\/v2\/pages\/890\/revisions"}],"predecessor-version":[{"id":952,"href":"https:\/\/izglitiba.valmierasnovads.lv\/kocenuskola\/wp-json\/wp\/v2\/pages\/890\/revisions\/952"}],"wp:attachment":[{"href":"https:\/\/izglitiba.valmierasnovads.lv\/kocenuskola\/wp-json\/wp\/v2\/media?parent=890"}],"curies":[{"name":"wp","href":"https:\/\/api.w.org\/{rel}","templated":true}]}}