{"id":186,"date":"2025-10-21T13:29:30","date_gmt":"2025-10-21T10:29:30","guid":{"rendered":"https:\/\/izglitiba.valmierasnovads.lv\/kracites\/?post_type=galery&#038;p=186"},"modified":"2025-10-21T13:36:26","modified_gmt":"2025-10-21T10:36:26","slug":"kracites-rudeni","status":"publish","type":"galery","link":"https:\/\/izglitiba.valmierasnovads.lv\/kracites\/galery\/kracites-rudeni\/","title":{"rendered":"&#8220;Kr\u0101c\u012btes&#8221; ruden\u012b"},"content":{"rendered":"\n<p>Kr\u0101sainais rudens ar\u012b pie mums.<\/p>\n","protected":false},"featured_media":181,"template":"","meta":{"_acf_changed":false,"site-sidebar-layout":"default","site-content-layout":"","ast-site-content-layout":"default","site-content-style":"default","site-sidebar-style":"default","ast-global-header-display":"","ast-banner-title-visibility":"","ast-main-header-display":"","ast-hfb-above-header-display":"","ast-hfb-below-header-display":"","ast-hfb-mobile-header-display":"","site-post-title":"","ast-breadcrumbs-content":"","ast-featured-img":"","footer-sml-layout":"","ast-disable-related-posts":"","theme-transparent-header-meta":"","adv-header-id-meta":"","stick-header-meta":"","header-above-stick-meta":"","header-main-stick-meta":"","header-below-stick-meta":"","astra-migrate-meta-layouts":"default","ast-page-background-enabled":"default","ast-page-background-meta":{"desktop":{"background-color":"var(--ast-global-color-5)","background-image":"","background-repeat":"repeat","background-position":"center center","background-size":"auto","background-attachment":"scroll","background-type":"","background-media":"","overlay-type":"","overlay-color":"","overlay-opacity":"","overlay-gradient":""},"tablet":{"background-color":"","background-image":"","background-repeat":"repeat","background-position":"center center","background-size":"auto","background-attachment":"scroll","background-type":"","background-media":"","overlay-type":"","overlay-color":"","overlay-opacity":"","overlay-gradient":""},"mobile":{"background-color":"","background-image":"","background-repeat":"repeat","background-position":"center center","background-size":"auto","background-attachment":"scroll","background-type":"","background-media":"","overlay-type":"","overlay-color":"","overlay-opacity":"","overlay-gradient":""}},"ast-content-background-meta":{"desktop":{"background-color":"var(--ast-global-color-4)","background-image":"","background-repeat":"repeat","background-position":"center center","background-size":"auto","background-attachment":"scroll","background-type":"","background-media":"","overlay-type":"","overlay-color":"","overlay-opacity":"","overlay-gradient":""},"tablet":{"background-color":"var(--ast-global-color-4)","background-image":"","background-repeat":"repeat","background-position":"center center","background-size":"auto","background-attachment":"scroll","background-type":"","background-media":"","overlay-type":"","overlay-color":"","overlay-opacity":"","overlay-gradient":""},"mobile":{"background-color":"var(--ast-global-color-4)","background-image":"","background-repeat":"repeat","background-position":"center center","background-size":"auto","background-attachment":"scroll","background-type":"","background-media":"","overlay-type":"","overlay-color":"","overlay-opacity":"","overlay-gradient":""}}},"galery_type":[6],"class_list":["post-186","galery","type-galery","status-publish","has-post-thumbnail","hentry","galery_type-kracites-rudeni"],"acf":[],"yoast_head":"<!-- This site is optimized with the Yoast SEO plugin v27.0 - https:\/\/yoast.com\/product\/yoast-seo-wordpress\/ -->\n<title>&quot;Kr\u0101c\u012btes&quot; ruden\u012b - Valmieras pirmsskolas izgl\u012bt\u012bbas iest\u0101de \u201cKR\u0100C\u012aTES\u201d<\/title>\n<meta name=\"robots\" content=\"index, follow, max-snippet:-1, max-image-preview:large, max-video-preview:-1\" \/>\n<link rel=\"canonical\" href=\"https:\/\/izglitiba.valmierasnovads.lv\/kracites\/galery\/kracites-rudeni\/\" \/>\n<meta property=\"og:locale\" content=\"lv_LV\" \/>\n<meta property=\"og:type\" content=\"article\" \/>\n<meta property=\"og:title\" content=\"&quot;Kr\u0101c\u012btes&quot; ruden\u012b - Valmieras pirmsskolas izgl\u012bt\u012bbas iest\u0101de \u201cKR\u0100C\u012aTES\u201d\" \/>\n<meta property=\"og:description\" content=\"Kr\u0101sainais rudens ar\u012b pie mums.\" \/>\n<meta property=\"og:url\" content=\"https:\/\/izglitiba.valmierasnovads.lv\/kracites\/galery\/kracites-rudeni\/\" \/>\n<meta property=\"og:site_name\" content=\"Valmieras pirmsskolas izgl\u012bt\u012bbas iest\u0101de \u201cKR\u0100C\u012aTES\u201d\" \/>\n<meta property=\"article:modified_time\" content=\"2025-10-21T10:36:26+00:00\" \/>\n<meta property=\"og:image\" content=\"https:\/\/izglitiba.valmierasnovads.lv\/kracites\/wp-content\/uploads\/sites\/5\/2025\/04\/74ebfd3d-52dd-4bab-b8d2-b3fdc7ce6cf5.jpg\" \/>\n\t<meta property=\"og:image:width\" content=\"1600\" \/>\n\t<meta property=\"og:image:height\" content=\"1592\" \/>\n\t<meta property=\"og:image:type\" content=\"image\/jpeg\" \/>\n<meta name=\"twitter:card\" content=\"summary_large_image\" \/>\n<meta name=\"twitter:label1\" content=\"Est. reading time\" \/>\n\t<meta name=\"twitter:data1\" content=\"1 min\u016bte\" \/>\n<script type=\"application\/ld+json\" class=\"yoast-schema-graph\">{\"@context\":\"https:\/\/schema.org\",\"@graph\":[{\"@type\":\"WebPage\",\"@id\":\"https:\/\/izglitiba.valmierasnovads.lv\/kracites\/galery\/kracites-rudeni\/\",\"url\":\"https:\/\/izglitiba.valmierasnovads.lv\/kracites\/galery\/kracites-rudeni\/\",\"name\":\"\\\"Kr\u0101c\u012btes\\\" ruden\u012b - Valmieras pirmsskolas izgl\u012bt\u012bbas iest\u0101de \u201cKR\u0100C\u012aTES\u201d\",\"isPartOf\":{\"@id\":\"https:\/\/izglitiba.valmierasnovads.lv\/kracites\/#website\"},\"primaryImageOfPage\":{\"@id\":\"https:\/\/izglitiba.valmierasnovads.lv\/kracites\/galery\/kracites-rudeni\/#primaryimage\"},\"image\":{\"@id\":\"https:\/\/izglitiba.valmierasnovads.lv\/kracites\/galery\/kracites-rudeni\/#primaryimage\"},\"thumbnailUrl\":\"https:\/\/izglitiba.valmierasnovads.lv\/kracites\/wp-content\/uploads\/sites\/5\/2025\/04\/74ebfd3d-52dd-4bab-b8d2-b3fdc7ce6cf5.jpg\",\"datePublished\":\"2025-10-21T10:29:30+00:00\",\"dateModified\":\"2025-10-21T10:36:26+00:00\",\"breadcrumb\":{\"@id\":\"https:\/\/izglitiba.valmierasnovads.lv\/kracites\/galery\/kracites-rudeni\/#breadcrumb\"},\"inLanguage\":\"lv-LV\",\"potentialAction\":[{\"@type\":\"ReadAction\",\"target\":[\"https:\/\/izglitiba.valmierasnovads.lv\/kracites\/galery\/kracites-rudeni\/\"]}]},{\"@type\":\"ImageObject\",\"inLanguage\":\"lv-LV\",\"@id\":\"https:\/\/izglitiba.valmierasnovads.lv\/kracites\/galery\/kracites-rudeni\/#primaryimage\",\"url\":\"https:\/\/izglitiba.valmierasnovads.lv\/kracites\/wp-content\/uploads\/sites\/5\/2025\/04\/74ebfd3d-52dd-4bab-b8d2-b3fdc7ce6cf5.jpg\",\"contentUrl\":\"https:\/\/izglitiba.valmierasnovads.lv\/kracites\/wp-content\/uploads\/sites\/5\/2025\/04\/74ebfd3d-52dd-4bab-b8d2-b3fdc7ce6cf5.jpg\",\"width\":1600,\"height\":1592},{\"@type\":\"BreadcrumbList\",\"@id\":\"https:\/\/izglitiba.valmierasnovads.lv\/kracites\/galery\/kracites-rudeni\/#breadcrumb\",\"itemListElement\":[{\"@type\":\"ListItem\",\"position\":1,\"name\":\"Home\",\"item\":\"https:\/\/izglitiba.valmierasnovads.lv\/kracites\/\"},{\"@type\":\"ListItem\",\"position\":2,\"name\":\"&#8220;Kr\u0101c\u012btes&#8221; ruden\u012b\"}]},{\"@type\":\"WebSite\",\"@id\":\"https:\/\/izglitiba.valmierasnovads.lv\/kracites\/#website\",\"url\":\"https:\/\/izglitiba.valmierasnovads.lv\/kracites\/\",\"name\":\"Valmieras pirmsskolas izgl\u012bt\u012bbas iest\u0101de \u201cKR\u0100C\u012aTES\u201d\",\"description\":\"\",\"publisher\":{\"@id\":\"https:\/\/izglitiba.valmierasnovads.lv\/kracites\/#organization\"},\"potentialAction\":[{\"@type\":\"SearchAction\",\"target\":{\"@type\":\"EntryPoint\",\"urlTemplate\":\"https:\/\/izglitiba.valmierasnovads.lv\/kracites\/?s={search_term_string}\"},\"query-input\":{\"@type\":\"PropertyValueSpecification\",\"valueRequired\":true,\"valueName\":\"search_term_string\"}}],\"inLanguage\":\"lv-LV\"},{\"@type\":\"Organization\",\"@id\":\"https:\/\/izglitiba.valmierasnovads.lv\/kracites\/#organization\",\"name\":\"Valmieras pirmsskolas izgl\u012bt\u012bbas iest\u0101de \u201cKR\u0100C\u012aTES\u201d\",\"url\":\"https:\/\/izglitiba.valmierasnovads.lv\/kracites\/\",\"logo\":{\"@type\":\"ImageObject\",\"inLanguage\":\"lv-LV\",\"@id\":\"https:\/\/izglitiba.valmierasnovads.lv\/kracites\/#\/schema\/logo\/image\/\",\"url\":\"https:\/\/izglitiba.valmierasnovads.lv\/kracites\/wp-content\/uploads\/sites\/5\/2026\/04\/cropped-Pirmsskolas-izglitibas-iestades-ar-pasu-logo-2-scaled-1-1.png\",\"contentUrl\":\"https:\/\/izglitiba.valmierasnovads.lv\/kracites\/wp-content\/uploads\/sites\/5\/2026\/04\/cropped-Pirmsskolas-izglitibas-iestades-ar-pasu-logo-2-scaled-1-1.png\",\"width\":1389,\"height\":405,\"caption\":\"Valmieras pirmsskolas izgl\u012bt\u012bbas iest\u0101de \u201cKR\u0100C\u012aTES\u201d\"},\"image\":{\"@id\":\"https:\/\/izglitiba.valmierasnovads.lv\/kracites\/#\/schema\/logo\/image\/\"}}]}<\/script>\n<!-- \/ Yoast SEO plugin. -->","yoast_head_json":{"title":"\"Kr\u0101c\u012btes\" ruden\u012b - Valmieras pirmsskolas izgl\u012bt\u012bbas iest\u0101de \u201cKR\u0100C\u012aTES\u201d","robots":{"index":"index","follow":"follow","max-snippet":"max-snippet:-1","max-image-preview":"max-image-preview:large","max-video-preview":"max-video-preview:-1"},"canonical":"https:\/\/izglitiba.valmierasnovads.lv\/kracites\/galery\/kracites-rudeni\/","og_locale":"lv_LV","og_type":"article","og_title":"\"Kr\u0101c\u012btes\" ruden\u012b - Valmieras pirmsskolas izgl\u012bt\u012bbas iest\u0101de \u201cKR\u0100C\u012aTES\u201d","og_description":"Kr\u0101sainais rudens ar\u012b pie mums.","og_url":"https:\/\/izglitiba.valmierasnovads.lv\/kracites\/galery\/kracites-rudeni\/","og_site_name":"Valmieras pirmsskolas izgl\u012bt\u012bbas iest\u0101de \u201cKR\u0100C\u012aTES\u201d","article_modified_time":"2025-10-21T10:36:26+00:00","og_image":[{"width":1600,"height":1592,"url":"https:\/\/izglitiba.valmierasnovads.lv\/kracites\/wp-content\/uploads\/sites\/5\/2025\/04\/74ebfd3d-52dd-4bab-b8d2-b3fdc7ce6cf5.jpg","type":"image\/jpeg"}],"twitter_card":"summary_large_image","twitter_misc":{"Est. reading time":"1 min\u016bte"},"schema":{"@context":"https:\/\/schema.org","@graph":[{"@type":"WebPage","@id":"https:\/\/izglitiba.valmierasnovads.lv\/kracites\/galery\/kracites-rudeni\/","url":"https:\/\/izglitiba.valmierasnovads.lv\/kracites\/galery\/kracites-rudeni\/","name":"\"Kr\u0101c\u012btes\" ruden\u012b - Valmieras pirmsskolas izgl\u012bt\u012bbas iest\u0101de \u201cKR\u0100C\u012aTES\u201d","isPartOf":{"@id":"https:\/\/izglitiba.valmierasnovads.lv\/kracites\/#website"},"primaryImageOfPage":{"@id":"https:\/\/izglitiba.valmierasnovads.lv\/kracites\/galery\/kracites-rudeni\/#primaryimage"},"image":{"@id":"https:\/\/izglitiba.valmierasnovads.lv\/kracites\/galery\/kracites-rudeni\/#primaryimage"},"thumbnailUrl":"https:\/\/izglitiba.valmierasnovads.lv\/kracites\/wp-content\/uploads\/sites\/5\/2025\/04\/74ebfd3d-52dd-4bab-b8d2-b3fdc7ce6cf5.jpg","datePublished":"2025-10-21T10:29:30+00:00","dateModified":"2025-10-21T10:36:26+00:00","breadcrumb":{"@id":"https:\/\/izglitiba.valmierasnovads.lv\/kracites\/galery\/kracites-rudeni\/#breadcrumb"},"inLanguage":"lv-LV","potentialAction":[{"@type":"ReadAction","target":["https:\/\/izglitiba.valmierasnovads.lv\/kracites\/galery\/kracites-rudeni\/"]}]},{"@type":"ImageObject","inLanguage":"lv-LV","@id":"https:\/\/izglitiba.valmierasnovads.lv\/kracites\/galery\/kracites-rudeni\/#primaryimage","url":"https:\/\/izglitiba.valmierasnovads.lv\/kracites\/wp-content\/uploads\/sites\/5\/2025\/04\/74ebfd3d-52dd-4bab-b8d2-b3fdc7ce6cf5.jpg","contentUrl":"https:\/\/izglitiba.valmierasnovads.lv\/kracites\/wp-content\/uploads\/sites\/5\/2025\/04\/74ebfd3d-52dd-4bab-b8d2-b3fdc7ce6cf5.jpg","width":1600,"height":1592},{"@type":"BreadcrumbList","@id":"https:\/\/izglitiba.valmierasnovads.lv\/kracites\/galery\/kracites-rudeni\/#breadcrumb","itemListElement":[{"@type":"ListItem","position":1,"name":"Home","item":"https:\/\/izglitiba.valmierasnovads.lv\/kracites\/"},{"@type":"ListItem","position":2,"name":"&#8220;Kr\u0101c\u012btes&#8221; ruden\u012b"}]},{"@type":"WebSite","@id":"https:\/\/izglitiba.valmierasnovads.lv\/kracites\/#website","url":"https:\/\/izglitiba.valmierasnovads.lv\/kracites\/","name":"Valmieras pirmsskolas izgl\u012bt\u012bbas iest\u0101de \u201cKR\u0100C\u012aTES\u201d","description":"","publisher":{"@id":"https:\/\/izglitiba.valmierasnovads.lv\/kracites\/#organization"},"potentialAction":[{"@type":"SearchAction","target":{"@type":"EntryPoint","urlTemplate":"https:\/\/izglitiba.valmierasnovads.lv\/kracites\/?s={search_term_string}"},"query-input":{"@type":"PropertyValueSpecification","valueRequired":true,"valueName":"search_term_string"}}],"inLanguage":"lv-LV"},{"@type":"Organization","@id":"https:\/\/izglitiba.valmierasnovads.lv\/kracites\/#organization","name":"Valmieras pirmsskolas izgl\u012bt\u012bbas iest\u0101de \u201cKR\u0100C\u012aTES\u201d","url":"https:\/\/izglitiba.valmierasnovads.lv\/kracites\/","logo":{"@type":"ImageObject","inLanguage":"lv-LV","@id":"https:\/\/izglitiba.valmierasnovads.lv\/kracites\/#\/schema\/logo\/image\/","url":"https:\/\/izglitiba.valmierasnovads.lv\/kracites\/wp-content\/uploads\/sites\/5\/2026\/04\/cropped-Pirmsskolas-izglitibas-iestades-ar-pasu-logo-2-scaled-1-1.png","contentUrl":"https:\/\/izglitiba.valmierasnovads.lv\/kracites\/wp-content\/uploads\/sites\/5\/2026\/04\/cropped-Pirmsskolas-izglitibas-iestades-ar-pasu-logo-2-scaled-1-1.png","width":1389,"height":405,"caption":"Valmieras pirmsskolas izgl\u012bt\u012bbas iest\u0101de \u201cKR\u0100C\u012aTES\u201d"},"image":{"@id":"https:\/\/izglitiba.valmierasnovads.lv\/kracites\/#\/schema\/logo\/image\/"}}]}},"_links":{"self":[{"href":"https:\/\/izglitiba.valmierasnovads.lv\/kracites\/wp-json\/wp\/v2\/galery\/186","targetHints":{"allow":["GET"]}}],"collection":[{"href":"https:\/\/izglitiba.valmierasnovads.lv\/kracites\/wp-json\/wp\/v2\/galery"}],"about":[{"href":"https:\/\/izglitiba.valmierasnovads.lv\/kracites\/wp-json\/wp\/v2\/types\/galery"}],"wp:featuredmedia":[{"embeddable":true,"href":"https:\/\/izglitiba.valmierasnovads.lv\/kracites\/wp-json\/wp\/v2\/media\/181"}],"wp:attachment":[{"href":"https:\/\/izglitiba.valmierasnovads.lv\/kracites\/wp-json\/wp\/v2\/media?parent=186"}],"wp:term":[{"taxonomy":"galery_type","embeddable":true,"href":"https:\/\/izglitiba.valmierasnovads.lv\/kracites\/wp-json\/wp\/v2\/galery_type?post=186"}],"curies":[{"name":"wp","href":"https:\/\/api.w.org\/{rel}","templated":true}]}}