{"id":118,"date":"2025-10-14T10:17:57","date_gmt":"2025-10-14T07:17:57","guid":{"rendered":"https:\/\/izglitiba.valmierasnovads.lv\/kracites\/?page_id=118"},"modified":"2026-01-22T16:14:22","modified_gmt":"2026-01-22T14:14:22","slug":"ekoskola","status":"publish","type":"page","link":"https:\/\/izglitiba.valmierasnovads.lv\/kracites\/ekoskola\/","title":{"rendered":"Ekoskola"},"content":{"rendered":"\n<p>Ekoskolu programma ir viens no visaptvero\u0161\u0101kajiem un popul\u0101r\u0101kajiem vides izgl\u012bt\u012bbas mode\u013ciem pasaul\u0113. Programmas pamat\u0101 ir vienk\u0101r\u0161as, br\u012bvi piem\u0113rojamas un efekt\u012bvas vides p\u0101rvaldes sist\u0113mas izveide skol\u0101. Bet programma neaprobe\u017eojas tikai ar vides p\u0101rvald\u012bbu skol\u0101 \u2013 t\u0101 veicina izpratni par vidi, saistot to ar vis\u0101m m\u0101c\u012bbu jom\u0101m, nostiprina 21. gs. caurviju prasmes, veido attieksmi un v\u0113rt\u012bbas, interesi un l\u012bdz ar to ar\u012b v\u0113lmi r\u012bkoties. B\u016btiski, ka proces\u0101 tiek iesaist\u012bti ne tikai skolas p\u0101rst\u0101vji, bet ar\u012b apk\u0101rt\u0113j\u0101 sabiedr\u012bba, t\u0101d\u0113j\u0101di veicinot kop\u0113jo vides apzi\u0146as att\u012bst\u012bbu.<\/p>\n\n\n\n<p>Vides izgl\u012bt\u012bbas fonds \u012bsteno&nbsp;<em>FEE International<\/em>&nbsp;programmas Latvij\u0101 kop\u0161 1998. gada un sec\u012bgi 2002. gad\u0101 tika uzs\u0101kta Ekoskolu programma.&nbsp;<\/p>\n\n\n\n<p><a href=\"https:\/\/www.facebook.com\/Kracites?locale=lv_LV\"> https:\/\/www.facebook.com\/Kracites?locale=lv_LV<\/a><\/p>\n\n\n\n<p>2025. gada ruden\u012b Ekoskolas Za\u013co karogu sa\u0146emam jau sesto reizi.<\/p>\n\n\n\n<p><mark style=\"color:#0693e3\" class=\"has-inline-color\"><strong>Apg\u016bt\u0101s t\u0113mas:<\/strong><\/mark><\/p>\n\n\n\n<p>2018.\/2019. m.g.- Atkritumi<\/p>\n\n\n\n<p>2019.\/2020. m.g. &#8211; P\u0101rtika<\/p>\n\n\n\n<p>2020.\/2021. m.g. &#8211; Vesel\u012bgs dz\u012bvesveids<\/p>\n\n\n\n<p>2021.\/2022. m.g. &#8211; B\u0113rnud\u0101rza vide un apk\u0101rtne<\/p>\n\n\n\n<p>2022.\/2023. m.g. &#8211; \u016adens<\/p>\n\n\n\n<p>2023.\/2024. m.g. &#8211; Me\u017es<\/p>\n\n\n\n<p>2024.\/2025. m.g. &#8211; Biolo\u0123isk\u0101 daudzveid\u012bba<\/p>\n\n\n\n<p>2025.\/2026. m.g. &#8211; Transports<\/p>\n\n\n\n<p><mark style=\"color:#0693e3\" class=\"has-inline-color\"><strong>Ekoskolas m\u0113r\u0137i:<\/strong><\/mark><\/p>\n\n\n\n<ol class=\"wp-block-list\">\n<li>Izp\u0113t\u012bt visas iest\u0101des saimes p\u0101rvieto\u0161an\u0101s paradumus un veicin\u0101t videi draudz\u012bgu transporta veidu izmanto\u0161anu, iev\u0113rojot visus dro\u0161\u012bbas pas\u0101kumus.<\/li>\n\n\n\n<li>Padzi\u013cin\u0101t izpratni par transporta ietekmi uz vidi, cilv\u0113ku vesel\u012bbu un dro\u0161\u012bbu.<\/li>\n\n\n\n<li>Sadarb\u012bb\u0101 ar pa\u0161vald\u012bbu pan\u0101kt, ka ce\u013c\u0161 uz b\u0113rnud\u0101rzu ir dro\u0161s un piel\u0101gots, lai p\u0101rvietotos k\u0101j\u0101m un ar velosip\u0113du.<\/li>\n<\/ol>\n\n\n\n<p><strong><mark style=\"color:#0693e3\" class=\"has-inline-color\">Uzdevumi:<\/mark><\/strong><\/p>\n\n\n\n<ol class=\"wp-block-list\">\n<li>Regul\u0101ri veikt statistiku k\u0101 p\u0101rvietojas iest\u0101des darbinieki, b\u0113rni un vec\u0101ki &#8211; &#8220;Transports un vesel\u012bba&#8221;. <\/li>\n\n\n\n<li>Nov\u0113rt\u0113t satiksmes ietekmi uz vidi un cilv\u0113ku dz\u012bves kvalit\u0101ti &#8211; &#8220;Transports un vesel\u012bba, vide&#8221;.<\/li>\n\n\n\n<li>Veikt k\u0101j\u0101mg\u0101j\u0113ju un rite\u0146brauc\u0113ju mar\u0161rutu p\u0101rbaudi, dodoties no vai uz iest\u0101di, lai sadarb\u012bb\u0101 ar Valmieras novada pa\u0161vald\u012bbu veiktu ce\u013ca uzlabojumus &#8211; &#8220;Transports un dro\u0161\u012bba&#8221;.<\/li>\n\n\n\n<li>P\u0113c iesp\u0113jas bie\u017e\u0101k&nbsp;iet p\u0101rg\u0101jienos, ekskursij\u0101s braukt ar sabiedrisko transportu vai vilcienu &#8211; &#8220;Transports un vesel\u012bba, vide&#8221;.<\/li>\n\n\n\n<li>Inform\u0113t sabiedr\u012bbu par videi draudz\u012bgu p\u0101rvieto\u0161anos un veikt uzlabojumus &#8211; &#8220;Transports un dro\u0161\u012bba, vide&#8221;.<\/li>\n\n\n\n<li>Veikt iest\u0101des apk\u0101rtnes kart\u0113\u0161anu &#8211; &#8220;Transports un vide&#8221;.<\/li>\n<\/ol>\n\n\n\n<p><\/p>\n\n\n\n<p><\/p>\n\n\n\n<p><\/p>\n\n\n\n<p><\/p>\n\n\n\n<p><\/p>\n\n\n\n<p><\/p>\n\n\n\n<figure class=\"wp-block-image size-full is-resized\"><img loading=\"lazy\" decoding=\"async\" width=\"768\" height=\"511\" src=\"https:\/\/izglitiba.valmierasnovads.lv\/kracites\/wp-content\/uploads\/sites\/5\/2025\/11\/pii-kracites-zalais-karogs-2.jpg\" alt=\"\" class=\"wp-image-319\" style=\"width:414px;height:auto\" srcset=\"https:\/\/izglitiba.valmierasnovads.lv\/kracites\/wp-content\/uploads\/sites\/5\/2025\/11\/pii-kracites-zalais-karogs-2.jpg 768w, https:\/\/izglitiba.valmierasnovads.lv\/kracites\/wp-content\/uploads\/sites\/5\/2025\/11\/pii-kracites-zalais-karogs-2-300x200.jpg 300w\" sizes=\"auto, (max-width: 768px) 100vw, 768px\" \/><\/figure>\n\n\n\n<p><\/p>\n","protected":false},"excerpt":{"rendered":"<p>Ekoskolu programma ir viens no visaptvero\u0161\u0101kajiem un popul\u0101r\u0101kajiem vides izgl\u012bt\u012bbas mode\u013ciem pasaul\u0113. Programmas pamat\u0101 ir vienk\u0101r\u0161as, br\u012bvi piem\u0113rojamas un efekt\u012bvas [&hellip;]<\/p>\n","protected":false},"author":49,"featured_media":0,"parent":0,"menu_order":0,"comment_status":"closed","ping_status":"closed","template":"","meta":{"_acf_changed":false,"site-sidebar-layout":"default","site-content-layout":"","ast-site-content-layout":"default","site-content-style":"default","site-sidebar-style":"default","ast-global-header-display":"","ast-banner-title-visibility":"","ast-main-header-display":"","ast-hfb-above-header-display":"","ast-hfb-below-header-display":"","ast-hfb-mobile-header-display":"","site-post-title":"","ast-breadcrumbs-content":"","ast-featured-img":"","footer-sml-layout":"","ast-disable-related-posts":"","theme-transparent-header-meta":"","adv-header-id-meta":"","stick-header-meta":"","header-above-stick-meta":"","header-main-stick-meta":"","header-below-stick-meta":"","astra-migrate-meta-layouts":"default","ast-page-background-enabled":"default","ast-page-background-meta":{"desktop":{"background-color":"var(--ast-global-color-5)","background-image":"","background-repeat":"repeat","background-position":"center center","background-size":"auto","background-attachment":"scroll","background-type":"","background-media":"","overlay-type":"","overlay-color":"","overlay-opacity":"","overlay-gradient":""},"tablet":{"background-color":"","background-image":"","background-repeat":"repeat","background-position":"center center","background-size":"auto","background-attachment":"scroll","background-type":"","background-media":"","overlay-type":"","overlay-color":"","overlay-opacity":"","overlay-gradient":""},"mobile":{"background-color":"","background-image":"","background-repeat":"repeat","background-position":"center center","background-size":"auto","background-attachment":"scroll","background-type":"","background-media":"","overlay-type":"","overlay-color":"","overlay-opacity":"","overlay-gradient":""}},"ast-content-background-meta":{"desktop":{"background-color":"var(--ast-global-color-4)","background-image":"","background-repeat":"repeat","background-position":"center center","background-size":"auto","background-attachment":"scroll","background-type":"","background-media":"","overlay-type":"","overlay-color":"","overlay-opacity":"","overlay-gradient":""},"tablet":{"background-color":"var(--ast-global-color-4)","background-image":"","background-repeat":"repeat","background-position":"center center","background-size":"auto","background-attachment":"scroll","background-type":"","background-media":"","overlay-type":"","overlay-color":"","overlay-opacity":"","overlay-gradient":""},"mobile":{"background-color":"var(--ast-global-color-4)","background-image":"","background-repeat":"repeat","background-position":"center center","background-size":"auto","background-attachment":"scroll","background-type":"","background-media":"","overlay-type":"","overlay-color":"","overlay-opacity":"","overlay-gradient":""}},"footnotes":""},"class_list":["post-118","page","type-page","status-publish","hentry"],"acf":[],"yoast_head":"<!-- This site is optimized with the Yoast SEO plugin v27.0 - https:\/\/yoast.com\/product\/yoast-seo-wordpress\/ -->\n<title>Ekoskola - Valmieras pirmsskolas izgl\u012bt\u012bbas iest\u0101de \u201cKR\u0100C\u012aTES\u201d<\/title>\n<meta name=\"robots\" content=\"index, follow, max-snippet:-1, max-image-preview:large, max-video-preview:-1\" \/>\n<link rel=\"canonical\" href=\"https:\/\/izglitiba.valmierasnovads.lv\/kracites\/ekoskola\/\" \/>\n<meta property=\"og:locale\" content=\"lv_LV\" \/>\n<meta property=\"og:type\" content=\"article\" \/>\n<meta property=\"og:title\" content=\"Ekoskola - Valmieras pirmsskolas izgl\u012bt\u012bbas iest\u0101de \u201cKR\u0100C\u012aTES\u201d\" \/>\n<meta property=\"og:description\" content=\"Ekoskolu programma ir viens no visaptvero\u0161\u0101kajiem un popul\u0101r\u0101kajiem vides izgl\u012bt\u012bbas mode\u013ciem pasaul\u0113. Programmas pamat\u0101 ir vienk\u0101r\u0161as, br\u012bvi piem\u0113rojamas un efekt\u012bvas [&hellip;]\" \/>\n<meta property=\"og:url\" content=\"https:\/\/izglitiba.valmierasnovads.lv\/kracites\/ekoskola\/\" \/>\n<meta property=\"og:site_name\" content=\"Valmieras pirmsskolas izgl\u012bt\u012bbas iest\u0101de \u201cKR\u0100C\u012aTES\u201d\" \/>\n<meta property=\"article:modified_time\" content=\"2026-01-22T14:14:22+00:00\" \/>\n<meta property=\"og:image\" content=\"https:\/\/izglitiba.valmierasnovads.lv\/kracites\/wp-content\/uploads\/sites\/5\/2025\/11\/pii-kracites-zalais-karogs-2.jpg\" \/>\n\t<meta property=\"og:image:width\" content=\"768\" \/>\n\t<meta property=\"og:image:height\" content=\"511\" \/>\n\t<meta property=\"og:image:type\" content=\"image\/jpeg\" \/>\n<meta name=\"twitter:card\" content=\"summary_large_image\" \/>\n<meta name=\"twitter:label1\" content=\"Est. reading time\" \/>\n\t<meta name=\"twitter:data1\" content=\"2 min\u016btes\" \/>\n<script type=\"application\/ld+json\" class=\"yoast-schema-graph\">{\"@context\":\"https:\/\/schema.org\",\"@graph\":[{\"@type\":\"WebPage\",\"@id\":\"https:\/\/izglitiba.valmierasnovads.lv\/kracites\/ekoskola\/\",\"url\":\"https:\/\/izglitiba.valmierasnovads.lv\/kracites\/ekoskola\/\",\"name\":\"Ekoskola - Valmieras pirmsskolas izgl\u012bt\u012bbas iest\u0101de \u201cKR\u0100C\u012aTES\u201d\",\"isPartOf\":{\"@id\":\"https:\/\/izglitiba.valmierasnovads.lv\/kracites\/#website\"},\"primaryImageOfPage\":{\"@id\":\"https:\/\/izglitiba.valmierasnovads.lv\/kracites\/ekoskola\/#primaryimage\"},\"image\":{\"@id\":\"https:\/\/izglitiba.valmierasnovads.lv\/kracites\/ekoskola\/#primaryimage\"},\"thumbnailUrl\":\"https:\/\/izglitiba.valmierasnovads.lv\/kracites\/wp-content\/uploads\/sites\/5\/2025\/11\/pii-kracites-zalais-karogs-2.jpg\",\"datePublished\":\"2025-10-14T07:17:57+00:00\",\"dateModified\":\"2026-01-22T14:14:22+00:00\",\"breadcrumb\":{\"@id\":\"https:\/\/izglitiba.valmierasnovads.lv\/kracites\/ekoskola\/#breadcrumb\"},\"inLanguage\":\"lv-LV\",\"potentialAction\":[{\"@type\":\"ReadAction\",\"target\":[\"https:\/\/izglitiba.valmierasnovads.lv\/kracites\/ekoskola\/\"]}]},{\"@type\":\"ImageObject\",\"inLanguage\":\"lv-LV\",\"@id\":\"https:\/\/izglitiba.valmierasnovads.lv\/kracites\/ekoskola\/#primaryimage\",\"url\":\"https:\/\/izglitiba.valmierasnovads.lv\/kracites\/wp-content\/uploads\/sites\/5\/2025\/11\/pii-kracites-zalais-karogs-2.jpg\",\"contentUrl\":\"https:\/\/izglitiba.valmierasnovads.lv\/kracites\/wp-content\/uploads\/sites\/5\/2025\/11\/pii-kracites-zalais-karogs-2.jpg\",\"width\":768,\"height\":511},{\"@type\":\"BreadcrumbList\",\"@id\":\"https:\/\/izglitiba.valmierasnovads.lv\/kracites\/ekoskola\/#breadcrumb\",\"itemListElement\":[{\"@type\":\"ListItem\",\"position\":1,\"name\":\"Home\",\"item\":\"https:\/\/izglitiba.valmierasnovads.lv\/kracites\/\"},{\"@type\":\"ListItem\",\"position\":2,\"name\":\"Ekoskola\"}]},{\"@type\":\"WebSite\",\"@id\":\"https:\/\/izglitiba.valmierasnovads.lv\/kracites\/#website\",\"url\":\"https:\/\/izglitiba.valmierasnovads.lv\/kracites\/\",\"name\":\"Valmieras pirmsskolas izgl\u012bt\u012bbas iest\u0101de \u201cKR\u0100C\u012aTES\u201d\",\"description\":\"\",\"publisher\":{\"@id\":\"https:\/\/izglitiba.valmierasnovads.lv\/kracites\/#organization\"},\"potentialAction\":[{\"@type\":\"SearchAction\",\"target\":{\"@type\":\"EntryPoint\",\"urlTemplate\":\"https:\/\/izglitiba.valmierasnovads.lv\/kracites\/?s={search_term_string}\"},\"query-input\":{\"@type\":\"PropertyValueSpecification\",\"valueRequired\":true,\"valueName\":\"search_term_string\"}}],\"inLanguage\":\"lv-LV\"},{\"@type\":\"Organization\",\"@id\":\"https:\/\/izglitiba.valmierasnovads.lv\/kracites\/#organization\",\"name\":\"Valmieras pirmsskolas izgl\u012bt\u012bbas iest\u0101de \u201cKR\u0100C\u012aTES\u201d\",\"url\":\"https:\/\/izglitiba.valmierasnovads.lv\/kracites\/\",\"logo\":{\"@type\":\"ImageObject\",\"inLanguage\":\"lv-LV\",\"@id\":\"https:\/\/izglitiba.valmierasnovads.lv\/kracites\/#\/schema\/logo\/image\/\",\"url\":\"https:\/\/izglitiba.valmierasnovads.lv\/kracites\/wp-content\/uploads\/sites\/5\/2026\/04\/cropped-Pirmsskolas-izglitibas-iestades-ar-pasu-logo-2-scaled-1-1.png\",\"contentUrl\":\"https:\/\/izglitiba.valmierasnovads.lv\/kracites\/wp-content\/uploads\/sites\/5\/2026\/04\/cropped-Pirmsskolas-izglitibas-iestades-ar-pasu-logo-2-scaled-1-1.png\",\"width\":1389,\"height\":405,\"caption\":\"Valmieras pirmsskolas izgl\u012bt\u012bbas iest\u0101de \u201cKR\u0100C\u012aTES\u201d\"},\"image\":{\"@id\":\"https:\/\/izglitiba.valmierasnovads.lv\/kracites\/#\/schema\/logo\/image\/\"}}]}<\/script>\n<!-- \/ Yoast SEO plugin. -->","yoast_head_json":{"title":"Ekoskola - Valmieras pirmsskolas izgl\u012bt\u012bbas iest\u0101de \u201cKR\u0100C\u012aTES\u201d","robots":{"index":"index","follow":"follow","max-snippet":"max-snippet:-1","max-image-preview":"max-image-preview:large","max-video-preview":"max-video-preview:-1"},"canonical":"https:\/\/izglitiba.valmierasnovads.lv\/kracites\/ekoskola\/","og_locale":"lv_LV","og_type":"article","og_title":"Ekoskola - Valmieras pirmsskolas izgl\u012bt\u012bbas iest\u0101de \u201cKR\u0100C\u012aTES\u201d","og_description":"Ekoskolu programma ir viens no visaptvero\u0161\u0101kajiem un popul\u0101r\u0101kajiem vides izgl\u012bt\u012bbas mode\u013ciem pasaul\u0113. Programmas pamat\u0101 ir vienk\u0101r\u0161as, br\u012bvi piem\u0113rojamas un efekt\u012bvas [&hellip;]","og_url":"https:\/\/izglitiba.valmierasnovads.lv\/kracites\/ekoskola\/","og_site_name":"Valmieras pirmsskolas izgl\u012bt\u012bbas iest\u0101de \u201cKR\u0100C\u012aTES\u201d","article_modified_time":"2026-01-22T14:14:22+00:00","og_image":[{"width":768,"height":511,"url":"https:\/\/izglitiba.valmierasnovads.lv\/kracites\/wp-content\/uploads\/sites\/5\/2025\/11\/pii-kracites-zalais-karogs-2.jpg","type":"image\/jpeg"}],"twitter_card":"summary_large_image","twitter_misc":{"Est. reading time":"2 min\u016btes"},"schema":{"@context":"https:\/\/schema.org","@graph":[{"@type":"WebPage","@id":"https:\/\/izglitiba.valmierasnovads.lv\/kracites\/ekoskola\/","url":"https:\/\/izglitiba.valmierasnovads.lv\/kracites\/ekoskola\/","name":"Ekoskola - Valmieras pirmsskolas izgl\u012bt\u012bbas iest\u0101de \u201cKR\u0100C\u012aTES\u201d","isPartOf":{"@id":"https:\/\/izglitiba.valmierasnovads.lv\/kracites\/#website"},"primaryImageOfPage":{"@id":"https:\/\/izglitiba.valmierasnovads.lv\/kracites\/ekoskola\/#primaryimage"},"image":{"@id":"https:\/\/izglitiba.valmierasnovads.lv\/kracites\/ekoskola\/#primaryimage"},"thumbnailUrl":"https:\/\/izglitiba.valmierasnovads.lv\/kracites\/wp-content\/uploads\/sites\/5\/2025\/11\/pii-kracites-zalais-karogs-2.jpg","datePublished":"2025-10-14T07:17:57+00:00","dateModified":"2026-01-22T14:14:22+00:00","breadcrumb":{"@id":"https:\/\/izglitiba.valmierasnovads.lv\/kracites\/ekoskola\/#breadcrumb"},"inLanguage":"lv-LV","potentialAction":[{"@type":"ReadAction","target":["https:\/\/izglitiba.valmierasnovads.lv\/kracites\/ekoskola\/"]}]},{"@type":"ImageObject","inLanguage":"lv-LV","@id":"https:\/\/izglitiba.valmierasnovads.lv\/kracites\/ekoskola\/#primaryimage","url":"https:\/\/izglitiba.valmierasnovads.lv\/kracites\/wp-content\/uploads\/sites\/5\/2025\/11\/pii-kracites-zalais-karogs-2.jpg","contentUrl":"https:\/\/izglitiba.valmierasnovads.lv\/kracites\/wp-content\/uploads\/sites\/5\/2025\/11\/pii-kracites-zalais-karogs-2.jpg","width":768,"height":511},{"@type":"BreadcrumbList","@id":"https:\/\/izglitiba.valmierasnovads.lv\/kracites\/ekoskola\/#breadcrumb","itemListElement":[{"@type":"ListItem","position":1,"name":"Home","item":"https:\/\/izglitiba.valmierasnovads.lv\/kracites\/"},{"@type":"ListItem","position":2,"name":"Ekoskola"}]},{"@type":"WebSite","@id":"https:\/\/izglitiba.valmierasnovads.lv\/kracites\/#website","url":"https:\/\/izglitiba.valmierasnovads.lv\/kracites\/","name":"Valmieras pirmsskolas izgl\u012bt\u012bbas iest\u0101de \u201cKR\u0100C\u012aTES\u201d","description":"","publisher":{"@id":"https:\/\/izglitiba.valmierasnovads.lv\/kracites\/#organization"},"potentialAction":[{"@type":"SearchAction","target":{"@type":"EntryPoint","urlTemplate":"https:\/\/izglitiba.valmierasnovads.lv\/kracites\/?s={search_term_string}"},"query-input":{"@type":"PropertyValueSpecification","valueRequired":true,"valueName":"search_term_string"}}],"inLanguage":"lv-LV"},{"@type":"Organization","@id":"https:\/\/izglitiba.valmierasnovads.lv\/kracites\/#organization","name":"Valmieras pirmsskolas izgl\u012bt\u012bbas iest\u0101de \u201cKR\u0100C\u012aTES\u201d","url":"https:\/\/izglitiba.valmierasnovads.lv\/kracites\/","logo":{"@type":"ImageObject","inLanguage":"lv-LV","@id":"https:\/\/izglitiba.valmierasnovads.lv\/kracites\/#\/schema\/logo\/image\/","url":"https:\/\/izglitiba.valmierasnovads.lv\/kracites\/wp-content\/uploads\/sites\/5\/2026\/04\/cropped-Pirmsskolas-izglitibas-iestades-ar-pasu-logo-2-scaled-1-1.png","contentUrl":"https:\/\/izglitiba.valmierasnovads.lv\/kracites\/wp-content\/uploads\/sites\/5\/2026\/04\/cropped-Pirmsskolas-izglitibas-iestades-ar-pasu-logo-2-scaled-1-1.png","width":1389,"height":405,"caption":"Valmieras pirmsskolas izgl\u012bt\u012bbas iest\u0101de \u201cKR\u0100C\u012aTES\u201d"},"image":{"@id":"https:\/\/izglitiba.valmierasnovads.lv\/kracites\/#\/schema\/logo\/image\/"}}]}},"_links":{"self":[{"href":"https:\/\/izglitiba.valmierasnovads.lv\/kracites\/wp-json\/wp\/v2\/pages\/118","targetHints":{"allow":["GET"]}}],"collection":[{"href":"https:\/\/izglitiba.valmierasnovads.lv\/kracites\/wp-json\/wp\/v2\/pages"}],"about":[{"href":"https:\/\/izglitiba.valmierasnovads.lv\/kracites\/wp-json\/wp\/v2\/types\/page"}],"author":[{"embeddable":true,"href":"https:\/\/izglitiba.valmierasnovads.lv\/kracites\/wp-json\/wp\/v2\/users\/49"}],"replies":[{"embeddable":true,"href":"https:\/\/izglitiba.valmierasnovads.lv\/kracites\/wp-json\/wp\/v2\/comments?post=118"}],"version-history":[{"count":25,"href":"https:\/\/izglitiba.valmierasnovads.lv\/kracites\/wp-json\/wp\/v2\/pages\/118\/revisions"}],"predecessor-version":[{"id":404,"href":"https:\/\/izglitiba.valmierasnovads.lv\/kracites\/wp-json\/wp\/v2\/pages\/118\/revisions\/404"}],"wp:attachment":[{"href":"https:\/\/izglitiba.valmierasnovads.lv\/kracites\/wp-json\/wp\/v2\/media?parent=118"}],"curies":[{"name":"wp","href":"https:\/\/api.w.org\/{rel}","templated":true}]}}