{"id":121,"date":"2025-10-14T10:19:18","date_gmt":"2025-10-14T07:19:18","guid":{"rendered":"https:\/\/izglitiba.valmierasnovads.lv\/kracites\/?page_id=121"},"modified":"2025-10-14T15:50:21","modified_gmt":"2025-10-14T12:50:21","slug":"veselibu-veicinosa-izglitibas-iestade","status":"publish","type":"page","link":"https:\/\/izglitiba.valmierasnovads.lv\/kracites\/veselibu-veicinosa-izglitibas-iestade\/","title":{"rendered":"Vesel\u012bbu veicino\u0161a izgl\u012bt\u012bbas iest\u0101de"},"content":{"rendered":"\n<p>Izv\u0113rt\u0113jot izgl\u012bt\u012bbas iest\u0101di p\u0113c l\u012bdz\u0161in\u0113j\u0101m aktivit\u0101t\u0113m un turpm\u0101kiem nodomiem dom\u0101t par kapacit\u0101tes stiprin\u0101\u0161anu, lai caur izgl\u012bt\u012bbas iest\u0101des vidi gan audz\u0113k\u0146iem un vi\u0146u vec\u0101kiem, gan iest\u0101des darbiniekiem dotu iesp\u0113ju iem\u0101c\u012bties vesel\u012bgi dom\u0101t, dz\u012bvot, m\u0101c\u012bties un str\u0101d\u0101t, Slim\u012bbu profilakses un kontroles centra (SPKC) izveidot\u0101 Nacion\u0101l\u0101 Vesel\u012bbu veicino\u0161o skolu t\u012bkla padome Valmieras PII \u201cKr\u0101c\u012btes\u201d pie\u0161\u0137\u012brusi statusu \u201cVesel\u012bbu veicino\u0161a izgl\u012bt\u012bbas iest\u0101de\u201d.&nbsp;<\/p>\n\n\n\n<p><a href=\"https:\/\/www.valmierasnovads.lv\/valmieras-pii-kracites-uznemta-nacionalaja-veselibu-veicinoso-izglitibas-iestazu-tikla\/\">https:\/\/www.valmierasnovads.lv\/valmieras-pii-kracites-uznemta-nacionalaja-veselibu-veicinoso-izglitibas-iestazu-tikla\/<\/a><\/p>\n\n\n\n<figure class=\"wp-block-image size-full is-resized\"><img loading=\"lazy\" decoding=\"async\" width=\"415\" height=\"561\" src=\"https:\/\/izglitiba.valmierasnovads.lv\/kracites\/wp-content\/uploads\/sites\/5\/2025\/10\/image-4.png\" alt=\"\" class=\"wp-image-159\" style=\"width:229px;height:auto\" srcset=\"https:\/\/izglitiba.valmierasnovads.lv\/kracites\/wp-content\/uploads\/sites\/5\/2025\/10\/image-4.png 415w, https:\/\/izglitiba.valmierasnovads.lv\/kracites\/wp-content\/uploads\/sites\/5\/2025\/10\/image-4-222x300.png 222w\" sizes=\"auto, (max-width: 415px) 100vw, 415px\" \/><\/figure>\n\n\n\n<p><\/p>\n","protected":false},"excerpt":{"rendered":"<p>Izv\u0113rt\u0113jot izgl\u012bt\u012bbas iest\u0101di p\u0113c l\u012bdz\u0161in\u0113j\u0101m aktivit\u0101t\u0113m un turpm\u0101kiem nodomiem dom\u0101t par kapacit\u0101tes stiprin\u0101\u0161anu, lai caur izgl\u012bt\u012bbas iest\u0101des vidi gan audz\u0113k\u0146iem [&hellip;]<\/p>\n","protected":false},"author":49,"featured_media":0,"parent":0,"menu_order":0,"comment_status":"closed","ping_status":"closed","template":"","meta":{"_acf_changed":false,"site-sidebar-layout":"default","site-content-layout":"","ast-site-content-layout":"default","site-content-style":"default","site-sidebar-style":"default","ast-global-header-display":"","ast-banner-title-visibility":"","ast-main-header-display":"","ast-hfb-above-header-display":"","ast-hfb-below-header-display":"","ast-hfb-mobile-header-display":"","site-post-title":"","ast-breadcrumbs-content":"","ast-featured-img":"","footer-sml-layout":"","ast-disable-related-posts":"","theme-transparent-header-meta":"","adv-header-id-meta":"","stick-header-meta":"","header-above-stick-meta":"","header-main-stick-meta":"","header-below-stick-meta":"","astra-migrate-meta-layouts":"default","ast-page-background-enabled":"default","ast-page-background-meta":{"desktop":{"background-color":"var(--ast-global-color-5)","background-image":"","background-repeat":"repeat","background-position":"center center","background-size":"auto","background-attachment":"scroll","background-type":"","background-media":"","overlay-type":"","overlay-color":"","overlay-opacity":"","overlay-gradient":""},"tablet":{"background-color":"","background-image":"","background-repeat":"repeat","background-position":"center center","background-size":"auto","background-attachment":"scroll","background-type":"","background-media":"","overlay-type":"","overlay-color":"","overlay-opacity":"","overlay-gradient":""},"mobile":{"background-color":"","background-image":"","background-repeat":"repeat","background-position":"center center","background-size":"auto","background-attachment":"scroll","background-type":"","background-media":"","overlay-type":"","overlay-color":"","overlay-opacity":"","overlay-gradient":""}},"ast-content-background-meta":{"desktop":{"background-color":"var(--ast-global-color-4)","background-image":"","background-repeat":"repeat","background-position":"center center","background-size":"auto","background-attachment":"scroll","background-type":"","background-media":"","overlay-type":"","overlay-color":"","overlay-opacity":"","overlay-gradient":""},"tablet":{"background-color":"var(--ast-global-color-4)","background-image":"","background-repeat":"repeat","background-position":"center center","background-size":"auto","background-attachment":"scroll","background-type":"","background-media":"","overlay-type":"","overlay-color":"","overlay-opacity":"","overlay-gradient":""},"mobile":{"background-color":"var(--ast-global-color-4)","background-image":"","background-repeat":"repeat","background-position":"center center","background-size":"auto","background-attachment":"scroll","background-type":"","background-media":"","overlay-type":"","overlay-color":"","overlay-opacity":"","overlay-gradient":""}},"footnotes":""},"class_list":["post-121","page","type-page","status-publish","hentry"],"acf":[],"yoast_head":"<!-- This site is optimized with the Yoast SEO plugin v27.0 - https:\/\/yoast.com\/product\/yoast-seo-wordpress\/ -->\n<title>Vesel\u012bbu veicino\u0161a izgl\u012bt\u012bbas iest\u0101de - Valmieras pirmsskolas izgl\u012bt\u012bbas iest\u0101de \u201cKR\u0100C\u012aTES\u201d<\/title>\n<meta name=\"robots\" content=\"index, follow, max-snippet:-1, max-image-preview:large, max-video-preview:-1\" \/>\n<link rel=\"canonical\" href=\"https:\/\/izglitiba.valmierasnovads.lv\/kracites\/veselibu-veicinosa-izglitibas-iestade\/\" \/>\n<meta property=\"og:locale\" content=\"lv_LV\" \/>\n<meta property=\"og:type\" content=\"article\" \/>\n<meta property=\"og:title\" content=\"Vesel\u012bbu veicino\u0161a izgl\u012bt\u012bbas iest\u0101de - Valmieras pirmsskolas izgl\u012bt\u012bbas iest\u0101de \u201cKR\u0100C\u012aTES\u201d\" \/>\n<meta property=\"og:description\" content=\"Izv\u0113rt\u0113jot izgl\u012bt\u012bbas iest\u0101di p\u0113c l\u012bdz\u0161in\u0113j\u0101m aktivit\u0101t\u0113m un turpm\u0101kiem nodomiem dom\u0101t par kapacit\u0101tes stiprin\u0101\u0161anu, lai caur izgl\u012bt\u012bbas iest\u0101des vidi gan audz\u0113k\u0146iem [&hellip;]\" \/>\n<meta property=\"og:url\" content=\"https:\/\/izglitiba.valmierasnovads.lv\/kracites\/veselibu-veicinosa-izglitibas-iestade\/\" \/>\n<meta property=\"og:site_name\" content=\"Valmieras pirmsskolas izgl\u012bt\u012bbas iest\u0101de \u201cKR\u0100C\u012aTES\u201d\" \/>\n<meta property=\"article:modified_time\" content=\"2025-10-14T12:50:21+00:00\" \/>\n<meta property=\"og:image\" content=\"https:\/\/izglitiba.valmierasnovads.lv\/kracites\/wp-content\/uploads\/sites\/5\/2025\/10\/image-4.png\" \/>\n\t<meta property=\"og:image:width\" content=\"415\" \/>\n\t<meta property=\"og:image:height\" content=\"561\" \/>\n\t<meta property=\"og:image:type\" content=\"image\/png\" \/>\n<meta name=\"twitter:card\" content=\"summary_large_image\" \/>\n<meta name=\"twitter:label1\" content=\"Est. reading time\" \/>\n\t<meta name=\"twitter:data1\" content=\"1 min\u016bte\" \/>\n<script type=\"application\/ld+json\" class=\"yoast-schema-graph\">{\"@context\":\"https:\/\/schema.org\",\"@graph\":[{\"@type\":\"WebPage\",\"@id\":\"https:\/\/izglitiba.valmierasnovads.lv\/kracites\/veselibu-veicinosa-izglitibas-iestade\/\",\"url\":\"https:\/\/izglitiba.valmierasnovads.lv\/kracites\/veselibu-veicinosa-izglitibas-iestade\/\",\"name\":\"Vesel\u012bbu veicino\u0161a izgl\u012bt\u012bbas iest\u0101de - Valmieras pirmsskolas izgl\u012bt\u012bbas iest\u0101de \u201cKR\u0100C\u012aTES\u201d\",\"isPartOf\":{\"@id\":\"https:\/\/izglitiba.valmierasnovads.lv\/kracites\/#website\"},\"primaryImageOfPage\":{\"@id\":\"https:\/\/izglitiba.valmierasnovads.lv\/kracites\/veselibu-veicinosa-izglitibas-iestade\/#primaryimage\"},\"image\":{\"@id\":\"https:\/\/izglitiba.valmierasnovads.lv\/kracites\/veselibu-veicinosa-izglitibas-iestade\/#primaryimage\"},\"thumbnailUrl\":\"https:\/\/izglitiba.valmierasnovads.lv\/kracites\/wp-content\/uploads\/sites\/5\/2025\/10\/image-4.png\",\"datePublished\":\"2025-10-14T07:19:18+00:00\",\"dateModified\":\"2025-10-14T12:50:21+00:00\",\"breadcrumb\":{\"@id\":\"https:\/\/izglitiba.valmierasnovads.lv\/kracites\/veselibu-veicinosa-izglitibas-iestade\/#breadcrumb\"},\"inLanguage\":\"lv-LV\",\"potentialAction\":[{\"@type\":\"ReadAction\",\"target\":[\"https:\/\/izglitiba.valmierasnovads.lv\/kracites\/veselibu-veicinosa-izglitibas-iestade\/\"]}]},{\"@type\":\"ImageObject\",\"inLanguage\":\"lv-LV\",\"@id\":\"https:\/\/izglitiba.valmierasnovads.lv\/kracites\/veselibu-veicinosa-izglitibas-iestade\/#primaryimage\",\"url\":\"https:\/\/izglitiba.valmierasnovads.lv\/kracites\/wp-content\/uploads\/sites\/5\/2025\/10\/image-4.png\",\"contentUrl\":\"https:\/\/izglitiba.valmierasnovads.lv\/kracites\/wp-content\/uploads\/sites\/5\/2025\/10\/image-4.png\",\"width\":415,\"height\":561},{\"@type\":\"BreadcrumbList\",\"@id\":\"https:\/\/izglitiba.valmierasnovads.lv\/kracites\/veselibu-veicinosa-izglitibas-iestade\/#breadcrumb\",\"itemListElement\":[{\"@type\":\"ListItem\",\"position\":1,\"name\":\"Home\",\"item\":\"https:\/\/izglitiba.valmierasnovads.lv\/kracites\/\"},{\"@type\":\"ListItem\",\"position\":2,\"name\":\"Vesel\u012bbu veicino\u0161a izgl\u012bt\u012bbas iest\u0101de\"}]},{\"@type\":\"WebSite\",\"@id\":\"https:\/\/izglitiba.valmierasnovads.lv\/kracites\/#website\",\"url\":\"https:\/\/izglitiba.valmierasnovads.lv\/kracites\/\",\"name\":\"Valmieras pirmsskolas izgl\u012bt\u012bbas iest\u0101de \u201cKR\u0100C\u012aTES\u201d\",\"description\":\"\",\"publisher\":{\"@id\":\"https:\/\/izglitiba.valmierasnovads.lv\/kracites\/#organization\"},\"potentialAction\":[{\"@type\":\"SearchAction\",\"target\":{\"@type\":\"EntryPoint\",\"urlTemplate\":\"https:\/\/izglitiba.valmierasnovads.lv\/kracites\/?s={search_term_string}\"},\"query-input\":{\"@type\":\"PropertyValueSpecification\",\"valueRequired\":true,\"valueName\":\"search_term_string\"}}],\"inLanguage\":\"lv-LV\"},{\"@type\":\"Organization\",\"@id\":\"https:\/\/izglitiba.valmierasnovads.lv\/kracites\/#organization\",\"name\":\"Valmieras pirmsskolas izgl\u012bt\u012bbas iest\u0101de \u201cKR\u0100C\u012aTES\u201d\",\"url\":\"https:\/\/izglitiba.valmierasnovads.lv\/kracites\/\",\"logo\":{\"@type\":\"ImageObject\",\"inLanguage\":\"lv-LV\",\"@id\":\"https:\/\/izglitiba.valmierasnovads.lv\/kracites\/#\/schema\/logo\/image\/\",\"url\":\"https:\/\/izglitiba.valmierasnovads.lv\/kracites\/wp-content\/uploads\/sites\/5\/2026\/04\/cropped-Pirmsskolas-izglitibas-iestades-ar-pasu-logo-2-scaled-1-1.png\",\"contentUrl\":\"https:\/\/izglitiba.valmierasnovads.lv\/kracites\/wp-content\/uploads\/sites\/5\/2026\/04\/cropped-Pirmsskolas-izglitibas-iestades-ar-pasu-logo-2-scaled-1-1.png\",\"width\":1389,\"height\":405,\"caption\":\"Valmieras pirmsskolas izgl\u012bt\u012bbas iest\u0101de \u201cKR\u0100C\u012aTES\u201d\"},\"image\":{\"@id\":\"https:\/\/izglitiba.valmierasnovads.lv\/kracites\/#\/schema\/logo\/image\/\"}}]}<\/script>\n<!-- \/ Yoast SEO plugin. -->","yoast_head_json":{"title":"Vesel\u012bbu veicino\u0161a izgl\u012bt\u012bbas iest\u0101de - Valmieras pirmsskolas izgl\u012bt\u012bbas iest\u0101de \u201cKR\u0100C\u012aTES\u201d","robots":{"index":"index","follow":"follow","max-snippet":"max-snippet:-1","max-image-preview":"max-image-preview:large","max-video-preview":"max-video-preview:-1"},"canonical":"https:\/\/izglitiba.valmierasnovads.lv\/kracites\/veselibu-veicinosa-izglitibas-iestade\/","og_locale":"lv_LV","og_type":"article","og_title":"Vesel\u012bbu veicino\u0161a izgl\u012bt\u012bbas iest\u0101de - Valmieras pirmsskolas izgl\u012bt\u012bbas iest\u0101de \u201cKR\u0100C\u012aTES\u201d","og_description":"Izv\u0113rt\u0113jot izgl\u012bt\u012bbas iest\u0101di p\u0113c l\u012bdz\u0161in\u0113j\u0101m aktivit\u0101t\u0113m un turpm\u0101kiem nodomiem dom\u0101t par kapacit\u0101tes stiprin\u0101\u0161anu, lai caur izgl\u012bt\u012bbas iest\u0101des vidi gan audz\u0113k\u0146iem [&hellip;]","og_url":"https:\/\/izglitiba.valmierasnovads.lv\/kracites\/veselibu-veicinosa-izglitibas-iestade\/","og_site_name":"Valmieras pirmsskolas izgl\u012bt\u012bbas iest\u0101de \u201cKR\u0100C\u012aTES\u201d","article_modified_time":"2025-10-14T12:50:21+00:00","og_image":[{"width":415,"height":561,"url":"https:\/\/izglitiba.valmierasnovads.lv\/kracites\/wp-content\/uploads\/sites\/5\/2025\/10\/image-4.png","type":"image\/png"}],"twitter_card":"summary_large_image","twitter_misc":{"Est. reading time":"1 min\u016bte"},"schema":{"@context":"https:\/\/schema.org","@graph":[{"@type":"WebPage","@id":"https:\/\/izglitiba.valmierasnovads.lv\/kracites\/veselibu-veicinosa-izglitibas-iestade\/","url":"https:\/\/izglitiba.valmierasnovads.lv\/kracites\/veselibu-veicinosa-izglitibas-iestade\/","name":"Vesel\u012bbu veicino\u0161a izgl\u012bt\u012bbas iest\u0101de - Valmieras pirmsskolas izgl\u012bt\u012bbas iest\u0101de \u201cKR\u0100C\u012aTES\u201d","isPartOf":{"@id":"https:\/\/izglitiba.valmierasnovads.lv\/kracites\/#website"},"primaryImageOfPage":{"@id":"https:\/\/izglitiba.valmierasnovads.lv\/kracites\/veselibu-veicinosa-izglitibas-iestade\/#primaryimage"},"image":{"@id":"https:\/\/izglitiba.valmierasnovads.lv\/kracites\/veselibu-veicinosa-izglitibas-iestade\/#primaryimage"},"thumbnailUrl":"https:\/\/izglitiba.valmierasnovads.lv\/kracites\/wp-content\/uploads\/sites\/5\/2025\/10\/image-4.png","datePublished":"2025-10-14T07:19:18+00:00","dateModified":"2025-10-14T12:50:21+00:00","breadcrumb":{"@id":"https:\/\/izglitiba.valmierasnovads.lv\/kracites\/veselibu-veicinosa-izglitibas-iestade\/#breadcrumb"},"inLanguage":"lv-LV","potentialAction":[{"@type":"ReadAction","target":["https:\/\/izglitiba.valmierasnovads.lv\/kracites\/veselibu-veicinosa-izglitibas-iestade\/"]}]},{"@type":"ImageObject","inLanguage":"lv-LV","@id":"https:\/\/izglitiba.valmierasnovads.lv\/kracites\/veselibu-veicinosa-izglitibas-iestade\/#primaryimage","url":"https:\/\/izglitiba.valmierasnovads.lv\/kracites\/wp-content\/uploads\/sites\/5\/2025\/10\/image-4.png","contentUrl":"https:\/\/izglitiba.valmierasnovads.lv\/kracites\/wp-content\/uploads\/sites\/5\/2025\/10\/image-4.png","width":415,"height":561},{"@type":"BreadcrumbList","@id":"https:\/\/izglitiba.valmierasnovads.lv\/kracites\/veselibu-veicinosa-izglitibas-iestade\/#breadcrumb","itemListElement":[{"@type":"ListItem","position":1,"name":"Home","item":"https:\/\/izglitiba.valmierasnovads.lv\/kracites\/"},{"@type":"ListItem","position":2,"name":"Vesel\u012bbu veicino\u0161a izgl\u012bt\u012bbas iest\u0101de"}]},{"@type":"WebSite","@id":"https:\/\/izglitiba.valmierasnovads.lv\/kracites\/#website","url":"https:\/\/izglitiba.valmierasnovads.lv\/kracites\/","name":"Valmieras pirmsskolas izgl\u012bt\u012bbas iest\u0101de \u201cKR\u0100C\u012aTES\u201d","description":"","publisher":{"@id":"https:\/\/izglitiba.valmierasnovads.lv\/kracites\/#organization"},"potentialAction":[{"@type":"SearchAction","target":{"@type":"EntryPoint","urlTemplate":"https:\/\/izglitiba.valmierasnovads.lv\/kracites\/?s={search_term_string}"},"query-input":{"@type":"PropertyValueSpecification","valueRequired":true,"valueName":"search_term_string"}}],"inLanguage":"lv-LV"},{"@type":"Organization","@id":"https:\/\/izglitiba.valmierasnovads.lv\/kracites\/#organization","name":"Valmieras pirmsskolas izgl\u012bt\u012bbas iest\u0101de \u201cKR\u0100C\u012aTES\u201d","url":"https:\/\/izglitiba.valmierasnovads.lv\/kracites\/","logo":{"@type":"ImageObject","inLanguage":"lv-LV","@id":"https:\/\/izglitiba.valmierasnovads.lv\/kracites\/#\/schema\/logo\/image\/","url":"https:\/\/izglitiba.valmierasnovads.lv\/kracites\/wp-content\/uploads\/sites\/5\/2026\/04\/cropped-Pirmsskolas-izglitibas-iestades-ar-pasu-logo-2-scaled-1-1.png","contentUrl":"https:\/\/izglitiba.valmierasnovads.lv\/kracites\/wp-content\/uploads\/sites\/5\/2026\/04\/cropped-Pirmsskolas-izglitibas-iestades-ar-pasu-logo-2-scaled-1-1.png","width":1389,"height":405,"caption":"Valmieras pirmsskolas izgl\u012bt\u012bbas iest\u0101de \u201cKR\u0100C\u012aTES\u201d"},"image":{"@id":"https:\/\/izglitiba.valmierasnovads.lv\/kracites\/#\/schema\/logo\/image\/"}}]}},"_links":{"self":[{"href":"https:\/\/izglitiba.valmierasnovads.lv\/kracites\/wp-json\/wp\/v2\/pages\/121","targetHints":{"allow":["GET"]}}],"collection":[{"href":"https:\/\/izglitiba.valmierasnovads.lv\/kracites\/wp-json\/wp\/v2\/pages"}],"about":[{"href":"https:\/\/izglitiba.valmierasnovads.lv\/kracites\/wp-json\/wp\/v2\/types\/page"}],"author":[{"embeddable":true,"href":"https:\/\/izglitiba.valmierasnovads.lv\/kracites\/wp-json\/wp\/v2\/users\/49"}],"replies":[{"embeddable":true,"href":"https:\/\/izglitiba.valmierasnovads.lv\/kracites\/wp-json\/wp\/v2\/comments?post=121"}],"version-history":[{"count":2,"href":"https:\/\/izglitiba.valmierasnovads.lv\/kracites\/wp-json\/wp\/v2\/pages\/121\/revisions"}],"predecessor-version":[{"id":160,"href":"https:\/\/izglitiba.valmierasnovads.lv\/kracites\/wp-json\/wp\/v2\/pages\/121\/revisions\/160"}],"wp:attachment":[{"href":"https:\/\/izglitiba.valmierasnovads.lv\/kracites\/wp-json\/wp\/v2\/media?parent=121"}],"curies":[{"name":"wp","href":"https:\/\/api.w.org\/{rel}","templated":true}]}}