{"id":7,"date":"2025-04-03T13:43:27","date_gmt":"2025-04-03T10:43:27","guid":{"rendered":"https:\/\/izglitiba.valmierasnovads.lv\/kracites\/sakumlapa\/"},"modified":"2026-03-25T10:24:47","modified_gmt":"2026-03-25T08:24:47","slug":"sakumlapa","status":"publish","type":"page","link":"https:\/\/izglitiba.valmierasnovads.lv\/kracites\/","title":{"rendered":"S\u0101kumlapa"},"content":{"rendered":"\n<div class=\"main-slider\">\n    <div><img decoding=\"async\" src=\"https:\/\/izglitiba.valmierasnovads.lv\/kracites\/wp-content\/uploads\/sites\/5\/2026\/03\/Kracites-1.jpg\" alt=\"\"><\/div><div><img decoding=\"async\" src=\"https:\/\/izglitiba.valmierasnovads.lv\/kracites\/wp-content\/uploads\/sites\/5\/2025\/04\/Skolu-majaslapai-galveno-attelu-slaideris-3.png\" alt=\"\"><\/div><\/div>\n\n\n<div id=\"quick_sites\">\n    <div class=\"quick_link_title\">\u0100tr\u0101s saites<\/div><div class=\"links-container\"><div class=\"quick_site_link\"><a href=\"https:\/\/izglitiba.valmierasnovads.lv\/kracites\/dzimbas-drosibas-programma\/\">D\u017eimbas nodarb\u012bbas<\/a><\/div><div class=\"quick_site_link\"><a href=\"https:\/\/izglitiba.valmierasnovads.lv\/kracites\/veselibu-veicinosa-izglitibas-iestade\/\">Vesel\u012bbu vecino\u0161a izgl\u012bt\u012bbas iest\u0101de<\/a><\/div><div class=\"quick_site_link\"><a href=\"https:\/\/izglitiba.valmierasnovads.lv\/kracites\/ekoskola\/\">Ekoskola<\/a><\/div><\/div><\/div>\n<div id=\"quick_sites_line\"><\/div>\n\n\n<div class=\"news-slider-wrapper\">\n    <h2>Jaunumi<\/h2>\n    <p class=\"link\"><a href=\"https:\/\/izglitiba.valmierasnovads.lv\/kracites\/jaunumi\" title=\"Las\u012bt visus jaunumus\">Las\u012bt visus<\/a><\/p>\n    <div class=\"news-slider\">\n        <div class=\"item\"><a href=\"https:\/\/izglitiba.valmierasnovads.lv\/kracites\/2026\/04\/27\/radosie-pedagogi-2026\/\">\n                        <div class=\"item-image\"><img decoding=\"async\" src=\" https:\/\/izglitiba.valmierasnovads.lv\/kracites\/wp-content\/uploads\/sites\/5\/2026\/04\/94de41f6-b389-4192-893f-6604a22d03cf.jpg \" \/><\/div><div class=\"item-title\">\u201cRado\u0161ie pedagogi\u201d 2026<\/div><div class=\"item-date\">27.04.2026<\/div><div class=\"item-description\"><\/div>\n                        <\/a><div class=\"item-link\"><a href=\"https:\/\/izglitiba.valmierasnovads.lv\/kracites\/2026\/04\/27\/radosie-pedagogi-2026\/\">Las\u012bt vair\u0101k<\/a><\/div><\/div><div class=\"item\"><a href=\"https:\/\/izglitiba.valmierasnovads.lv\/kracites\/2026\/04\/27\/olimpiska-diena\/\">\n                        <div class=\"item-image\"><img decoding=\"async\" src=\" https:\/\/izglitiba.valmierasnovads.lv\/kracites\/wp-content\/uploads\/sites\/5\/2026\/04\/0-1.jpg \" \/><\/div><div class=\"item-title\">Olimpisk\u0101 diena<\/div><div class=\"item-date\">27.04.2026<\/div><div class=\"item-description\">Olimpisk\u0101s dienas m\u0113r\u0137is ir veicin\u0101t vesel\u012bgu un akt\u012bvu dz\u012bves veidu, k\u0101 ar\u012b stiprin\u0101t dra&#8230;<\/div>\n                        <\/a><div class=\"item-link\"><a href=\"https:\/\/izglitiba.valmierasnovads.lv\/kracites\/2026\/04\/27\/olimpiska-diena\/\">Las\u012bt vair\u0101k<\/a><\/div><\/div><div class=\"item\"><a href=\"https:\/\/izglitiba.valmierasnovads.lv\/kracites\/2026\/04\/15\/veseligs-uzturs\/\">\n                        <div class=\"item-image\"><img decoding=\"async\" src=\" https:\/\/izglitiba.valmierasnovads.lv\/kracites\/wp-content\/uploads\/sites\/5\/2026\/04\/1.jpg \" \/><\/div><div class=\"item-title\">Vesel\u012bgs uzturs<\/div><div class=\"item-date\">15.04.2026<\/div><div class=\"item-description\">Vesel\u012bgs uzturs ikdien\u0101 nodro\u0161in\u0101tu pilnv\u0113rt\u012bgu b\u0113rna att\u012bst\u012bbu, t\u0101d\u0113\u013c m\u016bsu \u201cR\u016b\u0137a n&#8230;<\/div>\n                        <\/a><div class=\"item-link\"><a href=\"https:\/\/izglitiba.valmierasnovads.lv\/kracites\/2026\/04\/15\/veseligs-uzturs\/\">Las\u012bt vair\u0101k<\/a><\/div><\/div><div class=\"item\"><a href=\"https:\/\/izglitiba.valmierasnovads.lv\/kracites\/2026\/04\/07\/lieldienu-prieks\/\">\n                        <div class=\"item-image\"><img decoding=\"async\" src=\" https:\/\/izglitiba.valmierasnovads.lv\/kracites\/wp-content\/uploads\/sites\/5\/2026\/04\/IMG-20260407-WA0015-e1775560364270.jpg \" \/><\/div><div class=\"item-title\">Lieldienu prieks<\/div><div class=\"item-date\">07.04.2026<\/div><div class=\"item-description\">Lieldienas ir pavasara sv\u0113tki \u2013 mostas daba, saule k\u013c\u016bst silt\u0101ka, putni atgrie\u017eas un \u0161\u0137i\u013ca&#8230;<\/div>\n                        <\/a><div class=\"item-link\"><a href=\"https:\/\/izglitiba.valmierasnovads.lv\/kracites\/2026\/04\/07\/lieldienu-prieks\/\">Las\u012bt vair\u0101k<\/a><\/div><\/div><div class=\"item\"><a href=\"https:\/\/izglitiba.valmierasnovads.lv\/kracites\/2026\/04\/02\/ekoskolas-aktivitates-marta\/\">\n                        <div class=\"item-image\"><img decoding=\"async\" src=\" https:\/\/izglitiba.valmierasnovads.lv\/kracites\/wp-content\/uploads\/sites\/5\/2026\/04\/image.png \" \/><\/div><div class=\"item-title\">Ekoskolas aktivit\u0101tes mart\u0101<\/div><div class=\"item-date\">02.04.2026<\/div><div class=\"item-description\">Atz\u012bm\u0113jot Pasaules \u016bdens dienu, s\u0101k\u0101m ar prezent\u0101ciju par \u016bdeni, k\u0101p\u0113c \u016bdens ir tik svar\u012b&#8230;<\/div>\n                        <\/a><div class=\"item-link\"><a href=\"https:\/\/izglitiba.valmierasnovads.lv\/kracites\/2026\/04\/02\/ekoskolas-aktivitates-marta\/\">Las\u012bt vair\u0101k<\/a><\/div><\/div><div class=\"item\"><a href=\"https:\/\/izglitiba.valmierasnovads.lv\/kracites\/2026\/03\/31\/koncertuzvedums-transports-un-mes\/\">\n                        <div class=\"item-image\"><img decoding=\"async\" src=\" https:\/\/izglitiba.valmierasnovads.lv\/kracites\/wp-content\/uploads\/sites\/5\/2026\/03\/kopbilde.jpg \" \/><\/div><div class=\"item-title\">Koncertuzvedums \u201cTransports un m\u0113s\u201d<\/div><div class=\"item-date\">31.03.2026<\/div><div class=\"item-description\">\u0160\u012b m\u0101c\u012bbu gada ekoskolas programmas t\u0113ma \u201cTransports\u201d. Katru m\u0113nesi apg\u016bti da\u017e\u0101di temat&#8230;<\/div>\n                        <\/a><div class=\"item-link\"><a href=\"https:\/\/izglitiba.valmierasnovads.lv\/kracites\/2026\/03\/31\/koncertuzvedums-transports-un-mes\/\">Las\u012bt vair\u0101k<\/a><\/div><\/div><div class=\"item\"><a href=\"https:\/\/izglitiba.valmierasnovads.lv\/kracites\/2026\/03\/27\/pasaules-miega-diena\/\">\n                        <div class=\"item-image\"><img decoding=\"async\" src=\" https:\/\/izglitiba.valmierasnovads.lv\/kracites\/wp-content\/uploads\/sites\/5\/2026\/03\/images.png \" \/><\/div><div class=\"item-title\">Pasaules Miega diena<\/div><div class=\"item-date\">27.03.2026<\/div><div class=\"item-description\">26.mart\u0101, m\u016bsu PII Kr\u0101c\u012bt\u0113s atz\u012bm\u0113j\u0101m Pid\u017eamu dienu. Gan lielie, gan mazie b\u0113rnud\u0101rz\u0101 ie&#8230;<\/div>\n                        <\/a><div class=\"item-link\"><a href=\"https:\/\/izglitiba.valmierasnovads.lv\/kracites\/2026\/03\/27\/pasaules-miega-diena\/\">Las\u012bt vair\u0101k<\/a><\/div><\/div><div class=\"item\"><a href=\"https:\/\/izglitiba.valmierasnovads.lv\/kracites\/2026\/03\/04\/lepojamies\/\">\n                        <div class=\"item-image\"><img decoding=\"async\" src=\" https:\/\/izglitiba.valmierasnovads.lv\/kracites\/wp-content\/uploads\/sites\/5\/2026\/03\/a8385ff8-2ecb-4e32-a397-e366b7721859.jpg \" \/><\/div><div class=\"item-title\">Lepojamies<\/div><div class=\"item-date\">04.03.2026<\/div><div class=\"item-description\">SIA \u201cZAAO\u201d Dabas un tehnolo\u0123iju parka \u201cURDA\u201d 2025.\/2026.m.g. vides akcija pedagogiem \u201eAPR&#8230;<\/div>\n                        <\/a><div class=\"item-link\"><a href=\"https:\/\/izglitiba.valmierasnovads.lv\/kracites\/2026\/03\/04\/lepojamies\/\">Las\u012bt vair\u0101k<\/a><\/div><\/div><div class=\"item\"><a href=\"https:\/\/izglitiba.valmierasnovads.lv\/kracites\/2026\/02\/20\/jutu-koferitis-aizraujoss-piedzivojums-biblioteka\/\">\n                        <div class=\"item-image\"><img decoding=\"async\" src=\" https:\/\/izglitiba.valmierasnovads.lv\/kracites\/wp-content\/uploads\/sites\/5\/2026\/02\/image-13-e1771595898219.png \" \/><\/div><div class=\"item-title\">&#8220;J\u016btu kofer\u012btis&#8221;- aizraujo\u0161s piedz\u012bvojums bibliot\u0113k\u0101<\/div><div class=\"item-date\">20.02.2026<\/div><div class=\"item-description\">\u201c\u0136iparu\u201d grupas b\u0113rni dev\u0101s uz Valmieras integr\u0113to bibliot\u0113ku, lai piedz\u012bvotu aizraujo\u0161u &#8230;<\/div>\n                        <\/a><div class=\"item-link\"><a href=\"https:\/\/izglitiba.valmierasnovads.lv\/kracites\/2026\/02\/20\/jutu-koferitis-aizraujoss-piedzivojums-biblioteka\/\">Las\u012bt vair\u0101k<\/a><\/div><\/div><div class=\"item\"><a href=\"https:\/\/izglitiba.valmierasnovads.lv\/kracites\/2026\/02\/20\/draudzibas-diena\/\">\n                        <div class=\"item-image\"><img decoding=\"async\" src=\" https:\/\/izglitiba.valmierasnovads.lv\/kracites\/wp-content\/uploads\/sites\/5\/2026\/02\/Attels1-1.jpg \" \/><\/div><div class=\"item-title\">Draudz\u012bbas diena<\/div><div class=\"item-date\">20.02.2026<\/div><div class=\"item-description\">\u0160ogad atz\u012bm\u0113jot Draudz\u012bbas dienu, \u0136iparu grupa ar prieku uzaicin\u0101ja K\u0101p\u0113\u010du grupu uz \u012bpa\u0161u&#8230;<\/div>\n                        <\/a><div class=\"item-link\"><a href=\"https:\/\/izglitiba.valmierasnovads.lv\/kracites\/2026\/02\/20\/draudzibas-diena\/\">Las\u012bt vair\u0101k<\/a><\/div><\/div>    <\/div>\n<\/div>   \n\n\n\n\n\n<div class='line-wrapper'>\n<\/div>\n<div class=\"poster-slider-wrapper\">\n    <h2>Afi\u0161a<\/h2>\n    <p class=\"link\"><a href=\"https:\/\/izglitiba.valmierasnovads.lv\/kracites\/afisas\" title=\"Skat\u012bt visas galerijas\">Skat\u012bt visas<\/a><\/p>\n    <div class=\"poster-slider\">\n        <div class=\"item\"><div class=\"item-image\"><a id=\"call_gallery\" class=\"cboxElement\" data-fancybox-trigger=\"gallery\" data-fancybox-index=\"0\"><img decoding=\"async\" src=\" https:\/\/izglitiba.valmierasnovads.lv\/kracites\/wp-content\/uploads\/sites\/5\/2026\/04\/Olimpiska-diena-Kracites-2026-scaled.jpg \" \/><\/a><\/div><\/div><div class=\"item\"><div class=\"item-image\"><a id=\"call_gallery\" class=\"cboxElement\" data-fancybox-trigger=\"gallery\" data-fancybox-index=\"1\"><img decoding=\"async\" src=\" https:\/\/izglitiba.valmierasnovads.lv\/kracites\/wp-content\/uploads\/sites\/5\/2026\/04\/e3ec121f-edb4-4281-9a1a-4f607a37d801.jpg \" \/><\/a><\/div><\/div><div class=\"item\"><div class=\"item-image\"><a id=\"call_gallery\" class=\"cboxElement\" data-fancybox-trigger=\"gallery\" data-fancybox-index=\"2\"><img decoding=\"async\" src=\" https:\/\/izglitiba.valmierasnovads.lv\/kracites\/wp-content\/uploads\/sites\/5\/2026\/03\/Pidzamu-diena-Kracites-2026-scaled.jpg \" \/><\/a><\/div><\/div><div class=\"item\"><div class=\"item-image\"><a id=\"call_gallery\" class=\"cboxElement\" data-fancybox-trigger=\"gallery\" data-fancybox-index=\"3\"><img decoding=\"async\" src=\" https:\/\/izglitiba.valmierasnovads.lv\/kracites\/wp-content\/uploads\/sites\/5\/2026\/03\/0.png \" \/><\/a><\/div><\/div><div class=\"item\"><div class=\"item-image\"><a id=\"call_gallery\" class=\"cboxElement\" data-fancybox-trigger=\"gallery\" data-fancybox-index=\"4\"><img decoding=\"async\" src=\" https:\/\/izglitiba.valmierasnovads.lv\/kracites\/wp-content\/uploads\/sites\/5\/2026\/03\/Kracites_AtvertoDurvjuDienas_2026.jpg \" \/><\/a><\/div><\/div><div class=\"item\"><div class=\"item-image\"><a id=\"call_gallery\" class=\"cboxElement\" data-fancybox-trigger=\"gallery\" data-fancybox-index=\"5\"><img decoding=\"async\" src=\" https:\/\/izglitiba.valmierasnovads.lv\/kracites\/wp-content\/uploads\/sites\/5\/2026\/02\/images.jpg \" \/><\/a><\/div><\/div><div class=\"item\"><div class=\"item-image\"><a id=\"call_gallery\" class=\"cboxElement\" data-fancybox-trigger=\"gallery\" data-fancybox-index=\"6\"><img decoding=\"async\" src=\" https:\/\/izglitiba.valmierasnovads.lv\/kracites\/wp-content\/uploads\/sites\/5\/2025\/11\/30eba81f-de5d-4803-b4b6-987748296d6e.jpg \" \/><\/a><\/div><\/div><div class=\"item\"><div class=\"item-image\"><a id=\"call_gallery\" class=\"cboxElement\" data-fancybox-trigger=\"gallery\" data-fancybox-index=\"7\"><img decoding=\"async\" src=\" https:\/\/izglitiba.valmierasnovads.lv\/kracites\/wp-content\/uploads\/sites\/5\/2025\/10\/0.jpg \" \/><\/a><\/div><\/div>    <\/div>\n    <div style=\"display: hidden;\">\n        <a href=\"https:\/\/izglitiba.valmierasnovads.lv\/kracites\/wp-content\/uploads\/sites\/5\/2026\/04\/Olimpiska-diena-Kracites-2026-scaled.jpg\" data-fancybox=\"gallery\"><\/a><a href=\"https:\/\/izglitiba.valmierasnovads.lv\/kracites\/wp-content\/uploads\/sites\/5\/2026\/04\/e3ec121f-edb4-4281-9a1a-4f607a37d801.jpg\" data-fancybox=\"gallery\"><\/a><a href=\"https:\/\/izglitiba.valmierasnovads.lv\/kracites\/wp-content\/uploads\/sites\/5\/2026\/03\/Pidzamu-diena-Kracites-2026-scaled.jpg\" data-fancybox=\"gallery\"><\/a><a href=\"https:\/\/izglitiba.valmierasnovads.lv\/kracites\/wp-content\/uploads\/sites\/5\/2026\/03\/0.png\" data-fancybox=\"gallery\"><\/a><a href=\"https:\/\/izglitiba.valmierasnovads.lv\/kracites\/wp-content\/uploads\/sites\/5\/2026\/03\/Kracites_AtvertoDurvjuDienas_2026.jpg\" data-fancybox=\"gallery\"><\/a><a href=\"https:\/\/izglitiba.valmierasnovads.lv\/kracites\/wp-content\/uploads\/sites\/5\/2026\/02\/images.jpg\" data-fancybox=\"gallery\"><\/a><a href=\"https:\/\/izglitiba.valmierasnovads.lv\/kracites\/wp-content\/uploads\/sites\/5\/2025\/11\/30eba81f-de5d-4803-b4b6-987748296d6e.jpg\" data-fancybox=\"gallery\"><\/a><a href=\"https:\/\/izglitiba.valmierasnovads.lv\/kracites\/wp-content\/uploads\/sites\/5\/2025\/10\/0.jpg\" data-fancybox=\"gallery\"><\/a>    <\/div>\n<\/div>\n\n\n\n<div class='line-wrapper'>\n<\/div>\n<div class=\"gallery-slider-wrapper\">\n<h2>Galerija<\/h2>\n<p class=\"link\"><a href=\"https:\/\/izglitiba.valmierasnovads.lv\/kracites\/galerijas\" title=\"Skat\u012bt visas galerijas\">Skat\u012bt visas<\/a><\/p>\n<div class=\"gallery-slider\">\n    <div class=\"item\"><div class=\"item-image\"><a href=\"https:\/\/izglitiba.valmierasnovads.lv\/kracites\/galery\/kracites-ziema\/\"><img decoding=\"async\" src=\" https:\/\/izglitiba.valmierasnovads.lv\/kracites\/wp-content\/uploads\/sites\/5\/2026\/01\/bc483a44-b31d-4dc2-acf5-d91e2a38d0ff.jpg \" \/><div class=\"item-description\"><div class=\"item-title\">&#8220;Kr\u0101c\u012btes&#8221; ziem\u0101<\/div><div class=\"item-count\">3 att\u0113li<\/div><\/div><\/a><\/div><div class=\"item-bottom\"><\/div><\/div><div class=\"item\"><div class=\"item-image\"><a href=\"https:\/\/izglitiba.valmierasnovads.lv\/kracites\/galery\/kracites-rudeni\/\"><img decoding=\"async\" src=\" https:\/\/izglitiba.valmierasnovads.lv\/kracites\/wp-content\/uploads\/sites\/5\/2025\/04\/74ebfd3d-52dd-4bab-b8d2-b3fdc7ce6cf5.jpg \" \/><div class=\"item-description\"><div class=\"item-title\">&#8220;Kr\u0101c\u012btes&#8221; ruden\u012b<\/div><div class=\"item-count\">3 att\u0113li<\/div><\/div><\/a><\/div><div class=\"item-bottom\"><\/div><\/div><\/div>\n<\/div>\n\n\n<div class='line-wrapper'>\n<\/div>\n<div class=\"partner-slider-wrapper\">\n    <div class=\"partner-slider\">\n        <div class=\"item\"><div class=\"item-logo\"><a href=\"https:\/\/www.lizda.lv\"><img decoding=\"async\" src=\"https:\/\/izglitiba.valmierasnovads.lv\/kracites\/wp-content\/uploads\/sites\/5\/2026\/03\/image_2026-03-25_102338082.png\" alt=\"LIZDA\" \/><\/a><\/div><\/div><div class=\"item\"><div class=\"item-logo\"><a href=\"https:\/\/eliis.eu\/auth\/login\"><img decoding=\"async\" src=\"https:\/\/izglitiba.valmierasnovads.lv\/kracites\/wp-content\/uploads\/sites\/5\/2026\/03\/image_2026-03-25_102155060.png\" alt=\"ELIIS\" \/><\/a><\/div><\/div><div class=\"item\"><div class=\"item-logo\"><a href=\"https:\/\/www.urda.lv\"><img decoding=\"async\" src=\"https:\/\/izglitiba.valmierasnovads.lv\/kracites\/wp-content\/uploads\/sites\/5\/2026\/03\/image_2026-03-25_102027284.png\" alt=\"Urda\" \/><\/a><\/div><\/div><div class=\"item\"><div class=\"item-logo\"><a href=\"https:\/\/skolo.lv\"><img decoding=\"async\" src=\"https:\/\/izglitiba.valmierasnovads.lv\/kracites\/wp-content\/uploads\/sites\/5\/2026\/03\/image_2026-03-25_101751709.png\" alt=\"Skolo.lv\" \/><\/a><\/div><\/div><div class=\"item\"><div class=\"item-logo\"><a href=\"https:\/\/www.valmierasnovads.lv\"><img decoding=\"async\" src=\"https:\/\/izglitiba.valmierasnovads.lv\/kracites\/wp-content\/uploads\/sites\/5\/2026\/03\/image_2026-03-25_101549109.png\" alt=\"Valmieras novads\" \/><\/a><\/div><\/div><div class=\"item\"><div class=\"item-logo\"><a href=\"https:\/\/www.viaa.gov.lv\/lv\"><img decoding=\"async\" src=\"https:\/\/izglitiba.valmierasnovads.lv\/kracites\/wp-content\/uploads\/sites\/5\/2026\/03\/visc.jpg\" alt=\"Valsts izgl\u012bt\u012bbas satura centrs\" \/><\/a><\/div><\/div>    <\/div>\n<\/div>\n\n\n<p><\/p>\n","protected":false},"excerpt":{"rendered":"","protected":false},"author":1,"featured_media":0,"parent":0,"menu_order":0,"comment_status":"closed","ping_status":"closed","template":"","meta":{"_acf_changed":false,"site-sidebar-layout":"default","site-content-layout":"","ast-site-content-layout":"default","site-content-style":"default","site-sidebar-style":"default","ast-global-header-display":"","ast-banner-title-visibility":"","ast-main-header-display":"","ast-hfb-above-header-display":"","ast-hfb-below-header-display":"","ast-hfb-mobile-header-display":"","site-post-title":"","ast-breadcrumbs-content":"","ast-featured-img":"","footer-sml-layout":"","ast-disable-related-posts":"","theme-transparent-header-meta":"","adv-header-id-meta":"","stick-header-meta":"","header-above-stick-meta":"","header-main-stick-meta":"","header-below-stick-meta":"","astra-migrate-meta-layouts":"default","ast-page-background-enabled":"default","ast-page-background-meta":{"desktop":{"background-color":"var(--ast-global-color-5)","background-image":"","background-repeat":"repeat","background-position":"center center","background-size":"auto","background-attachment":"scroll","background-type":"","background-media":"","overlay-type":"","overlay-color":"","overlay-opacity":"","overlay-gradient":""},"tablet":{"background-color":"","background-image":"","background-repeat":"repeat","background-position":"center center","background-size":"auto","background-attachment":"scroll","background-type":"","background-media":"","overlay-type":"","overlay-color":"","overlay-opacity":"","overlay-gradient":""},"mobile":{"background-color":"","background-image":"","background-repeat":"repeat","background-position":"center center","background-size":"auto","background-attachment":"scroll","background-type":"","background-media":"","overlay-type":"","overlay-color":"","overlay-opacity":"","overlay-gradient":""}},"ast-content-background-meta":{"desktop":{"background-color":"var(--ast-global-color-4)","background-image":"","background-repeat":"repeat","background-position":"center center","background-size":"auto","background-attachment":"scroll","background-type":"","background-media":"","overlay-type":"","overlay-color":"","overlay-opacity":"","overlay-gradient":""},"tablet":{"background-color":"var(--ast-global-color-4)","background-image":"","background-repeat":"repeat","background-position":"center center","background-size":"auto","background-attachment":"scroll","background-type":"","background-media":"","overlay-type":"","overlay-color":"","overlay-opacity":"","overlay-gradient":""},"mobile":{"background-color":"var(--ast-global-color-4)","background-image":"","background-repeat":"repeat","background-position":"center center","background-size":"auto","background-attachment":"scroll","background-type":"","background-media":"","overlay-type":"","overlay-color":"","overlay-opacity":"","overlay-gradient":""}},"footnotes":""},"class_list":["post-7","page","type-page","status-publish","hentry"],"acf":[],"yoast_head":"<!-- This site is optimized with the Yoast SEO plugin v27.0 - https:\/\/yoast.com\/product\/yoast-seo-wordpress\/ -->\n<title>S\u0101kumlapa - Valmieras pirmsskolas izgl\u012bt\u012bbas iest\u0101de \u201cKR\u0100C\u012aTES\u201d<\/title>\n<meta name=\"robots\" content=\"index, follow, max-snippet:-1, max-image-preview:large, max-video-preview:-1\" \/>\n<link rel=\"canonical\" href=\"https:\/\/izglitiba.valmierasnovads.lv\/kracites\/\" \/>\n<meta property=\"og:locale\" content=\"lv_LV\" \/>\n<meta property=\"og:type\" content=\"article\" \/>\n<meta property=\"og:title\" content=\"S\u0101kumlapa - Valmieras pirmsskolas izgl\u012bt\u012bbas iest\u0101de \u201cKR\u0100C\u012aTES\u201d\" \/>\n<meta property=\"og:url\" content=\"https:\/\/izglitiba.valmierasnovads.lv\/kracites\/\" \/>\n<meta property=\"og:site_name\" content=\"Valmieras pirmsskolas izgl\u012bt\u012bbas iest\u0101de \u201cKR\u0100C\u012aTES\u201d\" \/>\n<meta property=\"article:modified_time\" content=\"2026-03-25T08:24:47+00:00\" \/>\n<meta name=\"twitter:card\" content=\"summary_large_image\" \/>\n<script type=\"application\/ld+json\" class=\"yoast-schema-graph\">{\"@context\":\"https:\/\/schema.org\",\"@graph\":[{\"@type\":\"WebPage\",\"@id\":\"https:\/\/izglitiba.valmierasnovads.lv\/kracites\/\",\"url\":\"https:\/\/izglitiba.valmierasnovads.lv\/kracites\/\",\"name\":\"S\u0101kumlapa - Valmieras pirmsskolas izgl\u012bt\u012bbas iest\u0101de \u201cKR\u0100C\u012aTES\u201d\",\"isPartOf\":{\"@id\":\"https:\/\/izglitiba.valmierasnovads.lv\/kracites\/#website\"},\"datePublished\":\"2025-04-03T10:43:27+00:00\",\"dateModified\":\"2026-03-25T08:24:47+00:00\",\"breadcrumb\":{\"@id\":\"https:\/\/izglitiba.valmierasnovads.lv\/kracites\/#breadcrumb\"},\"inLanguage\":\"lv-LV\",\"potentialAction\":[{\"@type\":\"ReadAction\",\"target\":[\"https:\/\/izglitiba.valmierasnovads.lv\/kracites\/\"]}]},{\"@type\":\"BreadcrumbList\",\"@id\":\"https:\/\/izglitiba.valmierasnovads.lv\/kracites\/#breadcrumb\",\"itemListElement\":[{\"@type\":\"ListItem\",\"position\":1,\"name\":\"Home\",\"item\":\"https:\/\/izglitiba.valmierasnovads.lv\/kracites\/\"},{\"@type\":\"ListItem\",\"position\":2,\"name\":\"S\u0101kumlapa\"}]},{\"@type\":\"WebSite\",\"@id\":\"https:\/\/izglitiba.valmierasnovads.lv\/kracites\/#website\",\"url\":\"https:\/\/izglitiba.valmierasnovads.lv\/kracites\/\",\"name\":\"Valmieras pirmsskolas izgl\u012bt\u012bbas iest\u0101de \u201cKR\u0100C\u012aTES\u201d\",\"description\":\"\",\"publisher\":{\"@id\":\"https:\/\/izglitiba.valmierasnovads.lv\/kracites\/#organization\"},\"potentialAction\":[{\"@type\":\"SearchAction\",\"target\":{\"@type\":\"EntryPoint\",\"urlTemplate\":\"https:\/\/izglitiba.valmierasnovads.lv\/kracites\/?s={search_term_string}\"},\"query-input\":{\"@type\":\"PropertyValueSpecification\",\"valueRequired\":true,\"valueName\":\"search_term_string\"}}],\"inLanguage\":\"lv-LV\"},{\"@type\":\"Organization\",\"@id\":\"https:\/\/izglitiba.valmierasnovads.lv\/kracites\/#organization\",\"name\":\"Valmieras pirmsskolas izgl\u012bt\u012bbas iest\u0101de \u201cKR\u0100C\u012aTES\u201d\",\"url\":\"https:\/\/izglitiba.valmierasnovads.lv\/kracites\/\",\"logo\":{\"@type\":\"ImageObject\",\"inLanguage\":\"lv-LV\",\"@id\":\"https:\/\/izglitiba.valmierasnovads.lv\/kracites\/#\/schema\/logo\/image\/\",\"url\":\"https:\/\/izglitiba.valmierasnovads.lv\/kracites\/wp-content\/uploads\/sites\/5\/2026\/04\/cropped-Pirmsskolas-izglitibas-iestades-ar-pasu-logo-2-scaled-1-1.png\",\"contentUrl\":\"https:\/\/izglitiba.valmierasnovads.lv\/kracites\/wp-content\/uploads\/sites\/5\/2026\/04\/cropped-Pirmsskolas-izglitibas-iestades-ar-pasu-logo-2-scaled-1-1.png\",\"width\":1389,\"height\":405,\"caption\":\"Valmieras pirmsskolas izgl\u012bt\u012bbas iest\u0101de \u201cKR\u0100C\u012aTES\u201d\"},\"image\":{\"@id\":\"https:\/\/izglitiba.valmierasnovads.lv\/kracites\/#\/schema\/logo\/image\/\"}}]}<\/script>\n<!-- \/ Yoast SEO plugin. -->","yoast_head_json":{"title":"S\u0101kumlapa - Valmieras pirmsskolas izgl\u012bt\u012bbas iest\u0101de \u201cKR\u0100C\u012aTES\u201d","robots":{"index":"index","follow":"follow","max-snippet":"max-snippet:-1","max-image-preview":"max-image-preview:large","max-video-preview":"max-video-preview:-1"},"canonical":"https:\/\/izglitiba.valmierasnovads.lv\/kracites\/","og_locale":"lv_LV","og_type":"article","og_title":"S\u0101kumlapa - Valmieras pirmsskolas izgl\u012bt\u012bbas iest\u0101de \u201cKR\u0100C\u012aTES\u201d","og_url":"https:\/\/izglitiba.valmierasnovads.lv\/kracites\/","og_site_name":"Valmieras pirmsskolas izgl\u012bt\u012bbas iest\u0101de \u201cKR\u0100C\u012aTES\u201d","article_modified_time":"2026-03-25T08:24:47+00:00","twitter_card":"summary_large_image","schema":{"@context":"https:\/\/schema.org","@graph":[{"@type":"WebPage","@id":"https:\/\/izglitiba.valmierasnovads.lv\/kracites\/","url":"https:\/\/izglitiba.valmierasnovads.lv\/kracites\/","name":"S\u0101kumlapa - Valmieras pirmsskolas izgl\u012bt\u012bbas iest\u0101de \u201cKR\u0100C\u012aTES\u201d","isPartOf":{"@id":"https:\/\/izglitiba.valmierasnovads.lv\/kracites\/#website"},"datePublished":"2025-04-03T10:43:27+00:00","dateModified":"2026-03-25T08:24:47+00:00","breadcrumb":{"@id":"https:\/\/izglitiba.valmierasnovads.lv\/kracites\/#breadcrumb"},"inLanguage":"lv-LV","potentialAction":[{"@type":"ReadAction","target":["https:\/\/izglitiba.valmierasnovads.lv\/kracites\/"]}]},{"@type":"BreadcrumbList","@id":"https:\/\/izglitiba.valmierasnovads.lv\/kracites\/#breadcrumb","itemListElement":[{"@type":"ListItem","position":1,"name":"Home","item":"https:\/\/izglitiba.valmierasnovads.lv\/kracites\/"},{"@type":"ListItem","position":2,"name":"S\u0101kumlapa"}]},{"@type":"WebSite","@id":"https:\/\/izglitiba.valmierasnovads.lv\/kracites\/#website","url":"https:\/\/izglitiba.valmierasnovads.lv\/kracites\/","name":"Valmieras pirmsskolas izgl\u012bt\u012bbas iest\u0101de \u201cKR\u0100C\u012aTES\u201d","description":"","publisher":{"@id":"https:\/\/izglitiba.valmierasnovads.lv\/kracites\/#organization"},"potentialAction":[{"@type":"SearchAction","target":{"@type":"EntryPoint","urlTemplate":"https:\/\/izglitiba.valmierasnovads.lv\/kracites\/?s={search_term_string}"},"query-input":{"@type":"PropertyValueSpecification","valueRequired":true,"valueName":"search_term_string"}}],"inLanguage":"lv-LV"},{"@type":"Organization","@id":"https:\/\/izglitiba.valmierasnovads.lv\/kracites\/#organization","name":"Valmieras pirmsskolas izgl\u012bt\u012bbas iest\u0101de \u201cKR\u0100C\u012aTES\u201d","url":"https:\/\/izglitiba.valmierasnovads.lv\/kracites\/","logo":{"@type":"ImageObject","inLanguage":"lv-LV","@id":"https:\/\/izglitiba.valmierasnovads.lv\/kracites\/#\/schema\/logo\/image\/","url":"https:\/\/izglitiba.valmierasnovads.lv\/kracites\/wp-content\/uploads\/sites\/5\/2026\/04\/cropped-Pirmsskolas-izglitibas-iestades-ar-pasu-logo-2-scaled-1-1.png","contentUrl":"https:\/\/izglitiba.valmierasnovads.lv\/kracites\/wp-content\/uploads\/sites\/5\/2026\/04\/cropped-Pirmsskolas-izglitibas-iestades-ar-pasu-logo-2-scaled-1-1.png","width":1389,"height":405,"caption":"Valmieras pirmsskolas izgl\u012bt\u012bbas iest\u0101de \u201cKR\u0100C\u012aTES\u201d"},"image":{"@id":"https:\/\/izglitiba.valmierasnovads.lv\/kracites\/#\/schema\/logo\/image\/"}}]}},"_links":{"self":[{"href":"https:\/\/izglitiba.valmierasnovads.lv\/kracites\/wp-json\/wp\/v2\/pages\/7","targetHints":{"allow":["GET"]}}],"collection":[{"href":"https:\/\/izglitiba.valmierasnovads.lv\/kracites\/wp-json\/wp\/v2\/pages"}],"about":[{"href":"https:\/\/izglitiba.valmierasnovads.lv\/kracites\/wp-json\/wp\/v2\/types\/page"}],"author":[{"embeddable":true,"href":"https:\/\/izglitiba.valmierasnovads.lv\/kracites\/wp-json\/wp\/v2\/users\/1"}],"replies":[{"embeddable":true,"href":"https:\/\/izglitiba.valmierasnovads.lv\/kracites\/wp-json\/wp\/v2\/comments?post=7"}],"version-history":[{"count":20,"href":"https:\/\/izglitiba.valmierasnovads.lv\/kracites\/wp-json\/wp\/v2\/pages\/7\/revisions"}],"predecessor-version":[{"id":670,"href":"https:\/\/izglitiba.valmierasnovads.lv\/kracites\/wp-json\/wp\/v2\/pages\/7\/revisions\/670"}],"wp:attachment":[{"href":"https:\/\/izglitiba.valmierasnovads.lv\/kracites\/wp-json\/wp\/v2\/media?parent=7"}],"curies":[{"name":"wp","href":"https:\/\/api.w.org\/{rel}","templated":true}]}}