{"id":1713,"date":"2026-04-24T07:44:14","date_gmt":"2026-04-24T04:44:14","guid":{"rendered":"https:\/\/izglitiba.valmierasnovads.lv\/mazsalacaspiidarzins\/?post_type=galery&#038;p=1713"},"modified":"2026-04-24T07:44:15","modified_gmt":"2026-04-24T04:44:15","slug":"talkas-dienas-darzina-grupinas","status":"publish","type":"galery","link":"https:\/\/izglitiba.valmierasnovads.lv\/mazsalacaspiidarzins\/galery\/talkas-dienas-darzina-grupinas\/","title":{"rendered":"Talkas dienas &#8220;D\u0101rzi\u0146a&#8221; grupi\u0146\u0101s"},"content":{"rendered":"\n<p><img loading=\"lazy\" decoding=\"async\" height=\"16\" width=\"16\" src=\"https:\/\/static.xx.fbcdn.net\/images\/emoji.php\/v9\/tbb\/1\/16\/1f98b.png\" alt=\"\ud83e\udd8b\">Grupi\u0146a \u201cTauren\u012b\u0161i\u201d \u010dakli v\u0101ca atkritumus Ramatas teritorij\u0101, r\u016bp\u0113joties par t\u012bru un sakoptu vidi.<\/p>\n\n\n\n<p><img loading=\"lazy\" decoding=\"async\" height=\"16\" width=\"16\" alt=\"\ud83e\udd94\" src=\"https:\/\/static.xx.fbcdn.net\/images\/emoji.php\/v9\/t2c\/1\/16\/1f994.png\">&#8220;Ez\u012b\u0161i\u201d darboj\u0101s pirmsskolas teritorij\u0101 \u2013 labiek\u0101rtoja laukumu, sat\u012br\u012bja nojum\u012bti un mar\u0137\u0113ja rota\u013cliet\u0101m paredz\u0113t\u0101s kastes, lai viss b\u016btu k\u0101rt\u012bb\u0101 un viegli atrodams.<\/p>\n\n\n\n<p><img loading=\"lazy\" decoding=\"async\" height=\"16\" width=\"16\" alt=\"\ud83d\udc25\" src=\"https:\/\/static.xx.fbcdn.net\/images\/emoji.php\/v9\/tf\/1\/16\/1f425.png\">Tikm\u0113r \u201cC\u0101l\u012b\u0161i\u201d dev\u0101s pal\u012bg\u0101 senioriem, pal\u012bdzot sakraut malku.<\/p>\n\n\n\n<p><img loading=\"lazy\" decoding=\"async\" height=\"16\" width=\"16\" alt=\"\ud83d\udc1e\" src=\"https:\/\/static.xx.fbcdn.net\/images\/emoji.php\/v9\/ta0\/1\/16\/1f41e.png\"><img loading=\"lazy\" decoding=\"async\" height=\"16\" width=\"16\" alt=\"\ud83d\udc69\u200d\ud83c\udf3e\" src=\"https:\/\/static.xx.fbcdn.net\/images\/emoji.php\/v9\/t9\/1\/16\/1f469_200d_1f33e.png\">\u201cM\u0101r\u012btes\u201d un \u201cSpr\u012bd\u012b\u0161i\u201d \u010dakli v\u0101ca atkritumus Mazsalacas teritorij\u0101, padarot apk\u0101rtni t\u012br\u0101ku un pat\u012bkam\u0101ku visiem.<\/p>\n\n\n\n<p><img loading=\"lazy\" decoding=\"async\" height=\"16\" width=\"16\" alt=\"\ud83d\udc1d\" src=\"https:\/\/static.xx.fbcdn.net\/images\/emoji.php\/v9\/t1f\/1\/16\/1f41d.png\">Savuk\u0101rt \u201cBit\u012btes\u201d ar lielu ener\u0123iju labiek\u0101rtoja topo\u0161o atp\u016btas vietu Mazsalac\u0101 \u2013 z\u0101\u0123\u0113ja kr\u016bmus, gr\u0101ba lapas un nesa malku.<\/p>\n\n\n\n<p>Lepojamies ar m\u016bsu mazajiem lielajiem dar\u012bt\u0101jiem! Kop\u0101 m\u0113s varam padar\u012bt savu apk\u0101rtni un pasauli skaist\u0101ku!<img loading=\"lazy\" decoding=\"async\" height=\"16\" width=\"16\" alt=\"\ud83d\udc9a\" src=\"https:\/\/static.xx.fbcdn.net\/images\/emoji.php\/v9\/t94\/1\/16\/1f49a.png\"><\/p>\n","protected":false},"featured_media":1712,"template":"","meta":{"_acf_changed":false,"site-sidebar-layout":"default","site-content-layout":"","ast-site-content-layout":"default","site-content-style":"default","site-sidebar-style":"default","ast-global-header-display":"","ast-banner-title-visibility":"","ast-main-header-display":"","ast-hfb-above-header-display":"","ast-hfb-below-header-display":"","ast-hfb-mobile-header-display":"","site-post-title":"","ast-breadcrumbs-content":"","ast-featured-img":"","footer-sml-layout":"","ast-disable-related-posts":"","theme-transparent-header-meta":"","adv-header-id-meta":"","stick-header-meta":"","header-above-stick-meta":"","header-main-stick-meta":"","header-below-stick-meta":"","astra-migrate-meta-layouts":"default","ast-page-background-enabled":"default","ast-page-background-meta":{"desktop":{"background-color":"var(--ast-global-color-5)","background-image":"","background-repeat":"repeat","background-position":"center center","background-size":"auto","background-attachment":"scroll","background-type":"","background-media":"","overlay-type":"","overlay-color":"","overlay-opacity":"","overlay-gradient":""},"tablet":{"background-color":"","background-image":"","background-repeat":"repeat","background-position":"center center","background-size":"auto","background-attachment":"scroll","background-type":"","background-media":"","overlay-type":"","overlay-color":"","overlay-opacity":"","overlay-gradient":""},"mobile":{"background-color":"","background-image":"","background-repeat":"repeat","background-position":"center center","background-size":"auto","background-attachment":"scroll","background-type":"","background-media":"","overlay-type":"","overlay-color":"","overlay-opacity":"","overlay-gradient":""}},"ast-content-background-meta":{"desktop":{"background-color":"var(--ast-global-color-4)","background-image":"","background-repeat":"repeat","background-position":"center center","background-size":"auto","background-attachment":"scroll","background-type":"","background-media":"","overlay-type":"","overlay-color":"","overlay-opacity":"","overlay-gradient":""},"tablet":{"background-color":"var(--ast-global-color-4)","background-image":"","background-repeat":"repeat","background-position":"center center","background-size":"auto","background-attachment":"scroll","background-type":"","background-media":"","overlay-type":"","overlay-color":"","overlay-opacity":"","overlay-gradient":""},"mobile":{"background-color":"var(--ast-global-color-4)","background-image":"","background-repeat":"repeat","background-position":"center center","background-size":"auto","background-attachment":"scroll","background-type":"","background-media":"","overlay-type":"","overlay-color":"","overlay-opacity":"","overlay-gradient":""}}},"galery_type":[],"class_list":["post-1713","galery","type-galery","status-publish","has-post-thumbnail","hentry"],"acf":[],"yoast_head":"<!-- This site is optimized with the Yoast SEO plugin v27.0 - https:\/\/yoast.com\/product\/yoast-seo-wordpress\/ -->\n<title>Talkas dienas &quot;D\u0101rzi\u0146a&quot; grupi\u0146\u0101s - Mazsalacas pirmsskolas izgl\u012bt\u012bbas iest\u0101de \u201cD\u0101rzi\u0146\u0161\u201d<\/title>\n<meta name=\"robots\" content=\"index, follow, max-snippet:-1, max-image-preview:large, max-video-preview:-1\" \/>\n<link rel=\"canonical\" href=\"https:\/\/izglitiba.valmierasnovads.lv\/mazsalacaspiidarzins\/galery\/talkas-dienas-darzina-grupinas\/\" \/>\n<meta property=\"og:locale\" content=\"lv_LV\" \/>\n<meta property=\"og:type\" content=\"article\" \/>\n<meta property=\"og:title\" content=\"Talkas dienas &quot;D\u0101rzi\u0146a&quot; grupi\u0146\u0101s - Mazsalacas pirmsskolas izgl\u012bt\u012bbas iest\u0101de \u201cD\u0101rzi\u0146\u0161\u201d\" \/>\n<meta property=\"og:description\" content=\"Grupi\u0146a \u201cTauren\u012b\u0161i\u201d \u010dakli v\u0101ca atkritumus Ramatas teritorij\u0101, r\u016bp\u0113joties par t\u012bru un sakoptu vidi. &#8220;Ez\u012b\u0161i\u201d darboj\u0101s pirmsskolas teritorij\u0101 \u2013 labiek\u0101rtoja laukumu, [&hellip;]\" \/>\n<meta property=\"og:url\" content=\"https:\/\/izglitiba.valmierasnovads.lv\/mazsalacaspiidarzins\/galery\/talkas-dienas-darzina-grupinas\/\" \/>\n<meta property=\"og:site_name\" content=\"Mazsalacas pirmsskolas izgl\u012bt\u012bbas iest\u0101de \u201cD\u0101rzi\u0146\u0161\u201d\" \/>\n<meta property=\"article:modified_time\" content=\"2026-04-24T04:44:15+00:00\" \/>\n<meta property=\"og:image\" content=\"https:\/\/izglitiba.valmierasnovads.lv\/mazsalacaspiidarzins\/wp-content\/uploads\/sites\/11\/2026\/04\/Noformejums-bez-nosaukuma-1024x819.png\" \/>\n\t<meta property=\"og:image:width\" content=\"1024\" \/>\n\t<meta property=\"og:image:height\" content=\"819\" \/>\n\t<meta property=\"og:image:type\" content=\"image\/png\" \/>\n<meta name=\"twitter:card\" content=\"summary_large_image\" \/>\n<meta name=\"twitter:label1\" content=\"Est. reading time\" \/>\n\t<meta name=\"twitter:data1\" content=\"3 min\u016btes\" \/>\n<script type=\"application\/ld+json\" class=\"yoast-schema-graph\">{\"@context\":\"https:\/\/schema.org\",\"@graph\":[{\"@type\":\"WebPage\",\"@id\":\"https:\/\/izglitiba.valmierasnovads.lv\/mazsalacaspiidarzins\/galery\/talkas-dienas-darzina-grupinas\/\",\"url\":\"https:\/\/izglitiba.valmierasnovads.lv\/mazsalacaspiidarzins\/galery\/talkas-dienas-darzina-grupinas\/\",\"name\":\"Talkas dienas \\\"D\u0101rzi\u0146a\\\" grupi\u0146\u0101s - Mazsalacas pirmsskolas izgl\u012bt\u012bbas iest\u0101de \u201cD\u0101rzi\u0146\u0161\u201d\",\"isPartOf\":{\"@id\":\"https:\/\/izglitiba.valmierasnovads.lv\/mazsalacaspiidarzins\/#website\"},\"primaryImageOfPage\":{\"@id\":\"https:\/\/izglitiba.valmierasnovads.lv\/mazsalacaspiidarzins\/galery\/talkas-dienas-darzina-grupinas\/#primaryimage\"},\"image\":{\"@id\":\"https:\/\/izglitiba.valmierasnovads.lv\/mazsalacaspiidarzins\/galery\/talkas-dienas-darzina-grupinas\/#primaryimage\"},\"thumbnailUrl\":\"https:\/\/izglitiba.valmierasnovads.lv\/mazsalacaspiidarzins\/wp-content\/uploads\/sites\/11\/2026\/04\/Noformejums-bez-nosaukuma.png\",\"datePublished\":\"2026-04-24T04:44:14+00:00\",\"dateModified\":\"2026-04-24T04:44:15+00:00\",\"breadcrumb\":{\"@id\":\"https:\/\/izglitiba.valmierasnovads.lv\/mazsalacaspiidarzins\/galery\/talkas-dienas-darzina-grupinas\/#breadcrumb\"},\"inLanguage\":\"lv-LV\",\"potentialAction\":[{\"@type\":\"ReadAction\",\"target\":[\"https:\/\/izglitiba.valmierasnovads.lv\/mazsalacaspiidarzins\/galery\/talkas-dienas-darzina-grupinas\/\"]}]},{\"@type\":\"ImageObject\",\"inLanguage\":\"lv-LV\",\"@id\":\"https:\/\/izglitiba.valmierasnovads.lv\/mazsalacaspiidarzins\/galery\/talkas-dienas-darzina-grupinas\/#primaryimage\",\"url\":\"https:\/\/izglitiba.valmierasnovads.lv\/mazsalacaspiidarzins\/wp-content\/uploads\/sites\/11\/2026\/04\/Noformejums-bez-nosaukuma.png\",\"contentUrl\":\"https:\/\/izglitiba.valmierasnovads.lv\/mazsalacaspiidarzins\/wp-content\/uploads\/sites\/11\/2026\/04\/Noformejums-bez-nosaukuma.png\",\"width\":2000,\"height\":1600},{\"@type\":\"BreadcrumbList\",\"@id\":\"https:\/\/izglitiba.valmierasnovads.lv\/mazsalacaspiidarzins\/galery\/talkas-dienas-darzina-grupinas\/#breadcrumb\",\"itemListElement\":[{\"@type\":\"ListItem\",\"position\":1,\"name\":\"Home\",\"item\":\"https:\/\/izglitiba.valmierasnovads.lv\/mazsalacaspiidarzins\/\"},{\"@type\":\"ListItem\",\"position\":2,\"name\":\"Talkas dienas &#8220;D\u0101rzi\u0146a&#8221; grupi\u0146\u0101s\"}]},{\"@type\":\"WebSite\",\"@id\":\"https:\/\/izglitiba.valmierasnovads.lv\/mazsalacaspiidarzins\/#website\",\"url\":\"https:\/\/izglitiba.valmierasnovads.lv\/mazsalacaspiidarzins\/\",\"name\":\"Mazsalacas pirmsskolas izgl\u012bt\u012bbas iest\u0101de \u201cD\u0101rzi\u0146\u0161\u201d\",\"description\":\"\",\"publisher\":{\"@id\":\"https:\/\/izglitiba.valmierasnovads.lv\/mazsalacaspiidarzins\/#organization\"},\"potentialAction\":[{\"@type\":\"SearchAction\",\"target\":{\"@type\":\"EntryPoint\",\"urlTemplate\":\"https:\/\/izglitiba.valmierasnovads.lv\/mazsalacaspiidarzins\/?s={search_term_string}\"},\"query-input\":{\"@type\":\"PropertyValueSpecification\",\"valueRequired\":true,\"valueName\":\"search_term_string\"}}],\"inLanguage\":\"lv-LV\"},{\"@type\":\"Organization\",\"@id\":\"https:\/\/izglitiba.valmierasnovads.lv\/mazsalacaspiidarzins\/#organization\",\"name\":\"Mazsalacas pirmsskolas izgl\u012bt\u012bbas iest\u0101de \u201cD\u0101rzi\u0146\u0161\u201d\",\"url\":\"https:\/\/izglitiba.valmierasnovads.lv\/mazsalacaspiidarzins\/\",\"logo\":{\"@type\":\"ImageObject\",\"inLanguage\":\"lv-LV\",\"@id\":\"https:\/\/izglitiba.valmierasnovads.lv\/mazsalacaspiidarzins\/#\/schema\/logo\/image\/\",\"url\":\"https:\/\/izglitiba.valmierasnovads.lv\/mazsalacaspiidarzins\/wp-content\/uploads\/sites\/11\/2026\/03\/cropped-Pirmsskolas-izglitibas-iestades-ar-pasu-logo-3-scaled-1.png\",\"contentUrl\":\"https:\/\/izglitiba.valmierasnovads.lv\/mazsalacaspiidarzins\/wp-content\/uploads\/sites\/11\/2026\/03\/cropped-Pirmsskolas-izglitibas-iestades-ar-pasu-logo-3-scaled-1.png\",\"width\":1365,\"height\":406,\"caption\":\"Mazsalacas pirmsskolas izgl\u012bt\u012bbas iest\u0101de \u201cD\u0101rzi\u0146\u0161\u201d\"},\"image\":{\"@id\":\"https:\/\/izglitiba.valmierasnovads.lv\/mazsalacaspiidarzins\/#\/schema\/logo\/image\/\"}}]}<\/script>\n<!-- \/ Yoast SEO plugin. -->","yoast_head_json":{"title":"Talkas dienas \"D\u0101rzi\u0146a\" grupi\u0146\u0101s - Mazsalacas pirmsskolas izgl\u012bt\u012bbas iest\u0101de \u201cD\u0101rzi\u0146\u0161\u201d","robots":{"index":"index","follow":"follow","max-snippet":"max-snippet:-1","max-image-preview":"max-image-preview:large","max-video-preview":"max-video-preview:-1"},"canonical":"https:\/\/izglitiba.valmierasnovads.lv\/mazsalacaspiidarzins\/galery\/talkas-dienas-darzina-grupinas\/","og_locale":"lv_LV","og_type":"article","og_title":"Talkas dienas \"D\u0101rzi\u0146a\" grupi\u0146\u0101s - Mazsalacas pirmsskolas izgl\u012bt\u012bbas iest\u0101de \u201cD\u0101rzi\u0146\u0161\u201d","og_description":"Grupi\u0146a \u201cTauren\u012b\u0161i\u201d \u010dakli v\u0101ca atkritumus Ramatas teritorij\u0101, r\u016bp\u0113joties par t\u012bru un sakoptu vidi. &#8220;Ez\u012b\u0161i\u201d darboj\u0101s pirmsskolas teritorij\u0101 \u2013 labiek\u0101rtoja laukumu, [&hellip;]","og_url":"https:\/\/izglitiba.valmierasnovads.lv\/mazsalacaspiidarzins\/galery\/talkas-dienas-darzina-grupinas\/","og_site_name":"Mazsalacas pirmsskolas izgl\u012bt\u012bbas iest\u0101de \u201cD\u0101rzi\u0146\u0161\u201d","article_modified_time":"2026-04-24T04:44:15+00:00","og_image":[{"width":1024,"height":819,"url":"https:\/\/izglitiba.valmierasnovads.lv\/mazsalacaspiidarzins\/wp-content\/uploads\/sites\/11\/2026\/04\/Noformejums-bez-nosaukuma-1024x819.png","type":"image\/png"}],"twitter_card":"summary_large_image","twitter_misc":{"Est. reading time":"3 min\u016btes"},"schema":{"@context":"https:\/\/schema.org","@graph":[{"@type":"WebPage","@id":"https:\/\/izglitiba.valmierasnovads.lv\/mazsalacaspiidarzins\/galery\/talkas-dienas-darzina-grupinas\/","url":"https:\/\/izglitiba.valmierasnovads.lv\/mazsalacaspiidarzins\/galery\/talkas-dienas-darzina-grupinas\/","name":"Talkas dienas \"D\u0101rzi\u0146a\" grupi\u0146\u0101s - Mazsalacas pirmsskolas izgl\u012bt\u012bbas iest\u0101de \u201cD\u0101rzi\u0146\u0161\u201d","isPartOf":{"@id":"https:\/\/izglitiba.valmierasnovads.lv\/mazsalacaspiidarzins\/#website"},"primaryImageOfPage":{"@id":"https:\/\/izglitiba.valmierasnovads.lv\/mazsalacaspiidarzins\/galery\/talkas-dienas-darzina-grupinas\/#primaryimage"},"image":{"@id":"https:\/\/izglitiba.valmierasnovads.lv\/mazsalacaspiidarzins\/galery\/talkas-dienas-darzina-grupinas\/#primaryimage"},"thumbnailUrl":"https:\/\/izglitiba.valmierasnovads.lv\/mazsalacaspiidarzins\/wp-content\/uploads\/sites\/11\/2026\/04\/Noformejums-bez-nosaukuma.png","datePublished":"2026-04-24T04:44:14+00:00","dateModified":"2026-04-24T04:44:15+00:00","breadcrumb":{"@id":"https:\/\/izglitiba.valmierasnovads.lv\/mazsalacaspiidarzins\/galery\/talkas-dienas-darzina-grupinas\/#breadcrumb"},"inLanguage":"lv-LV","potentialAction":[{"@type":"ReadAction","target":["https:\/\/izglitiba.valmierasnovads.lv\/mazsalacaspiidarzins\/galery\/talkas-dienas-darzina-grupinas\/"]}]},{"@type":"ImageObject","inLanguage":"lv-LV","@id":"https:\/\/izglitiba.valmierasnovads.lv\/mazsalacaspiidarzins\/galery\/talkas-dienas-darzina-grupinas\/#primaryimage","url":"https:\/\/izglitiba.valmierasnovads.lv\/mazsalacaspiidarzins\/wp-content\/uploads\/sites\/11\/2026\/04\/Noformejums-bez-nosaukuma.png","contentUrl":"https:\/\/izglitiba.valmierasnovads.lv\/mazsalacaspiidarzins\/wp-content\/uploads\/sites\/11\/2026\/04\/Noformejums-bez-nosaukuma.png","width":2000,"height":1600},{"@type":"BreadcrumbList","@id":"https:\/\/izglitiba.valmierasnovads.lv\/mazsalacaspiidarzins\/galery\/talkas-dienas-darzina-grupinas\/#breadcrumb","itemListElement":[{"@type":"ListItem","position":1,"name":"Home","item":"https:\/\/izglitiba.valmierasnovads.lv\/mazsalacaspiidarzins\/"},{"@type":"ListItem","position":2,"name":"Talkas dienas &#8220;D\u0101rzi\u0146a&#8221; grupi\u0146\u0101s"}]},{"@type":"WebSite","@id":"https:\/\/izglitiba.valmierasnovads.lv\/mazsalacaspiidarzins\/#website","url":"https:\/\/izglitiba.valmierasnovads.lv\/mazsalacaspiidarzins\/","name":"Mazsalacas pirmsskolas izgl\u012bt\u012bbas iest\u0101de \u201cD\u0101rzi\u0146\u0161\u201d","description":"","publisher":{"@id":"https:\/\/izglitiba.valmierasnovads.lv\/mazsalacaspiidarzins\/#organization"},"potentialAction":[{"@type":"SearchAction","target":{"@type":"EntryPoint","urlTemplate":"https:\/\/izglitiba.valmierasnovads.lv\/mazsalacaspiidarzins\/?s={search_term_string}"},"query-input":{"@type":"PropertyValueSpecification","valueRequired":true,"valueName":"search_term_string"}}],"inLanguage":"lv-LV"},{"@type":"Organization","@id":"https:\/\/izglitiba.valmierasnovads.lv\/mazsalacaspiidarzins\/#organization","name":"Mazsalacas pirmsskolas izgl\u012bt\u012bbas iest\u0101de \u201cD\u0101rzi\u0146\u0161\u201d","url":"https:\/\/izglitiba.valmierasnovads.lv\/mazsalacaspiidarzins\/","logo":{"@type":"ImageObject","inLanguage":"lv-LV","@id":"https:\/\/izglitiba.valmierasnovads.lv\/mazsalacaspiidarzins\/#\/schema\/logo\/image\/","url":"https:\/\/izglitiba.valmierasnovads.lv\/mazsalacaspiidarzins\/wp-content\/uploads\/sites\/11\/2026\/03\/cropped-Pirmsskolas-izglitibas-iestades-ar-pasu-logo-3-scaled-1.png","contentUrl":"https:\/\/izglitiba.valmierasnovads.lv\/mazsalacaspiidarzins\/wp-content\/uploads\/sites\/11\/2026\/03\/cropped-Pirmsskolas-izglitibas-iestades-ar-pasu-logo-3-scaled-1.png","width":1365,"height":406,"caption":"Mazsalacas pirmsskolas izgl\u012bt\u012bbas iest\u0101de \u201cD\u0101rzi\u0146\u0161\u201d"},"image":{"@id":"https:\/\/izglitiba.valmierasnovads.lv\/mazsalacaspiidarzins\/#\/schema\/logo\/image\/"}}]}},"_links":{"self":[{"href":"https:\/\/izglitiba.valmierasnovads.lv\/mazsalacaspiidarzins\/wp-json\/wp\/v2\/galery\/1713","targetHints":{"allow":["GET"]}}],"collection":[{"href":"https:\/\/izglitiba.valmierasnovads.lv\/mazsalacaspiidarzins\/wp-json\/wp\/v2\/galery"}],"about":[{"href":"https:\/\/izglitiba.valmierasnovads.lv\/mazsalacaspiidarzins\/wp-json\/wp\/v2\/types\/galery"}],"wp:featuredmedia":[{"embeddable":true,"href":"https:\/\/izglitiba.valmierasnovads.lv\/mazsalacaspiidarzins\/wp-json\/wp\/v2\/media\/1712"}],"wp:attachment":[{"href":"https:\/\/izglitiba.valmierasnovads.lv\/mazsalacaspiidarzins\/wp-json\/wp\/v2\/media?parent=1713"}],"wp:term":[{"taxonomy":"galery_type","embeddable":true,"href":"https:\/\/izglitiba.valmierasnovads.lv\/mazsalacaspiidarzins\/wp-json\/wp\/v2\/galery_type?post=1713"}],"curies":[{"name":"wp","href":"https:\/\/api.w.org\/{rel}","templated":true}]}}