{"id":178,"date":"2026-02-12T12:09:03","date_gmt":"2026-02-12T10:09:03","guid":{"rendered":"https:\/\/izglitiba.valmierasnovads.lv\/piiezitis\/?page_id=178"},"modified":"2026-04-16T15:35:19","modified_gmt":"2026-04-16T12:35:19","slug":"vesture-un-tradicijas","status":"publish","type":"page","link":"https:\/\/izglitiba.valmierasnovads.lv\/piiezitis\/vesture-un-tradicijas\/","title":{"rendered":"V\u0113sture un trad\u012bcijas"},"content":{"rendered":"\n<div class=\"wp-block-media-text is-stacked-on-mobile\" style=\"grid-template-columns:40% auto\"><figure class=\"wp-block-media-text__media\"><img loading=\"lazy\" decoding=\"async\" width=\"1024\" height=\"639\" src=\"https:\/\/izglitiba.valmierasnovads.lv\/piiezitis\/wp-content\/uploads\/sites\/13\/2026\/04\/Attels1-1024x639.jpg\" alt=\"\" class=\"wp-image-576 size-full\" srcset=\"https:\/\/izglitiba.valmierasnovads.lv\/piiezitis\/wp-content\/uploads\/sites\/13\/2026\/04\/Attels1-1024x639.jpg 1024w, https:\/\/izglitiba.valmierasnovads.lv\/piiezitis\/wp-content\/uploads\/sites\/13\/2026\/04\/Attels1-300x187.jpg 300w, https:\/\/izglitiba.valmierasnovads.lv\/piiezitis\/wp-content\/uploads\/sites\/13\/2026\/04\/Attels1-768x479.jpg 768w, https:\/\/izglitiba.valmierasnovads.lv\/piiezitis\/wp-content\/uploads\/sites\/13\/2026\/04\/Attels1.jpg 1207w\" sizes=\"auto, (max-width: 1024px) 100vw, 1024px\" \/><\/figure><div class=\"wp-block-media-text__content\">\n<p class=\"has-text-align-left\">Nedaudz par \u201cEz\u012b\u0161a\u201d pirms\u0101kumiem &#8211; 1985. gad\u0101 tika pie\u0146emts l\u0113mums celt v\u0113l vienu b\u0113rnud\u0101rzu pils\u0113t\u0101. Vieta tika izraudz\u012bta t\u0101 laika 1. Maija ielas m\u0101ju kvart\u0101l\u0101, pils\u0113tas nomal\u012bt\u0113. Agr\u0101kajos laikos \u0161\u012b zeme pieder\u0113jusi bazn\u012bcai, v\u0113l\u0101k pils\u0113ta to atpirkusi. P\u0113c aculiecinieku st\u0101st\u012bjuma zeme bijusi sadal\u012bta mazd\u0101rzi\u0146os, kurus apsaimniekoja Valmieras iedz\u012bvot\u0101ji. Apk\u0101rt atrad\u0101s p\u013cavas, kur\u0101s gan\u012bj\u0101s zirgi un govis (tagad \u0161eit ir dz\u012bvojam\u0101s m\u0101jas un veikali) \u010daloja R\u0101tsup\u012bte, otrpus tai bija kokiem un kr\u016bmiem apaugusi ieleja (tagad Valmieras 2. vidusskolas sporta laukums). Tur pavasar\u012b zied\u0113ja ievas un pogoja lakst\u012bgalas. 1986. gada novembr\u012b s\u0101k\u0101s b\u0113rnud\u0101rza celtniec\u012bba. P\u0113c devi\u0146u m\u0113ne\u0161u saspringta darba, celtniec\u012bba tuvoj\u0101s nobeigumam un 1987. gada 3. j\u016blij\u0101 atkl\u0101ja jauno 12 grupu b\u0113rnud\u0101rzu ar 280 viet\u0101m.<\/p>\n\n\n\n<p>T\u0101tad \u201eEz\u012b\u0161a\u201d dzim\u0161anas diena ir 1987. gada 3.j\u016blijs.<\/p>\n<\/div><\/div>\n\n\n\n<p><\/p>\n","protected":false},"excerpt":{"rendered":"<p>Nedaudz par \u201cEz\u012b\u0161a\u201d pirms\u0101kumiem &#8211; 1985. gad\u0101 tika pie\u0146emts l\u0113mums celt v\u0113l vienu b\u0113rnud\u0101rzu pils\u0113t\u0101. Vieta tika izraudz\u012bta t\u0101 laika [&hellip;]<\/p>\n","protected":false},"author":67,"featured_media":0,"parent":0,"menu_order":0,"comment_status":"closed","ping_status":"closed","template":"","meta":{"_acf_changed":false,"site-sidebar-layout":"default","site-content-layout":"","ast-site-content-layout":"default","site-content-style":"default","site-sidebar-style":"default","ast-global-header-display":"","ast-banner-title-visibility":"","ast-main-header-display":"","ast-hfb-above-header-display":"","ast-hfb-below-header-display":"","ast-hfb-mobile-header-display":"","site-post-title":"","ast-breadcrumbs-content":"","ast-featured-img":"","footer-sml-layout":"","ast-disable-related-posts":"","theme-transparent-header-meta":"","adv-header-id-meta":"","stick-header-meta":"","header-above-stick-meta":"","header-main-stick-meta":"","header-below-stick-meta":"","astra-migrate-meta-layouts":"default","ast-page-background-enabled":"default","ast-page-background-meta":{"desktop":{"background-color":"var(--ast-global-color-5)","background-image":"","background-repeat":"repeat","background-position":"center center","background-size":"auto","background-attachment":"scroll","background-type":"","background-media":"","overlay-type":"","overlay-color":"","overlay-opacity":"","overlay-gradient":""},"tablet":{"background-color":"","background-image":"","background-repeat":"repeat","background-position":"center center","background-size":"auto","background-attachment":"scroll","background-type":"","background-media":"","overlay-type":"","overlay-color":"","overlay-opacity":"","overlay-gradient":""},"mobile":{"background-color":"","background-image":"","background-repeat":"repeat","background-position":"center center","background-size":"auto","background-attachment":"scroll","background-type":"","background-media":"","overlay-type":"","overlay-color":"","overlay-opacity":"","overlay-gradient":""}},"ast-content-background-meta":{"desktop":{"background-color":"var(--ast-global-color-4)","background-image":"","background-repeat":"repeat","background-position":"center center","background-size":"auto","background-attachment":"scroll","background-type":"","background-media":"","overlay-type":"","overlay-color":"","overlay-opacity":"","overlay-gradient":""},"tablet":{"background-color":"var(--ast-global-color-4)","background-image":"","background-repeat":"repeat","background-position":"center center","background-size":"auto","background-attachment":"scroll","background-type":"","background-media":"","overlay-type":"","overlay-color":"","overlay-opacity":"","overlay-gradient":""},"mobile":{"background-color":"var(--ast-global-color-4)","background-image":"","background-repeat":"repeat","background-position":"center center","background-size":"auto","background-attachment":"scroll","background-type":"","background-media":"","overlay-type":"","overlay-color":"","overlay-opacity":"","overlay-gradient":""}},"footnotes":""},"class_list":["post-178","page","type-page","status-publish","hentry"],"acf":[],"yoast_head":"<!-- This site is optimized with the Yoast SEO plugin v27.0 - https:\/\/yoast.com\/product\/yoast-seo-wordpress\/ -->\n<title>V\u0113sture un trad\u012bcijas - Valmieras pirmsskolas izgl\u012bt\u012bbas iest\u0101de \u201cEZ\u012aTIS\u201d<\/title>\n<meta name=\"robots\" content=\"index, follow, max-snippet:-1, max-image-preview:large, max-video-preview:-1\" \/>\n<link rel=\"canonical\" href=\"https:\/\/izglitiba.valmierasnovads.lv\/piiezitis\/vesture-un-tradicijas\/\" \/>\n<meta property=\"og:locale\" content=\"lv_LV\" \/>\n<meta property=\"og:type\" content=\"article\" \/>\n<meta property=\"og:title\" content=\"V\u0113sture un trad\u012bcijas - Valmieras pirmsskolas izgl\u012bt\u012bbas iest\u0101de \u201cEZ\u012aTIS\u201d\" \/>\n<meta property=\"og:description\" content=\"Nedaudz par \u201cEz\u012b\u0161a\u201d pirms\u0101kumiem &#8211; 1985. gad\u0101 tika pie\u0146emts l\u0113mums celt v\u0113l vienu b\u0113rnud\u0101rzu pils\u0113t\u0101. Vieta tika izraudz\u012bta t\u0101 laika [&hellip;]\" \/>\n<meta property=\"og:url\" content=\"https:\/\/izglitiba.valmierasnovads.lv\/piiezitis\/vesture-un-tradicijas\/\" \/>\n<meta property=\"og:site_name\" content=\"Valmieras pirmsskolas izgl\u012bt\u012bbas iest\u0101de \u201cEZ\u012aTIS\u201d\" \/>\n<meta property=\"article:modified_time\" content=\"2026-04-16T12:35:19+00:00\" \/>\n<meta property=\"og:image\" content=\"https:\/\/izglitiba.valmierasnovads.lv\/piiezitis\/wp-content\/uploads\/sites\/13\/2026\/04\/Attels1.jpg\" \/>\n\t<meta property=\"og:image:width\" content=\"1207\" \/>\n\t<meta property=\"og:image:height\" content=\"753\" \/>\n\t<meta property=\"og:image:type\" content=\"image\/jpeg\" \/>\n<meta name=\"twitter:card\" content=\"summary_large_image\" \/>\n<meta name=\"twitter:label1\" content=\"Est. reading time\" \/>\n\t<meta name=\"twitter:data1\" content=\"1 min\u016bte\" \/>\n<script type=\"application\/ld+json\" class=\"yoast-schema-graph\">{\"@context\":\"https:\/\/schema.org\",\"@graph\":[{\"@type\":\"WebPage\",\"@id\":\"https:\/\/izglitiba.valmierasnovads.lv\/piiezitis\/vesture-un-tradicijas\/\",\"url\":\"https:\/\/izglitiba.valmierasnovads.lv\/piiezitis\/vesture-un-tradicijas\/\",\"name\":\"V\u0113sture un trad\u012bcijas - Valmieras pirmsskolas izgl\u012bt\u012bbas iest\u0101de \u201cEZ\u012aTIS\u201d\",\"isPartOf\":{\"@id\":\"https:\/\/izglitiba.valmierasnovads.lv\/piiezitis\/#website\"},\"primaryImageOfPage\":{\"@id\":\"https:\/\/izglitiba.valmierasnovads.lv\/piiezitis\/vesture-un-tradicijas\/#primaryimage\"},\"image\":{\"@id\":\"https:\/\/izglitiba.valmierasnovads.lv\/piiezitis\/vesture-un-tradicijas\/#primaryimage\"},\"thumbnailUrl\":\"https:\/\/izglitiba.valmierasnovads.lv\/piiezitis\/wp-content\/uploads\/sites\/13\/2026\/04\/Attels1-1024x639.jpg\",\"datePublished\":\"2026-02-12T10:09:03+00:00\",\"dateModified\":\"2026-04-16T12:35:19+00:00\",\"breadcrumb\":{\"@id\":\"https:\/\/izglitiba.valmierasnovads.lv\/piiezitis\/vesture-un-tradicijas\/#breadcrumb\"},\"inLanguage\":\"lv-LV\",\"potentialAction\":[{\"@type\":\"ReadAction\",\"target\":[\"https:\/\/izglitiba.valmierasnovads.lv\/piiezitis\/vesture-un-tradicijas\/\"]}]},{\"@type\":\"ImageObject\",\"inLanguage\":\"lv-LV\",\"@id\":\"https:\/\/izglitiba.valmierasnovads.lv\/piiezitis\/vesture-un-tradicijas\/#primaryimage\",\"url\":\"https:\/\/izglitiba.valmierasnovads.lv\/piiezitis\/wp-content\/uploads\/sites\/13\/2026\/04\/Attels1.jpg\",\"contentUrl\":\"https:\/\/izglitiba.valmierasnovads.lv\/piiezitis\/wp-content\/uploads\/sites\/13\/2026\/04\/Attels1.jpg\",\"width\":1207,\"height\":753},{\"@type\":\"BreadcrumbList\",\"@id\":\"https:\/\/izglitiba.valmierasnovads.lv\/piiezitis\/vesture-un-tradicijas\/#breadcrumb\",\"itemListElement\":[{\"@type\":\"ListItem\",\"position\":1,\"name\":\"Home\",\"item\":\"https:\/\/izglitiba.valmierasnovads.lv\/piiezitis\/\"},{\"@type\":\"ListItem\",\"position\":2,\"name\":\"V\u0113sture un trad\u012bcijas\"}]},{\"@type\":\"WebSite\",\"@id\":\"https:\/\/izglitiba.valmierasnovads.lv\/piiezitis\/#website\",\"url\":\"https:\/\/izglitiba.valmierasnovads.lv\/piiezitis\/\",\"name\":\"Valmieras pirmsskolas izgl\u012bt\u012bbas iest\u0101de \u201cEZ\u012aTIS\u201d\",\"description\":\"\",\"publisher\":{\"@id\":\"https:\/\/izglitiba.valmierasnovads.lv\/piiezitis\/#organization\"},\"potentialAction\":[{\"@type\":\"SearchAction\",\"target\":{\"@type\":\"EntryPoint\",\"urlTemplate\":\"https:\/\/izglitiba.valmierasnovads.lv\/piiezitis\/?s={search_term_string}\"},\"query-input\":{\"@type\":\"PropertyValueSpecification\",\"valueRequired\":true,\"valueName\":\"search_term_string\"}}],\"inLanguage\":\"lv-LV\"},{\"@type\":\"Organization\",\"@id\":\"https:\/\/izglitiba.valmierasnovads.lv\/piiezitis\/#organization\",\"name\":\"Valmieras pirmsskolas izgl\u012bt\u012bbas iest\u0101de \u201cEZ\u012aTIS\u201d\",\"url\":\"https:\/\/izglitiba.valmierasnovads.lv\/piiezitis\/\",\"logo\":{\"@type\":\"ImageObject\",\"inLanguage\":\"lv-LV\",\"@id\":\"https:\/\/izglitiba.valmierasnovads.lv\/piiezitis\/#\/schema\/logo\/image\/\",\"url\":\"https:\/\/izglitiba.valmierasnovads.lv\/piiezitis\/wp-content\/uploads\/sites\/13\/2026\/03\/cropped-Pirmsskolas-izglitibas-iestades-ar-pasu-logo-5-scaled-1.png\",\"contentUrl\":\"https:\/\/izglitiba.valmierasnovads.lv\/piiezitis\/wp-content\/uploads\/sites\/13\/2026\/03\/cropped-Pirmsskolas-izglitibas-iestades-ar-pasu-logo-5-scaled-1.png\",\"width\":1425,\"height\":405,\"caption\":\"Valmieras pirmsskolas izgl\u012bt\u012bbas iest\u0101de \u201cEZ\u012aTIS\u201d\"},\"image\":{\"@id\":\"https:\/\/izglitiba.valmierasnovads.lv\/piiezitis\/#\/schema\/logo\/image\/\"}}]}<\/script>\n<!-- \/ Yoast SEO plugin. -->","yoast_head_json":{"title":"V\u0113sture un trad\u012bcijas - Valmieras pirmsskolas izgl\u012bt\u012bbas iest\u0101de \u201cEZ\u012aTIS\u201d","robots":{"index":"index","follow":"follow","max-snippet":"max-snippet:-1","max-image-preview":"max-image-preview:large","max-video-preview":"max-video-preview:-1"},"canonical":"https:\/\/izglitiba.valmierasnovads.lv\/piiezitis\/vesture-un-tradicijas\/","og_locale":"lv_LV","og_type":"article","og_title":"V\u0113sture un trad\u012bcijas - Valmieras pirmsskolas izgl\u012bt\u012bbas iest\u0101de \u201cEZ\u012aTIS\u201d","og_description":"Nedaudz par \u201cEz\u012b\u0161a\u201d pirms\u0101kumiem &#8211; 1985. gad\u0101 tika pie\u0146emts l\u0113mums celt v\u0113l vienu b\u0113rnud\u0101rzu pils\u0113t\u0101. Vieta tika izraudz\u012bta t\u0101 laika [&hellip;]","og_url":"https:\/\/izglitiba.valmierasnovads.lv\/piiezitis\/vesture-un-tradicijas\/","og_site_name":"Valmieras pirmsskolas izgl\u012bt\u012bbas iest\u0101de \u201cEZ\u012aTIS\u201d","article_modified_time":"2026-04-16T12:35:19+00:00","og_image":[{"width":1207,"height":753,"url":"https:\/\/izglitiba.valmierasnovads.lv\/piiezitis\/wp-content\/uploads\/sites\/13\/2026\/04\/Attels1.jpg","type":"image\/jpeg"}],"twitter_card":"summary_large_image","twitter_misc":{"Est. reading time":"1 min\u016bte"},"schema":{"@context":"https:\/\/schema.org","@graph":[{"@type":"WebPage","@id":"https:\/\/izglitiba.valmierasnovads.lv\/piiezitis\/vesture-un-tradicijas\/","url":"https:\/\/izglitiba.valmierasnovads.lv\/piiezitis\/vesture-un-tradicijas\/","name":"V\u0113sture un trad\u012bcijas - Valmieras pirmsskolas izgl\u012bt\u012bbas iest\u0101de \u201cEZ\u012aTIS\u201d","isPartOf":{"@id":"https:\/\/izglitiba.valmierasnovads.lv\/piiezitis\/#website"},"primaryImageOfPage":{"@id":"https:\/\/izglitiba.valmierasnovads.lv\/piiezitis\/vesture-un-tradicijas\/#primaryimage"},"image":{"@id":"https:\/\/izglitiba.valmierasnovads.lv\/piiezitis\/vesture-un-tradicijas\/#primaryimage"},"thumbnailUrl":"https:\/\/izglitiba.valmierasnovads.lv\/piiezitis\/wp-content\/uploads\/sites\/13\/2026\/04\/Attels1-1024x639.jpg","datePublished":"2026-02-12T10:09:03+00:00","dateModified":"2026-04-16T12:35:19+00:00","breadcrumb":{"@id":"https:\/\/izglitiba.valmierasnovads.lv\/piiezitis\/vesture-un-tradicijas\/#breadcrumb"},"inLanguage":"lv-LV","potentialAction":[{"@type":"ReadAction","target":["https:\/\/izglitiba.valmierasnovads.lv\/piiezitis\/vesture-un-tradicijas\/"]}]},{"@type":"ImageObject","inLanguage":"lv-LV","@id":"https:\/\/izglitiba.valmierasnovads.lv\/piiezitis\/vesture-un-tradicijas\/#primaryimage","url":"https:\/\/izglitiba.valmierasnovads.lv\/piiezitis\/wp-content\/uploads\/sites\/13\/2026\/04\/Attels1.jpg","contentUrl":"https:\/\/izglitiba.valmierasnovads.lv\/piiezitis\/wp-content\/uploads\/sites\/13\/2026\/04\/Attels1.jpg","width":1207,"height":753},{"@type":"BreadcrumbList","@id":"https:\/\/izglitiba.valmierasnovads.lv\/piiezitis\/vesture-un-tradicijas\/#breadcrumb","itemListElement":[{"@type":"ListItem","position":1,"name":"Home","item":"https:\/\/izglitiba.valmierasnovads.lv\/piiezitis\/"},{"@type":"ListItem","position":2,"name":"V\u0113sture un trad\u012bcijas"}]},{"@type":"WebSite","@id":"https:\/\/izglitiba.valmierasnovads.lv\/piiezitis\/#website","url":"https:\/\/izglitiba.valmierasnovads.lv\/piiezitis\/","name":"Valmieras pirmsskolas izgl\u012bt\u012bbas iest\u0101de \u201cEZ\u012aTIS\u201d","description":"","publisher":{"@id":"https:\/\/izglitiba.valmierasnovads.lv\/piiezitis\/#organization"},"potentialAction":[{"@type":"SearchAction","target":{"@type":"EntryPoint","urlTemplate":"https:\/\/izglitiba.valmierasnovads.lv\/piiezitis\/?s={search_term_string}"},"query-input":{"@type":"PropertyValueSpecification","valueRequired":true,"valueName":"search_term_string"}}],"inLanguage":"lv-LV"},{"@type":"Organization","@id":"https:\/\/izglitiba.valmierasnovads.lv\/piiezitis\/#organization","name":"Valmieras pirmsskolas izgl\u012bt\u012bbas iest\u0101de \u201cEZ\u012aTIS\u201d","url":"https:\/\/izglitiba.valmierasnovads.lv\/piiezitis\/","logo":{"@type":"ImageObject","inLanguage":"lv-LV","@id":"https:\/\/izglitiba.valmierasnovads.lv\/piiezitis\/#\/schema\/logo\/image\/","url":"https:\/\/izglitiba.valmierasnovads.lv\/piiezitis\/wp-content\/uploads\/sites\/13\/2026\/03\/cropped-Pirmsskolas-izglitibas-iestades-ar-pasu-logo-5-scaled-1.png","contentUrl":"https:\/\/izglitiba.valmierasnovads.lv\/piiezitis\/wp-content\/uploads\/sites\/13\/2026\/03\/cropped-Pirmsskolas-izglitibas-iestades-ar-pasu-logo-5-scaled-1.png","width":1425,"height":405,"caption":"Valmieras pirmsskolas izgl\u012bt\u012bbas iest\u0101de \u201cEZ\u012aTIS\u201d"},"image":{"@id":"https:\/\/izglitiba.valmierasnovads.lv\/piiezitis\/#\/schema\/logo\/image\/"}}]}},"_links":{"self":[{"href":"https:\/\/izglitiba.valmierasnovads.lv\/piiezitis\/wp-json\/wp\/v2\/pages\/178","targetHints":{"allow":["GET"]}}],"collection":[{"href":"https:\/\/izglitiba.valmierasnovads.lv\/piiezitis\/wp-json\/wp\/v2\/pages"}],"about":[{"href":"https:\/\/izglitiba.valmierasnovads.lv\/piiezitis\/wp-json\/wp\/v2\/types\/page"}],"author":[{"embeddable":true,"href":"https:\/\/izglitiba.valmierasnovads.lv\/piiezitis\/wp-json\/wp\/v2\/users\/67"}],"replies":[{"embeddable":true,"href":"https:\/\/izglitiba.valmierasnovads.lv\/piiezitis\/wp-json\/wp\/v2\/comments?post=178"}],"version-history":[{"count":3,"href":"https:\/\/izglitiba.valmierasnovads.lv\/piiezitis\/wp-json\/wp\/v2\/pages\/178\/revisions"}],"predecessor-version":[{"id":579,"href":"https:\/\/izglitiba.valmierasnovads.lv\/piiezitis\/wp-json\/wp\/v2\/pages\/178\/revisions\/579"}],"wp:attachment":[{"href":"https:\/\/izglitiba.valmierasnovads.lv\/piiezitis\/wp-json\/wp\/v2\/media?parent=178"}],"curies":[{"name":"wp","href":"https:\/\/api.w.org\/{rel}","templated":true}]}}