{"id":196,"date":"2026-02-12T12:11:09","date_gmt":"2026-02-12T10:11:09","guid":{"rendered":"https:\/\/izglitiba.valmierasnovads.lv\/piiezitis\/?page_id=196"},"modified":"2026-03-25T15:35:05","modified_gmt":"2026-03-25T13:35:05","slug":"pedagogi","status":"publish","type":"page","link":"https:\/\/izglitiba.valmierasnovads.lv\/piiezitis\/pedagogi\/","title":{"rendered":"Pedagogi"},"content":{"rendered":"\n<div class=\"wp-block-media-text is-stacked-on-mobile\" style=\"grid-template-columns:28% auto\"><figure class=\"wp-block-media-text__media\"><img loading=\"lazy\" decoding=\"async\" width=\"467\" height=\"291\" src=\"https:\/\/izglitiba.valmierasnovads.lv\/piiezitis\/wp-content\/uploads\/sites\/13\/2026\/03\/01.png\" alt=\"\" class=\"wp-image-354 size-full\" srcset=\"https:\/\/izglitiba.valmierasnovads.lv\/piiezitis\/wp-content\/uploads\/sites\/13\/2026\/03\/01.png 467w, https:\/\/izglitiba.valmierasnovads.lv\/piiezitis\/wp-content\/uploads\/sites\/13\/2026\/03\/01-300x187.png 300w\" sizes=\"auto, (max-width: 467px) 100vw, 467px\" \/><\/figure><div class=\"wp-block-media-text__content\">\n<h2 class=\"wp-block-heading has-medium-font-size\"><strong>Juta Grava<\/strong><\/h2>\n\n\n\n<h2 class=\"wp-block-heading has-medium-font-size\"><strong>Anita Hofmane<\/strong><\/h2>\n<\/div><\/div>\n\n\n\n<div class=\"wp-block-media-text is-stacked-on-mobile\" style=\"grid-template-columns:28% auto\"><figure class=\"wp-block-media-text__media\"><img loading=\"lazy\" decoding=\"async\" width=\"467\" height=\"290\" src=\"https:\/\/izglitiba.valmierasnovads.lv\/piiezitis\/wp-content\/uploads\/sites\/13\/2026\/03\/02.png\" alt=\"\" class=\"wp-image-356 size-full\" srcset=\"https:\/\/izglitiba.valmierasnovads.lv\/piiezitis\/wp-content\/uploads\/sites\/13\/2026\/03\/02.png 467w, https:\/\/izglitiba.valmierasnovads.lv\/piiezitis\/wp-content\/uploads\/sites\/13\/2026\/03\/02-300x186.png 300w\" sizes=\"auto, (max-width: 467px) 100vw, 467px\" \/><\/figure><div class=\"wp-block-media-text__content\">\n<h2 class=\"wp-block-heading has-medium-font-size\"><strong>Zanda-Marta Grava<\/strong><\/h2>\n\n\n\n<h2 class=\"wp-block-heading has-medium-font-size\"><strong>J\u0101nis Jansons<\/strong><\/h2>\n<\/div><\/div>\n\n\n\n<div class=\"wp-block-media-text is-stacked-on-mobile\" style=\"grid-template-columns:27% auto\"><figure class=\"wp-block-media-text__media\"><img loading=\"lazy\" decoding=\"async\" width=\"406\" height=\"249\" src=\"https:\/\/izglitiba.valmierasnovads.lv\/piiezitis\/wp-content\/uploads\/sites\/13\/2026\/03\/C.png\" alt=\"\" class=\"wp-image-357 size-full\" srcset=\"https:\/\/izglitiba.valmierasnovads.lv\/piiezitis\/wp-content\/uploads\/sites\/13\/2026\/03\/C.png 406w, https:\/\/izglitiba.valmierasnovads.lv\/piiezitis\/wp-content\/uploads\/sites\/13\/2026\/03\/C-300x184.png 300w\" sizes=\"auto, (max-width: 406px) 100vw, 406px\" \/><\/figure><div class=\"wp-block-media-text__content\">\n<h2 class=\"wp-block-heading has-medium-font-size\"><em>Skolot\u0101jas<\/em> &#8211; \u00a0Santa Mi\u0137elsone, Laila Gavare<\/h2>\n\n\n\n<h2 class=\"wp-block-heading has-medium-font-size\"><em>Skolot\u0101ju pal\u012bdze<\/em>  &#8211; Sintija Ranc\u0101ne<\/h2>\n<\/div><\/div>\n\n\n\n<div class=\"wp-block-media-text is-stacked-on-mobile\" style=\"grid-template-columns:27% auto\"><figure class=\"wp-block-media-text__media\"><img loading=\"lazy\" decoding=\"async\" width=\"409\" height=\"253\" src=\"https:\/\/izglitiba.valmierasnovads.lv\/piiezitis\/wp-content\/uploads\/sites\/13\/2026\/03\/Z.png\" alt=\"\" class=\"wp-image-360 size-full\" srcset=\"https:\/\/izglitiba.valmierasnovads.lv\/piiezitis\/wp-content\/uploads\/sites\/13\/2026\/03\/Z.png 409w, https:\/\/izglitiba.valmierasnovads.lv\/piiezitis\/wp-content\/uploads\/sites\/13\/2026\/03\/Z-300x186.png 300w\" sizes=\"auto, (max-width: 409px) 100vw, 409px\" \/><\/figure><div class=\"wp-block-media-text__content\">\n<p class=\"has-medium-font-size\"><strong><em>Skolot\u0101jas<\/em> &#8211; \u00a0Marika Ozarska, Liene Romanc\u0101ne<\/strong><\/p>\n\n\n\n<p class=\"has-medium-font-size\"><strong><em>Skolot\u0101ju pal\u012bdze<\/em>  &#8211; Indra \u0160valbe<\/strong><\/p>\n<\/div><\/div>\n\n\n\n<div class=\"wp-block-media-text is-stacked-on-mobile\" style=\"grid-template-columns:27% auto\"><figure class=\"wp-block-media-text__media\"><img loading=\"lazy\" decoding=\"async\" width=\"405\" height=\"253\" src=\"https:\/\/izglitiba.valmierasnovads.lv\/piiezitis\/wp-content\/uploads\/sites\/13\/2026\/03\/K.png\" alt=\"\" class=\"wp-image-361 size-full\" srcset=\"https:\/\/izglitiba.valmierasnovads.lv\/piiezitis\/wp-content\/uploads\/sites\/13\/2026\/03\/K.png 405w, https:\/\/izglitiba.valmierasnovads.lv\/piiezitis\/wp-content\/uploads\/sites\/13\/2026\/03\/K-300x187.png 300w\" sizes=\"auto, (max-width: 405px) 100vw, 405px\" \/><\/figure><div class=\"wp-block-media-text__content\">\n<p class=\"has-medium-font-size\"><strong><em>Skolot\u0101jas<\/em> &#8211; \u00a0Iveta J\u0113kabsone, Linda Prazdnic\u0101ne<\/strong><\/p>\n\n\n\n<p class=\"has-medium-font-size\"><strong><em>Skolot\u0101ju pal\u012bdze<\/em>  &#8211; Sintija Pl\u016bme, Agate Brauna<\/strong><\/p>\n<\/div><\/div>\n\n\n\n<div class=\"wp-block-media-text is-stacked-on-mobile\" style=\"grid-template-columns:27% auto\"><figure class=\"wp-block-media-text__media\"><img loading=\"lazy\" decoding=\"async\" width=\"411\" height=\"249\" src=\"https:\/\/izglitiba.valmierasnovads.lv\/piiezitis\/wp-content\/uploads\/sites\/13\/2026\/03\/P.png\" alt=\"\" class=\"wp-image-362 size-full\" srcset=\"https:\/\/izglitiba.valmierasnovads.lv\/piiezitis\/wp-content\/uploads\/sites\/13\/2026\/03\/P.png 411w, https:\/\/izglitiba.valmierasnovads.lv\/piiezitis\/wp-content\/uploads\/sites\/13\/2026\/03\/P-300x182.png 300w\" sizes=\"auto, (max-width: 411px) 100vw, 411px\" \/><\/figure><div class=\"wp-block-media-text__content\">\n<p class=\"has-medium-font-size\"><strong><em>Skolot\u0101jas<\/em> &#8211; \u00a0Zane To\u010da, Ieva Kukere<\/strong><\/p>\n\n\n\n<p class=\"has-medium-font-size\"><strong><em>Skolot\u0101ju pal\u012bdze<\/em>  &#8211; Inga Liedeskalni\u0146a-Balode, Gita \u0100boli\u0146a<\/strong><\/p>\n<\/div><\/div>\n\n\n\n<div class=\"wp-block-media-text is-stacked-on-mobile\" style=\"grid-template-columns:27% auto\"><figure class=\"wp-block-media-text__media\"><img loading=\"lazy\" decoding=\"async\" width=\"416\" height=\"248\" src=\"https:\/\/izglitiba.valmierasnovads.lv\/piiezitis\/wp-content\/uploads\/sites\/13\/2026\/03\/V.png\" alt=\"\" class=\"wp-image-363 size-full\" srcset=\"https:\/\/izglitiba.valmierasnovads.lv\/piiezitis\/wp-content\/uploads\/sites\/13\/2026\/03\/V.png 416w, https:\/\/izglitiba.valmierasnovads.lv\/piiezitis\/wp-content\/uploads\/sites\/13\/2026\/03\/V-300x179.png 300w\" sizes=\"auto, (max-width: 416px) 100vw, 416px\" \/><\/figure><div class=\"wp-block-media-text__content\">\n<p class=\"has-medium-font-size\"><strong><em>Skolot\u0101jas<\/em> &#8211; \u00a0Raita Gobi\u0146a, Maira Jakovi\u010da<\/strong><\/p>\n\n\n\n<p class=\"has-medium-font-size\"><strong><em>Skolot\u0101ju pal\u012bdze<\/em>  &#8211; El\u012bna Bind\u017ee-Balode<\/strong><\/p>\n<\/div><\/div>\n\n\n\n<div class=\"wp-block-media-text is-stacked-on-mobile\" style=\"grid-template-columns:26% auto\"><figure class=\"wp-block-media-text__media\"><img loading=\"lazy\" decoding=\"async\" width=\"554\" height=\"332\" src=\"https:\/\/izglitiba.valmierasnovads.lv\/piiezitis\/wp-content\/uploads\/sites\/13\/2026\/03\/T.png\" alt=\"\" class=\"wp-image-364 size-full\" srcset=\"https:\/\/izglitiba.valmierasnovads.lv\/piiezitis\/wp-content\/uploads\/sites\/13\/2026\/03\/T.png 554w, https:\/\/izglitiba.valmierasnovads.lv\/piiezitis\/wp-content\/uploads\/sites\/13\/2026\/03\/T-300x180.png 300w\" sizes=\"auto, (max-width: 554px) 100vw, 554px\" \/><\/figure><div class=\"wp-block-media-text__content\">\n<p class=\"has-medium-font-size\"><strong><em>Skolot\u0101jas<\/em> &#8211; \u00a0Rud\u012bte \u017delneronoka, Sintija Vinovska<\/strong><\/p>\n\n\n\n<p class=\"has-medium-font-size\"><strong><em>Skolot\u0101ju pal\u012bdze<\/em>  &#8211; Ineta Reikmane<\/strong><\/p>\n<\/div><\/div>\n\n\n\n<div class=\"wp-block-media-text is-stacked-on-mobile\" style=\"grid-template-columns:26% auto\"><figure class=\"wp-block-media-text__media\"><img loading=\"lazy\" decoding=\"async\" width=\"406\" height=\"254\" src=\"https:\/\/izglitiba.valmierasnovads.lv\/piiezitis\/wp-content\/uploads\/sites\/13\/2026\/03\/PU.png\" alt=\"\" class=\"wp-image-365 size-full\" srcset=\"https:\/\/izglitiba.valmierasnovads.lv\/piiezitis\/wp-content\/uploads\/sites\/13\/2026\/03\/PU.png 406w, https:\/\/izglitiba.valmierasnovads.lv\/piiezitis\/wp-content\/uploads\/sites\/13\/2026\/03\/PU-300x188.png 300w\" sizes=\"auto, (max-width: 406px) 100vw, 406px\" \/><\/figure><div class=\"wp-block-media-text__content\">\n<p class=\"has-medium-font-size\"><strong><em>Skolot\u0101jas<\/em> &#8211; \u00a0Svetlana \u017deltkevi\u010da, Iveta \u010ca\u010dka<\/strong><\/p>\n\n\n\n<p class=\"has-medium-font-size\"><strong><em>Skolot\u0101ju pal\u012bdze<\/em>  &#8211; Nat\u0101lija I\u013cjina<\/strong><\/p>\n<\/div><\/div>\n\n\n\n<div class=\"wp-block-media-text is-stacked-on-mobile\" style=\"grid-template-columns:26% auto\"><figure class=\"wp-block-media-text__media\"><img loading=\"lazy\" decoding=\"async\" width=\"409\" height=\"252\" src=\"https:\/\/izglitiba.valmierasnovads.lv\/piiezitis\/wp-content\/uploads\/sites\/13\/2026\/03\/KAA.png\" alt=\"\" class=\"wp-image-366 size-full\" srcset=\"https:\/\/izglitiba.valmierasnovads.lv\/piiezitis\/wp-content\/uploads\/sites\/13\/2026\/03\/KAA.png 409w, https:\/\/izglitiba.valmierasnovads.lv\/piiezitis\/wp-content\/uploads\/sites\/13\/2026\/03\/KAA-300x185.png 300w\" sizes=\"auto, (max-width: 409px) 100vw, 409px\" \/><\/figure><div class=\"wp-block-media-text__content\">\n<p class=\"has-medium-font-size\"><strong><em>Skolot\u0101jas<\/em> &#8211; \u00a0Antra M\u016brniece, Ingr\u012bda Rudz\u012bte<\/strong><\/p>\n\n\n\n<p class=\"has-medium-font-size\"><strong><em>Skolot\u0101ju pal\u012bdze<\/em>  &#8211; Evija S\u012bka<\/strong><\/p>\n<\/div><\/div>\n\n\n\n<div class=\"wp-block-media-text is-stacked-on-mobile\" style=\"grid-template-columns:26% auto\"><figure class=\"wp-block-media-text__media\"><img loading=\"lazy\" decoding=\"async\" width=\"409\" height=\"254\" src=\"https:\/\/izglitiba.valmierasnovads.lv\/piiezitis\/wp-content\/uploads\/sites\/13\/2026\/03\/R.png\" alt=\"\" class=\"wp-image-367 size-full\" srcset=\"https:\/\/izglitiba.valmierasnovads.lv\/piiezitis\/wp-content\/uploads\/sites\/13\/2026\/03\/R.png 409w, https:\/\/izglitiba.valmierasnovads.lv\/piiezitis\/wp-content\/uploads\/sites\/13\/2026\/03\/R-300x186.png 300w\" sizes=\"auto, (max-width: 409px) 100vw, 409px\" \/><\/figure><div class=\"wp-block-media-text__content\">\n<p class=\"has-medium-font-size\"><strong><em>Skolot\u0101jas<\/em> &#8211; \u00a0Evita V\u0113vere, Andra Ratniece<\/strong><\/p>\n\n\n\n<p class=\"has-medium-font-size\"><strong><em>Skolot\u0101ju pal\u012bdze<\/em>  &#8211; Je\u013cena Bebr\u012bte<\/strong><\/p>\n<\/div><\/div>\n\n\n\n<div class=\"wp-block-media-text is-stacked-on-mobile\" style=\"grid-template-columns:26% auto\"><figure class=\"wp-block-media-text__media\"><img loading=\"lazy\" decoding=\"async\" width=\"405\" height=\"251\" src=\"https:\/\/izglitiba.valmierasnovads.lv\/piiezitis\/wp-content\/uploads\/sites\/13\/2026\/03\/B.png\" alt=\"\" class=\"wp-image-368 size-full\" srcset=\"https:\/\/izglitiba.valmierasnovads.lv\/piiezitis\/wp-content\/uploads\/sites\/13\/2026\/03\/B.png 405w, https:\/\/izglitiba.valmierasnovads.lv\/piiezitis\/wp-content\/uploads\/sites\/13\/2026\/03\/B-300x186.png 300w\" sizes=\"auto, (max-width: 405px) 100vw, 405px\" \/><\/figure><div class=\"wp-block-media-text__content\">\n<p class=\"has-medium-font-size\"><strong><em>Skolot\u0101jas<\/em> &#8211; \u00a0L\u0101sma Ceri\u0146a, Krist\u012bne Reima-Me\u017eecka<\/strong><\/p>\n\n\n\n<p class=\"has-medium-font-size\"><strong><em>Skolot\u0101ju pal\u012bdze<\/em>  &#8211; Anna S\u0146e\u017eko<\/strong><\/p>\n<\/div><\/div>\n\n\n\n<p><\/p>\n","protected":false},"excerpt":{"rendered":"<p>Juta Grava Anita Hofmane Zanda-Marta Grava J\u0101nis Jansons Skolot\u0101jas &#8211; \u00a0Santa Mi\u0137elsone, Laila Gavare Skolot\u0101ju pal\u012bdze &#8211; Sintija Ranc\u0101ne Skolot\u0101jas [&hellip;]<\/p>\n","protected":false},"author":67,"featured_media":0,"parent":0,"menu_order":0,"comment_status":"closed","ping_status":"closed","template":"","meta":{"_acf_changed":false,"site-sidebar-layout":"default","site-content-layout":"","ast-site-content-layout":"default","site-content-style":"default","site-sidebar-style":"default","ast-global-header-display":"","ast-banner-title-visibility":"","ast-main-header-display":"","ast-hfb-above-header-display":"","ast-hfb-below-header-display":"","ast-hfb-mobile-header-display":"","site-post-title":"","ast-breadcrumbs-content":"","ast-featured-img":"","footer-sml-layout":"","ast-disable-related-posts":"","theme-transparent-header-meta":"","adv-header-id-meta":"","stick-header-meta":"","header-above-stick-meta":"","header-main-stick-meta":"","header-below-stick-meta":"","astra-migrate-meta-layouts":"default","ast-page-background-enabled":"default","ast-page-background-meta":{"desktop":{"background-color":"var(--ast-global-color-5)","background-image":"","background-repeat":"repeat","background-position":"center center","background-size":"auto","background-attachment":"scroll","background-type":"","background-media":"","overlay-type":"","overlay-color":"","overlay-opacity":"","overlay-gradient":""},"tablet":{"background-color":"","background-image":"","background-repeat":"repeat","background-position":"center center","background-size":"auto","background-attachment":"scroll","background-type":"","background-media":"","overlay-type":"","overlay-color":"","overlay-opacity":"","overlay-gradient":""},"mobile":{"background-color":"","background-image":"","background-repeat":"repeat","background-position":"center center","background-size":"auto","background-attachment":"scroll","background-type":"","background-media":"","overlay-type":"","overlay-color":"","overlay-opacity":"","overlay-gradient":""}},"ast-content-background-meta":{"desktop":{"background-color":"var(--ast-global-color-4)","background-image":"","background-repeat":"repeat","background-position":"center center","background-size":"auto","background-attachment":"scroll","background-type":"","background-media":"","overlay-type":"","overlay-color":"","overlay-opacity":"","overlay-gradient":""},"tablet":{"background-color":"var(--ast-global-color-4)","background-image":"","background-repeat":"repeat","background-position":"center center","background-size":"auto","background-attachment":"scroll","background-type":"","background-media":"","overlay-type":"","overlay-color":"","overlay-opacity":"","overlay-gradient":""},"mobile":{"background-color":"var(--ast-global-color-4)","background-image":"","background-repeat":"repeat","background-position":"center center","background-size":"auto","background-attachment":"scroll","background-type":"","background-media":"","overlay-type":"","overlay-color":"","overlay-opacity":"","overlay-gradient":""}},"footnotes":""},"class_list":["post-196","page","type-page","status-publish","hentry"],"acf":[],"yoast_head":"<!-- This site is optimized with the Yoast SEO plugin v27.0 - https:\/\/yoast.com\/product\/yoast-seo-wordpress\/ -->\n<title>Pedagogi - Valmieras pirmsskolas izgl\u012bt\u012bbas iest\u0101de \u201cEZ\u012aTIS\u201d<\/title>\n<meta name=\"robots\" content=\"index, follow, max-snippet:-1, max-image-preview:large, max-video-preview:-1\" \/>\n<link rel=\"canonical\" href=\"https:\/\/izglitiba.valmierasnovads.lv\/piiezitis\/pedagogi\/\" \/>\n<meta property=\"og:locale\" content=\"lv_LV\" \/>\n<meta property=\"og:type\" content=\"article\" \/>\n<meta property=\"og:title\" content=\"Pedagogi - Valmieras pirmsskolas izgl\u012bt\u012bbas iest\u0101de \u201cEZ\u012aTIS\u201d\" \/>\n<meta property=\"og:description\" content=\"Juta Grava Anita Hofmane Zanda-Marta Grava J\u0101nis Jansons Skolot\u0101jas &#8211; \u00a0Santa Mi\u0137elsone, Laila Gavare Skolot\u0101ju pal\u012bdze &#8211; Sintija Ranc\u0101ne Skolot\u0101jas [&hellip;]\" \/>\n<meta property=\"og:url\" content=\"https:\/\/izglitiba.valmierasnovads.lv\/piiezitis\/pedagogi\/\" \/>\n<meta property=\"og:site_name\" content=\"Valmieras pirmsskolas izgl\u012bt\u012bbas iest\u0101de \u201cEZ\u012aTIS\u201d\" \/>\n<meta property=\"article:modified_time\" content=\"2026-03-25T13:35:05+00:00\" \/>\n<meta property=\"og:image\" content=\"https:\/\/izglitiba.valmierasnovads.lv\/piiezitis\/wp-content\/uploads\/sites\/13\/2026\/03\/01.png\" \/>\n\t<meta property=\"og:image:width\" content=\"467\" \/>\n\t<meta property=\"og:image:height\" content=\"291\" \/>\n\t<meta property=\"og:image:type\" content=\"image\/png\" \/>\n<meta name=\"twitter:card\" content=\"summary_large_image\" \/>\n<meta name=\"twitter:label1\" content=\"Est. reading time\" \/>\n\t<meta name=\"twitter:data1\" content=\"3 min\u016btes\" \/>\n<script type=\"application\/ld+json\" class=\"yoast-schema-graph\">{\"@context\":\"https:\/\/schema.org\",\"@graph\":[{\"@type\":\"WebPage\",\"@id\":\"https:\/\/izglitiba.valmierasnovads.lv\/piiezitis\/pedagogi\/\",\"url\":\"https:\/\/izglitiba.valmierasnovads.lv\/piiezitis\/pedagogi\/\",\"name\":\"Pedagogi - Valmieras pirmsskolas izgl\u012bt\u012bbas iest\u0101de \u201cEZ\u012aTIS\u201d\",\"isPartOf\":{\"@id\":\"https:\/\/izglitiba.valmierasnovads.lv\/piiezitis\/#website\"},\"primaryImageOfPage\":{\"@id\":\"https:\/\/izglitiba.valmierasnovads.lv\/piiezitis\/pedagogi\/#primaryimage\"},\"image\":{\"@id\":\"https:\/\/izglitiba.valmierasnovads.lv\/piiezitis\/pedagogi\/#primaryimage\"},\"thumbnailUrl\":\"https:\/\/izglitiba.valmierasnovads.lv\/piiezitis\/wp-content\/uploads\/sites\/13\/2026\/03\/01.png\",\"datePublished\":\"2026-02-12T10:11:09+00:00\",\"dateModified\":\"2026-03-25T13:35:05+00:00\",\"breadcrumb\":{\"@id\":\"https:\/\/izglitiba.valmierasnovads.lv\/piiezitis\/pedagogi\/#breadcrumb\"},\"inLanguage\":\"lv-LV\",\"potentialAction\":[{\"@type\":\"ReadAction\",\"target\":[\"https:\/\/izglitiba.valmierasnovads.lv\/piiezitis\/pedagogi\/\"]}]},{\"@type\":\"ImageObject\",\"inLanguage\":\"lv-LV\",\"@id\":\"https:\/\/izglitiba.valmierasnovads.lv\/piiezitis\/pedagogi\/#primaryimage\",\"url\":\"https:\/\/izglitiba.valmierasnovads.lv\/piiezitis\/wp-content\/uploads\/sites\/13\/2026\/03\/01.png\",\"contentUrl\":\"https:\/\/izglitiba.valmierasnovads.lv\/piiezitis\/wp-content\/uploads\/sites\/13\/2026\/03\/01.png\",\"width\":467,\"height\":291},{\"@type\":\"BreadcrumbList\",\"@id\":\"https:\/\/izglitiba.valmierasnovads.lv\/piiezitis\/pedagogi\/#breadcrumb\",\"itemListElement\":[{\"@type\":\"ListItem\",\"position\":1,\"name\":\"Home\",\"item\":\"https:\/\/izglitiba.valmierasnovads.lv\/piiezitis\/\"},{\"@type\":\"ListItem\",\"position\":2,\"name\":\"Pedagogi\"}]},{\"@type\":\"WebSite\",\"@id\":\"https:\/\/izglitiba.valmierasnovads.lv\/piiezitis\/#website\",\"url\":\"https:\/\/izglitiba.valmierasnovads.lv\/piiezitis\/\",\"name\":\"Valmieras pirmsskolas izgl\u012bt\u012bbas iest\u0101de \u201cEZ\u012aTIS\u201d\",\"description\":\"\",\"publisher\":{\"@id\":\"https:\/\/izglitiba.valmierasnovads.lv\/piiezitis\/#organization\"},\"potentialAction\":[{\"@type\":\"SearchAction\",\"target\":{\"@type\":\"EntryPoint\",\"urlTemplate\":\"https:\/\/izglitiba.valmierasnovads.lv\/piiezitis\/?s={search_term_string}\"},\"query-input\":{\"@type\":\"PropertyValueSpecification\",\"valueRequired\":true,\"valueName\":\"search_term_string\"}}],\"inLanguage\":\"lv-LV\"},{\"@type\":\"Organization\",\"@id\":\"https:\/\/izglitiba.valmierasnovads.lv\/piiezitis\/#organization\",\"name\":\"Valmieras pirmsskolas izgl\u012bt\u012bbas iest\u0101de \u201cEZ\u012aTIS\u201d\",\"url\":\"https:\/\/izglitiba.valmierasnovads.lv\/piiezitis\/\",\"logo\":{\"@type\":\"ImageObject\",\"inLanguage\":\"lv-LV\",\"@id\":\"https:\/\/izglitiba.valmierasnovads.lv\/piiezitis\/#\/schema\/logo\/image\/\",\"url\":\"https:\/\/izglitiba.valmierasnovads.lv\/piiezitis\/wp-content\/uploads\/sites\/13\/2026\/03\/cropped-Pirmsskolas-izglitibas-iestades-ar-pasu-logo-5-scaled-1.png\",\"contentUrl\":\"https:\/\/izglitiba.valmierasnovads.lv\/piiezitis\/wp-content\/uploads\/sites\/13\/2026\/03\/cropped-Pirmsskolas-izglitibas-iestades-ar-pasu-logo-5-scaled-1.png\",\"width\":1425,\"height\":405,\"caption\":\"Valmieras pirmsskolas izgl\u012bt\u012bbas iest\u0101de \u201cEZ\u012aTIS\u201d\"},\"image\":{\"@id\":\"https:\/\/izglitiba.valmierasnovads.lv\/piiezitis\/#\/schema\/logo\/image\/\"}}]}<\/script>\n<!-- \/ Yoast SEO plugin. -->","yoast_head_json":{"title":"Pedagogi - Valmieras pirmsskolas izgl\u012bt\u012bbas iest\u0101de \u201cEZ\u012aTIS\u201d","robots":{"index":"index","follow":"follow","max-snippet":"max-snippet:-1","max-image-preview":"max-image-preview:large","max-video-preview":"max-video-preview:-1"},"canonical":"https:\/\/izglitiba.valmierasnovads.lv\/piiezitis\/pedagogi\/","og_locale":"lv_LV","og_type":"article","og_title":"Pedagogi - Valmieras pirmsskolas izgl\u012bt\u012bbas iest\u0101de \u201cEZ\u012aTIS\u201d","og_description":"Juta Grava Anita Hofmane Zanda-Marta Grava J\u0101nis Jansons Skolot\u0101jas &#8211; \u00a0Santa Mi\u0137elsone, Laila Gavare Skolot\u0101ju pal\u012bdze &#8211; Sintija Ranc\u0101ne Skolot\u0101jas [&hellip;]","og_url":"https:\/\/izglitiba.valmierasnovads.lv\/piiezitis\/pedagogi\/","og_site_name":"Valmieras pirmsskolas izgl\u012bt\u012bbas iest\u0101de \u201cEZ\u012aTIS\u201d","article_modified_time":"2026-03-25T13:35:05+00:00","og_image":[{"width":467,"height":291,"url":"https:\/\/izglitiba.valmierasnovads.lv\/piiezitis\/wp-content\/uploads\/sites\/13\/2026\/03\/01.png","type":"image\/png"}],"twitter_card":"summary_large_image","twitter_misc":{"Est. reading time":"3 min\u016btes"},"schema":{"@context":"https:\/\/schema.org","@graph":[{"@type":"WebPage","@id":"https:\/\/izglitiba.valmierasnovads.lv\/piiezitis\/pedagogi\/","url":"https:\/\/izglitiba.valmierasnovads.lv\/piiezitis\/pedagogi\/","name":"Pedagogi - Valmieras pirmsskolas izgl\u012bt\u012bbas iest\u0101de \u201cEZ\u012aTIS\u201d","isPartOf":{"@id":"https:\/\/izglitiba.valmierasnovads.lv\/piiezitis\/#website"},"primaryImageOfPage":{"@id":"https:\/\/izglitiba.valmierasnovads.lv\/piiezitis\/pedagogi\/#primaryimage"},"image":{"@id":"https:\/\/izglitiba.valmierasnovads.lv\/piiezitis\/pedagogi\/#primaryimage"},"thumbnailUrl":"https:\/\/izglitiba.valmierasnovads.lv\/piiezitis\/wp-content\/uploads\/sites\/13\/2026\/03\/01.png","datePublished":"2026-02-12T10:11:09+00:00","dateModified":"2026-03-25T13:35:05+00:00","breadcrumb":{"@id":"https:\/\/izglitiba.valmierasnovads.lv\/piiezitis\/pedagogi\/#breadcrumb"},"inLanguage":"lv-LV","potentialAction":[{"@type":"ReadAction","target":["https:\/\/izglitiba.valmierasnovads.lv\/piiezitis\/pedagogi\/"]}]},{"@type":"ImageObject","inLanguage":"lv-LV","@id":"https:\/\/izglitiba.valmierasnovads.lv\/piiezitis\/pedagogi\/#primaryimage","url":"https:\/\/izglitiba.valmierasnovads.lv\/piiezitis\/wp-content\/uploads\/sites\/13\/2026\/03\/01.png","contentUrl":"https:\/\/izglitiba.valmierasnovads.lv\/piiezitis\/wp-content\/uploads\/sites\/13\/2026\/03\/01.png","width":467,"height":291},{"@type":"BreadcrumbList","@id":"https:\/\/izglitiba.valmierasnovads.lv\/piiezitis\/pedagogi\/#breadcrumb","itemListElement":[{"@type":"ListItem","position":1,"name":"Home","item":"https:\/\/izglitiba.valmierasnovads.lv\/piiezitis\/"},{"@type":"ListItem","position":2,"name":"Pedagogi"}]},{"@type":"WebSite","@id":"https:\/\/izglitiba.valmierasnovads.lv\/piiezitis\/#website","url":"https:\/\/izglitiba.valmierasnovads.lv\/piiezitis\/","name":"Valmieras pirmsskolas izgl\u012bt\u012bbas iest\u0101de \u201cEZ\u012aTIS\u201d","description":"","publisher":{"@id":"https:\/\/izglitiba.valmierasnovads.lv\/piiezitis\/#organization"},"potentialAction":[{"@type":"SearchAction","target":{"@type":"EntryPoint","urlTemplate":"https:\/\/izglitiba.valmierasnovads.lv\/piiezitis\/?s={search_term_string}"},"query-input":{"@type":"PropertyValueSpecification","valueRequired":true,"valueName":"search_term_string"}}],"inLanguage":"lv-LV"},{"@type":"Organization","@id":"https:\/\/izglitiba.valmierasnovads.lv\/piiezitis\/#organization","name":"Valmieras pirmsskolas izgl\u012bt\u012bbas iest\u0101de \u201cEZ\u012aTIS\u201d","url":"https:\/\/izglitiba.valmierasnovads.lv\/piiezitis\/","logo":{"@type":"ImageObject","inLanguage":"lv-LV","@id":"https:\/\/izglitiba.valmierasnovads.lv\/piiezitis\/#\/schema\/logo\/image\/","url":"https:\/\/izglitiba.valmierasnovads.lv\/piiezitis\/wp-content\/uploads\/sites\/13\/2026\/03\/cropped-Pirmsskolas-izglitibas-iestades-ar-pasu-logo-5-scaled-1.png","contentUrl":"https:\/\/izglitiba.valmierasnovads.lv\/piiezitis\/wp-content\/uploads\/sites\/13\/2026\/03\/cropped-Pirmsskolas-izglitibas-iestades-ar-pasu-logo-5-scaled-1.png","width":1425,"height":405,"caption":"Valmieras pirmsskolas izgl\u012bt\u012bbas iest\u0101de \u201cEZ\u012aTIS\u201d"},"image":{"@id":"https:\/\/izglitiba.valmierasnovads.lv\/piiezitis\/#\/schema\/logo\/image\/"}}]}},"_links":{"self":[{"href":"https:\/\/izglitiba.valmierasnovads.lv\/piiezitis\/wp-json\/wp\/v2\/pages\/196","targetHints":{"allow":["GET"]}}],"collection":[{"href":"https:\/\/izglitiba.valmierasnovads.lv\/piiezitis\/wp-json\/wp\/v2\/pages"}],"about":[{"href":"https:\/\/izglitiba.valmierasnovads.lv\/piiezitis\/wp-json\/wp\/v2\/types\/page"}],"author":[{"embeddable":true,"href":"https:\/\/izglitiba.valmierasnovads.lv\/piiezitis\/wp-json\/wp\/v2\/users\/67"}],"replies":[{"embeddable":true,"href":"https:\/\/izglitiba.valmierasnovads.lv\/piiezitis\/wp-json\/wp\/v2\/comments?post=196"}],"version-history":[{"count":3,"href":"https:\/\/izglitiba.valmierasnovads.lv\/piiezitis\/wp-json\/wp\/v2\/pages\/196\/revisions"}],"predecessor-version":[{"id":369,"href":"https:\/\/izglitiba.valmierasnovads.lv\/piiezitis\/wp-json\/wp\/v2\/pages\/196\/revisions\/369"}],"wp:attachment":[{"href":"https:\/\/izglitiba.valmierasnovads.lv\/piiezitis\/wp-json\/wp\/v2\/media?parent=196"}],"curies":[{"name":"wp","href":"https:\/\/api.w.org\/{rel}","templated":true}]}}