{"id":532,"date":"2025-09-16T13:32:50","date_gmt":"2025-09-16T10:32:50","guid":{"rendered":"https:\/\/izglitiba.valmierasnovads.lv\/rujienavarpina\/?post_type=events&#038;p=532"},"modified":"2025-09-16T13:32:50","modified_gmt":"2025-09-16T10:32:50","slug":"video-lekcija-berns-mani-neklausa","status":"publish","type":"events","link":"https:\/\/izglitiba.valmierasnovads.lv\/rujienavarpina\/events\/video-lekcija-berns-mani-neklausa\/","title":{"rendered":"Video lekcija &#8220;B\u0113rns mani neklausa&#8221;"},"content":{"rendered":"\n<p>Kad emociju gan b\u0113rnam, gan vec\u0101kam ir par daudz, kad liekas viss\u2026 es vairs situ\u0101ciju nekontrol\u0113ju. Ir bezsp\u0113ks. Tom\u0113r, lai ar\u012b cik neiesp\u0113jami tas \u0161\u0137istu un mums censtos iegalvot, ka \u201ckad m\u0113s aug\u0101m, tad gan t\u0101 nebija\u201d, neviens no mums nav izaudzis bez savu vec\u0101ku nervu pakutin\u0101\u0161anas un robe\u017eu p\u0101rbaud\u012b\u0161anas. Ar\u012b m\u016bsu b\u0113rni. \u0122imen\u0113, kur\u0101 aug mazi b\u0113rni, emociju ir daudz. At\u0161\u0137iras vien tas, k\u0101 m\u0113s uz t\u0101m rea\u0123\u0113jam un ko dar\u0101m situ\u0101cij\u0101s, kad b\u0113rns neklausa. Un no kura vecuma visp\u0101r varam sagaid\u012bt, ka b\u0113rns sp\u0113s m\u016bs pakaus\u012bt?<\/p>\n\n\n\n<p><strong>Videolekcij\u0101 uzzin\u0101siet:<\/strong><\/p>\n\n\n\n<ul class=\"wp-block-list\">\n<li>Kas ir disciplin\u0113\u0161ana? Ko t\u0101 dod b\u0113rnam un ko no t\u0101s ieg\u016bst vec\u0101ki? Disciplin\u0113\u0161anas pamatprincipi un metodes.<\/li>\n\n\n\n<li>K\u0101 m\u0113s j\u016btamies, kad b\u0113rns neklausa? Ko dar\u012bt situ\u0101cij\u0101s, kad nesp\u0113jam vairs savald\u012bties?<\/li>\n\n\n\n<li>K\u0101p\u0113c b\u0113rni neklausa? B\u0113rna vajadz\u012bbu izpratne.<\/li>\n<\/ul>\n\n\n\n<p>Ieraksta ilgums: 1 stunda un 9 min\u016btes.<\/p>\n\n\n\n<p><strong>M\u0113r\u0137auditorija<\/strong>:<\/p>\n\n\n\n<p>Pirmsskolas vecuma b\u0113rnu vec\u0101ki&nbsp;un ikviens pieaugu\u0161ais,&nbsp;kuram \u0161\u012b t\u0113ma ir aktu\u0101la<\/p>\n\n\n\n<p><strong>Pasniedz<\/strong>:<\/p>\n\n\n\n<p>Psiholo\u0123e Daina Dzi\u013cuma<\/p>\n","protected":false},"featured_media":0,"template":"","meta":{"_acf_changed":false,"site-sidebar-layout":"default","site-content-layout":"","ast-site-content-layout":"default","site-content-style":"default","site-sidebar-style":"default","ast-global-header-display":"","ast-banner-title-visibility":"","ast-main-header-display":"","ast-hfb-above-header-display":"","ast-hfb-below-header-display":"","ast-hfb-mobile-header-display":"","site-post-title":"","ast-breadcrumbs-content":"","ast-featured-img":"","footer-sml-layout":"","ast-disable-related-posts":"","theme-transparent-header-meta":"","adv-header-id-meta":"","stick-header-meta":"","header-above-stick-meta":"","header-main-stick-meta":"","header-below-stick-meta":"","astra-migrate-meta-layouts":"default","ast-page-background-enabled":"default","ast-page-background-meta":{"desktop":{"background-color":"var(--ast-global-color-5)","background-image":"","background-repeat":"repeat","background-position":"center center","background-size":"auto","background-attachment":"scroll","background-type":"","background-media":"","overlay-type":"","overlay-color":"","overlay-opacity":"","overlay-gradient":""},"tablet":{"background-color":"","background-image":"","background-repeat":"repeat","background-position":"center center","background-size":"auto","background-attachment":"scroll","background-type":"","background-media":"","overlay-type":"","overlay-color":"","overlay-opacity":"","overlay-gradient":""},"mobile":{"background-color":"","background-image":"","background-repeat":"repeat","background-position":"center center","background-size":"auto","background-attachment":"scroll","background-type":"","background-media":"","overlay-type":"","overlay-color":"","overlay-opacity":"","overlay-gradient":""}},"ast-content-background-meta":{"desktop":{"background-color":"var(--ast-global-color-4)","background-image":"","background-repeat":"repeat","background-position":"center center","background-size":"auto","background-attachment":"scroll","background-type":"","background-media":"","overlay-type":"","overlay-color":"","overlay-opacity":"","overlay-gradient":""},"tablet":{"background-color":"var(--ast-global-color-4)","background-image":"","background-repeat":"repeat","background-position":"center center","background-size":"auto","background-attachment":"scroll","background-type":"","background-media":"","overlay-type":"","overlay-color":"","overlay-opacity":"","overlay-gradient":""},"mobile":{"background-color":"var(--ast-global-color-4)","background-image":"","background-repeat":"repeat","background-position":"center center","background-size":"auto","background-attachment":"scroll","background-type":"","background-media":"","overlay-type":"","overlay-color":"","overlay-opacity":"","overlay-gradient":""}}},"events_type":[14],"class_list":["post-532","events","type-events","status-publish","hentry","events_type-dzimbas-skola"],"acf":[],"yoast_head":"<!-- This site is optimized with the Yoast SEO plugin v27.0 - https:\/\/yoast.com\/product\/yoast-seo-wordpress\/ -->\n<title>Video lekcija &quot;B\u0113rns mani neklausa&quot; - R\u016bjienas pirmsskolas izgl\u012bt\u012bbas iest\u0101de ,,V\u0101rpi\u0146a\u201d<\/title>\n<meta name=\"robots\" content=\"index, follow, max-snippet:-1, max-image-preview:large, max-video-preview:-1\" \/>\n<link rel=\"canonical\" href=\"https:\/\/izglitiba.valmierasnovads.lv\/rujienavarpina\/events\/video-lekcija-berns-mani-neklausa\/\" \/>\n<meta property=\"og:locale\" content=\"lv_LV\" \/>\n<meta property=\"og:type\" content=\"article\" \/>\n<meta property=\"og:title\" content=\"Video lekcija &quot;B\u0113rns mani neklausa&quot; - R\u016bjienas pirmsskolas izgl\u012bt\u012bbas iest\u0101de ,,V\u0101rpi\u0146a\u201d\" \/>\n<meta property=\"og:description\" content=\"Kad emociju gan b\u0113rnam, gan vec\u0101kam ir par daudz, kad liekas viss\u2026 es vairs situ\u0101ciju nekontrol\u0113ju. Ir bezsp\u0113ks. Tom\u0113r, lai [&hellip;]\" \/>\n<meta property=\"og:url\" content=\"https:\/\/izglitiba.valmierasnovads.lv\/rujienavarpina\/events\/video-lekcija-berns-mani-neklausa\/\" \/>\n<meta property=\"og:site_name\" content=\"R\u016bjienas pirmsskolas izgl\u012bt\u012bbas iest\u0101de ,,V\u0101rpi\u0146a\u201d\" \/>\n<meta name=\"twitter:card\" content=\"summary_large_image\" \/>\n<meta name=\"twitter:label1\" content=\"Est. reading time\" \/>\n\t<meta name=\"twitter:data1\" content=\"1 min\u016bte\" \/>\n<script type=\"application\/ld+json\" class=\"yoast-schema-graph\">{\"@context\":\"https:\/\/schema.org\",\"@graph\":[{\"@type\":\"WebPage\",\"@id\":\"https:\/\/izglitiba.valmierasnovads.lv\/rujienavarpina\/events\/video-lekcija-berns-mani-neklausa\/\",\"url\":\"https:\/\/izglitiba.valmierasnovads.lv\/rujienavarpina\/events\/video-lekcija-berns-mani-neklausa\/\",\"name\":\"Video lekcija \\\"B\u0113rns mani neklausa\\\" - R\u016bjienas pirmsskolas izgl\u012bt\u012bbas iest\u0101de ,,V\u0101rpi\u0146a\u201d\",\"isPartOf\":{\"@id\":\"https:\/\/izglitiba.valmierasnovads.lv\/rujienavarpina\/#website\"},\"datePublished\":\"2025-09-16T10:32:50+00:00\",\"breadcrumb\":{\"@id\":\"https:\/\/izglitiba.valmierasnovads.lv\/rujienavarpina\/events\/video-lekcija-berns-mani-neklausa\/#breadcrumb\"},\"inLanguage\":\"lv-LV\",\"potentialAction\":[{\"@type\":\"ReadAction\",\"target\":[\"https:\/\/izglitiba.valmierasnovads.lv\/rujienavarpina\/events\/video-lekcija-berns-mani-neklausa\/\"]}]},{\"@type\":\"BreadcrumbList\",\"@id\":\"https:\/\/izglitiba.valmierasnovads.lv\/rujienavarpina\/events\/video-lekcija-berns-mani-neklausa\/#breadcrumb\",\"itemListElement\":[{\"@type\":\"ListItem\",\"position\":1,\"name\":\"Home\",\"item\":\"https:\/\/izglitiba.valmierasnovads.lv\/rujienavarpina\/\"},{\"@type\":\"ListItem\",\"position\":2,\"name\":\"Video lekcija &#8220;B\u0113rns mani neklausa&#8221;\"}]},{\"@type\":\"WebSite\",\"@id\":\"https:\/\/izglitiba.valmierasnovads.lv\/rujienavarpina\/#website\",\"url\":\"https:\/\/izglitiba.valmierasnovads.lv\/rujienavarpina\/\",\"name\":\"R\u016bjienas pirmsskolas izgl\u012bt\u012bbas iest\u0101de ,,V\u0101rpi\u0146a\u201d\",\"description\":\"\",\"publisher\":{\"@id\":\"https:\/\/izglitiba.valmierasnovads.lv\/rujienavarpina\/#organization\"},\"potentialAction\":[{\"@type\":\"SearchAction\",\"target\":{\"@type\":\"EntryPoint\",\"urlTemplate\":\"https:\/\/izglitiba.valmierasnovads.lv\/rujienavarpina\/?s={search_term_string}\"},\"query-input\":{\"@type\":\"PropertyValueSpecification\",\"valueRequired\":true,\"valueName\":\"search_term_string\"}}],\"inLanguage\":\"lv-LV\"},{\"@type\":\"Organization\",\"@id\":\"https:\/\/izglitiba.valmierasnovads.lv\/rujienavarpina\/#organization\",\"name\":\"R\u016bjienas pirmsskolas izgl\u012bt\u012bbas iest\u0101de ,,V\u0101rpi\u0146a\u201d\",\"url\":\"https:\/\/izglitiba.valmierasnovads.lv\/rujienavarpina\/\",\"logo\":{\"@type\":\"ImageObject\",\"inLanguage\":\"lv-LV\",\"@id\":\"https:\/\/izglitiba.valmierasnovads.lv\/rujienavarpina\/#\/schema\/logo\/image\/\",\"url\":\"https:\/\/izglitiba.valmierasnovads.lv\/rujienavarpina\/wp-content\/uploads\/sites\/14\/2026\/03\/cropped-Pirmsskolas-izglitibas-iestades-ar-pasu-logo-13-scaled-1.png\",\"contentUrl\":\"https:\/\/izglitiba.valmierasnovads.lv\/rujienavarpina\/wp-content\/uploads\/sites\/14\/2026\/03\/cropped-Pirmsskolas-izglitibas-iestades-ar-pasu-logo-13-scaled-1.png\",\"width\":1423,\"height\":404,\"caption\":\"R\u016bjienas pirmsskolas izgl\u012bt\u012bbas iest\u0101de ,,V\u0101rpi\u0146a\u201d\"},\"image\":{\"@id\":\"https:\/\/izglitiba.valmierasnovads.lv\/rujienavarpina\/#\/schema\/logo\/image\/\"}}]}<\/script>\n<!-- \/ Yoast SEO plugin. -->","yoast_head_json":{"title":"Video lekcija \"B\u0113rns mani neklausa\" - R\u016bjienas pirmsskolas izgl\u012bt\u012bbas iest\u0101de ,,V\u0101rpi\u0146a\u201d","robots":{"index":"index","follow":"follow","max-snippet":"max-snippet:-1","max-image-preview":"max-image-preview:large","max-video-preview":"max-video-preview:-1"},"canonical":"https:\/\/izglitiba.valmierasnovads.lv\/rujienavarpina\/events\/video-lekcija-berns-mani-neklausa\/","og_locale":"lv_LV","og_type":"article","og_title":"Video lekcija \"B\u0113rns mani neklausa\" - R\u016bjienas pirmsskolas izgl\u012bt\u012bbas iest\u0101de ,,V\u0101rpi\u0146a\u201d","og_description":"Kad emociju gan b\u0113rnam, gan vec\u0101kam ir par daudz, kad liekas viss\u2026 es vairs situ\u0101ciju nekontrol\u0113ju. Ir bezsp\u0113ks. Tom\u0113r, lai [&hellip;]","og_url":"https:\/\/izglitiba.valmierasnovads.lv\/rujienavarpina\/events\/video-lekcija-berns-mani-neklausa\/","og_site_name":"R\u016bjienas pirmsskolas izgl\u012bt\u012bbas iest\u0101de ,,V\u0101rpi\u0146a\u201d","twitter_card":"summary_large_image","twitter_misc":{"Est. reading time":"1 min\u016bte"},"schema":{"@context":"https:\/\/schema.org","@graph":[{"@type":"WebPage","@id":"https:\/\/izglitiba.valmierasnovads.lv\/rujienavarpina\/events\/video-lekcija-berns-mani-neklausa\/","url":"https:\/\/izglitiba.valmierasnovads.lv\/rujienavarpina\/events\/video-lekcija-berns-mani-neklausa\/","name":"Video lekcija \"B\u0113rns mani neklausa\" - R\u016bjienas pirmsskolas izgl\u012bt\u012bbas iest\u0101de ,,V\u0101rpi\u0146a\u201d","isPartOf":{"@id":"https:\/\/izglitiba.valmierasnovads.lv\/rujienavarpina\/#website"},"datePublished":"2025-09-16T10:32:50+00:00","breadcrumb":{"@id":"https:\/\/izglitiba.valmierasnovads.lv\/rujienavarpina\/events\/video-lekcija-berns-mani-neklausa\/#breadcrumb"},"inLanguage":"lv-LV","potentialAction":[{"@type":"ReadAction","target":["https:\/\/izglitiba.valmierasnovads.lv\/rujienavarpina\/events\/video-lekcija-berns-mani-neklausa\/"]}]},{"@type":"BreadcrumbList","@id":"https:\/\/izglitiba.valmierasnovads.lv\/rujienavarpina\/events\/video-lekcija-berns-mani-neklausa\/#breadcrumb","itemListElement":[{"@type":"ListItem","position":1,"name":"Home","item":"https:\/\/izglitiba.valmierasnovads.lv\/rujienavarpina\/"},{"@type":"ListItem","position":2,"name":"Video lekcija &#8220;B\u0113rns mani neklausa&#8221;"}]},{"@type":"WebSite","@id":"https:\/\/izglitiba.valmierasnovads.lv\/rujienavarpina\/#website","url":"https:\/\/izglitiba.valmierasnovads.lv\/rujienavarpina\/","name":"R\u016bjienas pirmsskolas izgl\u012bt\u012bbas iest\u0101de ,,V\u0101rpi\u0146a\u201d","description":"","publisher":{"@id":"https:\/\/izglitiba.valmierasnovads.lv\/rujienavarpina\/#organization"},"potentialAction":[{"@type":"SearchAction","target":{"@type":"EntryPoint","urlTemplate":"https:\/\/izglitiba.valmierasnovads.lv\/rujienavarpina\/?s={search_term_string}"},"query-input":{"@type":"PropertyValueSpecification","valueRequired":true,"valueName":"search_term_string"}}],"inLanguage":"lv-LV"},{"@type":"Organization","@id":"https:\/\/izglitiba.valmierasnovads.lv\/rujienavarpina\/#organization","name":"R\u016bjienas pirmsskolas izgl\u012bt\u012bbas iest\u0101de ,,V\u0101rpi\u0146a\u201d","url":"https:\/\/izglitiba.valmierasnovads.lv\/rujienavarpina\/","logo":{"@type":"ImageObject","inLanguage":"lv-LV","@id":"https:\/\/izglitiba.valmierasnovads.lv\/rujienavarpina\/#\/schema\/logo\/image\/","url":"https:\/\/izglitiba.valmierasnovads.lv\/rujienavarpina\/wp-content\/uploads\/sites\/14\/2026\/03\/cropped-Pirmsskolas-izglitibas-iestades-ar-pasu-logo-13-scaled-1.png","contentUrl":"https:\/\/izglitiba.valmierasnovads.lv\/rujienavarpina\/wp-content\/uploads\/sites\/14\/2026\/03\/cropped-Pirmsskolas-izglitibas-iestades-ar-pasu-logo-13-scaled-1.png","width":1423,"height":404,"caption":"R\u016bjienas pirmsskolas izgl\u012bt\u012bbas iest\u0101de ,,V\u0101rpi\u0146a\u201d"},"image":{"@id":"https:\/\/izglitiba.valmierasnovads.lv\/rujienavarpina\/#\/schema\/logo\/image\/"}}]}},"_links":{"self":[{"href":"https:\/\/izglitiba.valmierasnovads.lv\/rujienavarpina\/wp-json\/wp\/v2\/events\/532","targetHints":{"allow":["GET"]}}],"collection":[{"href":"https:\/\/izglitiba.valmierasnovads.lv\/rujienavarpina\/wp-json\/wp\/v2\/events"}],"about":[{"href":"https:\/\/izglitiba.valmierasnovads.lv\/rujienavarpina\/wp-json\/wp\/v2\/types\/events"}],"wp:attachment":[{"href":"https:\/\/izglitiba.valmierasnovads.lv\/rujienavarpina\/wp-json\/wp\/v2\/media?parent=532"}],"wp:term":[{"taxonomy":"events_type","embeddable":true,"href":"https:\/\/izglitiba.valmierasnovads.lv\/rujienavarpina\/wp-json\/wp\/v2\/events_type?post=532"}],"curies":[{"name":"wp","href":"https:\/\/api.w.org\/{rel}","templated":true}]}}