{"id":589,"date":"2025-10-08T16:20:30","date_gmt":"2025-10-08T13:20:30","guid":{"rendered":"https:\/\/izglitiba.valmierasnovads.lv\/rujienavarpina\/?post_type=events&#038;p=589"},"modified":"2025-10-08T16:20:30","modified_gmt":"2025-10-08T13:20:30","slug":"putras-diena-pucites-zakisa-sienazisa-grupam","status":"publish","type":"events","link":"https:\/\/izglitiba.valmierasnovads.lv\/rujienavarpina\/events\/putras-diena-pucites-zakisa-sienazisa-grupam\/","title":{"rendered":"Putras diena &#8220;P\u016bc\u012btes&#8221;, &#8220;Za\u0137\u012b\u0161a&#8221;, &#8220;Sien\u0101z\u012b\u0161a&#8221; grup\u0101m"},"content":{"rendered":"\n<p><em>10. oktobr\u012b tiek atz\u012bm\u0113ta <strong><u>Starptautisk\u0101 Putras diena<\/u><\/strong><\/em>, kuras m\u0113r\u0137is ir populariz\u0113t putras k\u0101 m\u016bsdien\u012bgu \u0113dienu un rad\u012bt jaunas putru \u0113\u0161anas trad\u012bcijas.<\/p>\n\n\n\n<p>16.oktobr\u012b atz\u012bm\u0113jam ar\u012b <strong><em>Pasaules P\u0101rtikas dienu. <\/em><\/strong><\/p>\n\n\n\n<p>Daudzi cilv\u0113ki nenov\u0113rt\u0113 p\u0101rtikas lomu pasaules vides probl\u0113m\u0101s. Rekl\u0101m\u0101s redzam, ka p\u0101rtiku audz\u0113 t\u012br\u0101 un skaist\u0101 vid\u0113, tom\u0113r realit\u0101t\u0113 arvien liel\u0101ka da\u013ca p\u0101rtikas tiek ra\u017eota nesaudz\u012bgi izn\u012bcinot dabas v\u0113rt\u012bbas \u2013 izc\u0113rtot lietusme\u017eus, lai tur audz\u0113tu liellopus, ier\u012bkotu lopbar\u012bbas vai palmu e\u013c\u013cas laukus, pies\u0101r\u0146ojot mums apk\u0101rt eso\u0161os laukus ar pestic\u012bdiem un miner\u0101lm\u0113slojumu. Lauksaimniec\u012bba m\u016bsdien\u0101s ir atbild\u012bga par tre\u0161o da\u013cu no klimata p\u0101rmai\u0146\u0101m un ir galvenais iemesls, k\u0101d\u0113\u013c izz\u016bd dabas daudzveid\u012bba. Tom\u0113r p\u0101rtiku ir iesp\u0113jams audz\u0113t ar\u012b dabai draudz\u012bgi \u2013 bez pestic\u012bdiem, bez iz\u0161\u0137\u0113rd\u0113\u0161anas un ar lielu daudzveid\u012bbu. Zin\u0101tnieki piekr\u012bt, ka \u0161\u0101das p\u0101rmai\u0146as ir iesp\u0113jamas. M\u016bsu m\u0113r\u0137is ir t\u0101s pan\u0101kt!<\/p>\n","protected":false},"featured_media":0,"template":"","meta":{"_acf_changed":false,"site-sidebar-layout":"default","site-content-layout":"","ast-site-content-layout":"default","site-content-style":"default","site-sidebar-style":"default","ast-global-header-display":"","ast-banner-title-visibility":"","ast-main-header-display":"","ast-hfb-above-header-display":"","ast-hfb-below-header-display":"","ast-hfb-mobile-header-display":"","site-post-title":"","ast-breadcrumbs-content":"","ast-featured-img":"","footer-sml-layout":"","ast-disable-related-posts":"","theme-transparent-header-meta":"","adv-header-id-meta":"","stick-header-meta":"","header-above-stick-meta":"","header-main-stick-meta":"","header-below-stick-meta":"","astra-migrate-meta-layouts":"default","ast-page-background-enabled":"default","ast-page-background-meta":{"desktop":{"background-color":"var(--ast-global-color-5)","background-image":"","background-repeat":"repeat","background-position":"center center","background-size":"auto","background-attachment":"scroll","background-type":"","background-media":"","overlay-type":"","overlay-color":"","overlay-opacity":"","overlay-gradient":""},"tablet":{"background-color":"","background-image":"","background-repeat":"repeat","background-position":"center center","background-size":"auto","background-attachment":"scroll","background-type":"","background-media":"","overlay-type":"","overlay-color":"","overlay-opacity":"","overlay-gradient":""},"mobile":{"background-color":"","background-image":"","background-repeat":"repeat","background-position":"center center","background-size":"auto","background-attachment":"scroll","background-type":"","background-media":"","overlay-type":"","overlay-color":"","overlay-opacity":"","overlay-gradient":""}},"ast-content-background-meta":{"desktop":{"background-color":"var(--ast-global-color-4)","background-image":"","background-repeat":"repeat","background-position":"center center","background-size":"auto","background-attachment":"scroll","background-type":"","background-media":"","overlay-type":"","overlay-color":"","overlay-opacity":"","overlay-gradient":""},"tablet":{"background-color":"var(--ast-global-color-4)","background-image":"","background-repeat":"repeat","background-position":"center center","background-size":"auto","background-attachment":"scroll","background-type":"","background-media":"","overlay-type":"","overlay-color":"","overlay-opacity":"","overlay-gradient":""},"mobile":{"background-color":"var(--ast-global-color-4)","background-image":"","background-repeat":"repeat","background-position":"center center","background-size":"auto","background-attachment":"scroll","background-type":"","background-media":"","overlay-type":"","overlay-color":"","overlay-opacity":"","overlay-gradient":""}}},"events_type":[13],"class_list":["post-589","events","type-events","status-publish","hentry","events_type-ekoskola"],"acf":[],"yoast_head":"<!-- This site is optimized with the Yoast SEO plugin v27.0 - https:\/\/yoast.com\/product\/yoast-seo-wordpress\/ -->\n<title>Putras diena &quot;P\u016bc\u012btes&quot;, &quot;Za\u0137\u012b\u0161a&quot;, &quot;Sien\u0101z\u012b\u0161a&quot; grup\u0101m - R\u016bjienas pirmsskolas izgl\u012bt\u012bbas iest\u0101de ,,V\u0101rpi\u0146a\u201d<\/title>\n<meta name=\"robots\" content=\"index, follow, max-snippet:-1, max-image-preview:large, max-video-preview:-1\" \/>\n<link rel=\"canonical\" href=\"https:\/\/izglitiba.valmierasnovads.lv\/rujienavarpina\/events\/putras-diena-pucites-zakisa-sienazisa-grupam\/\" \/>\n<meta property=\"og:locale\" content=\"lv_LV\" \/>\n<meta property=\"og:type\" content=\"article\" \/>\n<meta property=\"og:title\" content=\"Putras diena &quot;P\u016bc\u012btes&quot;, &quot;Za\u0137\u012b\u0161a&quot;, &quot;Sien\u0101z\u012b\u0161a&quot; grup\u0101m - R\u016bjienas pirmsskolas izgl\u012bt\u012bbas iest\u0101de ,,V\u0101rpi\u0146a\u201d\" \/>\n<meta property=\"og:description\" content=\"10. oktobr\u012b tiek atz\u012bm\u0113ta Starptautisk\u0101 Putras diena, kuras m\u0113r\u0137is ir populariz\u0113t putras k\u0101 m\u016bsdien\u012bgu \u0113dienu un rad\u012bt jaunas putru \u0113\u0161anas [&hellip;]\" \/>\n<meta property=\"og:url\" content=\"https:\/\/izglitiba.valmierasnovads.lv\/rujienavarpina\/events\/putras-diena-pucites-zakisa-sienazisa-grupam\/\" \/>\n<meta property=\"og:site_name\" content=\"R\u016bjienas pirmsskolas izgl\u012bt\u012bbas iest\u0101de ,,V\u0101rpi\u0146a\u201d\" \/>\n<meta name=\"twitter:card\" content=\"summary_large_image\" \/>\n<meta name=\"twitter:label1\" content=\"Est. reading time\" \/>\n\t<meta name=\"twitter:data1\" content=\"1 min\u016bte\" \/>\n<script type=\"application\/ld+json\" class=\"yoast-schema-graph\">{\"@context\":\"https:\/\/schema.org\",\"@graph\":[{\"@type\":\"WebPage\",\"@id\":\"https:\/\/izglitiba.valmierasnovads.lv\/rujienavarpina\/events\/putras-diena-pucites-zakisa-sienazisa-grupam\/\",\"url\":\"https:\/\/izglitiba.valmierasnovads.lv\/rujienavarpina\/events\/putras-diena-pucites-zakisa-sienazisa-grupam\/\",\"name\":\"Putras diena \\\"P\u016bc\u012btes\\\", \\\"Za\u0137\u012b\u0161a\\\", \\\"Sien\u0101z\u012b\u0161a\\\" grup\u0101m - R\u016bjienas pirmsskolas izgl\u012bt\u012bbas iest\u0101de ,,V\u0101rpi\u0146a\u201d\",\"isPartOf\":{\"@id\":\"https:\/\/izglitiba.valmierasnovads.lv\/rujienavarpina\/#website\"},\"datePublished\":\"2025-10-08T13:20:30+00:00\",\"breadcrumb\":{\"@id\":\"https:\/\/izglitiba.valmierasnovads.lv\/rujienavarpina\/events\/putras-diena-pucites-zakisa-sienazisa-grupam\/#breadcrumb\"},\"inLanguage\":\"lv-LV\",\"potentialAction\":[{\"@type\":\"ReadAction\",\"target\":[\"https:\/\/izglitiba.valmierasnovads.lv\/rujienavarpina\/events\/putras-diena-pucites-zakisa-sienazisa-grupam\/\"]}]},{\"@type\":\"BreadcrumbList\",\"@id\":\"https:\/\/izglitiba.valmierasnovads.lv\/rujienavarpina\/events\/putras-diena-pucites-zakisa-sienazisa-grupam\/#breadcrumb\",\"itemListElement\":[{\"@type\":\"ListItem\",\"position\":1,\"name\":\"Home\",\"item\":\"https:\/\/izglitiba.valmierasnovads.lv\/rujienavarpina\/\"},{\"@type\":\"ListItem\",\"position\":2,\"name\":\"Putras diena &#8220;P\u016bc\u012btes&#8221;, &#8220;Za\u0137\u012b\u0161a&#8221;, &#8220;Sien\u0101z\u012b\u0161a&#8221; grup\u0101m\"}]},{\"@type\":\"WebSite\",\"@id\":\"https:\/\/izglitiba.valmierasnovads.lv\/rujienavarpina\/#website\",\"url\":\"https:\/\/izglitiba.valmierasnovads.lv\/rujienavarpina\/\",\"name\":\"R\u016bjienas pirmsskolas izgl\u012bt\u012bbas iest\u0101de ,,V\u0101rpi\u0146a\u201d\",\"description\":\"\",\"publisher\":{\"@id\":\"https:\/\/izglitiba.valmierasnovads.lv\/rujienavarpina\/#organization\"},\"potentialAction\":[{\"@type\":\"SearchAction\",\"target\":{\"@type\":\"EntryPoint\",\"urlTemplate\":\"https:\/\/izglitiba.valmierasnovads.lv\/rujienavarpina\/?s={search_term_string}\"},\"query-input\":{\"@type\":\"PropertyValueSpecification\",\"valueRequired\":true,\"valueName\":\"search_term_string\"}}],\"inLanguage\":\"lv-LV\"},{\"@type\":\"Organization\",\"@id\":\"https:\/\/izglitiba.valmierasnovads.lv\/rujienavarpina\/#organization\",\"name\":\"R\u016bjienas pirmsskolas izgl\u012bt\u012bbas iest\u0101de ,,V\u0101rpi\u0146a\u201d\",\"url\":\"https:\/\/izglitiba.valmierasnovads.lv\/rujienavarpina\/\",\"logo\":{\"@type\":\"ImageObject\",\"inLanguage\":\"lv-LV\",\"@id\":\"https:\/\/izglitiba.valmierasnovads.lv\/rujienavarpina\/#\/schema\/logo\/image\/\",\"url\":\"https:\/\/izglitiba.valmierasnovads.lv\/rujienavarpina\/wp-content\/uploads\/sites\/14\/2026\/03\/cropped-Pirmsskolas-izglitibas-iestades-ar-pasu-logo-13-scaled-1.png\",\"contentUrl\":\"https:\/\/izglitiba.valmierasnovads.lv\/rujienavarpina\/wp-content\/uploads\/sites\/14\/2026\/03\/cropped-Pirmsskolas-izglitibas-iestades-ar-pasu-logo-13-scaled-1.png\",\"width\":1423,\"height\":404,\"caption\":\"R\u016bjienas pirmsskolas izgl\u012bt\u012bbas iest\u0101de ,,V\u0101rpi\u0146a\u201d\"},\"image\":{\"@id\":\"https:\/\/izglitiba.valmierasnovads.lv\/rujienavarpina\/#\/schema\/logo\/image\/\"}}]}<\/script>\n<!-- \/ Yoast SEO plugin. -->","yoast_head_json":{"title":"Putras diena \"P\u016bc\u012btes\", \"Za\u0137\u012b\u0161a\", \"Sien\u0101z\u012b\u0161a\" grup\u0101m - R\u016bjienas pirmsskolas izgl\u012bt\u012bbas iest\u0101de ,,V\u0101rpi\u0146a\u201d","robots":{"index":"index","follow":"follow","max-snippet":"max-snippet:-1","max-image-preview":"max-image-preview:large","max-video-preview":"max-video-preview:-1"},"canonical":"https:\/\/izglitiba.valmierasnovads.lv\/rujienavarpina\/events\/putras-diena-pucites-zakisa-sienazisa-grupam\/","og_locale":"lv_LV","og_type":"article","og_title":"Putras diena \"P\u016bc\u012btes\", \"Za\u0137\u012b\u0161a\", \"Sien\u0101z\u012b\u0161a\" grup\u0101m - R\u016bjienas pirmsskolas izgl\u012bt\u012bbas iest\u0101de ,,V\u0101rpi\u0146a\u201d","og_description":"10. oktobr\u012b tiek atz\u012bm\u0113ta Starptautisk\u0101 Putras diena, kuras m\u0113r\u0137is ir populariz\u0113t putras k\u0101 m\u016bsdien\u012bgu \u0113dienu un rad\u012bt jaunas putru \u0113\u0161anas [&hellip;]","og_url":"https:\/\/izglitiba.valmierasnovads.lv\/rujienavarpina\/events\/putras-diena-pucites-zakisa-sienazisa-grupam\/","og_site_name":"R\u016bjienas pirmsskolas izgl\u012bt\u012bbas iest\u0101de ,,V\u0101rpi\u0146a\u201d","twitter_card":"summary_large_image","twitter_misc":{"Est. reading time":"1 min\u016bte"},"schema":{"@context":"https:\/\/schema.org","@graph":[{"@type":"WebPage","@id":"https:\/\/izglitiba.valmierasnovads.lv\/rujienavarpina\/events\/putras-diena-pucites-zakisa-sienazisa-grupam\/","url":"https:\/\/izglitiba.valmierasnovads.lv\/rujienavarpina\/events\/putras-diena-pucites-zakisa-sienazisa-grupam\/","name":"Putras diena \"P\u016bc\u012btes\", \"Za\u0137\u012b\u0161a\", \"Sien\u0101z\u012b\u0161a\" grup\u0101m - R\u016bjienas pirmsskolas izgl\u012bt\u012bbas iest\u0101de ,,V\u0101rpi\u0146a\u201d","isPartOf":{"@id":"https:\/\/izglitiba.valmierasnovads.lv\/rujienavarpina\/#website"},"datePublished":"2025-10-08T13:20:30+00:00","breadcrumb":{"@id":"https:\/\/izglitiba.valmierasnovads.lv\/rujienavarpina\/events\/putras-diena-pucites-zakisa-sienazisa-grupam\/#breadcrumb"},"inLanguage":"lv-LV","potentialAction":[{"@type":"ReadAction","target":["https:\/\/izglitiba.valmierasnovads.lv\/rujienavarpina\/events\/putras-diena-pucites-zakisa-sienazisa-grupam\/"]}]},{"@type":"BreadcrumbList","@id":"https:\/\/izglitiba.valmierasnovads.lv\/rujienavarpina\/events\/putras-diena-pucites-zakisa-sienazisa-grupam\/#breadcrumb","itemListElement":[{"@type":"ListItem","position":1,"name":"Home","item":"https:\/\/izglitiba.valmierasnovads.lv\/rujienavarpina\/"},{"@type":"ListItem","position":2,"name":"Putras diena &#8220;P\u016bc\u012btes&#8221;, &#8220;Za\u0137\u012b\u0161a&#8221;, &#8220;Sien\u0101z\u012b\u0161a&#8221; grup\u0101m"}]},{"@type":"WebSite","@id":"https:\/\/izglitiba.valmierasnovads.lv\/rujienavarpina\/#website","url":"https:\/\/izglitiba.valmierasnovads.lv\/rujienavarpina\/","name":"R\u016bjienas pirmsskolas izgl\u012bt\u012bbas iest\u0101de ,,V\u0101rpi\u0146a\u201d","description":"","publisher":{"@id":"https:\/\/izglitiba.valmierasnovads.lv\/rujienavarpina\/#organization"},"potentialAction":[{"@type":"SearchAction","target":{"@type":"EntryPoint","urlTemplate":"https:\/\/izglitiba.valmierasnovads.lv\/rujienavarpina\/?s={search_term_string}"},"query-input":{"@type":"PropertyValueSpecification","valueRequired":true,"valueName":"search_term_string"}}],"inLanguage":"lv-LV"},{"@type":"Organization","@id":"https:\/\/izglitiba.valmierasnovads.lv\/rujienavarpina\/#organization","name":"R\u016bjienas pirmsskolas izgl\u012bt\u012bbas iest\u0101de ,,V\u0101rpi\u0146a\u201d","url":"https:\/\/izglitiba.valmierasnovads.lv\/rujienavarpina\/","logo":{"@type":"ImageObject","inLanguage":"lv-LV","@id":"https:\/\/izglitiba.valmierasnovads.lv\/rujienavarpina\/#\/schema\/logo\/image\/","url":"https:\/\/izglitiba.valmierasnovads.lv\/rujienavarpina\/wp-content\/uploads\/sites\/14\/2026\/03\/cropped-Pirmsskolas-izglitibas-iestades-ar-pasu-logo-13-scaled-1.png","contentUrl":"https:\/\/izglitiba.valmierasnovads.lv\/rujienavarpina\/wp-content\/uploads\/sites\/14\/2026\/03\/cropped-Pirmsskolas-izglitibas-iestades-ar-pasu-logo-13-scaled-1.png","width":1423,"height":404,"caption":"R\u016bjienas pirmsskolas izgl\u012bt\u012bbas iest\u0101de ,,V\u0101rpi\u0146a\u201d"},"image":{"@id":"https:\/\/izglitiba.valmierasnovads.lv\/rujienavarpina\/#\/schema\/logo\/image\/"}}]}},"_links":{"self":[{"href":"https:\/\/izglitiba.valmierasnovads.lv\/rujienavarpina\/wp-json\/wp\/v2\/events\/589","targetHints":{"allow":["GET"]}}],"collection":[{"href":"https:\/\/izglitiba.valmierasnovads.lv\/rujienavarpina\/wp-json\/wp\/v2\/events"}],"about":[{"href":"https:\/\/izglitiba.valmierasnovads.lv\/rujienavarpina\/wp-json\/wp\/v2\/types\/events"}],"wp:attachment":[{"href":"https:\/\/izglitiba.valmierasnovads.lv\/rujienavarpina\/wp-json\/wp\/v2\/media?parent=589"}],"wp:term":[{"taxonomy":"events_type","embeddable":true,"href":"https:\/\/izglitiba.valmierasnovads.lv\/rujienavarpina\/wp-json\/wp\/v2\/events_type?post=589"}],"curies":[{"name":"wp","href":"https:\/\/api.w.org\/{rel}","templated":true}]}}