{"id":733,"date":"2026-01-05T16:05:33","date_gmt":"2026-01-05T14:05:33","guid":{"rendered":"https:\/\/izglitiba.valmierasnovads.lv\/rujienavarpina\/?post_type=events&#038;p=733"},"modified":"2026-01-05T16:05:33","modified_gmt":"2026-01-05T14:05:33","slug":"lukturisu-diena","status":"publish","type":"events","link":"https:\/\/izglitiba.valmierasnovads.lv\/rujienavarpina\/events\/lukturisu-diena\/","title":{"rendered":"Luktur\u012b\u0161u diena"},"content":{"rendered":"\n<p>Diena, kura norit luktur\u012b\u0161u gaism\u0101 &#8211; telp\u0101s valda puskr\u0113sla, kas rada mier\u012bgu, nosl\u0113pumainu un vienlaikus dro\u0161u atmosf\u0113ru. b\u0113rni m\u0101c\u0101s, sp\u0113l\u0113jas, lasa un p\u0101rvietojas, izmantojot tikai savu luktur\u012b\u0161u gaismu. Tas pal\u012bdz izprast, cik noz\u012bm\u012bga ir gaisma m\u016bsu ikdien\u0101 un cik svar\u012bgi ir taup\u012bt ener\u0123iju.<\/p>\n","protected":false},"featured_media":0,"template":"","meta":{"_acf_changed":false,"site-sidebar-layout":"default","site-content-layout":"","ast-site-content-layout":"default","site-content-style":"default","site-sidebar-style":"default","ast-global-header-display":"","ast-banner-title-visibility":"","ast-main-header-display":"","ast-hfb-above-header-display":"","ast-hfb-below-header-display":"","ast-hfb-mobile-header-display":"","site-post-title":"","ast-breadcrumbs-content":"","ast-featured-img":"","footer-sml-layout":"","ast-disable-related-posts":"","theme-transparent-header-meta":"","adv-header-id-meta":"","stick-header-meta":"","header-above-stick-meta":"","header-main-stick-meta":"","header-below-stick-meta":"","astra-migrate-meta-layouts":"default","ast-page-background-enabled":"default","ast-page-background-meta":{"desktop":{"background-color":"var(--ast-global-color-5)","background-image":"","background-repeat":"repeat","background-position":"center center","background-size":"auto","background-attachment":"scroll","background-type":"","background-media":"","overlay-type":"","overlay-color":"","overlay-opacity":"","overlay-gradient":""},"tablet":{"background-color":"","background-image":"","background-repeat":"repeat","background-position":"center center","background-size":"auto","background-attachment":"scroll","background-type":"","background-media":"","overlay-type":"","overlay-color":"","overlay-opacity":"","overlay-gradient":""},"mobile":{"background-color":"","background-image":"","background-repeat":"repeat","background-position":"center center","background-size":"auto","background-attachment":"scroll","background-type":"","background-media":"","overlay-type":"","overlay-color":"","overlay-opacity":"","overlay-gradient":""}},"ast-content-background-meta":{"desktop":{"background-color":"var(--ast-global-color-4)","background-image":"","background-repeat":"repeat","background-position":"center center","background-size":"auto","background-attachment":"scroll","background-type":"","background-media":"","overlay-type":"","overlay-color":"","overlay-opacity":"","overlay-gradient":""},"tablet":{"background-color":"var(--ast-global-color-4)","background-image":"","background-repeat":"repeat","background-position":"center center","background-size":"auto","background-attachment":"scroll","background-type":"","background-media":"","overlay-type":"","overlay-color":"","overlay-opacity":"","overlay-gradient":""},"mobile":{"background-color":"var(--ast-global-color-4)","background-image":"","background-repeat":"repeat","background-position":"center center","background-size":"auto","background-attachment":"scroll","background-type":"","background-media":"","overlay-type":"","overlay-color":"","overlay-opacity":"","overlay-gradient":""}}},"events_type":[],"class_list":["post-733","events","type-events","status-publish","hentry"],"acf":[],"yoast_head":"<!-- This site is optimized with the Yoast SEO plugin v27.0 - https:\/\/yoast.com\/product\/yoast-seo-wordpress\/ -->\n<title>Luktur\u012b\u0161u diena - R\u016bjienas pirmsskolas izgl\u012bt\u012bbas iest\u0101de ,,V\u0101rpi\u0146a\u201d<\/title>\n<meta name=\"robots\" content=\"index, follow, max-snippet:-1, max-image-preview:large, max-video-preview:-1\" \/>\n<link rel=\"canonical\" href=\"https:\/\/izglitiba.valmierasnovads.lv\/rujienavarpina\/events\/lukturisu-diena\/\" \/>\n<meta property=\"og:locale\" content=\"lv_LV\" \/>\n<meta property=\"og:type\" content=\"article\" \/>\n<meta property=\"og:title\" content=\"Luktur\u012b\u0161u diena - R\u016bjienas pirmsskolas izgl\u012bt\u012bbas iest\u0101de ,,V\u0101rpi\u0146a\u201d\" \/>\n<meta property=\"og:description\" content=\"Diena, kura norit luktur\u012b\u0161u gaism\u0101 &#8211; telp\u0101s valda puskr\u0113sla, kas rada mier\u012bgu, nosl\u0113pumainu un vienlaikus dro\u0161u atmosf\u0113ru. b\u0113rni m\u0101c\u0101s, sp\u0113l\u0113jas, [&hellip;]\" \/>\n<meta property=\"og:url\" content=\"https:\/\/izglitiba.valmierasnovads.lv\/rujienavarpina\/events\/lukturisu-diena\/\" \/>\n<meta property=\"og:site_name\" content=\"R\u016bjienas pirmsskolas izgl\u012bt\u012bbas iest\u0101de ,,V\u0101rpi\u0146a\u201d\" \/>\n<meta name=\"twitter:card\" content=\"summary_large_image\" \/>\n<meta name=\"twitter:label1\" content=\"Est. reading time\" \/>\n\t<meta name=\"twitter:data1\" content=\"1 min\u016bte\" \/>\n<script type=\"application\/ld+json\" class=\"yoast-schema-graph\">{\"@context\":\"https:\/\/schema.org\",\"@graph\":[{\"@type\":\"WebPage\",\"@id\":\"https:\/\/izglitiba.valmierasnovads.lv\/rujienavarpina\/events\/lukturisu-diena\/\",\"url\":\"https:\/\/izglitiba.valmierasnovads.lv\/rujienavarpina\/events\/lukturisu-diena\/\",\"name\":\"Luktur\u012b\u0161u diena - R\u016bjienas pirmsskolas izgl\u012bt\u012bbas iest\u0101de ,,V\u0101rpi\u0146a\u201d\",\"isPartOf\":{\"@id\":\"https:\/\/izglitiba.valmierasnovads.lv\/rujienavarpina\/#website\"},\"datePublished\":\"2026-01-05T14:05:33+00:00\",\"breadcrumb\":{\"@id\":\"https:\/\/izglitiba.valmierasnovads.lv\/rujienavarpina\/events\/lukturisu-diena\/#breadcrumb\"},\"inLanguage\":\"lv-LV\",\"potentialAction\":[{\"@type\":\"ReadAction\",\"target\":[\"https:\/\/izglitiba.valmierasnovads.lv\/rujienavarpina\/events\/lukturisu-diena\/\"]}]},{\"@type\":\"BreadcrumbList\",\"@id\":\"https:\/\/izglitiba.valmierasnovads.lv\/rujienavarpina\/events\/lukturisu-diena\/#breadcrumb\",\"itemListElement\":[{\"@type\":\"ListItem\",\"position\":1,\"name\":\"Home\",\"item\":\"https:\/\/izglitiba.valmierasnovads.lv\/rujienavarpina\/\"},{\"@type\":\"ListItem\",\"position\":2,\"name\":\"Luktur\u012b\u0161u diena\"}]},{\"@type\":\"WebSite\",\"@id\":\"https:\/\/izglitiba.valmierasnovads.lv\/rujienavarpina\/#website\",\"url\":\"https:\/\/izglitiba.valmierasnovads.lv\/rujienavarpina\/\",\"name\":\"R\u016bjienas pirmsskolas izgl\u012bt\u012bbas iest\u0101de ,,V\u0101rpi\u0146a\u201d\",\"description\":\"\",\"publisher\":{\"@id\":\"https:\/\/izglitiba.valmierasnovads.lv\/rujienavarpina\/#organization\"},\"potentialAction\":[{\"@type\":\"SearchAction\",\"target\":{\"@type\":\"EntryPoint\",\"urlTemplate\":\"https:\/\/izglitiba.valmierasnovads.lv\/rujienavarpina\/?s={search_term_string}\"},\"query-input\":{\"@type\":\"PropertyValueSpecification\",\"valueRequired\":true,\"valueName\":\"search_term_string\"}}],\"inLanguage\":\"lv-LV\"},{\"@type\":\"Organization\",\"@id\":\"https:\/\/izglitiba.valmierasnovads.lv\/rujienavarpina\/#organization\",\"name\":\"R\u016bjienas pirmsskolas izgl\u012bt\u012bbas iest\u0101de ,,V\u0101rpi\u0146a\u201d\",\"url\":\"https:\/\/izglitiba.valmierasnovads.lv\/rujienavarpina\/\",\"logo\":{\"@type\":\"ImageObject\",\"inLanguage\":\"lv-LV\",\"@id\":\"https:\/\/izglitiba.valmierasnovads.lv\/rujienavarpina\/#\/schema\/logo\/image\/\",\"url\":\"https:\/\/izglitiba.valmierasnovads.lv\/rujienavarpina\/wp-content\/uploads\/sites\/14\/2026\/03\/cropped-Pirmsskolas-izglitibas-iestades-ar-pasu-logo-13-scaled-1.png\",\"contentUrl\":\"https:\/\/izglitiba.valmierasnovads.lv\/rujienavarpina\/wp-content\/uploads\/sites\/14\/2026\/03\/cropped-Pirmsskolas-izglitibas-iestades-ar-pasu-logo-13-scaled-1.png\",\"width\":1423,\"height\":404,\"caption\":\"R\u016bjienas pirmsskolas izgl\u012bt\u012bbas iest\u0101de ,,V\u0101rpi\u0146a\u201d\"},\"image\":{\"@id\":\"https:\/\/izglitiba.valmierasnovads.lv\/rujienavarpina\/#\/schema\/logo\/image\/\"}}]}<\/script>\n<!-- \/ Yoast SEO plugin. -->","yoast_head_json":{"title":"Luktur\u012b\u0161u diena - R\u016bjienas pirmsskolas izgl\u012bt\u012bbas iest\u0101de ,,V\u0101rpi\u0146a\u201d","robots":{"index":"index","follow":"follow","max-snippet":"max-snippet:-1","max-image-preview":"max-image-preview:large","max-video-preview":"max-video-preview:-1"},"canonical":"https:\/\/izglitiba.valmierasnovads.lv\/rujienavarpina\/events\/lukturisu-diena\/","og_locale":"lv_LV","og_type":"article","og_title":"Luktur\u012b\u0161u diena - R\u016bjienas pirmsskolas izgl\u012bt\u012bbas iest\u0101de ,,V\u0101rpi\u0146a\u201d","og_description":"Diena, kura norit luktur\u012b\u0161u gaism\u0101 &#8211; telp\u0101s valda puskr\u0113sla, kas rada mier\u012bgu, nosl\u0113pumainu un vienlaikus dro\u0161u atmosf\u0113ru. b\u0113rni m\u0101c\u0101s, sp\u0113l\u0113jas, [&hellip;]","og_url":"https:\/\/izglitiba.valmierasnovads.lv\/rujienavarpina\/events\/lukturisu-diena\/","og_site_name":"R\u016bjienas pirmsskolas izgl\u012bt\u012bbas iest\u0101de ,,V\u0101rpi\u0146a\u201d","twitter_card":"summary_large_image","twitter_misc":{"Est. reading time":"1 min\u016bte"},"schema":{"@context":"https:\/\/schema.org","@graph":[{"@type":"WebPage","@id":"https:\/\/izglitiba.valmierasnovads.lv\/rujienavarpina\/events\/lukturisu-diena\/","url":"https:\/\/izglitiba.valmierasnovads.lv\/rujienavarpina\/events\/lukturisu-diena\/","name":"Luktur\u012b\u0161u diena - R\u016bjienas pirmsskolas izgl\u012bt\u012bbas iest\u0101de ,,V\u0101rpi\u0146a\u201d","isPartOf":{"@id":"https:\/\/izglitiba.valmierasnovads.lv\/rujienavarpina\/#website"},"datePublished":"2026-01-05T14:05:33+00:00","breadcrumb":{"@id":"https:\/\/izglitiba.valmierasnovads.lv\/rujienavarpina\/events\/lukturisu-diena\/#breadcrumb"},"inLanguage":"lv-LV","potentialAction":[{"@type":"ReadAction","target":["https:\/\/izglitiba.valmierasnovads.lv\/rujienavarpina\/events\/lukturisu-diena\/"]}]},{"@type":"BreadcrumbList","@id":"https:\/\/izglitiba.valmierasnovads.lv\/rujienavarpina\/events\/lukturisu-diena\/#breadcrumb","itemListElement":[{"@type":"ListItem","position":1,"name":"Home","item":"https:\/\/izglitiba.valmierasnovads.lv\/rujienavarpina\/"},{"@type":"ListItem","position":2,"name":"Luktur\u012b\u0161u diena"}]},{"@type":"WebSite","@id":"https:\/\/izglitiba.valmierasnovads.lv\/rujienavarpina\/#website","url":"https:\/\/izglitiba.valmierasnovads.lv\/rujienavarpina\/","name":"R\u016bjienas pirmsskolas izgl\u012bt\u012bbas iest\u0101de ,,V\u0101rpi\u0146a\u201d","description":"","publisher":{"@id":"https:\/\/izglitiba.valmierasnovads.lv\/rujienavarpina\/#organization"},"potentialAction":[{"@type":"SearchAction","target":{"@type":"EntryPoint","urlTemplate":"https:\/\/izglitiba.valmierasnovads.lv\/rujienavarpina\/?s={search_term_string}"},"query-input":{"@type":"PropertyValueSpecification","valueRequired":true,"valueName":"search_term_string"}}],"inLanguage":"lv-LV"},{"@type":"Organization","@id":"https:\/\/izglitiba.valmierasnovads.lv\/rujienavarpina\/#organization","name":"R\u016bjienas pirmsskolas izgl\u012bt\u012bbas iest\u0101de ,,V\u0101rpi\u0146a\u201d","url":"https:\/\/izglitiba.valmierasnovads.lv\/rujienavarpina\/","logo":{"@type":"ImageObject","inLanguage":"lv-LV","@id":"https:\/\/izglitiba.valmierasnovads.lv\/rujienavarpina\/#\/schema\/logo\/image\/","url":"https:\/\/izglitiba.valmierasnovads.lv\/rujienavarpina\/wp-content\/uploads\/sites\/14\/2026\/03\/cropped-Pirmsskolas-izglitibas-iestades-ar-pasu-logo-13-scaled-1.png","contentUrl":"https:\/\/izglitiba.valmierasnovads.lv\/rujienavarpina\/wp-content\/uploads\/sites\/14\/2026\/03\/cropped-Pirmsskolas-izglitibas-iestades-ar-pasu-logo-13-scaled-1.png","width":1423,"height":404,"caption":"R\u016bjienas pirmsskolas izgl\u012bt\u012bbas iest\u0101de ,,V\u0101rpi\u0146a\u201d"},"image":{"@id":"https:\/\/izglitiba.valmierasnovads.lv\/rujienavarpina\/#\/schema\/logo\/image\/"}}]}},"_links":{"self":[{"href":"https:\/\/izglitiba.valmierasnovads.lv\/rujienavarpina\/wp-json\/wp\/v2\/events\/733","targetHints":{"allow":["GET"]}}],"collection":[{"href":"https:\/\/izglitiba.valmierasnovads.lv\/rujienavarpina\/wp-json\/wp\/v2\/events"}],"about":[{"href":"https:\/\/izglitiba.valmierasnovads.lv\/rujienavarpina\/wp-json\/wp\/v2\/types\/events"}],"wp:attachment":[{"href":"https:\/\/izglitiba.valmierasnovads.lv\/rujienavarpina\/wp-json\/wp\/v2\/media?parent=733"}],"wp:term":[{"taxonomy":"events_type","embeddable":true,"href":"https:\/\/izglitiba.valmierasnovads.lv\/rujienavarpina\/wp-json\/wp\/v2\/events_type?post=733"}],"curies":[{"name":"wp","href":"https:\/\/api.w.org\/{rel}","templated":true}]}}