{"id":146,"date":"2025-08-11T09:13:28","date_gmt":"2025-08-11T06:13:28","guid":{"rendered":"https:\/\/izglitiba.valmierasnovads.lv\/valmieras2vidusskola\/?page_id=146"},"modified":"2025-08-11T09:13:29","modified_gmt":"2025-08-11T06:13:29","slug":"erasmus-projekti","status":"publish","type":"page","link":"https:\/\/izglitiba.valmierasnovads.lv\/v2v\/erasmus-projekti\/","title":{"rendered":"Erasmus+ projekti"},"content":{"rendered":"\n<figure class=\"wp-block-image size-full\"><img loading=\"lazy\" decoding=\"async\" width=\"940\" height=\"788\" src=\"https:\/\/izglitiba.valmierasnovads.lv\/valmieras2vidusskola\/wp-content\/uploads\/sites\/23\/2025\/08\/2.jpg\" alt=\"\" class=\"wp-image-148\" srcset=\"https:\/\/izglitiba.valmierasnovads.lv\/v2v\/wp-content\/uploads\/sites\/23\/2025\/08\/2.jpg 940w, https:\/\/izglitiba.valmierasnovads.lv\/v2v\/wp-content\/uploads\/sites\/23\/2025\/08\/2-300x251.jpg 300w, https:\/\/izglitiba.valmierasnovads.lv\/v2v\/wp-content\/uploads\/sites\/23\/2025\/08\/2-768x644.jpg 768w\" sizes=\"auto, (max-width: 940px) 100vw, 940px\" \/><\/figure>\n\n\n\n<p id=\"block-a3fddebb-8096-4309-88ec-c426f523a62f\">Skola, kur\u0101 atbalsta katra skol\u0113na m\u0101c\u012b\u0161anos un \u012bsteno m\u0101c\u012b\u0161an\u0101s iedzi\u013cinoties pieeju, darbojas k\u0101 m\u0101c\u012b\u0161an\u0101s organiz\u0101cija, kura past\u0101v\u012bgi main\u0101s un piel\u0101gojas jauniem apst\u0101k\u013ciem. Taj\u0101 skol\u0113ni, skolot\u0101ji, skolas vad\u012bba un p\u0101r\u0113jais person\u0101ls individu\u0101li un kop\u012bgi m\u0101c\u0101s, lai sasniegtu savus un kop\u0113jos m\u0113r\u0137us.<br>Skolas galven\u0101 ideja ir iesaist\u012bt m\u0101c\u012bb\u0101s, kas dod iesp\u0113jas iedzi\u013cin\u0101ties, un uzlabot sniegumu katram skol\u0113nam. Gan m\u0101c\u012b\u0161ana, gan m\u0101c\u012b\u0161an\u0101s ir virz\u012bta, lai \u0161o ideju \u012bstenotu. Ideja ir rezult\u0101ts procesam, kur\u0101 iesaist\u012bts viss skolas person\u0101ls.Idejas projekta saturam \u2013 STEM att\u012bst\u012bbas ce\u013ci un izvirz\u0101m\u0101s priorit\u0101tes, att\u012bst\u0101s rado\u0161\u0101s izpausmes un inov\u0101cijas uzdevumu p\u0101rkl\u0101jums, tehnolo\u0123isko risin\u0101jumu pieredze un STEM zin\u0101t\u0146u integr\u0113\u0161ana ikdienas m\u0101c\u012bbu proces\u0101. Priorit\u0101rs uzdevums ir nodro\u0161in\u0101t m\u016bsdienu pras\u012bb\u0101m un izgl\u012bt\u012bbas att\u012bst\u012bbas tendenc\u0113m atbilsto\u0161u kvalitat\u012bvu STEM m\u0101c\u012bbu procesu izgl\u012btojam\u0101 person\u012bbas izaugsmei, gan intelektu\u0101li, gan darbojoties praktiski.<\/p>\n\n\n\n<p>Dal\u012bbnieku (skol\u0113nu mobilit\u0101te) skaits:&nbsp;&nbsp;<strong>30.<\/strong><\/p>\n\n\n\n<p>Valstis:&nbsp;<strong>Somija, Igaunija, Lietuva, V\u0101cija, Sp\u0101nija, Bulg\u0101rija.<\/strong><\/p>\n\n\n\n<p id=\"block-a3fddebb-8096-4309-88ec-c426f523a62f\">Projekta koordinators:&nbsp;<strong>Vja\u010deslavs Piskunovs, direktora vietnieks izgl\u012bt\u012bbas jom\u0101&nbsp;<\/strong>(vjaceslavs.piskunovs@valmiera.edu.lv)<\/p>\n\n\n\n<figure class=\"wp-block-image size-full\"><img loading=\"lazy\" decoding=\"async\" width=\"940\" height=\"788\" src=\"https:\/\/izglitiba.valmierasnovads.lv\/valmieras2vidusskola\/wp-content\/uploads\/sites\/23\/2025\/08\/1.jpg\" alt=\"\" class=\"wp-image-147\" srcset=\"https:\/\/izglitiba.valmierasnovads.lv\/v2v\/wp-content\/uploads\/sites\/23\/2025\/08\/1.jpg 940w, https:\/\/izglitiba.valmierasnovads.lv\/v2v\/wp-content\/uploads\/sites\/23\/2025\/08\/1-300x251.jpg 300w, https:\/\/izglitiba.valmierasnovads.lv\/v2v\/wp-content\/uploads\/sites\/23\/2025\/08\/1-768x644.jpg 768w\" sizes=\"auto, (max-width: 940px) 100vw, 940px\" \/><\/figure>\n\n\n\n<p>COVID-19 un ar to saist\u012bt\u0101s att\u0101lin\u0101t\u0101s m\u0101c\u012b\u0161an\u0101s nesu\u0161as daudz izaicin\u0101jumu gan organiz\u0101ciju jeb skolu l\u012bmen\u012b, gan indiv\u012bdu\u2013pedagogu\u2013skol\u0113nu\u2013l\u012bmen\u012b. Skol\u0113niem bija j\u0101piel\u0101gojas sal\u012bdzino\u0161i daudz individu\u0101l\u0101kam un pa\u0161u pl\u0101notam m\u0101c\u012bbu procesam, ar maz\u0101ku t\u016bl\u012bt\u0113ju atbalstu, kas nenoliedzami pras\u012bja pielietot un att\u012bst\u012bt da\u017e\u0101das visp\u0101r\u012bg\u0101s prasmes, piem. pl\u0101not un organiz\u0113t savu laiku un pien\u0101kumus, un tikt gal\u0101 ar da\u017e\u0101d\u0101m gr\u016bt\u012bb\u0101m. Savuk\u0101rt skolot\u0101jiem-izaicin\u0101jumu, digitaliz\u0101cijas un profesion\u0101l\u0101s pilnveides un re\u0101l\u0101 noguruma laiks. Laiks, kas deva sign\u0101lu, ka gribas atgriezties ierast\u0101 ritm\u0101, piedal\u012bties kl\u0101tienes sapulc\u0113s, izjust kafijas smar\u017eu un b\u0113rnu \u010dalas, apmekl\u0113t izst\u0101des\/semin\u0101rus, viesoties pie sadarb\u012bbas skolu partneriem cit\u0101s valst\u012bs, un vienk\u0101r\u0161i ikvienam apzin\u0101ties savu (pedagogiem, izgl\u012btojamiem) izaugsmes<br>potenci\u0101lu, att\u012bstot jaunu skat\u012bjumu k\u0101 rezult\u0101t\u0101 uzlabojas darba un attiec\u012bbu kvalit\u0101te, veidojas labv\u0113l\u012bga izgl\u012bt\u012bbas vide, pozit\u012bvi ietekm\u0113jot m\u0101c\u012b\u0161anas iesp\u0113jas.<\/p>\n\n\n\n<p>Dal\u012bbnieku (pedagogu + skol\u0113nu mobilit\u0101te) skaits:&nbsp;&nbsp;<strong>18+12.<\/strong><\/p>\n\n\n\n<p>Valstis:&nbsp;<strong>Somija, Igaunija, Lietuva, V\u0101cija, Sp\u0101nija, Grie\u0137ija, It\u0101lija, \u010cehijas Republika.<\/strong><\/p>\n\n\n\n<p>Projekta koordinators:&nbsp;<strong>Vja\u010deslavs Piskunovs, direktora vietnieks izgl\u012bt\u012bbas jom\u0101&nbsp;<\/strong>(vjaceslavs.piskunovs@valmiera.edu.lv)<\/p>\n\n\n\n<figure class=\"wp-block-image size-full\"><img loading=\"lazy\" decoding=\"async\" width=\"940\" height=\"788\" src=\"https:\/\/izglitiba.valmierasnovads.lv\/valmieras2vidusskola\/wp-content\/uploads\/sites\/23\/2025\/08\/3.jpg\" alt=\"\" class=\"wp-image-149\" srcset=\"https:\/\/izglitiba.valmierasnovads.lv\/v2v\/wp-content\/uploads\/sites\/23\/2025\/08\/3.jpg 940w, https:\/\/izglitiba.valmierasnovads.lv\/v2v\/wp-content\/uploads\/sites\/23\/2025\/08\/3-300x251.jpg 300w, https:\/\/izglitiba.valmierasnovads.lv\/v2v\/wp-content\/uploads\/sites\/23\/2025\/08\/3-768x644.jpg 768w\" sizes=\"auto, (max-width: 940px) 100vw, 940px\" \/><\/figure>\n\n\n\n<p>Projekta m\u0113r\u0137is<\/p>\n\n\n\n<p>nodro\u0161in\u0101t multilingv\u0101lo m\u0101c\u012bbu pedagogu profesion\u0101l\u0101s kompetences pilnveidi m\u016bsdien\u012bga m\u0101c\u012bbu satura un valodas integr\u0113t\u0101s apguves sekm\u0113\u0161anai atbilsto\u0161i m\u016bsdien\u012bga izgl\u012bto\u0161an\u0101s procesa pras\u012bb\u0101m, izveidojot multilingv\u0101l\u0101s skolas konceptu, paaugstinot izgl\u012bt\u012bbas iest\u0101des kapacit\u0101ti un darba efektivit\u0101ti.<\/p>\n\n\n\n<p>Projekta uzdevumi<br>* pedago\u0123iskais person\u0101ls iepaz\u012bstas ar partnervalstu pieredzi multilingv\u0101l\u0101s izgl\u012bt\u012bbas un IKT jomas kontekst\u0101 un ievesot sav\u0101 darb\u0101 Valmieras un skolas apst\u0101k\u013ciem piem\u0113rotas metodes \u0161\u012b darba optim\u0101lai darb\u012bbai;<br>*izveidots multilingv\u0101l\u0101s skolas koncepts un CLIL programmas<br>*izstr\u0101d\u0101ta pedagogu profesion\u0101l\u0101s kompetences pilnveides programma<\/p>\n\n\n\n<p>Pl\u0101nots, k\u0101 dal\u012bbnieki apg\u016bs noteikt\u0101s zin\u0101\u0161anas, prasmes un iema\u0146as:<br>*zin\u0101\u0161anas multilingv\u0101l\u0101s (CLIL) un IKT programmu veido\u0161an\u0101 un realiz\u0113\u0161an\u0101<br>*tiks iepaz\u012bstin\u0101ti ar veiktajiem p\u0113t\u012bjumiem\/projektiem multilingv\u0101l\u0101s izgl\u012bt\u012bbas kontekst\u0101, secin\u0101jumiem un to izmanto\u0161anu m\u016bsdienu skolas kontekst\u0101<br>*IKT kompeten\u010du pilnveide diagnostikas instrumentu izstr\u0101d\u0113 un IKT risin\u0101jumu izmanto\u0161an\u0101<br>*multilingv\u0101l\u0101s skolas koncepta izveide un CLIL programmu kl\u0101sta papildin\u0101jums<\/p>\n\n\n\n<p>Dal\u012bbnieku (pedagogu mobilit\u0101tes) skaits:&nbsp;&nbsp;<strong>19.<\/strong><\/p>\n\n\n\n<p>Valstis:&nbsp;<strong>It\u0101lija, Kipra, Malta.<\/strong><\/p>\n\n\n\n<p>Projekta koordinators:&nbsp;<strong>Vja\u010deslavs Piskunovs, direktora vietnieks izgl\u012bt\u012bbas jom\u0101&nbsp;<\/strong>(vjaceslavs.piskunovs@valmiera.edu.lv)<\/p>\n\n\n\n<p><\/p>\n","protected":false},"excerpt":{"rendered":"<p>Skola, kur\u0101 atbalsta katra skol\u0113na m\u0101c\u012b\u0161anos un \u012bsteno m\u0101c\u012b\u0161an\u0101s iedzi\u013cinoties pieeju, darbojas k\u0101 m\u0101c\u012b\u0161an\u0101s organiz\u0101cija, kura past\u0101v\u012bgi main\u0101s un piel\u0101gojas [&hellip;]<\/p>\n","protected":false},"author":21,"featured_media":0,"parent":0,"menu_order":0,"comment_status":"closed","ping_status":"closed","template":"","meta":{"_acf_changed":false,"site-sidebar-layout":"default","site-content-layout":"","ast-site-content-layout":"default","site-content-style":"default","site-sidebar-style":"default","ast-global-header-display":"","ast-banner-title-visibility":"","ast-main-header-display":"","ast-hfb-above-header-display":"","ast-hfb-below-header-display":"","ast-hfb-mobile-header-display":"","site-post-title":"","ast-breadcrumbs-content":"","ast-featured-img":"","footer-sml-layout":"","ast-disable-related-posts":"","theme-transparent-header-meta":"","adv-header-id-meta":"","stick-header-meta":"","header-above-stick-meta":"","header-main-stick-meta":"","header-below-stick-meta":"","astra-migrate-meta-layouts":"default","ast-page-background-enabled":"default","ast-page-background-meta":{"desktop":{"background-color":"var(--ast-global-color-5)","background-image":"","background-repeat":"repeat","background-position":"center center","background-size":"auto","background-attachment":"scroll","background-type":"","background-media":"","overlay-type":"","overlay-color":"","overlay-opacity":"","overlay-gradient":""},"tablet":{"background-color":"","background-image":"","background-repeat":"repeat","background-position":"center center","background-size":"auto","background-attachment":"scroll","background-type":"","background-media":"","overlay-type":"","overlay-color":"","overlay-opacity":"","overlay-gradient":""},"mobile":{"background-color":"","background-image":"","background-repeat":"repeat","background-position":"center center","background-size":"auto","background-attachment":"scroll","background-type":"","background-media":"","overlay-type":"","overlay-color":"","overlay-opacity":"","overlay-gradient":""}},"ast-content-background-meta":{"desktop":{"background-color":"var(--ast-global-color-4)","background-image":"","background-repeat":"repeat","background-position":"center center","background-size":"auto","background-attachment":"scroll","background-type":"","background-media":"","overlay-type":"","overlay-color":"","overlay-opacity":"","overlay-gradient":""},"tablet":{"background-color":"var(--ast-global-color-4)","background-image":"","background-repeat":"repeat","background-position":"center center","background-size":"auto","background-attachment":"scroll","background-type":"","background-media":"","overlay-type":"","overlay-color":"","overlay-opacity":"","overlay-gradient":""},"mobile":{"background-color":"var(--ast-global-color-4)","background-image":"","background-repeat":"repeat","background-position":"center center","background-size":"auto","background-attachment":"scroll","background-type":"","background-media":"","overlay-type":"","overlay-color":"","overlay-opacity":"","overlay-gradient":""}},"footnotes":""},"class_list":["post-146","page","type-page","status-publish","hentry"],"acf":[],"yoast_head":"<!-- This site is optimized with the Yoast SEO plugin v27.0 - https:\/\/yoast.com\/product\/yoast-seo-wordpress\/ -->\n<title>Erasmus+ projekti - Valmieras 2. vidusskola<\/title>\n<meta name=\"robots\" content=\"index, follow, max-snippet:-1, max-image-preview:large, max-video-preview:-1\" \/>\n<link rel=\"canonical\" href=\"https:\/\/izglitiba.valmierasnovads.lv\/v2v\/erasmus-projekti\/\" \/>\n<meta property=\"og:locale\" content=\"lv_LV\" \/>\n<meta property=\"og:type\" content=\"article\" \/>\n<meta property=\"og:title\" content=\"Erasmus+ projekti - Valmieras 2. vidusskola\" \/>\n<meta property=\"og:description\" content=\"Skola, kur\u0101 atbalsta katra skol\u0113na m\u0101c\u012b\u0161anos un \u012bsteno m\u0101c\u012b\u0161an\u0101s iedzi\u013cinoties pieeju, darbojas k\u0101 m\u0101c\u012b\u0161an\u0101s organiz\u0101cija, kura past\u0101v\u012bgi main\u0101s un piel\u0101gojas [&hellip;]\" \/>\n<meta property=\"og:url\" content=\"https:\/\/izglitiba.valmierasnovads.lv\/v2v\/erasmus-projekti\/\" \/>\n<meta property=\"og:site_name\" content=\"Valmieras 2. vidusskola\" \/>\n<meta property=\"article:modified_time\" content=\"2025-08-11T06:13:29+00:00\" \/>\n<meta property=\"og:image\" content=\"https:\/\/izglitiba.valmierasnovads.lv\/valmieras2vidusskola\/wp-content\/uploads\/sites\/23\/2025\/08\/2.jpg\" \/>\n<meta name=\"twitter:card\" content=\"summary_large_image\" \/>\n<meta name=\"twitter:label1\" content=\"Est. reading time\" \/>\n\t<meta name=\"twitter:data1\" content=\"3 min\u016btes\" \/>\n<script type=\"application\/ld+json\" class=\"yoast-schema-graph\">{\"@context\":\"https:\/\/schema.org\",\"@graph\":[{\"@type\":\"WebPage\",\"@id\":\"https:\/\/izglitiba.valmierasnovads.lv\/v2v\/erasmus-projekti\/\",\"url\":\"https:\/\/izglitiba.valmierasnovads.lv\/v2v\/erasmus-projekti\/\",\"name\":\"Erasmus+ projekti - Valmieras 2. vidusskola\",\"isPartOf\":{\"@id\":\"https:\/\/izglitiba.valmierasnovads.lv\/v2v\/#website\"},\"primaryImageOfPage\":{\"@id\":\"https:\/\/izglitiba.valmierasnovads.lv\/v2v\/erasmus-projekti\/#primaryimage\"},\"image\":{\"@id\":\"https:\/\/izglitiba.valmierasnovads.lv\/v2v\/erasmus-projekti\/#primaryimage\"},\"thumbnailUrl\":\"https:\/\/izglitiba.valmierasnovads.lv\/valmieras2vidusskola\/wp-content\/uploads\/sites\/23\/2025\/08\/2.jpg\",\"datePublished\":\"2025-08-11T06:13:28+00:00\",\"dateModified\":\"2025-08-11T06:13:29+00:00\",\"breadcrumb\":{\"@id\":\"https:\/\/izglitiba.valmierasnovads.lv\/v2v\/erasmus-projekti\/#breadcrumb\"},\"inLanguage\":\"lv-LV\",\"potentialAction\":[{\"@type\":\"ReadAction\",\"target\":[\"https:\/\/izglitiba.valmierasnovads.lv\/v2v\/erasmus-projekti\/\"]}]},{\"@type\":\"ImageObject\",\"inLanguage\":\"lv-LV\",\"@id\":\"https:\/\/izglitiba.valmierasnovads.lv\/v2v\/erasmus-projekti\/#primaryimage\",\"url\":\"https:\/\/izglitiba.valmierasnovads.lv\/valmieras2vidusskola\/wp-content\/uploads\/sites\/23\/2025\/08\/2.jpg\",\"contentUrl\":\"https:\/\/izglitiba.valmierasnovads.lv\/valmieras2vidusskola\/wp-content\/uploads\/sites\/23\/2025\/08\/2.jpg\"},{\"@type\":\"BreadcrumbList\",\"@id\":\"https:\/\/izglitiba.valmierasnovads.lv\/v2v\/erasmus-projekti\/#breadcrumb\",\"itemListElement\":[{\"@type\":\"ListItem\",\"position\":1,\"name\":\"Home\",\"item\":\"https:\/\/izglitiba.valmierasnovads.lv\/v2v\/\"},{\"@type\":\"ListItem\",\"position\":2,\"name\":\"Erasmus+ projekti\"}]},{\"@type\":\"WebSite\",\"@id\":\"https:\/\/izglitiba.valmierasnovads.lv\/v2v\/#website\",\"url\":\"https:\/\/izglitiba.valmierasnovads.lv\/v2v\/\",\"name\":\"Valmieras 2. vidusskola\",\"description\":\"\",\"publisher\":{\"@id\":\"https:\/\/izglitiba.valmierasnovads.lv\/v2v\/#organization\"},\"potentialAction\":[{\"@type\":\"SearchAction\",\"target\":{\"@type\":\"EntryPoint\",\"urlTemplate\":\"https:\/\/izglitiba.valmierasnovads.lv\/v2v\/?s={search_term_string}\"},\"query-input\":{\"@type\":\"PropertyValueSpecification\",\"valueRequired\":true,\"valueName\":\"search_term_string\"}}],\"inLanguage\":\"lv-LV\"},{\"@type\":\"Organization\",\"@id\":\"https:\/\/izglitiba.valmierasnovads.lv\/v2v\/#organization\",\"name\":\"Valmieras 2. vidusskola\",\"url\":\"https:\/\/izglitiba.valmierasnovads.lv\/v2v\/\",\"logo\":{\"@type\":\"ImageObject\",\"inLanguage\":\"lv-LV\",\"@id\":\"https:\/\/izglitiba.valmierasnovads.lv\/v2v\/#\/schema\/logo\/image\/\",\"url\":\"https:\/\/izglitiba.valmierasnovads.lv\/v2v\/wp-content\/uploads\/sites\/23\/2025\/04\/cropped-V2VSK-logo-PNG-1-1.png\",\"contentUrl\":\"https:\/\/izglitiba.valmierasnovads.lv\/v2v\/wp-content\/uploads\/sites\/23\/2025\/04\/cropped-V2VSK-logo-PNG-1-1.png\",\"width\":2111,\"height\":1310,\"caption\":\"Valmieras 2. vidusskola\"},\"image\":{\"@id\":\"https:\/\/izglitiba.valmierasnovads.lv\/v2v\/#\/schema\/logo\/image\/\"}}]}<\/script>\n<!-- \/ Yoast SEO plugin. -->","yoast_head_json":{"title":"Erasmus+ projekti - Valmieras 2. vidusskola","robots":{"index":"index","follow":"follow","max-snippet":"max-snippet:-1","max-image-preview":"max-image-preview:large","max-video-preview":"max-video-preview:-1"},"canonical":"https:\/\/izglitiba.valmierasnovads.lv\/v2v\/erasmus-projekti\/","og_locale":"lv_LV","og_type":"article","og_title":"Erasmus+ projekti - Valmieras 2. vidusskola","og_description":"Skola, kur\u0101 atbalsta katra skol\u0113na m\u0101c\u012b\u0161anos un \u012bsteno m\u0101c\u012b\u0161an\u0101s iedzi\u013cinoties pieeju, darbojas k\u0101 m\u0101c\u012b\u0161an\u0101s organiz\u0101cija, kura past\u0101v\u012bgi main\u0101s un piel\u0101gojas [&hellip;]","og_url":"https:\/\/izglitiba.valmierasnovads.lv\/v2v\/erasmus-projekti\/","og_site_name":"Valmieras 2. vidusskola","article_modified_time":"2025-08-11T06:13:29+00:00","og_image":[{"url":"https:\/\/izglitiba.valmierasnovads.lv\/valmieras2vidusskola\/wp-content\/uploads\/sites\/23\/2025\/08\/2.jpg","type":"","width":"","height":""}],"twitter_card":"summary_large_image","twitter_misc":{"Est. reading time":"3 min\u016btes"},"schema":{"@context":"https:\/\/schema.org","@graph":[{"@type":"WebPage","@id":"https:\/\/izglitiba.valmierasnovads.lv\/v2v\/erasmus-projekti\/","url":"https:\/\/izglitiba.valmierasnovads.lv\/v2v\/erasmus-projekti\/","name":"Erasmus+ projekti - Valmieras 2. vidusskola","isPartOf":{"@id":"https:\/\/izglitiba.valmierasnovads.lv\/v2v\/#website"},"primaryImageOfPage":{"@id":"https:\/\/izglitiba.valmierasnovads.lv\/v2v\/erasmus-projekti\/#primaryimage"},"image":{"@id":"https:\/\/izglitiba.valmierasnovads.lv\/v2v\/erasmus-projekti\/#primaryimage"},"thumbnailUrl":"https:\/\/izglitiba.valmierasnovads.lv\/valmieras2vidusskola\/wp-content\/uploads\/sites\/23\/2025\/08\/2.jpg","datePublished":"2025-08-11T06:13:28+00:00","dateModified":"2025-08-11T06:13:29+00:00","breadcrumb":{"@id":"https:\/\/izglitiba.valmierasnovads.lv\/v2v\/erasmus-projekti\/#breadcrumb"},"inLanguage":"lv-LV","potentialAction":[{"@type":"ReadAction","target":["https:\/\/izglitiba.valmierasnovads.lv\/v2v\/erasmus-projekti\/"]}]},{"@type":"ImageObject","inLanguage":"lv-LV","@id":"https:\/\/izglitiba.valmierasnovads.lv\/v2v\/erasmus-projekti\/#primaryimage","url":"https:\/\/izglitiba.valmierasnovads.lv\/valmieras2vidusskola\/wp-content\/uploads\/sites\/23\/2025\/08\/2.jpg","contentUrl":"https:\/\/izglitiba.valmierasnovads.lv\/valmieras2vidusskola\/wp-content\/uploads\/sites\/23\/2025\/08\/2.jpg"},{"@type":"BreadcrumbList","@id":"https:\/\/izglitiba.valmierasnovads.lv\/v2v\/erasmus-projekti\/#breadcrumb","itemListElement":[{"@type":"ListItem","position":1,"name":"Home","item":"https:\/\/izglitiba.valmierasnovads.lv\/v2v\/"},{"@type":"ListItem","position":2,"name":"Erasmus+ projekti"}]},{"@type":"WebSite","@id":"https:\/\/izglitiba.valmierasnovads.lv\/v2v\/#website","url":"https:\/\/izglitiba.valmierasnovads.lv\/v2v\/","name":"Valmieras 2. vidusskola","description":"","publisher":{"@id":"https:\/\/izglitiba.valmierasnovads.lv\/v2v\/#organization"},"potentialAction":[{"@type":"SearchAction","target":{"@type":"EntryPoint","urlTemplate":"https:\/\/izglitiba.valmierasnovads.lv\/v2v\/?s={search_term_string}"},"query-input":{"@type":"PropertyValueSpecification","valueRequired":true,"valueName":"search_term_string"}}],"inLanguage":"lv-LV"},{"@type":"Organization","@id":"https:\/\/izglitiba.valmierasnovads.lv\/v2v\/#organization","name":"Valmieras 2. vidusskola","url":"https:\/\/izglitiba.valmierasnovads.lv\/v2v\/","logo":{"@type":"ImageObject","inLanguage":"lv-LV","@id":"https:\/\/izglitiba.valmierasnovads.lv\/v2v\/#\/schema\/logo\/image\/","url":"https:\/\/izglitiba.valmierasnovads.lv\/v2v\/wp-content\/uploads\/sites\/23\/2025\/04\/cropped-V2VSK-logo-PNG-1-1.png","contentUrl":"https:\/\/izglitiba.valmierasnovads.lv\/v2v\/wp-content\/uploads\/sites\/23\/2025\/04\/cropped-V2VSK-logo-PNG-1-1.png","width":2111,"height":1310,"caption":"Valmieras 2. vidusskola"},"image":{"@id":"https:\/\/izglitiba.valmierasnovads.lv\/v2v\/#\/schema\/logo\/image\/"}}]}},"_links":{"self":[{"href":"https:\/\/izglitiba.valmierasnovads.lv\/v2v\/wp-json\/wp\/v2\/pages\/146","targetHints":{"allow":["GET"]}}],"collection":[{"href":"https:\/\/izglitiba.valmierasnovads.lv\/v2v\/wp-json\/wp\/v2\/pages"}],"about":[{"href":"https:\/\/izglitiba.valmierasnovads.lv\/v2v\/wp-json\/wp\/v2\/types\/page"}],"author":[{"embeddable":true,"href":"https:\/\/izglitiba.valmierasnovads.lv\/v2v\/wp-json\/wp\/v2\/users\/21"}],"replies":[{"embeddable":true,"href":"https:\/\/izglitiba.valmierasnovads.lv\/v2v\/wp-json\/wp\/v2\/comments?post=146"}],"version-history":[{"count":1,"href":"https:\/\/izglitiba.valmierasnovads.lv\/v2v\/wp-json\/wp\/v2\/pages\/146\/revisions"}],"predecessor-version":[{"id":150,"href":"https:\/\/izglitiba.valmierasnovads.lv\/v2v\/wp-json\/wp\/v2\/pages\/146\/revisions\/150"}],"wp:attachment":[{"href":"https:\/\/izglitiba.valmierasnovads.lv\/v2v\/wp-json\/wp\/v2\/media?parent=146"}],"curies":[{"name":"wp","href":"https:\/\/api.w.org\/{rel}","templated":true}]}}