{"id":353,"date":"2025-09-08T18:57:26","date_gmt":"2025-09-08T15:57:26","guid":{"rendered":"https:\/\/izglitiba.valmierasnovads.lv\/valmieras2vidusskola\/?page_id=353"},"modified":"2025-09-08T18:57:27","modified_gmt":"2025-09-08T15:57:27","slug":"pedagogiem","status":"publish","type":"page","link":"https:\/\/izglitiba.valmierasnovads.lv\/v2v\/pedagogiem\/","title":{"rendered":"Pedagogiem"},"content":{"rendered":"\n<p>Lai nodro\u0161in\u0101tu konkur\u0113tsp\u0113ju Latvijas main\u012bgaj\u0101 darba tirg\u016b, aktu\u0101las ir karjeras vad\u012bbas prasmes (Jaunzeme, 2013). Saska\u0146\u0101 ar Eiropas M\u016b\u017eilga karjeras atbalsta politikas t\u012bkla (EMKAPT) skaidrojumu, karjeras vad\u012bbas prasmes ir kompeten\u010du (zin\u0101\u0161anas, prasmes, attieksme) kopums, kas cilv\u0113kiem jebkur\u0101 dz\u012bves posm\u0101 \u013cauj veidot savu m\u0101c\u012bbu un darba dz\u012bvi. Zin\u0101\u0161anas, prasmes un attieksme ir saist\u012btas ar pa\u0161organiz\u0113t\u012bbu un m\u0101c\u012bbu un karjeras vad\u012bbu, (EMKAPT, 2015). Karjeras vad\u012bbas prasmju aktualit\u0101ti apliecina Latvijas Darba dev\u0113ju konfeder\u0101cijas (LDDK) 2016. gada aptauja par kvalific\u0113ta darbasp\u0113ka piepras\u012bjumu, (Helmane, 2016). Prasmes, kuras darba dev\u0113ji darbiniekos v\u0113las redz\u0113t, sasaucas ar EMKAPT pie\u0146emto karjeras vad\u012bbas prasmju skaidrojumu.<\/p>\n\n\n\n<p>Materi\u0101ls ir noder\u012bgs k\u0101 pal\u012bgl\u012bdzeklis karjeras vad\u012bbas prasmju izpratnei un atpaz\u012b\u0161anai, atspogu\u013cojot da\u017e\u0101du m\u0101c\u012bbu priek\u0161metu komponentus, kas gatavo jaunie\u0161us apzin\u0101tai profesijas izv\u0113lei un sekm\u012bgai profesion\u0101lajai karjerai:&nbsp;<a href=\"https:\/\/www.viaa.gov.lv\/lv\/media\/2612\/download\">https:\/\/www.viaa.gov.lv\/lv\/media\/2612\/download<\/a><\/p>\n\n\n\n<p><strong>Metodiskie materi\u0101li:<\/strong><\/p>\n\n\n\n<p>KIPNIS metodikas:&nbsp;<a href=\"https:\/\/www.viaa.gov.lv\/lv\/metodiskie-materiali\">https:\/\/www.viaa.gov.lv\/lv\/metodiskie-materiali<\/a><\/p>\n\n\n\n<p>Lai pal\u012bdz\u0113tu skol\u0113niem izzin\u0101t profesiju da\u017e\u0101d\u012bbu, 1.\u20136. kla\u0161u audz\u0113k\u0146iem ir izveidota digit\u0101li interakt\u012bva sp\u0113le \u201cK\u013c\u016b\u0161u par profesion\u0101li\u201d, kas pieejama tie\u0161saist\u0113:&nbsp;<a href=\"https:\/\/parprof.lv\/\">parprof.lv<\/a><\/p>\n\n\n\n<p>Ieteikumi karjeras izv\u0113les jaut\u0101jumu integr\u0113\u0161anai klases stund\u0101s:<br><a href=\"https:\/\/www.viaa.gov.lv\/lv\/jaunums\/pilnveidoti-ieteikumi-karjeras-izveles-jautajumu-integresanai-klases-stundas\">https:\/\/www.viaa.gov.lv\/lv\/jaunums\/pilnveidoti-ieteikumi-karjeras-izveles-jautajumu-integresanai-klases-stundas<\/a><\/p>\n\n\n\n<p>100 metodikas karjeras att\u012bst\u012bbas atbalstam:&nbsp;<a href=\"https:\/\/www.viaa.gov.lv\/lv\/media\/2540\/download?attachment\">https:\/\/www.viaa.gov.lv\/lv\/media\/2540\/download?attachment<\/a><\/p>\n\n\n\n<p>\u201cKompeten\u010du pieeja karjeras izgl\u012bt\u012bb\u0101 skol\u0101\u201d Rokasgr\u0101mata skolot\u0101jiem. I. Leme\u0161onoka. Apg\u0101ds Zvaigzne ABC, 2018.<\/p>\n\n\n\n<p>Karjeras izgl\u012bt\u012bbas skol\u0101:<\/p>\n\n\n\n<div data-wp-interactive=\"core\/file\" class=\"wp-block-file\"><object data-wp-bind--hidden=\"!state.hasPdfPreview\" hidden class=\"wp-block-file__embed\" data=\"https:\/\/izglitiba.valmierasnovads.lv\/valmieras2vidusskola\/wp-content\/uploads\/sites\/23\/2025\/09\/karjeras_izgliitiiba_skolaa_2010.pdf\" type=\"application\/pdf\" style=\"width:100%;height:600px\" aria-label=\"Iegult karjeras_izgliitiiba_skolaa_2010.\"><\/object><a id=\"wp-block-file--media-d3624bed-a747-4f3c-ae4d-e757087dcc96\" href=\"https:\/\/izglitiba.valmierasnovads.lv\/valmieras2vidusskola\/wp-content\/uploads\/sites\/23\/2025\/09\/karjeras_izgliitiiba_skolaa_2010.pdf\">karjeras_izgliitiiba_skolaa_2010<\/a><a href=\"https:\/\/izglitiba.valmierasnovads.lv\/valmieras2vidusskola\/wp-content\/uploads\/sites\/23\/2025\/09\/karjeras_izgliitiiba_skolaa_2010.pdf\" class=\"wp-block-file__button wp-element-button\" download aria-describedby=\"wp-block-file--media-d3624bed-a747-4f3c-ae4d-e757087dcc96\">Lejupiel\u0101d\u0113t<\/a><\/div>\n","protected":false},"excerpt":{"rendered":"<p>Lai nodro\u0161in\u0101tu konkur\u0113tsp\u0113ju Latvijas main\u012bgaj\u0101 darba tirg\u016b, aktu\u0101las ir karjeras vad\u012bbas prasmes (Jaunzeme, 2013). Saska\u0146\u0101 ar Eiropas M\u016b\u017eilga karjeras atbalsta [&hellip;]<\/p>\n","protected":false},"author":20,"featured_media":0,"parent":0,"menu_order":0,"comment_status":"closed","ping_status":"closed","template":"","meta":{"_acf_changed":false,"site-sidebar-layout":"default","site-content-layout":"","ast-site-content-layout":"default","site-content-style":"default","site-sidebar-style":"default","ast-global-header-display":"","ast-banner-title-visibility":"","ast-main-header-display":"","ast-hfb-above-header-display":"","ast-hfb-below-header-display":"","ast-hfb-mobile-header-display":"","site-post-title":"","ast-breadcrumbs-content":"","ast-featured-img":"","footer-sml-layout":"","ast-disable-related-posts":"","theme-transparent-header-meta":"","adv-header-id-meta":"","stick-header-meta":"","header-above-stick-meta":"","header-main-stick-meta":"","header-below-stick-meta":"","astra-migrate-meta-layouts":"default","ast-page-background-enabled":"default","ast-page-background-meta":{"desktop":{"background-color":"var(--ast-global-color-5)","background-image":"","background-repeat":"repeat","background-position":"center center","background-size":"auto","background-attachment":"scroll","background-type":"","background-media":"","overlay-type":"","overlay-color":"","overlay-opacity":"","overlay-gradient":""},"tablet":{"background-color":"","background-image":"","background-repeat":"repeat","background-position":"center center","background-size":"auto","background-attachment":"scroll","background-type":"","background-media":"","overlay-type":"","overlay-color":"","overlay-opacity":"","overlay-gradient":""},"mobile":{"background-color":"","background-image":"","background-repeat":"repeat","background-position":"center center","background-size":"auto","background-attachment":"scroll","background-type":"","background-media":"","overlay-type":"","overlay-color":"","overlay-opacity":"","overlay-gradient":""}},"ast-content-background-meta":{"desktop":{"background-color":"var(--ast-global-color-4)","background-image":"","background-repeat":"repeat","background-position":"center center","background-size":"auto","background-attachment":"scroll","background-type":"","background-media":"","overlay-type":"","overlay-color":"","overlay-opacity":"","overlay-gradient":""},"tablet":{"background-color":"var(--ast-global-color-4)","background-image":"","background-repeat":"repeat","background-position":"center center","background-size":"auto","background-attachment":"scroll","background-type":"","background-media":"","overlay-type":"","overlay-color":"","overlay-opacity":"","overlay-gradient":""},"mobile":{"background-color":"var(--ast-global-color-4)","background-image":"","background-repeat":"repeat","background-position":"center center","background-size":"auto","background-attachment":"scroll","background-type":"","background-media":"","overlay-type":"","overlay-color":"","overlay-opacity":"","overlay-gradient":""}},"footnotes":""},"class_list":["post-353","page","type-page","status-publish","hentry"],"acf":[],"yoast_head":"<!-- This site is optimized with the Yoast SEO plugin v27.0 - https:\/\/yoast.com\/product\/yoast-seo-wordpress\/ -->\n<title>Pedagogiem - Valmieras 2. vidusskola<\/title>\n<meta name=\"robots\" content=\"index, follow, max-snippet:-1, max-image-preview:large, max-video-preview:-1\" \/>\n<link rel=\"canonical\" href=\"https:\/\/izglitiba.valmierasnovads.lv\/v2v\/pedagogiem\/\" \/>\n<meta property=\"og:locale\" content=\"lv_LV\" \/>\n<meta property=\"og:type\" content=\"article\" \/>\n<meta property=\"og:title\" content=\"Pedagogiem - Valmieras 2. vidusskola\" \/>\n<meta property=\"og:description\" content=\"Lai nodro\u0161in\u0101tu konkur\u0113tsp\u0113ju Latvijas main\u012bgaj\u0101 darba tirg\u016b, aktu\u0101las ir karjeras vad\u012bbas prasmes (Jaunzeme, 2013). Saska\u0146\u0101 ar Eiropas M\u016b\u017eilga karjeras atbalsta [&hellip;]\" \/>\n<meta property=\"og:url\" content=\"https:\/\/izglitiba.valmierasnovads.lv\/v2v\/pedagogiem\/\" \/>\n<meta property=\"og:site_name\" content=\"Valmieras 2. vidusskola\" \/>\n<meta property=\"article:modified_time\" content=\"2025-09-08T15:57:27+00:00\" \/>\n<meta name=\"twitter:card\" content=\"summary_large_image\" \/>\n<meta name=\"twitter:label1\" content=\"Est. reading time\" \/>\n\t<meta name=\"twitter:data1\" content=\"1 min\u016bte\" \/>\n<script type=\"application\/ld+json\" class=\"yoast-schema-graph\">{\"@context\":\"https:\/\/schema.org\",\"@graph\":[{\"@type\":\"WebPage\",\"@id\":\"https:\/\/izglitiba.valmierasnovads.lv\/v2v\/pedagogiem\/\",\"url\":\"https:\/\/izglitiba.valmierasnovads.lv\/v2v\/pedagogiem\/\",\"name\":\"Pedagogiem - Valmieras 2. vidusskola\",\"isPartOf\":{\"@id\":\"https:\/\/izglitiba.valmierasnovads.lv\/v2v\/#website\"},\"datePublished\":\"2025-09-08T15:57:26+00:00\",\"dateModified\":\"2025-09-08T15:57:27+00:00\",\"breadcrumb\":{\"@id\":\"https:\/\/izglitiba.valmierasnovads.lv\/v2v\/pedagogiem\/#breadcrumb\"},\"inLanguage\":\"lv-LV\",\"potentialAction\":[{\"@type\":\"ReadAction\",\"target\":[\"https:\/\/izglitiba.valmierasnovads.lv\/v2v\/pedagogiem\/\"]}]},{\"@type\":\"BreadcrumbList\",\"@id\":\"https:\/\/izglitiba.valmierasnovads.lv\/v2v\/pedagogiem\/#breadcrumb\",\"itemListElement\":[{\"@type\":\"ListItem\",\"position\":1,\"name\":\"Home\",\"item\":\"https:\/\/izglitiba.valmierasnovads.lv\/v2v\/\"},{\"@type\":\"ListItem\",\"position\":2,\"name\":\"Pedagogiem\"}]},{\"@type\":\"WebSite\",\"@id\":\"https:\/\/izglitiba.valmierasnovads.lv\/v2v\/#website\",\"url\":\"https:\/\/izglitiba.valmierasnovads.lv\/v2v\/\",\"name\":\"Valmieras 2. vidusskola\",\"description\":\"\",\"publisher\":{\"@id\":\"https:\/\/izglitiba.valmierasnovads.lv\/v2v\/#organization\"},\"potentialAction\":[{\"@type\":\"SearchAction\",\"target\":{\"@type\":\"EntryPoint\",\"urlTemplate\":\"https:\/\/izglitiba.valmierasnovads.lv\/v2v\/?s={search_term_string}\"},\"query-input\":{\"@type\":\"PropertyValueSpecification\",\"valueRequired\":true,\"valueName\":\"search_term_string\"}}],\"inLanguage\":\"lv-LV\"},{\"@type\":\"Organization\",\"@id\":\"https:\/\/izglitiba.valmierasnovads.lv\/v2v\/#organization\",\"name\":\"Valmieras 2. vidusskola\",\"url\":\"https:\/\/izglitiba.valmierasnovads.lv\/v2v\/\",\"logo\":{\"@type\":\"ImageObject\",\"inLanguage\":\"lv-LV\",\"@id\":\"https:\/\/izglitiba.valmierasnovads.lv\/v2v\/#\/schema\/logo\/image\/\",\"url\":\"https:\/\/izglitiba.valmierasnovads.lv\/v2v\/wp-content\/uploads\/sites\/23\/2025\/04\/cropped-V2VSK-logo-PNG-1-1.png\",\"contentUrl\":\"https:\/\/izglitiba.valmierasnovads.lv\/v2v\/wp-content\/uploads\/sites\/23\/2025\/04\/cropped-V2VSK-logo-PNG-1-1.png\",\"width\":2111,\"height\":1310,\"caption\":\"Valmieras 2. vidusskola\"},\"image\":{\"@id\":\"https:\/\/izglitiba.valmierasnovads.lv\/v2v\/#\/schema\/logo\/image\/\"}}]}<\/script>\n<!-- \/ Yoast SEO plugin. -->","yoast_head_json":{"title":"Pedagogiem - Valmieras 2. vidusskola","robots":{"index":"index","follow":"follow","max-snippet":"max-snippet:-1","max-image-preview":"max-image-preview:large","max-video-preview":"max-video-preview:-1"},"canonical":"https:\/\/izglitiba.valmierasnovads.lv\/v2v\/pedagogiem\/","og_locale":"lv_LV","og_type":"article","og_title":"Pedagogiem - Valmieras 2. vidusskola","og_description":"Lai nodro\u0161in\u0101tu konkur\u0113tsp\u0113ju Latvijas main\u012bgaj\u0101 darba tirg\u016b, aktu\u0101las ir karjeras vad\u012bbas prasmes (Jaunzeme, 2013). Saska\u0146\u0101 ar Eiropas M\u016b\u017eilga karjeras atbalsta [&hellip;]","og_url":"https:\/\/izglitiba.valmierasnovads.lv\/v2v\/pedagogiem\/","og_site_name":"Valmieras 2. vidusskola","article_modified_time":"2025-09-08T15:57:27+00:00","twitter_card":"summary_large_image","twitter_misc":{"Est. reading time":"1 min\u016bte"},"schema":{"@context":"https:\/\/schema.org","@graph":[{"@type":"WebPage","@id":"https:\/\/izglitiba.valmierasnovads.lv\/v2v\/pedagogiem\/","url":"https:\/\/izglitiba.valmierasnovads.lv\/v2v\/pedagogiem\/","name":"Pedagogiem - Valmieras 2. vidusskola","isPartOf":{"@id":"https:\/\/izglitiba.valmierasnovads.lv\/v2v\/#website"},"datePublished":"2025-09-08T15:57:26+00:00","dateModified":"2025-09-08T15:57:27+00:00","breadcrumb":{"@id":"https:\/\/izglitiba.valmierasnovads.lv\/v2v\/pedagogiem\/#breadcrumb"},"inLanguage":"lv-LV","potentialAction":[{"@type":"ReadAction","target":["https:\/\/izglitiba.valmierasnovads.lv\/v2v\/pedagogiem\/"]}]},{"@type":"BreadcrumbList","@id":"https:\/\/izglitiba.valmierasnovads.lv\/v2v\/pedagogiem\/#breadcrumb","itemListElement":[{"@type":"ListItem","position":1,"name":"Home","item":"https:\/\/izglitiba.valmierasnovads.lv\/v2v\/"},{"@type":"ListItem","position":2,"name":"Pedagogiem"}]},{"@type":"WebSite","@id":"https:\/\/izglitiba.valmierasnovads.lv\/v2v\/#website","url":"https:\/\/izglitiba.valmierasnovads.lv\/v2v\/","name":"Valmieras 2. vidusskola","description":"","publisher":{"@id":"https:\/\/izglitiba.valmierasnovads.lv\/v2v\/#organization"},"potentialAction":[{"@type":"SearchAction","target":{"@type":"EntryPoint","urlTemplate":"https:\/\/izglitiba.valmierasnovads.lv\/v2v\/?s={search_term_string}"},"query-input":{"@type":"PropertyValueSpecification","valueRequired":true,"valueName":"search_term_string"}}],"inLanguage":"lv-LV"},{"@type":"Organization","@id":"https:\/\/izglitiba.valmierasnovads.lv\/v2v\/#organization","name":"Valmieras 2. vidusskola","url":"https:\/\/izglitiba.valmierasnovads.lv\/v2v\/","logo":{"@type":"ImageObject","inLanguage":"lv-LV","@id":"https:\/\/izglitiba.valmierasnovads.lv\/v2v\/#\/schema\/logo\/image\/","url":"https:\/\/izglitiba.valmierasnovads.lv\/v2v\/wp-content\/uploads\/sites\/23\/2025\/04\/cropped-V2VSK-logo-PNG-1-1.png","contentUrl":"https:\/\/izglitiba.valmierasnovads.lv\/v2v\/wp-content\/uploads\/sites\/23\/2025\/04\/cropped-V2VSK-logo-PNG-1-1.png","width":2111,"height":1310,"caption":"Valmieras 2. vidusskola"},"image":{"@id":"https:\/\/izglitiba.valmierasnovads.lv\/v2v\/#\/schema\/logo\/image\/"}}]}},"_links":{"self":[{"href":"https:\/\/izglitiba.valmierasnovads.lv\/v2v\/wp-json\/wp\/v2\/pages\/353","targetHints":{"allow":["GET"]}}],"collection":[{"href":"https:\/\/izglitiba.valmierasnovads.lv\/v2v\/wp-json\/wp\/v2\/pages"}],"about":[{"href":"https:\/\/izglitiba.valmierasnovads.lv\/v2v\/wp-json\/wp\/v2\/types\/page"}],"author":[{"embeddable":true,"href":"https:\/\/izglitiba.valmierasnovads.lv\/v2v\/wp-json\/wp\/v2\/users\/20"}],"replies":[{"embeddable":true,"href":"https:\/\/izglitiba.valmierasnovads.lv\/v2v\/wp-json\/wp\/v2\/comments?post=353"}],"version-history":[{"count":1,"href":"https:\/\/izglitiba.valmierasnovads.lv\/v2v\/wp-json\/wp\/v2\/pages\/353\/revisions"}],"predecessor-version":[{"id":355,"href":"https:\/\/izglitiba.valmierasnovads.lv\/v2v\/wp-json\/wp\/v2\/pages\/353\/revisions\/355"}],"wp:attachment":[{"href":"https:\/\/izglitiba.valmierasnovads.lv\/v2v\/wp-json\/wp\/v2\/media?parent=353"}],"curies":[{"name":"wp","href":"https:\/\/api.w.org\/{rel}","templated":true}]}}