{"id":127,"date":"2025-08-11T16:53:05","date_gmt":"2025-08-11T13:53:05","guid":{"rendered":"https:\/\/izglitiba.valmierasnovads.lv\/valmierassportaskola\/?page_id=127"},"modified":"2026-04-22T08:40:48","modified_gmt":"2026-04-22T05:40:48","slug":"vieglatletika","status":"publish","type":"page","link":"https:\/\/izglitiba.valmierasnovads.lv\/valmierassportaskola\/vieglatletika\/","title":{"rendered":"Vieglatl\u0113tika"},"content":{"rendered":"\n<figure class=\"wp-block-image aligncenter size-large\"><img loading=\"lazy\" decoding=\"async\" width=\"1024\" height=\"389\" src=\"https:\/\/izglitiba.valmierasnovads.lv\/valmierassportaskola\/wp-content\/uploads\/sites\/32\/2025\/08\/10-1024x389.png\" alt=\"\" class=\"wp-image-257\" srcset=\"https:\/\/izglitiba.valmierasnovads.lv\/valmierassportaskola\/wp-content\/uploads\/sites\/32\/2025\/08\/10-1024x389.png 1024w, https:\/\/izglitiba.valmierasnovads.lv\/valmierassportaskola\/wp-content\/uploads\/sites\/32\/2025\/08\/10-300x114.png 300w, https:\/\/izglitiba.valmierasnovads.lv\/valmierassportaskola\/wp-content\/uploads\/sites\/32\/2025\/08\/10-768x292.png 768w, https:\/\/izglitiba.valmierasnovads.lv\/valmierassportaskola\/wp-content\/uploads\/sites\/32\/2025\/08\/10.png 1312w\" sizes=\"auto, (max-width: 1024px) 100vw, 1024px\" \/><\/figure>\n\n\n\n<h2 class=\"wp-block-heading\">Profesion\u0101l\u0101s ievirzes izgl\u012bt\u012bbas sporta programma &#8220;Vieglatl\u0113tika&#8221;<\/h2>\n\n\n\n<p>Sporta karaliene, ar\u012b Valmieras Sporta skol\u0101 (turpm\u0101k VSS) ir jau kop\u0161 t\u0101s pirms\u0101kumiem &#8211; 1961. gada. Vieglatl\u0113tika att\u012bsta un uzlabo sportista visp\u0101r\u0113jo fizisko sagatavot\u012bbu. Sporta veids, kura pamat\u0101 ir cilv\u0113ka dabisk\u0101s kust\u012bbas &#8211; ie\u0161ana, skrie\u0161ana, l\u0113k\u0161ana.<\/p>\n\n\n\n<p>Nodarb\u012bbas notiek J\u0101\u0146a Dali\u0146a stadion\u0101 un vieglatl\u0113tikas man\u0113\u017e\u0101, Valmieras P\u0101rgaujas s\u0101kumskol\u0101, Valmieras Valsts \u0123imn\u0101zij\u0101. VSS vieglatl\u0113tikas noda\u013cai izveidojusies cie\u0161a sadarb\u012bba ar \u00abValmieras vieglatl\u0113tikas klubu\u00bb. Regul\u0101ri tiek organiz\u0113tas sacens\u012bbas, t.sk. tradicion\u0101l\u0101s starptautiskas vieglatl\u0113tikas sacens\u012bbas \u00abValmieras sp\u0113les\u00bb. Cie\u0161a sadarb\u012bba notiek ar\u012b ar Igaunijas vieglatl\u0113tikas klubu \u00abMaret-Sport\u00bb.<\/p>\n\n\n\n<p>VSS vieglatl\u0113tikas noda\u013c\u0101 tiek uz\u0146emti z\u0113ni un meitenes no 7 gadu vecuma.<\/p>\n\n\n\n<div class=\"wp-block-buttons is-content-justification-center is-layout-flex wp-container-core-buttons-is-layout-a89b3969 wp-block-buttons-is-layout-flex\">\n<div class=\"wp-block-button\"><a class=\"wp-block-button__link wp-element-button\" href=\"https:\/\/athletics.lv\/lv\/about-us\/document\/1845\/klasifikacija\">KONTROLNORMAT\u012aVI<\/a><\/div>\n<\/div>\n\n\n<style>.wp-block-kadence-advancedheading.kt-adv-heading127_f9c23c-99, .wp-block-kadence-advancedheading.kt-adv-heading127_f9c23c-99[data-kb-block=\"kb-adv-heading127_f9c23c-99\"]{text-align:center;font-style:normal;}.wp-block-kadence-advancedheading.kt-adv-heading127_f9c23c-99 mark.kt-highlight, .wp-block-kadence-advancedheading.kt-adv-heading127_f9c23c-99[data-kb-block=\"kb-adv-heading127_f9c23c-99\"] mark.kt-highlight{font-style:normal;color:#f76a0c;-webkit-box-decoration-break:clone;box-decoration-break:clone;padding-top:0px;padding-right:0px;padding-bottom:0px;padding-left:0px;}.wp-block-kadence-advancedheading.kt-adv-heading127_f9c23c-99 img.kb-inline-image, .wp-block-kadence-advancedheading.kt-adv-heading127_f9c23c-99[data-kb-block=\"kb-adv-heading127_f9c23c-99\"] img.kb-inline-image{width:150px;vertical-align:baseline;}<\/style>\n<h2 class=\"kt-adv-heading127_f9c23c-99 wp-block-kadence-advancedheading\" data-kb-block=\"kb-adv-heading127_f9c23c-99\"><strong>Treneri<\/strong><\/h2>\n\n\n\n<figure class=\"wp-block-table\"><table class=\"has-fixed-layout\"><tbody><tr><td class=\"has-text-align-center\" data-align=\"center\"><strong>V\u0101rds Uzv\u0101rds<\/strong><\/td><td class=\"has-text-align-center\" data-align=\"center\"><strong>T\u0101lru\u0146a numurs<\/strong><\/td><td class=\"has-text-align-center\" data-align=\"center\"><strong>Vecuma grupa<\/strong><\/td><td class=\"has-text-align-center\" data-align=\"center\"><strong>Sertifik\u0101ts<\/strong><\/td><\/tr><tr><td class=\"has-text-align-center\" data-align=\"center\">Alvis \u010c\u0101kurs<\/td><td class=\"has-text-align-center\" data-align=\"center\">+371 26169944<\/td><td class=\"has-text-align-center\" data-align=\"center\">Meiten\u0113m un z\u0113niem 2016. &#8211; 2018.g.dz., 2006.g.dz.<\/td><td class=\"has-text-align-center\" data-align=\"center\">B kategorija<\/td><\/tr><tr><td class=\"has-text-align-center\" data-align=\"center\">Alvis \u010c\u0101kurs un Austra \u0136ik\u0101ne<\/td><td class=\"has-text-align-center\" data-align=\"center\">+371 26169944<\/td><td class=\"has-text-align-center\" data-align=\"center\">Meiten\u0113m un z\u0113niem 2012. &#8211; 2013.g.dz.<\/td><td class=\"has-text-align-center\" data-align=\"center\">B kategorija<\/td><\/tr><tr><td class=\"has-text-align-center\" data-align=\"center\">Inga Dzene un L\u012bga Dzene<\/td><td class=\"has-text-align-center\" data-align=\"center\">+371 28394383<\/td><td class=\"has-text-align-center\" data-align=\"center\">Meiten\u0113m un z\u0113niem 2009. &#8211; 2010.g.dz.<\/td><td class=\"has-text-align-center\" data-align=\"center\">B kategorija<\/td><\/tr><tr><td class=\"has-text-align-center\" data-align=\"center\">P\u0113teris Karliv\u0101ns<\/td><td class=\"has-text-align-center\" data-align=\"center\">+371 26157582<\/td><td class=\"has-text-align-center\" data-align=\"center\">Meiten\u0113m un z\u0113niem 2016. &#8211; 2018., 2012. &#8211; 2014., 2007. &#8211; 2008.g.dz.<\/td><td class=\"has-text-align-center\" data-align=\"center\">B kategorija<\/td><\/tr><tr><td class=\"has-text-align-center\" data-align=\"center\">Baiba Kaufmane<\/td><td class=\"has-text-align-center\" data-align=\"center\">+371 29145559<\/td><td class=\"has-text-align-center\" data-align=\"center\">Meiten\u0113m un z\u0113niem&nbsp;2007. &#8211; 2012.g.dz.<\/td><td class=\"has-text-align-center\" data-align=\"center\">B kategorija<\/td><\/tr><tr><td class=\"has-text-align-center\" data-align=\"center\">Iveta Grunte-Dinsberga<\/td><td class=\"has-text-align-center\" data-align=\"center\">&#8211;<\/td><td class=\"has-text-align-center\" data-align=\"center\">Meiten\u0113m un z\u0113niem&nbsp;2015. &#8211; 2017.g.dz.<\/td><td class=\"has-text-align-center\" data-align=\"center\">B kategorija<\/td><\/tr><tr><td class=\"has-text-align-center\" data-align=\"center\">Reinis Kr\u0113gers<\/td><td class=\"has-text-align-center\" data-align=\"center\">+371&nbsp;26493838<\/td><td class=\"has-text-align-center\" data-align=\"center\">Meiten\u0113m un z\u0113niem 2014. &#8211; 2016.g.dz.,<br>2011. &#8211; 2012.g.dz.<\/td><td class=\"has-text-align-center\" data-align=\"center\">Sporta studiju absolvents<\/td><\/tr><tr><td class=\"has-text-align-center\" data-align=\"center\">Edv\u012bns Kr\u016bms<\/td><td class=\"has-text-align-center\" data-align=\"center\">&#8211;<\/td><td class=\"has-text-align-center\" data-align=\"center\">&#8211;<\/td><td class=\"has-text-align-center\" data-align=\"center\">A&nbsp;kategorija<\/td><\/tr><tr><td class=\"has-text-align-center\" data-align=\"center\">Raitis Ravinskis<\/td><td class=\"has-text-align-center\" data-align=\"center\">+371 29542587<\/td><td class=\"has-text-align-center\" data-align=\"center\">Meiten\u0113m un z\u0113niem 2003., 2005.g.dz.<\/td><td class=\"has-text-align-center\" data-align=\"center\">B kategorija<\/td><\/tr><tr><td class=\"has-text-align-center\" data-align=\"center\">Paula Riba<\/td><td class=\"has-text-align-center\" data-align=\"center\">+371 28308034<\/td><td class=\"has-text-align-center\" data-align=\"center\">Meiten\u0113m un z\u0113niem 2014. &#8211; 2015.g.dz.<\/td><td class=\"has-text-align-center\" data-align=\"center\">B kategorija<\/td><\/tr><tr><td class=\"has-text-align-center\" data-align=\"center\">El\u012bna Ringa<\/td><td class=\"has-text-align-center\" data-align=\"center\">&#8211;<\/td><td class=\"has-text-align-center\" data-align=\"center\">Specializ\u0101cija: k\u0101rtsl\u0113k\u0161ana<\/td><td class=\"has-text-align-center\" data-align=\"center\">C kategorija<\/td><\/tr><tr><td class=\"has-text-align-center\" data-align=\"center\">Didzis Siksalietis<\/td><td class=\"has-text-align-center\" data-align=\"center\">+371&nbsp;20633087<\/td><td class=\"has-text-align-center\" data-align=\"center\">Meiten\u0113m un z\u0113niem&nbsp;2013. &#8211; 2018.g.dz.<\/td><td class=\"has-text-align-center\" data-align=\"center\">Sporta studiju absolvents<\/td><\/tr><tr><td class=\"has-text-align-center\" data-align=\"center\">Ineta Zviedre<\/td><td class=\"has-text-align-center\" data-align=\"center\">+371 29434386<\/td><td class=\"has-text-align-center\" data-align=\"center\">Meiten\u0113m un z\u0113niem 2014. &#8211; 2016.g.dz.<\/td><td class=\"has-text-align-center\" data-align=\"center\">B kategorija<\/td><\/tr><tr><td class=\"has-text-align-center\" data-align=\"center\">Arnis \u017dviri\u0146\u0161<\/td><td class=\"has-text-align-center\" data-align=\"center\">+371&nbsp;29483283<\/td><td class=\"has-text-align-center\" data-align=\"center\">Meiten\u0113m un z\u0113niem  2014.-2017.g.dz.,<br>2008.-2010.g.dz.<\/td><td class=\"has-text-align-center\" data-align=\"center\">Sporta studiju absolvents<\/td><\/tr><\/tbody><\/table><\/figure>\n\n\n<style>.wp-block-kadence-advancedheading.kt-adv-heading127_b54c07-30, .wp-block-kadence-advancedheading.kt-adv-heading127_b54c07-30[data-kb-block=\"kb-adv-heading127_b54c07-30\"]{text-align:center;font-style:normal;background-color:#9e784d;}.wp-block-kadence-advancedheading.kt-adv-heading127_b54c07-30 mark.kt-highlight, .wp-block-kadence-advancedheading.kt-adv-heading127_b54c07-30[data-kb-block=\"kb-adv-heading127_b54c07-30\"] mark.kt-highlight{font-style:normal;color:#f76a0c;-webkit-box-decoration-break:clone;box-decoration-break:clone;padding-top:0px;padding-right:0px;padding-bottom:0px;padding-left:0px;}.wp-block-kadence-advancedheading.kt-adv-heading127_b54c07-30 img.kb-inline-image, .wp-block-kadence-advancedheading.kt-adv-heading127_b54c07-30[data-kb-block=\"kb-adv-heading127_b54c07-30\"] img.kb-inline-image{width:150px;vertical-align:baseline;}<\/style>\n<h2 class=\"kt-adv-heading127_b54c07-30 wp-block-kadence-advancedheading has-ast-global-color-4-color has-text-color\" data-kb-block=\"kb-adv-heading127_b54c07-30\"><strong>Valmieras vieglatl\u0113tikas rekordi<\/strong><\/h2>\n\n\n\n<div class=\"wp-block-group is-nowrap is-layout-flex wp-container-core-group-is-layout-6c531013 wp-block-group-is-layout-flex\">\n<div class=\"wp-block-buttons is-content-justification-right is-layout-flex wp-container-core-buttons-is-layout-d445cf74 wp-block-buttons-is-layout-flex\"><\/div>\n\n\n\n<div class=\"wp-block-buttons is-content-justification-center is-layout-flex wp-container-core-buttons-is-layout-a89b3969 wp-block-buttons-is-layout-flex\">\n<div class=\"wp-block-button is-style-outline is-style-outline--1\"><a class=\"wp-block-button__link wp-element-button\" href=\"https:\/\/docs.google.com\/spreadsheets\/d\/14yqJxzgBpDRdL99YKDV19sJm2npC6QXF\/edit?usp=sharing&amp;ouid=101080894387346505564&amp;rtpof=true&amp;sd=true\">Valmieras novada rekordi<\/a><\/div>\n\n\n\n<div class=\"wp-block-button is-style-outline is-style-outline--2\"><a class=\"wp-block-button__link wp-element-button\" href=\"https:\/\/docs.google.com\/spreadsheets\/d\/1UnRC_Rk8lrs2qZVpAfIxpbq9vKpFZyA8tBht3oUJy-8\/edit?usp=sharing\">Valmieras novada rekordi telp\u0101s<\/a><\/div>\n\n\n\n<div class=\"wp-block-button is-style-outline is-style-outline--3\"><a class=\"wp-block-button__link wp-element-button\" href=\"https:\/\/docs.google.com\/spreadsheets\/d\/1bC05SDJJInNx0zZw5pCjLx44iTrRefuC\/edit?usp=sharing&amp;ouid=101080894387346505564&amp;rtpof=true&amp;sd=true\">Valmieras novada lab\u0101kie sasniegumi<\/a><\/div>\n\n\n\n<div class=\"wp-block-button is-style-outline is-style-outline--4\"><a class=\"wp-block-button__link wp-element-button\" href=\"https:\/\/docs.google.com\/spreadsheets\/d\/1vMJQrq1eQmbGArtoul_UGSIno4o1nht1\/edit?usp=sharing&amp;ouid=101080894387346505564&amp;rtpof=true&amp;sd=true\">Valmieras Sporta skolas rekordi vieglatl\u0113tik\u0101<\/a><\/div>\n<\/div>\n<\/div>\n\n\n\n<p><\/p>\n","protected":false},"excerpt":{"rendered":"<p>Profesion\u0101l\u0101s ievirzes izgl\u012bt\u012bbas sporta programma &#8220;Vieglatl\u0113tika&#8221; Sporta karaliene, ar\u012b Valmieras Sporta skol\u0101 (turpm\u0101k VSS) ir jau kop\u0161 t\u0101s pirms\u0101kumiem &#8211; [&hellip;]<\/p>\n","protected":false},"author":35,"featured_media":0,"parent":0,"menu_order":0,"comment_status":"closed","ping_status":"closed","template":"","meta":{"_acf_changed":false,"site-sidebar-layout":"default","site-content-layout":"","ast-site-content-layout":"","site-content-style":"default","site-sidebar-style":"default","ast-global-header-display":"","ast-banner-title-visibility":"","ast-main-header-display":"","ast-hfb-above-header-display":"","ast-hfb-below-header-display":"","ast-hfb-mobile-header-display":"","site-post-title":"disabled","ast-breadcrumbs-content":"","ast-featured-img":"","footer-sml-layout":"","ast-disable-related-posts":"","theme-transparent-header-meta":"","adv-header-id-meta":"","stick-header-meta":"","header-above-stick-meta":"","header-main-stick-meta":"","header-below-stick-meta":"","astra-migrate-meta-layouts":"default","ast-page-background-enabled":"default","ast-page-background-meta":{"desktop":{"background-color":"var(--ast-global-color-5)","background-image":"","background-repeat":"repeat","background-position":"center center","background-size":"auto","background-attachment":"scroll","background-type":"","background-media":"","overlay-type":"","overlay-color":"","overlay-opacity":"","overlay-gradient":""},"tablet":{"background-color":"","background-image":"","background-repeat":"repeat","background-position":"center center","background-size":"auto","background-attachment":"scroll","background-type":"","background-media":"","overlay-type":"","overlay-color":"","overlay-opacity":"","overlay-gradient":""},"mobile":{"background-color":"","background-image":"","background-repeat":"repeat","background-position":"center center","background-size":"auto","background-attachment":"scroll","background-type":"","background-media":"","overlay-type":"","overlay-color":"","overlay-opacity":"","overlay-gradient":""}},"ast-content-background-meta":{"desktop":{"background-color":"var(--ast-global-color-4)","background-image":"","background-repeat":"repeat","background-position":"center center","background-size":"auto","background-attachment":"scroll","background-type":"","background-media":"","overlay-type":"","overlay-color":"","overlay-opacity":"","overlay-gradient":""},"tablet":{"background-color":"var(--ast-global-color-4)","background-image":"","background-repeat":"repeat","background-position":"center center","background-size":"auto","background-attachment":"scroll","background-type":"","background-media":"","overlay-type":"","overlay-color":"","overlay-opacity":"","overlay-gradient":""},"mobile":{"background-color":"var(--ast-global-color-4)","background-image":"","background-repeat":"repeat","background-position":"center center","background-size":"auto","background-attachment":"scroll","background-type":"","background-media":"","overlay-type":"","overlay-color":"","overlay-opacity":"","overlay-gradient":""}},"footnotes":""},"class_list":["post-127","page","type-page","status-publish","hentry"],"acf":[],"yoast_head":"<!-- This site is optimized with the Yoast SEO plugin v27.0 - https:\/\/yoast.com\/product\/yoast-seo-wordpress\/ -->\n<title>Vieglatl\u0113tika - Valmieras Sporta skola<\/title>\n<meta name=\"description\" content=\"Valmieras Sporta skolas profesion\u0101l\u0101s ievirzes izgl\u012bt\u012bbas programmas &quot;Vieglatl\u0113tika&quot; m\u0101jaslapas sada\u013ca.\" \/>\n<meta name=\"robots\" content=\"index, follow, max-snippet:-1, max-image-preview:large, max-video-preview:-1\" \/>\n<link rel=\"canonical\" href=\"https:\/\/izglitiba.valmierasnovads.lv\/valmierassportaskola\/vieglatletika\/\" \/>\n<meta property=\"og:locale\" content=\"lv_LV\" \/>\n<meta property=\"og:type\" content=\"article\" \/>\n<meta property=\"og:title\" content=\"Vieglatl\u0113tika - Valmieras Sporta skola\" \/>\n<meta property=\"og:description\" content=\"Valmieras Sporta skolas profesion\u0101l\u0101s ievirzes izgl\u012bt\u012bbas programmas &quot;Vieglatl\u0113tika&quot; m\u0101jaslapas sada\u013ca.\" \/>\n<meta property=\"og:url\" content=\"https:\/\/izglitiba.valmierasnovads.lv\/valmierassportaskola\/vieglatletika\/\" \/>\n<meta property=\"og:site_name\" content=\"Valmieras Sporta skola\" \/>\n<meta property=\"article:modified_time\" content=\"2026-04-22T05:40:48+00:00\" \/>\n<meta property=\"og:image\" content=\"https:\/\/izglitiba.valmierasnovads.lv\/valmierassportaskola\/wp-content\/uploads\/sites\/32\/2025\/08\/10.png\" \/>\n\t<meta property=\"og:image:width\" content=\"1312\" \/>\n\t<meta property=\"og:image:height\" content=\"499\" \/>\n\t<meta property=\"og:image:type\" content=\"image\/png\" \/>\n<meta name=\"twitter:card\" content=\"summary_large_image\" \/>\n<meta name=\"twitter:label1\" content=\"Est. reading time\" \/>\n\t<meta name=\"twitter:data1\" content=\"2 min\u016btes\" \/>\n<script type=\"application\/ld+json\" class=\"yoast-schema-graph\">{\"@context\":\"https:\/\/schema.org\",\"@graph\":[{\"@type\":\"WebPage\",\"@id\":\"https:\/\/izglitiba.valmierasnovads.lv\/valmierassportaskola\/vieglatletika\/\",\"url\":\"https:\/\/izglitiba.valmierasnovads.lv\/valmierassportaskola\/vieglatletika\/\",\"name\":\"Vieglatl\u0113tika - Valmieras Sporta skola\",\"isPartOf\":{\"@id\":\"https:\/\/izglitiba.valmierasnovads.lv\/valmierassportaskola\/#website\"},\"primaryImageOfPage\":{\"@id\":\"https:\/\/izglitiba.valmierasnovads.lv\/valmierassportaskola\/vieglatletika\/#primaryimage\"},\"image\":{\"@id\":\"https:\/\/izglitiba.valmierasnovads.lv\/valmierassportaskola\/vieglatletika\/#primaryimage\"},\"thumbnailUrl\":\"https:\/\/izglitiba.valmierasnovads.lv\/valmierassportaskola\/wp-content\/uploads\/sites\/32\/2025\/08\/10-1024x389.png\",\"datePublished\":\"2025-08-11T13:53:05+00:00\",\"dateModified\":\"2026-04-22T05:40:48+00:00\",\"description\":\"Valmieras Sporta skolas profesion\u0101l\u0101s ievirzes izgl\u012bt\u012bbas programmas \\\"Vieglatl\u0113tika\\\" m\u0101jaslapas sada\u013ca.\",\"breadcrumb\":{\"@id\":\"https:\/\/izglitiba.valmierasnovads.lv\/valmierassportaskola\/vieglatletika\/#breadcrumb\"},\"inLanguage\":\"lv-LV\",\"potentialAction\":[{\"@type\":\"ReadAction\",\"target\":[\"https:\/\/izglitiba.valmierasnovads.lv\/valmierassportaskola\/vieglatletika\/\"]}]},{\"@type\":\"ImageObject\",\"inLanguage\":\"lv-LV\",\"@id\":\"https:\/\/izglitiba.valmierasnovads.lv\/valmierassportaskola\/vieglatletika\/#primaryimage\",\"url\":\"https:\/\/izglitiba.valmierasnovads.lv\/valmierassportaskola\/wp-content\/uploads\/sites\/32\/2025\/08\/10.png\",\"contentUrl\":\"https:\/\/izglitiba.valmierasnovads.lv\/valmierassportaskola\/wp-content\/uploads\/sites\/32\/2025\/08\/10.png\",\"width\":1312,\"height\":499},{\"@type\":\"BreadcrumbList\",\"@id\":\"https:\/\/izglitiba.valmierasnovads.lv\/valmierassportaskola\/vieglatletika\/#breadcrumb\",\"itemListElement\":[{\"@type\":\"ListItem\",\"position\":1,\"name\":\"Home\",\"item\":\"https:\/\/izglitiba.valmierasnovads.lv\/valmierassportaskola\/\"},{\"@type\":\"ListItem\",\"position\":2,\"name\":\"Vieglatl\u0113tika\"}]},{\"@type\":\"WebSite\",\"@id\":\"https:\/\/izglitiba.valmierasnovads.lv\/valmierassportaskola\/#website\",\"url\":\"https:\/\/izglitiba.valmierasnovads.lv\/valmierassportaskola\/\",\"name\":\"Valmieras Sporta skola\",\"description\":\"\",\"publisher\":{\"@id\":\"https:\/\/izglitiba.valmierasnovads.lv\/valmierassportaskola\/#organization\"},\"potentialAction\":[{\"@type\":\"SearchAction\",\"target\":{\"@type\":\"EntryPoint\",\"urlTemplate\":\"https:\/\/izglitiba.valmierasnovads.lv\/valmierassportaskola\/?s={search_term_string}\"},\"query-input\":{\"@type\":\"PropertyValueSpecification\",\"valueRequired\":true,\"valueName\":\"search_term_string\"}}],\"inLanguage\":\"lv-LV\"},{\"@type\":\"Organization\",\"@id\":\"https:\/\/izglitiba.valmierasnovads.lv\/valmierassportaskola\/#organization\",\"name\":\"Valmieras Sporta skola\",\"url\":\"https:\/\/izglitiba.valmierasnovads.lv\/valmierassportaskola\/\",\"logo\":{\"@type\":\"ImageObject\",\"inLanguage\":\"lv-LV\",\"@id\":\"https:\/\/izglitiba.valmierasnovads.lv\/valmierassportaskola\/#\/schema\/logo\/image\/\",\"url\":\"https:\/\/izglitiba.valmierasnovads.lv\/valmierassportaskola\/wp-content\/uploads\/sites\/32\/2025\/06\/cropped-Logo_Valmieras_sporta_skola_melns-1.png\",\"contentUrl\":\"https:\/\/izglitiba.valmierasnovads.lv\/valmierassportaskola\/wp-content\/uploads\/sites\/32\/2025\/06\/cropped-Logo_Valmieras_sporta_skola_melns-1.png\",\"width\":2354,\"height\":596,\"caption\":\"Valmieras Sporta skola\"},\"image\":{\"@id\":\"https:\/\/izglitiba.valmierasnovads.lv\/valmierassportaskola\/#\/schema\/logo\/image\/\"}}]}<\/script>\n<!-- \/ Yoast SEO plugin. -->","yoast_head_json":{"title":"Vieglatl\u0113tika - Valmieras Sporta skola","description":"Valmieras Sporta skolas profesion\u0101l\u0101s ievirzes izgl\u012bt\u012bbas programmas \"Vieglatl\u0113tika\" m\u0101jaslapas sada\u013ca.","robots":{"index":"index","follow":"follow","max-snippet":"max-snippet:-1","max-image-preview":"max-image-preview:large","max-video-preview":"max-video-preview:-1"},"canonical":"https:\/\/izglitiba.valmierasnovads.lv\/valmierassportaskola\/vieglatletika\/","og_locale":"lv_LV","og_type":"article","og_title":"Vieglatl\u0113tika - Valmieras Sporta skola","og_description":"Valmieras Sporta skolas profesion\u0101l\u0101s ievirzes izgl\u012bt\u012bbas programmas \"Vieglatl\u0113tika\" m\u0101jaslapas sada\u013ca.","og_url":"https:\/\/izglitiba.valmierasnovads.lv\/valmierassportaskola\/vieglatletika\/","og_site_name":"Valmieras Sporta skola","article_modified_time":"2026-04-22T05:40:48+00:00","og_image":[{"width":1312,"height":499,"url":"https:\/\/izglitiba.valmierasnovads.lv\/valmierassportaskola\/wp-content\/uploads\/sites\/32\/2025\/08\/10.png","type":"image\/png"}],"twitter_card":"summary_large_image","twitter_misc":{"Est. reading time":"2 min\u016btes"},"schema":{"@context":"https:\/\/schema.org","@graph":[{"@type":"WebPage","@id":"https:\/\/izglitiba.valmierasnovads.lv\/valmierassportaskola\/vieglatletika\/","url":"https:\/\/izglitiba.valmierasnovads.lv\/valmierassportaskola\/vieglatletika\/","name":"Vieglatl\u0113tika - Valmieras Sporta skola","isPartOf":{"@id":"https:\/\/izglitiba.valmierasnovads.lv\/valmierassportaskola\/#website"},"primaryImageOfPage":{"@id":"https:\/\/izglitiba.valmierasnovads.lv\/valmierassportaskola\/vieglatletika\/#primaryimage"},"image":{"@id":"https:\/\/izglitiba.valmierasnovads.lv\/valmierassportaskola\/vieglatletika\/#primaryimage"},"thumbnailUrl":"https:\/\/izglitiba.valmierasnovads.lv\/valmierassportaskola\/wp-content\/uploads\/sites\/32\/2025\/08\/10-1024x389.png","datePublished":"2025-08-11T13:53:05+00:00","dateModified":"2026-04-22T05:40:48+00:00","description":"Valmieras Sporta skolas profesion\u0101l\u0101s ievirzes izgl\u012bt\u012bbas programmas \"Vieglatl\u0113tika\" m\u0101jaslapas sada\u013ca.","breadcrumb":{"@id":"https:\/\/izglitiba.valmierasnovads.lv\/valmierassportaskola\/vieglatletika\/#breadcrumb"},"inLanguage":"lv-LV","potentialAction":[{"@type":"ReadAction","target":["https:\/\/izglitiba.valmierasnovads.lv\/valmierassportaskola\/vieglatletika\/"]}]},{"@type":"ImageObject","inLanguage":"lv-LV","@id":"https:\/\/izglitiba.valmierasnovads.lv\/valmierassportaskola\/vieglatletika\/#primaryimage","url":"https:\/\/izglitiba.valmierasnovads.lv\/valmierassportaskola\/wp-content\/uploads\/sites\/32\/2025\/08\/10.png","contentUrl":"https:\/\/izglitiba.valmierasnovads.lv\/valmierassportaskola\/wp-content\/uploads\/sites\/32\/2025\/08\/10.png","width":1312,"height":499},{"@type":"BreadcrumbList","@id":"https:\/\/izglitiba.valmierasnovads.lv\/valmierassportaskola\/vieglatletika\/#breadcrumb","itemListElement":[{"@type":"ListItem","position":1,"name":"Home","item":"https:\/\/izglitiba.valmierasnovads.lv\/valmierassportaskola\/"},{"@type":"ListItem","position":2,"name":"Vieglatl\u0113tika"}]},{"@type":"WebSite","@id":"https:\/\/izglitiba.valmierasnovads.lv\/valmierassportaskola\/#website","url":"https:\/\/izglitiba.valmierasnovads.lv\/valmierassportaskola\/","name":"Valmieras Sporta skola","description":"","publisher":{"@id":"https:\/\/izglitiba.valmierasnovads.lv\/valmierassportaskola\/#organization"},"potentialAction":[{"@type":"SearchAction","target":{"@type":"EntryPoint","urlTemplate":"https:\/\/izglitiba.valmierasnovads.lv\/valmierassportaskola\/?s={search_term_string}"},"query-input":{"@type":"PropertyValueSpecification","valueRequired":true,"valueName":"search_term_string"}}],"inLanguage":"lv-LV"},{"@type":"Organization","@id":"https:\/\/izglitiba.valmierasnovads.lv\/valmierassportaskola\/#organization","name":"Valmieras Sporta skola","url":"https:\/\/izglitiba.valmierasnovads.lv\/valmierassportaskola\/","logo":{"@type":"ImageObject","inLanguage":"lv-LV","@id":"https:\/\/izglitiba.valmierasnovads.lv\/valmierassportaskola\/#\/schema\/logo\/image\/","url":"https:\/\/izglitiba.valmierasnovads.lv\/valmierassportaskola\/wp-content\/uploads\/sites\/32\/2025\/06\/cropped-Logo_Valmieras_sporta_skola_melns-1.png","contentUrl":"https:\/\/izglitiba.valmierasnovads.lv\/valmierassportaskola\/wp-content\/uploads\/sites\/32\/2025\/06\/cropped-Logo_Valmieras_sporta_skola_melns-1.png","width":2354,"height":596,"caption":"Valmieras Sporta skola"},"image":{"@id":"https:\/\/izglitiba.valmierasnovads.lv\/valmierassportaskola\/#\/schema\/logo\/image\/"}}]}},"_links":{"self":[{"href":"https:\/\/izglitiba.valmierasnovads.lv\/valmierassportaskola\/wp-json\/wp\/v2\/pages\/127","targetHints":{"allow":["GET"]}}],"collection":[{"href":"https:\/\/izglitiba.valmierasnovads.lv\/valmierassportaskola\/wp-json\/wp\/v2\/pages"}],"about":[{"href":"https:\/\/izglitiba.valmierasnovads.lv\/valmierassportaskola\/wp-json\/wp\/v2\/types\/page"}],"author":[{"embeddable":true,"href":"https:\/\/izglitiba.valmierasnovads.lv\/valmierassportaskola\/wp-json\/wp\/v2\/users\/35"}],"replies":[{"embeddable":true,"href":"https:\/\/izglitiba.valmierasnovads.lv\/valmierassportaskola\/wp-json\/wp\/v2\/comments?post=127"}],"version-history":[{"count":18,"href":"https:\/\/izglitiba.valmierasnovads.lv\/valmierassportaskola\/wp-json\/wp\/v2\/pages\/127\/revisions"}],"predecessor-version":[{"id":2051,"href":"https:\/\/izglitiba.valmierasnovads.lv\/valmierassportaskola\/wp-json\/wp\/v2\/pages\/127\/revisions\/2051"}],"wp:attachment":[{"href":"https:\/\/izglitiba.valmierasnovads.lv\/valmierassportaskola\/wp-json\/wp\/v2\/media?parent=127"}],"curies":[{"name":"wp","href":"https:\/\/api.w.org\/{rel}","templated":true}]}}