{"id":91,"date":"2025-09-15T10:14:01","date_gmt":"2025-09-15T07:14:01","guid":{"rendered":"https:\/\/izglitiba.valmierasnovads.lv\/valodzite\/?page_id=91"},"modified":"2025-09-15T10:21:56","modified_gmt":"2025-09-15T07:21:56","slug":"par-valodziti","status":"publish","type":"page","link":"https:\/\/izglitiba.valmierasnovads.lv\/valodzite\/par-valodziti\/","title":{"rendered":"Par V\u0101lodz\u012bti"},"content":{"rendered":"\n<p><strong>Valmieras pirmsskola \u201cV\u0101lodz\u012bte\u201d<\/strong> savu darb\u012bbu uzs\u0101ka 1966. gad\u0101 Valmier\u0101, Smiltenes iel\u0101\u202f10. Iest\u0101de atrodas mazliet nost no pils\u0113tas k\u0146adas mier\u012bg\u0101, dabas ieskaut\u0101 viet\u0101, kas veicina b\u0113rna att\u012bst\u012bbu, emocion\u0101lo labsaj\u016btu un dro\u0161\u012bbu.&nbsp;<\/p>\n\n\n\n<p>2006. gad\u0101 veikta da\u013c\u0113ja \u0113kas renov\u0101cija un pagalma labiek\u0101rto\u0161ana, nodro\u0161inot m\u016bsdien\u012bgu un pievilc\u012bgu vidi b\u0113rniem.<\/p>\n\n\n\n<p>Iest\u0101d\u0113 darbojas piecas grupi\u0146as, k\u0101 ar\u012b pieejama atjaunota, labiek\u0101rtota sporta z\u0101le un m\u016bzikas z\u0101le. Ir pla\u0161a teritorija rota\u013c\u0101m un m\u0101c\u012bb\u0101m br\u012bv\u0101 dab\u0101, k\u0101 ar\u012b sporta laukums un br\u012bvdabas klas\u012bte.<\/p>\n\n\n\n<p>Pirmsskolas izgl\u012bt\u012bbas iest\u0101des \u201cV\u0101lodz\u012bte\u201d galvenais m\u0113r\u0137is ir veidot iek\u013caujo\u0161u un rado\u0161u, b\u0113rniem draudz\u012bgu vidi, kur katrs b\u0113rns tiek uzklaus\u012bts, pie\u0146emts un atbalst\u012bts. Iest\u0101d\u0113 darbojas profesion\u0101ls un pieredz\u0113jis pedagogu kolekt\u012bvs, kur\u0161 m\u0113r\u0137tiec\u012bgi veicina b\u0113rnu vispus\u012bgu att\u012bst\u012bbu.<\/p>\n\n\n\n<p>Pirmsskolas izgl\u012bt\u012bbas iest\u0101des \u201cV\u0101lodz\u012bte\u201d izgl\u012bt\u012bbas process balst\u0101s uz kompeten\u010du pieej\u0101 balst\u012btu m\u0101c\u012bbu saturu, kur\u0101 \u012bpa\u0161a uzman\u012bba tiek piev\u0113rsta katra b\u0113rnu patst\u0101v\u012bbai, pa\u0161izpausmei un sadarb\u012bbas prasmju att\u012bst\u012bbai.&nbsp; M\u0101c\u012bbu un rota\u013cu vide ir p\u0101rdom\u0101ti iek\u0101rtota un piel\u0101gota da\u017e\u0101du vecuma b\u0113rnu vajadz\u012bb\u0101m, sekm\u0113jot vi\u0146u dro\u0161\u012bbu un att\u012bst\u012bbu.<\/p>\n\n\n\n<p>Svar\u012bga pirmsskolas izgl\u012bt\u012bbas iest\u0101des \u201cV\u0101lodz\u012bte\u201d darba sast\u0101vda\u013ca ir dal\u012bba starptautiskaj\u0101 Ekoskolu programm\u0101, kas rosina b\u0113rnus jau no mazotnes att\u012bst\u012bt izpratni par vidi un ilgtsp\u0113j\u012bgu dz\u012bvesveidu. Iest\u0101d\u0113 tiek organiz\u0113ti tematiski projekti, vides izp\u0113tes aktivit\u0101tes, talkas un citas iniciat\u012bvas, kas veicina b\u0113rnu atbild\u012bbas saj\u016btu pret dabu. Ar\u012b iest\u0101des ikdienas darb\u0101 tiek iev\u0113roti vides saudz\u0113\u0161anas principi \u2013 \u0161\u0137irojot atkritumus, taupot resursus un veidojot dabai draudz\u012bgu vidi.<\/p>\n\n\n\n<p>Liela noz\u012bme tiek piev\u0113rsta sadarb\u012bbai ar vec\u0101kiem un viet\u0113jo kopienu, radot b\u0113rniem piem\u0113ru akt\u012bvai l\u012bdzdal\u012bbai sabiedr\u012bb\u0101 un vides aizsardz\u012bb\u0101.<\/p>\n\n\n\n<p>Pirmsskolas izgl\u012bt\u012bbas iest\u0101de \u201cV\u0101lodz\u012bte\u201d ir vide, kur b\u0113rns j\u016btas pie\u0146emts, dro\u0161s un atbalst\u012bts, kur tiek att\u012bst\u012bta vi\u0146a individualit\u0101te un ielikti pamati m\u016b\u017eizgl\u012bt\u012bbai un atbild\u012bgai attieksmei pret dabu un sabiedr\u012bbu.<\/p>\n\n\n\n<p>\u201cV\u0101lodz\u012bte\u201d lepojas ar savu draudz\u012bgo atmosf\u0113ru, est\u0113tiski pievilc\u012bgo vidi un cie\u0146pilnu attieksmi pret katru b\u0113rnu.<\/p>\n","protected":false},"excerpt":{"rendered":"<p>Valmieras pirmsskola \u201cV\u0101lodz\u012bte\u201d savu darb\u012bbu uzs\u0101ka 1966. gad\u0101 Valmier\u0101, Smiltenes iel\u0101\u202f10. Iest\u0101de atrodas mazliet nost no pils\u0113tas k\u0146adas mier\u012bg\u0101, dabas [&hellip;]<\/p>\n","protected":false},"author":25,"featured_media":0,"parent":0,"menu_order":0,"comment_status":"closed","ping_status":"closed","template":"","meta":{"_acf_changed":false,"site-sidebar-layout":"default","site-content-layout":"","ast-site-content-layout":"default","site-content-style":"default","site-sidebar-style":"default","ast-global-header-display":"","ast-banner-title-visibility":"","ast-main-header-display":"","ast-hfb-above-header-display":"","ast-hfb-below-header-display":"","ast-hfb-mobile-header-display":"","site-post-title":"","ast-breadcrumbs-content":"","ast-featured-img":"","footer-sml-layout":"","ast-disable-related-posts":"","theme-transparent-header-meta":"","adv-header-id-meta":"","stick-header-meta":"","header-above-stick-meta":"","header-main-stick-meta":"","header-below-stick-meta":"","astra-migrate-meta-layouts":"default","ast-page-background-enabled":"default","ast-page-background-meta":{"desktop":{"background-color":"var(--ast-global-color-5)","background-image":"","background-repeat":"repeat","background-position":"center center","background-size":"auto","background-attachment":"scroll","background-type":"","background-media":"","overlay-type":"","overlay-color":"","overlay-opacity":"","overlay-gradient":""},"tablet":{"background-color":"","background-image":"","background-repeat":"repeat","background-position":"center center","background-size":"auto","background-attachment":"scroll","background-type":"","background-media":"","overlay-type":"","overlay-color":"","overlay-opacity":"","overlay-gradient":""},"mobile":{"background-color":"","background-image":"","background-repeat":"repeat","background-position":"center center","background-size":"auto","background-attachment":"scroll","background-type":"","background-media":"","overlay-type":"","overlay-color":"","overlay-opacity":"","overlay-gradient":""}},"ast-content-background-meta":{"desktop":{"background-color":"var(--ast-global-color-4)","background-image":"","background-repeat":"repeat","background-position":"center center","background-size":"auto","background-attachment":"scroll","background-type":"","background-media":"","overlay-type":"","overlay-color":"","overlay-opacity":"","overlay-gradient":""},"tablet":{"background-color":"var(--ast-global-color-4)","background-image":"","background-repeat":"repeat","background-position":"center center","background-size":"auto","background-attachment":"scroll","background-type":"","background-media":"","overlay-type":"","overlay-color":"","overlay-opacity":"","overlay-gradient":""},"mobile":{"background-color":"var(--ast-global-color-4)","background-image":"","background-repeat":"repeat","background-position":"center center","background-size":"auto","background-attachment":"scroll","background-type":"","background-media":"","overlay-type":"","overlay-color":"","overlay-opacity":"","overlay-gradient":""}},"footnotes":""},"class_list":["post-91","page","type-page","status-publish","hentry"],"acf":[],"yoast_head":"<!-- This site is optimized with the Yoast SEO plugin v27.0 - https:\/\/yoast.com\/product\/yoast-seo-wordpress\/ -->\n<title>Par V\u0101lodz\u012bti - Valmieras pirmsskolas izgl\u012bt\u012bbas iest\u0101de \u201cV\u0101lodz\u012bte\u201d<\/title>\n<meta name=\"robots\" content=\"index, follow, max-snippet:-1, max-image-preview:large, max-video-preview:-1\" \/>\n<link rel=\"canonical\" href=\"https:\/\/izglitiba.valmierasnovads.lv\/valodzite\/par-valodziti\/\" \/>\n<meta property=\"og:locale\" content=\"lv_LV\" \/>\n<meta property=\"og:type\" content=\"article\" \/>\n<meta property=\"og:title\" content=\"Par V\u0101lodz\u012bti - Valmieras pirmsskolas izgl\u012bt\u012bbas iest\u0101de \u201cV\u0101lodz\u012bte\u201d\" \/>\n<meta property=\"og:description\" content=\"Valmieras pirmsskola \u201cV\u0101lodz\u012bte\u201d savu darb\u012bbu uzs\u0101ka 1966. gad\u0101 Valmier\u0101, Smiltenes iel\u0101\u202f10. Iest\u0101de atrodas mazliet nost no pils\u0113tas k\u0146adas mier\u012bg\u0101, dabas [&hellip;]\" \/>\n<meta property=\"og:url\" content=\"https:\/\/izglitiba.valmierasnovads.lv\/valodzite\/par-valodziti\/\" \/>\n<meta property=\"og:site_name\" content=\"Valmieras pirmsskolas izgl\u012bt\u012bbas iest\u0101de \u201cV\u0101lodz\u012bte\u201d\" \/>\n<meta property=\"article:modified_time\" content=\"2025-09-15T07:21:56+00:00\" \/>\n<meta name=\"twitter:card\" content=\"summary_large_image\" \/>\n<meta name=\"twitter:label1\" content=\"Est. reading time\" \/>\n\t<meta name=\"twitter:data1\" content=\"2 min\u016btes\" \/>\n<script type=\"application\/ld+json\" class=\"yoast-schema-graph\">{\"@context\":\"https:\/\/schema.org\",\"@graph\":[{\"@type\":\"WebPage\",\"@id\":\"https:\/\/izglitiba.valmierasnovads.lv\/valodzite\/par-valodziti\/\",\"url\":\"https:\/\/izglitiba.valmierasnovads.lv\/valodzite\/par-valodziti\/\",\"name\":\"Par V\u0101lodz\u012bti - Valmieras pirmsskolas izgl\u012bt\u012bbas iest\u0101de \u201cV\u0101lodz\u012bte\u201d\",\"isPartOf\":{\"@id\":\"https:\/\/izglitiba.valmierasnovads.lv\/valodzite\/#website\"},\"datePublished\":\"2025-09-15T07:14:01+00:00\",\"dateModified\":\"2025-09-15T07:21:56+00:00\",\"breadcrumb\":{\"@id\":\"https:\/\/izglitiba.valmierasnovads.lv\/valodzite\/par-valodziti\/#breadcrumb\"},\"inLanguage\":\"lv-LV\",\"potentialAction\":[{\"@type\":\"ReadAction\",\"target\":[\"https:\/\/izglitiba.valmierasnovads.lv\/valodzite\/par-valodziti\/\"]}]},{\"@type\":\"BreadcrumbList\",\"@id\":\"https:\/\/izglitiba.valmierasnovads.lv\/valodzite\/par-valodziti\/#breadcrumb\",\"itemListElement\":[{\"@type\":\"ListItem\",\"position\":1,\"name\":\"Home\",\"item\":\"https:\/\/izglitiba.valmierasnovads.lv\/valodzite\/\"},{\"@type\":\"ListItem\",\"position\":2,\"name\":\"Par V\u0101lodz\u012bti\"}]},{\"@type\":\"WebSite\",\"@id\":\"https:\/\/izglitiba.valmierasnovads.lv\/valodzite\/#website\",\"url\":\"https:\/\/izglitiba.valmierasnovads.lv\/valodzite\/\",\"name\":\"Valmieras pirmsskolas izgl\u012bt\u012bbas iest\u0101de \u201cV\u0101lodz\u012bte\u201d\",\"description\":\"\",\"publisher\":{\"@id\":\"https:\/\/izglitiba.valmierasnovads.lv\/valodzite\/#organization\"},\"potentialAction\":[{\"@type\":\"SearchAction\",\"target\":{\"@type\":\"EntryPoint\",\"urlTemplate\":\"https:\/\/izglitiba.valmierasnovads.lv\/valodzite\/?s={search_term_string}\"},\"query-input\":{\"@type\":\"PropertyValueSpecification\",\"valueRequired\":true,\"valueName\":\"search_term_string\"}}],\"inLanguage\":\"lv-LV\"},{\"@type\":\"Organization\",\"@id\":\"https:\/\/izglitiba.valmierasnovads.lv\/valodzite\/#organization\",\"name\":\"Valmieras pirmsskolas izgl\u012bt\u012bbas iest\u0101de \u201cV\u0101lodz\u012bte\u201d\",\"url\":\"https:\/\/izglitiba.valmierasnovads.lv\/valodzite\/\",\"logo\":{\"@type\":\"ImageObject\",\"inLanguage\":\"lv-LV\",\"@id\":\"https:\/\/izglitiba.valmierasnovads.lv\/valodzite\/#\/schema\/logo\/image\/\",\"url\":\"https:\/\/izglitiba.valmierasnovads.lv\/valodzite\/wp-content\/uploads\/sites\/10\/2026\/03\/cropped-Pirmsskolas-izglitibas-iestades-ar-pasu-logo-12-scaled-1.png\",\"contentUrl\":\"https:\/\/izglitiba.valmierasnovads.lv\/valodzite\/wp-content\/uploads\/sites\/10\/2026\/03\/cropped-Pirmsskolas-izglitibas-iestades-ar-pasu-logo-12-scaled-1.png\",\"width\":1399,\"height\":405,\"caption\":\"Valmieras pirmsskolas izgl\u012bt\u012bbas iest\u0101de \u201cV\u0101lodz\u012bte\u201d\"},\"image\":{\"@id\":\"https:\/\/izglitiba.valmierasnovads.lv\/valodzite\/#\/schema\/logo\/image\/\"}}]}<\/script>\n<!-- \/ Yoast SEO plugin. -->","yoast_head_json":{"title":"Par V\u0101lodz\u012bti - Valmieras pirmsskolas izgl\u012bt\u012bbas iest\u0101de \u201cV\u0101lodz\u012bte\u201d","robots":{"index":"index","follow":"follow","max-snippet":"max-snippet:-1","max-image-preview":"max-image-preview:large","max-video-preview":"max-video-preview:-1"},"canonical":"https:\/\/izglitiba.valmierasnovads.lv\/valodzite\/par-valodziti\/","og_locale":"lv_LV","og_type":"article","og_title":"Par V\u0101lodz\u012bti - Valmieras pirmsskolas izgl\u012bt\u012bbas iest\u0101de \u201cV\u0101lodz\u012bte\u201d","og_description":"Valmieras pirmsskola \u201cV\u0101lodz\u012bte\u201d savu darb\u012bbu uzs\u0101ka 1966. gad\u0101 Valmier\u0101, Smiltenes iel\u0101\u202f10. Iest\u0101de atrodas mazliet nost no pils\u0113tas k\u0146adas mier\u012bg\u0101, dabas [&hellip;]","og_url":"https:\/\/izglitiba.valmierasnovads.lv\/valodzite\/par-valodziti\/","og_site_name":"Valmieras pirmsskolas izgl\u012bt\u012bbas iest\u0101de \u201cV\u0101lodz\u012bte\u201d","article_modified_time":"2025-09-15T07:21:56+00:00","twitter_card":"summary_large_image","twitter_misc":{"Est. reading time":"2 min\u016btes"},"schema":{"@context":"https:\/\/schema.org","@graph":[{"@type":"WebPage","@id":"https:\/\/izglitiba.valmierasnovads.lv\/valodzite\/par-valodziti\/","url":"https:\/\/izglitiba.valmierasnovads.lv\/valodzite\/par-valodziti\/","name":"Par V\u0101lodz\u012bti - Valmieras pirmsskolas izgl\u012bt\u012bbas iest\u0101de \u201cV\u0101lodz\u012bte\u201d","isPartOf":{"@id":"https:\/\/izglitiba.valmierasnovads.lv\/valodzite\/#website"},"datePublished":"2025-09-15T07:14:01+00:00","dateModified":"2025-09-15T07:21:56+00:00","breadcrumb":{"@id":"https:\/\/izglitiba.valmierasnovads.lv\/valodzite\/par-valodziti\/#breadcrumb"},"inLanguage":"lv-LV","potentialAction":[{"@type":"ReadAction","target":["https:\/\/izglitiba.valmierasnovads.lv\/valodzite\/par-valodziti\/"]}]},{"@type":"BreadcrumbList","@id":"https:\/\/izglitiba.valmierasnovads.lv\/valodzite\/par-valodziti\/#breadcrumb","itemListElement":[{"@type":"ListItem","position":1,"name":"Home","item":"https:\/\/izglitiba.valmierasnovads.lv\/valodzite\/"},{"@type":"ListItem","position":2,"name":"Par V\u0101lodz\u012bti"}]},{"@type":"WebSite","@id":"https:\/\/izglitiba.valmierasnovads.lv\/valodzite\/#website","url":"https:\/\/izglitiba.valmierasnovads.lv\/valodzite\/","name":"Valmieras pirmsskolas izgl\u012bt\u012bbas iest\u0101de \u201cV\u0101lodz\u012bte\u201d","description":"","publisher":{"@id":"https:\/\/izglitiba.valmierasnovads.lv\/valodzite\/#organization"},"potentialAction":[{"@type":"SearchAction","target":{"@type":"EntryPoint","urlTemplate":"https:\/\/izglitiba.valmierasnovads.lv\/valodzite\/?s={search_term_string}"},"query-input":{"@type":"PropertyValueSpecification","valueRequired":true,"valueName":"search_term_string"}}],"inLanguage":"lv-LV"},{"@type":"Organization","@id":"https:\/\/izglitiba.valmierasnovads.lv\/valodzite\/#organization","name":"Valmieras pirmsskolas izgl\u012bt\u012bbas iest\u0101de \u201cV\u0101lodz\u012bte\u201d","url":"https:\/\/izglitiba.valmierasnovads.lv\/valodzite\/","logo":{"@type":"ImageObject","inLanguage":"lv-LV","@id":"https:\/\/izglitiba.valmierasnovads.lv\/valodzite\/#\/schema\/logo\/image\/","url":"https:\/\/izglitiba.valmierasnovads.lv\/valodzite\/wp-content\/uploads\/sites\/10\/2026\/03\/cropped-Pirmsskolas-izglitibas-iestades-ar-pasu-logo-12-scaled-1.png","contentUrl":"https:\/\/izglitiba.valmierasnovads.lv\/valodzite\/wp-content\/uploads\/sites\/10\/2026\/03\/cropped-Pirmsskolas-izglitibas-iestades-ar-pasu-logo-12-scaled-1.png","width":1399,"height":405,"caption":"Valmieras pirmsskolas izgl\u012bt\u012bbas iest\u0101de \u201cV\u0101lodz\u012bte\u201d"},"image":{"@id":"https:\/\/izglitiba.valmierasnovads.lv\/valodzite\/#\/schema\/logo\/image\/"}}]}},"_links":{"self":[{"href":"https:\/\/izglitiba.valmierasnovads.lv\/valodzite\/wp-json\/wp\/v2\/pages\/91","targetHints":{"allow":["GET"]}}],"collection":[{"href":"https:\/\/izglitiba.valmierasnovads.lv\/valodzite\/wp-json\/wp\/v2\/pages"}],"about":[{"href":"https:\/\/izglitiba.valmierasnovads.lv\/valodzite\/wp-json\/wp\/v2\/types\/page"}],"author":[{"embeddable":true,"href":"https:\/\/izglitiba.valmierasnovads.lv\/valodzite\/wp-json\/wp\/v2\/users\/25"}],"replies":[{"embeddable":true,"href":"https:\/\/izglitiba.valmierasnovads.lv\/valodzite\/wp-json\/wp\/v2\/comments?post=91"}],"version-history":[{"count":2,"href":"https:\/\/izglitiba.valmierasnovads.lv\/valodzite\/wp-json\/wp\/v2\/pages\/91\/revisions"}],"predecessor-version":[{"id":120,"href":"https:\/\/izglitiba.valmierasnovads.lv\/valodzite\/wp-json\/wp\/v2\/pages\/91\/revisions\/120"}],"wp:attachment":[{"href":"https:\/\/izglitiba.valmierasnovads.lv\/valodzite\/wp-json\/wp\/v2\/media?parent=91"}],"curies":[{"name":"wp","href":"https:\/\/api.w.org\/{rel}","templated":true}]}}