{"id":1139,"date":"2025-10-29T15:31:14","date_gmt":"2025-10-29T13:31:14","guid":{"rendered":"https:\/\/izglitiba.valmierasnovads.lv\/vdmv\/?post_type=galery&#038;p=1139"},"modified":"2025-10-29T15:45:17","modified_gmt":"2025-10-29T13:45:17","slug":"vdmv-seminara-cikla-dizains-tuvplana-2-seminars","status":"publish","type":"galery","link":"https:\/\/izglitiba.valmierasnovads.lv\/vdmv\/galery\/vdmv-seminara-cikla-dizains-tuvplana-2-seminars\/","title":{"rendered":"VDMV semin\u0101ra cikla \u201cDizains tuvpl\u0101n\u0101\u201d 2. semin\u0101rs"},"content":{"rendered":"\n<p>28. oktobr\u012b plkst. 11.00 Valmieras Dizaina un m\u0101kslas vidusskol\u0101 norisin\u0101j\u0101s projekta \u201eDIZAINS TUVPL\u0100N\u0100\u201d otrais semin\u0101rs \u2013 \u201cGaismas arhitekt\u016bra \u2013 redzi, j\u016bti, dom\u0101!\u201d, kas tapis ar Valsts kult\u016brkapit\u0101la fonda atbalstu un Valmieras pa\u0161vald\u012bbas l\u012bdzfinans\u0113jumu.<\/p>\n\n\n\n<p>\u0160oreiz semin\u0101ra centr\u0101 bija gaisma k\u0101 dizaina valoda \u2013 t\u0101s sp\u0113ja rad\u012bt noska\u0146u, iedvesmot un ietekm\u0113t emocijas. Semin\u0101ru vad\u012bja Ilze Leduskrasta Bu\u0161a (soct\u012bklos paz\u012bstama k\u0101 Ilze Ledus) \u2013 gaismas arhitekte, Aalborg University Copenhagen zin\u0101t\u0146u ma\u0123istre un LED LAB dibin\u0101t\u0101ja.<\/p>\n\n\n\n<p>Semin\u0101r\u0101 piedal\u012bj\u0101s interjera dizaina un produkta dizaina noda\u013cu audz\u0113k\u0146i, VDMV skolot\u0101ji, k\u0101 ar\u012b pedagogi no apk\u0101rtnes m\u0101kslas skol\u0101m.<br>Dal\u012bbnieki iepazina gaismas noz\u012bmi arhitekt\u016br\u0101 un dizain\u0101, klaus\u012bj\u0101s iedvesmojo\u0161u st\u0101st\u012bjumu par gaismas est\u0113tiku un funkcionalit\u0101ti.<br>Praktiskaj\u0101 da\u013c\u0101 notika darbn\u012bca \u201cGaisma un saj\u016bta\u201d, kur\u0101 katrs var\u0113ja rad\u012bt noska\u0146u ar pa\u0161a rok\u0101m, k\u0101 ar\u012b diskusija \u201cSkaties dzi\u013c\u0101k\u201d par gaismas ietekmi uz uztveri un rado\u0161umu.<\/p>\n\n\n\n<p>Semin\u0101rs k\u013cuva par \u012bst\u0101m \u201cgaismas br\u012bvdien\u0101m\u201d dom\u0101\u0161anai \u2013 taj\u0101 apvienoj\u0101s zin\u0101tne, m\u0101ksla un rado\u0161a pieredze, kas iedvesmoja skat\u012bties uz dizainu cit\u0101di: \ud83d\udca1 redz\u0113t cit\u0101di, sajust dzi\u013c\u0101k un dom\u0101t gai\u0161\u0101k.<\/p>\n\n\n\n<p><\/p>\n","protected":false},"featured_media":1140,"template":"","meta":{"_acf_changed":false,"site-sidebar-layout":"default","site-content-layout":"","ast-site-content-layout":"default","site-content-style":"default","site-sidebar-style":"default","ast-global-header-display":"","ast-banner-title-visibility":"","ast-main-header-display":"","ast-hfb-above-header-display":"","ast-hfb-below-header-display":"","ast-hfb-mobile-header-display":"","site-post-title":"","ast-breadcrumbs-content":"","ast-featured-img":"","footer-sml-layout":"","ast-disable-related-posts":"","theme-transparent-header-meta":"","adv-header-id-meta":"","stick-header-meta":"","header-above-stick-meta":"","header-main-stick-meta":"","header-below-stick-meta":"","astra-migrate-meta-layouts":"default","ast-page-background-enabled":"default","ast-page-background-meta":{"desktop":{"background-color":"var(--ast-global-color-5)","background-image":"","background-repeat":"repeat","background-position":"center center","background-size":"auto","background-attachment":"scroll","background-type":"","background-media":"","overlay-type":"","overlay-color":"","overlay-opacity":"","overlay-gradient":""},"tablet":{"background-color":"","background-image":"","background-repeat":"repeat","background-position":"center center","background-size":"auto","background-attachment":"scroll","background-type":"","background-media":"","overlay-type":"","overlay-color":"","overlay-opacity":"","overlay-gradient":""},"mobile":{"background-color":"","background-image":"","background-repeat":"repeat","background-position":"center center","background-size":"auto","background-attachment":"scroll","background-type":"","background-media":"","overlay-type":"","overlay-color":"","overlay-opacity":"","overlay-gradient":""}},"ast-content-background-meta":{"desktop":{"background-color":"var(--ast-global-color-4)","background-image":"","background-repeat":"repeat","background-position":"center center","background-size":"auto","background-attachment":"scroll","background-type":"","background-media":"","overlay-type":"","overlay-color":"","overlay-opacity":"","overlay-gradient":""},"tablet":{"background-color":"var(--ast-global-color-4)","background-image":"","background-repeat":"repeat","background-position":"center center","background-size":"auto","background-attachment":"scroll","background-type":"","background-media":"","overlay-type":"","overlay-color":"","overlay-opacity":"","overlay-gradient":""},"mobile":{"background-color":"var(--ast-global-color-4)","background-image":"","background-repeat":"repeat","background-position":"center center","background-size":"auto","background-attachment":"scroll","background-type":"","background-media":"","overlay-type":"","overlay-color":"","overlay-opacity":"","overlay-gradient":""}}},"galery_type":[15],"class_list":["post-1139","galery","type-galery","status-publish","has-post-thumbnail","hentry","galery_type-vidusskola"],"acf":[],"yoast_head":"<!-- This site is optimized with the Yoast SEO plugin v27.0 - https:\/\/yoast.com\/product\/yoast-seo-wordpress\/ -->\n<title>VDMV semin\u0101ra cikla \u201cDizains tuvpl\u0101n\u0101\u201d 2. semin\u0101rs -<\/title>\n<meta name=\"robots\" content=\"index, follow, max-snippet:-1, max-image-preview:large, max-video-preview:-1\" \/>\n<link rel=\"canonical\" href=\"https:\/\/izglitiba.valmierasnovads.lv\/vdmv\/galery\/vdmv-seminara-cikla-dizains-tuvplana-2-seminars\/\" \/>\n<meta property=\"og:locale\" content=\"lv_LV\" \/>\n<meta property=\"og:type\" content=\"article\" \/>\n<meta property=\"og:title\" content=\"VDMV semin\u0101ra cikla \u201cDizains tuvpl\u0101n\u0101\u201d 2. semin\u0101rs -\" \/>\n<meta property=\"og:description\" content=\"28. oktobr\u012b plkst. 11.00 Valmieras Dizaina un m\u0101kslas vidusskol\u0101 norisin\u0101j\u0101s projekta \u201eDIZAINS TUVPL\u0100N\u0100\u201d otrais semin\u0101rs \u2013 \u201cGaismas arhitekt\u016bra \u2013 redzi, [&hellip;]\" \/>\n<meta property=\"og:url\" content=\"https:\/\/izglitiba.valmierasnovads.lv\/vdmv\/galery\/vdmv-seminara-cikla-dizains-tuvplana-2-seminars\/\" \/>\n<meta property=\"article:modified_time\" content=\"2025-10-29T13:45:17+00:00\" \/>\n<meta property=\"og:image\" content=\"https:\/\/izglitiba.valmierasnovads.lv\/vdmv\/wp-content\/uploads\/sites\/33\/2025\/10\/Bez-nosaukuma-15-x-10-cm-8-1.jpg\" \/>\n\t<meta property=\"og:image:width\" content=\"1772\" \/>\n\t<meta property=\"og:image:height\" content=\"1181\" \/>\n\t<meta property=\"og:image:type\" content=\"image\/jpeg\" \/>\n<meta name=\"twitter:card\" content=\"summary_large_image\" \/>\n<meta name=\"twitter:label1\" content=\"Est. reading time\" \/>\n\t<meta name=\"twitter:data1\" content=\"1 min\u016bte\" \/>\n<script type=\"application\/ld+json\" class=\"yoast-schema-graph\">{\"@context\":\"https:\/\/schema.org\",\"@graph\":[{\"@type\":\"WebPage\",\"@id\":\"https:\/\/izglitiba.valmierasnovads.lv\/vdmv\/galery\/vdmv-seminara-cikla-dizains-tuvplana-2-seminars\/\",\"url\":\"https:\/\/izglitiba.valmierasnovads.lv\/vdmv\/galery\/vdmv-seminara-cikla-dizains-tuvplana-2-seminars\/\",\"name\":\"VDMV semin\u0101ra cikla \u201cDizains tuvpl\u0101n\u0101\u201d 2. semin\u0101rs -\",\"isPartOf\":{\"@id\":\"https:\/\/izglitiba.valmierasnovads.lv\/vdmv\/#website\"},\"primaryImageOfPage\":{\"@id\":\"https:\/\/izglitiba.valmierasnovads.lv\/vdmv\/galery\/vdmv-seminara-cikla-dizains-tuvplana-2-seminars\/#primaryimage\"},\"image\":{\"@id\":\"https:\/\/izglitiba.valmierasnovads.lv\/vdmv\/galery\/vdmv-seminara-cikla-dizains-tuvplana-2-seminars\/#primaryimage\"},\"thumbnailUrl\":\"https:\/\/izglitiba.valmierasnovads.lv\/vdmv\/wp-content\/uploads\/sites\/33\/2025\/10\/Bez-nosaukuma-15-x-10-cm-8-1.jpg\",\"datePublished\":\"2025-10-29T13:31:14+00:00\",\"dateModified\":\"2025-10-29T13:45:17+00:00\",\"breadcrumb\":{\"@id\":\"https:\/\/izglitiba.valmierasnovads.lv\/vdmv\/galery\/vdmv-seminara-cikla-dizains-tuvplana-2-seminars\/#breadcrumb\"},\"inLanguage\":\"lv-LV\",\"potentialAction\":[{\"@type\":\"ReadAction\",\"target\":[\"https:\/\/izglitiba.valmierasnovads.lv\/vdmv\/galery\/vdmv-seminara-cikla-dizains-tuvplana-2-seminars\/\"]}]},{\"@type\":\"ImageObject\",\"inLanguage\":\"lv-LV\",\"@id\":\"https:\/\/izglitiba.valmierasnovads.lv\/vdmv\/galery\/vdmv-seminara-cikla-dizains-tuvplana-2-seminars\/#primaryimage\",\"url\":\"https:\/\/izglitiba.valmierasnovads.lv\/vdmv\/wp-content\/uploads\/sites\/33\/2025\/10\/Bez-nosaukuma-15-x-10-cm-8-1.jpg\",\"contentUrl\":\"https:\/\/izglitiba.valmierasnovads.lv\/vdmv\/wp-content\/uploads\/sites\/33\/2025\/10\/Bez-nosaukuma-15-x-10-cm-8-1.jpg\",\"width\":1772,\"height\":1181},{\"@type\":\"BreadcrumbList\",\"@id\":\"https:\/\/izglitiba.valmierasnovads.lv\/vdmv\/galery\/vdmv-seminara-cikla-dizains-tuvplana-2-seminars\/#breadcrumb\",\"itemListElement\":[{\"@type\":\"ListItem\",\"position\":1,\"name\":\"Home\",\"item\":\"https:\/\/izglitiba.valmierasnovads.lv\/vdmv\/\"},{\"@type\":\"ListItem\",\"position\":2,\"name\":\"VDMV semin\u0101ra cikla \u201cDizains tuvpl\u0101n\u0101\u201d 2. semin\u0101rs\"}]},{\"@type\":\"WebSite\",\"@id\":\"https:\/\/izglitiba.valmierasnovads.lv\/vdmv\/#website\",\"url\":\"https:\/\/izglitiba.valmierasnovads.lv\/vdmv\/\",\"name\":\"\",\"description\":\"\",\"potentialAction\":[{\"@type\":\"SearchAction\",\"target\":{\"@type\":\"EntryPoint\",\"urlTemplate\":\"https:\/\/izglitiba.valmierasnovads.lv\/vdmv\/?s={search_term_string}\"},\"query-input\":{\"@type\":\"PropertyValueSpecification\",\"valueRequired\":true,\"valueName\":\"search_term_string\"}}],\"inLanguage\":\"lv-LV\"}]}<\/script>\n<!-- \/ Yoast SEO plugin. -->","yoast_head_json":{"title":"VDMV semin\u0101ra cikla \u201cDizains tuvpl\u0101n\u0101\u201d 2. semin\u0101rs -","robots":{"index":"index","follow":"follow","max-snippet":"max-snippet:-1","max-image-preview":"max-image-preview:large","max-video-preview":"max-video-preview:-1"},"canonical":"https:\/\/izglitiba.valmierasnovads.lv\/vdmv\/galery\/vdmv-seminara-cikla-dizains-tuvplana-2-seminars\/","og_locale":"lv_LV","og_type":"article","og_title":"VDMV semin\u0101ra cikla \u201cDizains tuvpl\u0101n\u0101\u201d 2. semin\u0101rs -","og_description":"28. oktobr\u012b plkst. 11.00 Valmieras Dizaina un m\u0101kslas vidusskol\u0101 norisin\u0101j\u0101s projekta \u201eDIZAINS TUVPL\u0100N\u0100\u201d otrais semin\u0101rs \u2013 \u201cGaismas arhitekt\u016bra \u2013 redzi, [&hellip;]","og_url":"https:\/\/izglitiba.valmierasnovads.lv\/vdmv\/galery\/vdmv-seminara-cikla-dizains-tuvplana-2-seminars\/","article_modified_time":"2025-10-29T13:45:17+00:00","og_image":[{"width":1772,"height":1181,"url":"https:\/\/izglitiba.valmierasnovads.lv\/vdmv\/wp-content\/uploads\/sites\/33\/2025\/10\/Bez-nosaukuma-15-x-10-cm-8-1.jpg","type":"image\/jpeg"}],"twitter_card":"summary_large_image","twitter_misc":{"Est. reading time":"1 min\u016bte"},"schema":{"@context":"https:\/\/schema.org","@graph":[{"@type":"WebPage","@id":"https:\/\/izglitiba.valmierasnovads.lv\/vdmv\/galery\/vdmv-seminara-cikla-dizains-tuvplana-2-seminars\/","url":"https:\/\/izglitiba.valmierasnovads.lv\/vdmv\/galery\/vdmv-seminara-cikla-dizains-tuvplana-2-seminars\/","name":"VDMV semin\u0101ra cikla \u201cDizains tuvpl\u0101n\u0101\u201d 2. semin\u0101rs -","isPartOf":{"@id":"https:\/\/izglitiba.valmierasnovads.lv\/vdmv\/#website"},"primaryImageOfPage":{"@id":"https:\/\/izglitiba.valmierasnovads.lv\/vdmv\/galery\/vdmv-seminara-cikla-dizains-tuvplana-2-seminars\/#primaryimage"},"image":{"@id":"https:\/\/izglitiba.valmierasnovads.lv\/vdmv\/galery\/vdmv-seminara-cikla-dizains-tuvplana-2-seminars\/#primaryimage"},"thumbnailUrl":"https:\/\/izglitiba.valmierasnovads.lv\/vdmv\/wp-content\/uploads\/sites\/33\/2025\/10\/Bez-nosaukuma-15-x-10-cm-8-1.jpg","datePublished":"2025-10-29T13:31:14+00:00","dateModified":"2025-10-29T13:45:17+00:00","breadcrumb":{"@id":"https:\/\/izglitiba.valmierasnovads.lv\/vdmv\/galery\/vdmv-seminara-cikla-dizains-tuvplana-2-seminars\/#breadcrumb"},"inLanguage":"lv-LV","potentialAction":[{"@type":"ReadAction","target":["https:\/\/izglitiba.valmierasnovads.lv\/vdmv\/galery\/vdmv-seminara-cikla-dizains-tuvplana-2-seminars\/"]}]},{"@type":"ImageObject","inLanguage":"lv-LV","@id":"https:\/\/izglitiba.valmierasnovads.lv\/vdmv\/galery\/vdmv-seminara-cikla-dizains-tuvplana-2-seminars\/#primaryimage","url":"https:\/\/izglitiba.valmierasnovads.lv\/vdmv\/wp-content\/uploads\/sites\/33\/2025\/10\/Bez-nosaukuma-15-x-10-cm-8-1.jpg","contentUrl":"https:\/\/izglitiba.valmierasnovads.lv\/vdmv\/wp-content\/uploads\/sites\/33\/2025\/10\/Bez-nosaukuma-15-x-10-cm-8-1.jpg","width":1772,"height":1181},{"@type":"BreadcrumbList","@id":"https:\/\/izglitiba.valmierasnovads.lv\/vdmv\/galery\/vdmv-seminara-cikla-dizains-tuvplana-2-seminars\/#breadcrumb","itemListElement":[{"@type":"ListItem","position":1,"name":"Home","item":"https:\/\/izglitiba.valmierasnovads.lv\/vdmv\/"},{"@type":"ListItem","position":2,"name":"VDMV semin\u0101ra cikla \u201cDizains tuvpl\u0101n\u0101\u201d 2. semin\u0101rs"}]},{"@type":"WebSite","@id":"https:\/\/izglitiba.valmierasnovads.lv\/vdmv\/#website","url":"https:\/\/izglitiba.valmierasnovads.lv\/vdmv\/","name":"","description":"","potentialAction":[{"@type":"SearchAction","target":{"@type":"EntryPoint","urlTemplate":"https:\/\/izglitiba.valmierasnovads.lv\/vdmv\/?s={search_term_string}"},"query-input":{"@type":"PropertyValueSpecification","valueRequired":true,"valueName":"search_term_string"}}],"inLanguage":"lv-LV"}]}},"_links":{"self":[{"href":"https:\/\/izglitiba.valmierasnovads.lv\/vdmv\/wp-json\/wp\/v2\/galery\/1139","targetHints":{"allow":["GET"]}}],"collection":[{"href":"https:\/\/izglitiba.valmierasnovads.lv\/vdmv\/wp-json\/wp\/v2\/galery"}],"about":[{"href":"https:\/\/izglitiba.valmierasnovads.lv\/vdmv\/wp-json\/wp\/v2\/types\/galery"}],"wp:featuredmedia":[{"embeddable":true,"href":"https:\/\/izglitiba.valmierasnovads.lv\/vdmv\/wp-json\/wp\/v2\/media\/1140"}],"wp:attachment":[{"href":"https:\/\/izglitiba.valmierasnovads.lv\/vdmv\/wp-json\/wp\/v2\/media?parent=1139"}],"wp:term":[{"taxonomy":"galery_type","embeddable":true,"href":"https:\/\/izglitiba.valmierasnovads.lv\/vdmv\/wp-json\/wp\/v2\/galery_type?post=1139"}],"curies":[{"name":"wp","href":"https:\/\/api.w.org\/{rel}","templated":true}]}}