{"id":862,"date":"2025-09-05T18:34:48","date_gmt":"2025-09-05T15:34:48","guid":{"rendered":"https:\/\/izglitiba.valmierasnovads.lv\/vdmv\/?post_type=galery&#038;p=862"},"modified":"2025-09-19T15:11:43","modified_gmt":"2025-09-19T12:11:43","slug":"zinibu-dienas-pasakumi-vdmv","status":"publish","type":"galery","link":"https:\/\/izglitiba.valmierasnovads.lv\/vdmv\/galery\/zinibu-dienas-pasakumi-vdmv\/","title":{"rendered":"Zin\u012bbu dienas pas\u0101kumi VDMV"},"content":{"rendered":"\n<p>Zin\u012bbu dienas norises Valmieras Dizaina un m\u0101kslas vidusskol\u0101 1.septembr\u012b s\u0101k\u0101s jau plkst.9:00, kad ievies\u0101m jaunu trad\u012bciju- tik\u0161anos Klases stund\u0101s pirms Svin\u012bg\u0101 m\u0101c\u012bbu gada&nbsp; ies\u0101k\u0161anas pas\u0101kuma. \u0160aj\u0101s klases stund\u0101s izgl\u012btoijamiem bija iesp\u0113ja satikt savus kla\u0161u audzin\u0101t\u0101jus, bet pirmo kursu audz\u0113k\u0146iem ieraudz\u012bt vienam otru pirmo reizi un sajusties k\u0101 m\u016bsu skolas kolekt\u012bvam. Tikpat satrauco\u0161a \u0161\u012b klases stunda bija ar\u012b m\u016bsu kol\u0113\u0123\u0113m Inetai Martinsonei, kura uz\u0146\u0113m\u0101s 1.kursa Grafikas un Audiovizu\u0101l\u0101s komunik\u0101cijas grupu audzin\u0101\u0161anu un L\u0101smai \u017dogotai, kura audzin\u0101s 1.kursa tr\u012bs noda\u013cu grupas- Ap\u0123\u0113rba, Interjera un Produktu dizaina grupu.<\/p>\n\n\n\n<p>No pl.10:00 visi satik\u0101mies skolas z\u0101l\u0113, kur m\u016bs uzrun\u0101ja skolas direktors M\u0101rti\u0146\u0161 Pundurs, k\u0101 ar\u012b iepaz\u012bstin\u0101ja m\u016bs ar skolas pedagogu kolekt\u012bva jaunajiem skolot\u0101jiem Zani Melderu, K\u0101rli Lesi\u0146u, Tomu Krauli un skolas psihologu Sanitu Poli. Skolas administr\u0101cijas pulku papildina ar\u012b jauna projektu vad\u012bt\u0101ja Irita Pole. Visus laipni sveicam m\u016bsu kolekt\u012bv\u0101.<\/p>\n\n\n\n<p>Savuk\u0101rt p\u0113c svin\u012bg\u0101 pas\u0101kuma, skolas un viens otra iepaz\u012b\u0161anas aktivit\u0101t\u0113s dev\u0101s visi 1.kursa izgl\u012btojamie m\u016bsu pieredz\u0113ju\u0161o gidu, 4.kursa audz\u0113k\u0146u vad\u012bb\u0101. Paldies ar\u012b vi\u0146iem. \u0160aj\u0101 proces\u0101 noz\u012bm\u012bga da\u013ca bija ar\u012b foto sesijai, ko uz\u0146\u0113m\u0101s skolot\u0101ja R\u016bta Kristena Bukava, un Atbalsta komandas iepaz\u012b\u0161anai, ko vad\u012bja Ineta \u012av\u0101ne un Anita T\u012brone, bija ar\u012b EKO skolas un SMU aktivit\u0101tem iepaz\u012b\u0161ana pedago\u0123es Evitas Egl\u012btes vad\u012bb\u0101.<\/p>\n\n\n\n<p>P\u0113c nelielas pauzes skolot\u0101ju istab\u0101 dev\u0101mies sagaid\u012bt m\u016bsu izgl\u012bt\u012bbas iest\u0101des profesion\u0101las ievirzes izgl\u012btojamos.&nbsp;<\/p>\n\n\n\n<p>Svin\u012bgo uzrunu teica skolas direktors M.Pundurs, k\u0101 ar\u012b iepaz\u012bstin\u0101ja izgl\u012btojamos un vec\u0101kus ar tiem pedagogiem, kas \u0161ogad uzs\u0101k jauno m\u0101c\u012bbu gadu m\u016bsu kolekt\u012bv\u0101. Un t\u0101s ir Inga Lauberte, kura \u0161ogad audzin\u0101s Ievirzes 1.kla\u0161u grupu un Elita Egl\u012bte, kurai b\u016bs 2.kla\u0161u grupa. Suirsn\u012bgi sveic\u0101m ar\u012b m\u016bsu skolas pedagogus un skol\u0113nus- Indru C\u0101l\u012bti, kura vad\u012bs 1.k.klasi, Laini Uzul\u0113nu ar 3.klasi, Daci Brizausku ar 4.klasi, Silviju Meln\u016bdri ar 5.un 6.klasi, Veltu Roni ar 2.k. un 7.klasi. Sirsn\u012bgus nov\u0113l\u0113jumus visiem bija sagatavojusi ar\u012b izgl\u012bt\u012bbas metodi\u0137e Ineta Martinsone.<\/p>\n\n\n\n<p>Nosl\u0113gum\u0101 \u0161ie audz\u0113k\u0146i dev\u0101s uz klases stundu, kur\u0101 iepazin\u0101s ar jauno mac\u012bbu stundu sarakstu, viens ar otru un pedagogiem.<\/p>\n\n\n\n<p>Sirsn\u012bgi sveicam visus m\u016bsu skolas liel\u0101 kolekt\u012bva dal\u012bbniekus!<\/p>\n\n\n\n<p>&nbsp;\u0160ogad m\u016bsu skol\u0113nu pulk\u0101 ir 165 vidusskol\u0113ni, 166 ievirzes skol\u0113ni, 175 intere\u0161u grupu skol\u0113ni. Tom\u0113r v\u0113l arvien gaid\u0101m jaunos m\u0101kslu m\u012blo\u0161os skol\u0113nus gan ievirzes 1.klas\u0113s ( 7 gadu programma), gan 1.k. (5 gadu programm\u0101), gan ar\u012b intere\u0161u grup\u0101s. Par iesp\u0113j\u0101m izgl\u012btoties var interes\u0113ties skol\u0101, mekl\u0113jot kontaktus&nbsp;<a href=\"http:\/\/vdmv.lv\/\" target=\"_blank\" rel=\"noreferrer noopener\">vdmv.lv<\/a>&nbsp;m\u0101jaslap\u0101.<\/p>\n\n\n\n<p><\/p>\n","protected":false},"featured_media":932,"template":"","meta":{"_acf_changed":false,"site-sidebar-layout":"default","site-content-layout":"","ast-site-content-layout":"default","site-content-style":"default","site-sidebar-style":"default","ast-global-header-display":"","ast-banner-title-visibility":"","ast-main-header-display":"","ast-hfb-above-header-display":"","ast-hfb-below-header-display":"","ast-hfb-mobile-header-display":"","site-post-title":"","ast-breadcrumbs-content":"","ast-featured-img":"","footer-sml-layout":"","ast-disable-related-posts":"","theme-transparent-header-meta":"","adv-header-id-meta":"","stick-header-meta":"","header-above-stick-meta":"","header-main-stick-meta":"","header-below-stick-meta":"","astra-migrate-meta-layouts":"default","ast-page-background-enabled":"default","ast-page-background-meta":{"desktop":{"background-color":"var(--ast-global-color-5)","background-image":"","background-repeat":"repeat","background-position":"center center","background-size":"auto","background-attachment":"scroll","background-type":"","background-media":"","overlay-type":"","overlay-color":"","overlay-opacity":"","overlay-gradient":""},"tablet":{"background-color":"","background-image":"","background-repeat":"repeat","background-position":"center center","background-size":"auto","background-attachment":"scroll","background-type":"","background-media":"","overlay-type":"","overlay-color":"","overlay-opacity":"","overlay-gradient":""},"mobile":{"background-color":"","background-image":"","background-repeat":"repeat","background-position":"center center","background-size":"auto","background-attachment":"scroll","background-type":"","background-media":"","overlay-type":"","overlay-color":"","overlay-opacity":"","overlay-gradient":""}},"ast-content-background-meta":{"desktop":{"background-color":"var(--ast-global-color-4)","background-image":"","background-repeat":"repeat","background-position":"center center","background-size":"auto","background-attachment":"scroll","background-type":"","background-media":"","overlay-type":"","overlay-color":"","overlay-opacity":"","overlay-gradient":""},"tablet":{"background-color":"var(--ast-global-color-4)","background-image":"","background-repeat":"repeat","background-position":"center center","background-size":"auto","background-attachment":"scroll","background-type":"","background-media":"","overlay-type":"","overlay-color":"","overlay-opacity":"","overlay-gradient":""},"mobile":{"background-color":"var(--ast-global-color-4)","background-image":"","background-repeat":"repeat","background-position":"center center","background-size":"auto","background-attachment":"scroll","background-type":"","background-media":"","overlay-type":"","overlay-color":"","overlay-opacity":"","overlay-gradient":""}}},"galery_type":[],"class_list":["post-862","galery","type-galery","status-publish","has-post-thumbnail","hentry"],"acf":[],"yoast_head":"<!-- This site is optimized with the Yoast SEO plugin v27.0 - https:\/\/yoast.com\/product\/yoast-seo-wordpress\/ -->\n<title>Zin\u012bbu dienas pas\u0101kumi VDMV -<\/title>\n<meta name=\"robots\" content=\"index, follow, max-snippet:-1, max-image-preview:large, max-video-preview:-1\" \/>\n<link rel=\"canonical\" href=\"https:\/\/izglitiba.valmierasnovads.lv\/vdmv\/galery\/zinibu-dienas-pasakumi-vdmv\/\" \/>\n<meta property=\"og:locale\" content=\"lv_LV\" \/>\n<meta property=\"og:type\" content=\"article\" \/>\n<meta property=\"og:title\" content=\"Zin\u012bbu dienas pas\u0101kumi VDMV -\" \/>\n<meta property=\"og:description\" content=\"Zin\u012bbu dienas norises Valmieras Dizaina un m\u0101kslas vidusskol\u0101 1.septembr\u012b s\u0101k\u0101s jau plkst.9:00, kad ievies\u0101m jaunu trad\u012bciju- tik\u0161anos Klases stund\u0101s pirms [&hellip;]\" \/>\n<meta property=\"og:url\" content=\"https:\/\/izglitiba.valmierasnovads.lv\/vdmv\/galery\/zinibu-dienas-pasakumi-vdmv\/\" \/>\n<meta property=\"article:modified_time\" content=\"2025-09-19T12:11:43+00:00\" \/>\n<meta property=\"og:image\" content=\"https:\/\/izglitiba.valmierasnovads.lv\/vdmv\/wp-content\/uploads\/sites\/33\/2025\/09\/Bez-nosaukuma-15-x-10-cm-2.jpg\" \/>\n\t<meta property=\"og:image:width\" content=\"1772\" \/>\n\t<meta property=\"og:image:height\" content=\"1181\" \/>\n\t<meta property=\"og:image:type\" content=\"image\/jpeg\" \/>\n<meta name=\"twitter:card\" content=\"summary_large_image\" \/>\n<meta name=\"twitter:label1\" content=\"Est. reading time\" \/>\n\t<meta name=\"twitter:data1\" content=\"3 min\u016btes\" \/>\n<script type=\"application\/ld+json\" class=\"yoast-schema-graph\">{\"@context\":\"https:\/\/schema.org\",\"@graph\":[{\"@type\":\"WebPage\",\"@id\":\"https:\/\/izglitiba.valmierasnovads.lv\/vdmv\/galery\/zinibu-dienas-pasakumi-vdmv\/\",\"url\":\"https:\/\/izglitiba.valmierasnovads.lv\/vdmv\/galery\/zinibu-dienas-pasakumi-vdmv\/\",\"name\":\"Zin\u012bbu dienas pas\u0101kumi VDMV -\",\"isPartOf\":{\"@id\":\"https:\/\/izglitiba.valmierasnovads.lv\/vdmv\/#website\"},\"primaryImageOfPage\":{\"@id\":\"https:\/\/izglitiba.valmierasnovads.lv\/vdmv\/galery\/zinibu-dienas-pasakumi-vdmv\/#primaryimage\"},\"image\":{\"@id\":\"https:\/\/izglitiba.valmierasnovads.lv\/vdmv\/galery\/zinibu-dienas-pasakumi-vdmv\/#primaryimage\"},\"thumbnailUrl\":\"https:\/\/izglitiba.valmierasnovads.lv\/vdmv\/wp-content\/uploads\/sites\/33\/2025\/09\/Bez-nosaukuma-15-x-10-cm-2.jpg\",\"datePublished\":\"2025-09-05T15:34:48+00:00\",\"dateModified\":\"2025-09-19T12:11:43+00:00\",\"breadcrumb\":{\"@id\":\"https:\/\/izglitiba.valmierasnovads.lv\/vdmv\/galery\/zinibu-dienas-pasakumi-vdmv\/#breadcrumb\"},\"inLanguage\":\"lv-LV\",\"potentialAction\":[{\"@type\":\"ReadAction\",\"target\":[\"https:\/\/izglitiba.valmierasnovads.lv\/vdmv\/galery\/zinibu-dienas-pasakumi-vdmv\/\"]}]},{\"@type\":\"ImageObject\",\"inLanguage\":\"lv-LV\",\"@id\":\"https:\/\/izglitiba.valmierasnovads.lv\/vdmv\/galery\/zinibu-dienas-pasakumi-vdmv\/#primaryimage\",\"url\":\"https:\/\/izglitiba.valmierasnovads.lv\/vdmv\/wp-content\/uploads\/sites\/33\/2025\/09\/Bez-nosaukuma-15-x-10-cm-2.jpg\",\"contentUrl\":\"https:\/\/izglitiba.valmierasnovads.lv\/vdmv\/wp-content\/uploads\/sites\/33\/2025\/09\/Bez-nosaukuma-15-x-10-cm-2.jpg\",\"width\":1772,\"height\":1181},{\"@type\":\"BreadcrumbList\",\"@id\":\"https:\/\/izglitiba.valmierasnovads.lv\/vdmv\/galery\/zinibu-dienas-pasakumi-vdmv\/#breadcrumb\",\"itemListElement\":[{\"@type\":\"ListItem\",\"position\":1,\"name\":\"Home\",\"item\":\"https:\/\/izglitiba.valmierasnovads.lv\/vdmv\/\"},{\"@type\":\"ListItem\",\"position\":2,\"name\":\"Zin\u012bbu dienas pas\u0101kumi VDMV\"}]},{\"@type\":\"WebSite\",\"@id\":\"https:\/\/izglitiba.valmierasnovads.lv\/vdmv\/#website\",\"url\":\"https:\/\/izglitiba.valmierasnovads.lv\/vdmv\/\",\"name\":\"\",\"description\":\"\",\"potentialAction\":[{\"@type\":\"SearchAction\",\"target\":{\"@type\":\"EntryPoint\",\"urlTemplate\":\"https:\/\/izglitiba.valmierasnovads.lv\/vdmv\/?s={search_term_string}\"},\"query-input\":{\"@type\":\"PropertyValueSpecification\",\"valueRequired\":true,\"valueName\":\"search_term_string\"}}],\"inLanguage\":\"lv-LV\"}]}<\/script>\n<!-- \/ Yoast SEO plugin. -->","yoast_head_json":{"title":"Zin\u012bbu dienas pas\u0101kumi VDMV -","robots":{"index":"index","follow":"follow","max-snippet":"max-snippet:-1","max-image-preview":"max-image-preview:large","max-video-preview":"max-video-preview:-1"},"canonical":"https:\/\/izglitiba.valmierasnovads.lv\/vdmv\/galery\/zinibu-dienas-pasakumi-vdmv\/","og_locale":"lv_LV","og_type":"article","og_title":"Zin\u012bbu dienas pas\u0101kumi VDMV -","og_description":"Zin\u012bbu dienas norises Valmieras Dizaina un m\u0101kslas vidusskol\u0101 1.septembr\u012b s\u0101k\u0101s jau plkst.9:00, kad ievies\u0101m jaunu trad\u012bciju- tik\u0161anos Klases stund\u0101s pirms [&hellip;]","og_url":"https:\/\/izglitiba.valmierasnovads.lv\/vdmv\/galery\/zinibu-dienas-pasakumi-vdmv\/","article_modified_time":"2025-09-19T12:11:43+00:00","og_image":[{"width":1772,"height":1181,"url":"https:\/\/izglitiba.valmierasnovads.lv\/vdmv\/wp-content\/uploads\/sites\/33\/2025\/09\/Bez-nosaukuma-15-x-10-cm-2.jpg","type":"image\/jpeg"}],"twitter_card":"summary_large_image","twitter_misc":{"Est. reading time":"3 min\u016btes"},"schema":{"@context":"https:\/\/schema.org","@graph":[{"@type":"WebPage","@id":"https:\/\/izglitiba.valmierasnovads.lv\/vdmv\/galery\/zinibu-dienas-pasakumi-vdmv\/","url":"https:\/\/izglitiba.valmierasnovads.lv\/vdmv\/galery\/zinibu-dienas-pasakumi-vdmv\/","name":"Zin\u012bbu dienas pas\u0101kumi VDMV -","isPartOf":{"@id":"https:\/\/izglitiba.valmierasnovads.lv\/vdmv\/#website"},"primaryImageOfPage":{"@id":"https:\/\/izglitiba.valmierasnovads.lv\/vdmv\/galery\/zinibu-dienas-pasakumi-vdmv\/#primaryimage"},"image":{"@id":"https:\/\/izglitiba.valmierasnovads.lv\/vdmv\/galery\/zinibu-dienas-pasakumi-vdmv\/#primaryimage"},"thumbnailUrl":"https:\/\/izglitiba.valmierasnovads.lv\/vdmv\/wp-content\/uploads\/sites\/33\/2025\/09\/Bez-nosaukuma-15-x-10-cm-2.jpg","datePublished":"2025-09-05T15:34:48+00:00","dateModified":"2025-09-19T12:11:43+00:00","breadcrumb":{"@id":"https:\/\/izglitiba.valmierasnovads.lv\/vdmv\/galery\/zinibu-dienas-pasakumi-vdmv\/#breadcrumb"},"inLanguage":"lv-LV","potentialAction":[{"@type":"ReadAction","target":["https:\/\/izglitiba.valmierasnovads.lv\/vdmv\/galery\/zinibu-dienas-pasakumi-vdmv\/"]}]},{"@type":"ImageObject","inLanguage":"lv-LV","@id":"https:\/\/izglitiba.valmierasnovads.lv\/vdmv\/galery\/zinibu-dienas-pasakumi-vdmv\/#primaryimage","url":"https:\/\/izglitiba.valmierasnovads.lv\/vdmv\/wp-content\/uploads\/sites\/33\/2025\/09\/Bez-nosaukuma-15-x-10-cm-2.jpg","contentUrl":"https:\/\/izglitiba.valmierasnovads.lv\/vdmv\/wp-content\/uploads\/sites\/33\/2025\/09\/Bez-nosaukuma-15-x-10-cm-2.jpg","width":1772,"height":1181},{"@type":"BreadcrumbList","@id":"https:\/\/izglitiba.valmierasnovads.lv\/vdmv\/galery\/zinibu-dienas-pasakumi-vdmv\/#breadcrumb","itemListElement":[{"@type":"ListItem","position":1,"name":"Home","item":"https:\/\/izglitiba.valmierasnovads.lv\/vdmv\/"},{"@type":"ListItem","position":2,"name":"Zin\u012bbu dienas pas\u0101kumi VDMV"}]},{"@type":"WebSite","@id":"https:\/\/izglitiba.valmierasnovads.lv\/vdmv\/#website","url":"https:\/\/izglitiba.valmierasnovads.lv\/vdmv\/","name":"","description":"","potentialAction":[{"@type":"SearchAction","target":{"@type":"EntryPoint","urlTemplate":"https:\/\/izglitiba.valmierasnovads.lv\/vdmv\/?s={search_term_string}"},"query-input":{"@type":"PropertyValueSpecification","valueRequired":true,"valueName":"search_term_string"}}],"inLanguage":"lv-LV"}]}},"_links":{"self":[{"href":"https:\/\/izglitiba.valmierasnovads.lv\/vdmv\/wp-json\/wp\/v2\/galery\/862","targetHints":{"allow":["GET"]}}],"collection":[{"href":"https:\/\/izglitiba.valmierasnovads.lv\/vdmv\/wp-json\/wp\/v2\/galery"}],"about":[{"href":"https:\/\/izglitiba.valmierasnovads.lv\/vdmv\/wp-json\/wp\/v2\/types\/galery"}],"wp:featuredmedia":[{"embeddable":true,"href":"https:\/\/izglitiba.valmierasnovads.lv\/vdmv\/wp-json\/wp\/v2\/media\/932"}],"wp:attachment":[{"href":"https:\/\/izglitiba.valmierasnovads.lv\/vdmv\/wp-json\/wp\/v2\/media?parent=862"}],"wp:term":[{"taxonomy":"galery_type","embeddable":true,"href":"https:\/\/izglitiba.valmierasnovads.lv\/vdmv\/wp-json\/wp\/v2\/galery_type?post=862"}],"curies":[{"name":"wp","href":"https:\/\/api.w.org\/{rel}","templated":true}]}}