{"id":977,"date":"2025-10-13T16:11:06","date_gmt":"2025-10-13T13:11:06","guid":{"rendered":"https:\/\/izglitiba.valmierasnovads.lv\/vdmv\/?post_type=galery&#038;p=977"},"modified":"2025-10-13T16:18:14","modified_gmt":"2025-10-13T13:18:14","slug":"vdmv-seminara-cikla-dizains-tuvplana-1-seminars","status":"publish","type":"galery","link":"https:\/\/izglitiba.valmierasnovads.lv\/vdmv\/galery\/vdmv-seminara-cikla-dizains-tuvplana-1-seminars\/","title":{"rendered":"VDMV semin\u0101ra cikla &#8220;Dizains tuvpl\u0101n\u0101&#8221; 1. semin\u0101rs"},"content":{"rendered":"\n<p>10. oktobr\u012b plkst. 14.00 Valmieras Dizaina un m\u0101kslas vidusskol\u0101 tika aizs\u0101kts projekts \u201eDIZAINS TUVPL\u0100N\u0100\u201d \u2013 piecu <a><\/a>semin\u0101ru cikla pirmais semin\u0101rs, kas tapis ar Valsts kult\u016brkapit\u0101la fonda atbalstu un Valmieras pa\u0161vald\u012bbas l\u012bdzfinans\u0113jumu.<\/p>\n\n\n\n<p>Pirmais semin\u0101rs bija velt\u012bts audiovizu\u0101lajai m\u0101kslai, un k\u0101 klaus\u012bt\u0101ji taj\u0101 piedal\u012bj\u0101s visi \u010detri VDMV audiovizu\u0101l\u0101s m\u0101kslas kursi, k\u0101 ar\u012b skolot\u0101ji un kol\u0113\u0123i no cit\u0101m m\u0101kslas skol\u0101m.<\/p>\n\n\n\n<p>Semin\u0101ru vad\u012bja Rick Feds (Rihards Fedotovs &#8211; @rick_feds) \u2013 starptautiski atz\u012bts finger drumming meistars, kur\u0161 p\u0101rst\u0101v 6 pasaul\u0113 liel\u0101k\u0101s m\u016bzikas instrumentu ra\u017eot\u0101jkomp\u0101nijas. Vi\u0146\u0161 divus gadus p\u0113c k\u0101rtas iek\u013cuvis Ableton pasaules Top 5 sarakst\u0101 un uzst\u0101jies pasaules presti\u017e\u0101kajos m\u016bzikas forumos un festiv\u0101los.<\/p>\n\n\n\n<p>Rick Feds ir veidojis d\u017eeza sitamo instrumentu noda\u013cu JVLMA un elektronisk\u0101s m\u016bzikas performances noda\u013cu B\u0113rklija M\u016bzikas koled\u017e\u0101 (ASV). 2023. gad\u0101 vi\u0146\u0161 k\u0101 nosl\u0113dzo\u0161ais m\u0101kslinieks uzst\u0101jies pasaules liel\u0101kaj\u0101 m\u016bzikas instrumentu gadatirg\u016b NAMM, Losand\u017eelos\u0101.<\/p>\n\n\n\n<p>Semin\u0101rs sniedza iedvesmu, jaunas zin\u0101\u0161anas un rado\u0161u ener\u0123iju gan skol\u0113niem, gan pedagogiem.<\/p>\n\n\n\n<p><\/p>\n","protected":false},"featured_media":978,"template":"","meta":{"_acf_changed":false,"site-sidebar-layout":"default","site-content-layout":"","ast-site-content-layout":"default","site-content-style":"default","site-sidebar-style":"default","ast-global-header-display":"","ast-banner-title-visibility":"","ast-main-header-display":"","ast-hfb-above-header-display":"","ast-hfb-below-header-display":"","ast-hfb-mobile-header-display":"","site-post-title":"","ast-breadcrumbs-content":"","ast-featured-img":"","footer-sml-layout":"","ast-disable-related-posts":"","theme-transparent-header-meta":"","adv-header-id-meta":"","stick-header-meta":"","header-above-stick-meta":"","header-main-stick-meta":"","header-below-stick-meta":"","astra-migrate-meta-layouts":"default","ast-page-background-enabled":"default","ast-page-background-meta":{"desktop":{"background-color":"var(--ast-global-color-5)","background-image":"","background-repeat":"repeat","background-position":"center center","background-size":"auto","background-attachment":"scroll","background-type":"","background-media":"","overlay-type":"","overlay-color":"","overlay-opacity":"","overlay-gradient":""},"tablet":{"background-color":"","background-image":"","background-repeat":"repeat","background-position":"center center","background-size":"auto","background-attachment":"scroll","background-type":"","background-media":"","overlay-type":"","overlay-color":"","overlay-opacity":"","overlay-gradient":""},"mobile":{"background-color":"","background-image":"","background-repeat":"repeat","background-position":"center center","background-size":"auto","background-attachment":"scroll","background-type":"","background-media":"","overlay-type":"","overlay-color":"","overlay-opacity":"","overlay-gradient":""}},"ast-content-background-meta":{"desktop":{"background-color":"var(--ast-global-color-4)","background-image":"","background-repeat":"repeat","background-position":"center center","background-size":"auto","background-attachment":"scroll","background-type":"","background-media":"","overlay-type":"","overlay-color":"","overlay-opacity":"","overlay-gradient":""},"tablet":{"background-color":"var(--ast-global-color-4)","background-image":"","background-repeat":"repeat","background-position":"center center","background-size":"auto","background-attachment":"scroll","background-type":"","background-media":"","overlay-type":"","overlay-color":"","overlay-opacity":"","overlay-gradient":""},"mobile":{"background-color":"var(--ast-global-color-4)","background-image":"","background-repeat":"repeat","background-position":"center center","background-size":"auto","background-attachment":"scroll","background-type":"","background-media":"","overlay-type":"","overlay-color":"","overlay-opacity":"","overlay-gradient":""}}},"galery_type":[15],"class_list":["post-977","galery","type-galery","status-publish","has-post-thumbnail","hentry","galery_type-vidusskola"],"acf":[],"yoast_head":"<!-- This site is optimized with the Yoast SEO plugin v27.0 - https:\/\/yoast.com\/product\/yoast-seo-wordpress\/ -->\n<title>VDMV semin\u0101ra cikla &quot;Dizains tuvpl\u0101n\u0101&quot; 1. semin\u0101rs -<\/title>\n<meta name=\"robots\" content=\"index, follow, max-snippet:-1, max-image-preview:large, max-video-preview:-1\" \/>\n<link rel=\"canonical\" href=\"https:\/\/izglitiba.valmierasnovads.lv\/vdmv\/galery\/vdmv-seminara-cikla-dizains-tuvplana-1-seminars\/\" \/>\n<meta property=\"og:locale\" content=\"lv_LV\" \/>\n<meta property=\"og:type\" content=\"article\" \/>\n<meta property=\"og:title\" content=\"VDMV semin\u0101ra cikla &quot;Dizains tuvpl\u0101n\u0101&quot; 1. semin\u0101rs -\" \/>\n<meta property=\"og:description\" content=\"10. oktobr\u012b plkst. 14.00 Valmieras Dizaina un m\u0101kslas vidusskol\u0101 tika aizs\u0101kts projekts \u201eDIZAINS TUVPL\u0100N\u0100\u201d \u2013 piecu semin\u0101ru cikla pirmais semin\u0101rs, [&hellip;]\" \/>\n<meta property=\"og:url\" content=\"https:\/\/izglitiba.valmierasnovads.lv\/vdmv\/galery\/vdmv-seminara-cikla-dizains-tuvplana-1-seminars\/\" \/>\n<meta property=\"article:modified_time\" content=\"2025-10-13T13:18:14+00:00\" \/>\n<meta property=\"og:image\" content=\"https:\/\/izglitiba.valmierasnovads.lv\/vdmv\/wp-content\/uploads\/sites\/33\/2025\/10\/Bez-nosaukuma-15-x-10-cm-8.jpg\" \/>\n\t<meta property=\"og:image:width\" content=\"1772\" \/>\n\t<meta property=\"og:image:height\" content=\"1181\" \/>\n\t<meta property=\"og:image:type\" content=\"image\/jpeg\" \/>\n<meta name=\"twitter:card\" content=\"summary_large_image\" \/>\n<meta name=\"twitter:label1\" content=\"Est. reading time\" \/>\n\t<meta name=\"twitter:data1\" content=\"1 min\u016bte\" \/>\n<script type=\"application\/ld+json\" class=\"yoast-schema-graph\">{\"@context\":\"https:\/\/schema.org\",\"@graph\":[{\"@type\":\"WebPage\",\"@id\":\"https:\/\/izglitiba.valmierasnovads.lv\/vdmv\/galery\/vdmv-seminara-cikla-dizains-tuvplana-1-seminars\/\",\"url\":\"https:\/\/izglitiba.valmierasnovads.lv\/vdmv\/galery\/vdmv-seminara-cikla-dizains-tuvplana-1-seminars\/\",\"name\":\"VDMV semin\u0101ra cikla \\\"Dizains tuvpl\u0101n\u0101\\\" 1. semin\u0101rs -\",\"isPartOf\":{\"@id\":\"https:\/\/izglitiba.valmierasnovads.lv\/vdmv\/#website\"},\"primaryImageOfPage\":{\"@id\":\"https:\/\/izglitiba.valmierasnovads.lv\/vdmv\/galery\/vdmv-seminara-cikla-dizains-tuvplana-1-seminars\/#primaryimage\"},\"image\":{\"@id\":\"https:\/\/izglitiba.valmierasnovads.lv\/vdmv\/galery\/vdmv-seminara-cikla-dizains-tuvplana-1-seminars\/#primaryimage\"},\"thumbnailUrl\":\"https:\/\/izglitiba.valmierasnovads.lv\/vdmv\/wp-content\/uploads\/sites\/33\/2025\/10\/Bez-nosaukuma-15-x-10-cm-8.jpg\",\"datePublished\":\"2025-10-13T13:11:06+00:00\",\"dateModified\":\"2025-10-13T13:18:14+00:00\",\"breadcrumb\":{\"@id\":\"https:\/\/izglitiba.valmierasnovads.lv\/vdmv\/galery\/vdmv-seminara-cikla-dizains-tuvplana-1-seminars\/#breadcrumb\"},\"inLanguage\":\"lv-LV\",\"potentialAction\":[{\"@type\":\"ReadAction\",\"target\":[\"https:\/\/izglitiba.valmierasnovads.lv\/vdmv\/galery\/vdmv-seminara-cikla-dizains-tuvplana-1-seminars\/\"]}]},{\"@type\":\"ImageObject\",\"inLanguage\":\"lv-LV\",\"@id\":\"https:\/\/izglitiba.valmierasnovads.lv\/vdmv\/galery\/vdmv-seminara-cikla-dizains-tuvplana-1-seminars\/#primaryimage\",\"url\":\"https:\/\/izglitiba.valmierasnovads.lv\/vdmv\/wp-content\/uploads\/sites\/33\/2025\/10\/Bez-nosaukuma-15-x-10-cm-8.jpg\",\"contentUrl\":\"https:\/\/izglitiba.valmierasnovads.lv\/vdmv\/wp-content\/uploads\/sites\/33\/2025\/10\/Bez-nosaukuma-15-x-10-cm-8.jpg\",\"width\":1772,\"height\":1181},{\"@type\":\"BreadcrumbList\",\"@id\":\"https:\/\/izglitiba.valmierasnovads.lv\/vdmv\/galery\/vdmv-seminara-cikla-dizains-tuvplana-1-seminars\/#breadcrumb\",\"itemListElement\":[{\"@type\":\"ListItem\",\"position\":1,\"name\":\"Home\",\"item\":\"https:\/\/izglitiba.valmierasnovads.lv\/vdmv\/\"},{\"@type\":\"ListItem\",\"position\":2,\"name\":\"VDMV semin\u0101ra cikla &#8220;Dizains tuvpl\u0101n\u0101&#8221; 1. semin\u0101rs\"}]},{\"@type\":\"WebSite\",\"@id\":\"https:\/\/izglitiba.valmierasnovads.lv\/vdmv\/#website\",\"url\":\"https:\/\/izglitiba.valmierasnovads.lv\/vdmv\/\",\"name\":\"\",\"description\":\"\",\"potentialAction\":[{\"@type\":\"SearchAction\",\"target\":{\"@type\":\"EntryPoint\",\"urlTemplate\":\"https:\/\/izglitiba.valmierasnovads.lv\/vdmv\/?s={search_term_string}\"},\"query-input\":{\"@type\":\"PropertyValueSpecification\",\"valueRequired\":true,\"valueName\":\"search_term_string\"}}],\"inLanguage\":\"lv-LV\"}]}<\/script>\n<!-- \/ Yoast SEO plugin. -->","yoast_head_json":{"title":"VDMV semin\u0101ra cikla \"Dizains tuvpl\u0101n\u0101\" 1. semin\u0101rs -","robots":{"index":"index","follow":"follow","max-snippet":"max-snippet:-1","max-image-preview":"max-image-preview:large","max-video-preview":"max-video-preview:-1"},"canonical":"https:\/\/izglitiba.valmierasnovads.lv\/vdmv\/galery\/vdmv-seminara-cikla-dizains-tuvplana-1-seminars\/","og_locale":"lv_LV","og_type":"article","og_title":"VDMV semin\u0101ra cikla \"Dizains tuvpl\u0101n\u0101\" 1. semin\u0101rs -","og_description":"10. oktobr\u012b plkst. 14.00 Valmieras Dizaina un m\u0101kslas vidusskol\u0101 tika aizs\u0101kts projekts \u201eDIZAINS TUVPL\u0100N\u0100\u201d \u2013 piecu semin\u0101ru cikla pirmais semin\u0101rs, [&hellip;]","og_url":"https:\/\/izglitiba.valmierasnovads.lv\/vdmv\/galery\/vdmv-seminara-cikla-dizains-tuvplana-1-seminars\/","article_modified_time":"2025-10-13T13:18:14+00:00","og_image":[{"width":1772,"height":1181,"url":"https:\/\/izglitiba.valmierasnovads.lv\/vdmv\/wp-content\/uploads\/sites\/33\/2025\/10\/Bez-nosaukuma-15-x-10-cm-8.jpg","type":"image\/jpeg"}],"twitter_card":"summary_large_image","twitter_misc":{"Est. reading time":"1 min\u016bte"},"schema":{"@context":"https:\/\/schema.org","@graph":[{"@type":"WebPage","@id":"https:\/\/izglitiba.valmierasnovads.lv\/vdmv\/galery\/vdmv-seminara-cikla-dizains-tuvplana-1-seminars\/","url":"https:\/\/izglitiba.valmierasnovads.lv\/vdmv\/galery\/vdmv-seminara-cikla-dizains-tuvplana-1-seminars\/","name":"VDMV semin\u0101ra cikla \"Dizains tuvpl\u0101n\u0101\" 1. semin\u0101rs -","isPartOf":{"@id":"https:\/\/izglitiba.valmierasnovads.lv\/vdmv\/#website"},"primaryImageOfPage":{"@id":"https:\/\/izglitiba.valmierasnovads.lv\/vdmv\/galery\/vdmv-seminara-cikla-dizains-tuvplana-1-seminars\/#primaryimage"},"image":{"@id":"https:\/\/izglitiba.valmierasnovads.lv\/vdmv\/galery\/vdmv-seminara-cikla-dizains-tuvplana-1-seminars\/#primaryimage"},"thumbnailUrl":"https:\/\/izglitiba.valmierasnovads.lv\/vdmv\/wp-content\/uploads\/sites\/33\/2025\/10\/Bez-nosaukuma-15-x-10-cm-8.jpg","datePublished":"2025-10-13T13:11:06+00:00","dateModified":"2025-10-13T13:18:14+00:00","breadcrumb":{"@id":"https:\/\/izglitiba.valmierasnovads.lv\/vdmv\/galery\/vdmv-seminara-cikla-dizains-tuvplana-1-seminars\/#breadcrumb"},"inLanguage":"lv-LV","potentialAction":[{"@type":"ReadAction","target":["https:\/\/izglitiba.valmierasnovads.lv\/vdmv\/galery\/vdmv-seminara-cikla-dizains-tuvplana-1-seminars\/"]}]},{"@type":"ImageObject","inLanguage":"lv-LV","@id":"https:\/\/izglitiba.valmierasnovads.lv\/vdmv\/galery\/vdmv-seminara-cikla-dizains-tuvplana-1-seminars\/#primaryimage","url":"https:\/\/izglitiba.valmierasnovads.lv\/vdmv\/wp-content\/uploads\/sites\/33\/2025\/10\/Bez-nosaukuma-15-x-10-cm-8.jpg","contentUrl":"https:\/\/izglitiba.valmierasnovads.lv\/vdmv\/wp-content\/uploads\/sites\/33\/2025\/10\/Bez-nosaukuma-15-x-10-cm-8.jpg","width":1772,"height":1181},{"@type":"BreadcrumbList","@id":"https:\/\/izglitiba.valmierasnovads.lv\/vdmv\/galery\/vdmv-seminara-cikla-dizains-tuvplana-1-seminars\/#breadcrumb","itemListElement":[{"@type":"ListItem","position":1,"name":"Home","item":"https:\/\/izglitiba.valmierasnovads.lv\/vdmv\/"},{"@type":"ListItem","position":2,"name":"VDMV semin\u0101ra cikla &#8220;Dizains tuvpl\u0101n\u0101&#8221; 1. semin\u0101rs"}]},{"@type":"WebSite","@id":"https:\/\/izglitiba.valmierasnovads.lv\/vdmv\/#website","url":"https:\/\/izglitiba.valmierasnovads.lv\/vdmv\/","name":"","description":"","potentialAction":[{"@type":"SearchAction","target":{"@type":"EntryPoint","urlTemplate":"https:\/\/izglitiba.valmierasnovads.lv\/vdmv\/?s={search_term_string}"},"query-input":{"@type":"PropertyValueSpecification","valueRequired":true,"valueName":"search_term_string"}}],"inLanguage":"lv-LV"}]}},"_links":{"self":[{"href":"https:\/\/izglitiba.valmierasnovads.lv\/vdmv\/wp-json\/wp\/v2\/galery\/977","targetHints":{"allow":["GET"]}}],"collection":[{"href":"https:\/\/izglitiba.valmierasnovads.lv\/vdmv\/wp-json\/wp\/v2\/galery"}],"about":[{"href":"https:\/\/izglitiba.valmierasnovads.lv\/vdmv\/wp-json\/wp\/v2\/types\/galery"}],"wp:featuredmedia":[{"embeddable":true,"href":"https:\/\/izglitiba.valmierasnovads.lv\/vdmv\/wp-json\/wp\/v2\/media\/978"}],"wp:attachment":[{"href":"https:\/\/izglitiba.valmierasnovads.lv\/vdmv\/wp-json\/wp\/v2\/media?parent=977"}],"wp:term":[{"taxonomy":"galery_type","embeddable":true,"href":"https:\/\/izglitiba.valmierasnovads.lv\/vdmv\/wp-json\/wp\/v2\/galery_type?post=977"}],"curies":[{"name":"wp","href":"https:\/\/api.w.org\/{rel}","templated":true}]}}