{"id":2651,"date":"2026-06-18T20:57:43","date_gmt":"2026-06-18T17:57:43","guid":{"rendered":"https:\/\/izglitiba.valmierasnovads.lv\/vpvg\/?page_id=2651"},"modified":"2026-08-10T18:46:01","modified_gmt":"2026-08-10T15:46:01","slug":"izglitibas-konferences-2","status":"publish","type":"page","link":"https:\/\/izglitiba.valmierasnovads.lv\/vpvg\/metodiskais-centrs\/izglitibas-konferences-2\/","title":{"rendered":"Izgl\u012bt\u012bbas konferences"},"content":{"rendered":"\n<h2 class=\"wp-block-heading has-background\" style=\"background-color:#c9d4d4\">Konference \u201cCe\u013c\u0101 uz izcil\u012bbu: k\u0101 apvienot augstus sasniegumus ar labb\u016bt\u012bbu izgl\u012bt\u012bb\u0101?\u201d<\/h2>\n\n\n<style>.kb-row-layout-id2651_362107-06 > .kt-row-column-wrap{align-content:start;}:where(.kb-row-layout-id2651_362107-06 > .kt-row-column-wrap) > .wp-block-kadence-column{justify-content:start;}.kb-row-layout-id2651_362107-06 > .kt-row-column-wrap{column-gap:var(--global-kb-gap-md, 2rem);row-gap:var(--global-kb-gap-md, 2rem);padding-top:var(--global-kb-spacing-sm, 1.5rem);padding-bottom:var(--global-kb-spacing-sm, 1.5rem);grid-template-columns:minmax(0, calc(55% - ((var(--global-kb-gap-md, 2rem) * 1 )\/2)))minmax(0, calc(45% - ((var(--global-kb-gap-md, 2rem) * 1 )\/2)));}.kb-row-layout-id2651_362107-06 > .kt-row-layout-overlay{opacity:0.30;}@media all and (max-width: 1024px){.kb-row-layout-id2651_362107-06 > .kt-row-column-wrap{grid-template-columns:repeat(2, minmax(0, 1fr));}}@media all and (max-width: 767px){.kb-row-layout-id2651_362107-06 > .kt-row-column-wrap{grid-template-columns:minmax(0, 1fr);}}<\/style><div class=\"kb-row-layout-wrap kb-row-layout-id2651_362107-06 alignnone wp-block-kadence-rowlayout\"><div class=\"kt-row-column-wrap kt-has-2-columns kt-row-layout-equal kt-tab-layout-inherit kt-mobile-layout-row kt-row-valign-top\">\n<style>.kadence-column2651_87e9d0-c5 > .kt-inside-inner-col,.kadence-column2651_87e9d0-c5 > .kt-inside-inner-col:before{border-top-left-radius:0px;border-top-right-radius:0px;border-bottom-right-radius:0px;border-bottom-left-radius:0px;}.kadence-column2651_87e9d0-c5 > .kt-inside-inner-col{column-gap:var(--global-kb-gap-sm, 1rem);}.kadence-column2651_87e9d0-c5 > .kt-inside-inner-col{flex-direction:column;}.kadence-column2651_87e9d0-c5 > .kt-inside-inner-col > .aligncenter{width:100%;}.kadence-column2651_87e9d0-c5 > .kt-inside-inner-col:before{opacity:0.3;}.kadence-column2651_87e9d0-c5{position:relative;}@media all and (max-width: 1024px){.kadence-column2651_87e9d0-c5 > .kt-inside-inner-col{flex-direction:column;justify-content:center;}}@media all and (max-width: 767px){.kadence-column2651_87e9d0-c5 > .kt-inside-inner-col{flex-direction:column;justify-content:center;}}<\/style>\n<div class=\"wp-block-kadence-column kadence-column2651_87e9d0-c5\"><div class=\"kt-inside-inner-col\">\n<p class=\"wp-block-paragraph\">Kas ir labb\u016bt\u012bba un k\u0101di ir t\u0101s veidi? Kas ietekm\u0113 skol\u0113na, skolot\u0101ja un ikviena cilv\u0113ka labb\u016bt\u012bbu? Vai to var izm\u0113r\u012bt? Vai labb\u016bt\u012bba nevar p\u0101raugt izdab\u0101\u0161an\u0101? Kas ir X, Y, Z un A paaudze un ar ko t\u0101s at\u0161\u0137iras? Kas ir veiksm\u012bga cilv\u0113ka paz\u012bmes? Kas ir m\u012blest\u012bba? Cik svar\u012bga ir cie\u0146a un nov\u0113rt\u0113jums? Cik svar\u012bgi ir \u0146emt un cik svar\u012bgi ir dot un ieguld\u012bt? Par \u0161iem un citiem jaut\u0101jumiem konferences 1.da\u013c\u0101 run\u0101ja:<\/p>\n\n\n\n<ol start=\"14\" class=\"wp-block-list\">\n<li>Saeimas deput\u0101te, Saeimas Izgl\u012bt\u012bbas, kult\u016bras un zin\u0101tnes komisijas priek\u0161s\u0113d\u0113t\u0101ja Agita Zari\u0146a-St\u016bre;<\/li>\n<\/ol>\n\n\n\n<p class=\"wp-block-paragraph\">Ziedo\u0146a klases vad\u012bt\u0101ja Elizabete Pavlovska;<\/p>\n\n\n\n<p class=\"wp-block-paragraph\">LU skaitlisk\u0101s model\u0113\u0161anas instit\u016bta p\u0113tnieks un Jauno Fizi\u0137u skolas vad\u012bt\u0101js \u0122irts Z\u0101\u0123eris;<\/p>\n\n\n\n<p class=\"wp-block-paragraph\">person\u012bg\u0101s izaugsmes treneris Aleksis Daume.<\/p>\n\n\n\n<p class=\"wp-block-paragraph\">Konferences 2.da\u013c\u0101 notika pane\u013cdiskusijas 8 da\u017e\u0101d\u0101s m\u0101c\u012bbu jom\u0101s: latvie\u0161u valod\u0101 un literat\u016br\u0101, matem\u0101tik\u0101, sve\u0161valod\u0101, v\u0113stur\u0113 un soci\u0101laj\u0101s zin\u0101tn\u0113s, dabaszin\u0101tn\u0113s, tehnolo\u0123ij\u0101s, kult\u016br\u0101, m\u0101ksl\u0101 un dizain\u0101, k\u0101 ar\u012b skolvad\u012bb\u0101.<\/p>\n\n\n\n<p class=\"wp-block-paragraph\">Konferences ieraksts: <a href=\"https:\/\/youtu.be\/L4RFnSgys9U\">https:\/\/youtu.be\/L4RFnSgys9U<\/a><\/p>\n<\/div><\/div>\n\n\n<style>.kadence-column2651_f0559b-bc > .kt-inside-inner-col,.kadence-column2651_f0559b-bc > .kt-inside-inner-col:before{border-top-left-radius:0px;border-top-right-radius:0px;border-bottom-right-radius:0px;border-bottom-left-radius:0px;}.kadence-column2651_f0559b-bc > .kt-inside-inner-col{column-gap:var(--global-kb-gap-sm, 1rem);}.kadence-column2651_f0559b-bc > .kt-inside-inner-col{flex-direction:column;}.kadence-column2651_f0559b-bc > .kt-inside-inner-col > .aligncenter{width:100%;}.kadence-column2651_f0559b-bc > .kt-inside-inner-col:before{opacity:0.3;}.kadence-column2651_f0559b-bc{position:relative;}@media all and (max-width: 1024px){.kadence-column2651_f0559b-bc > .kt-inside-inner-col{flex-direction:column;justify-content:center;}}@media all and (max-width: 767px){.kadence-column2651_f0559b-bc > .kt-inside-inner-col{flex-direction:column;justify-content:center;}}<\/style>\n<div class=\"wp-block-kadence-column kadence-column2651_f0559b-bc\"><div class=\"kt-inside-inner-col\">\n<figure class=\"wp-block-image size-large\"><img loading=\"lazy\" decoding=\"async\" width=\"1024\" height=\"585\" src=\"https:\/\/izglitiba.valmierasnovads.lv\/vpvg\/wp-content\/uploads\/sites\/15\/2026\/08\/cela_uz_izcilibu-1024x585.png\" alt=\"\" class=\"wp-image-2767\" srcset=\"https:\/\/izglitiba.valmierasnovads.lv\/vpvg\/wp-content\/uploads\/sites\/15\/2026\/08\/cela_uz_izcilibu-1024x585.png 1024w, https:\/\/izglitiba.valmierasnovads.lv\/vpvg\/wp-content\/uploads\/sites\/15\/2026\/08\/cela_uz_izcilibu-300x171.png 300w, https:\/\/izglitiba.valmierasnovads.lv\/vpvg\/wp-content\/uploads\/sites\/15\/2026\/08\/cela_uz_izcilibu-768x439.png 768w, https:\/\/izglitiba.valmierasnovads.lv\/vpvg\/wp-content\/uploads\/sites\/15\/2026\/08\/cela_uz_izcilibu.png 1280w\" sizes=\"auto, (max-width: 1024px) 100vw, 1024px\" \/><\/figure>\n<\/div><\/div>\n\n<\/div><\/div>","protected":false},"excerpt":{"rendered":"<p>Konference \u201cCe\u013c\u0101 uz izcil\u012bbu: k\u0101 apvienot augstus sasniegumus ar labb\u016bt\u012bbu izgl\u012bt\u012bb\u0101?\u201d Kas ir labb\u016bt\u012bba un k\u0101di ir t\u0101s veidi? Kas [&hellip;]<\/p>\n","protected":false},"author":16,"featured_media":0,"parent":91,"menu_order":0,"comment_status":"closed","ping_status":"closed","template":"","meta":{"_acf_changed":false,"site-sidebar-layout":"default","site-content-layout":"","ast-site-content-layout":"default","site-content-style":"default","site-sidebar-style":"default","ast-global-header-display":"","ast-banner-title-visibility":"","ast-main-header-display":"","ast-hfb-above-header-display":"","ast-hfb-below-header-display":"","ast-hfb-mobile-header-display":"","site-post-title":"","ast-breadcrumbs-content":"","ast-featured-img":"","footer-sml-layout":"","ast-disable-related-posts":"","theme-transparent-header-meta":"","adv-header-id-meta":"","stick-header-meta":"","header-above-stick-meta":"","header-main-stick-meta":"","header-below-stick-meta":"","astra-migrate-meta-layouts":"default","ast-page-background-enabled":"default","ast-page-background-meta":{"desktop":{"background-color":"var(--ast-global-color-5)","background-image":"","background-repeat":"repeat","background-position":"center center","background-size":"auto","background-attachment":"scroll","background-type":"","background-media":"","overlay-type":"","overlay-color":"","overlay-opacity":"","overlay-gradient":""},"tablet":{"background-color":"","background-image":"","background-repeat":"repeat","background-position":"center center","background-size":"auto","background-attachment":"scroll","background-type":"","background-media":"","overlay-type":"","overlay-color":"","overlay-opacity":"","overlay-gradient":""},"mobile":{"background-color":"","background-image":"","background-repeat":"repeat","background-position":"center center","background-size":"auto","background-attachment":"scroll","background-type":"","background-media":"","overlay-type":"","overlay-color":"","overlay-opacity":"","overlay-gradient":""}},"ast-content-background-meta":{"desktop":{"background-color":"var(--ast-global-color-4)","background-image":"","background-repeat":"repeat","background-position":"center center","background-size":"auto","background-attachment":"scroll","background-type":"","background-media":"","overlay-type":"","overlay-color":"","overlay-opacity":"","overlay-gradient":""},"tablet":{"background-color":"var(--ast-global-color-4)","background-image":"","background-repeat":"repeat","background-position":"center center","background-size":"auto","background-attachment":"scroll","background-type":"","background-media":"","overlay-type":"","overlay-color":"","overlay-opacity":"","overlay-gradient":""},"mobile":{"background-color":"var(--ast-global-color-4)","background-image":"","background-repeat":"repeat","background-position":"center center","background-size":"auto","background-attachment":"scroll","background-type":"","background-media":"","overlay-type":"","overlay-color":"","overlay-opacity":"","overlay-gradient":""}},"footnotes":""},"class_list":["post-2651","page","type-page","status-publish","hentry"],"acf":[],"yoast_head":"<!-- This site is optimized with the Yoast SEO plugin v28.4 - https:\/\/yoast.com\/product\/yoast-seo-wordpress\/ -->\n<title>Izgl\u012bt\u012bbas konferences - Valmieras P\u0101rgaujas Valsts \u0123imn\u0101zija<\/title>\n<meta name=\"robots\" content=\"index, follow, max-snippet:-1, max-image-preview:large, max-video-preview:-1\" \/>\n<link rel=\"canonical\" href=\"https:\/\/izglitiba.valmierasnovads.lv\/vpvg\/metodiskais-centrs\/izglitibas-konferences-2\/\" \/>\n<meta property=\"og:locale\" content=\"lv_LV\" \/>\n<meta property=\"og:type\" content=\"article\" \/>\n<meta property=\"og:title\" content=\"Izgl\u012bt\u012bbas konferences - Valmieras P\u0101rgaujas Valsts \u0123imn\u0101zija\" \/>\n<meta property=\"og:description\" content=\"Konference \u201cCe\u013c\u0101 uz izcil\u012bbu: k\u0101 apvienot augstus sasniegumus ar labb\u016bt\u012bbu izgl\u012bt\u012bb\u0101?\u201d Kas ir labb\u016bt\u012bba un k\u0101di ir t\u0101s veidi? Kas [&hellip;]\" \/>\n<meta property=\"og:url\" content=\"https:\/\/izglitiba.valmierasnovads.lv\/vpvg\/metodiskais-centrs\/izglitibas-konferences-2\/\" \/>\n<meta property=\"og:site_name\" content=\"Valmieras P\u0101rgaujas Valsts \u0123imn\u0101zija\" \/>\n<meta property=\"article:modified_time\" content=\"2026-08-10T15:46:01+00:00\" \/>\n<meta property=\"og:image\" content=\"https:\/\/izglitiba.valmierasnovads.lv\/vpvg\/wp-content\/uploads\/sites\/15\/2026\/08\/cela_uz_izcilibu.png\" \/>\n\t<meta property=\"og:image:width\" content=\"1280\" \/>\n\t<meta property=\"og:image:height\" content=\"731\" \/>\n\t<meta property=\"og:image:type\" content=\"image\/png\" \/>\n<meta name=\"twitter:card\" content=\"summary_large_image\" \/>\n<meta name=\"twitter:label1\" content=\"Est. reading time\" \/>\n\t<meta name=\"twitter:data1\" content=\"1 min\u016bte\" \/>\n<script type=\"application\/ld+json\" class=\"yoast-schema-graph\">{\"@context\":\"https:\\\/\\\/schema.org\",\"@graph\":[{\"@type\":\"WebPage\",\"@id\":\"https:\\\/\\\/izglitiba.valmierasnovads.lv\\\/vpvg\\\/metodiskais-centrs\\\/izglitibas-konferences-2\\\/\",\"url\":\"https:\\\/\\\/izglitiba.valmierasnovads.lv\\\/vpvg\\\/metodiskais-centrs\\\/izglitibas-konferences-2\\\/\",\"name\":\"Izgl\u012bt\u012bbas konferences - Valmieras P\u0101rgaujas Valsts \u0123imn\u0101zija\",\"isPartOf\":{\"@id\":\"https:\\\/\\\/izglitiba.valmierasnovads.lv\\\/vpvg\\\/#website\"},\"primaryImageOfPage\":{\"@id\":\"https:\\\/\\\/izglitiba.valmierasnovads.lv\\\/vpvg\\\/metodiskais-centrs\\\/izglitibas-konferences-2\\\/#primaryimage\"},\"image\":{\"@id\":\"https:\\\/\\\/izglitiba.valmierasnovads.lv\\\/vpvg\\\/metodiskais-centrs\\\/izglitibas-konferences-2\\\/#primaryimage\"},\"thumbnailUrl\":\"https:\\\/\\\/izglitiba.valmierasnovads.lv\\\/vpvg\\\/wp-content\\\/uploads\\\/sites\\\/15\\\/2026\\\/08\\\/cela_uz_izcilibu-1024x585.png\",\"datePublished\":\"2026-06-18T17:57:43+00:00\",\"dateModified\":\"2026-08-10T15:46:01+00:00\",\"breadcrumb\":{\"@id\":\"https:\\\/\\\/izglitiba.valmierasnovads.lv\\\/vpvg\\\/metodiskais-centrs\\\/izglitibas-konferences-2\\\/#breadcrumb\"},\"inLanguage\":\"lv-LV\",\"potentialAction\":[{\"@type\":\"ReadAction\",\"target\":[\"https:\\\/\\\/izglitiba.valmierasnovads.lv\\\/vpvg\\\/metodiskais-centrs\\\/izglitibas-konferences-2\\\/\"]}]},{\"@type\":\"ImageObject\",\"inLanguage\":\"lv-LV\",\"@id\":\"https:\\\/\\\/izglitiba.valmierasnovads.lv\\\/vpvg\\\/metodiskais-centrs\\\/izglitibas-konferences-2\\\/#primaryimage\",\"url\":\"https:\\\/\\\/izglitiba.valmierasnovads.lv\\\/vpvg\\\/wp-content\\\/uploads\\\/sites\\\/15\\\/2026\\\/08\\\/cela_uz_izcilibu.png\",\"contentUrl\":\"https:\\\/\\\/izglitiba.valmierasnovads.lv\\\/vpvg\\\/wp-content\\\/uploads\\\/sites\\\/15\\\/2026\\\/08\\\/cela_uz_izcilibu.png\",\"width\":1280,\"height\":731},{\"@type\":\"BreadcrumbList\",\"@id\":\"https:\\\/\\\/izglitiba.valmierasnovads.lv\\\/vpvg\\\/metodiskais-centrs\\\/izglitibas-konferences-2\\\/#breadcrumb\",\"itemListElement\":[{\"@type\":\"ListItem\",\"position\":1,\"name\":\"Home\",\"item\":\"https:\\\/\\\/izglitiba.valmierasnovads.lv\\\/vpvg\\\/\"},{\"@type\":\"ListItem\",\"position\":2,\"name\":\"Metodiskais centrs\",\"item\":\"https:\\\/\\\/izglitiba.valmierasnovads.lv\\\/vpvg\\\/metodiskais-centrs\\\/\"},{\"@type\":\"ListItem\",\"position\":3,\"name\":\"Izgl\u012bt\u012bbas konferences\"}]},{\"@type\":\"WebSite\",\"@id\":\"https:\\\/\\\/izglitiba.valmierasnovads.lv\\\/vpvg\\\/#website\",\"url\":\"https:\\\/\\\/izglitiba.valmierasnovads.lv\\\/vpvg\\\/\",\"name\":\"Valmieras P\u0101rgaujas Valsts \u0123imn\u0101zija\",\"description\":\"\",\"publisher\":{\"@id\":\"https:\\\/\\\/izglitiba.valmierasnovads.lv\\\/vpvg\\\/#organization\"},\"potentialAction\":[{\"@type\":\"SearchAction\",\"target\":{\"@type\":\"EntryPoint\",\"urlTemplate\":\"https:\\\/\\\/izglitiba.valmierasnovads.lv\\\/vpvg\\\/?s={search_term_string}\"},\"query-input\":{\"@type\":\"PropertyValueSpecification\",\"valueRequired\":true,\"valueName\":\"search_term_string\"}}],\"inLanguage\":\"lv-LV\"},{\"@type\":\"Organization\",\"@id\":\"https:\\\/\\\/izglitiba.valmierasnovads.lv\\\/vpvg\\\/#organization\",\"name\":\"Valmieras P\u0101rgaujas Valsts \u0123imn\u0101zija\",\"url\":\"https:\\\/\\\/izglitiba.valmierasnovads.lv\\\/vpvg\\\/\",\"logo\":{\"@type\":\"ImageObject\",\"inLanguage\":\"lv-LV\",\"@id\":\"https:\\\/\\\/izglitiba.valmierasnovads.lv\\\/vpvg\\\/#\\\/schema\\\/logo\\\/image\\\/\",\"url\":\"https:\\\/\\\/izglitiba.valmierasnovads.lv\\\/vpvg\\\/wp-content\\\/uploads\\\/sites\\\/15\\\/2026\\\/04\\\/logo-scaled.png\",\"contentUrl\":\"https:\\\/\\\/izglitiba.valmierasnovads.lv\\\/vpvg\\\/wp-content\\\/uploads\\\/sites\\\/15\\\/2026\\\/04\\\/logo-scaled.png\",\"width\":2560,\"height\":406,\"caption\":\"Valmieras P\u0101rgaujas Valsts \u0123imn\u0101zija\"},\"image\":{\"@id\":\"https:\\\/\\\/izglitiba.valmierasnovads.lv\\\/vpvg\\\/#\\\/schema\\\/logo\\\/image\\\/\"}}]}<\/script>\n<!-- \/ Yoast SEO plugin. -->","yoast_head_json":{"title":"Izgl\u012bt\u012bbas konferences - Valmieras P\u0101rgaujas Valsts \u0123imn\u0101zija","robots":{"index":"index","follow":"follow","max-snippet":"max-snippet:-1","max-image-preview":"max-image-preview:large","max-video-preview":"max-video-preview:-1"},"canonical":"https:\/\/izglitiba.valmierasnovads.lv\/vpvg\/metodiskais-centrs\/izglitibas-konferences-2\/","og_locale":"lv_LV","og_type":"article","og_title":"Izgl\u012bt\u012bbas konferences - Valmieras P\u0101rgaujas Valsts \u0123imn\u0101zija","og_description":"Konference \u201cCe\u013c\u0101 uz izcil\u012bbu: k\u0101 apvienot augstus sasniegumus ar labb\u016bt\u012bbu izgl\u012bt\u012bb\u0101?\u201d Kas ir labb\u016bt\u012bba un k\u0101di ir t\u0101s veidi? Kas [&hellip;]","og_url":"https:\/\/izglitiba.valmierasnovads.lv\/vpvg\/metodiskais-centrs\/izglitibas-konferences-2\/","og_site_name":"Valmieras P\u0101rgaujas Valsts \u0123imn\u0101zija","article_modified_time":"2026-08-10T15:46:01+00:00","og_image":[{"width":1280,"height":731,"url":"https:\/\/izglitiba.valmierasnovads.lv\/vpvg\/wp-content\/uploads\/sites\/15\/2026\/08\/cela_uz_izcilibu.png","type":"image\/png"}],"twitter_card":"summary_large_image","twitter_misc":{"Est. reading time":"1 min\u016bte"},"schema":{"@context":"https:\/\/schema.org","@graph":[{"@type":"WebPage","@id":"https:\/\/izglitiba.valmierasnovads.lv\/vpvg\/metodiskais-centrs\/izglitibas-konferences-2\/","url":"https:\/\/izglitiba.valmierasnovads.lv\/vpvg\/metodiskais-centrs\/izglitibas-konferences-2\/","name":"Izgl\u012bt\u012bbas konferences - Valmieras P\u0101rgaujas Valsts \u0123imn\u0101zija","isPartOf":{"@id":"https:\/\/izglitiba.valmierasnovads.lv\/vpvg\/#website"},"primaryImageOfPage":{"@id":"https:\/\/izglitiba.valmierasnovads.lv\/vpvg\/metodiskais-centrs\/izglitibas-konferences-2\/#primaryimage"},"image":{"@id":"https:\/\/izglitiba.valmierasnovads.lv\/vpvg\/metodiskais-centrs\/izglitibas-konferences-2\/#primaryimage"},"thumbnailUrl":"https:\/\/izglitiba.valmierasnovads.lv\/vpvg\/wp-content\/uploads\/sites\/15\/2026\/08\/cela_uz_izcilibu-1024x585.png","datePublished":"2026-06-18T17:57:43+00:00","dateModified":"2026-08-10T15:46:01+00:00","breadcrumb":{"@id":"https:\/\/izglitiba.valmierasnovads.lv\/vpvg\/metodiskais-centrs\/izglitibas-konferences-2\/#breadcrumb"},"inLanguage":"lv-LV","potentialAction":[{"@type":"ReadAction","target":["https:\/\/izglitiba.valmierasnovads.lv\/vpvg\/metodiskais-centrs\/izglitibas-konferences-2\/"]}]},{"@type":"ImageObject","inLanguage":"lv-LV","@id":"https:\/\/izglitiba.valmierasnovads.lv\/vpvg\/metodiskais-centrs\/izglitibas-konferences-2\/#primaryimage","url":"https:\/\/izglitiba.valmierasnovads.lv\/vpvg\/wp-content\/uploads\/sites\/15\/2026\/08\/cela_uz_izcilibu.png","contentUrl":"https:\/\/izglitiba.valmierasnovads.lv\/vpvg\/wp-content\/uploads\/sites\/15\/2026\/08\/cela_uz_izcilibu.png","width":1280,"height":731},{"@type":"BreadcrumbList","@id":"https:\/\/izglitiba.valmierasnovads.lv\/vpvg\/metodiskais-centrs\/izglitibas-konferences-2\/#breadcrumb","itemListElement":[{"@type":"ListItem","position":1,"name":"Home","item":"https:\/\/izglitiba.valmierasnovads.lv\/vpvg\/"},{"@type":"ListItem","position":2,"name":"Metodiskais centrs","item":"https:\/\/izglitiba.valmierasnovads.lv\/vpvg\/metodiskais-centrs\/"},{"@type":"ListItem","position":3,"name":"Izgl\u012bt\u012bbas konferences"}]},{"@type":"WebSite","@id":"https:\/\/izglitiba.valmierasnovads.lv\/vpvg\/#website","url":"https:\/\/izglitiba.valmierasnovads.lv\/vpvg\/","name":"Valmieras P\u0101rgaujas Valsts \u0123imn\u0101zija","description":"","publisher":{"@id":"https:\/\/izglitiba.valmierasnovads.lv\/vpvg\/#organization"},"potentialAction":[{"@type":"SearchAction","target":{"@type":"EntryPoint","urlTemplate":"https:\/\/izglitiba.valmierasnovads.lv\/vpvg\/?s={search_term_string}"},"query-input":{"@type":"PropertyValueSpecification","valueRequired":true,"valueName":"search_term_string"}}],"inLanguage":"lv-LV"},{"@type":"Organization","@id":"https:\/\/izglitiba.valmierasnovads.lv\/vpvg\/#organization","name":"Valmieras P\u0101rgaujas Valsts \u0123imn\u0101zija","url":"https:\/\/izglitiba.valmierasnovads.lv\/vpvg\/","logo":{"@type":"ImageObject","inLanguage":"lv-LV","@id":"https:\/\/izglitiba.valmierasnovads.lv\/vpvg\/#\/schema\/logo\/image\/","url":"https:\/\/izglitiba.valmierasnovads.lv\/vpvg\/wp-content\/uploads\/sites\/15\/2026\/04\/logo-scaled.png","contentUrl":"https:\/\/izglitiba.valmierasnovads.lv\/vpvg\/wp-content\/uploads\/sites\/15\/2026\/04\/logo-scaled.png","width":2560,"height":406,"caption":"Valmieras P\u0101rgaujas Valsts \u0123imn\u0101zija"},"image":{"@id":"https:\/\/izglitiba.valmierasnovads.lv\/vpvg\/#\/schema\/logo\/image\/"}}]}},"_links":{"self":[{"href":"https:\/\/izglitiba.valmierasnovads.lv\/vpvg\/wp-json\/wp\/v2\/pages\/2651","targetHints":{"allow":["GET"]}}],"collection":[{"href":"https:\/\/izglitiba.valmierasnovads.lv\/vpvg\/wp-json\/wp\/v2\/pages"}],"about":[{"href":"https:\/\/izglitiba.valmierasnovads.lv\/vpvg\/wp-json\/wp\/v2\/types\/page"}],"author":[{"embeddable":true,"href":"https:\/\/izglitiba.valmierasnovads.lv\/vpvg\/wp-json\/wp\/v2\/users\/16"}],"replies":[{"embeddable":true,"href":"https:\/\/izglitiba.valmierasnovads.lv\/vpvg\/wp-json\/wp\/v2\/comments?post=2651"}],"version-history":[{"count":2,"href":"https:\/\/izglitiba.valmierasnovads.lv\/vpvg\/wp-json\/wp\/v2\/pages\/2651\/revisions"}],"predecessor-version":[{"id":2768,"href":"https:\/\/izglitiba.valmierasnovads.lv\/vpvg\/wp-json\/wp\/v2\/pages\/2651\/revisions\/2768"}],"up":[{"embeddable":true,"href":"https:\/\/izglitiba.valmierasnovads.lv\/vpvg\/wp-json\/wp\/v2\/pages\/91"}],"wp:attachment":[{"href":"https:\/\/izglitiba.valmierasnovads.lv\/vpvg\/wp-json\/wp\/v2\/media?parent=2651"}],"curies":[{"name":"wp","href":"https:\/\/api.w.org\/{rel}","templated":true}]}}