{"id":365,"date":"2025-11-27T10:08:51","date_gmt":"2025-11-27T08:08:51","guid":{"rendered":"https:\/\/izglitiba.valmierasnovads.lv\/vss\/?page_id=365"},"modified":"2025-11-27T10:08:57","modified_gmt":"2025-11-27T08:08:57","slug":"vakances","status":"publish","type":"page","link":"https:\/\/izglitiba.valmierasnovads.lv\/vss\/vakances\/","title":{"rendered":"Vakances"},"content":{"rendered":"\n<h2 class=\"wp-block-heading\"><strong>Pievienojies Valmieras s\u0101kumskolas komandai!<\/strong><\/h2>\n\n\n\n<p>Valmieras s\u0101kumskola ir vieta, kur b\u0113rni aug zin\u0101tk\u0101r\u0101, dro\u0161\u0101 un atbalsto\u0161\u0101 vid\u0113, savuk\u0101rt pedagogi \u2013 profesion\u0101li, rado\u0161i un ar prieku par paveikto. M\u0113s ticam, ka skolas sp\u0113ks ir cilv\u0113kos, t\u0101p\u0113c sav\u0101 komand\u0101 vienm\u0113r gaid\u0101m kol\u0113\u0123us, kuri redz skol\u0101 iesp\u0113ju iedvesmot, rad\u012bt un att\u012bst\u012bties.<\/p>\n\n\n\n<p>\u0160aj\u0101 sada\u013c\u0101 regul\u0101ri public\u0113jam aktu\u0101l\u0101s vakances.<br>Ja redzi sludin\u0101jumu, kas atbilst Tav\u0101m zin\u0101\u0161an\u0101m, pieredzei vai aicin\u0101jumam \u2013 <strong>dro\u0161i piesakies!<\/strong> Ja pa\u0161laik sev atbilsto\u0161u vakanci neredzi, bet j\u016bti, ka m\u016bsu skolas v\u0113rt\u012bbas un vide ir Tav\u0113j\u0101s, sazinies ar mums \u2013 labus cilv\u0113kus vienm\u0113r paman\u0101m.<\/p>\n\n\n\n<h3 class=\"wp-block-heading\"><strong>Ko pied\u0101v\u0101jam?<\/strong><\/h3>\n\n\n\n<ul class=\"wp-block-list\">\n<li>profesion\u0101lu, atsauc\u012bgu un salied\u0113tu kol\u0113\u0123u komandu;<\/li>\n\n\n\n<li>m\u016bsdien\u012bgu m\u0101c\u012bbu vidi un digit\u0101los r\u012bkus;<\/li>\n\n\n\n<li>iesp\u0113ju att\u012bst\u012bt savas stipr\u0101s puses un \u012bstenot idejas;<\/li>\n\n\n\n<li>atbalstu profesion\u0101laj\u0101 pilnveid\u0113;<\/li>\n\n\n\n<li>vidi, kur b\u0113rnu labsaj\u016bta un m\u0101c\u012b\u0161an\u0101s prieks ir pirmaj\u0101 viet\u0101.<\/li>\n<\/ul>\n\n\n\n<h2 class=\"wp-block-heading\"><strong>Ja v\u0113lies b\u016bt da\u013ca no m\u016bsu kopienas \u2013 m\u0113s Tevi gaid\u0101m!<\/strong><\/h2>\n\n\n\n<p>Lai pieteiktos, seko inform\u0101cijai pie katra sludin\u0101juma vai raksti mums uz skolas e-pastu.<\/p>\n","protected":false},"excerpt":{"rendered":"<p>Pievienojies Valmieras s\u0101kumskolas komandai! Valmieras s\u0101kumskola ir vieta, kur b\u0113rni aug zin\u0101tk\u0101r\u0101, dro\u0161\u0101 un atbalsto\u0161\u0101 vid\u0113, savuk\u0101rt pedagogi \u2013 profesion\u0101li, [&hellip;]<\/p>\n","protected":false},"author":27,"featured_media":0,"parent":0,"menu_order":0,"comment_status":"closed","ping_status":"closed","template":"","meta":{"_acf_changed":false,"site-sidebar-layout":"default","site-content-layout":"","ast-site-content-layout":"default","site-content-style":"default","site-sidebar-style":"default","ast-global-header-display":"","ast-banner-title-visibility":"","ast-main-header-display":"","ast-hfb-above-header-display":"","ast-hfb-below-header-display":"","ast-hfb-mobile-header-display":"","site-post-title":"","ast-breadcrumbs-content":"","ast-featured-img":"","footer-sml-layout":"","ast-disable-related-posts":"","theme-transparent-header-meta":"","adv-header-id-meta":"","stick-header-meta":"","header-above-stick-meta":"","header-main-stick-meta":"","header-below-stick-meta":"","astra-migrate-meta-layouts":"default","ast-page-background-enabled":"default","ast-page-background-meta":{"desktop":{"background-color":"var(--ast-global-color-5)","background-image":"","background-repeat":"repeat","background-position":"center center","background-size":"auto","background-attachment":"scroll","background-type":"","background-media":"","overlay-type":"","overlay-color":"","overlay-opacity":"","overlay-gradient":""},"tablet":{"background-color":"","background-image":"","background-repeat":"repeat","background-position":"center center","background-size":"auto","background-attachment":"scroll","background-type":"","background-media":"","overlay-type":"","overlay-color":"","overlay-opacity":"","overlay-gradient":""},"mobile":{"background-color":"","background-image":"","background-repeat":"repeat","background-position":"center center","background-size":"auto","background-attachment":"scroll","background-type":"","background-media":"","overlay-type":"","overlay-color":"","overlay-opacity":"","overlay-gradient":""}},"ast-content-background-meta":{"desktop":{"background-color":"var(--ast-global-color-4)","background-image":"","background-repeat":"repeat","background-position":"center center","background-size":"auto","background-attachment":"scroll","background-type":"","background-media":"","overlay-type":"","overlay-color":"","overlay-opacity":"","overlay-gradient":""},"tablet":{"background-color":"var(--ast-global-color-4)","background-image":"","background-repeat":"repeat","background-position":"center center","background-size":"auto","background-attachment":"scroll","background-type":"","background-media":"","overlay-type":"","overlay-color":"","overlay-opacity":"","overlay-gradient":""},"mobile":{"background-color":"var(--ast-global-color-4)","background-image":"","background-repeat":"repeat","background-position":"center center","background-size":"auto","background-attachment":"scroll","background-type":"","background-media":"","overlay-type":"","overlay-color":"","overlay-opacity":"","overlay-gradient":""}},"footnotes":""},"class_list":["post-365","page","type-page","status-publish","hentry"],"acf":[],"yoast_head":"<!-- This site is optimized with the Yoast SEO plugin v27.0 - https:\/\/yoast.com\/product\/yoast-seo-wordpress\/ -->\n<title>Vakances - Valmieras s\u0101kumskola<\/title>\n<meta name=\"robots\" content=\"index, follow, max-snippet:-1, max-image-preview:large, max-video-preview:-1\" \/>\n<link rel=\"canonical\" href=\"https:\/\/izglitiba.valmierasnovads.lv\/vss\/vakances\/\" \/>\n<meta property=\"og:locale\" content=\"lv_LV\" \/>\n<meta property=\"og:type\" content=\"article\" \/>\n<meta property=\"og:title\" content=\"Vakances - Valmieras s\u0101kumskola\" \/>\n<meta property=\"og:description\" content=\"Pievienojies Valmieras s\u0101kumskolas komandai! Valmieras s\u0101kumskola ir vieta, kur b\u0113rni aug zin\u0101tk\u0101r\u0101, dro\u0161\u0101 un atbalsto\u0161\u0101 vid\u0113, savuk\u0101rt pedagogi \u2013 profesion\u0101li, [&hellip;]\" \/>\n<meta property=\"og:url\" content=\"https:\/\/izglitiba.valmierasnovads.lv\/vss\/vakances\/\" \/>\n<meta property=\"og:site_name\" content=\"Valmieras s\u0101kumskola\" \/>\n<meta property=\"article:modified_time\" content=\"2025-11-27T08:08:57+00:00\" \/>\n<meta name=\"twitter:card\" content=\"summary_large_image\" \/>\n<meta name=\"twitter:label1\" content=\"Est. reading time\" \/>\n\t<meta name=\"twitter:data1\" content=\"1 min\u016bte\" \/>\n<script type=\"application\/ld+json\" class=\"yoast-schema-graph\">{\"@context\":\"https:\/\/schema.org\",\"@graph\":[{\"@type\":\"WebPage\",\"@id\":\"https:\/\/izglitiba.valmierasnovads.lv\/vss\/vakances\/\",\"url\":\"https:\/\/izglitiba.valmierasnovads.lv\/vss\/vakances\/\",\"name\":\"Vakances - Valmieras s\u0101kumskola\",\"isPartOf\":{\"@id\":\"https:\/\/izglitiba.valmierasnovads.lv\/vss\/#website\"},\"datePublished\":\"2025-11-27T08:08:51+00:00\",\"dateModified\":\"2025-11-27T08:08:57+00:00\",\"breadcrumb\":{\"@id\":\"https:\/\/izglitiba.valmierasnovads.lv\/vss\/vakances\/#breadcrumb\"},\"inLanguage\":\"lv-LV\",\"potentialAction\":[{\"@type\":\"ReadAction\",\"target\":[\"https:\/\/izglitiba.valmierasnovads.lv\/vss\/vakances\/\"]}]},{\"@type\":\"BreadcrumbList\",\"@id\":\"https:\/\/izglitiba.valmierasnovads.lv\/vss\/vakances\/#breadcrumb\",\"itemListElement\":[{\"@type\":\"ListItem\",\"position\":1,\"name\":\"Home\",\"item\":\"https:\/\/izglitiba.valmierasnovads.lv\/vss\/\"},{\"@type\":\"ListItem\",\"position\":2,\"name\":\"Vakances\"}]},{\"@type\":\"WebSite\",\"@id\":\"https:\/\/izglitiba.valmierasnovads.lv\/vss\/#website\",\"url\":\"https:\/\/izglitiba.valmierasnovads.lv\/vss\/\",\"name\":\"Valmieras s\u0101kumskola\",\"description\":\"M\u0101c\u0101mies darot\",\"publisher\":{\"@id\":\"https:\/\/izglitiba.valmierasnovads.lv\/vss\/#organization\"},\"potentialAction\":[{\"@type\":\"SearchAction\",\"target\":{\"@type\":\"EntryPoint\",\"urlTemplate\":\"https:\/\/izglitiba.valmierasnovads.lv\/vss\/?s={search_term_string}\"},\"query-input\":{\"@type\":\"PropertyValueSpecification\",\"valueRequired\":true,\"valueName\":\"search_term_string\"}}],\"inLanguage\":\"lv-LV\"},{\"@type\":\"Organization\",\"@id\":\"https:\/\/izglitiba.valmierasnovads.lv\/vss\/#organization\",\"name\":\"Valmieras s\u0101kumskola\",\"url\":\"https:\/\/izglitiba.valmierasnovads.lv\/vss\/\",\"logo\":{\"@type\":\"ImageObject\",\"inLanguage\":\"lv-LV\",\"@id\":\"https:\/\/izglitiba.valmierasnovads.lv\/vss\/#\/schema\/logo\/image\/\",\"url\":\"https:\/\/izglitiba.valmierasnovads.lv\/vss\/wp-content\/uploads\/sites\/25\/2026\/03\/cropped-Komplekta-ar-pasu-logo-scaled-1.png\",\"contentUrl\":\"https:\/\/izglitiba.valmierasnovads.lv\/vss\/wp-content\/uploads\/sites\/25\/2026\/03\/cropped-Komplekta-ar-pasu-logo-scaled-1.png\",\"width\":1480,\"height\":405,\"caption\":\"Valmieras s\u0101kumskola\"},\"image\":{\"@id\":\"https:\/\/izglitiba.valmierasnovads.lv\/vss\/#\/schema\/logo\/image\/\"}}]}<\/script>\n<!-- \/ Yoast SEO plugin. -->","yoast_head_json":{"title":"Vakances - Valmieras s\u0101kumskola","robots":{"index":"index","follow":"follow","max-snippet":"max-snippet:-1","max-image-preview":"max-image-preview:large","max-video-preview":"max-video-preview:-1"},"canonical":"https:\/\/izglitiba.valmierasnovads.lv\/vss\/vakances\/","og_locale":"lv_LV","og_type":"article","og_title":"Vakances - Valmieras s\u0101kumskola","og_description":"Pievienojies Valmieras s\u0101kumskolas komandai! Valmieras s\u0101kumskola ir vieta, kur b\u0113rni aug zin\u0101tk\u0101r\u0101, dro\u0161\u0101 un atbalsto\u0161\u0101 vid\u0113, savuk\u0101rt pedagogi \u2013 profesion\u0101li, [&hellip;]","og_url":"https:\/\/izglitiba.valmierasnovads.lv\/vss\/vakances\/","og_site_name":"Valmieras s\u0101kumskola","article_modified_time":"2025-11-27T08:08:57+00:00","twitter_card":"summary_large_image","twitter_misc":{"Est. reading time":"1 min\u016bte"},"schema":{"@context":"https:\/\/schema.org","@graph":[{"@type":"WebPage","@id":"https:\/\/izglitiba.valmierasnovads.lv\/vss\/vakances\/","url":"https:\/\/izglitiba.valmierasnovads.lv\/vss\/vakances\/","name":"Vakances - Valmieras s\u0101kumskola","isPartOf":{"@id":"https:\/\/izglitiba.valmierasnovads.lv\/vss\/#website"},"datePublished":"2025-11-27T08:08:51+00:00","dateModified":"2025-11-27T08:08:57+00:00","breadcrumb":{"@id":"https:\/\/izglitiba.valmierasnovads.lv\/vss\/vakances\/#breadcrumb"},"inLanguage":"lv-LV","potentialAction":[{"@type":"ReadAction","target":["https:\/\/izglitiba.valmierasnovads.lv\/vss\/vakances\/"]}]},{"@type":"BreadcrumbList","@id":"https:\/\/izglitiba.valmierasnovads.lv\/vss\/vakances\/#breadcrumb","itemListElement":[{"@type":"ListItem","position":1,"name":"Home","item":"https:\/\/izglitiba.valmierasnovads.lv\/vss\/"},{"@type":"ListItem","position":2,"name":"Vakances"}]},{"@type":"WebSite","@id":"https:\/\/izglitiba.valmierasnovads.lv\/vss\/#website","url":"https:\/\/izglitiba.valmierasnovads.lv\/vss\/","name":"Valmieras s\u0101kumskola","description":"M\u0101c\u0101mies darot","publisher":{"@id":"https:\/\/izglitiba.valmierasnovads.lv\/vss\/#organization"},"potentialAction":[{"@type":"SearchAction","target":{"@type":"EntryPoint","urlTemplate":"https:\/\/izglitiba.valmierasnovads.lv\/vss\/?s={search_term_string}"},"query-input":{"@type":"PropertyValueSpecification","valueRequired":true,"valueName":"search_term_string"}}],"inLanguage":"lv-LV"},{"@type":"Organization","@id":"https:\/\/izglitiba.valmierasnovads.lv\/vss\/#organization","name":"Valmieras s\u0101kumskola","url":"https:\/\/izglitiba.valmierasnovads.lv\/vss\/","logo":{"@type":"ImageObject","inLanguage":"lv-LV","@id":"https:\/\/izglitiba.valmierasnovads.lv\/vss\/#\/schema\/logo\/image\/","url":"https:\/\/izglitiba.valmierasnovads.lv\/vss\/wp-content\/uploads\/sites\/25\/2026\/03\/cropped-Komplekta-ar-pasu-logo-scaled-1.png","contentUrl":"https:\/\/izglitiba.valmierasnovads.lv\/vss\/wp-content\/uploads\/sites\/25\/2026\/03\/cropped-Komplekta-ar-pasu-logo-scaled-1.png","width":1480,"height":405,"caption":"Valmieras s\u0101kumskola"},"image":{"@id":"https:\/\/izglitiba.valmierasnovads.lv\/vss\/#\/schema\/logo\/image\/"}}]}},"_links":{"self":[{"href":"https:\/\/izglitiba.valmierasnovads.lv\/vss\/wp-json\/wp\/v2\/pages\/365","targetHints":{"allow":["GET"]}}],"collection":[{"href":"https:\/\/izglitiba.valmierasnovads.lv\/vss\/wp-json\/wp\/v2\/pages"}],"about":[{"href":"https:\/\/izglitiba.valmierasnovads.lv\/vss\/wp-json\/wp\/v2\/types\/page"}],"author":[{"embeddable":true,"href":"https:\/\/izglitiba.valmierasnovads.lv\/vss\/wp-json\/wp\/v2\/users\/27"}],"replies":[{"embeddable":true,"href":"https:\/\/izglitiba.valmierasnovads.lv\/vss\/wp-json\/wp\/v2\/comments?post=365"}],"version-history":[{"count":1,"href":"https:\/\/izglitiba.valmierasnovads.lv\/vss\/wp-json\/wp\/v2\/pages\/365\/revisions"}],"predecessor-version":[{"id":366,"href":"https:\/\/izglitiba.valmierasnovads.lv\/vss\/wp-json\/wp\/v2\/pages\/365\/revisions\/366"}],"wp:attachment":[{"href":"https:\/\/izglitiba.valmierasnovads.lv\/vss\/wp-json\/wp\/v2\/media?parent=365"}],"curies":[{"name":"wp","href":"https:\/\/api.w.org\/{rel}","templated":true}]}}